{"id":30277,"date":"2025-01-07T14:10:04","date_gmt":"2025-01-07T13:10:04","guid":{"rendered":"https:\/\/cafelapalma.com\/programacion\/expo-chico-salvaje-diciembre-2024-copy\/"},"modified":"2025-01-07T14:17:29","modified_gmt":"2025-01-07T13:17:29","slug":"expo-illustrated-soundtrack-marc-bello","status":"publish","type":"tribe_events","link":"https:\/\/cafelapalma.com\/en\/programacion\/expo-illustrated-soundtrack-marc-bello\/","title":{"rendered":"ILLUSTRATED SOUNDTRACK"},"content":{"rendered":"<div  class=\"tribe-events-schedule tribe-clearfix\" >\n\t<p class=\"tribe-events-schedule__datetime\">\n\t\t<span class=\"tribe-events-schedule__date tribe-events-schedule__date--start\">\n\t\t\t02  February  2025\t\t<\/span>\n\n\t\t\t\t\t<span class=\"tribe-events-schedule__separator tribe-events-schedule__separator--date\">\n\t\t\t\t@\t\t\t<\/span>\n\t\t\t<span class=\"tribe-events-schedule__time tribe-events-schedule__time--start\">\n\t\t\t\t02:30\t\t\t<\/span>\n\t\t\n\t\t\t\t\t\t\t\t\t<span class=\"tribe-events-schedule__separator tribe-events-schedule__separator--time\">\n\t\t\t\t\t&#8211;\t\t\t\t<\/span>\n\t\t\t\n\t\t\t\t\t\t\t<span class=\"tribe-events-schedule__time tribe-events-schedule__time--end\">\n\t\t\t\t\t03:00\t\t\t\t<\/span>\n\t\t\t\n\t\t\t\t\t\t<\/p>\n<\/div>\n\n\n\n<p class=\"wp-block-paragraph\">Hasta al <strong>domingo 2 de febrero<\/strong><\/p>\n\n\n<div  class=\"tribe-block tribe-block__event-price\" >\n\t\t\t<span class=\"tribe-block__event-price__cost\"> ENTRADA LIBRE <\/span>\n\t\t<\/div>\n\n\n\n<div style=\"height:100px\" aria-hidden=\"true\" class=\"wp-block-spacer\"><\/div>\n\n\n\n<div class=\"wp-block-columns is-layout-flex wp-container-core-columns-is-layout-8f761849 wp-block-columns-is-layout-flex\">\n<div class=\"wp-block-column is-layout-flow wp-block-column-is-layout-flow\" style=\"flex-basis:33.33%\">\n<figure class=\"wp-block-image size-large\"><img loading=\"lazy\" decoding=\"async\" width=\"830\" height=\"1040\" src=\"https:\/\/cafelapalma.com\/wp-content\/uploads\/2025\/01\/PUBLICACION-EXPO-LOW-830x1040.jpg\" alt=\"\" class=\"wp-image-30278\" srcset=\"https:\/\/cafelapalma.com\/wp-content\/uploads\/2025\/01\/PUBLICACION-EXPO-LOW-830x1040.jpg 830w, https:\/\/cafelapalma.com\/wp-content\/uploads\/2025\/01\/PUBLICACION-EXPO-LOW-240x300.jpg 240w, https:\/\/cafelapalma.com\/wp-content\/uploads\/2025\/01\/PUBLICACION-EXPO-LOW-768x962.jpg 768w, https:\/\/cafelapalma.com\/wp-content\/uploads\/2025\/01\/PUBLICACION-EXPO-LOW-1227x1536.jpg 1227w, https:\/\/cafelapalma.com\/wp-content\/uploads\/2025\/01\/PUBLICACION-EXPO-LOW-1635x2048.jpg 1635w, https:\/\/cafelapalma.com\/wp-content\/uploads\/2025\/01\/PUBLICACION-EXPO-LOW-48x60.jpg 48w\" sizes=\"auto, (max-width: 830px) 100vw, 830px\" \/><\/figure>\n<\/div>\n\n\n\n<div class=\"wp-block-column is-layout-flow wp-block-column-is-layout-flow\" style=\"flex-basis:66.66%\">\n<p class=\"wp-block-paragraph\"><\/p>\n\n\n\n<p class=\"has-text-align-left wp-block-paragraph\"><strong>ILLUSTRATED SOUNDTRACK <\/strong>es una peque\u00f1a selecci\u00f3n que forma parte de un proyecto personal, a\u00fan en proceso, el cual el artista comenz\u00f3 en enero de 2024 a trav\u00e9s de <strong>Instagram<\/strong>.<\/p>\n\n\n\n<p class=\"has-text-align-left wp-block-paragraph\">Bajo su cuenta personal, el artista <strong>MARC BELLO<\/strong> se propuso ilustrar y publicar, cada viernes, una ilustraci\u00f3n digital de alg\u00fan artista o grupo que le hubiera influenciado de una forma u otra, y adem\u00e1s que hubiera formado parte de la banda sonora de su propia vida (de ah\u00ed el nombre del proyecto).<\/p>\n\n\n\n<p class=\"has-text-align-left wp-block-paragraph\"><em>\u201cLa idea principal era hacer algo r\u00e1pido y que no me llevase mucho tiempo los jueves de cada semana, pero poco a poco me fui complicando y poniendo detalle, dedic\u00e1ndole por ello m\u00e1s tiempo a cada una de ellas. El reto personal consist\u00eda en realizarlas siempre dentro la misma semana que iban a ser publicadas\u201d.<\/em><\/p>\n\n\n\n<p class=\"has-text-align-left wp-block-paragraph\">Al final, ser\u00e1n en total 53 ilustraciones que se publicar\u00e1n en un libro (de tirada muy limitada). La ilustraci\u00f3n de <strong>Carolina Durante<\/strong>, que no forma parte de este proyecto, se realiz\u00f3 este pasado mes de diciembre para la portada de <strong>MondoSonoro <\/strong>de este mes de enero de 2024.<\/p>\n\n\n\n<p class=\"has-text-align-left wp-block-paragraph\"><strong>MARC BELLO<\/strong> es un dise\u00f1ador gr\u00e1fico e ilustrador de <strong>Barcelona<\/strong>. Estudi\u00f3 dise\u00f1o en la <strong>Escola Llotja\u00a0<\/strong>y posteriormente en la <strong>Escola Massana<\/strong>. Los \u00faltimos a\u00f1os se ha dedicado a trabajar b\u00e1sicamente para el mundo editorial (<strong>La Vanguardia<\/strong>) y para el circuito musical bajo su propio studio (<a href=\"http:\/\/levitastudio.com\">levitastudio.com<\/a>).<\/p>\n\n\n\n<p class=\"has-text-align-left wp-block-paragraph\">Marc ha realizado proyectos para sellos discogr\u00e1ficos, firmando trabajos para artistas como <strong>Najwa Nimri, MClan, Ani DiFranco, Joel Reyes, Second, Revolver, Jarabe de Palo, Christina Rosenvinge, Carlos Vud\u00fa, Carmen Boza, Miguel Bos\u00e9<\/strong> o <strong>Triana<\/strong>, entre otros. Vive en <strong>Madrid <\/strong>desde 2010 donde sigue ejerciendo y desarroll\u00e1ndose tanto personal como \u00a0profesionalmente.<\/p>\n\n\n\n<p class=\"has-text-align-right wp-block-paragraph\"><em><a href=\"https:\/\/www.instagram.com\/crowes\/\">Sigue a <\/a><\/em><strong><a href=\"https:\/\/www.instagram.com\/crowes\/\">MARC BELLO<\/a><\/strong><em><a href=\"https:\/\/www.instagram.com\/crowes\/\"> in <\/a><\/em><strong><a href=\"https:\/\/www.instagram.com\/crowes\/\">Instagram<\/a><\/strong><\/p>\n<\/div>\n<\/div>\n\n\n\n<div style=\"height:100px\" aria-hidden=\"true\" class=\"wp-block-spacer\"><\/div>\n\n\n\n<hr class=\"wp-block-separator has-alpha-channel-opacity is-style-wide\"\/>\n\n\n\n<div style=\"height:100px\" aria-hidden=\"true\" class=\"wp-block-spacer\"><\/div>\n\n\n<h2 class=\"tribe-block__related-events__title\">Related Events<\/h2>\n\n<ul  class=\"tribe-related-events tribe-clearfix\" >\n\t\t\t<li>\n\t\n<div class=\"tribe-related-events-thumbnail\">\n\t<a href=\"https:\/\/cafelapalma.com\/en\/programacion\/funkin-donuts\/\" class=\"url\" rel=\"bookmark\" tabindex=\"-1\" aria-hidden=\"true\"><img loading=\"lazy\" decoding=\"async\" width=\"693\" height=\"1040\" src=\"https:\/\/cafelapalma.com\/wp-content\/uploads\/2026\/07\/FD-vert2-bn-693x1040.jpg\" class=\"attachment-large size-large wp-post-image\" alt=\"\" \/><\/a>\n<\/div>\n\t<div class=\"tribe-related-event-info\">\n\t<h3 class=\"tribe-related-events-title\">\n\t\t<a href=\"https:\/\/cafelapalma.com\/en\/programacion\/funkin-donuts\/\" class=\"tribe-event-url\" rel=\"bookmark\">\n\t\t\tFUNKIN&#8217; DONUTS\t\t<\/a>\n\t<\/h3>\n\t<span class=\"tribe-event-date-start\">5  September@22:00<\/span><span class=\"tribe-event-time\">23:45<\/span><\/div>\n<\/li>\n\t\t\t<li>\n\t\n<div class=\"tribe-related-events-thumbnail\">\n\t<a href=\"https:\/\/cafelapalma.com\/en\/programacion\/backstage-le-petit-truffle-mayo\/\" class=\"url\" rel=\"bookmark\" tabindex=\"-1\" aria-hidden=\"true\"><img loading=\"lazy\" decoding=\"async\" width=\"780\" height=\"1040\" src=\"https:\/\/cafelapalma.com\/wp-content\/uploads\/2026\/07\/Imagen-TruffleMayo-LePetit-i-1-780x1040.png\" class=\"attachment-large size-large wp-post-image\" alt=\"\" \/><\/a>\n<\/div>\n\t<div class=\"tribe-related-event-info\">\n\t<h3 class=\"tribe-related-events-title\">\n\t\t<a href=\"https:\/\/cafelapalma.com\/en\/programacion\/backstage-le-petit-truffle-mayo\/\" class=\"tribe-event-url\" rel=\"bookmark\">\n\t\t\tBACKSTAGE: LE PETIT + TRUFFLE MAYO\t\t<\/a>\n\t<\/h3>\n\t<span class=\"tribe-event-date-start\">5  September@23:55<\/span><\/div>\n<\/li>\n\t\t\t<li>\n\t\n<div class=\"tribe-related-events-thumbnail\">\n\t<a href=\"https:\/\/cafelapalma.com\/en\/programacion\/willie-deville-concierto-benefico-x-venezuela\/\" class=\"url\" rel=\"bookmark\" tabindex=\"-1\" aria-hidden=\"true\"><img loading=\"lazy\" decoding=\"async\" width=\"1020\" height=\"531\" src=\"https:\/\/cafelapalma.com\/wp-content\/uploads\/2026\/08\/Willie-deville-1100x572-1-1040x541.jpg\" class=\"attachment-large size-large wp-post-image\" alt=\"\" \/><\/a>\n<\/div>\n\t<div class=\"tribe-related-event-info\">\n\t<h3 class=\"tribe-related-events-title\">\n\t\t<a href=\"https:\/\/cafelapalma.com\/en\/programacion\/willie-deville-concierto-benefico-x-venezuela\/\" class=\"tribe-event-url\" rel=\"bookmark\">\n\t\t\tWILLIE DEVILLE: CONCIERTO BEN\u00c9FICO X VENEZUELA\t\t<\/a>\n\t<\/h3>\n\t<span class=\"tribe-event-date-start\">6  September@21:00<\/span><span class=\"tribe-event-time\">23:45<\/span><\/div>\n<\/li>\n\t<\/ul>","protected":false},"excerpt":{"rendered":"<p>Hasta al domingo 2 de febrero ILLUSTRATED SOUNDTRACK es una peque\u00f1a selecci\u00f3n que forma parte de un proyecto personal, a\u00fan en proceso, el cual el artista comenz\u00f3 en enero de 2024 a trav\u00e9s de Instagram. Bajo su cuenta personal, el artista MARC BELLO se propuso ilustrar y publicar, cada viernes, una ilustraci\u00f3n digital de alg\u00fan &hellip; <\/p>","protected":false},"author":2,"featured_media":30280,"template":"","meta":{"_tec_requires_first_save":false,"_uag_custom_page_level_css":"","loftloader_page_shortcode":"","_EventAllDay":false,"_EventTimezone":"Europe\/Madrid","_EventStartDate":"2025-02-02 02:30:00","_EventEndDate":"2025-02-02 03:00:00","_EventStartDateUTC":"2025-02-02 01:30:00","_EventEndDateUTC":"2025-02-02 02:00:00","_EventShowMap":false,"_EventShowMapLink":false,"_EventURL":"","_EventCost":"ENTRADA LIBRE","_EventCostDescription":"","_EventCurrencySymbol":"\u20ac","_EventCurrencyCode":"","_EventCurrencyPosition":"suffix","_EventDateTimeSeparator":"@","_EventTimeRangeSeparator":"-","_EventOrganizerID":[],"_EventVenueID":[0],"_OrganizerEmail":"","_OrganizerPhone":"","_OrganizerWebsite":"","_VenueAddress":"","_VenueCity":"","_VenueCountry":"","_VenueProvince":"","_VenueState":"","_VenueZip":"","_VenuePhone":"","_VenueURL":"","_VenueStateProvince":"","_VenueLat":"","_VenueLng":"","_VenueShowMap":false,"_VenueShowMapLink":false,"_tribe_blocks_recurrence_rules":"","_tribe_blocks_recurrence_description":"","_tribe_blocks_recurrence_exclusions":"","_ecp_custom_2":"","_tribe_events_status":"","_tribe_events_status_reason":"","_tribe_events_is_hybrid":"","_tribe_events_is_virtual":"","_tribe_events_virtual_video_source":"","_tribe_events_virtual_embed_video":"","_tribe_events_virtual_linked_button_text":"","_tribe_events_virtual_linked_button":"","_tribe_events_virtual_show_embed_at":"","_tribe_events_virtual_show_embed_to":[],"_tribe_events_virtual_show_on_event":"","_tribe_events_virtual_show_on_views":"","_tribe_events_virtual_url":"","footnotes":""},"tags":[1363,13821,11900,11899,11901,13532,16777,16778,16776,13825],"tribe_events_cat":[16536,8965],"class_list":["post-30277","tribe_events","type-tribe_events","status-publish","has-post-thumbnail","hentry","tag-cafe-la-palma","tag-chico-salvaje","tag-expos","tag-exposiciones-cafe-la-palma","tag-fast-expos","tag-galerias-de-arte-malasana","tag-illustrated-soundtrack","tag-la-vanguardia","tag-marc-bello","tag-tinta","tribe_events_cat-carrusel","tribe_events_cat-exposicion","cat_carrusel","cat_exposicion"],"uagb_featured_image_src":{"full":["https:\/\/cafelapalma.com\/wp-content\/uploads\/2025\/01\/EGON-PIC.jpg",1080,1352,false],"thumbnail":["https:\/\/cafelapalma.com\/wp-content\/uploads\/2025\/01\/EGON-PIC-150x150.jpg",150,150,true],"medium":["https:\/\/cafelapalma.com\/wp-content\/uploads\/2025\/01\/EGON-PIC-240x300.jpg",240,300,true],"medium_large":["https:\/\/cafelapalma.com\/wp-content\/uploads\/2025\/01\/EGON-PIC-768x961.jpg",768,961,true],"large":["https:\/\/cafelapalma.com\/wp-content\/uploads\/2025\/01\/EGON-PIC-831x1040.jpg",831,1040,true],"1536x1536":["https:\/\/cafelapalma.com\/wp-content\/uploads\/2025\/01\/EGON-PIC.jpg",1080,1352,false],"2048x2048":["https:\/\/cafelapalma.com\/wp-content\/uploads\/2025\/01\/EGON-PIC.jpg",1080,1352,false],"trp-custom-language-flag":["https:\/\/cafelapalma.com\/wp-content\/uploads\/2025\/01\/EGON-PIC.jpg",10,12,false],"blossom-feminine-slider":["https:\/\/cafelapalma.com\/wp-content\/uploads\/2025\/01\/EGON-PIC-1080x649.jpg",1080,649,true],"blossom-feminine-featured":["https:\/\/cafelapalma.com\/wp-content\/uploads\/2025\/01\/EGON-PIC-1080x600.jpg",1080,600,true],"blossom-feminine-with-sidebar":["https:\/\/cafelapalma.com\/wp-content\/uploads\/2025\/01\/EGON-PIC-1020x600.jpg",1020,600,true],"blossom-feminine-blog":["https:\/\/cafelapalma.com\/wp-content\/uploads\/2025\/01\/EGON-PIC-435x435.jpg",435,435,true],"blossom-feminine-cat":["https:\/\/cafelapalma.com\/wp-content\/uploads\/2025\/01\/EGON-PIC-450x300.jpg",450,300,true],"blossom-feminine-related":["https:\/\/cafelapalma.com\/wp-content\/uploads\/2025\/01\/EGON-PIC-320x200.jpg",320,200,true],"blossom-feminine-schema":["https:\/\/cafelapalma.com\/wp-content\/uploads\/2025\/01\/EGON-PIC-48x60.jpg",48,60,true]},"uagb_author_info":{"display_name":"Victor","author_link":"https:\/\/cafelapalma.com\/en\/author\/comunicacion\/"},"uagb_comment_info":0,"uagb_excerpt":"Hasta al domingo 2 de febrero ILLUSTRATED SOUNDTRACK es una peque\u00f1a selecci\u00f3n que forma parte de un proyecto personal, a\u00fan en proceso, el cual el artista comenz\u00f3 en enero de 2024 a trav\u00e9s de Instagram. Bajo su cuenta personal, el artista MARC BELLO se propuso ilustrar y publicar, cada viernes, una ilustraci\u00f3n digital de alg\u00fan&hellip;","_links":{"self":[{"href":"https:\/\/cafelapalma.com\/en\/wp-json\/wp\/v2\/tribe_events\/30277","targetHints":{"allow":["GET"]}}],"collection":[{"href":"https:\/\/cafelapalma.com\/en\/wp-json\/wp\/v2\/tribe_events"}],"about":[{"href":"https:\/\/cafelapalma.com\/en\/wp-json\/wp\/v2\/types\/tribe_events"}],"author":[{"embeddable":true,"href":"https:\/\/cafelapalma.com\/en\/wp-json\/wp\/v2\/users\/2"}],"version-history":[{"count":0,"href":"https:\/\/cafelapalma.com\/en\/wp-json\/wp\/v2\/tribe_events\/30277\/revisions"}],"wp:featuredmedia":[{"embeddable":true,"href":"https:\/\/cafelapalma.com\/en\/wp-json\/wp\/v2\/media\/30280"}],"wp:attachment":[{"href":"https:\/\/cafelapalma.com\/en\/wp-json\/wp\/v2\/media?parent=30277"}],"wp:term":[{"taxonomy":"post_tag","embeddable":true,"href":"https:\/\/cafelapalma.com\/en\/wp-json\/wp\/v2\/tags?post=30277"},{"taxonomy":"tribe_events_cat","embeddable":true,"href":"https:\/\/cafelapalma.com\/en\/wp-json\/wp\/v2\/tribe_events_cat?post=30277"}],"curies":[{"name":"wp","href":"https:\/\/api.w.org\/{rel}","templated":true}]}}