{"id":30305,"date":"2025-01-08T19:31:14","date_gmt":"2025-01-08T18:31:14","guid":{"rendered":"https:\/\/cafelapalma.com\/programacion\/indietronica-don-fluor-fat-gordon-jesus-mar-copy\/"},"modified":"2025-01-09T11:24:19","modified_gmt":"2025-01-09T10:24:19","slug":"inditronica-30-aniversario","status":"publish","type":"tribe_events","link":"https:\/\/cafelapalma.com\/en\/programacion\/inditronica-30-aniversario\/","title":{"rendered":"INDITR\u00d3NICA"},"content":{"rendered":"<div  class=\"tribe-events-schedule tribe-clearfix\" >\n\t<p class=\"tribe-events-schedule__datetime\">\n\t\t<span class=\"tribe-events-schedule__date tribe-events-schedule__date--start\">\n\t\t\t18  January  2025\t\t<\/span>\n\n\t\t\t\t\t<span class=\"tribe-events-schedule__separator tribe-events-schedule__separator--date\">\n\t\t\t\t@\t\t\t<\/span>\n\t\t\t<span class=\"tribe-events-schedule__time tribe-events-schedule__time--start\">\n\t\t\t\t23:50\t\t\t<\/span>\n\t\t\n\t\t\t\t\t\t\t\t\t<span class=\"tribe-events-schedule__separator tribe-events-schedule__separator--time\">\n\t\t\t\t\t\t\t\t\t<\/span>\n\t\t\t\n\t\t\t\t\t\t\t<span class=\"tribe-events-schedule__time tribe-events-schedule__time--end\">\n\t\t\t\t\t23:55\t\t\t\t<\/span>\n\t\t\t\n\t\t\t\t\t\t<\/p>\n<\/div>\n\n\n<div  class=\"tribe-block tribe-block__event-price\" >\n\t\t\t<span class=\"tribe-block__event-price__cost\"> 11\u20ac <\/span>\n\t\t\t\t<span class=\"tribe-block__event-price__description\">Taquilla de 00:00 a 01:30 | 13\u20ac Taquilla de 01:30 a cierre. Todos los tramos de entrada incluyen UNA CONSUMICI\u00d3N. Canjeable por DOS CERVEZAS DE BARRIL antes de las 01:30<\/span>\n\t<\/div>\n\n\n\n<div style=\"height:100px\" aria-hidden=\"true\" class=\"wp-block-spacer\"><\/div>\n\n\n\n<div class=\"wp-block-columns is-layout-flex wp-container-core-columns-is-layout-8f761849 wp-block-columns-is-layout-flex\">\n<div class=\"wp-block-column is-layout-flow wp-block-column-is-layout-flow\" style=\"flex-basis:33.33%\">\n<figure class=\"wp-block-image size-full\"><img loading=\"lazy\" decoding=\"async\" width=\"1080\" height=\"1080\" src=\"https:\/\/cafelapalma.com\/wp-content\/uploads\/2025\/01\/FLUOR-ENERO-1080-x-1080.jpg\" alt=\"\" class=\"wp-image-30307\" srcset=\"https:\/\/cafelapalma.com\/wp-content\/uploads\/2025\/01\/FLUOR-ENERO-1080-x-1080.jpg 1080w, https:\/\/cafelapalma.com\/wp-content\/uploads\/2025\/01\/FLUOR-ENERO-1080-x-1080-300x300.jpg 300w, https:\/\/cafelapalma.com\/wp-content\/uploads\/2025\/01\/FLUOR-ENERO-1080-x-1080-1040x1040.jpg 1040w, https:\/\/cafelapalma.com\/wp-content\/uploads\/2025\/01\/FLUOR-ENERO-1080-x-1080-150x150.jpg 150w, https:\/\/cafelapalma.com\/wp-content\/uploads\/2025\/01\/FLUOR-ENERO-1080-x-1080-768x768.jpg 768w, https:\/\/cafelapalma.com\/wp-content\/uploads\/2025\/01\/FLUOR-ENERO-1080-x-1080-435x435.jpg 435w, https:\/\/cafelapalma.com\/wp-content\/uploads\/2025\/01\/FLUOR-ENERO-1080-x-1080-60x60.jpg 60w\" sizes=\"auto, (max-width: 1080px) 100vw, 1080px\" \/><\/figure>\n<\/div>\n\n\n\n<div class=\"wp-block-column is-layout-flow wp-block-column-is-layout-flow\" style=\"flex-basis:66.66%\">\n<p class=\"has-text-align-left wp-block-paragraph\"><strong>INDITR\u00d3NICA<\/strong>, la sesi\u00f3n hosteada por <strong>DON FLUOR<\/strong> que cuenta con residencia mensual en <strong>CAFE LA PALMA<\/strong>, continua este 2025 con m\u00e1s fuerza que nunca: con una sesi\u00f3n <em>cr\u00e8me de la cr\u00e8me<\/em> conmemorando el 30 Aniversario de la sala.<\/p>\n\n\n\n<p class=\"has-text-align-left wp-block-paragraph\"><strong>DON FLUOR<\/strong> \u2013alter ego musical de <strong>Rafa Lopez<\/strong>\u2013 es un Dj y productor albacete\u00f1o afincado en #Murcia que redefine el concepto #FIESTA proponiendo un discurso divertido desde el #house pero llevando sus shows por #indie, #indietr\u00f3nica y #techno. Adem\u00e1s, forma parte de <strong>CAFE LA PALMA<\/strong> desde 2019, a\u00f1o en el que comenz\u00f3 a comenz\u00f3 a tener residencia fija en nuestras sesiones.<\/p>\n\n\n\n<p class=\"has-text-align-left wp-block-paragraph\">En esta ocasi\u00f3n, y en honor a las tres d\u00e9cadas de esta casa, estar\u00e1 muy bien acompa\u00f1ado por <strong>FAT GORDON<\/strong> y<strong> PAU ROCA<\/strong>, guitarrista de <strong>La Habitaci\u00f3n Roja<\/strong>.<\/p>\n<\/div>\n<\/div>\n\n\n\n<div style=\"height:100px\" aria-hidden=\"true\" class=\"wp-block-spacer\"><\/div>\n\n\n\n<hr class=\"wp-block-separator has-css-opacity is-style-wide\"\/>\n\n\n\n<div style=\"height:100px\" aria-hidden=\"true\" class=\"wp-block-spacer\"><\/div>\n\n\n<h2 class=\"tribe-block__related-events__title\">Related Events<\/h2>\n\n<ul  class=\"tribe-related-events tribe-clearfix\" >\n\t\t\t<li>\n\t\n<div class=\"tribe-related-events-thumbnail\">\n\t<a href=\"https:\/\/cafelapalma.com\/en\/programacion\/funkin-donuts\/\" class=\"url\" rel=\"bookmark\" tabindex=\"-1\" aria-hidden=\"true\"><img loading=\"lazy\" decoding=\"async\" width=\"693\" height=\"1040\" src=\"https:\/\/cafelapalma.com\/wp-content\/uploads\/2026\/07\/FD-vert2-bn-693x1040.jpg\" class=\"attachment-large size-large wp-post-image\" alt=\"\" \/><\/a>\n<\/div>\n\t<div class=\"tribe-related-event-info\">\n\t<h3 class=\"tribe-related-events-title\">\n\t\t<a href=\"https:\/\/cafelapalma.com\/en\/programacion\/funkin-donuts\/\" class=\"tribe-event-url\" rel=\"bookmark\">\n\t\t\tFUNKIN&#8217; DONUTS\t\t<\/a>\n\t<\/h3>\n\t<span class=\"tribe-event-date-start\">5  September@22:00<\/span><span class=\"tribe-event-time\">23:45<\/span><\/div>\n<\/li>\n\t\t\t<li>\n\t\n<div class=\"tribe-related-events-thumbnail\">\n\t<a href=\"https:\/\/cafelapalma.com\/en\/programacion\/backstage-le-petit-truffle-mayo\/\" class=\"url\" rel=\"bookmark\" tabindex=\"-1\" aria-hidden=\"true\"><img loading=\"lazy\" decoding=\"async\" width=\"780\" height=\"1040\" src=\"https:\/\/cafelapalma.com\/wp-content\/uploads\/2026\/07\/Imagen-TruffleMayo-LePetit-i-1-780x1040.png\" class=\"attachment-large size-large wp-post-image\" alt=\"\" \/><\/a>\n<\/div>\n\t<div class=\"tribe-related-event-info\">\n\t<h3 class=\"tribe-related-events-title\">\n\t\t<a href=\"https:\/\/cafelapalma.com\/en\/programacion\/backstage-le-petit-truffle-mayo\/\" class=\"tribe-event-url\" rel=\"bookmark\">\n\t\t\tBACKSTAGE: LE PETIT + TRUFFLE MAYO\t\t<\/a>\n\t<\/h3>\n\t<span class=\"tribe-event-date-start\">5  September@23:55<\/span><\/div>\n<\/li>\n\t\t\t<li>\n\t\n<div class=\"tribe-related-events-thumbnail\">\n\t<a href=\"https:\/\/cafelapalma.com\/en\/programacion\/willie-deville-concierto-benefico-x-venezuela\/\" class=\"url\" rel=\"bookmark\" tabindex=\"-1\" aria-hidden=\"true\"><img loading=\"lazy\" decoding=\"async\" width=\"1020\" height=\"531\" src=\"https:\/\/cafelapalma.com\/wp-content\/uploads\/2026\/08\/Willie-deville-1100x572-1-1040x541.jpg\" class=\"attachment-large size-large wp-post-image\" alt=\"\" \/><\/a>\n<\/div>\n\t<div class=\"tribe-related-event-info\">\n\t<h3 class=\"tribe-related-events-title\">\n\t\t<a href=\"https:\/\/cafelapalma.com\/en\/programacion\/willie-deville-concierto-benefico-x-venezuela\/\" class=\"tribe-event-url\" rel=\"bookmark\">\n\t\t\tWILLIE DEVILLE: CONCIERTO BEN\u00c9FICO X VENEZUELA\t\t<\/a>\n\t<\/h3>\n\t<span class=\"tribe-event-date-start\">6  September@21:00<\/span><span class=\"tribe-event-time\">23:45<\/span><\/div>\n<\/li>\n\t<\/ul>","protected":false},"excerpt":{"rendered":"<p>INDITR\u00d3NICA, la sesi\u00f3n hosteada por DON FLUOR que cuenta con residencia mensual en CAFE LA PALMA, continua este 2025 con m\u00e1s fuerza que nunca: con una sesi\u00f3n cr\u00e8me de la cr\u00e8me conmemorando el 30 Aniversario de la sala. DON FLUOR \u2013alter ego musical de Rafa Lopez\u2013 es un Dj y productor albacete\u00f1o afincado en #Murcia &hellip; <\/p>","protected":false},"author":2,"featured_media":30314,"template":"","meta":{"_tec_requires_first_save":false,"_uag_custom_page_level_css":"","loftloader_page_shortcode":"","_EventAllDay":false,"_EventTimezone":"Europe\/Madrid","_EventStartDate":"2025-01-18 23:50:00","_EventEndDate":"2025-01-18 23:55:00","_EventStartDateUTC":"2025-01-18 22:50:00","_EventEndDateUTC":"2025-01-18 22:55:00","_EventShowMap":false,"_EventShowMapLink":false,"_EventURL":"https:\/\/www.passline.com\/eventos\/inditronica-don-fluor-jesus-mar","_EventCost":"11","_EventCostDescription":"","_EventCurrencySymbol":"","_EventCurrencyCode":"","_EventCurrencyPosition":"","_EventDateTimeSeparator":"","_EventTimeRangeSeparator":"","_EventOrganizerID":[],"_EventVenueID":[0],"_OrganizerEmail":"","_OrganizerPhone":"","_OrganizerWebsite":"","_VenueAddress":"","_VenueCity":"","_VenueCountry":"","_VenueProvince":"","_VenueState":"","_VenueZip":"","_VenuePhone":"","_VenueURL":"","_VenueStateProvince":"","_VenueLat":"","_VenueLng":"","_VenueShowMap":false,"_VenueShowMapLink":false,"_tribe_blocks_recurrence_rules":"","_tribe_blocks_recurrence_description":"","_tribe_blocks_recurrence_exclusions":"","_ecp_custom_2":"","_tribe_events_status":"","_tribe_events_status_reason":"","_tribe_events_is_hybrid":"","_tribe_events_is_virtual":"","_tribe_events_virtual_video_source":"","_tribe_events_virtual_embed_video":"","_tribe_events_virtual_linked_button_text":"","_tribe_events_virtual_linked_button":"","_tribe_events_virtual_show_embed_at":"","_tribe_events_virtual_show_embed_to":[],"_tribe_events_virtual_show_on_event":"","_tribe_events_virtual_show_on_views":"","_tribe_events_virtual_url":"","footnotes":""},"tags":[1363,9225,13878,9226,9227,9845,1357,11309,13955,9309,8970,9846,12947,16799,16798,11307,1355,10293],"tribe_events_cat":[8964],"class_list":["post-30305","tribe_events","type-tribe_events","status-publish","has-post-thumbnail","hentry","tag-cafe-la-palma","tag-cafe-la-palma-clubbing","tag-club-malasana","tag-djs-madrid","tag-djs-malasana","tag-don-fluor","tag-electronica","tag-fat-gordon","tag-hits","tag-house","tag-indie","tag-indietronica","tag-inditronica","tag-la-habitacion-roja","tag-pau-roca","tag-pompa","tag-pop","tag-rafa-lopez","tribe_events_cat-clubbing","cat_clubbing"],"uagb_featured_image_src":{"full":["https:\/\/cafelapalma.com\/wp-content\/uploads\/2025\/01\/don-fluor.jpg",302,402,false],"thumbnail":["https:\/\/cafelapalma.com\/wp-content\/uploads\/2025\/01\/don-fluor-150x150.jpg",150,150,true],"medium":["https:\/\/cafelapalma.com\/wp-content\/uploads\/2025\/01\/don-fluor-225x300.jpg",225,300,true],"medium_large":["https:\/\/cafelapalma.com\/wp-content\/uploads\/2025\/01\/don-fluor.jpg",302,402,false],"large":["https:\/\/cafelapalma.com\/wp-content\/uploads\/2025\/01\/don-fluor.jpg",302,402,false],"1536x1536":["https:\/\/cafelapalma.com\/wp-content\/uploads\/2025\/01\/don-fluor.jpg",302,402,false],"2048x2048":["https:\/\/cafelapalma.com\/wp-content\/uploads\/2025\/01\/don-fluor.jpg",302,402,false],"trp-custom-language-flag":["https:\/\/cafelapalma.com\/wp-content\/uploads\/2025\/01\/don-fluor.jpg",9,12,false],"blossom-feminine-slider":["https:\/\/cafelapalma.com\/wp-content\/uploads\/2025\/01\/don-fluor.jpg",302,402,false],"blossom-feminine-featured":["https:\/\/cafelapalma.com\/wp-content\/uploads\/2025\/01\/don-fluor.jpg",302,402,false],"blossom-feminine-with-sidebar":["https:\/\/cafelapalma.com\/wp-content\/uploads\/2025\/01\/don-fluor.jpg",302,402,false],"blossom-feminine-blog":["https:\/\/cafelapalma.com\/wp-content\/uploads\/2025\/01\/don-fluor.jpg",302,402,false],"blossom-feminine-cat":["https:\/\/cafelapalma.com\/wp-content\/uploads\/2025\/01\/don-fluor-302x300.jpg",302,300,true],"blossom-feminine-related":["https:\/\/cafelapalma.com\/wp-content\/uploads\/2025\/01\/don-fluor-302x200.jpg",302,200,true],"blossom-feminine-schema":["https:\/\/cafelapalma.com\/wp-content\/uploads\/2025\/01\/don-fluor-45x60.jpg",45,60,true]},"uagb_author_info":{"display_name":"Victor","author_link":"https:\/\/cafelapalma.com\/en\/author\/comunicacion\/"},"uagb_comment_info":0,"uagb_excerpt":"INDITR\u00d3NICA, la sesi\u00f3n hosteada por DON FLUOR que cuenta con residencia mensual en CAFE LA PALMA, continua este 2025 con m\u00e1s fuerza que nunca: con una sesi\u00f3n cr\u00e8me de la cr\u00e8me conmemorando el 30 Aniversario de la sala. DON FLUOR \u2013alter ego musical de Rafa Lopez\u2013 es un Dj y productor albacete\u00f1o afincado en #Murcia&hellip;","_links":{"self":[{"href":"https:\/\/cafelapalma.com\/en\/wp-json\/wp\/v2\/tribe_events\/30305","targetHints":{"allow":["GET"]}}],"collection":[{"href":"https:\/\/cafelapalma.com\/en\/wp-json\/wp\/v2\/tribe_events"}],"about":[{"href":"https:\/\/cafelapalma.com\/en\/wp-json\/wp\/v2\/types\/tribe_events"}],"author":[{"embeddable":true,"href":"https:\/\/cafelapalma.com\/en\/wp-json\/wp\/v2\/users\/2"}],"version-history":[{"count":0,"href":"https:\/\/cafelapalma.com\/en\/wp-json\/wp\/v2\/tribe_events\/30305\/revisions"}],"wp:featuredmedia":[{"embeddable":true,"href":"https:\/\/cafelapalma.com\/en\/wp-json\/wp\/v2\/media\/30314"}],"wp:attachment":[{"href":"https:\/\/cafelapalma.com\/en\/wp-json\/wp\/v2\/media?parent=30305"}],"wp:term":[{"taxonomy":"post_tag","embeddable":true,"href":"https:\/\/cafelapalma.com\/en\/wp-json\/wp\/v2\/tags?post=30305"},{"taxonomy":"tribe_events_cat","embeddable":true,"href":"https:\/\/cafelapalma.com\/en\/wp-json\/wp\/v2\/tribe_events_cat?post=30305"}],"curies":[{"name":"wp","href":"https:\/\/api.w.org\/{rel}","templated":true}]}}