{"id":30310,"date":"2025-01-09T11:22:35","date_gmt":"2025-01-09T10:22:35","guid":{"rendered":"https:\/\/cafelapalma.com\/?post_type=tribe_events&#038;p=30310"},"modified":"2025-01-09T11:22:44","modified_gmt":"2025-01-09T10:22:44","slug":"depresion-sonora-dj-set-by-mosul-mosul","status":"publish","type":"tribe_events","link":"https:\/\/cafelapalma.com\/en\/programacion\/depresion-sonora-dj-set-by-mosul-mosul\/","title":{"rendered":"DEPRESI\u00d3N SONORA DJ SET BY MOSUL MOSUL"},"content":{"rendered":"<div  class=\"tribe-events-schedule tribe-clearfix\" >\n\t<p class=\"tribe-events-schedule__datetime\">\n\t\t<span class=\"tribe-events-schedule__date tribe-events-schedule__date--start\">\n\t\t\t28  February  2025\t\t<\/span>\n\n\t\t\t\t\t<span class=\"tribe-events-schedule__separator tribe-events-schedule__separator--date\">\n\t\t\t\t@\t\t\t<\/span>\n\t\t\t<span class=\"tribe-events-schedule__time tribe-events-schedule__time--start\">\n\t\t\t\t23:50\t\t\t<\/span>\n\t\t\n\t\t\t\t\t\t\t\t\t<span class=\"tribe-events-schedule__separator tribe-events-schedule__separator--time\">\n\t\t\t\t\t&#8211;\t\t\t\t<\/span>\n\t\t\t\n\t\t\t\t\t\t\t<span class=\"tribe-events-schedule__time tribe-events-schedule__time--end\">\n\t\t\t\t\t23:55\t\t\t\t<\/span>\n\t\t\t\n\t\t\t\t\t\t<\/p>\n<\/div>\n\n\n<div  class=\"tribe-block tribe-block__event-price\" >\n\t\t\t<span class=\"tribe-block__event-price__cost\"> 13\u20ac <\/span>\n\t\t\t\t<span class=\"tribe-block__event-price__description\">+ gg Anticipada | 15\u20ac Taquilla [ Incluye UNA CONSUMICI\u00d3N ]<\/span>\n\t<\/div>\n\n\n\n<div style=\"height:100px\" aria-hidden=\"true\" class=\"wp-block-spacer\"><\/div>\n\n\n\n<div class=\"wp-block-columns is-layout-flex wp-container-core-columns-is-layout-8f761849 wp-block-columns-is-layout-flex\">\n<div class=\"wp-block-column is-layout-flow wp-block-column-is-layout-flow\" style=\"flex-basis:33.33%\">\n<figure class=\"wp-block-image size-large\"><img loading=\"lazy\" decoding=\"async\" width=\"738\" height=\"1040\" src=\"https:\/\/cafelapalma.com\/wp-content\/uploads\/2025\/01\/CLUB_DEPRESIONSONORA_A3-738x1040.jpg\" alt=\"\" class=\"wp-image-30311\" srcset=\"https:\/\/cafelapalma.com\/wp-content\/uploads\/2025\/01\/CLUB_DEPRESIONSONORA_A3-738x1040.jpg 738w, https:\/\/cafelapalma.com\/wp-content\/uploads\/2025\/01\/CLUB_DEPRESIONSONORA_A3-213x300.jpg 213w, https:\/\/cafelapalma.com\/wp-content\/uploads\/2025\/01\/CLUB_DEPRESIONSONORA_A3-768x1083.jpg 768w, https:\/\/cafelapalma.com\/wp-content\/uploads\/2025\/01\/CLUB_DEPRESIONSONORA_A3-1090x1536.jpg 1090w, https:\/\/cafelapalma.com\/wp-content\/uploads\/2025\/01\/CLUB_DEPRESIONSONORA_A3-1453x2048.jpg 1453w, https:\/\/cafelapalma.com\/wp-content\/uploads\/2025\/01\/CLUB_DEPRESIONSONORA_A3-43x60.jpg 43w\" sizes=\"auto, (max-width: 738px) 100vw, 738px\" \/><\/figure>\n\n\n<div  class=\"tribe-block tribe-block__event-website\" >\n\t<a\n\t\thref=\"https:\/\/www.passline.com\/eventos\/depresion-sonora-dj-set-by-mosul-mosul\"\n\t\ttarget=\"_self\"\n\t\t\t>\n\t\tCOMPRAR ENTRADAS\t<\/a>\n<\/div>\n<\/div>\n\n\n\n<div class=\"wp-block-column is-layout-flow wp-block-column-is-layout-flow\" style=\"flex-basis:66.66%\">\n<p class=\"wp-block-paragraph\"><\/p>\n\n\n\n<p class=\"has-text-align-left wp-block-paragraph\"><strong>Marcos Crespo <\/strong>es <strong>DEPRESI\u00d3N SONORA<\/strong>\u00a0, una cr\u00f3nica post-punk que interpela a toda su generaci\u00f3n. Su sonido, personal e intransferible, se define como digital, pero con los pies en la tierra. El vallecano, tambi\u00e9n conocido como\u00a0<strong>Markusiano<\/strong>, tambi\u00e9n cultiva el gusto por la electr\u00f3nica en sus sesiones, donde conviven el trance, el electro y edits imposibles.<\/p>\n\n\n\n<p class=\"has-text-align-left wp-block-paragraph\">En esta ocasi\u00f3n, vendr\u00e1 acompa\u00f1ado de <strong>MURIEL<\/strong>, DJ y productor madrile\u00f1o con gusto por el techno m\u00e1s estricto, experimental y oscuro, sin miedo en explorar nuevos horizontes incorporando a sus sets ritmos rotos propios de g\u00e9neros como el electro, breakbeat y jungle.<\/p>\n\n\n\n<p class=\"has-text-align-left wp-block-paragraph\">Otro de los destacados en escena ser\u00e1 <strong>MIGUEL GRIMALDO<\/strong>, pincha discos y pincha todo muy influenciado por la escena electr\u00f3nica de\u00a0<strong>Detroit\u00a0<\/strong>y\u00a0<strong>Chicago<\/strong>. En sus sesiones hay mucho 808, 909 y 303, bien saturado todo.<\/p>\n\n\n\n<p class=\"has-text-align-left wp-block-paragraph\">Por \u00faltimo, contaremos con un B2B de <strong>COM-PAC<\/strong>, giraplatos con problemas de atenci\u00f3n con gustos por la electr\u00f3nica m\u00e1s r\u00edtmica y fren\u00e9tica, y <strong>MARCELO<\/strong>, a veces conocido como\u00a0<strong>Megansito el Guapo<\/strong>, a caballo entre el pop urbano y la electr\u00f3nica m\u00e1s variada y divertida. Cola-Cao en la cabina y vape en la puerta.<\/p>\n\n\n\n<p class=\"has-text-align-right wp-block-paragraph\"><em><a href=\"https:\/\/open.spotify.com\/intl-es\/artist\/2oCrGFAUJwBVFaaIM8c0AO?si=2PP7k0FEQfeHSfebYWOFPA\">Escucha a <\/a><\/em><strong><a href=\"https:\/\/open.spotify.com\/intl-es\/artist\/2oCrGFAUJwBVFaaIM8c0AO?si=2PP7k0FEQfeHSfebYWOFPA\">DEPRESI\u00d3N SONORA<\/a><\/strong><em><a href=\"https:\/\/open.spotify.com\/intl-es\/artist\/2oCrGFAUJwBVFaaIM8c0AO?si=2PP7k0FEQfeHSfebYWOFPA\"> en <\/a><\/em><strong><a href=\"https:\/\/open.spotify.com\/intl-es\/artist\/2oCrGFAUJwBVFaaIM8c0AO?si=2PP7k0FEQfeHSfebYWOFPA\">Spotify<\/a><\/strong><\/p>\n\n\n\n<p class=\"has-text-align-right wp-block-paragraph\"><em><a href=\"https:\/\/www.instagram.com\/_mosulmosul\/\">Sigue a <\/a><\/em><strong><a href=\"https:\/\/www.instagram.com\/_mosulmosul\/\">MOSUL MOSUL<\/a><\/strong><em><a href=\"https:\/\/www.instagram.com\/_mosulmosul\/\"> en <\/a><\/em><strong><a href=\"https:\/\/www.instagram.com\/_mosulmosul\/\">instagram<\/a><\/strong><\/p>\n<\/div>\n<\/div>\n\n\n\n<div style=\"height:100px\" aria-hidden=\"true\" class=\"wp-block-spacer\"><\/div>\n\n\n\n<hr class=\"wp-block-separator has-alpha-channel-opacity\"\/>\n\n\n\n<div style=\"height:100px\" aria-hidden=\"true\" class=\"wp-block-spacer\"><\/div>\n\n\n<h2 class=\"tribe-block__related-events__title\">Related Events<\/h2>\n\n<ul  class=\"tribe-related-events tribe-clearfix\" >\n\t\t\t<li>\n\t\n<div class=\"tribe-related-events-thumbnail\">\n\t<a href=\"https:\/\/cafelapalma.com\/en\/programacion\/funkin-donuts\/\" class=\"url\" rel=\"bookmark\" tabindex=\"-1\" aria-hidden=\"true\"><img loading=\"lazy\" decoding=\"async\" width=\"693\" height=\"1040\" src=\"https:\/\/cafelapalma.com\/wp-content\/uploads\/2026\/07\/FD-vert2-bn-693x1040.jpg\" class=\"attachment-large size-large wp-post-image\" alt=\"\" \/><\/a>\n<\/div>\n\t<div class=\"tribe-related-event-info\">\n\t<h3 class=\"tribe-related-events-title\">\n\t\t<a href=\"https:\/\/cafelapalma.com\/en\/programacion\/funkin-donuts\/\" class=\"tribe-event-url\" rel=\"bookmark\">\n\t\t\tFUNKIN&#8217; DONUTS\t\t<\/a>\n\t<\/h3>\n\t<span class=\"tribe-event-date-start\">5  September@22:00<\/span><span class=\"tribe-event-time\">23:45<\/span><\/div>\n<\/li>\n\t\t\t<li>\n\t\n<div class=\"tribe-related-events-thumbnail\">\n\t<a href=\"https:\/\/cafelapalma.com\/en\/programacion\/backstage-le-petit-truffle-mayo\/\" class=\"url\" rel=\"bookmark\" tabindex=\"-1\" aria-hidden=\"true\"><img loading=\"lazy\" decoding=\"async\" width=\"780\" height=\"1040\" src=\"https:\/\/cafelapalma.com\/wp-content\/uploads\/2026\/07\/Imagen-TruffleMayo-LePetit-i-1-780x1040.png\" class=\"attachment-large size-large wp-post-image\" alt=\"\" \/><\/a>\n<\/div>\n\t<div class=\"tribe-related-event-info\">\n\t<h3 class=\"tribe-related-events-title\">\n\t\t<a href=\"https:\/\/cafelapalma.com\/en\/programacion\/backstage-le-petit-truffle-mayo\/\" class=\"tribe-event-url\" rel=\"bookmark\">\n\t\t\tBACKSTAGE: LE PETIT + TRUFFLE MAYO\t\t<\/a>\n\t<\/h3>\n\t<span class=\"tribe-event-date-start\">5  September@23:55<\/span><\/div>\n<\/li>\n\t\t\t<li>\n\t\n<div class=\"tribe-related-events-thumbnail\">\n\t<a href=\"https:\/\/cafelapalma.com\/en\/programacion\/willie-deville-concierto-benefico-x-venezuela\/\" class=\"url\" rel=\"bookmark\" tabindex=\"-1\" aria-hidden=\"true\"><img loading=\"lazy\" decoding=\"async\" width=\"1020\" height=\"531\" src=\"https:\/\/cafelapalma.com\/wp-content\/uploads\/2026\/08\/Willie-deville-1100x572-1-1040x541.jpg\" class=\"attachment-large size-large wp-post-image\" alt=\"\" \/><\/a>\n<\/div>\n\t<div class=\"tribe-related-event-info\">\n\t<h3 class=\"tribe-related-events-title\">\n\t\t<a href=\"https:\/\/cafelapalma.com\/en\/programacion\/willie-deville-concierto-benefico-x-venezuela\/\" class=\"tribe-event-url\" rel=\"bookmark\">\n\t\t\tWILLIE DEVILLE: CONCIERTO BEN\u00c9FICO X VENEZUELA\t\t<\/a>\n\t<\/h3>\n\t<span class=\"tribe-event-date-start\">6  September@21:00<\/span><span class=\"tribe-event-time\">23:45<\/span><\/div>\n<\/li>\n\t<\/ul>\n","protected":false},"excerpt":{"rendered":"<p>Marcos Crespo es DEPRESI\u00d3N SONORA\u00a0, una cr\u00f3nica post-punk que interpela a toda su generaci\u00f3n. Su sonido, personal e intransferible, se define como digital, pero con los pies en la tierra. El vallecano, tambi\u00e9n conocido como\u00a0Markusiano, tambi\u00e9n cultiva el gusto por la electr\u00f3nica en sus sesiones, donde conviven el trance, el electro y edits imposibles. En &hellip; <\/p>","protected":false},"author":2,"featured_media":30312,"template":"","meta":{"_tec_requires_first_save":false,"_uag_custom_page_level_css":"","loftloader_page_shortcode":"","_EventAllDay":false,"_EventTimezone":"Europe\/Madrid","_EventStartDate":"2025-02-28 23:50:00","_EventEndDate":"2025-02-28 23:55:00","_EventStartDateUTC":"2025-02-28 22:50:00","_EventEndDateUTC":"2025-02-28 22:55:00","_EventShowMap":false,"_EventShowMapLink":false,"_EventURL":"https:\/\/www.passline.com\/eventos\/depresion-sonora-dj-set-by-mosul-mosul","_EventCost":"13","_EventCostDescription":"","_EventCurrencySymbol":"\u20ac","_EventCurrencyCode":"USD","_EventCurrencyPosition":"suffix","_EventDateTimeSeparator":"@","_EventTimeRangeSeparator":"-","_EventOrganizerID":[],"_EventVenueID":[],"_OrganizerEmail":"","_OrganizerPhone":"","_OrganizerWebsite":"","_VenueAddress":"","_VenueCity":"","_VenueCountry":"","_VenueProvince":"","_VenueState":"","_VenueZip":"","_VenuePhone":"","_VenueURL":"","_VenueStateProvince":"","_VenueLat":"","_VenueLng":"","_VenueShowMap":false,"_VenueShowMapLink":false,"_tribe_blocks_recurrence_rules":"","_tribe_blocks_recurrence_description":"","_tribe_blocks_recurrence_exclusions":"","_ecp_custom_2":"","_tribe_events_status":"","_tribe_events_status_reason":"","_tribe_events_is_hybrid":"","_tribe_events_is_virtual":"","_tribe_events_virtual_video_source":"","_tribe_events_virtual_embed_video":"","_tribe_events_virtual_linked_button_text":"","_tribe_events_virtual_linked_button":"","_tribe_events_virtual_show_embed_at":"","_tribe_events_virtual_show_embed_to":[],"_tribe_events_virtual_show_on_event":"","_tribe_events_virtual_show_on_views":"","_tribe_events_virtual_url":"","footnotes":""},"tags":[9674,10358,1363,8869,9225,13279,16800,9226,9227,1357,11301,13289,13283,13290,13284,13282,13285,14788],"tribe_events_cat":[8964],"class_list":["post-30310","tribe_events","type-tribe_events","status-publish","has-post-thumbnail","hentry","tag-breakbeat","tag-breaks","tag-cafe-la-palma","tag-cafe-la-palma-2","tag-cafe-la-palma-clubbing","tag-depresion-sonora","tag-depresion-sonora-dj-set","tag-djs-madrid","tag-djs-malasana","tag-electronica","tag-jungle","tag-marcos-crespo","tag-markusiano","tag-megansito-el-guapo","tag-miguel-grimaldo","tag-mosul-mosul","tag-muriel","tag-uverdriver","tribe_events_cat-clubbing","cat_clubbing"],"uagb_featured_image_src":{"full":["https:\/\/cafelapalma.com\/wp-content\/uploads\/2025\/01\/MARKUSPIC.jpg",640,800,false],"thumbnail":["https:\/\/cafelapalma.com\/wp-content\/uploads\/2025\/01\/MARKUSPIC-150x150.jpg",150,150,true],"medium":["https:\/\/cafelapalma.com\/wp-content\/uploads\/2025\/01\/MARKUSPIC-240x300.jpg",240,300,true],"medium_large":["https:\/\/cafelapalma.com\/wp-content\/uploads\/2025\/01\/MARKUSPIC.jpg",640,800,false],"large":["https:\/\/cafelapalma.com\/wp-content\/uploads\/2025\/01\/MARKUSPIC.jpg",640,800,false],"1536x1536":["https:\/\/cafelapalma.com\/wp-content\/uploads\/2025\/01\/MARKUSPIC.jpg",640,800,false],"2048x2048":["https:\/\/cafelapalma.com\/wp-content\/uploads\/2025\/01\/MARKUSPIC.jpg",640,800,false],"trp-custom-language-flag":["https:\/\/cafelapalma.com\/wp-content\/uploads\/2025\/01\/MARKUSPIC.jpg",10,12,false],"blossom-feminine-slider":["https:\/\/cafelapalma.com\/wp-content\/uploads\/2025\/01\/MARKUSPIC-640x649.jpg",640,649,true],"blossom-feminine-featured":["https:\/\/cafelapalma.com\/wp-content\/uploads\/2025\/01\/MARKUSPIC-640x600.jpg",640,600,true],"blossom-feminine-with-sidebar":["https:\/\/cafelapalma.com\/wp-content\/uploads\/2025\/01\/MARKUSPIC-640x600.jpg",640,600,true],"blossom-feminine-blog":["https:\/\/cafelapalma.com\/wp-content\/uploads\/2025\/01\/MARKUSPIC-435x435.jpg",435,435,true],"blossom-feminine-cat":["https:\/\/cafelapalma.com\/wp-content\/uploads\/2025\/01\/MARKUSPIC-450x300.jpg",450,300,true],"blossom-feminine-related":["https:\/\/cafelapalma.com\/wp-content\/uploads\/2025\/01\/MARKUSPIC-320x200.jpg",320,200,true],"blossom-feminine-schema":["https:\/\/cafelapalma.com\/wp-content\/uploads\/2025\/01\/MARKUSPIC-48x60.jpg",48,60,true]},"uagb_author_info":{"display_name":"Victor","author_link":"https:\/\/cafelapalma.com\/en\/author\/comunicacion\/"},"uagb_comment_info":0,"uagb_excerpt":"Marcos Crespo es DEPRESI\u00d3N SONORA\u00a0, una cr\u00f3nica post-punk que interpela a toda su generaci\u00f3n. Su sonido, personal e intransferible, se define como digital, pero con los pies en la tierra. El vallecano, tambi\u00e9n conocido como\u00a0Markusiano, tambi\u00e9n cultiva el gusto por la electr\u00f3nica en sus sesiones, donde conviven el trance, el electro y edits imposibles. En&hellip;","_links":{"self":[{"href":"https:\/\/cafelapalma.com\/en\/wp-json\/wp\/v2\/tribe_events\/30310","targetHints":{"allow":["GET"]}}],"collection":[{"href":"https:\/\/cafelapalma.com\/en\/wp-json\/wp\/v2\/tribe_events"}],"about":[{"href":"https:\/\/cafelapalma.com\/en\/wp-json\/wp\/v2\/types\/tribe_events"}],"author":[{"embeddable":true,"href":"https:\/\/cafelapalma.com\/en\/wp-json\/wp\/v2\/users\/2"}],"version-history":[{"count":0,"href":"https:\/\/cafelapalma.com\/en\/wp-json\/wp\/v2\/tribe_events\/30310\/revisions"}],"wp:featuredmedia":[{"embeddable":true,"href":"https:\/\/cafelapalma.com\/en\/wp-json\/wp\/v2\/media\/30312"}],"wp:attachment":[{"href":"https:\/\/cafelapalma.com\/en\/wp-json\/wp\/v2\/media?parent=30310"}],"wp:term":[{"taxonomy":"post_tag","embeddable":true,"href":"https:\/\/cafelapalma.com\/en\/wp-json\/wp\/v2\/tags?post=30310"},{"taxonomy":"tribe_events_cat","embeddable":true,"href":"https:\/\/cafelapalma.com\/en\/wp-json\/wp\/v2\/tribe_events_cat?post=30310"}],"curies":[{"name":"wp","href":"https:\/\/api.w.org\/{rel}","templated":true}]}}