{"id":30319,"date":"2025-01-09T13:57:33","date_gmt":"2025-01-09T12:57:33","guid":{"rendered":"https:\/\/cafelapalma.com\/?post_type=tribe_events&#038;p=30319"},"modified":"2025-02-08T09:53:23","modified_gmt":"2025-02-08T08:53:23","slug":"xsakara","status":"publish","type":"tribe_events","link":"https:\/\/cafelapalma.com\/en\/programacion\/xsakara\/","title":{"rendered":"XSAKARA"},"content":{"rendered":"<div  class=\"tribe-events-schedule tribe-clearfix\" >\n\t<p class=\"tribe-events-schedule__datetime\">\n\t\t<span class=\"tribe-events-schedule__date tribe-events-schedule__date--start\">\n\t\t\t08  February  2025\t\t<\/span>\n\n\t\t\t\t\t<span class=\"tribe-events-schedule__separator tribe-events-schedule__separator--date\">\n\t\t\t\t@\t\t\t<\/span>\n\t\t\t<span class=\"tribe-events-schedule__time tribe-events-schedule__time--start\">\n\t\t\t\t22:00\t\t\t<\/span>\n\t\t\n\t\t\t\t\t\t\t\t\t<span class=\"tribe-events-schedule__separator tribe-events-schedule__separator--time\">\n\t\t\t\t\t&#8211;\t\t\t\t<\/span>\n\t\t\t\n\t\t\t\t\t\t\t<span class=\"tribe-events-schedule__time tribe-events-schedule__time--end\">\n\t\t\t\t\t23:30\t\t\t\t<\/span>\n\t\t\t\n\t\t\t\t\t\t<\/p>\n<\/div>\n\n\n<div  class=\"tribe-block tribe-block__event-price\" >\n\t\t\t<span class=\"tribe-block__event-price__cost\"> 12\u20ac <\/span>\n\t\t\t\t<span class=\"tribe-block__event-price__description\">+ gg Anticipada | 15\u20ac Taquilla<\/span>\n\t<\/div>\n\n\n\n<div style=\"height:100px\" aria-hidden=\"true\" class=\"wp-block-spacer\"><\/div>\n\n\n\n<div class=\"wp-block-columns is-layout-flex wp-container-core-columns-is-layout-8f761849 wp-block-columns-is-layout-flex\">\n<div class=\"wp-block-column is-layout-flow wp-block-column-is-layout-flow\" style=\"flex-basis:33.33%\">\n<figure class=\"wp-block-image size-large\"><img loading=\"lazy\" decoding=\"async\" width=\"743\" height=\"1040\" src=\"https:\/\/cafelapalma.com\/wp-content\/uploads\/2025\/01\/Xsakara-A3-743x1040.jpg\" alt=\"\" class=\"wp-image-30320\" srcset=\"https:\/\/cafelapalma.com\/wp-content\/uploads\/2025\/01\/Xsakara-A3-743x1040.jpg 743w, https:\/\/cafelapalma.com\/wp-content\/uploads\/2025\/01\/Xsakara-A3-214x300.jpg 214w, https:\/\/cafelapalma.com\/wp-content\/uploads\/2025\/01\/Xsakara-A3-768x1075.jpg 768w, https:\/\/cafelapalma.com\/wp-content\/uploads\/2025\/01\/Xsakara-A3-1097x1536.jpg 1097w, https:\/\/cafelapalma.com\/wp-content\/uploads\/2025\/01\/Xsakara-A3-1463x2048.jpg 1463w, https:\/\/cafelapalma.com\/wp-content\/uploads\/2025\/01\/Xsakara-A3-43x60.jpg 43w, https:\/\/cafelapalma.com\/wp-content\/uploads\/2025\/01\/Xsakara-A3.jpg 2010w\" sizes=\"auto, (max-width: 743px) 100vw, 743px\" \/><\/figure>\n\n\n<div  class=\"tribe-block tribe-block__event-website\" >\n\t<a\n\t\thref=\"https:\/\/lasttour.seetickets.com\/event\/xsakara-madrid-2025\/cafe-la-palma\/3179498\"\n\t\ttarget=\"_self\"\n\t\t\t>\n\t\tBUY TICKETS\t<\/a>\n<\/div>\n<\/div>\n\n\n\n<div class=\"wp-block-column is-layout-flow wp-block-column-is-layout-flow\" style=\"flex-basis:66.66%\">\n<div style=\"height:100px\" aria-hidden=\"true\" class=\"wp-block-spacer\"><\/div>\n\n\n\n<p class=\"has-text-align-left wp-block-paragraph\">Bajo el nombre art\u00edstico <strong>XSAKARA <\/strong>y el apodo de <em><strong>Ilargiaren semea<\/strong><\/em> (<em>hijo de la luna<\/em> en euskera), est\u00e1 el artista bermeotarra <strong>Xabier Gutierrez<\/strong>, que se incorpora al roster de <strong>Oso Polita<\/strong>, sello 360\u00ba de <strong>Last Tour<\/strong>.<\/p>\n\n\n\n<p class=\"has-text-align-left wp-block-paragraph\">Ya consolidado en la escena vasca con canciones que ya son parte de la playlist de toda una generaci\u00f3n, el artista cuenta con dos EPs y dos \u00e1lbumes que forman juntos un todo, una obra conceptual completa. Su debut <strong><em>ILARGIAREN SEMEA<\/em><\/strong> <strong><em>16 19<\/em><\/strong> llegaba en 2020 y se trataba de un relato de la fase m\u00e1s dura de su vida, entre los 16 y los 19 a\u00f1os. Despu\u00e9s vinieron dos EPs en los que conectaba 10 canciones alrededor de la idea de los terremotos; <strong><em>\u201cLURRIKARAK\u201d <\/em><\/strong>(2022), planteado como un terremoto que produce grietas y <strong><em>\u201cLURRIKARAK 2.0\u201d<\/em><\/strong> (2023-24), otro que en este caso cierra una etapa vital. En marzo de 2024 vino la \u00faltima fase, <strong><em>ILARGIAREN SEMEA<\/em><\/strong>, como cierre de c\u00edrculo y revitalizaci\u00f3n a golpe del sentido com\u00fan m\u00e1s feroz.<\/p>\n\n\n\n<p class=\"has-text-align-left wp-block-paragraph\">El artista contin\u00faa recorriendo rincones de toda la geograf\u00eda vasca con su en\u00e9rgico e infalible directo.<\/p>\n\n\n\n<p class=\"has-text-align-right wp-block-paragraph\"><em><a href=\"https:\/\/open.spotify.com\/intl-es\/artist\/2azsmNsKkvp7gx1ZjZ9aBz?si=FGh2jYD8RFuiTl63y0bVCw\">Listen to <\/a><\/em><strong><a href=\"https:\/\/open.spotify.com\/intl-es\/artist\/2azsmNsKkvp7gx1ZjZ9aBz?si=FGh2jYD8RFuiTl63y0bVCw\">XSAKARA <\/a><\/strong><em><a href=\"https:\/\/open.spotify.com\/intl-es\/artist\/2azsmNsKkvp7gx1ZjZ9aBz?si=FGh2jYD8RFuiTl63y0bVCw\">in <\/a><\/em><strong><a href=\"https:\/\/open.spotify.com\/intl-es\/artist\/2azsmNsKkvp7gx1ZjZ9aBz?si=FGh2jYD8RFuiTl63y0bVCw\">Spotify<\/a><\/strong><\/p>\n<\/div>\n<\/div>\n\n\n\n<div style=\"height:100px\" aria-hidden=\"true\" class=\"wp-block-spacer\"><\/div>\n\n\n\n<hr class=\"wp-block-separator has-alpha-channel-opacity\"\/>\n\n\n\n<div style=\"height:100px\" aria-hidden=\"true\" class=\"wp-block-spacer\"><\/div>\n\n\n<h2 class=\"tribe-block__related-events__title\">Related Events<\/h2>\n\n<ul  class=\"tribe-related-events tribe-clearfix\" >\n\t\t\t<li>\n\t\n<div class=\"tribe-related-events-thumbnail\">\n\t<a href=\"https:\/\/cafelapalma.com\/en\/programacion\/funkin-donuts\/\" class=\"url\" rel=\"bookmark\" tabindex=\"-1\" aria-hidden=\"true\"><img loading=\"lazy\" decoding=\"async\" width=\"693\" height=\"1040\" src=\"https:\/\/cafelapalma.com\/wp-content\/uploads\/2026\/07\/FD-vert2-bn-693x1040.jpg\" class=\"attachment-large size-large wp-post-image\" alt=\"\" \/><\/a>\n<\/div>\n\t<div class=\"tribe-related-event-info\">\n\t<h3 class=\"tribe-related-events-title\">\n\t\t<a href=\"https:\/\/cafelapalma.com\/en\/programacion\/funkin-donuts\/\" class=\"tribe-event-url\" rel=\"bookmark\">\n\t\t\tFUNKIN&#8217; DONUTS\t\t<\/a>\n\t<\/h3>\n\t<span class=\"tribe-event-date-start\">5  September@22:00<\/span><span class=\"tribe-event-time\">23:45<\/span><\/div>\n<\/li>\n\t\t\t<li>\n\t\n<div class=\"tribe-related-events-thumbnail\">\n\t<a href=\"https:\/\/cafelapalma.com\/en\/programacion\/backstage-le-petit-truffle-mayo\/\" class=\"url\" rel=\"bookmark\" tabindex=\"-1\" aria-hidden=\"true\"><img loading=\"lazy\" decoding=\"async\" width=\"780\" height=\"1040\" src=\"https:\/\/cafelapalma.com\/wp-content\/uploads\/2026\/07\/Imagen-TruffleMayo-LePetit-i-1-780x1040.png\" class=\"attachment-large size-large wp-post-image\" alt=\"\" \/><\/a>\n<\/div>\n\t<div class=\"tribe-related-event-info\">\n\t<h3 class=\"tribe-related-events-title\">\n\t\t<a href=\"https:\/\/cafelapalma.com\/en\/programacion\/backstage-le-petit-truffle-mayo\/\" class=\"tribe-event-url\" rel=\"bookmark\">\n\t\t\tBACKSTAGE: LE PETIT + TRUFFLE MAYO\t\t<\/a>\n\t<\/h3>\n\t<span class=\"tribe-event-date-start\">5  September@23:55<\/span><\/div>\n<\/li>\n\t\t\t<li>\n\t\n<div class=\"tribe-related-events-thumbnail\">\n\t<a href=\"https:\/\/cafelapalma.com\/en\/programacion\/willie-deville-concierto-benefico-x-venezuela\/\" class=\"url\" rel=\"bookmark\" tabindex=\"-1\" aria-hidden=\"true\"><img loading=\"lazy\" decoding=\"async\" width=\"1020\" height=\"531\" src=\"https:\/\/cafelapalma.com\/wp-content\/uploads\/2026\/08\/Willie-deville-1100x572-1-1040x541.jpg\" class=\"attachment-large size-large wp-post-image\" alt=\"\" \/><\/a>\n<\/div>\n\t<div class=\"tribe-related-event-info\">\n\t<h3 class=\"tribe-related-events-title\">\n\t\t<a href=\"https:\/\/cafelapalma.com\/en\/programacion\/willie-deville-concierto-benefico-x-venezuela\/\" class=\"tribe-event-url\" rel=\"bookmark\">\n\t\t\tWILLIE DEVILLE: CONCIERTO BEN\u00c9FICO X VENEZUELA\t\t<\/a>\n\t<\/h3>\n\t<span class=\"tribe-event-date-start\">6  September@21:00<\/span><span class=\"tribe-event-time\">23:45<\/span><\/div>\n<\/li>\n\t<\/ul>","protected":false},"excerpt":{"rendered":"<p>Bajo el nombre art\u00edstico XSAKARA y el apodo de Ilargiaren semea (hijo de la luna en euskera), est\u00e1 el artista bermeotarra Xabier Gutierrez, que se incorpora al roster de Oso Polita, sello 360\u00ba de Last Tour. Ya consolidado en la escena vasca con canciones que ya son parte de la playlist de toda una generaci\u00f3n, &hellip; <\/p>","protected":false},"author":2,"featured_media":30321,"template":"","meta":{"_tec_requires_first_save":false,"_uag_custom_page_level_css":"","loftloader_page_shortcode":"","_EventAllDay":false,"_EventTimezone":"Europe\/Madrid","_EventStartDate":"2025-02-08 22:00:00","_EventEndDate":"2025-02-08 23:30:00","_EventStartDateUTC":"2025-02-08 21:00:00","_EventEndDateUTC":"2025-02-08 22:30:00","_EventShowMap":false,"_EventShowMapLink":false,"_EventURL":"https:\/\/lasttour.seetickets.com\/event\/xsakara-madrid-2025\/cafe-la-palma\/3179498","_EventCost":"12","_EventCostDescription":"","_EventCurrencySymbol":"\u20ac","_EventCurrencyCode":"USD","_EventCurrencyPosition":"suffix","_EventDateTimeSeparator":"@","_EventTimeRangeSeparator":"-","_EventOrganizerID":[],"_EventVenueID":[],"_OrganizerEmail":"","_OrganizerPhone":"","_OrganizerWebsite":"","_VenueAddress":"","_VenueCity":"","_VenueCountry":"","_VenueProvince":"","_VenueState":"","_VenueZip":"","_VenuePhone":"","_VenueURL":"","_VenueStateProvince":"","_VenueLat":"","_VenueLng":"","_VenueShowMap":false,"_VenueShowMapLink":false,"_tribe_blocks_recurrence_rules":"","_tribe_blocks_recurrence_description":"","_tribe_blocks_recurrence_exclusions":"","_ecp_custom_2":"","_tribe_events_status":"","_tribe_events_status_reason":"","_tribe_events_is_hybrid":"","_tribe_events_is_virtual":"","_tribe_events_virtual_video_source":"","_tribe_events_virtual_embed_video":"","_tribe_events_virtual_linked_button_text":"","_tribe_events_virtual_linked_button":"","_tribe_events_virtual_show_embed_at":"","_tribe_events_virtual_show_embed_to":[],"_tribe_events_virtual_show_on_event":"","_tribe_events_virtual_show_on_views":"","_tribe_events_virtual_url":"","footnotes":""},"tags":[1363,8869,2865,9146,16814,16816,16818,13200,16819,16820,13199,16817,16815],"tribe_events_cat":[8963],"class_list":["post-30319","tribe_events","type-tribe_events","status-publish","has-post-thumbnail","hentry","tag-cafe-la-palma","tag-cafe-la-palma-2","tag-conciertos-cafe-la-palma","tag-conciertos-malasana","tag-euskera","tag-ilargiaren-semea","tag-ilargiaren-semea-16-19","tag-last-tour","tag-lurrikarak","tag-lurrikarak-2-0","tag-oso-polita","tag-xabier-gutierrez","tag-xsakara","tribe_events_cat-concierto","cat_concierto"],"uagb_featured_image_src":{"full":["https:\/\/cafelapalma.com\/wp-content\/uploads\/2025\/01\/3.jpeg",1366,2048,false],"thumbnail":["https:\/\/cafelapalma.com\/wp-content\/uploads\/2025\/01\/3-150x150.jpeg",150,150,true],"medium":["https:\/\/cafelapalma.com\/wp-content\/uploads\/2025\/01\/3-200x300.jpeg",200,300,true],"medium_large":["https:\/\/cafelapalma.com\/wp-content\/uploads\/2025\/01\/3-768x1151.jpeg",768,1151,true],"large":["https:\/\/cafelapalma.com\/wp-content\/uploads\/2025\/01\/3-694x1040.jpeg",694,1040,true],"1536x1536":["https:\/\/cafelapalma.com\/wp-content\/uploads\/2025\/01\/3-1025x1536.jpeg",1025,1536,true],"2048x2048":["https:\/\/cafelapalma.com\/wp-content\/uploads\/2025\/01\/3.jpeg",1366,2048,false],"trp-custom-language-flag":["https:\/\/cafelapalma.com\/wp-content\/uploads\/2025\/01\/3.jpeg",8,12,false],"blossom-feminine-slider":["https:\/\/cafelapalma.com\/wp-content\/uploads\/2025\/01\/3-1366x649.jpeg",1366,649,true],"blossom-feminine-featured":["https:\/\/cafelapalma.com\/wp-content\/uploads\/2025\/01\/3-1366x600.jpeg",1366,600,true],"blossom-feminine-with-sidebar":["https:\/\/cafelapalma.com\/wp-content\/uploads\/2025\/01\/3-1020x600.jpeg",1020,600,true],"blossom-feminine-blog":["https:\/\/cafelapalma.com\/wp-content\/uploads\/2025\/01\/3-435x435.jpeg",435,435,true],"blossom-feminine-cat":["https:\/\/cafelapalma.com\/wp-content\/uploads\/2025\/01\/3-450x300.jpeg",450,300,true],"blossom-feminine-related":["https:\/\/cafelapalma.com\/wp-content\/uploads\/2025\/01\/3-320x200.jpeg",320,200,true],"blossom-feminine-schema":["https:\/\/cafelapalma.com\/wp-content\/uploads\/2025\/01\/3-40x60.jpeg",40,60,true]},"uagb_author_info":{"display_name":"Victor","author_link":"https:\/\/cafelapalma.com\/en\/author\/comunicacion\/"},"uagb_comment_info":0,"uagb_excerpt":"Bajo el nombre art\u00edstico XSAKARA y el apodo de Ilargiaren semea (hijo de la luna en euskera), est\u00e1 el artista bermeotarra Xabier Gutierrez, que se incorpora al roster de Oso Polita, sello 360\u00ba de Last Tour. Ya consolidado en la escena vasca con canciones que ya son parte de la playlist de toda una generaci\u00f3n,&hellip;","_links":{"self":[{"href":"https:\/\/cafelapalma.com\/en\/wp-json\/wp\/v2\/tribe_events\/30319","targetHints":{"allow":["GET"]}}],"collection":[{"href":"https:\/\/cafelapalma.com\/en\/wp-json\/wp\/v2\/tribe_events"}],"about":[{"href":"https:\/\/cafelapalma.com\/en\/wp-json\/wp\/v2\/types\/tribe_events"}],"author":[{"embeddable":true,"href":"https:\/\/cafelapalma.com\/en\/wp-json\/wp\/v2\/users\/2"}],"version-history":[{"count":0,"href":"https:\/\/cafelapalma.com\/en\/wp-json\/wp\/v2\/tribe_events\/30319\/revisions"}],"wp:featuredmedia":[{"embeddable":true,"href":"https:\/\/cafelapalma.com\/en\/wp-json\/wp\/v2\/media\/30321"}],"wp:attachment":[{"href":"https:\/\/cafelapalma.com\/en\/wp-json\/wp\/v2\/media?parent=30319"}],"wp:term":[{"taxonomy":"post_tag","embeddable":true,"href":"https:\/\/cafelapalma.com\/en\/wp-json\/wp\/v2\/tags?post=30319"},{"taxonomy":"tribe_events_cat","embeddable":true,"href":"https:\/\/cafelapalma.com\/en\/wp-json\/wp\/v2\/tribe_events_cat?post=30319"}],"curies":[{"name":"wp","href":"https:\/\/api.w.org\/{rel}","templated":true}]}}