{"id":30327,"date":"2025-01-09T16:31:11","date_gmt":"2025-01-09T15:31:11","guid":{"rendered":"https:\/\/cafelapalma.com\/?post_type=tribe_events&#038;p=30327"},"modified":"2025-01-13T12:05:47","modified_gmt":"2025-01-13T11:05:47","slug":"serch-blinduck","status":"publish","type":"tribe_events","link":"https:\/\/cafelapalma.com\/en\/programacion\/serch-blinduck\/","title":{"rendered":"SERCH + BLINDUCK"},"content":{"rendered":"<div  class=\"tribe-events-schedule tribe-clearfix\" >\n\t<p class=\"tribe-events-schedule__datetime\">\n\t\t<span class=\"tribe-events-schedule__date tribe-events-schedule__date--start\">\n\t\t\t28  March  2025\t\t<\/span>\n\n\t\t\t\t\t<span class=\"tribe-events-schedule__separator tribe-events-schedule__separator--date\">\n\t\t\t\t@\t\t\t<\/span>\n\t\t\t<span class=\"tribe-events-schedule__time tribe-events-schedule__time--start\">\n\t\t\t\t21:30\t\t\t<\/span>\n\t\t\n\t\t\t\t\t\t\t\t\t<span class=\"tribe-events-schedule__separator tribe-events-schedule__separator--time\">\n\t\t\t\t\t&#8211;\t\t\t\t<\/span>\n\t\t\t\n\t\t\t\t\t\t\t<span class=\"tribe-events-schedule__time tribe-events-schedule__time--end\">\n\t\t\t\t\t23:45\t\t\t\t<\/span>\n\t\t\t\n\t\t\t\t\t\t<\/p>\n<\/div>\n\n\n<div  class=\"tribe-block tribe-block__event-price\" >\n\t\t\t<span class=\"tribe-block__event-price__cost\"> 12\u20ac <\/span>\n\t\t\t\t<span class=\"tribe-block__event-price__description\">+ gg Anticipada | 15\u20ac Taquilla<\/span>\n\t<\/div>\n\n\n\n<div style=\"height:100px\" aria-hidden=\"true\" class=\"wp-block-spacer\"><\/div>\n\n\n\n<div class=\"wp-block-columns is-layout-flex wp-container-core-columns-is-layout-8f761849 wp-block-columns-is-layout-flex\">\n<div class=\"wp-block-column is-layout-flow wp-block-column-is-layout-flow\" style=\"flex-basis:33.33%\">\n<figure class=\"wp-block-image size-large\"><img loading=\"lazy\" decoding=\"async\" width=\"736\" height=\"1040\" src=\"https:\/\/cafelapalma.com\/wp-content\/uploads\/2025\/01\/SERCH-A3-LOW-DEF-736x1040.jpg\" alt=\"\" class=\"wp-image-30328\" srcset=\"https:\/\/cafelapalma.com\/wp-content\/uploads\/2025\/01\/SERCH-A3-LOW-DEF-736x1040.jpg 736w, https:\/\/cafelapalma.com\/wp-content\/uploads\/2025\/01\/SERCH-A3-LOW-DEF-212x300.jpg 212w, https:\/\/cafelapalma.com\/wp-content\/uploads\/2025\/01\/SERCH-A3-LOW-DEF-768x1086.jpg 768w, https:\/\/cafelapalma.com\/wp-content\/uploads\/2025\/01\/SERCH-A3-LOW-DEF-1086x1536.jpg 1086w, https:\/\/cafelapalma.com\/wp-content\/uploads\/2025\/01\/SERCH-A3-LOW-DEF-1449x2048.jpg 1449w, https:\/\/cafelapalma.com\/wp-content\/uploads\/2025\/01\/SERCH-A3-LOW-DEF-42x60.jpg 42w\" sizes=\"auto, (max-width: 736px) 100vw, 736px\" \/><\/figure>\n\n\n<div  class=\"tribe-block tribe-block__event-website\" >\n\t<a\n\t\thref=\"https:\/\/www.passline.com\/eventos\/serch-blinduck\"\n\t\ttarget=\"_self\"\n\t\t\t>\n\t\tBUY TICKETS\t<\/a>\n<\/div>\n<\/div>\n\n\n\n<div class=\"wp-block-column is-layout-flow wp-block-column-is-layout-flow\" style=\"flex-basis:66.66%\">\n<div style=\"height:100px\" aria-hidden=\"true\" class=\"wp-block-spacer\"><\/div>\n\n\n\n<p class=\"has-text-align-left wp-block-paragraph\"><strong>SERCH <\/strong>es un cantante y guitarrista de <strong>Madrid<\/strong> que presenta <strong><em>\u201cRocroi\u201d<\/em><\/strong>, su segundo disco, despu\u00e9s de <strong><em>\u201cCaprichos\u201d<\/em><\/strong>.<\/p>\n\n\n\n<p class=\"has-text-align-left wp-block-paragraph\">Un gran disco de rock con banda: esa fue la premisa para reinventar el proyecto en solitario tras recorrer <strong>Espa\u00f1a <\/strong>guitarra en mano con su anterior trabajo. Tanto en <strong><em>\u201cRocroi\u201d<\/em><\/strong>, su nuevo \u00e1lbum, como en la propuesta en directo que nos presentar\u00e1 el pr\u00f3ximo 28 de Marzo, se reconoce la esencia que caracteriza su estilo. Pero todo ello est\u00e1 ahora arropado por un gran sonido cargado de energ\u00eda, intensidad y pegada. Desde la concepci\u00f3n inicial en la producci\u00f3n, las guitarras marcaron la direcci\u00f3n y las letras elevan a\u00fan m\u00e1s el resultado que, sin duda, sobrepasa las expectativas iniciales del artista y aspira a llegar m\u00e1s a\u00fan a su p\u00fablico.<\/p>\n\n\n\n<p class=\"has-text-align-right wp-block-paragraph\"><em><a href=\"https:\/\/www.instagram.com\/serchdominguezmusic\/\">Sigue a <\/a><\/em><strong><a href=\"https:\/\/www.instagram.com\/serchdominguezmusic\/\">SERCH<\/a><\/strong><em><a href=\"https:\/\/www.instagram.com\/serchdominguezmusic\/\"> in <\/a><\/em><strong><a href=\"https:\/\/www.instagram.com\/serchdominguezmusic\/\">Instagram<\/a><\/strong><\/p>\n\n\n\n<p class=\"has-text-align-left wp-block-paragraph\"><strong>BLINDUCK<\/strong> son los patos para los amigos: una banda joven de <strong>Madrid<\/strong> que mezcla indie rock con una energ\u00eda contagiosa. Ellos dicen que se suben a los escenarios para que el p\u00fablico cante, baile y lo pase en grande.<\/p>\n\n\n\n<p class=\"has-text-align-right wp-block-paragraph\"><em><a href=\"https:\/\/www.instagram.com\/theblinduck\/\">Sigue a <\/a><\/em><strong><a href=\"https:\/\/www.instagram.com\/theblinduck\/\">BLINDUCK<\/a><\/strong><em><a href=\"https:\/\/www.instagram.com\/theblinduck\/\"> in <\/a><\/em><strong><a href=\"https:\/\/www.instagram.com\/theblinduck\/\">Instagram<\/a><\/strong><\/p>\n<\/div>\n<\/div>\n\n\n\n<div style=\"height:100px\" aria-hidden=\"true\" class=\"wp-block-spacer\"><\/div>\n\n\n\n<hr class=\"wp-block-separator has-alpha-channel-opacity\"\/>\n\n\n\n<div style=\"height:100px\" aria-hidden=\"true\" class=\"wp-block-spacer\"><\/div>\n\n\n<h2 class=\"tribe-block__related-events__title\">Related Events<\/h2>\n\n<ul  class=\"tribe-related-events tribe-clearfix\" >\n\t\t\t<li>\n\t\n<div class=\"tribe-related-events-thumbnail\">\n\t<a href=\"https:\/\/cafelapalma.com\/en\/programacion\/funkin-donuts\/\" class=\"url\" rel=\"bookmark\" tabindex=\"-1\" aria-hidden=\"true\"><img loading=\"lazy\" decoding=\"async\" width=\"693\" height=\"1040\" src=\"https:\/\/cafelapalma.com\/wp-content\/uploads\/2026\/07\/FD-vert2-bn-693x1040.jpg\" class=\"attachment-large size-large wp-post-image\" alt=\"\" \/><\/a>\n<\/div>\n\t<div class=\"tribe-related-event-info\">\n\t<h3 class=\"tribe-related-events-title\">\n\t\t<a href=\"https:\/\/cafelapalma.com\/en\/programacion\/funkin-donuts\/\" class=\"tribe-event-url\" rel=\"bookmark\">\n\t\t\tFUNKIN&#8217; DONUTS\t\t<\/a>\n\t<\/h3>\n\t<span class=\"tribe-event-date-start\">5  September@22:00<\/span><span class=\"tribe-event-time\">23:45<\/span><\/div>\n<\/li>\n\t\t\t<li>\n\t\n<div class=\"tribe-related-events-thumbnail\">\n\t<a href=\"https:\/\/cafelapalma.com\/en\/programacion\/backstage-le-petit-truffle-mayo\/\" class=\"url\" rel=\"bookmark\" tabindex=\"-1\" aria-hidden=\"true\"><img loading=\"lazy\" decoding=\"async\" width=\"780\" height=\"1040\" src=\"https:\/\/cafelapalma.com\/wp-content\/uploads\/2026\/07\/Imagen-TruffleMayo-LePetit-i-1-780x1040.png\" class=\"attachment-large size-large wp-post-image\" alt=\"\" \/><\/a>\n<\/div>\n\t<div class=\"tribe-related-event-info\">\n\t<h3 class=\"tribe-related-events-title\">\n\t\t<a href=\"https:\/\/cafelapalma.com\/en\/programacion\/backstage-le-petit-truffle-mayo\/\" class=\"tribe-event-url\" rel=\"bookmark\">\n\t\t\tBACKSTAGE: LE PETIT + TRUFFLE MAYO\t\t<\/a>\n\t<\/h3>\n\t<span class=\"tribe-event-date-start\">5  September@23:55<\/span><\/div>\n<\/li>\n\t\t\t<li>\n\t\n<div class=\"tribe-related-events-thumbnail\">\n\t<a href=\"https:\/\/cafelapalma.com\/en\/programacion\/willie-deville-concierto-benefico-x-venezuela\/\" class=\"url\" rel=\"bookmark\" tabindex=\"-1\" aria-hidden=\"true\"><img loading=\"lazy\" decoding=\"async\" width=\"1020\" height=\"531\" src=\"https:\/\/cafelapalma.com\/wp-content\/uploads\/2026\/08\/Willie-deville-1100x572-1-1040x541.jpg\" class=\"attachment-large size-large wp-post-image\" alt=\"\" \/><\/a>\n<\/div>\n\t<div class=\"tribe-related-event-info\">\n\t<h3 class=\"tribe-related-events-title\">\n\t\t<a href=\"https:\/\/cafelapalma.com\/en\/programacion\/willie-deville-concierto-benefico-x-venezuela\/\" class=\"tribe-event-url\" rel=\"bookmark\">\n\t\t\tWILLIE DEVILLE: CONCIERTO BEN\u00c9FICO X VENEZUELA\t\t<\/a>\n\t<\/h3>\n\t<span class=\"tribe-event-date-start\">6  September@21:00<\/span><span class=\"tribe-event-time\">23:45<\/span><\/div>\n<\/li>\n\t<\/ul>","protected":false},"excerpt":{"rendered":"<p>SERCH es un cantante y guitarrista de Madrid que presenta \u201cRocroi\u201d, su segundo disco, despu\u00e9s de \u201cCaprichos\u201d. Un gran disco de rock con banda: esa fue la premisa para reinventar el proyecto en solitario tras recorrer Espa\u00f1a guitarra en mano con su anterior trabajo. Tanto en \u201cRocroi\u201d, su nuevo \u00e1lbum, como en la propuesta en &hellip; <\/p>","protected":false},"author":2,"featured_media":30329,"template":"","meta":{"_tec_requires_first_save":false,"_uag_custom_page_level_css":"","loftloader_page_shortcode":"","_EventAllDay":false,"_EventTimezone":"Europe\/Madrid","_EventStartDate":"2025-03-28 21:30:00","_EventEndDate":"2025-03-28 23:45:00","_EventStartDateUTC":"2025-03-28 20:30:00","_EventEndDateUTC":"2025-03-28 22:45:00","_EventShowMap":false,"_EventShowMapLink":false,"_EventURL":"https:\/\/www.passline.com\/eventos\/serch-blinduck","_EventCost":"12","_EventCostDescription":"","_EventCurrencySymbol":"\u20ac","_EventCurrencyCode":"USD","_EventCurrencyPosition":"suffix","_EventDateTimeSeparator":"@","_EventTimeRangeSeparator":"-","_EventOrganizerID":[],"_EventVenueID":[],"_OrganizerEmail":"","_OrganizerPhone":"","_OrganizerWebsite":"","_VenueAddress":"","_VenueCity":"","_VenueCountry":"","_VenueProvince":"","_VenueState":"","_VenueZip":"","_VenuePhone":"","_VenueURL":"","_VenueStateProvince":"","_VenueLat":"","_VenueLng":"","_VenueShowMap":false,"_VenueShowMapLink":false,"_tribe_blocks_recurrence_rules":"","_tribe_blocks_recurrence_description":"","_tribe_blocks_recurrence_exclusions":"","_ecp_custom_2":"","_tribe_events_status":"","_tribe_events_status_reason":"","_tribe_events_is_hybrid":"","_tribe_events_is_virtual":"","_tribe_events_virtual_video_source":"","_tribe_events_virtual_embed_video":"","_tribe_events_virtual_linked_button_text":"","_tribe_events_virtual_linked_button":"","_tribe_events_virtual_show_embed_at":"","_tribe_events_virtual_show_embed_to":[],"_tribe_events_virtual_show_on_event":"","_tribe_events_virtual_show_on_views":"","_tribe_events_virtual_url":"","footnotes":""},"tags":[1363,8869,16831,2865,9147,9146,8970,1355,1354,16830,16828,16829],"tribe_events_cat":[8963],"class_list":["post-30327","tribe_events","type-tribe_events","status-publish","has-post-thumbnail","hentry","tag-cafe-la-palma","tag-cafe-la-palma-2","tag-caprichos","tag-conciertos-cafe-la-palma","tag-conciertos-madrid","tag-conciertos-malasana","tag-indie","tag-pop","tag-rock","tag-rocroi","tag-serch","tag-the-blind-duck","tribe_events_cat-concierto","cat_concierto"],"uagb_featured_image_src":{"full":["https:\/\/cafelapalma.com\/wp-content\/uploads\/2025\/01\/SERCH-PIC.jpg",383,767,false],"thumbnail":["https:\/\/cafelapalma.com\/wp-content\/uploads\/2025\/01\/SERCH-PIC-150x150.jpg",150,150,true],"medium":["https:\/\/cafelapalma.com\/wp-content\/uploads\/2025\/01\/SERCH-PIC-150x300.jpg",150,300,true],"medium_large":["https:\/\/cafelapalma.com\/wp-content\/uploads\/2025\/01\/SERCH-PIC.jpg",383,767,false],"large":["https:\/\/cafelapalma.com\/wp-content\/uploads\/2025\/01\/SERCH-PIC.jpg",383,767,false],"1536x1536":["https:\/\/cafelapalma.com\/wp-content\/uploads\/2025\/01\/SERCH-PIC.jpg",383,767,false],"2048x2048":["https:\/\/cafelapalma.com\/wp-content\/uploads\/2025\/01\/SERCH-PIC.jpg",383,767,false],"trp-custom-language-flag":["https:\/\/cafelapalma.com\/wp-content\/uploads\/2025\/01\/SERCH-PIC.jpg",6,12,false],"blossom-feminine-slider":["https:\/\/cafelapalma.com\/wp-content\/uploads\/2025\/01\/SERCH-PIC-383x649.jpg",383,649,true],"blossom-feminine-featured":["https:\/\/cafelapalma.com\/wp-content\/uploads\/2025\/01\/SERCH-PIC-383x600.jpg",383,600,true],"blossom-feminine-with-sidebar":["https:\/\/cafelapalma.com\/wp-content\/uploads\/2025\/01\/SERCH-PIC-383x600.jpg",383,600,true],"blossom-feminine-blog":["https:\/\/cafelapalma.com\/wp-content\/uploads\/2025\/01\/SERCH-PIC-383x435.jpg",383,435,true],"blossom-feminine-cat":["https:\/\/cafelapalma.com\/wp-content\/uploads\/2025\/01\/SERCH-PIC-383x300.jpg",383,300,true],"blossom-feminine-related":["https:\/\/cafelapalma.com\/wp-content\/uploads\/2025\/01\/SERCH-PIC-320x200.jpg",320,200,true],"blossom-feminine-schema":["https:\/\/cafelapalma.com\/wp-content\/uploads\/2025\/01\/SERCH-PIC-30x60.jpg",30,60,true]},"uagb_author_info":{"display_name":"Victor","author_link":"https:\/\/cafelapalma.com\/en\/author\/comunicacion\/"},"uagb_comment_info":0,"uagb_excerpt":"SERCH es un cantante y guitarrista de Madrid que presenta \u201cRocroi\u201d, su segundo disco, despu\u00e9s de \u201cCaprichos\u201d. Un gran disco de rock con banda: esa fue la premisa para reinventar el proyecto en solitario tras recorrer Espa\u00f1a guitarra en mano con su anterior trabajo. Tanto en \u201cRocroi\u201d, su nuevo \u00e1lbum, como en la propuesta en&hellip;","_links":{"self":[{"href":"https:\/\/cafelapalma.com\/en\/wp-json\/wp\/v2\/tribe_events\/30327","targetHints":{"allow":["GET"]}}],"collection":[{"href":"https:\/\/cafelapalma.com\/en\/wp-json\/wp\/v2\/tribe_events"}],"about":[{"href":"https:\/\/cafelapalma.com\/en\/wp-json\/wp\/v2\/types\/tribe_events"}],"author":[{"embeddable":true,"href":"https:\/\/cafelapalma.com\/en\/wp-json\/wp\/v2\/users\/2"}],"version-history":[{"count":0,"href":"https:\/\/cafelapalma.com\/en\/wp-json\/wp\/v2\/tribe_events\/30327\/revisions"}],"wp:featuredmedia":[{"embeddable":true,"href":"https:\/\/cafelapalma.com\/en\/wp-json\/wp\/v2\/media\/30329"}],"wp:attachment":[{"href":"https:\/\/cafelapalma.com\/en\/wp-json\/wp\/v2\/media?parent=30327"}],"wp:term":[{"taxonomy":"post_tag","embeddable":true,"href":"https:\/\/cafelapalma.com\/en\/wp-json\/wp\/v2\/tags?post=30327"},{"taxonomy":"tribe_events_cat","embeddable":true,"href":"https:\/\/cafelapalma.com\/en\/wp-json\/wp\/v2\/tribe_events_cat?post=30327"}],"curies":[{"name":"wp","href":"https:\/\/api.w.org\/{rel}","templated":true}]}}