{"id":30353,"date":"2025-01-13T16:55:11","date_gmt":"2025-01-13T15:55:11","guid":{"rendered":"https:\/\/cafelapalma.com\/?post_type=tribe_events&#038;p=30353"},"modified":"2025-02-19T17:36:11","modified_gmt":"2025-02-19T16:36:11","slug":"microdosis-opening-season","status":"publish","type":"tribe_events","link":"https:\/\/cafelapalma.com\/en\/programacion\/microdosis-opening-season\/","title":{"rendered":"UNSUI + STEVEN WESTON + SUE:ANN + PALLADIAN"},"content":{"rendered":"<div  class=\"tribe-events-schedule tribe-clearfix\" >\n\t<p class=\"tribe-events-schedule__datetime\">\n\t\t<span class=\"tribe-events-schedule__date tribe-events-schedule__date--start\">\n\t\t\t20  February  2025\t\t<\/span>\n\n\t\t\t\t\t<span class=\"tribe-events-schedule__separator tribe-events-schedule__separator--date\">\n\t\t\t\t@\t\t\t<\/span>\n\t\t\t<span class=\"tribe-events-schedule__time tribe-events-schedule__time--start\">\n\t\t\t\t21:30\t\t\t<\/span>\n\t\t\n\t\t\t\t\t\t\t\t\t<span class=\"tribe-events-schedule__separator tribe-events-schedule__separator--time\">\n\t\t\t\t\t&#8211;\t\t\t\t<\/span>\n\t\t\t\n\t\t\t\t\t\t\t<span class=\"tribe-events-schedule__time tribe-events-schedule__time--end\">\n\t\t\t\t\t23:55\t\t\t\t<\/span>\n\t\t\t\n\t\t\t\t\t\t<\/p>\n<\/div>\n\n\n<div  class=\"tribe-block tribe-block__event-price\" >\n\t\t\t<span class=\"tribe-block__event-price__cost\"> 12\u20ac <\/span>\n\t\t\t\t<span class=\"tribe-block__event-price__description\">Anticipada | 15\u20ac Taquilla<\/span>\n\t<\/div>\n\n\n\n<div style=\"height:100px\" aria-hidden=\"true\" class=\"wp-block-spacer\"><\/div>\n\n\n\n<div class=\"wp-block-columns is-layout-flex wp-container-core-columns-is-layout-8f761849 wp-block-columns-is-layout-flex\">\n<div class=\"wp-block-column is-layout-flow wp-block-column-is-layout-flow\" style=\"flex-basis:33.33%\">\n<figure class=\"wp-block-image size-large\"><img loading=\"lazy\" decoding=\"async\" width=\"735\" height=\"1040\" src=\"https:\/\/cafelapalma.com\/wp-content\/uploads\/2025\/01\/UNSUI-A3-LOW-735x1040.jpg\" alt=\"\" class=\"wp-image-30354\" srcset=\"https:\/\/cafelapalma.com\/wp-content\/uploads\/2025\/01\/UNSUI-A3-LOW-735x1040.jpg 735w, https:\/\/cafelapalma.com\/wp-content\/uploads\/2025\/01\/UNSUI-A3-LOW-212x300.jpg 212w, https:\/\/cafelapalma.com\/wp-content\/uploads\/2025\/01\/UNSUI-A3-LOW-768x1086.jpg 768w, https:\/\/cafelapalma.com\/wp-content\/uploads\/2025\/01\/UNSUI-A3-LOW-1086x1536.jpg 1086w, https:\/\/cafelapalma.com\/wp-content\/uploads\/2025\/01\/UNSUI-A3-LOW-42x60.jpg 42w, https:\/\/cafelapalma.com\/wp-content\/uploads\/2025\/01\/UNSUI-A3-LOW.jpg 1448w\" sizes=\"auto, (max-width: 735px) 100vw, 735px\" \/><\/figure>\n\n\n<div  class=\"tribe-block tribe-block__event-website\" >\n\t<a\n\t\thref=\"https:\/\/ra.co\/events\/2062285\"\n\t\ttarget=\"_self\"\n\t\t\t>\n\t\tBUY TICKETS\t<\/a>\n<\/div>\n<\/div>\n\n\n\n<div class=\"wp-block-column is-layout-flow wp-block-column-is-layout-flow\" style=\"flex-basis:66.66%\">\n<div style=\"height:100px\" aria-hidden=\"true\" class=\"wp-block-spacer\"><\/div>\n\n\n\n<p class=\"has-text-align-left wp-block-paragraph\"><strong>microdosis <\/strong>presenta su nuevo ciclo de primavera y lo hace en <strong>CAFE LA PALMA<\/strong> con <strong>Unsui<\/strong>. <\/p>\n\n\n\n<p class=\"has-text-align-left wp-block-paragraph\"><strong>microdosis <\/strong>contin\u00faa su proyecto de <em>support <\/em>a talentos emergentes para seguir creciendo en la industria de la m\u00fasica. En octubre del a\u00f1o pasado ya le dieron la oportunidad a <strong>Unsui <\/strong>de realizar su primer live show como <em>warm-up<\/em> de <strong>il:lo<\/strong>, oportunidad que no desaprovech\u00f3 regal\u00e1ndonos un set muy bien construido y vibrante.<\/p>\n\n\n\n<p class=\"has-text-align-left wp-block-paragraph\"> Ahora que saca su primer EP, resulta natural acompa\u00f1arle para realizar una <em>release party <\/em>como se merece. Y como en cualquier fiesta lo m\u00e1s importante es la compa\u00f1\u00eda, <strong>Unsui <\/strong>no estar\u00e1 solo. Disfrutaremos de <strong>PALLADIAN <\/strong>y sue:ann en una noche para celebrar y bailar con el colof\u00f3n de <strong>Steven Weston<\/strong> en el slot de club.<\/p>\n\n\n\n<p class=\"has-text-align-right wp-block-paragraph\"><em><a href=\"https:\/\/es.ra.co\/promoters\/140312\">Sigue a <\/a><\/em><strong><a href=\"https:\/\/es.ra.co\/promoters\/140312\">MICRODOSIS <\/a><\/strong><em><a href=\"https:\/\/es.ra.co\/promoters\/140312\">in <\/a><\/em><strong><a href=\"https:\/\/es.ra.co\/promoters\/140312\">Resident Advisor<\/a><\/strong><\/p>\n\n\n\n<p class=\"has-text-align-left wp-block-paragraph\">La estrella emergente de&nbsp;<strong>Anjunadeep<\/strong>,&nbsp;<strong>STEVEN WESTON<\/strong>, irrumpi\u00f3 en la escena de la m\u00fasica electr\u00f3nica en 2021 con su EP de debut,&nbsp;<em><strong>\u201cBlank Dust\u201d<\/strong><\/em>. Su sonido \u00fanico cautiv\u00f3 r\u00e1pidamente a la industria, cosechando el apoyo de luminarias como&nbsp;<strong>John Digweed<\/strong>,&nbsp;<strong>Jody Wisternoff<\/strong>,&nbsp;<strong>Qrion<\/strong>,&nbsp;<strong>Lane 8<\/strong>,&nbsp;<strong>Yotto<\/strong>,&nbsp;<strong>Hernan Cattaneo<\/strong>&nbsp;y&nbsp;<strong>CamelPhat<\/strong>. Incluso el legendario&nbsp;<strong>Sasha<\/strong>&nbsp;se dio cuenta y fich\u00f3 el tema&nbsp;<strong><em>\u201cLiquid\u201d&nbsp;<\/em><\/strong>de&nbsp;<strong>Steven&nbsp;<\/strong>para su prestigioso sello&nbsp;<strong>Last Night On Earth<\/strong>.<\/p>\n\n\n\n<p class=\"has-text-align-left wp-block-paragraph\">Desde entonces,&nbsp;<strong>Steven&nbsp;<\/strong>no ha dejado de prosperar, publicando una serie de evocadores EP en su propio con tres impresionantes colecciones. La trayectoria de&nbsp;<strong>Steven Weston&nbsp;<\/strong>es un testimonio de su creatividad sin l\u00edmites y su inquebrantable dedicaci\u00f3n al arte de la m\u00fasica.<\/p>\n\n\n\n<p class=\"has-text-align-left wp-block-paragraph\">La historia de&nbsp;<strong>Steven Weston&nbsp;<\/strong>es una historia de pasi\u00f3n incesante y creatividad sin l\u00edmites, un testimonio de su profundo impacto en el mundo de la m\u00fasica en constante evoluci\u00f3n.<\/p>\n\n\n\n<p class=\"has-text-align-right wp-block-paragraph\"><em><a href=\"https:\/\/soundcloud.com\/stevenweston\">Listen to&nbsp;<\/a><\/em><strong><a href=\"https:\/\/soundcloud.com\/stevenweston\">STEVEN WESTON&nbsp;<\/a><\/strong><em><a href=\"https:\/\/soundcloud.com\/stevenweston\">in&nbsp;<\/a><\/em><strong><a href=\"https:\/\/soundcloud.com\/stevenweston\">SoundCloud<\/a><\/strong><\/p>\n<\/div>\n<\/div>\n\n\n\n<div style=\"height:100px\" aria-hidden=\"true\" class=\"wp-block-spacer\"><\/div>\n\n\n\n<hr class=\"wp-block-separator has-alpha-channel-opacity\"\/>\n\n\n\n<div style=\"height:100px\" aria-hidden=\"true\" class=\"wp-block-spacer\"><\/div>\n\n\n<h2 class=\"tribe-block__related-events__title\">Related Events<\/h2>\n\n<ul  class=\"tribe-related-events tribe-clearfix\" >\n\t\t\t<li>\n\t\n<div class=\"tribe-related-events-thumbnail\">\n\t<a href=\"https:\/\/cafelapalma.com\/en\/programacion\/funkin-donuts\/\" class=\"url\" rel=\"bookmark\" tabindex=\"-1\" aria-hidden=\"true\"><img loading=\"lazy\" decoding=\"async\" width=\"693\" height=\"1040\" src=\"https:\/\/cafelapalma.com\/wp-content\/uploads\/2026\/07\/FD-vert2-bn-693x1040.jpg\" class=\"attachment-large size-large wp-post-image\" alt=\"\" \/><\/a>\n<\/div>\n\t<div class=\"tribe-related-event-info\">\n\t<h3 class=\"tribe-related-events-title\">\n\t\t<a href=\"https:\/\/cafelapalma.com\/en\/programacion\/funkin-donuts\/\" class=\"tribe-event-url\" rel=\"bookmark\">\n\t\t\tFUNKIN&#8217; DONUTS\t\t<\/a>\n\t<\/h3>\n\t<span class=\"tribe-event-date-start\">5  September@22:00<\/span><span class=\"tribe-event-time\">23:45<\/span><\/div>\n<\/li>\n\t\t\t<li>\n\t\n<div class=\"tribe-related-events-thumbnail\">\n\t<a href=\"https:\/\/cafelapalma.com\/en\/programacion\/backstage-le-petit-truffle-mayo\/\" class=\"url\" rel=\"bookmark\" tabindex=\"-1\" aria-hidden=\"true\"><img loading=\"lazy\" decoding=\"async\" width=\"780\" height=\"1040\" src=\"https:\/\/cafelapalma.com\/wp-content\/uploads\/2026\/07\/Imagen-TruffleMayo-LePetit-i-1-780x1040.png\" class=\"attachment-large size-large wp-post-image\" alt=\"\" \/><\/a>\n<\/div>\n\t<div class=\"tribe-related-event-info\">\n\t<h3 class=\"tribe-related-events-title\">\n\t\t<a href=\"https:\/\/cafelapalma.com\/en\/programacion\/backstage-le-petit-truffle-mayo\/\" class=\"tribe-event-url\" rel=\"bookmark\">\n\t\t\tBACKSTAGE: LE PETIT + TRUFFLE MAYO\t\t<\/a>\n\t<\/h3>\n\t<span class=\"tribe-event-date-start\">5  September@23:55<\/span><\/div>\n<\/li>\n\t\t\t<li>\n\t\n<div class=\"tribe-related-events-thumbnail\">\n\t<a href=\"https:\/\/cafelapalma.com\/en\/programacion\/willie-deville-concierto-benefico-x-venezuela\/\" class=\"url\" rel=\"bookmark\" tabindex=\"-1\" aria-hidden=\"true\"><img loading=\"lazy\" decoding=\"async\" width=\"1020\" height=\"531\" src=\"https:\/\/cafelapalma.com\/wp-content\/uploads\/2026\/08\/Willie-deville-1100x572-1-1040x541.jpg\" class=\"attachment-large size-large wp-post-image\" alt=\"\" \/><\/a>\n<\/div>\n\t<div class=\"tribe-related-event-info\">\n\t<h3 class=\"tribe-related-events-title\">\n\t\t<a href=\"https:\/\/cafelapalma.com\/en\/programacion\/willie-deville-concierto-benefico-x-venezuela\/\" class=\"tribe-event-url\" rel=\"bookmark\">\n\t\t\tWILLIE DEVILLE: CONCIERTO BEN\u00c9FICO X VENEZUELA\t\t<\/a>\n\t<\/h3>\n\t<span class=\"tribe-event-date-start\">6  September@21:00<\/span><span class=\"tribe-event-time\">23:45<\/span><\/div>\n<\/li>\n\t<\/ul>","protected":false},"excerpt":{"rendered":"<p>microdosis presenta su nuevo ciclo de primavera y lo hace en CAFE LA PALMA con Unsui. microdosis contin\u00faa su proyecto de support a talentos emergentes para seguir creciendo en la industria de la m\u00fasica. En octubre del a\u00f1o pasado ya le dieron la oportunidad a Unsui de realizar su primer live show como warm-up de &hellip; <\/p>","protected":false},"author":2,"featured_media":30355,"template":"","meta":{"_tec_requires_first_save":false,"_uag_custom_page_level_css":"","loftloader_page_shortcode":"","_EventAllDay":false,"_EventTimezone":"Europe\/Madrid","_EventStartDate":"2025-02-20 21:30:00","_EventEndDate":"2025-02-20 23:55:00","_EventStartDateUTC":"2025-02-20 20:30:00","_EventEndDateUTC":"2025-02-20 22:55:00","_EventShowMap":false,"_EventShowMapLink":false,"_EventURL":"https:\/\/ra.co\/events\/2062285","_EventCost":"12","_EventCostDescription":"","_EventCurrencySymbol":"\u20ac","_EventCurrencyCode":"USD","_EventCurrencyPosition":"suffix","_EventDateTimeSeparator":"@","_EventTimeRangeSeparator":"-","_EventOrganizerID":[],"_EventVenueID":[],"_OrganizerEmail":"","_OrganizerPhone":"","_OrganizerWebsite":"","_VenueAddress":"","_VenueCity":"","_VenueCountry":"","_VenueProvince":"","_VenueState":"","_VenueZip":"","_VenuePhone":"","_VenueURL":"","_VenueStateProvince":"","_VenueLat":"","_VenueLng":"","_VenueShowMap":false,"_VenueShowMapLink":false,"_tribe_blocks_recurrence_rules":"","_tribe_blocks_recurrence_description":"","_tribe_blocks_recurrence_exclusions":"","_ecp_custom_2":"","_tribe_events_status":"","_tribe_events_status_reason":"","_tribe_events_is_hybrid":"","_tribe_events_is_virtual":"","_tribe_events_virtual_video_source":"","_tribe_events_virtual_embed_video":"","_tribe_events_virtual_linked_button_text":"","_tribe_events_virtual_linked_button":"","_tribe_events_virtual_show_embed_at":"","_tribe_events_virtual_show_embed_to":[],"_tribe_events_virtual_show_on_event":"","_tribe_events_virtual_show_on_views":"","_tribe_events_virtual_url":"","footnotes":""},"tags":[1363,8869,9225,9226,9227,1357,16840,16843,16842],"tribe_events_cat":[8964],"class_list":["post-30353","tribe_events","type-tribe_events","status-publish","has-post-thumbnail","hentry","tag-cafe-la-palma","tag-cafe-la-palma-2","tag-cafe-la-palma-clubbing","tag-djs-madrid","tag-djs-malasana","tag-electronica","tag-microdosis","tag-palladian","tag-sueann","tribe_events_cat-clubbing","cat_clubbing"],"uagb_featured_image_src":{"full":["https:\/\/cafelapalma.com\/wp-content\/uploads\/2025\/01\/microdosis-front.jpg",1080,1920,false],"thumbnail":["https:\/\/cafelapalma.com\/wp-content\/uploads\/2025\/01\/microdosis-front-150x150.jpg",150,150,true],"medium":["https:\/\/cafelapalma.com\/wp-content\/uploads\/2025\/01\/microdosis-front-169x300.jpg",169,300,true],"medium_large":["https:\/\/cafelapalma.com\/wp-content\/uploads\/2025\/01\/microdosis-front-768x1365.jpg",768,1365,true],"large":["https:\/\/cafelapalma.com\/wp-content\/uploads\/2025\/01\/microdosis-front-585x1040.jpg",585,1040,true],"1536x1536":["https:\/\/cafelapalma.com\/wp-content\/uploads\/2025\/01\/microdosis-front-864x1536.jpg",864,1536,true],"2048x2048":["https:\/\/cafelapalma.com\/wp-content\/uploads\/2025\/01\/microdosis-front.jpg",1080,1920,false],"trp-custom-language-flag":["https:\/\/cafelapalma.com\/wp-content\/uploads\/2025\/01\/microdosis-front.jpg",7,12,false],"blossom-feminine-slider":["https:\/\/cafelapalma.com\/wp-content\/uploads\/2025\/01\/microdosis-front-1080x649.jpg",1080,649,true],"blossom-feminine-featured":["https:\/\/cafelapalma.com\/wp-content\/uploads\/2025\/01\/microdosis-front-1080x600.jpg",1080,600,true],"blossom-feminine-with-sidebar":["https:\/\/cafelapalma.com\/wp-content\/uploads\/2025\/01\/microdosis-front-1020x600.jpg",1020,600,true],"blossom-feminine-blog":["https:\/\/cafelapalma.com\/wp-content\/uploads\/2025\/01\/microdosis-front-435x435.jpg",435,435,true],"blossom-feminine-cat":["https:\/\/cafelapalma.com\/wp-content\/uploads\/2025\/01\/microdosis-front-450x300.jpg",450,300,true],"blossom-feminine-related":["https:\/\/cafelapalma.com\/wp-content\/uploads\/2025\/01\/microdosis-front-320x200.jpg",320,200,true],"blossom-feminine-schema":["https:\/\/cafelapalma.com\/wp-content\/uploads\/2025\/01\/microdosis-front-34x60.jpg",34,60,true]},"uagb_author_info":{"display_name":"Victor","author_link":"https:\/\/cafelapalma.com\/en\/author\/comunicacion\/"},"uagb_comment_info":0,"uagb_excerpt":"microdosis presenta su nuevo ciclo de primavera y lo hace en CAFE LA PALMA con Unsui. microdosis contin\u00faa su proyecto de support a talentos emergentes para seguir creciendo en la industria de la m\u00fasica. En octubre del a\u00f1o pasado ya le dieron la oportunidad a Unsui de realizar su primer live show como warm-up de&hellip;","_links":{"self":[{"href":"https:\/\/cafelapalma.com\/en\/wp-json\/wp\/v2\/tribe_events\/30353","targetHints":{"allow":["GET"]}}],"collection":[{"href":"https:\/\/cafelapalma.com\/en\/wp-json\/wp\/v2\/tribe_events"}],"about":[{"href":"https:\/\/cafelapalma.com\/en\/wp-json\/wp\/v2\/types\/tribe_events"}],"author":[{"embeddable":true,"href":"https:\/\/cafelapalma.com\/en\/wp-json\/wp\/v2\/users\/2"}],"version-history":[{"count":0,"href":"https:\/\/cafelapalma.com\/en\/wp-json\/wp\/v2\/tribe_events\/30353\/revisions"}],"wp:featuredmedia":[{"embeddable":true,"href":"https:\/\/cafelapalma.com\/en\/wp-json\/wp\/v2\/media\/30355"}],"wp:attachment":[{"href":"https:\/\/cafelapalma.com\/en\/wp-json\/wp\/v2\/media?parent=30353"}],"wp:term":[{"taxonomy":"post_tag","embeddable":true,"href":"https:\/\/cafelapalma.com\/en\/wp-json\/wp\/v2\/tags?post=30353"},{"taxonomy":"tribe_events_cat","embeddable":true,"href":"https:\/\/cafelapalma.com\/en\/wp-json\/wp\/v2\/tribe_events_cat?post=30353"}],"curies":[{"name":"wp","href":"https:\/\/api.w.org\/{rel}","templated":true}]}}