{"id":30418,"date":"2025-01-23T12:50:02","date_gmt":"2025-01-23T11:50:02","guid":{"rendered":"https:\/\/cafelapalma.com\/?post_type=tribe_events&#038;p=30418"},"modified":"2025-03-12T13:50:11","modified_gmt":"2025-03-12T12:50:11","slug":"jeyson-sherlock-delasenda-manifes-tour","status":"publish","type":"tribe_events","link":"https:\/\/cafelapalma.com\/en\/programacion\/jeyson-sherlock-delasenda-manifes-tour\/","title":{"rendered":"JEYSON SHERLOCK + DELASENDA"},"content":{"rendered":"<div  class=\"tribe-events-schedule tribe-clearfix\" >\n\t<p class=\"tribe-events-schedule__datetime\">\n\t\t<span class=\"tribe-events-schedule__date tribe-events-schedule__date--start\">\n\t\t\t19  April  2025\t\t<\/span>\n\n\t\t\t\t\t<span class=\"tribe-events-schedule__separator tribe-events-schedule__separator--date\">\n\t\t\t\t@\t\t\t<\/span>\n\t\t\t<span class=\"tribe-events-schedule__time tribe-events-schedule__time--start\">\n\t\t\t\t21:30\t\t\t<\/span>\n\t\t\n\t\t\t\t\t\t\t\t\t<span class=\"tribe-events-schedule__separator tribe-events-schedule__separator--time\">\n\t\t\t\t\t&#8211;\t\t\t\t<\/span>\n\t\t\t\n\t\t\t\t\t\t\t<span class=\"tribe-events-schedule__time tribe-events-schedule__time--end\">\n\t\t\t\t\t23:45\t\t\t\t<\/span>\n\t\t\t\n\t\t\t\t\t\t<\/p>\n<\/div>\n\n\n<div  class=\"tribe-block tribe-block__event-price\" >\n\t\t\t<span class=\"tribe-block__event-price__cost\"> 14\u20ac <\/span>\n\t\t\t\t<span class=\"tribe-block__event-price__description\">+ gg Anticipada | 16\u20ac Taquilla<\/span>\n\t<\/div>\n\n\n\n<div style=\"height:100px\" aria-hidden=\"true\" class=\"wp-block-spacer\"><\/div>\n\n\n\n<div class=\"wp-block-columns is-layout-flex wp-container-core-columns-is-layout-8f761849 wp-block-columns-is-layout-flex\">\n<div class=\"wp-block-column is-layout-flow wp-block-column-is-layout-flow\" style=\"flex-basis:33.33%\">\n<figure class=\"wp-block-image size-large\"><img loading=\"lazy\" decoding=\"async\" width=\"735\" height=\"1040\" src=\"https:\/\/cafelapalma.com\/wp-content\/uploads\/2025\/01\/JEY-SHERLOCK-A3-1-COPY-1-735x1040.jpg\" alt=\"\" class=\"wp-image-30784\" srcset=\"https:\/\/cafelapalma.com\/wp-content\/uploads\/2025\/01\/JEY-SHERLOCK-A3-1-COPY-1-735x1040.jpg 735w, https:\/\/cafelapalma.com\/wp-content\/uploads\/2025\/01\/JEY-SHERLOCK-A3-1-COPY-1-212x300.jpg 212w, https:\/\/cafelapalma.com\/wp-content\/uploads\/2025\/01\/JEY-SHERLOCK-A3-1-COPY-1-768x1086.jpg 768w, https:\/\/cafelapalma.com\/wp-content\/uploads\/2025\/01\/JEY-SHERLOCK-A3-1-COPY-1-1086x1536.jpg 1086w, https:\/\/cafelapalma.com\/wp-content\/uploads\/2025\/01\/JEY-SHERLOCK-A3-1-COPY-1-42x60.jpg 42w, https:\/\/cafelapalma.com\/wp-content\/uploads\/2025\/01\/JEY-SHERLOCK-A3-1-COPY-1.jpg 1414w\" sizes=\"auto, (max-width: 735px) 100vw, 735px\" \/><\/figure>\n\n\n<div  class=\"tribe-block tribe-block__event-website\" >\n\t<a\n\t\thref=\"https:\/\/www.passline.com\/eventos\/jeyson-sherlock-manifes-tour-madrid\"\n\t\ttarget=\"_self\"\n\t\t\t>\n\t\tBUY TICKETS\t<\/a>\n<\/div>\n<\/div>\n\n\n\n<div class=\"wp-block-column is-layout-flow wp-block-column-is-layout-flow\" style=\"flex-basis:66.66%\">\n<p class=\"has-text-align-left wp-block-paragraph\"><strong>JEYSON SHERLOCK <\/strong>es un cantautor colombo-espa\u00f1ol radicado en <strong>Galicia <\/strong>que inici\u00f3 su carrera musical a los 8 a\u00f1os, escribiendo sus primeras letras y vendiendo su primera composici\u00f3n a los 12. Su m\u00fasica y videoclips han alcanzado reconocimiento nacional e internacional, siendo transmitidos en importantes medios como <strong>SOL M\u00fasica<\/strong>, <strong>40 Principales<\/strong>, <strong>MTV Latam<\/strong>, <strong>Caracol<\/strong>, <strong>HTV<\/strong>, entre otros, consolidando su presencia tanto en <strong>Colombia <\/strong>como en el extranjero.<\/p>\n\n\n\n<p class=\"has-text-align-left wp-block-paragraph\">En <strong>Europa<\/strong>, su trabajo ha destacado en pa\u00edses como <strong>Alemania <\/strong>y <strong>Suiza<\/strong>, donde incluso su \u00fanica canci\u00f3n en ingl\u00e9s logr\u00f3 difusi\u00f3n en medios no hispanohablantes. En <strong>Espa\u00f1a<\/strong>, ha participado en diversos cert\u00e1menes y colaborado con destacados artistas, compartiendo escenario con figuras como <strong>Alaska<\/strong>, <strong>Barei<\/strong> o la mism\u00edsima <strong>Gloria Estefan<\/strong>.<\/p>\n\n\n\n<p class=\"has-text-align-left wp-block-paragraph\">El <strong><em>\u201cManifesTour\u201d <\/em><\/strong>arranca en <strong>Madrid<\/strong>, <strong>Espa\u00f1a<\/strong>, con un concierto \u00fanico en <strong>CAFE LA PALMA<\/strong>, donde <strong>Jey <\/strong>presentar\u00e1 en vivo las 13 canciones de su tercer \u00e1lbum de estudio, <strong><em>\u201cBit\u00e1cora Astral\u201d<\/em><\/strong>. Su canci\u00f3n principal, <strong><em>\u201cFeliz\u201d<\/em><\/strong>, supera el mill\u00f3n de reproducciones en <strong>Spotify<\/strong>. Con un estilo \u00fanico que combina canto, baile y una conexi\u00f3n aut\u00e9ntica con su p\u00fablico, Jey promete una presentaci\u00f3n inolvidable que llevar\u00e1 a los asistentes a un viaje emocional y espiritual lleno de energ\u00eda y transformaci\u00f3n.<\/p>\n\n\n\n<p class=\"has-text-align-right wp-block-paragraph\"><em><a href=\"https:\/\/open.spotify.com\/intl-es\/artist\/5Uv5SsurQP6jHWmS8UL9pW?si=gbwjLFr6Q-eKYVPfNe1KBw\">Listen to <\/a><\/em><strong><a href=\"https:\/\/open.spotify.com\/intl-es\/artist\/5Uv5SsurQP6jHWmS8UL9pW?si=gbwjLFr6Q-eKYVPfNe1KBw\">JEYSON SHERLOCK<\/a><\/strong><em><a href=\"https:\/\/open.spotify.com\/intl-es\/artist\/5Uv5SsurQP6jHWmS8UL9pW?si=gbwjLFr6Q-eKYVPfNe1KBw\"> in <\/a><\/em><strong><a href=\"https:\/\/open.spotify.com\/intl-es\/artist\/5Uv5SsurQP6jHWmS8UL9pW?si=gbwjLFr6Q-eKYVPfNe1KBw\">Spotify<\/a><\/strong><\/p>\n\n\n\n<p class=\"has-text-align-left wp-block-paragraph\"><strong>DELASENDA <\/strong>es un joven nacido en un peque\u00f1o pueblo de <strong>A Coru\u00f1a<\/strong> que lleva componiendo canciones desde que tiene memoria, siempre acompa\u00f1ado de su guitarra. Inspirado por artistas como <strong>Dani Fern\u00e1ndez<\/strong> y <strong>Luis Ferc\u00e1n<\/strong>, se introduce en el pop con letras sinceras y melod\u00edas cercanas.<\/p>\n\n\n\n<p class=\"has-text-align-right wp-block-paragraph\"><em><a href=\"https:\/\/open.spotify.com\/intl-es\/artist\/4qoSZVsnc2xytFR4UAKrYK?si=ZUK78n87RKOP4LhffbGZPw\">Listen to <\/a><\/em><strong><a href=\"https:\/\/open.spotify.com\/intl-es\/artist\/4qoSZVsnc2xytFR4UAKrYK?si=ZUK78n87RKOP4LhffbGZPw\">DELASENDA <\/a><\/strong><em><a href=\"https:\/\/open.spotify.com\/intl-es\/artist\/4qoSZVsnc2xytFR4UAKrYK?si=ZUK78n87RKOP4LhffbGZPw\">in <\/a><\/em><strong><a href=\"https:\/\/open.spotify.com\/intl-es\/artist\/4qoSZVsnc2xytFR4UAKrYK?si=ZUK78n87RKOP4LhffbGZPw\">Spotify<\/a><\/strong><\/p>\n<\/div>\n<\/div>\n\n\n\n<div style=\"height:100px\" aria-hidden=\"true\" class=\"wp-block-spacer\"><\/div>\n\n\n\n<hr class=\"wp-block-separator has-alpha-channel-opacity\"\/>\n\n\n\n<div style=\"height:100px\" aria-hidden=\"true\" class=\"wp-block-spacer\"><\/div>\n\n\n<h2 class=\"tribe-block__related-events__title\">Related Events<\/h2>\n\n<ul  class=\"tribe-related-events tribe-clearfix\" >\n\t\t\t<li>\n\t\n<div class=\"tribe-related-events-thumbnail\">\n\t<a href=\"https:\/\/cafelapalma.com\/en\/programacion\/funkin-donuts\/\" class=\"url\" rel=\"bookmark\" tabindex=\"-1\" aria-hidden=\"true\"><img loading=\"lazy\" decoding=\"async\" width=\"693\" height=\"1040\" src=\"https:\/\/cafelapalma.com\/wp-content\/uploads\/2026\/07\/FD-vert2-bn-693x1040.jpg\" class=\"attachment-large size-large wp-post-image\" alt=\"\" \/><\/a>\n<\/div>\n\t<div class=\"tribe-related-event-info\">\n\t<h3 class=\"tribe-related-events-title\">\n\t\t<a href=\"https:\/\/cafelapalma.com\/en\/programacion\/funkin-donuts\/\" class=\"tribe-event-url\" rel=\"bookmark\">\n\t\t\tFUNKIN&#8217; DONUTS\t\t<\/a>\n\t<\/h3>\n\t<span class=\"tribe-event-date-start\">5  September@22:00<\/span><span class=\"tribe-event-time\">23:45<\/span><\/div>\n<\/li>\n\t\t\t<li>\n\t\n<div class=\"tribe-related-events-thumbnail\">\n\t<a href=\"https:\/\/cafelapalma.com\/en\/programacion\/backstage-le-petit-truffle-mayo\/\" class=\"url\" rel=\"bookmark\" tabindex=\"-1\" aria-hidden=\"true\"><img loading=\"lazy\" decoding=\"async\" width=\"780\" height=\"1040\" src=\"https:\/\/cafelapalma.com\/wp-content\/uploads\/2026\/07\/Imagen-TruffleMayo-LePetit-i-1-780x1040.png\" class=\"attachment-large size-large wp-post-image\" alt=\"\" \/><\/a>\n<\/div>\n\t<div class=\"tribe-related-event-info\">\n\t<h3 class=\"tribe-related-events-title\">\n\t\t<a href=\"https:\/\/cafelapalma.com\/en\/programacion\/backstage-le-petit-truffle-mayo\/\" class=\"tribe-event-url\" rel=\"bookmark\">\n\t\t\tBACKSTAGE: LE PETIT + TRUFFLE MAYO\t\t<\/a>\n\t<\/h3>\n\t<span class=\"tribe-event-date-start\">5  September@23:55<\/span><\/div>\n<\/li>\n\t\t\t<li>\n\t\n<div class=\"tribe-related-events-thumbnail\">\n\t<a href=\"https:\/\/cafelapalma.com\/en\/programacion\/willie-deville-concierto-benefico-x-venezuela\/\" class=\"url\" rel=\"bookmark\" tabindex=\"-1\" aria-hidden=\"true\"><img loading=\"lazy\" decoding=\"async\" width=\"1020\" height=\"531\" src=\"https:\/\/cafelapalma.com\/wp-content\/uploads\/2026\/08\/Willie-deville-1100x572-1-1040x541.jpg\" class=\"attachment-large size-large wp-post-image\" alt=\"\" \/><\/a>\n<\/div>\n\t<div class=\"tribe-related-event-info\">\n\t<h3 class=\"tribe-related-events-title\">\n\t\t<a href=\"https:\/\/cafelapalma.com\/en\/programacion\/willie-deville-concierto-benefico-x-venezuela\/\" class=\"tribe-event-url\" rel=\"bookmark\">\n\t\t\tWILLIE DEVILLE: CONCIERTO BEN\u00c9FICO X VENEZUELA\t\t<\/a>\n\t<\/h3>\n\t<span class=\"tribe-event-date-start\">6  September@21:00<\/span><span class=\"tribe-event-time\">23:45<\/span><\/div>\n<\/li>\n\t<\/ul>","protected":false},"excerpt":{"rendered":"<p>JEYSON SHERLOCK es un cantautor colombo-espa\u00f1ol radicado en Galicia que inici\u00f3 su carrera musical a los 8 a\u00f1os, escribiendo sus primeras letras y vendiendo su primera composici\u00f3n a los 12. Su m\u00fasica y videoclips han alcanzado reconocimiento nacional e internacional, siendo transmitidos en importantes medios como SOL M\u00fasica, 40 Principales, MTV Latam, Caracol, HTV, entre &hellip; <\/p>","protected":false},"author":2,"featured_media":30420,"template":"","meta":{"_tec_requires_first_save":false,"_uag_custom_page_level_css":"","loftloader_page_shortcode":"","_EventAllDay":false,"_EventTimezone":"Europe\/Madrid","_EventStartDate":"2025-04-19 21:30:00","_EventEndDate":"2025-04-19 23:45:00","_EventStartDateUTC":"2025-04-19 19:30:00","_EventEndDateUTC":"2025-04-19 21:45:00","_EventShowMap":false,"_EventShowMapLink":false,"_EventURL":"https:\/\/www.passline.com\/eventos\/jeyson-sherlock-manifes-tour-madrid","_EventCost":"14","_EventCostDescription":"","_EventCurrencySymbol":"\u20ac","_EventCurrencyCode":"USD","_EventCurrencyPosition":"suffix","_EventDateTimeSeparator":"@","_EventTimeRangeSeparator":"-","_EventOrganizerID":[],"_EventVenueID":[],"_OrganizerEmail":"","_OrganizerPhone":"","_OrganizerWebsite":"","_VenueAddress":"","_VenueCity":"","_VenueCountry":"","_VenueProvince":"","_VenueState":"","_VenueZip":"","_VenuePhone":"","_VenueURL":"","_VenueStateProvince":"","_VenueLat":"","_VenueLng":"","_VenueShowMap":false,"_VenueShowMapLink":false,"_tribe_blocks_recurrence_rules":"","_tribe_blocks_recurrence_description":"","_tribe_blocks_recurrence_exclusions":"","_ecp_custom_2":"","_tribe_events_status":"","_tribe_events_status_reason":"","_tribe_events_is_hybrid":"","_tribe_events_is_virtual":"","_tribe_events_virtual_video_source":"","_tribe_events_virtual_embed_video":"","_tribe_events_virtual_linked_button_text":"","_tribe_events_virtual_linked_button":"","_tribe_events_virtual_show_embed_at":"","_tribe_events_virtual_show_embed_to":[],"_tribe_events_virtual_show_on_event":"","_tribe_events_virtual_show_on_views":"","_tribe_events_virtual_url":"","footnotes":""},"tags":[16893,1363,8869,13246,2865,9147,9146,14398,16891,9529,16892,1355],"tribe_events_cat":[8963],"class_list":["post-30418","tribe_events","type-tribe_events","status-publish","has-post-thumbnail","hentry","tag-bitacora-astral","tag-cafe-la-palma","tag-cafe-la-palma-2","tag-colombia","tag-conciertos-cafe-la-palma","tag-conciertos-madrid","tag-conciertos-malasana","tag-feliz","tag-jey-sherlock","tag-latin","tag-manifestour","tag-pop","tribe_events_cat-concierto","cat_concierto"],"uagb_featured_image_src":{"full":["https:\/\/cafelapalma.com\/wp-content\/uploads\/2025\/01\/JEY-SHERLOCK-PIC.jpeg",1280,1600,false],"thumbnail":["https:\/\/cafelapalma.com\/wp-content\/uploads\/2025\/01\/JEY-SHERLOCK-PIC-150x150.jpeg",150,150,true],"medium":["https:\/\/cafelapalma.com\/wp-content\/uploads\/2025\/01\/JEY-SHERLOCK-PIC-240x300.jpeg",240,300,true],"medium_large":["https:\/\/cafelapalma.com\/wp-content\/uploads\/2025\/01\/JEY-SHERLOCK-PIC-768x960.jpeg",768,960,true],"large":["https:\/\/cafelapalma.com\/wp-content\/uploads\/2025\/01\/JEY-SHERLOCK-PIC-832x1040.jpeg",832,1040,true],"1536x1536":["https:\/\/cafelapalma.com\/wp-content\/uploads\/2025\/01\/JEY-SHERLOCK-PIC-1229x1536.jpeg",1229,1536,true],"2048x2048":["https:\/\/cafelapalma.com\/wp-content\/uploads\/2025\/01\/JEY-SHERLOCK-PIC.jpeg",1280,1600,false],"trp-custom-language-flag":["https:\/\/cafelapalma.com\/wp-content\/uploads\/2025\/01\/JEY-SHERLOCK-PIC.jpeg",10,12,false],"blossom-feminine-slider":["https:\/\/cafelapalma.com\/wp-content\/uploads\/2025\/01\/JEY-SHERLOCK-PIC-1280x649.jpeg",1280,649,true],"blossom-feminine-featured":["https:\/\/cafelapalma.com\/wp-content\/uploads\/2025\/01\/JEY-SHERLOCK-PIC-1280x600.jpeg",1280,600,true],"blossom-feminine-with-sidebar":["https:\/\/cafelapalma.com\/wp-content\/uploads\/2025\/01\/JEY-SHERLOCK-PIC-1020x600.jpeg",1020,600,true],"blossom-feminine-blog":["https:\/\/cafelapalma.com\/wp-content\/uploads\/2025\/01\/JEY-SHERLOCK-PIC-435x435.jpeg",435,435,true],"blossom-feminine-cat":["https:\/\/cafelapalma.com\/wp-content\/uploads\/2025\/01\/JEY-SHERLOCK-PIC-450x300.jpeg",450,300,true],"blossom-feminine-related":["https:\/\/cafelapalma.com\/wp-content\/uploads\/2025\/01\/JEY-SHERLOCK-PIC-320x200.jpeg",320,200,true],"blossom-feminine-schema":["https:\/\/cafelapalma.com\/wp-content\/uploads\/2025\/01\/JEY-SHERLOCK-PIC-48x60.jpeg",48,60,true]},"uagb_author_info":{"display_name":"Victor","author_link":"https:\/\/cafelapalma.com\/en\/author\/comunicacion\/"},"uagb_comment_info":0,"uagb_excerpt":"JEYSON SHERLOCK es un cantautor colombo-espa\u00f1ol radicado en Galicia que inici\u00f3 su carrera musical a los 8 a\u00f1os, escribiendo sus primeras letras y vendiendo su primera composici\u00f3n a los 12. Su m\u00fasica y videoclips han alcanzado reconocimiento nacional e internacional, siendo transmitidos en importantes medios como SOL M\u00fasica, 40 Principales, MTV Latam, Caracol, HTV, entre&hellip;","_links":{"self":[{"href":"https:\/\/cafelapalma.com\/en\/wp-json\/wp\/v2\/tribe_events\/30418","targetHints":{"allow":["GET"]}}],"collection":[{"href":"https:\/\/cafelapalma.com\/en\/wp-json\/wp\/v2\/tribe_events"}],"about":[{"href":"https:\/\/cafelapalma.com\/en\/wp-json\/wp\/v2\/types\/tribe_events"}],"author":[{"embeddable":true,"href":"https:\/\/cafelapalma.com\/en\/wp-json\/wp\/v2\/users\/2"}],"version-history":[{"count":0,"href":"https:\/\/cafelapalma.com\/en\/wp-json\/wp\/v2\/tribe_events\/30418\/revisions"}],"wp:featuredmedia":[{"embeddable":true,"href":"https:\/\/cafelapalma.com\/en\/wp-json\/wp\/v2\/media\/30420"}],"wp:attachment":[{"href":"https:\/\/cafelapalma.com\/en\/wp-json\/wp\/v2\/media?parent=30418"}],"wp:term":[{"taxonomy":"post_tag","embeddable":true,"href":"https:\/\/cafelapalma.com\/en\/wp-json\/wp\/v2\/tags?post=30418"},{"taxonomy":"tribe_events_cat","embeddable":true,"href":"https:\/\/cafelapalma.com\/en\/wp-json\/wp\/v2\/tribe_events_cat?post=30418"}],"curies":[{"name":"wp","href":"https:\/\/api.w.org\/{rel}","templated":true}]}}