{"id":30476,"date":"2025-02-03T11:23:14","date_gmt":"2025-02-03T10:23:14","guid":{"rendered":"https:\/\/cafelapalma.com\/?post_type=tribe_events&#038;p=30476"},"modified":"2025-02-03T11:23:59","modified_gmt":"2025-02-03T10:23:59","slug":"4fait-gente-que-miente-marcos-nadie","status":"publish","type":"tribe_events","link":"https:\/\/cafelapalma.com\/en\/programacion\/4fait-gente-que-miente-marcos-nadie\/","title":{"rendered":"GENTE QUE MIENTE + MARCOS NADIE"},"content":{"rendered":"<div  class=\"tribe-events-schedule tribe-clearfix\" >\n\t<p class=\"tribe-events-schedule__datetime\">\n\t\t<span class=\"tribe-events-schedule__date tribe-events-schedule__date--start\">\n\t\t\t12  June  2025\t\t<\/span>\n\n\t\t\t\t\t<span class=\"tribe-events-schedule__separator tribe-events-schedule__separator--date\">\n\t\t\t\t@\t\t\t<\/span>\n\t\t\t<span class=\"tribe-events-schedule__time tribe-events-schedule__time--start\">\n\t\t\t\t21:30\t\t\t<\/span>\n\t\t\n\t\t\t\t\t\t\t\t\t<span class=\"tribe-events-schedule__separator tribe-events-schedule__separator--time\">\n\t\t\t\t\t&#8211;\t\t\t\t<\/span>\n\t\t\t\n\t\t\t\t\t\t\t<span class=\"tribe-events-schedule__time tribe-events-schedule__time--end\">\n\t\t\t\t\t23:45\t\t\t\t<\/span>\n\t\t\t\n\t\t\t\t\t\t<\/p>\n<\/div>\n\n\n<div  class=\"tribe-block tribe-block__event-price\" >\n\t\t\t<span class=\"tribe-block__event-price__cost\"> 12\u20ac <\/span>\n\t\t\t\t<span class=\"tribe-block__event-price__description\">+ gg Anticipada | 14\u20ac Taquilla<\/span>\n\t<\/div>\n\n\n\n<div style=\"height:100px\" aria-hidden=\"true\" class=\"wp-block-spacer\"><\/div>\n\n\n\n<div class=\"wp-block-columns is-layout-flex wp-container-core-columns-is-layout-8f761849 wp-block-columns-is-layout-flex\">\n<div class=\"wp-block-column is-layout-flow wp-block-column-is-layout-flow\" style=\"flex-basis:33.33%\">\n<figure class=\"wp-block-image size-large\"><img loading=\"lazy\" decoding=\"async\" width=\"736\" height=\"1040\" src=\"https:\/\/cafelapalma.com\/wp-content\/uploads\/2025\/02\/GENTE-QUEMIENTE-A3-LOW-736x1040.jpg\" alt=\"\" class=\"wp-image-30477\" srcset=\"https:\/\/cafelapalma.com\/wp-content\/uploads\/2025\/02\/GENTE-QUEMIENTE-A3-LOW-736x1040.jpg 736w, https:\/\/cafelapalma.com\/wp-content\/uploads\/2025\/02\/GENTE-QUEMIENTE-A3-LOW-212x300.jpg 212w, https:\/\/cafelapalma.com\/wp-content\/uploads\/2025\/02\/GENTE-QUEMIENTE-A3-LOW-768x1086.jpg 768w, https:\/\/cafelapalma.com\/wp-content\/uploads\/2025\/02\/GENTE-QUEMIENTE-A3-LOW-1087x1536.jpg 1087w, https:\/\/cafelapalma.com\/wp-content\/uploads\/2025\/02\/GENTE-QUEMIENTE-A3-LOW-1449x2048.jpg 1449w, https:\/\/cafelapalma.com\/wp-content\/uploads\/2025\/02\/GENTE-QUEMIENTE-A3-LOW-42x60.jpg 42w, https:\/\/cafelapalma.com\/wp-content\/uploads\/2025\/02\/GENTE-QUEMIENTE-A3-LOW.jpg 1755w\" sizes=\"auto, (max-width: 736px) 100vw, 736px\" \/><\/figure>\n\n\n<div  class=\"tribe-block tribe-block__event-website\" >\n\t<a\n\t\thref=\"https:\/\/www.passline.com\/eventos\/4fait-gente-que-miente-marcos-nadie\"\n\t\ttarget=\"_self\"\n\t\t\t>\n\t\tBUY TICKETS\t<\/a>\n<\/div>\n<\/div>\n\n\n\n<div class=\"wp-block-column is-layout-flow wp-block-column-is-layout-flow\" style=\"flex-basis:66.66%\">\n<div style=\"height:100px\" aria-hidden=\"true\" class=\"wp-block-spacer\"><\/div>\n\n\n\n<p class=\"has-text-align-left wp-block-paragraph\"><strong>GENTE QUE MIENTE<\/strong> es un grupo musical de <strong>Madrid <\/strong>formado por <strong>Paz Alberta<\/strong> y <strong>Clau<\/strong> en 2022. Explorando desde la m\u00fasica electr\u00f3nica, desarrollan un estilo que integra diferentes elementos del pop, urbano, R&amp;B y lofi; entre otros. Enfocan la composici\u00f3n y los procesos de creaci\u00f3n desde el humor y el juego. Tras la coproducci\u00f3n de su primer disco <strong><em>\u201cNormales y actuales\u201d<\/em><\/strong>, presentan\u00a0<strong><em>\u201c4FAIT\u201d<\/em><\/strong>, un disco para escuchar comiendo un sandwich mixto en una pista de esqu\u00ed a\u00a0toda\u00a0velocidad.\u00a0Con este nuevo \u00e1lbum, contin\u00faan trabajando con g\u00e9neros mixtos y explorando un\u00a0sonido m\u00e1s anal\u00f3gico.<\/p>\n\n\n\n<p class=\"has-text-align-right wp-block-paragraph\"><em><a href=\"https:\/\/open.spotify.com\/intl-es\/artist\/6YGq7BZdCfldeyD3p5gWyN?si=NHxZcUNrTLm_z-WOXzhv8Q\">Listen to <\/a><\/em><strong><a href=\"https:\/\/open.spotify.com\/intl-es\/artist\/6YGq7BZdCfldeyD3p5gWyN?si=NHxZcUNrTLm_z-WOXzhv8Q\">GENTE QUE MIENTE<\/a><\/strong><em><a href=\"https:\/\/open.spotify.com\/intl-es\/artist\/6YGq7BZdCfldeyD3p5gWyN?si=NHxZcUNrTLm_z-WOXzhv8Q\"> in <\/a><\/em><strong><a href=\"https:\/\/open.spotify.com\/intl-es\/artist\/6YGq7BZdCfldeyD3p5gWyN?si=NHxZcUNrTLm_z-WOXzhv8Q\">Spotify<\/a><\/strong><\/p>\n\n\n\n<p class=\"has-text-align-left wp-block-paragraph\"><strong>MARCOS NADI<\/strong>E es un ejercicio de intimidad, o un intento de explicaci\u00f3n, de reformular la balada, de mezclar lo anal\u00f3gico con lo electr\u00f3nico, el grito con el susurro, el sudor con\u00a0las\u00a0l\u00e1grimas. En 2023 lanza su proyecto musical <strong><em>\u201cmaqueta 1\u201d<\/em><\/strong>, al que le siguen distintos sencillos. Actualmente compagina el trabajo como productor de varios artistas emergentes con la composici\u00f3n de la m\u00fasica y espacio sonoro para diversas piezas esc\u00e9nicas, as\u00ed como otros proyectos de autor\u00eda propia que ver\u00e1n la luz pr\u00f3ximamente.\u00a0<\/p>\n\n\n\n<p class=\"has-text-align-right wp-block-paragraph\"><em><a href=\"https:\/\/open.spotify.com\/intl-es\/artist\/72pXqUujCd77IfXywJhtEP?si=YHA0PTyVSaOOisP0hqWEdw\">Listen to <\/a><\/em><strong><a href=\"https:\/\/open.spotify.com\/intl-es\/artist\/72pXqUujCd77IfXywJhtEP?si=YHA0PTyVSaOOisP0hqWEdw\">MARCOS NADIE<\/a><\/strong><em><a href=\"https:\/\/open.spotify.com\/intl-es\/artist\/72pXqUujCd77IfXywJhtEP?si=YHA0PTyVSaOOisP0hqWEdw\"> in <\/a><\/em><strong><a href=\"https:\/\/open.spotify.com\/intl-es\/artist\/72pXqUujCd77IfXywJhtEP?si=YHA0PTyVSaOOisP0hqWEdw\">Spotify<\/a><\/strong><\/p>\n<\/div>\n<\/div>\n\n\n\n<div style=\"height:100px\" aria-hidden=\"true\" class=\"wp-block-spacer\"><\/div>\n\n\n\n<hr class=\"wp-block-separator has-alpha-channel-opacity\"\/>\n\n\n\n<div style=\"height:100px\" aria-hidden=\"true\" class=\"wp-block-spacer\"><\/div>\n\n\n<h2 class=\"tribe-block__related-events__title\">Related Events<\/h2>\n\n<ul  class=\"tribe-related-events tribe-clearfix\" >\n\t\t\t<li>\n\t\n<div class=\"tribe-related-events-thumbnail\">\n\t<a href=\"https:\/\/cafelapalma.com\/en\/programacion\/funkin-donuts\/\" class=\"url\" rel=\"bookmark\" tabindex=\"-1\" aria-hidden=\"true\"><img loading=\"lazy\" decoding=\"async\" width=\"693\" height=\"1040\" src=\"https:\/\/cafelapalma.com\/wp-content\/uploads\/2026\/07\/FD-vert2-bn-693x1040.jpg\" class=\"attachment-large size-large wp-post-image\" alt=\"\" \/><\/a>\n<\/div>\n\t<div class=\"tribe-related-event-info\">\n\t<h3 class=\"tribe-related-events-title\">\n\t\t<a href=\"https:\/\/cafelapalma.com\/en\/programacion\/funkin-donuts\/\" class=\"tribe-event-url\" rel=\"bookmark\">\n\t\t\tFUNKIN&#8217; DONUTS\t\t<\/a>\n\t<\/h3>\n\t<span class=\"tribe-event-date-start\">5  September@22:00<\/span><span class=\"tribe-event-time\">23:45<\/span><\/div>\n<\/li>\n\t\t\t<li>\n\t\n<div class=\"tribe-related-events-thumbnail\">\n\t<a href=\"https:\/\/cafelapalma.com\/en\/programacion\/backstage-le-petit-truffle-mayo\/\" class=\"url\" rel=\"bookmark\" tabindex=\"-1\" aria-hidden=\"true\"><img loading=\"lazy\" decoding=\"async\" width=\"780\" height=\"1040\" src=\"https:\/\/cafelapalma.com\/wp-content\/uploads\/2026\/07\/Imagen-TruffleMayo-LePetit-i-1-780x1040.png\" class=\"attachment-large size-large wp-post-image\" alt=\"\" \/><\/a>\n<\/div>\n\t<div class=\"tribe-related-event-info\">\n\t<h3 class=\"tribe-related-events-title\">\n\t\t<a href=\"https:\/\/cafelapalma.com\/en\/programacion\/backstage-le-petit-truffle-mayo\/\" class=\"tribe-event-url\" rel=\"bookmark\">\n\t\t\tBACKSTAGE: LE PETIT + TRUFFLE MAYO\t\t<\/a>\n\t<\/h3>\n\t<span class=\"tribe-event-date-start\">5  September@23:55<\/span><\/div>\n<\/li>\n\t\t\t<li>\n\t\n<div class=\"tribe-related-events-thumbnail\">\n\t<a href=\"https:\/\/cafelapalma.com\/en\/programacion\/willie-deville-concierto-benefico-x-venezuela\/\" class=\"url\" rel=\"bookmark\" tabindex=\"-1\" aria-hidden=\"true\"><img loading=\"lazy\" decoding=\"async\" width=\"1020\" height=\"531\" src=\"https:\/\/cafelapalma.com\/wp-content\/uploads\/2026\/08\/Willie-deville-1100x572-1-1040x541.jpg\" class=\"attachment-large size-large wp-post-image\" alt=\"\" \/><\/a>\n<\/div>\n\t<div class=\"tribe-related-event-info\">\n\t<h3 class=\"tribe-related-events-title\">\n\t\t<a href=\"https:\/\/cafelapalma.com\/en\/programacion\/willie-deville-concierto-benefico-x-venezuela\/\" class=\"tribe-event-url\" rel=\"bookmark\">\n\t\t\tWILLIE DEVILLE: CONCIERTO BEN\u00c9FICO X VENEZUELA\t\t<\/a>\n\t<\/h3>\n\t<span class=\"tribe-event-date-start\">6  September@21:00<\/span><span class=\"tribe-event-time\">23:45<\/span><\/div>\n<\/li>\n\t<\/ul>","protected":false},"excerpt":{"rendered":"<p>GENTE QUE MIENTE es un grupo musical de Madrid formado por Paz Alberta y Clau en 2022. Explorando desde la m\u00fasica electr\u00f3nica, desarrollan un estilo que integra diferentes elementos del pop, urbano, R&amp;B y lofi; entre otros. Enfocan la composici\u00f3n y los procesos de creaci\u00f3n desde el humor y el juego. Tras la coproducci\u00f3n de &hellip; <\/p>","protected":false},"author":2,"featured_media":30478,"template":"","meta":{"_tec_requires_first_save":false,"_uag_custom_page_level_css":"","loftloader_page_shortcode":"","_EventAllDay":false,"_EventTimezone":"Europe\/Madrid","_EventStartDate":"2025-06-12 21:30:00","_EventEndDate":"2025-06-12 23:45:00","_EventStartDateUTC":"2025-06-12 19:30:00","_EventEndDateUTC":"2025-06-12 21:45:00","_EventShowMap":false,"_EventShowMapLink":false,"_EventURL":"https:\/\/www.passline.com\/eventos\/4fait-gente-que-miente-marcos-nadie","_EventCost":"12","_EventCostDescription":"","_EventCurrencySymbol":"\u20ac","_EventCurrencyCode":"USD","_EventCurrencyPosition":"suffix","_EventDateTimeSeparator":"@","_EventTimeRangeSeparator":"-","_EventOrganizerID":[],"_EventVenueID":[],"_OrganizerEmail":"","_OrganizerPhone":"","_OrganizerWebsite":"","_VenueAddress":"","_VenueCity":"","_VenueCountry":"","_VenueProvince":"","_VenueState":"","_VenueZip":"","_VenuePhone":"","_VenueURL":"","_VenueStateProvince":"","_VenueLat":"","_VenueLng":"","_VenueShowMap":false,"_VenueShowMapLink":false,"_tribe_blocks_recurrence_rules":"","_tribe_blocks_recurrence_description":"","_tribe_blocks_recurrence_exclusions":"","_ecp_custom_2":"","_tribe_events_status":"","_tribe_events_status_reason":"","_tribe_events_is_hybrid":"","_tribe_events_is_virtual":"","_tribe_events_virtual_video_source":"","_tribe_events_virtual_embed_video":"","_tribe_events_virtual_linked_button_text":"","_tribe_events_virtual_linked_button":"","_tribe_events_virtual_show_embed_at":"","_tribe_events_virtual_show_embed_to":[],"_tribe_events_virtual_show_on_event":"","_tribe_events_virtual_show_on_views":"","_tribe_events_virtual_url":"","footnotes":""},"tags":[16931,1363,8869,16929,2865,9147,9146,1357,16926,16930,16932,16928,1355],"tribe_events_cat":[8963],"class_list":["post-30476","tribe_events","type-tribe_events","status-publish","has-post-thumbnail","hentry","tag-4fait","tag-cafe-la-palma","tag-cafe-la-palma-2","tag-clau","tag-conciertos-cafe-la-palma","tag-conciertos-madrid","tag-conciertos-malasana","tag-electronica","tag-gente-que-miente","tag-marcos-nadie","tag-normales-y-actuales","tag-paz-alberta","tag-pop","tribe_events_cat-concierto","cat_concierto"],"uagb_featured_image_src":{"full":["https:\/\/cafelapalma.com\/wp-content\/uploads\/2025\/02\/GQMPICLOW.jpg",422,565,false],"thumbnail":["https:\/\/cafelapalma.com\/wp-content\/uploads\/2025\/02\/GQMPICLOW-150x150.jpg",150,150,true],"medium":["https:\/\/cafelapalma.com\/wp-content\/uploads\/2025\/02\/GQMPICLOW-224x300.jpg",224,300,true],"medium_large":["https:\/\/cafelapalma.com\/wp-content\/uploads\/2025\/02\/GQMPICLOW.jpg",422,565,false],"large":["https:\/\/cafelapalma.com\/wp-content\/uploads\/2025\/02\/GQMPICLOW.jpg",422,565,false],"1536x1536":["https:\/\/cafelapalma.com\/wp-content\/uploads\/2025\/02\/GQMPICLOW.jpg",422,565,false],"2048x2048":["https:\/\/cafelapalma.com\/wp-content\/uploads\/2025\/02\/GQMPICLOW.jpg",422,565,false],"trp-custom-language-flag":["https:\/\/cafelapalma.com\/wp-content\/uploads\/2025\/02\/GQMPICLOW.jpg",9,12,false],"blossom-feminine-slider":["https:\/\/cafelapalma.com\/wp-content\/uploads\/2025\/02\/GQMPICLOW.jpg",422,565,false],"blossom-feminine-featured":["https:\/\/cafelapalma.com\/wp-content\/uploads\/2025\/02\/GQMPICLOW.jpg",422,565,false],"blossom-feminine-with-sidebar":["https:\/\/cafelapalma.com\/wp-content\/uploads\/2025\/02\/GQMPICLOW.jpg",422,565,false],"blossom-feminine-blog":["https:\/\/cafelapalma.com\/wp-content\/uploads\/2025\/02\/GQMPICLOW-422x435.jpg",422,435,true],"blossom-feminine-cat":["https:\/\/cafelapalma.com\/wp-content\/uploads\/2025\/02\/GQMPICLOW-422x300.jpg",422,300,true],"blossom-feminine-related":["https:\/\/cafelapalma.com\/wp-content\/uploads\/2025\/02\/GQMPICLOW-320x200.jpg",320,200,true],"blossom-feminine-schema":["https:\/\/cafelapalma.com\/wp-content\/uploads\/2025\/02\/GQMPICLOW-45x60.jpg",45,60,true]},"uagb_author_info":{"display_name":"Victor","author_link":"https:\/\/cafelapalma.com\/en\/author\/comunicacion\/"},"uagb_comment_info":0,"uagb_excerpt":"GENTE QUE MIENTE es un grupo musical de Madrid formado por Paz Alberta y Clau en 2022. Explorando desde la m\u00fasica electr\u00f3nica, desarrollan un estilo que integra diferentes elementos del pop, urbano, R&amp;B y lofi; entre otros. Enfocan la composici\u00f3n y los procesos de creaci\u00f3n desde el humor y el juego. Tras la coproducci\u00f3n de&hellip;","_links":{"self":[{"href":"https:\/\/cafelapalma.com\/en\/wp-json\/wp\/v2\/tribe_events\/30476","targetHints":{"allow":["GET"]}}],"collection":[{"href":"https:\/\/cafelapalma.com\/en\/wp-json\/wp\/v2\/tribe_events"}],"about":[{"href":"https:\/\/cafelapalma.com\/en\/wp-json\/wp\/v2\/types\/tribe_events"}],"author":[{"embeddable":true,"href":"https:\/\/cafelapalma.com\/en\/wp-json\/wp\/v2\/users\/2"}],"version-history":[{"count":0,"href":"https:\/\/cafelapalma.com\/en\/wp-json\/wp\/v2\/tribe_events\/30476\/revisions"}],"wp:featuredmedia":[{"embeddable":true,"href":"https:\/\/cafelapalma.com\/en\/wp-json\/wp\/v2\/media\/30478"}],"wp:attachment":[{"href":"https:\/\/cafelapalma.com\/en\/wp-json\/wp\/v2\/media?parent=30476"}],"wp:term":[{"taxonomy":"post_tag","embeddable":true,"href":"https:\/\/cafelapalma.com\/en\/wp-json\/wp\/v2\/tags?post=30476"},{"taxonomy":"tribe_events_cat","embeddable":true,"href":"https:\/\/cafelapalma.com\/en\/wp-json\/wp\/v2\/tribe_events_cat?post=30476"}],"curies":[{"name":"wp","href":"https:\/\/api.w.org\/{rel}","templated":true}]}}