{"id":30540,"date":"2025-02-11T11:18:49","date_gmt":"2025-02-11T10:18:49","guid":{"rendered":"https:\/\/cafelapalma.com\/?post_type=tribe_events&#038;p=30540"},"modified":"2025-02-11T11:19:00","modified_gmt":"2025-02-11T10:19:00","slug":"nudovaca-amalia-tal-vez","status":"publish","type":"tribe_events","link":"https:\/\/cafelapalma.com\/en\/programacion\/nudovaca-amalia-tal-vez\/","title":{"rendered":"NUDOVACA + AMALIA TAL VEZ"},"content":{"rendered":"<div  class=\"tribe-events-schedule tribe-clearfix\" >\n\t<p class=\"tribe-events-schedule__datetime\">\n\t\t<span class=\"tribe-events-schedule__date tribe-events-schedule__date--start\">\n\t\t\t06  April  2025\t\t<\/span>\n\n\t\t\t\t\t<span class=\"tribe-events-schedule__separator tribe-events-schedule__separator--date\">\n\t\t\t\t@\t\t\t<\/span>\n\t\t\t<span class=\"tribe-events-schedule__time tribe-events-schedule__time--start\">\n\t\t\t\t21:00\t\t\t<\/span>\n\t\t\n\t\t\t\t\t\t\t\t\t<span class=\"tribe-events-schedule__separator tribe-events-schedule__separator--time\">\n\t\t\t\t\t&#8211;\t\t\t\t<\/span>\n\t\t\t\n\t\t\t\t\t\t\t<span class=\"tribe-events-schedule__time tribe-events-schedule__time--end\">\n\t\t\t\t\t23:15\t\t\t\t<\/span>\n\t\t\t\n\t\t\t\t\t\t<\/p>\n<\/div>\n\n\n<div  class=\"tribe-block tribe-block__event-price\" >\n\t\t\t<span class=\"tribe-block__event-price__cost\"> 10\u20ac <\/span>\n\t\t\t\t<span class=\"tribe-block__event-price__description\">+ gg Anticipada | 13\u20ac Taquilla<\/span>\n\t<\/div>\n\n\n\n<div style=\"height:100px\" aria-hidden=\"true\" class=\"wp-block-spacer\"><\/div>\n\n\n\n<div class=\"wp-block-columns is-layout-flex wp-container-core-columns-is-layout-8f761849 wp-block-columns-is-layout-flex\">\n<div class=\"wp-block-column is-layout-flow wp-block-column-is-layout-flow\" style=\"flex-basis:33.33%\">\n<figure class=\"wp-block-image size-large\"><img loading=\"lazy\" decoding=\"async\" width=\"783\" height=\"1040\" src=\"https:\/\/cafelapalma.com\/wp-content\/uploads\/2025\/02\/NUDO-AMALIA-A3-LOW-783x1040.jpg\" alt=\"\" class=\"wp-image-30541\" srcset=\"https:\/\/cafelapalma.com\/wp-content\/uploads\/2025\/02\/NUDO-AMALIA-A3-LOW-783x1040.jpg 783w, https:\/\/cafelapalma.com\/wp-content\/uploads\/2025\/02\/NUDO-AMALIA-A3-LOW-226x300.jpg 226w, https:\/\/cafelapalma.com\/wp-content\/uploads\/2025\/02\/NUDO-AMALIA-A3-LOW-768x1020.jpg 768w, https:\/\/cafelapalma.com\/wp-content\/uploads\/2025\/02\/NUDO-AMALIA-A3-LOW-45x60.jpg 45w, https:\/\/cafelapalma.com\/wp-content\/uploads\/2025\/02\/NUDO-AMALIA-A3-LOW.jpg 1080w\" sizes=\"auto, (max-width: 783px) 100vw, 783px\" \/><\/figure>\n\n\n<div  class=\"tribe-block tribe-block__event-website\" >\n\t<a\n\t\thref=\"https:\/\/www.passline.com\/eventos\/nudovaca-amalia-tal-vez\"\n\t\ttarget=\"_self\"\n\t\t\t>\n\t\tBUY TICKETS\t<\/a>\n<\/div>\n<\/div>\n\n\n\n<div class=\"wp-block-column is-layout-flow wp-block-column-is-layout-flow\" style=\"flex-basis:66.66%\">\n<p class=\"has-text-align-left wp-block-paragraph\"><strong>NUDOVACA <\/strong>es el proyecto musical emergente de <strong>Nicol\u00e1s Bordas<\/strong>. Un Pop\u00a0 con claras referencias internacionales y \u00a0de la m\u00fasica independiente de nuestro pa\u00eds. Sus canciones son honestas, melanc\u00f3licas pero bailadas. Cuenta un mont\u00f3n de cosas que, en realidad, no le han pasado, pero que la m\u00fasica le da la llave para imaginarlas y buscarles finales.\u00a0<\/p>\n\n\n\n<p class=\"has-text-align-left wp-block-paragraph\">Tras un a\u00f1o en receso despu\u00e9s de la salida del EP <strong><em>\u00abLos Amores Maricas\u00bb<\/em><\/strong>, el artista quiere empezar a contar m\u00e1s cosas buenas que malas y ha empezado con su \u00faltimo single <em><strong>\u00abPostales\u00bb<\/strong><\/em>. <strong>Nudovaca <\/strong>siempre ha buscado contar historias y hacer llegar mensajes que cree importantes, pero sobre todo, cree que la m\u00fasica est\u00e1 ah\u00ed para hacernos disfrutar sea eso bailar, llorar abrazados o hacer un pogo. Ser dulce no quita lo cr\u00edtico, y mucho menos lo divertido.<\/p>\n\n\n\n<p class=\"has-text-align-right wp-block-paragraph\"><em><a href=\"https:\/\/open.spotify.com\/intl-es\/artist\/72zqzD1S80ojN7zOBaxmHi?si=bl8K8nXrQ6CsDrYSgGKhyQ\">Listen to <\/a><\/em><strong><a href=\"https:\/\/open.spotify.com\/intl-es\/artist\/72zqzD1S80ojN7zOBaxmHi?si=bl8K8nXrQ6CsDrYSgGKhyQ\">NUDOVACA <\/a><\/strong><em><a href=\"https:\/\/open.spotify.com\/intl-es\/artist\/72zqzD1S80ojN7zOBaxmHi?si=bl8K8nXrQ6CsDrYSgGKhyQ\">in <\/a><\/em><strong><a href=\"https:\/\/open.spotify.com\/intl-es\/artist\/72zqzD1S80ojN7zOBaxmHi?si=bl8K8nXrQ6CsDrYSgGKhyQ\">Spotify<\/a><\/strong><\/p>\n\n\n\n<p class=\"has-text-align-left wp-block-paragraph\"><strong>AMALIA TAL VEZ<\/strong> es el proyecto musical de la madrile\u00f1a <strong>Amalia Pecos<\/strong>. Bajo el g\u00e9nero de pop de autor, sus canciones abarcan numerosos estilos musicales: pasando por un indie m\u00e1s \u00edntimo con guitarras ac\u00fasticas hasta un pop m\u00e1s <em>bedroom <\/em>mediante el uso de sintes y otros elementos m\u00e1s electr\u00f3nicos.<\/p>\n\n\n\n<p class=\"has-text-align-left wp-block-paragraph\"><strong>Amalia <\/strong>plasma sus vivencias personales a trav\u00e9s de unos acordes creando una realidad repleta de letras tristes, sinceras y sarc\u00e1sticas, nacidas desde la reflexi\u00f3n y la experiencia con un toque de naturalidad. Todo combinado con esas melod\u00edas pop pegadizas que se almacenan f\u00e1cilmente en nuestros cerebros, siempre apostando por esa dualidad que le representa entre lo dulce y no tan dulce. <strong><em>\u201cSi puede salir mal\u201d<\/em><\/strong> es su EP debut, que describe las ca\u00f3ticas experiencias personales de la artista, creando as\u00ed una realidad en la que cualquier joven perteneciente a esta generaci\u00f3n <em>zilennial<\/em>.<\/p>\n\n\n\n<p class=\"has-text-align-left wp-block-paragraph\">Esta vez, traer\u00e1 de nuevo a su banda al escenario junto a Jorge \u00dabeda al bajo, Andrea Adrada a las teclas, Nacho G\u00f3mez a la bater\u00eda y Emma Weil a la guitarra el\u00e9ctrica.<\/p>\n\n\n\n<p class=\"has-text-align-right wp-block-paragraph\"><em><a href=\"https:\/\/open.spotify.com\/intl-es\/artist\/5vK4kTUNQKnY6bEE9XWtUN?si=tJu6MhF2TqCxdIZWVJ0jBQ\">Listen to <\/a><\/em><strong><a href=\"https:\/\/open.spotify.com\/intl-es\/artist\/5vK4kTUNQKnY6bEE9XWtUN?si=tJu6MhF2TqCxdIZWVJ0jBQ\">AMALIA TAL VEZ<\/a><\/strong><em><a href=\"https:\/\/open.spotify.com\/intl-es\/artist\/5vK4kTUNQKnY6bEE9XWtUN?si=tJu6MhF2TqCxdIZWVJ0jBQ\"> in <\/a><\/em><strong><a href=\"https:\/\/open.spotify.com\/intl-es\/artist\/5vK4kTUNQKnY6bEE9XWtUN?si=tJu6MhF2TqCxdIZWVJ0jBQ\">Spotify<\/a><\/strong><\/p>\n<\/div>\n<\/div>\n\n\n\n<div style=\"height:100px\" aria-hidden=\"true\" class=\"wp-block-spacer\"><\/div>\n\n\n\n<hr class=\"wp-block-separator has-alpha-channel-opacity\"\/>\n\n\n\n<div style=\"height:100px\" aria-hidden=\"true\" class=\"wp-block-spacer\"><\/div>\n\n\n<h2 class=\"tribe-block__related-events__title\">Related Events<\/h2>\n\n<ul  class=\"tribe-related-events tribe-clearfix\" >\n\t\t\t<li>\n\t\n<div class=\"tribe-related-events-thumbnail\">\n\t<a href=\"https:\/\/cafelapalma.com\/en\/programacion\/funkin-donuts\/\" class=\"url\" rel=\"bookmark\" tabindex=\"-1\" aria-hidden=\"true\"><img loading=\"lazy\" decoding=\"async\" width=\"693\" height=\"1040\" src=\"https:\/\/cafelapalma.com\/wp-content\/uploads\/2026\/07\/FD-vert2-bn-693x1040.jpg\" class=\"attachment-large size-large wp-post-image\" alt=\"\" \/><\/a>\n<\/div>\n\t<div class=\"tribe-related-event-info\">\n\t<h3 class=\"tribe-related-events-title\">\n\t\t<a href=\"https:\/\/cafelapalma.com\/en\/programacion\/funkin-donuts\/\" class=\"tribe-event-url\" rel=\"bookmark\">\n\t\t\tFUNKIN&#8217; DONUTS\t\t<\/a>\n\t<\/h3>\n\t<span class=\"tribe-event-date-start\">5  September@22:00<\/span><span class=\"tribe-event-time\">23:45<\/span><\/div>\n<\/li>\n\t\t\t<li>\n\t\n<div class=\"tribe-related-events-thumbnail\">\n\t<a href=\"https:\/\/cafelapalma.com\/en\/programacion\/backstage-le-petit-truffle-mayo\/\" class=\"url\" rel=\"bookmark\" tabindex=\"-1\" aria-hidden=\"true\"><img loading=\"lazy\" decoding=\"async\" width=\"780\" height=\"1040\" src=\"https:\/\/cafelapalma.com\/wp-content\/uploads\/2026\/07\/Imagen-TruffleMayo-LePetit-i-1-780x1040.png\" class=\"attachment-large size-large wp-post-image\" alt=\"\" \/><\/a>\n<\/div>\n\t<div class=\"tribe-related-event-info\">\n\t<h3 class=\"tribe-related-events-title\">\n\t\t<a href=\"https:\/\/cafelapalma.com\/en\/programacion\/backstage-le-petit-truffle-mayo\/\" class=\"tribe-event-url\" rel=\"bookmark\">\n\t\t\tBACKSTAGE: LE PETIT + TRUFFLE MAYO\t\t<\/a>\n\t<\/h3>\n\t<span class=\"tribe-event-date-start\">5  September@23:55<\/span><\/div>\n<\/li>\n\t\t\t<li>\n\t\n<div class=\"tribe-related-events-thumbnail\">\n\t<a href=\"https:\/\/cafelapalma.com\/en\/programacion\/willie-deville-concierto-benefico-x-venezuela\/\" class=\"url\" rel=\"bookmark\" tabindex=\"-1\" aria-hidden=\"true\"><img loading=\"lazy\" decoding=\"async\" width=\"1020\" height=\"531\" src=\"https:\/\/cafelapalma.com\/wp-content\/uploads\/2026\/08\/Willie-deville-1100x572-1-1040x541.jpg\" class=\"attachment-large size-large wp-post-image\" alt=\"\" \/><\/a>\n<\/div>\n\t<div class=\"tribe-related-event-info\">\n\t<h3 class=\"tribe-related-events-title\">\n\t\t<a href=\"https:\/\/cafelapalma.com\/en\/programacion\/willie-deville-concierto-benefico-x-venezuela\/\" class=\"tribe-event-url\" rel=\"bookmark\">\n\t\t\tWILLIE DEVILLE: CONCIERTO BEN\u00c9FICO X VENEZUELA\t\t<\/a>\n\t<\/h3>\n\t<span class=\"tribe-event-date-start\">6  September@21:00<\/span><span class=\"tribe-event-time\">23:45<\/span><\/div>\n<\/li>\n\t<\/ul>","protected":false},"excerpt":{"rendered":"<p>NUDOVACA es el proyecto musical emergente de Nicol\u00e1s Bordas. Un Pop\u00a0 con claras referencias internacionales y \u00a0de la m\u00fasica independiente de nuestro pa\u00eds. Sus canciones son honestas, melanc\u00f3licas pero bailadas. Cuenta un mont\u00f3n de cosas que, en realidad, no le han pasado, pero que la m\u00fasica le da la llave para imaginarlas y buscarles finales.\u00a0 &hellip; <\/p>","protected":false},"author":2,"featured_media":30542,"template":"","meta":{"_tec_requires_first_save":false,"_uag_custom_page_level_css":"","loftloader_page_shortcode":"","_EventAllDay":false,"_EventTimezone":"Europe\/Madrid","_EventStartDate":"2025-04-06 21:00:00","_EventEndDate":"2025-04-06 23:15:00","_EventStartDateUTC":"2025-04-06 19:00:00","_EventEndDateUTC":"2025-04-06 21:15:00","_EventShowMap":false,"_EventShowMapLink":false,"_EventURL":"https:\/\/www.passline.com\/eventos\/nudovaca-amalia-tal-vez","_EventCost":"10","_EventCostDescription":"","_EventCurrencySymbol":"\u20ac","_EventCurrencyCode":"USD","_EventCurrencyPosition":"suffix","_EventDateTimeSeparator":"@","_EventTimeRangeSeparator":"-","_EventOrganizerID":[],"_EventVenueID":[],"_OrganizerEmail":"","_OrganizerPhone":"","_OrganizerWebsite":"","_VenueAddress":"","_VenueCity":"","_VenueCountry":"","_VenueProvince":"","_VenueState":"","_VenueZip":"","_VenuePhone":"","_VenueURL":"","_VenueStateProvince":"","_VenueLat":"","_VenueLng":"","_VenueShowMap":false,"_VenueShowMapLink":false,"_tribe_blocks_recurrence_rules":"","_tribe_blocks_recurrence_description":"","_tribe_blocks_recurrence_exclusions":"","_ecp_custom_2":"","_tribe_events_status":"","_tribe_events_status_reason":"","_tribe_events_is_hybrid":"","_tribe_events_is_virtual":"","_tribe_events_virtual_video_source":"","_tribe_events_virtual_embed_video":"","_tribe_events_virtual_linked_button_text":"","_tribe_events_virtual_linked_button":"","_tribe_events_virtual_show_embed_at":"","_tribe_events_virtual_show_embed_to":[],"_tribe_events_virtual_show_on_event":"","_tribe_events_virtual_show_on_views":"","_tribe_events_virtual_url":"","footnotes":""},"tags":[13694,13692,9438,1363,8869,2865,9147,9146,8970,16986,16985,16984,1355,12409,16987],"tribe_events_cat":[8963],"class_list":["post-30540","tribe_events","type-tribe_events","status-publish","has-post-thumbnail","hentry","tag-amalia-pecos","tag-amalia-tal-vez","tag-bedroom-pop","tag-cafe-la-palma","tag-cafe-la-palma-2","tag-conciertos-cafe-la-palma","tag-conciertos-madrid","tag-conciertos-malasana","tag-indie","tag-los-amores-maricas","tag-nicolas-bordas","tag-nudovaca","tag-pop","tag-postales","tag-si-puede-salir-mal","tribe_events_cat-concierto","cat_concierto"],"uagb_featured_image_src":{"full":["https:\/\/cafelapalma.com\/wp-content\/uploads\/2025\/02\/SWEAT-NUDOVACA1.1PIC-scaled.jpg",2000,3000,false],"thumbnail":["https:\/\/cafelapalma.com\/wp-content\/uploads\/2025\/02\/SWEAT-NUDOVACA1.1PIC-150x150.jpg",150,150,true],"medium":["https:\/\/cafelapalma.com\/wp-content\/uploads\/2025\/02\/SWEAT-NUDOVACA1.1PIC-200x300.jpg",200,300,true],"medium_large":["https:\/\/cafelapalma.com\/wp-content\/uploads\/2025\/02\/SWEAT-NUDOVACA1.1PIC-768x1152.jpg",768,1152,true],"large":["https:\/\/cafelapalma.com\/wp-content\/uploads\/2025\/02\/SWEAT-NUDOVACA1.1PIC-693x1040.jpg",693,1040,true],"1536x1536":["https:\/\/cafelapalma.com\/wp-content\/uploads\/2025\/02\/SWEAT-NUDOVACA1.1PIC-1024x1536.jpg",1024,1536,true],"2048x2048":["https:\/\/cafelapalma.com\/wp-content\/uploads\/2025\/02\/SWEAT-NUDOVACA1.1PIC-1365x2048.jpg",1365,2048,true],"trp-custom-language-flag":["https:\/\/cafelapalma.com\/wp-content\/uploads\/2025\/02\/SWEAT-NUDOVACA1.1PIC-scaled.jpg",8,12,false],"blossom-feminine-slider":["https:\/\/cafelapalma.com\/wp-content\/uploads\/2025\/02\/SWEAT-NUDOVACA1.1PIC-1920x649.jpg",1920,649,true],"blossom-feminine-featured":["https:\/\/cafelapalma.com\/wp-content\/uploads\/2025\/02\/SWEAT-NUDOVACA1.1PIC-1410x600.jpg",1410,600,true],"blossom-feminine-with-sidebar":["https:\/\/cafelapalma.com\/wp-content\/uploads\/2025\/02\/SWEAT-NUDOVACA1.1PIC-1020x600.jpg",1020,600,true],"blossom-feminine-blog":["https:\/\/cafelapalma.com\/wp-content\/uploads\/2025\/02\/SWEAT-NUDOVACA1.1PIC-435x435.jpg",435,435,true],"blossom-feminine-cat":["https:\/\/cafelapalma.com\/wp-content\/uploads\/2025\/02\/SWEAT-NUDOVACA1.1PIC-450x300.jpg",450,300,true],"blossom-feminine-related":["https:\/\/cafelapalma.com\/wp-content\/uploads\/2025\/02\/SWEAT-NUDOVACA1.1PIC-320x200.jpg",320,200,true],"blossom-feminine-schema":["https:\/\/cafelapalma.com\/wp-content\/uploads\/2025\/02\/SWEAT-NUDOVACA1.1PIC-40x60.jpg",40,60,true]},"uagb_author_info":{"display_name":"Victor","author_link":"https:\/\/cafelapalma.com\/en\/author\/comunicacion\/"},"uagb_comment_info":0,"uagb_excerpt":"NUDOVACA es el proyecto musical emergente de Nicol\u00e1s Bordas. Un Pop\u00a0 con claras referencias internacionales y \u00a0de la m\u00fasica independiente de nuestro pa\u00eds. Sus canciones son honestas, melanc\u00f3licas pero bailadas. Cuenta un mont\u00f3n de cosas que, en realidad, no le han pasado, pero que la m\u00fasica le da la llave para imaginarlas y buscarles finales.\u00a0&hellip;","_links":{"self":[{"href":"https:\/\/cafelapalma.com\/en\/wp-json\/wp\/v2\/tribe_events\/30540","targetHints":{"allow":["GET"]}}],"collection":[{"href":"https:\/\/cafelapalma.com\/en\/wp-json\/wp\/v2\/tribe_events"}],"about":[{"href":"https:\/\/cafelapalma.com\/en\/wp-json\/wp\/v2\/types\/tribe_events"}],"author":[{"embeddable":true,"href":"https:\/\/cafelapalma.com\/en\/wp-json\/wp\/v2\/users\/2"}],"version-history":[{"count":0,"href":"https:\/\/cafelapalma.com\/en\/wp-json\/wp\/v2\/tribe_events\/30540\/revisions"}],"wp:featuredmedia":[{"embeddable":true,"href":"https:\/\/cafelapalma.com\/en\/wp-json\/wp\/v2\/media\/30542"}],"wp:attachment":[{"href":"https:\/\/cafelapalma.com\/en\/wp-json\/wp\/v2\/media?parent=30540"}],"wp:term":[{"taxonomy":"post_tag","embeddable":true,"href":"https:\/\/cafelapalma.com\/en\/wp-json\/wp\/v2\/tags?post=30540"},{"taxonomy":"tribe_events_cat","embeddable":true,"href":"https:\/\/cafelapalma.com\/en\/wp-json\/wp\/v2\/tribe_events_cat?post=30540"}],"curies":[{"name":"wp","href":"https:\/\/api.w.org\/{rel}","templated":true}]}}