{"id":30544,"date":"2025-02-11T12:47:59","date_gmt":"2025-02-11T11:47:59","guid":{"rendered":"https:\/\/cafelapalma.com\/programacion\/bulla-vol-9-copy\/"},"modified":"2025-02-11T12:54:27","modified_gmt":"2025-02-11T11:54:27","slug":"bulla-vol-10","status":"publish","type":"tribe_events","link":"https:\/\/cafelapalma.com\/en\/programacion\/bulla-vol-10\/","title":{"rendered":"PALBER + HATER + LU-K TONI"},"content":{"rendered":"<div  class=\"tribe-events-schedule tribe-clearfix\" >\n\t<p class=\"tribe-events-schedule__datetime\">\n\t\t<span class=\"tribe-events-schedule__date tribe-events-schedule__date--start\">\n\t\t\t21  February  2025\t\t<\/span>\n\n\t\t\t\t\t<span class=\"tribe-events-schedule__separator tribe-events-schedule__separator--date\">\n\t\t\t\t@\t\t\t<\/span>\n\t\t\t<span class=\"tribe-events-schedule__time tribe-events-schedule__time--start\">\n\t\t\t\t23:50\t\t\t<\/span>\n\t\t\n\t\t\t\t\t\t\t\t\t<span class=\"tribe-events-schedule__separator tribe-events-schedule__separator--time\">\n\t\t\t\t\t&#8211;\t\t\t\t<\/span>\n\t\t\t\n\t\t\t\t\t\t\t<span class=\"tribe-events-schedule__time tribe-events-schedule__time--end\">\n\t\t\t\t\t23:55\t\t\t\t<\/span>\n\t\t\t\n\t\t\t\t\t\t<\/p>\n<\/div>\n\n\n<div  class=\"tribe-block tribe-block__event-price\" >\n\t\t\t<span class=\"tribe-block__event-price__cost\"> 10\u20ac <\/span>\n\t\t\t\t<span class=\"tribe-block__event-price__description\">+ gg Anticipada | 12\u20ac Taquilla de 00:00 a 01:30 | 13\u20ac Taquilla de 01:30 a cierre. Todos los tramos de entrada incluyen UNA CONSUMICI\u00d3N. Canjeable por DOS CERVEZAS DE BARRIL hasta las 01:30<\/span>\n\t<\/div>\n\n\n\n<div style=\"height:100px\" aria-hidden=\"true\" class=\"wp-block-spacer\"><\/div>\n\n\n\n<div class=\"wp-block-columns is-layout-flex wp-container-core-columns-is-layout-8f761849 wp-block-columns-is-layout-flex\">\n<div class=\"wp-block-column is-layout-flow wp-block-column-is-layout-flow\" style=\"flex-basis:33.33%\">\n<figure class=\"wp-block-image size-full\"><img loading=\"lazy\" decoding=\"async\" width=\"1080\" height=\"1350\" src=\"https:\/\/cafelapalma.com\/wp-content\/uploads\/2025\/02\/BULLA10.jpg\" alt=\"\" class=\"wp-image-30545\" srcset=\"https:\/\/cafelapalma.com\/wp-content\/uploads\/2025\/02\/BULLA10.jpg 1080w, https:\/\/cafelapalma.com\/wp-content\/uploads\/2025\/02\/BULLA10-240x300.jpg 240w, https:\/\/cafelapalma.com\/wp-content\/uploads\/2025\/02\/BULLA10-832x1040.jpg 832w, https:\/\/cafelapalma.com\/wp-content\/uploads\/2025\/02\/BULLA10-768x960.jpg 768w, https:\/\/cafelapalma.com\/wp-content\/uploads\/2025\/02\/BULLA10-48x60.jpg 48w\" sizes=\"auto, (max-width: 1080px) 100vw, 1080px\" \/><\/figure>\n\n\n<div  class=\"tribe-block tribe-block__event-website\" >\n\t<a\n\t\thref=\"https:\/\/www.passline.com\/eventos\/bulla-vol-10\"\n\t\ttarget=\"_self\"\n\t\t\t>\n\t\tBUY TICKETS\t<\/a>\n<\/div>\n<\/div>\n\n\n\n<div class=\"wp-block-column is-layout-flow wp-block-column-is-layout-flow\" style=\"flex-basis:66.66%\">\n<div style=\"height:100px\" aria-hidden=\"true\" class=\"wp-block-spacer\"><\/div>\n\n\n\n<p class=\"has-text-align-left wp-block-paragraph\"><strong>BULLA<\/strong>, la estrella fugaz en la programaci\u00f3n de <strong>CAFE LA PALMA<\/strong>, vuelve una vez m\u00e1s a la noche de Madrid.<\/p>\n\n\n\n<p class=\"has-text-align-left wp-block-paragraph\">La primera <strong>Bulla <\/strong>de 2025 ya est\u00e1 aqu\u00ed, el pr\u00f3ximo s\u00e1bado 21 de febrero, la d\u00e9cima edici\u00f3n de la fiesta tendr\u00e1 lugar en la casa que la alberg\u00f3 desde sus inicios all\u00e1 por 2021. <strong>PALBER <\/strong>y <strong>HATER <\/strong>son la columna vertebral de la fiesta; Djs y productores madrile\u00f1os que basan su propuesta en una delicada selecci\u00f3n de tracks en la amplia gama de texturas del House. Estos individuos comparten una curiosa forma de entender la m\u00fasica de baile y en sus pinchadas; tanto por separado como en conjunto, tratan de elaborar una experiencia construida desde la espontaneidad, la diversidad y el feel de la pista. Funk, Disco, 90s House, Tech-House y Hip house son algunos de los ingredientes principales en las sesiones de este duo. Para esta ocasi\u00f3n, <strong>LU-K TONI <\/strong>ser\u00e1 el dj invitado, que promete una sesi\u00f3n basada en tracks noventeros del universo tech y del house. <\/p>\n\n\n\n<p class=\"has-text-align-left wp-block-paragraph\">Si quieres disfrutar de <strong>Bailes \u00danicos LLenos de Actitud<\/strong>, esta es tu fiesta.<\/p>\n\n\n\n<p class=\"has-text-align-right wp-block-paragraph\"><a href=\"https:\/\/www.instagram.com\/b_u_ll_a_\/\">Sigue a <strong>BULLA <\/strong>en Instagram<\/a><\/p>\n<\/div>\n<\/div>\n\n\n\n<div style=\"height:100px\" aria-hidden=\"true\" class=\"wp-block-spacer\"><\/div>\n\n\n\n<hr class=\"wp-block-separator has-css-opacity is-style-wide\"\/>\n\n\n\n<div style=\"height:100px\" aria-hidden=\"true\" class=\"wp-block-spacer\"><\/div>\n\n\n<h2 class=\"tribe-block__related-events__title\">Related Events<\/h2>\n\n<ul  class=\"tribe-related-events tribe-clearfix\" >\n\t\t\t<li>\n\t\n<div class=\"tribe-related-events-thumbnail\">\n\t<a href=\"https:\/\/cafelapalma.com\/en\/programacion\/funkin-donuts\/\" class=\"url\" rel=\"bookmark\" tabindex=\"-1\" aria-hidden=\"true\"><img loading=\"lazy\" decoding=\"async\" width=\"693\" height=\"1040\" src=\"https:\/\/cafelapalma.com\/wp-content\/uploads\/2026\/07\/FD-vert2-bn-693x1040.jpg\" class=\"attachment-large size-large wp-post-image\" alt=\"\" \/><\/a>\n<\/div>\n\t<div class=\"tribe-related-event-info\">\n\t<h3 class=\"tribe-related-events-title\">\n\t\t<a href=\"https:\/\/cafelapalma.com\/en\/programacion\/funkin-donuts\/\" class=\"tribe-event-url\" rel=\"bookmark\">\n\t\t\tFUNKIN&#8217; DONUTS\t\t<\/a>\n\t<\/h3>\n\t<span class=\"tribe-event-date-start\">5  September@22:00<\/span><span class=\"tribe-event-time\">23:45<\/span><\/div>\n<\/li>\n\t\t\t<li>\n\t\n<div class=\"tribe-related-events-thumbnail\">\n\t<a href=\"https:\/\/cafelapalma.com\/en\/programacion\/backstage-le-petit-truffle-mayo\/\" class=\"url\" rel=\"bookmark\" tabindex=\"-1\" aria-hidden=\"true\"><img loading=\"lazy\" decoding=\"async\" width=\"780\" height=\"1040\" src=\"https:\/\/cafelapalma.com\/wp-content\/uploads\/2026\/07\/Imagen-TruffleMayo-LePetit-i-1-780x1040.png\" class=\"attachment-large size-large wp-post-image\" alt=\"\" \/><\/a>\n<\/div>\n\t<div class=\"tribe-related-event-info\">\n\t<h3 class=\"tribe-related-events-title\">\n\t\t<a href=\"https:\/\/cafelapalma.com\/en\/programacion\/backstage-le-petit-truffle-mayo\/\" class=\"tribe-event-url\" rel=\"bookmark\">\n\t\t\tBACKSTAGE: LE PETIT + TRUFFLE MAYO\t\t<\/a>\n\t<\/h3>\n\t<span class=\"tribe-event-date-start\">5  September@23:55<\/span><\/div>\n<\/li>\n\t\t\t<li>\n\t\n<div class=\"tribe-related-events-thumbnail\">\n\t<a href=\"https:\/\/cafelapalma.com\/en\/programacion\/willie-deville-concierto-benefico-x-venezuela\/\" class=\"url\" rel=\"bookmark\" tabindex=\"-1\" aria-hidden=\"true\"><img loading=\"lazy\" decoding=\"async\" width=\"1020\" height=\"531\" src=\"https:\/\/cafelapalma.com\/wp-content\/uploads\/2026\/08\/Willie-deville-1100x572-1-1040x541.jpg\" class=\"attachment-large size-large wp-post-image\" alt=\"\" \/><\/a>\n<\/div>\n\t<div class=\"tribe-related-event-info\">\n\t<h3 class=\"tribe-related-events-title\">\n\t\t<a href=\"https:\/\/cafelapalma.com\/en\/programacion\/willie-deville-concierto-benefico-x-venezuela\/\" class=\"tribe-event-url\" rel=\"bookmark\">\n\t\t\tWILLIE DEVILLE: CONCIERTO BEN\u00c9FICO X VENEZUELA\t\t<\/a>\n\t<\/h3>\n\t<span class=\"tribe-event-date-start\">6  September@21:00<\/span><span class=\"tribe-event-time\">23:45<\/span><\/div>\n<\/li>\n\t<\/ul>","protected":false},"excerpt":{"rendered":"<p>BULLA, la estrella fugaz en la programaci\u00f3n de CAFE LA PALMA, vuelve una vez m\u00e1s a la noche de Madrid. La primera Bulla de 2025 ya est\u00e1 aqu\u00ed, el pr\u00f3ximo s\u00e1bado 21 de febrero, la d\u00e9cima edici\u00f3n de la fiesta tendr\u00e1 lugar en la casa que la alberg\u00f3 desde sus inicios all\u00e1 por 2021. PALBER &hellip; <\/p>","protected":false},"author":2,"featured_media":30547,"template":"","meta":{"_tec_requires_first_save":false,"_uag_custom_page_level_css":"","loftloader_page_shortcode":"","_EventAllDay":false,"_EventTimezone":"Europe\/Madrid","_EventStartDate":"2025-02-21 23:50:00","_EventEndDate":"2025-02-21 23:55:00","_EventStartDateUTC":"2025-02-21 22:50:00","_EventEndDateUTC":"2025-02-21 22:55:00","_EventShowMap":false,"_EventShowMapLink":false,"_EventURL":"https:\/\/www.passline.com\/eventos\/bulla-vol-10","_EventCost":"10","_EventCostDescription":"","_EventCurrencySymbol":"\u20ac","_EventCurrencyCode":"","_EventCurrencyPosition":"suffix","_EventDateTimeSeparator":"@","_EventTimeRangeSeparator":"-","_EventOrganizerID":[],"_EventVenueID":[0],"_OrganizerEmail":"","_OrganizerPhone":"","_OrganizerWebsite":"","_VenueAddress":"","_VenueCity":"","_VenueCountry":"","_VenueProvince":"","_VenueState":"","_VenueZip":"","_VenuePhone":"","_VenueURL":"","_VenueStateProvince":"","_VenueLat":"","_VenueLng":"","_VenueShowMap":false,"_VenueShowMapLink":false,"_tribe_blocks_recurrence_rules":"","_tribe_blocks_recurrence_description":"","_tribe_blocks_recurrence_exclusions":"","_ecp_custom_2":"","_tribe_events_status":"","_tribe_events_status_reason":"","_tribe_events_is_hybrid":"","_tribe_events_is_virtual":"","_tribe_events_virtual_video_source":"","_tribe_events_virtual_embed_video":"","_tribe_events_virtual_linked_button_text":"","_tribe_events_virtual_linked_button":"","_tribe_events_virtual_show_embed_at":"","_tribe_events_virtual_show_embed_to":[],"_tribe_events_virtual_show_on_event":"","_tribe_events_virtual_show_on_views":"","_tribe_events_virtual_url":"","footnotes":""},"tags":[12302,10358,10465,12298,1363,9225,9557,9847,10471,9226,9227,1357,779,9305,14713,13720,2396,9309,16988,10468,9632,10176,9540],"tribe_events_cat":[8964],"class_list":["post-30544","tribe_events","type-tribe_events","status-publish","has-post-thumbnail","hentry","tag-bailes-unicos-llenos-de-actitud","tag-breaks","tag-bulla","tag-bum-motion-club","tag-cafe-la-palma","tag-cafe-la-palma-clubbing","tag-deep-house","tag-disco","tag-dj-hater","tag-djs-madrid","tag-djs-malasana","tag-electronica","tag-funk","tag-funky","tag-ghetto-house","tag-hater","tag-hip-hop","tag-house","tag-lu-k-toni","tag-palber","tag-rb","tag-sweet-palta","tag-tech-house","tribe_events_cat-clubbing","cat_clubbing"],"uagb_featured_image_src":{"full":["https:\/\/cafelapalma.com\/wp-content\/uploads\/2025\/02\/BULLA10MINIATURA-INSTA.jpg",1080,1350,false],"thumbnail":["https:\/\/cafelapalma.com\/wp-content\/uploads\/2025\/02\/BULLA10MINIATURA-INSTA-150x150.jpg",150,150,true],"medium":["https:\/\/cafelapalma.com\/wp-content\/uploads\/2025\/02\/BULLA10MINIATURA-INSTA-240x300.jpg",240,300,true],"medium_large":["https:\/\/cafelapalma.com\/wp-content\/uploads\/2025\/02\/BULLA10MINIATURA-INSTA-768x960.jpg",768,960,true],"large":["https:\/\/cafelapalma.com\/wp-content\/uploads\/2025\/02\/BULLA10MINIATURA-INSTA-832x1040.jpg",832,1040,true],"1536x1536":["https:\/\/cafelapalma.com\/wp-content\/uploads\/2025\/02\/BULLA10MINIATURA-INSTA.jpg",1080,1350,false],"2048x2048":["https:\/\/cafelapalma.com\/wp-content\/uploads\/2025\/02\/BULLA10MINIATURA-INSTA.jpg",1080,1350,false],"trp-custom-language-flag":["https:\/\/cafelapalma.com\/wp-content\/uploads\/2025\/02\/BULLA10MINIATURA-INSTA.jpg",10,12,false],"blossom-feminine-slider":["https:\/\/cafelapalma.com\/wp-content\/uploads\/2025\/02\/BULLA10MINIATURA-INSTA-1080x649.jpg",1080,649,true],"blossom-feminine-featured":["https:\/\/cafelapalma.com\/wp-content\/uploads\/2025\/02\/BULLA10MINIATURA-INSTA-1080x600.jpg",1080,600,true],"blossom-feminine-with-sidebar":["https:\/\/cafelapalma.com\/wp-content\/uploads\/2025\/02\/BULLA10MINIATURA-INSTA-1020x600.jpg",1020,600,true],"blossom-feminine-blog":["https:\/\/cafelapalma.com\/wp-content\/uploads\/2025\/02\/BULLA10MINIATURA-INSTA-435x435.jpg",435,435,true],"blossom-feminine-cat":["https:\/\/cafelapalma.com\/wp-content\/uploads\/2025\/02\/BULLA10MINIATURA-INSTA-450x300.jpg",450,300,true],"blossom-feminine-related":["https:\/\/cafelapalma.com\/wp-content\/uploads\/2025\/02\/BULLA10MINIATURA-INSTA-320x200.jpg",320,200,true],"blossom-feminine-schema":["https:\/\/cafelapalma.com\/wp-content\/uploads\/2025\/02\/BULLA10MINIATURA-INSTA-48x60.jpg",48,60,true]},"uagb_author_info":{"display_name":"Victor","author_link":"https:\/\/cafelapalma.com\/en\/author\/comunicacion\/"},"uagb_comment_info":0,"uagb_excerpt":"BULLA, la estrella fugaz en la programaci\u00f3n de CAFE LA PALMA, vuelve una vez m\u00e1s a la noche de Madrid. La primera Bulla de 2025 ya est\u00e1 aqu\u00ed, el pr\u00f3ximo s\u00e1bado 21 de febrero, la d\u00e9cima edici\u00f3n de la fiesta tendr\u00e1 lugar en la casa que la alberg\u00f3 desde sus inicios all\u00e1 por 2021. PALBER&hellip;","_links":{"self":[{"href":"https:\/\/cafelapalma.com\/en\/wp-json\/wp\/v2\/tribe_events\/30544","targetHints":{"allow":["GET"]}}],"collection":[{"href":"https:\/\/cafelapalma.com\/en\/wp-json\/wp\/v2\/tribe_events"}],"about":[{"href":"https:\/\/cafelapalma.com\/en\/wp-json\/wp\/v2\/types\/tribe_events"}],"author":[{"embeddable":true,"href":"https:\/\/cafelapalma.com\/en\/wp-json\/wp\/v2\/users\/2"}],"version-history":[{"count":0,"href":"https:\/\/cafelapalma.com\/en\/wp-json\/wp\/v2\/tribe_events\/30544\/revisions"}],"wp:featuredmedia":[{"embeddable":true,"href":"https:\/\/cafelapalma.com\/en\/wp-json\/wp\/v2\/media\/30547"}],"wp:attachment":[{"href":"https:\/\/cafelapalma.com\/en\/wp-json\/wp\/v2\/media?parent=30544"}],"wp:term":[{"taxonomy":"post_tag","embeddable":true,"href":"https:\/\/cafelapalma.com\/en\/wp-json\/wp\/v2\/tags?post=30544"},{"taxonomy":"tribe_events_cat","embeddable":true,"href":"https:\/\/cafelapalma.com\/en\/wp-json\/wp\/v2\/tribe_events_cat?post=30544"}],"curies":[{"name":"wp","href":"https:\/\/api.w.org\/{rel}","templated":true}]}}