{"id":30567,"date":"2025-02-12T11:54:10","date_gmt":"2025-02-12T10:54:10","guid":{"rendered":"https:\/\/cafelapalma.com\/?post_type=tribe_events&#038;p=30567"},"modified":"2025-02-12T11:54:30","modified_gmt":"2025-02-12T10:54:30","slug":"milana-bonita","status":"publish","type":"tribe_events","link":"https:\/\/cafelapalma.com\/en\/programacion\/milana-bonita\/","title":{"rendered":"MILANA BONITA"},"content":{"rendered":"<div  class=\"tribe-events-schedule tribe-clearfix\" >\n\t<p class=\"tribe-events-schedule__datetime\">\n\t\t<span class=\"tribe-events-schedule__date tribe-events-schedule__date--start\">\n\t\t\t27  March  2025\t\t<\/span>\n\n\t\t\t\t\t<span class=\"tribe-events-schedule__separator tribe-events-schedule__separator--date\">\n\t\t\t\t@\t\t\t<\/span>\n\t\t\t<span class=\"tribe-events-schedule__time tribe-events-schedule__time--start\">\n\t\t\t\t22:00\t\t\t<\/span>\n\t\t\n\t\t\t\t\t\t\t\t\t<span class=\"tribe-events-schedule__separator tribe-events-schedule__separator--time\">\n\t\t\t\t\t&#8211;\t\t\t\t<\/span>\n\t\t\t\n\t\t\t\t\t\t\t<span class=\"tribe-events-schedule__time tribe-events-schedule__time--end\">\n\t\t\t\t\t23:45\t\t\t\t<\/span>\n\t\t\t\n\t\t\t\t\t\t<\/p>\n<\/div>\n\n\n<div  class=\"tribe-block tribe-block__event-price\" >\n\t\t\t<span class=\"tribe-block__event-price__cost\"> 10\u20ac <\/span>\n\t\t\t\t<span class=\"tribe-block__event-price__description\">+ gg Anticipada | 12\u20ac Taquilla<\/span>\n\t<\/div>\n\n\n\n<div style=\"height:100px\" aria-hidden=\"true\" class=\"wp-block-spacer\"><\/div>\n\n\n\n<div class=\"wp-block-columns is-layout-flex wp-container-core-columns-is-layout-8f761849 wp-block-columns-is-layout-flex\">\n<div class=\"wp-block-column is-layout-flow wp-block-column-is-layout-flow\" style=\"flex-basis:33.33%\">\n<figure class=\"wp-block-image size-large\"><img loading=\"lazy\" decoding=\"async\" width=\"735\" height=\"1040\" src=\"https:\/\/cafelapalma.com\/wp-content\/uploads\/2025\/02\/MILANA-BONITA-A3-LOW-735x1040.jpg\" alt=\"\" class=\"wp-image-30568\" srcset=\"https:\/\/cafelapalma.com\/wp-content\/uploads\/2025\/02\/MILANA-BONITA-A3-LOW-735x1040.jpg 735w, https:\/\/cafelapalma.com\/wp-content\/uploads\/2025\/02\/MILANA-BONITA-A3-LOW-212x300.jpg 212w, https:\/\/cafelapalma.com\/wp-content\/uploads\/2025\/02\/MILANA-BONITA-A3-LOW-768x1086.jpg 768w, https:\/\/cafelapalma.com\/wp-content\/uploads\/2025\/02\/MILANA-BONITA-A3-LOW-1086x1536.jpg 1086w, https:\/\/cafelapalma.com\/wp-content\/uploads\/2025\/02\/MILANA-BONITA-A3-LOW-42x60.jpg 42w, https:\/\/cafelapalma.com\/wp-content\/uploads\/2025\/02\/MILANA-BONITA-A3-LOW.jpg 1414w\" sizes=\"auto, (max-width: 735px) 100vw, 735px\" \/><\/figure>\n\n\n<div  class=\"tribe-block tribe-block__event-website\" >\n\t<a\n\t\thref=\"https:\/\/www.passline.com\/eventos\/milana-bonita\"\n\t\ttarget=\"_self\"\n\t\t\t>\n\t\tBUY TICKETS\t<\/a>\n<\/div>\n<\/div>\n\n\n\n<div class=\"wp-block-column is-layout-flow wp-block-column-is-layout-flow\" style=\"flex-basis:66.66%\">\n<p class=\"wp-block-paragraph\"><\/p>\n\n\n\n<p class=\"has-text-align-left wp-block-paragraph\"><strong>MILANA BONITA<\/strong>\u00a0es una banda de indie rock nacida en <strong>Gij\u00f3n <\/strong>en 2020, formada por\u00a0<strong>Ana Bel\u00e9n Le\u00f3n<\/strong>, <strong>Diego Fern\u00e1ndez<\/strong> e <strong>Isaac Alonso<\/strong>. El grupo fusiona la experiencia de sus integrantes en diversos proyectos, desde el blues rock hasta la formaci\u00f3n cl\u00e1sica de conservatorio, canto l\u00edrico y arte dram\u00e1tico. Esta diversidad se traduce en un sonido \u00fanico y personal.<\/p>\n\n\n\n<p class=\"has-text-align-left wp-block-paragraph\">Con tres sencillos publicados (<strong><em>\u201cBusco Editorial\u201d<\/em><\/strong>, <strong><em>\u201cY t\u00fa aqu\u00ed\u201d\u00a0<\/em><\/strong>y\u00a0<strong><em>\u201cAve Tropical\u201d<\/em><\/strong>), la banda logr\u00f3 una destacada colaboraci\u00f3n en la serie de\u00a0<strong>Netflix\u00a0<em>\u201c\u00daltima Noche en Tremor\u201d<\/em><\/strong>, donde incluyeron dos de sus canciones y participaron como la banda del pub de <strong>Tremor<\/strong>.<\/p>\n\n\n\n<p class=\"has-text-align-left wp-block-paragraph\">A finales de 2024,\u00a0<strong>Milana Bonita<\/strong>\u00a0complet\u00f3 la grabaci\u00f3n de su primer disco hom\u00f3nimo,\u00a0producido entre\u00a0<strong>Asturias <\/strong>y <strong>Madrid\u00a0<\/strong>por\u00a0<strong>Mara Rubio<\/strong> y <strong>Kela Mart\u00ednez<\/strong>, de\u00a0<strong>MK Music<\/strong>. Su primer adelanto,\u00a0<strong><em>\u201cRuido\u201d<\/em><\/strong>, marc\u00f3 el inicio de una nueva etapa. El \u00e1lbum cuenta con la participaci\u00f3n de m\u00fasicos reconocidos como\u00a0<strong>Coki Jim\u00e9nez<\/strong>, <strong>Miguel Herrero<\/strong>, <strong>Adri\u00e1n Seijas<\/strong>\u00a0y el propio\u00a0<strong>Mara Rubio<\/strong>.<\/p>\n\n\n\n<p class=\"has-text-align-left wp-block-paragraph\">En este disco, la banda explora su propio\u00a0<em>Big-Bang<\/em>, con canciones que transmiten una explosi\u00f3n de energ\u00eda y abordan temas como la lucha social y la nostalgia. En febrero de 2025, lanzan su\u00a0segundo single, <strong><em>\u00abHumo\u00bb<\/em><\/strong>, con la colaboraci\u00f3n especial de\u00a0<strong>Pablo Senator<\/strong>.<\/p>\n\n\n\n<p class=\"has-text-align-right wp-block-paragraph\"><em><a href=\"https:\/\/open.spotify.com\/intl-es\/artist\/3bAGWx7mLIWdArj735j29J?si=KDo2hQzHSxaSmV51EZm3EA\">Listen to <\/a><\/em><strong><a href=\"https:\/\/open.spotify.com\/intl-es\/artist\/3bAGWx7mLIWdArj735j29J?si=KDo2hQzHSxaSmV51EZm3EA\">MILANA BONITA<\/a><\/strong><em><a href=\"https:\/\/open.spotify.com\/intl-es\/artist\/3bAGWx7mLIWdArj735j29J?si=KDo2hQzHSxaSmV51EZm3EA\"> in <\/a><\/em><strong><a href=\"https:\/\/open.spotify.com\/intl-es\/artist\/3bAGWx7mLIWdArj735j29J?si=KDo2hQzHSxaSmV51EZm3EA\">Spotify<\/a><\/strong><\/p>\n<\/div>\n<\/div>\n\n\n\n<div style=\"height:100px\" aria-hidden=\"true\" class=\"wp-block-spacer\"><\/div>\n\n\n\n<hr class=\"wp-block-separator has-alpha-channel-opacity\"\/>\n\n\n\n<div style=\"height:100px\" aria-hidden=\"true\" class=\"wp-block-spacer\"><\/div>\n\n\n<h2 class=\"tribe-block__related-events__title\">Related Events<\/h2>\n\n<ul  class=\"tribe-related-events tribe-clearfix\" >\n\t\t\t<li>\n\t\n<div class=\"tribe-related-events-thumbnail\">\n\t<a href=\"https:\/\/cafelapalma.com\/en\/programacion\/willie-deville-concierto-benefico-x-venezuela\/\" class=\"url\" rel=\"bookmark\" tabindex=\"-1\" aria-hidden=\"true\"><img loading=\"lazy\" decoding=\"async\" width=\"1020\" height=\"531\" src=\"https:\/\/cafelapalma.com\/wp-content\/uploads\/2026\/08\/Willie-deville-1100x572-1-1040x541.jpg\" class=\"attachment-large size-large wp-post-image\" alt=\"\" \/><\/a>\n<\/div>\n\t<div class=\"tribe-related-event-info\">\n\t<h3 class=\"tribe-related-events-title\">\n\t\t<a href=\"https:\/\/cafelapalma.com\/en\/programacion\/willie-deville-concierto-benefico-x-venezuela\/\" class=\"tribe-event-url\" rel=\"bookmark\">\n\t\t\tWILLIE DEVILLE: CONCIERTO BEN\u00c9FICO X VENEZUELA\t\t<\/a>\n\t<\/h3>\n\t<span class=\"tribe-event-date-start\">6  September@21:00<\/span><span class=\"tribe-event-time\">23:45<\/span><\/div>\n<\/li>\n\t\t\t<li>\n\t\n<div class=\"tribe-related-events-thumbnail\">\n\t<a href=\"https:\/\/cafelapalma.com\/en\/programacion\/new-boix\/\" class=\"url\" rel=\"bookmark\" tabindex=\"-1\" aria-hidden=\"true\"><img loading=\"lazy\" decoding=\"async\" width=\"694\" height=\"1040\" src=\"https:\/\/cafelapalma.com\/wp-content\/uploads\/2026\/05\/WhatsApp-Image-2026-04-29-at-12.00.28-694x1040.jpeg\" class=\"attachment-large size-large wp-post-image\" alt=\"\" \/><\/a>\n<\/div>\n\t<div class=\"tribe-related-event-info\">\n\t<h3 class=\"tribe-related-events-title\">\n\t\t<a href=\"https:\/\/cafelapalma.com\/en\/programacion\/new-boix\/\" class=\"tribe-event-url\" rel=\"bookmark\">\n\t\t\tNEW BOIX\t\t<\/a>\n\t<\/h3>\n\t<span class=\"tribe-event-date-start\">10  September@22:00<\/span><span class=\"tribe-event-time\">23:45<\/span><\/div>\n<\/li>\n\t\t\t<li>\n\t\n<div class=\"tribe-related-events-thumbnail\">\n\t<a href=\"https:\/\/cafelapalma.com\/en\/programacion\/eric-rohmer-seasunday\/\" class=\"url\" rel=\"bookmark\" tabindex=\"-1\" aria-hidden=\"true\"><img loading=\"lazy\" decoding=\"async\" width=\"693\" height=\"1040\" src=\"https:\/\/cafelapalma.com\/wp-content\/uploads\/2026\/07\/ERIC-ROHMER-VERTICAL-1-693x1040.jpg\" class=\"attachment-large size-large wp-post-image\" alt=\"\" \/><\/a>\n<\/div>\n\t<div class=\"tribe-related-event-info\">\n\t<h3 class=\"tribe-related-events-title\">\n\t\t<a href=\"https:\/\/cafelapalma.com\/en\/programacion\/eric-rohmer-seasunday\/\" class=\"tribe-event-url\" rel=\"bookmark\">\n\t\t\tERIC ROHMER + SEASUNDAY\t\t<\/a>\n\t<\/h3>\n\t<span class=\"tribe-event-date-start\">11  September@21:00<\/span><span class=\"tribe-event-time\">23:45<\/span><\/div>\n<\/li>\n\t<\/ul>","protected":false},"excerpt":{"rendered":"<p>MILANA BONITA\u00a0es una banda de indie rock nacida en Gij\u00f3n en 2020, formada por\u00a0Ana Bel\u00e9n Le\u00f3n, Diego Fern\u00e1ndez e Isaac Alonso. El grupo fusiona la experiencia de sus integrantes en diversos proyectos, desde el blues rock hasta la formaci\u00f3n cl\u00e1sica de conservatorio, canto l\u00edrico y arte dram\u00e1tico. Esta diversidad se traduce en un sonido \u00fanico &hellip; <\/p>","protected":false},"author":2,"featured_media":30569,"template":"","meta":{"_tec_requires_first_save":false,"_uag_custom_page_level_css":"","loftloader_page_shortcode":"","_EventAllDay":false,"_EventTimezone":"Europe\/Madrid","_EventStartDate":"2025-03-27 22:00:00","_EventEndDate":"2025-03-27 23:45:00","_EventStartDateUTC":"2025-03-27 21:00:00","_EventEndDateUTC":"2025-03-27 22:45:00","_EventShowMap":false,"_EventShowMapLink":false,"_EventURL":"https:\/\/www.passline.com\/eventos\/milana-bonita","_EventCost":"10","_EventCostDescription":"","_EventCurrencySymbol":"\u20ac","_EventCurrencyCode":"USD","_EventCurrencyPosition":"suffix","_EventDateTimeSeparator":"@","_EventTimeRangeSeparator":"-","_EventOrganizerID":[],"_EventVenueID":[],"_OrganizerEmail":"","_OrganizerPhone":"","_OrganizerWebsite":"","_VenueAddress":"","_VenueCity":"","_VenueCountry":"","_VenueProvince":"","_VenueState":"","_VenueZip":"","_VenuePhone":"","_VenueURL":"","_VenueStateProvince":"","_VenueLat":"","_VenueLng":"","_VenueShowMap":false,"_VenueShowMapLink":false,"_tribe_blocks_recurrence_rules":"","_tribe_blocks_recurrence_description":"","_tribe_blocks_recurrence_exclusions":"","_ecp_custom_2":"","_tribe_events_status":"","_tribe_events_status_reason":"","_tribe_events_is_hybrid":"","_tribe_events_is_virtual":"","_tribe_events_virtual_video_source":"","_tribe_events_virtual_embed_video":"","_tribe_events_virtual_linked_button_text":"","_tribe_events_virtual_linked_button":"","_tribe_events_virtual_show_embed_at":"","_tribe_events_virtual_show_embed_to":[],"_tribe_events_virtual_show_on_event":"","_tribe_events_virtual_show_on_views":"","_tribe_events_virtual_url":"","footnotes":""},"tags":[17006,16994,16997,1363,8869,17005,2865,9147,9146,17007,8970,16996,17002,12841,16993,17004,17000,17008,1355,9164,1354,17001,16998],"tribe_events_cat":[8963],"class_list":["post-30567","tribe_events","type-tribe_events","status-publish","has-post-thumbnail","hentry","tag-adrian-seijas","tag-ana-belen-leon","tag-busco-editorial","tag-cafe-la-palma","tag-cafe-la-palma-2","tag-coki-jimenez","tag-conciertos-cafe-la-palma","tag-conciertos-madrid","tag-conciertos-malasana","tag-humo","tag-indie","tag-isaac-alonso","tag-mara-rubio","tag-miguel-herrero","tag-milana-bonita","tag-mk-music","tag-netflix","tag-pablo-senator","tag-pop","tag-pop-rock-2","tag-rock","tag-ultima-noche-en-tremor","tag-y-tu-aqui","tribe_events_cat-concierto","cat_concierto"],"uagb_featured_image_src":{"full":["https:\/\/cafelapalma.com\/wp-content\/uploads\/2025\/02\/Diseno-sin-titulo4.jpg",1080,1920,false],"thumbnail":["https:\/\/cafelapalma.com\/wp-content\/uploads\/2025\/02\/Diseno-sin-titulo4-150x150.jpg",150,150,true],"medium":["https:\/\/cafelapalma.com\/wp-content\/uploads\/2025\/02\/Diseno-sin-titulo4-169x300.jpg",169,300,true],"medium_large":["https:\/\/cafelapalma.com\/wp-content\/uploads\/2025\/02\/Diseno-sin-titulo4-768x1365.jpg",768,1365,true],"large":["https:\/\/cafelapalma.com\/wp-content\/uploads\/2025\/02\/Diseno-sin-titulo4-585x1040.jpg",585,1040,true],"1536x1536":["https:\/\/cafelapalma.com\/wp-content\/uploads\/2025\/02\/Diseno-sin-titulo4-864x1536.jpg",864,1536,true],"2048x2048":["https:\/\/cafelapalma.com\/wp-content\/uploads\/2025\/02\/Diseno-sin-titulo4.jpg",1080,1920,false],"trp-custom-language-flag":["https:\/\/cafelapalma.com\/wp-content\/uploads\/2025\/02\/Diseno-sin-titulo4.jpg",7,12,false],"blossom-feminine-slider":["https:\/\/cafelapalma.com\/wp-content\/uploads\/2025\/02\/Diseno-sin-titulo4-1080x649.jpg",1080,649,true],"blossom-feminine-featured":["https:\/\/cafelapalma.com\/wp-content\/uploads\/2025\/02\/Diseno-sin-titulo4-1080x600.jpg",1080,600,true],"blossom-feminine-with-sidebar":["https:\/\/cafelapalma.com\/wp-content\/uploads\/2025\/02\/Diseno-sin-titulo4-1020x600.jpg",1020,600,true],"blossom-feminine-blog":["https:\/\/cafelapalma.com\/wp-content\/uploads\/2025\/02\/Diseno-sin-titulo4-435x435.jpg",435,435,true],"blossom-feminine-cat":["https:\/\/cafelapalma.com\/wp-content\/uploads\/2025\/02\/Diseno-sin-titulo4-450x300.jpg",450,300,true],"blossom-feminine-related":["https:\/\/cafelapalma.com\/wp-content\/uploads\/2025\/02\/Diseno-sin-titulo4-320x200.jpg",320,200,true],"blossom-feminine-schema":["https:\/\/cafelapalma.com\/wp-content\/uploads\/2025\/02\/Diseno-sin-titulo4-34x60.jpg",34,60,true]},"uagb_author_info":{"display_name":"Victor","author_link":"https:\/\/cafelapalma.com\/en\/author\/comunicacion\/"},"uagb_comment_info":0,"uagb_excerpt":"MILANA BONITA\u00a0es una banda de indie rock nacida en Gij\u00f3n en 2020, formada por\u00a0Ana Bel\u00e9n Le\u00f3n, Diego Fern\u00e1ndez e Isaac Alonso. El grupo fusiona la experiencia de sus integrantes en diversos proyectos, desde el blues rock hasta la formaci\u00f3n cl\u00e1sica de conservatorio, canto l\u00edrico y arte dram\u00e1tico. Esta diversidad se traduce en un sonido \u00fanico&hellip;","_links":{"self":[{"href":"https:\/\/cafelapalma.com\/en\/wp-json\/wp\/v2\/tribe_events\/30567","targetHints":{"allow":["GET"]}}],"collection":[{"href":"https:\/\/cafelapalma.com\/en\/wp-json\/wp\/v2\/tribe_events"}],"about":[{"href":"https:\/\/cafelapalma.com\/en\/wp-json\/wp\/v2\/types\/tribe_events"}],"author":[{"embeddable":true,"href":"https:\/\/cafelapalma.com\/en\/wp-json\/wp\/v2\/users\/2"}],"version-history":[{"count":0,"href":"https:\/\/cafelapalma.com\/en\/wp-json\/wp\/v2\/tribe_events\/30567\/revisions"}],"wp:featuredmedia":[{"embeddable":true,"href":"https:\/\/cafelapalma.com\/en\/wp-json\/wp\/v2\/media\/30569"}],"wp:attachment":[{"href":"https:\/\/cafelapalma.com\/en\/wp-json\/wp\/v2\/media?parent=30567"}],"wp:term":[{"taxonomy":"post_tag","embeddable":true,"href":"https:\/\/cafelapalma.com\/en\/wp-json\/wp\/v2\/tags?post=30567"},{"taxonomy":"tribe_events_cat","embeddable":true,"href":"https:\/\/cafelapalma.com\/en\/wp-json\/wp\/v2\/tribe_events_cat?post=30567"}],"curies":[{"name":"wp","href":"https:\/\/api.w.org\/{rel}","templated":true}]}}