{"id":30692,"date":"2025-02-27T17:44:01","date_gmt":"2025-02-27T16:44:01","guid":{"rendered":"https:\/\/cafelapalma.com\/?post_type=tribe_events&#038;p=30692"},"modified":"2025-02-27T17:44:33","modified_gmt":"2025-02-27T16:44:33","slug":"emi-julia-amor-sound-isidro-2025","status":"publish","type":"tribe_events","link":"https:\/\/cafelapalma.com\/en\/programacion\/emi-julia-amor-sound-isidro-2025\/","title":{"rendered":"el momento inc\u00f3modo + JULIA AMOR"},"content":{"rendered":"<div  class=\"tribe-events-schedule tribe-clearfix\" >\n\t<p class=\"tribe-events-schedule__datetime\">\n\t\t<span class=\"tribe-events-schedule__date tribe-events-schedule__date--start\">\n\t\t\t26  April  2025\t\t<\/span>\n\n\t\t\t\t\t<span class=\"tribe-events-schedule__separator tribe-events-schedule__separator--date\">\n\t\t\t\t@\t\t\t<\/span>\n\t\t\t<span class=\"tribe-events-schedule__time tribe-events-schedule__time--start\">\n\t\t\t\t21:30\t\t\t<\/span>\n\t\t\n\t\t\t\t\t\t\t\t\t<span class=\"tribe-events-schedule__separator tribe-events-schedule__separator--time\">\n\t\t\t\t\t&#8211;\t\t\t\t<\/span>\n\t\t\t\n\t\t\t\t\t\t\t<span class=\"tribe-events-schedule__time tribe-events-schedule__time--end\">\n\t\t\t\t\t23:45\t\t\t\t<\/span>\n\t\t\t\n\t\t\t\t\t\t<\/p>\n<\/div>\n\n\n<div  class=\"tribe-block tribe-block__event-price\" >\n\t\t\t<span class=\"tribe-block__event-price__cost\"> 12\u20ac <\/span>\n\t\t\t\t<span class=\"tribe-block__event-price__description\">+ gg Anticipada | 15\u20ac Taquilla<\/span>\n\t<\/div>\n\n\n\n<div style=\"height:100px\" aria-hidden=\"true\" class=\"wp-block-spacer\"><\/div>\n\n\n\n<div class=\"wp-block-columns is-layout-flex wp-container-core-columns-is-layout-8f761849 wp-block-columns-is-layout-flex\">\n<div class=\"wp-block-column is-layout-flow wp-block-column-is-layout-flow\" style=\"flex-basis:33.33%\">\n<figure class=\"wp-block-image size-large\"><img loading=\"lazy\" decoding=\"async\" width=\"693\" height=\"1040\" src=\"https:\/\/cafelapalma.com\/wp-content\/uploads\/2025\/02\/elmomento_A3-693x1040.jpg\" alt=\"\" class=\"wp-image-30693\" srcset=\"https:\/\/cafelapalma.com\/wp-content\/uploads\/2025\/02\/elmomento_A3-693x1040.jpg 693w, https:\/\/cafelapalma.com\/wp-content\/uploads\/2025\/02\/elmomento_A3-200x300.jpg 200w, https:\/\/cafelapalma.com\/wp-content\/uploads\/2025\/02\/elmomento_A3-768x1152.jpg 768w, https:\/\/cafelapalma.com\/wp-content\/uploads\/2025\/02\/elmomento_A3-1024x1536.jpg 1024w, https:\/\/cafelapalma.com\/wp-content\/uploads\/2025\/02\/elmomento_A3-1365x2048.jpg 1365w, https:\/\/cafelapalma.com\/wp-content\/uploads\/2025\/02\/elmomento_A3-40x60.jpg 40w, https:\/\/cafelapalma.com\/wp-content\/uploads\/2025\/02\/elmomento_A3-scaled.jpg 2000w\" sizes=\"auto, (max-width: 693px) 100vw, 693px\" \/><\/figure>\n\n\n<div  class=\"tribe-block tribe-block__event-website\" >\n\t<a\n\t\thref=\"https:\/\/dice.fm\/event\/l8vwxp-el-momento-incmodo-julia-amor-en-sound-isidro-26th-apr-caf-la-palma-madrid-tickets\"\n\t\ttarget=\"_self\"\n\t\t\t>\n\t\tBUY TICKETS\t<\/a>\n<\/div>\n<\/div>\n\n\n\n<div class=\"wp-block-column is-layout-flow wp-block-column-is-layout-flow\" style=\"flex-basis:66.66%\">\n<p class=\"wp-block-paragraph\"><\/p>\n\n\n\n<p class=\"has-text-align-left wp-block-paragraph\">El primer \u00e1lbum de&nbsp;<strong>el momento inc\u00f3modo<\/strong>&nbsp;\u2013proyecto musical de la artista madrile\u00f1a&nbsp;<strong>Malena Fern\u00e1ndez<\/strong>\u2013, un LP de 10 canciones titulado&nbsp;<strong>\u201cSOY CONSCIENTE\u201d, <\/strong>vio la luz el a\u00f1o pasado.<\/p>\n\n\n\n<p class=\"has-text-align-left wp-block-paragraph\">Se trata de un trabajo donde la implicaci\u00f3n emotiva es m\u00e1xima, abundando las historias confesionales en primera persona en las que la cantante se expone abiertamente sin maquillar sus inseguridades. T\u00edtulos como <strong><em>\u00abLa he cagado, soy consciente\u00bb<\/em><\/strong> lo dejan bien claro. Entre sus influencias encontramos voces femeninas con las que creci\u00f3, como&nbsp;<strong>Alanis Morissette<\/strong>,&nbsp;<strong>Carole King, Julia Jacklin<\/strong>,&nbsp;<strong>Alvvays<\/strong>,&nbsp;<strong>Boygenius<\/strong>,&nbsp;<strong>Lush<\/strong>&nbsp;o&nbsp;<strong>Dry Cleaning<\/strong>,&nbsp;o los primeros trabajos de&nbsp;<strong>Avril Lavigne<\/strong>.<\/p>\n\n\n\n<p class=\"has-text-align-right wp-block-paragraph\"><em><a href=\"https:\/\/open.spotify.com\/intl-es\/artist\/5aWqwamv84KqpNLOestUqh?si=i2e2bI31RiWgedlN6OQXrA\">Listen to <\/a><\/em><strong><a href=\"https:\/\/open.spotify.com\/intl-es\/artist\/5aWqwamv84KqpNLOestUqh?si=i2e2bI31RiWgedlN6OQXrA\">el momento inc\u00f3modo <\/a><\/strong><em><a href=\"https:\/\/open.spotify.com\/intl-es\/artist\/5aWqwamv84KqpNLOestUqh?si=i2e2bI31RiWgedlN6OQXrA\">in <\/a><\/em><strong><a href=\"https:\/\/open.spotify.com\/intl-es\/artist\/5aWqwamv84KqpNLOestUqh?si=i2e2bI31RiWgedlN6OQXrA\">Spotify<\/a><\/strong><\/p>\n\n\n\n<p class=\"has-text-align-left wp-block-paragraph\"><strong>JULIA AMOR <\/strong>es una artista pop que lanz\u00f3 sus primeras canciones durante la pandemia con una mezcla cautivadora de vulnerabilidad y poder transformador. La artista andorrana combina sintetizadores y cajas de ritmos para crear un sonido \u00fanico que fusiona el synthpop y el dream pop. Influenciada por artistas como <strong>Hidrogenesse<\/strong>, <strong>Alaska y Dinarama<\/strong>, <strong>Cabiria<\/strong>, <strong>El \u00daltimo Vecino<\/strong> o <strong>ABBA<\/strong>, Julia contin\u00faa su evoluci\u00f3n, abrazando siempre la sensibilidad y la tristeza, movi\u00e9ndose con comodidad en un pop de contrastes en el que melod\u00edas llenas de luz se entrelazan con letras que ahondan en nuestros miedos. <strong>Julia Amor <\/strong>est\u00e1 lista para pasar de prometedor talento a convertirse en una la estrella del pop que est\u00e1 llamada a ser.<\/p>\n\n\n\n<p class=\"has-text-align-right wp-block-paragraph\"><em><a href=\"https:\/\/open.spotify.com\/intl-es\/artist\/7xZqz9bsl0Zxf0g3mwnc9u?si=Y5v7bfa8Rh2di8rJk-elfA\">Listen to <\/a><\/em><strong><a href=\"https:\/\/open.spotify.com\/intl-es\/artist\/7xZqz9bsl0Zxf0g3mwnc9u?si=Y5v7bfa8Rh2di8rJk-elfA\">JULIA AMOR<\/a><\/strong><em><a href=\"https:\/\/open.spotify.com\/intl-es\/artist\/7xZqz9bsl0Zxf0g3mwnc9u?si=Y5v7bfa8Rh2di8rJk-elfA\"> in <\/a><\/em><strong><a href=\"https:\/\/open.spotify.com\/intl-es\/artist\/7xZqz9bsl0Zxf0g3mwnc9u?si=Y5v7bfa8Rh2di8rJk-elfA\">Spotify<\/a><\/strong><\/p>\n<\/div>\n<\/div>\n\n\n\n<div style=\"height:100px\" aria-hidden=\"true\" class=\"wp-block-spacer\"><\/div>\n\n\n\n<hr class=\"wp-block-separator has-alpha-channel-opacity\"\/>\n\n\n\n<div style=\"height:100px\" aria-hidden=\"true\" class=\"wp-block-spacer\"><\/div>\n\n\n<h2 class=\"tribe-block__related-events__title\">Related Events<\/h2>\n\n<ul  class=\"tribe-related-events tribe-clearfix\" >\n\t\t\t<li>\n\t\n<div class=\"tribe-related-events-thumbnail\">\n\t<a href=\"https:\/\/cafelapalma.com\/en\/programacion\/funkin-donuts\/\" class=\"url\" rel=\"bookmark\" tabindex=\"-1\" aria-hidden=\"true\"><img loading=\"lazy\" decoding=\"async\" width=\"693\" height=\"1040\" src=\"https:\/\/cafelapalma.com\/wp-content\/uploads\/2026\/07\/FD-vert2-bn-693x1040.jpg\" class=\"attachment-large size-large wp-post-image\" alt=\"\" \/><\/a>\n<\/div>\n\t<div class=\"tribe-related-event-info\">\n\t<h3 class=\"tribe-related-events-title\">\n\t\t<a href=\"https:\/\/cafelapalma.com\/en\/programacion\/funkin-donuts\/\" class=\"tribe-event-url\" rel=\"bookmark\">\n\t\t\tFUNKIN&#8217; DONUTS\t\t<\/a>\n\t<\/h3>\n\t<span class=\"tribe-event-date-start\">5  September@22:00<\/span><span class=\"tribe-event-time\">23:45<\/span><\/div>\n<\/li>\n\t\t\t<li>\n\t\n<div class=\"tribe-related-events-thumbnail\">\n\t<a href=\"https:\/\/cafelapalma.com\/en\/programacion\/backstage-le-petit-truffle-mayo\/\" class=\"url\" rel=\"bookmark\" tabindex=\"-1\" aria-hidden=\"true\"><img loading=\"lazy\" decoding=\"async\" width=\"780\" height=\"1040\" src=\"https:\/\/cafelapalma.com\/wp-content\/uploads\/2026\/07\/Imagen-TruffleMayo-LePetit-i-1-780x1040.png\" class=\"attachment-large size-large wp-post-image\" alt=\"\" \/><\/a>\n<\/div>\n\t<div class=\"tribe-related-event-info\">\n\t<h3 class=\"tribe-related-events-title\">\n\t\t<a href=\"https:\/\/cafelapalma.com\/en\/programacion\/backstage-le-petit-truffle-mayo\/\" class=\"tribe-event-url\" rel=\"bookmark\">\n\t\t\tBACKSTAGE: LE PETIT + TRUFFLE MAYO\t\t<\/a>\n\t<\/h3>\n\t<span class=\"tribe-event-date-start\">5  September@23:55<\/span><\/div>\n<\/li>\n\t\t\t<li>\n\t\n<div class=\"tribe-related-events-thumbnail\">\n\t<a href=\"https:\/\/cafelapalma.com\/en\/programacion\/willie-deville-concierto-benefico-x-venezuela\/\" class=\"url\" rel=\"bookmark\" tabindex=\"-1\" aria-hidden=\"true\"><img loading=\"lazy\" decoding=\"async\" width=\"1020\" height=\"531\" src=\"https:\/\/cafelapalma.com\/wp-content\/uploads\/2026\/08\/Willie-deville-1100x572-1-1040x541.jpg\" class=\"attachment-large size-large wp-post-image\" alt=\"\" \/><\/a>\n<\/div>\n\t<div class=\"tribe-related-event-info\">\n\t<h3 class=\"tribe-related-events-title\">\n\t\t<a href=\"https:\/\/cafelapalma.com\/en\/programacion\/willie-deville-concierto-benefico-x-venezuela\/\" class=\"tribe-event-url\" rel=\"bookmark\">\n\t\t\tWILLIE DEVILLE: CONCIERTO BEN\u00c9FICO X VENEZUELA\t\t<\/a>\n\t<\/h3>\n\t<span class=\"tribe-event-date-start\">6  September@21:00<\/span><span class=\"tribe-event-time\">23:45<\/span><\/div>\n<\/li>\n\t<\/ul>","protected":false},"excerpt":{"rendered":"<p>El primer \u00e1lbum de&nbsp;el momento inc\u00f3modo&nbsp;\u2013proyecto musical de la artista madrile\u00f1a&nbsp;Malena Fern\u00e1ndez\u2013, un LP de 10 canciones titulado&nbsp;\u201cSOY CONSCIENTE\u201d, vio la luz el a\u00f1o pasado. Se trata de un trabajo donde la implicaci\u00f3n emotiva es m\u00e1xima, abundando las historias confesionales en primera persona en las que la cantante se expone abiertamente sin maquillar sus inseguridades. &hellip; <\/p>","protected":false},"author":2,"featured_media":30578,"template":"","meta":{"_tec_requires_first_save":false,"_uag_custom_page_level_css":"","loftloader_page_shortcode":"","_EventAllDay":false,"_EventTimezone":"Europe\/Madrid","_EventStartDate":"2025-04-26 21:30:00","_EventEndDate":"2025-04-26 23:45:00","_EventStartDateUTC":"2025-04-26 19:30:00","_EventEndDateUTC":"2025-04-26 21:45:00","_EventShowMap":false,"_EventShowMapLink":false,"_EventURL":"https:\/\/dice.fm\/event\/l8vwxp-el-momento-incmodo-julia-amor-en-sound-isidro-26th-apr-caf-la-palma-madrid-tickets","_EventCost":"12","_EventCostDescription":"","_EventCurrencySymbol":"\u20ac","_EventCurrencyCode":"USD","_EventCurrencyPosition":"suffix","_EventDateTimeSeparator":"@","_EventTimeRangeSeparator":"-","_EventOrganizerID":[],"_EventVenueID":[],"_OrganizerEmail":"","_OrganizerPhone":"","_OrganizerWebsite":"","_VenueAddress":"","_VenueCity":"","_VenueCountry":"","_VenueProvince":"","_VenueState":"","_VenueZip":"","_VenuePhone":"","_VenueURL":"","_VenueStateProvince":"","_VenueLat":"","_VenueLng":"","_VenueShowMap":false,"_VenueShowMapLink":false,"_tribe_blocks_recurrence_rules":"","_tribe_blocks_recurrence_description":"","_tribe_blocks_recurrence_exclusions":"","_ecp_custom_2":"","_tribe_events_status":"","_tribe_events_status_reason":"","_tribe_events_is_hybrid":"","_tribe_events_is_virtual":"","_tribe_events_virtual_video_source":"","_tribe_events_virtual_embed_video":"","_tribe_events_virtual_linked_button_text":"","_tribe_events_virtual_linked_button":"","_tribe_events_virtual_show_embed_at":"","_tribe_events_virtual_show_embed_to":[],"_tribe_events_virtual_show_on_event":"","_tribe_events_virtual_show_on_views":"","_tribe_events_virtual_url":"","footnotes":""},"tags":[1363,8869,2865,9146,9939,10433,17088,17087,13340,1355,17015,17086,1146],"tribe_events_cat":[8963],"class_list":["post-30692","tribe_events","type-tribe_events","status-publish","has-post-thumbnail","hentry","tag-cafe-la-palma","tag-cafe-la-palma-2","tag-conciertos-cafe-la-palma","tag-conciertos-malasana","tag-dream-pop","tag-el-momento-incomodo","tag-julia-amor","tag-la-he-cagado-soy-consciente","tag-malena-fernandez","tag-pop","tag-sound-isidro-2025","tag-soy-consciente","tag-synthpop","tribe_events_cat-concierto","cat_concierto"],"uagb_featured_image_src":{"full":["https:\/\/cafelapalma.com\/wp-content\/uploads\/2025\/02\/SO25FRONT.jpg",1238,2251,false],"thumbnail":["https:\/\/cafelapalma.com\/wp-content\/uploads\/2025\/02\/SO25FRONT-150x150.jpg",150,150,true],"medium":["https:\/\/cafelapalma.com\/wp-content\/uploads\/2025\/02\/SO25FRONT-165x300.jpg",165,300,true],"medium_large":["https:\/\/cafelapalma.com\/wp-content\/uploads\/2025\/02\/SO25FRONT-768x1396.jpg",768,1396,true],"large":["https:\/\/cafelapalma.com\/wp-content\/uploads\/2025\/02\/SO25FRONT-572x1040.jpg",572,1040,true],"1536x1536":["https:\/\/cafelapalma.com\/wp-content\/uploads\/2025\/02\/SO25FRONT-845x1536.jpg",845,1536,true],"2048x2048":["https:\/\/cafelapalma.com\/wp-content\/uploads\/2025\/02\/SO25FRONT-1126x2048.jpg",1126,2048,true],"trp-custom-language-flag":["https:\/\/cafelapalma.com\/wp-content\/uploads\/2025\/02\/SO25FRONT.jpg",7,12,false],"blossom-feminine-slider":["https:\/\/cafelapalma.com\/wp-content\/uploads\/2025\/02\/SO25FRONT-1238x649.jpg",1238,649,true],"blossom-feminine-featured":["https:\/\/cafelapalma.com\/wp-content\/uploads\/2025\/02\/SO25FRONT-1238x600.jpg",1238,600,true],"blossom-feminine-with-sidebar":["https:\/\/cafelapalma.com\/wp-content\/uploads\/2025\/02\/SO25FRONT-1020x600.jpg",1020,600,true],"blossom-feminine-blog":["https:\/\/cafelapalma.com\/wp-content\/uploads\/2025\/02\/SO25FRONT-435x435.jpg",435,435,true],"blossom-feminine-cat":["https:\/\/cafelapalma.com\/wp-content\/uploads\/2025\/02\/SO25FRONT-450x300.jpg",450,300,true],"blossom-feminine-related":["https:\/\/cafelapalma.com\/wp-content\/uploads\/2025\/02\/SO25FRONT-320x200.jpg",320,200,true],"blossom-feminine-schema":["https:\/\/cafelapalma.com\/wp-content\/uploads\/2025\/02\/SO25FRONT-33x60.jpg",33,60,true]},"uagb_author_info":{"display_name":"Victor","author_link":"https:\/\/cafelapalma.com\/en\/author\/comunicacion\/"},"uagb_comment_info":0,"uagb_excerpt":"El primer \u00e1lbum de&nbsp;el momento inc\u00f3modo&nbsp;\u2013proyecto musical de la artista madrile\u00f1a&nbsp;Malena Fern\u00e1ndez\u2013, un LP de 10 canciones titulado&nbsp;\u201cSOY CONSCIENTE\u201d, vio la luz el a\u00f1o pasado. Se trata de un trabajo donde la implicaci\u00f3n emotiva es m\u00e1xima, abundando las historias confesionales en primera persona en las que la cantante se expone abiertamente sin maquillar sus inseguridades.&hellip;","_links":{"self":[{"href":"https:\/\/cafelapalma.com\/en\/wp-json\/wp\/v2\/tribe_events\/30692","targetHints":{"allow":["GET"]}}],"collection":[{"href":"https:\/\/cafelapalma.com\/en\/wp-json\/wp\/v2\/tribe_events"}],"about":[{"href":"https:\/\/cafelapalma.com\/en\/wp-json\/wp\/v2\/types\/tribe_events"}],"author":[{"embeddable":true,"href":"https:\/\/cafelapalma.com\/en\/wp-json\/wp\/v2\/users\/2"}],"version-history":[{"count":0,"href":"https:\/\/cafelapalma.com\/en\/wp-json\/wp\/v2\/tribe_events\/30692\/revisions"}],"wp:featuredmedia":[{"embeddable":true,"href":"https:\/\/cafelapalma.com\/en\/wp-json\/wp\/v2\/media\/30578"}],"wp:attachment":[{"href":"https:\/\/cafelapalma.com\/en\/wp-json\/wp\/v2\/media?parent=30692"}],"wp:term":[{"taxonomy":"post_tag","embeddable":true,"href":"https:\/\/cafelapalma.com\/en\/wp-json\/wp\/v2\/tags?post=30692"},{"taxonomy":"tribe_events_cat","embeddable":true,"href":"https:\/\/cafelapalma.com\/en\/wp-json\/wp\/v2\/tribe_events_cat?post=30692"}],"curies":[{"name":"wp","href":"https:\/\/api.w.org\/{rel}","templated":true}]}}