{"id":30727,"date":"2025-03-05T13:39:36","date_gmt":"2025-03-05T12:39:36","guid":{"rendered":"https:\/\/cafelapalma.com\/?post_type=tribe_events&#038;p=30727"},"modified":"2025-05-13T19:51:03","modified_gmt":"2025-05-13T17:51:03","slug":"sonido-madrid-en-vivo-marta-canosa","status":"publish","type":"tribe_events","link":"https:\/\/cafelapalma.com\/en\/programacion\/sonido-madrid-en-vivo-marta-canosa\/","title":{"rendered":"SONIDO MADRID EN VIVO 2025: MARTA CANOSA"},"content":{"rendered":"<div  class=\"tribe-events-schedule tribe-clearfix\" >\n\t<p class=\"tribe-events-schedule__datetime\">\n\t\t<span class=\"tribe-events-schedule__date tribe-events-schedule__date--start\">\n\t\t\t15  May  2025\t\t<\/span>\n\n\t\t\t\t\t<span class=\"tribe-events-schedule__separator tribe-events-schedule__separator--date\">\n\t\t\t\t@\t\t\t<\/span>\n\t\t\t<span class=\"tribe-events-schedule__time tribe-events-schedule__time--start\">\n\t\t\t\t22:00\t\t\t<\/span>\n\t\t\n\t\t\t\t\t\t\t\t\t<span class=\"tribe-events-schedule__separator tribe-events-schedule__separator--time\">\n\t\t\t\t\t&#8211;\t\t\t\t<\/span>\n\t\t\t\n\t\t\t\t\t\t\t<span class=\"tribe-events-schedule__time tribe-events-schedule__time--end\">\n\t\t\t\t\t23:45\t\t\t\t<\/span>\n\t\t\t\n\t\t\t\t\t\t<\/p>\n<\/div>\n\n\n<div  class=\"tribe-block tribe-block__event-price\" >\n\t\t\t<span class=\"tribe-block__event-price__cost\"> 12\u20ac <\/span>\n\t\t\t\t<span class=\"tribe-block__event-price__description\">+ gg Anticipada | 15\u20ac Taquilla [ Incluye DOBLE DE CERVEZA DE BARRIL o REFRESCO ]<\/span>\n\t<\/div>\n\n\n\n<div style=\"height:100px\" aria-hidden=\"true\" class=\"wp-block-spacer\"><\/div>\n\n\n\n<div class=\"wp-block-columns is-layout-flex wp-container-core-columns-is-layout-8f761849 wp-block-columns-is-layout-flex\">\n<div class=\"wp-block-column is-layout-flow wp-block-column-is-layout-flow\" style=\"flex-basis:33.33%\">\n<figure class=\"wp-block-image size-large\"><img loading=\"lazy\" decoding=\"async\" width=\"1040\" height=\"1040\" src=\"https:\/\/cafelapalma.com\/wp-content\/uploads\/2025\/03\/POST-LA-PALMA-1040x1040.jpg\" alt=\"\" class=\"wp-image-31265\" srcset=\"https:\/\/cafelapalma.com\/wp-content\/uploads\/2025\/03\/POST-LA-PALMA-1040x1040.jpg 1040w, https:\/\/cafelapalma.com\/wp-content\/uploads\/2025\/03\/POST-LA-PALMA-300x300.jpg 300w, https:\/\/cafelapalma.com\/wp-content\/uploads\/2025\/03\/POST-LA-PALMA-150x150.jpg 150w, https:\/\/cafelapalma.com\/wp-content\/uploads\/2025\/03\/POST-LA-PALMA-768x768.jpg 768w, https:\/\/cafelapalma.com\/wp-content\/uploads\/2025\/03\/POST-LA-PALMA-12x12.jpg 12w, https:\/\/cafelapalma.com\/wp-content\/uploads\/2025\/03\/POST-LA-PALMA-435x435.jpg 435w, https:\/\/cafelapalma.com\/wp-content\/uploads\/2025\/03\/POST-LA-PALMA-60x60.jpg 60w, https:\/\/cafelapalma.com\/wp-content\/uploads\/2025\/03\/POST-LA-PALMA.jpg 1080w\" sizes=\"auto, (max-width: 1040px) 100vw, 1040px\" \/><\/figure>\n\n\n<div  class=\"tribe-block tribe-block__event-website\" >\n\t<a\n\t\thref=\"https:\/\/www.passline.com\/eventos\/marta-canosa\"\n\t\ttarget=\"_self\"\n\t\t\t>\n\t\tCOMPRAR ENTRADAS\t<\/a>\n<\/div>\n<\/div>\n\n\n\n<div class=\"wp-block-column is-layout-flow wp-block-column-is-layout-flow\" style=\"flex-basis:66.66%\">\n<div style=\"height:100px\" aria-hidden=\"true\" class=\"wp-block-spacer\"><\/div>\n\n\n\n<p class=\"has-text-align-left wp-block-paragraph\"><strong>MARTA CANOSA<\/strong> es una cantautora cuya m\u00fasica busca expresar sentimientos universales con autenticidad y profundidad.<\/p>\n\n\n\n<p class=\"has-text-align-left wp-block-paragraph\">Sus composiciones reflejan una identidad de artista en constante evoluci\u00f3n. Su m\u00fasica busca conectar con quienes la escuchan, convirtiendo cada canci\u00f3n en una experiencia.<\/p>\n\n\n\n<p class=\"has-text-align-right wp-block-paragraph\"><em><a href=\"https:\/\/open.spotify.com\/intl-es\/artist\/1sNgPA3v0yE3aGTasSquAg?si=Io_R2T-oSja36k53WefHtA\">Escucha a <\/a><\/em><strong><a href=\"https:\/\/open.spotify.com\/intl-es\/artist\/1sNgPA3v0yE3aGTasSquAg?si=Io_R2T-oSja36k53WefHtA\">MARTA CANOSA<\/a><\/strong><em><a href=\"https:\/\/open.spotify.com\/intl-es\/artist\/1sNgPA3v0yE3aGTasSquAg?si=Io_R2T-oSja36k53WefHtA\"> en <\/a><\/em><strong><a href=\"https:\/\/open.spotify.com\/intl-es\/artist\/1sNgPA3v0yE3aGTasSquAg?si=Io_R2T-oSja36k53WefHtA\">Spotify<\/a><\/strong><\/p>\n\n\n\n<p class=\"has-text-align-center wp-block-paragraph\"><strong>SONIDO MADRID EN VIVO 2025<\/strong> \u00b7 <strong>SAN ISIDRO<\/strong> <em>es una iniciativa de<\/em> <strong>MADRID EN VIVO<\/strong> <em>con el apoyo de <\/em><strong>MAHOU CINCO ESTRELLAS<\/strong><\/p>\n<\/div>\n<\/div>\n\n\n\n<div style=\"height:100px\" aria-hidden=\"true\" class=\"wp-block-spacer\"><\/div>\n\n\n\n<hr class=\"wp-block-separator has-alpha-channel-opacity\"\/>\n\n\n\n<div style=\"height:100px\" aria-hidden=\"true\" class=\"wp-block-spacer\"><\/div>\n\n\n<h2 class=\"tribe-block__related-events__title\">Related Events<\/h2>\n\n<ul  class=\"tribe-related-events tribe-clearfix\" >\n\t\t\t<li>\n\t\n<div class=\"tribe-related-events-thumbnail\">\n\t<a href=\"https:\/\/cafelapalma.com\/en\/programacion\/funkin-donuts\/\" class=\"url\" rel=\"bookmark\" tabindex=\"-1\" aria-hidden=\"true\"><img loading=\"lazy\" decoding=\"async\" width=\"693\" height=\"1040\" src=\"https:\/\/cafelapalma.com\/wp-content\/uploads\/2026\/07\/FD-vert2-bn-693x1040.jpg\" class=\"attachment-large size-large wp-post-image\" alt=\"\" \/><\/a>\n<\/div>\n\t<div class=\"tribe-related-event-info\">\n\t<h3 class=\"tribe-related-events-title\">\n\t\t<a href=\"https:\/\/cafelapalma.com\/en\/programacion\/funkin-donuts\/\" class=\"tribe-event-url\" rel=\"bookmark\">\n\t\t\tFUNKIN&#8217; DONUTS\t\t<\/a>\n\t<\/h3>\n\t<span class=\"tribe-event-date-start\">5  September@22:00<\/span><span class=\"tribe-event-time\">23:45<\/span><\/div>\n<\/li>\n\t\t\t<li>\n\t\n<div class=\"tribe-related-events-thumbnail\">\n\t<a href=\"https:\/\/cafelapalma.com\/en\/programacion\/backstage-le-petit-truffle-mayo\/\" class=\"url\" rel=\"bookmark\" tabindex=\"-1\" aria-hidden=\"true\"><img loading=\"lazy\" decoding=\"async\" width=\"780\" height=\"1040\" src=\"https:\/\/cafelapalma.com\/wp-content\/uploads\/2026\/07\/Imagen-TruffleMayo-LePetit-i-1-780x1040.png\" class=\"attachment-large size-large wp-post-image\" alt=\"\" \/><\/a>\n<\/div>\n\t<div class=\"tribe-related-event-info\">\n\t<h3 class=\"tribe-related-events-title\">\n\t\t<a href=\"https:\/\/cafelapalma.com\/en\/programacion\/backstage-le-petit-truffle-mayo\/\" class=\"tribe-event-url\" rel=\"bookmark\">\n\t\t\tBACKSTAGE: LE PETIT + TRUFFLE MAYO\t\t<\/a>\n\t<\/h3>\n\t<span class=\"tribe-event-date-start\">5  September@23:55<\/span><\/div>\n<\/li>\n\t\t\t<li>\n\t\n<div class=\"tribe-related-events-thumbnail\">\n\t<a href=\"https:\/\/cafelapalma.com\/en\/programacion\/willie-deville-concierto-benefico-x-venezuela\/\" class=\"url\" rel=\"bookmark\" tabindex=\"-1\" aria-hidden=\"true\"><img loading=\"lazy\" decoding=\"async\" width=\"1020\" height=\"531\" src=\"https:\/\/cafelapalma.com\/wp-content\/uploads\/2026\/08\/Willie-deville-1100x572-1-1040x541.jpg\" class=\"attachment-large size-large wp-post-image\" alt=\"\" \/><\/a>\n<\/div>\n\t<div class=\"tribe-related-event-info\">\n\t<h3 class=\"tribe-related-events-title\">\n\t\t<a href=\"https:\/\/cafelapalma.com\/en\/programacion\/willie-deville-concierto-benefico-x-venezuela\/\" class=\"tribe-event-url\" rel=\"bookmark\">\n\t\t\tWILLIE DEVILLE: CONCIERTO BEN\u00c9FICO X VENEZUELA\t\t<\/a>\n\t<\/h3>\n\t<span class=\"tribe-event-date-start\">6  September@21:00<\/span><span class=\"tribe-event-time\">23:45<\/span><\/div>\n<\/li>\n\t<\/ul>\n","protected":false},"excerpt":{"rendered":"<p>MARTA CANOSA es una cantautora cuya m\u00fasica busca expresar sentimientos universales con autenticidad y profundidad. Sus composiciones reflejan una identidad de artista en constante evoluci\u00f3n. Su m\u00fasica busca conectar con quienes la escuchan, convirtiendo cada canci\u00f3n en una experiencia. Escucha a MARTA CANOSA en Spotify SONIDO MADRID EN VIVO 2025 \u00b7 SAN ISIDRO es una &hellip; <\/p>","protected":false},"author":2,"featured_media":30729,"template":"","meta":{"_tec_requires_first_save":false,"_uag_custom_page_level_css":"","loftloader_page_shortcode":"","_EventAllDay":false,"_EventTimezone":"Europe\/Madrid","_EventStartDate":"2025-05-15 22:00:00","_EventEndDate":"2025-05-15 23:45:00","_EventStartDateUTC":"2025-05-15 20:00:00","_EventEndDateUTC":"2025-05-15 21:45:00","_EventShowMap":false,"_EventShowMapLink":false,"_EventURL":"https:\/\/www.passline.com\/eventos\/marta-canosa","_EventCost":"12","_EventCostDescription":"","_EventCurrencySymbol":"\u20ac","_EventCurrencyCode":"USD","_EventCurrencyPosition":"suffix","_EventDateTimeSeparator":"@","_EventTimeRangeSeparator":"-","_EventOrganizerID":[],"_EventVenueID":[],"_OrganizerEmail":"","_OrganizerPhone":"","_OrganizerWebsite":"","_VenueAddress":"","_VenueCity":"","_VenueCountry":"","_VenueProvince":"","_VenueState":"","_VenueZip":"","_VenuePhone":"","_VenueURL":"","_VenueStateProvince":"","_VenueLat":"","_VenueLng":"","_VenueShowMap":false,"_VenueShowMapLink":false,"_tribe_blocks_recurrence_rules":"","_tribe_blocks_recurrence_description":"","_tribe_blocks_recurrence_exclusions":"","_ecp_custom_2":"","_tribe_events_status":"","_tribe_events_status_reason":"","_tribe_events_is_hybrid":"","_tribe_events_is_virtual":"","_tribe_events_virtual_video_source":"","_tribe_events_virtual_embed_video":"","_tribe_events_virtual_linked_button_text":"","_tribe_events_virtual_linked_button":"","_tribe_events_virtual_show_embed_at":"","_tribe_events_virtual_show_embed_to":[],"_tribe_events_virtual_show_on_event":"","_tribe_events_virtual_show_on_views":"","_tribe_events_virtual_url":"","footnotes":""},"tags":[1363,8869,10998,16837,2865,9147,9146,17134,17130,17131,17132,1355,17133],"tribe_events_cat":[8963],"class_list":["post-30727","tribe_events","type-tribe_events","status-publish","has-post-thumbnail","hentry","tag-cafe-la-palma","tag-cafe-la-palma-2","tag-cancion-de-autor","tag-clipbeat","tag-conciertos-cafe-la-palma","tag-conciertos-madrid","tag-conciertos-malasana","tag-diego-guijarro","tag-marta-canosa","tag-mejores-desconocidos","tag-montana-rusa","tag-pop","tag-tocados-y-unidos","tribe_events_cat-concierto","cat_concierto"],"uagb_featured_image_src":{"full":["https:\/\/cafelapalma.com\/wp-content\/uploads\/2025\/03\/MARTA-CANOSA-LOWPIC.jpg",427,640,false],"thumbnail":["https:\/\/cafelapalma.com\/wp-content\/uploads\/2025\/03\/MARTA-CANOSA-LOWPIC-150x150.jpg",150,150,true],"medium":["https:\/\/cafelapalma.com\/wp-content\/uploads\/2025\/03\/MARTA-CANOSA-LOWPIC-200x300.jpg",200,300,true],"medium_large":["https:\/\/cafelapalma.com\/wp-content\/uploads\/2025\/03\/MARTA-CANOSA-LOWPIC.jpg",427,640,false],"large":["https:\/\/cafelapalma.com\/wp-content\/uploads\/2025\/03\/MARTA-CANOSA-LOWPIC.jpg",427,640,false],"1536x1536":["https:\/\/cafelapalma.com\/wp-content\/uploads\/2025\/03\/MARTA-CANOSA-LOWPIC.jpg",427,640,false],"2048x2048":["https:\/\/cafelapalma.com\/wp-content\/uploads\/2025\/03\/MARTA-CANOSA-LOWPIC.jpg",427,640,false],"trp-custom-language-flag":["https:\/\/cafelapalma.com\/wp-content\/uploads\/2025\/03\/MARTA-CANOSA-LOWPIC.jpg",8,12,false],"blossom-feminine-slider":["https:\/\/cafelapalma.com\/wp-content\/uploads\/2025\/03\/MARTA-CANOSA-LOWPIC.jpg",427,640,false],"blossom-feminine-featured":["https:\/\/cafelapalma.com\/wp-content\/uploads\/2025\/03\/MARTA-CANOSA-LOWPIC-427x600.jpg",427,600,true],"blossom-feminine-with-sidebar":["https:\/\/cafelapalma.com\/wp-content\/uploads\/2025\/03\/MARTA-CANOSA-LOWPIC-427x600.jpg",427,600,true],"blossom-feminine-blog":["https:\/\/cafelapalma.com\/wp-content\/uploads\/2025\/03\/MARTA-CANOSA-LOWPIC-427x435.jpg",427,435,true],"blossom-feminine-cat":["https:\/\/cafelapalma.com\/wp-content\/uploads\/2025\/03\/MARTA-CANOSA-LOWPIC-427x300.jpg",427,300,true],"blossom-feminine-related":["https:\/\/cafelapalma.com\/wp-content\/uploads\/2025\/03\/MARTA-CANOSA-LOWPIC-320x200.jpg",320,200,true],"blossom-feminine-schema":["https:\/\/cafelapalma.com\/wp-content\/uploads\/2025\/03\/MARTA-CANOSA-LOWPIC-40x60.jpg",40,60,true]},"uagb_author_info":{"display_name":"Victor","author_link":"https:\/\/cafelapalma.com\/en\/author\/comunicacion\/"},"uagb_comment_info":0,"uagb_excerpt":"MARTA CANOSA es una cantautora cuya m\u00fasica busca expresar sentimientos universales con autenticidad y profundidad. Sus composiciones reflejan una identidad de artista en constante evoluci\u00f3n. Su m\u00fasica busca conectar con quienes la escuchan, convirtiendo cada canci\u00f3n en una experiencia. Escucha a MARTA CANOSA en Spotify SONIDO MADRID EN VIVO 2025 \u00b7 SAN ISIDRO es una&hellip;","_links":{"self":[{"href":"https:\/\/cafelapalma.com\/en\/wp-json\/wp\/v2\/tribe_events\/30727","targetHints":{"allow":["GET"]}}],"collection":[{"href":"https:\/\/cafelapalma.com\/en\/wp-json\/wp\/v2\/tribe_events"}],"about":[{"href":"https:\/\/cafelapalma.com\/en\/wp-json\/wp\/v2\/types\/tribe_events"}],"author":[{"embeddable":true,"href":"https:\/\/cafelapalma.com\/en\/wp-json\/wp\/v2\/users\/2"}],"version-history":[{"count":0,"href":"https:\/\/cafelapalma.com\/en\/wp-json\/wp\/v2\/tribe_events\/30727\/revisions"}],"wp:featuredmedia":[{"embeddable":true,"href":"https:\/\/cafelapalma.com\/en\/wp-json\/wp\/v2\/media\/30729"}],"wp:attachment":[{"href":"https:\/\/cafelapalma.com\/en\/wp-json\/wp\/v2\/media?parent=30727"}],"wp:term":[{"taxonomy":"post_tag","embeddable":true,"href":"https:\/\/cafelapalma.com\/en\/wp-json\/wp\/v2\/tags?post=30727"},{"taxonomy":"tribe_events_cat","embeddable":true,"href":"https:\/\/cafelapalma.com\/en\/wp-json\/wp\/v2\/tribe_events_cat?post=30727"}],"curies":[{"name":"wp","href":"https:\/\/api.w.org\/{rel}","templated":true}]}}