{"id":30741,"date":"2025-03-06T23:02:56","date_gmt":"2025-03-06T22:02:56","guid":{"rendered":"https:\/\/cafelapalma.com\/?post_type=tribe_events&#038;p=30741"},"modified":"2025-07-07T11:08:18","modified_gmt":"2025-07-07T09:08:18","slug":"veranos-en-vivo-2025-santa-engracia","status":"publish","type":"tribe_events","link":"https:\/\/cafelapalma.com\/en\/programacion\/veranos-en-vivo-2025-santa-engracia\/","title":{"rendered":"VERANOS EN VIVO 2025: SANTA ENGRACIA"},"content":{"rendered":"<div  class=\"tribe-events-schedule tribe-clearfix\" >\n\t<p class=\"tribe-events-schedule__datetime\">\n\t\t<span class=\"tribe-events-schedule__date tribe-events-schedule__date--start\">\n\t\t\t12  July  2025\t\t<\/span>\n\n\t\t\t\t\t<span class=\"tribe-events-schedule__separator tribe-events-schedule__separator--date\">\n\t\t\t\t@\t\t\t<\/span>\n\t\t\t<span class=\"tribe-events-schedule__time tribe-events-schedule__time--start\">\n\t\t\t\t22:00\t\t\t<\/span>\n\t\t\n\t\t\t\t\t\t\t\t\t<span class=\"tribe-events-schedule__separator tribe-events-schedule__separator--time\">\n\t\t\t\t\t&#8211;\t\t\t\t<\/span>\n\t\t\t\n\t\t\t\t\t\t\t<span class=\"tribe-events-schedule__time tribe-events-schedule__time--end\">\n\t\t\t\t\t23:45\t\t\t\t<\/span>\n\t\t\t\n\t\t\t\t\t\t<\/p>\n<\/div>\n\n\n<div  class=\"tribe-block tribe-block__event-price\" >\n\t\t\t<span class=\"tribe-block__event-price__cost\"> 12\u20ac <\/span>\n\t\t\t\t<span class=\"tribe-block__event-price__description\">+ gg Anticipada | 15\u20ac Taquilla<\/span>\n\t<\/div>\n\n\n\n<div style=\"height:100px\" aria-hidden=\"true\" class=\"wp-block-spacer\"><\/div>\n\n\n\n<div class=\"wp-block-columns is-layout-flex wp-container-core-columns-is-layout-8f761849 wp-block-columns-is-layout-flex\">\n<div class=\"wp-block-column is-layout-flow wp-block-column-is-layout-flow\" style=\"flex-basis:33.33%\">\n<figure class=\"wp-block-image size-full\"><img loading=\"lazy\" decoding=\"async\" width=\"1080\" height=\"1350\" src=\"https:\/\/cafelapalma.com\/wp-content\/uploads\/2025\/03\/POST.jpg\" alt=\"\" class=\"wp-image-31502\" srcset=\"https:\/\/cafelapalma.com\/wp-content\/uploads\/2025\/03\/POST.jpg 1080w, https:\/\/cafelapalma.com\/wp-content\/uploads\/2025\/03\/POST-240x300.jpg 240w, https:\/\/cafelapalma.com\/wp-content\/uploads\/2025\/03\/POST-832x1040.jpg 832w, https:\/\/cafelapalma.com\/wp-content\/uploads\/2025\/03\/POST-768x960.jpg 768w, https:\/\/cafelapalma.com\/wp-content\/uploads\/2025\/03\/POST-10x12.jpg 10w, https:\/\/cafelapalma.com\/wp-content\/uploads\/2025\/03\/POST-48x60.jpg 48w\" sizes=\"auto, (max-width: 1080px) 100vw, 1080px\" \/><\/figure>\n\n\n<div  class=\"tribe-block tribe-block__event-website\" >\n\t<a\n\t\thref=\"https:\/\/www.passline.com\/eventos\/santa-engracia\"\n\t\ttarget=\"_self\"\n\t\t\t>\n\t\tBUY TICKETS\t<\/a>\n<\/div>\n<\/div>\n\n\n\n<div class=\"wp-block-column is-layout-flow wp-block-column-is-layout-flow\" style=\"flex-basis:66.66%\">\n<div style=\"height:100px\" aria-hidden=\"true\" class=\"wp-block-spacer\"><\/div>\n\n\n\n<p class=\"has-text-align-left wp-block-paragraph\"><strong>SANTA ENGRACIA<\/strong> es una banda de rock madrile\u00f1a que se caracteriza por su directo contundente y en\u00e9rgico, fusionando influencias del indie-rock alternativo con un enfoque moderno y fresco. Su m\u00fasica, cargada de riffs potentes y melod\u00edas pegadizas, destaca por sus letras introspectivas y su presencia esc\u00e9nica vibrante.<\/p>\n\n\n\n<p class=\"has-text-align-left wp-block-paragraph\">Desde finales de 2023, <strong>Santa Engracia<\/strong> est\u00e1 consolidando una base de seguidores fieles, siendo incluidos en varias listas editoriales destacadas de <strong>Spotify<\/strong>, tocando en diversos escenarios de la ciudad. Con una propuesta de calidad y un sonido crudo y directo, la banda est\u00e1 preparada para seguir conquistando nuevos espacios y continuar peleando para hacerse un hueco en el panorama del rock espa\u00f1ol.<\/p>\n\n\n\n<p class=\"has-text-align-right wp-block-paragraph\"><em><a href=\"https:\/\/open.spotify.com\/intl-es\/artist\/3T9NEUBx3Z4jiM3s65DKdF?si=j-ttOl-vTAmWUGsaIcK5qQ\">Listen to <\/a><\/em><strong><a href=\"https:\/\/open.spotify.com\/intl-es\/artist\/3T9NEUBx3Z4jiM3s65DKdF?si=j-ttOl-vTAmWUGsaIcK5qQ\">SANTA ENGRACIA<\/a><\/strong><em><a href=\"https:\/\/open.spotify.com\/intl-es\/artist\/3T9NEUBx3Z4jiM3s65DKdF?si=j-ttOl-vTAmWUGsaIcK5qQ\"> in <\/a><\/em><strong><a href=\"https:\/\/open.spotify.com\/intl-es\/artist\/3T9NEUBx3Z4jiM3s65DKdF?si=j-ttOl-vTAmWUGsaIcK5qQ\">Spotify<\/a><\/strong><\/p>\n\n\n\n<p class=\"has-text-align-center wp-block-paragraph\"><strong>#VeranosenVivo2025<\/strong><em> es una iniciativa de <\/em><strong><a href=\"https:\/\/www.instagram.com\/madridenvivo_\/\">MADRID EN VIVO<\/a><\/strong><em>. Con la colaboraci\u00f3n del <\/em><strong>A<a href=\"https:\/\/www.instagram.com\/madrid\/\">YUNTAMIENTO DE MADRID<\/a><\/strong><em><a href=\"https:\/\/www.instagram.com\/madrid\/\"> <\/a><\/em><\/p>\n<\/div>\n<\/div>\n\n\n\n<div style=\"height:100px\" aria-hidden=\"true\" class=\"wp-block-spacer\"><\/div>\n\n\n\n<hr class=\"wp-block-separator has-alpha-channel-opacity\"\/>\n\n\n\n<div style=\"height:100px\" aria-hidden=\"true\" class=\"wp-block-spacer\"><\/div>\n\n\n<h2 class=\"tribe-block__related-events__title\">Related Events<\/h2>\n\n<ul  class=\"tribe-related-events tribe-clearfix\" >\n\t\t\t<li>\n\t\n<div class=\"tribe-related-events-thumbnail\">\n\t<a href=\"https:\/\/cafelapalma.com\/en\/programacion\/funkin-donuts\/\" class=\"url\" rel=\"bookmark\" tabindex=\"-1\" aria-hidden=\"true\"><img loading=\"lazy\" decoding=\"async\" width=\"693\" height=\"1040\" src=\"https:\/\/cafelapalma.com\/wp-content\/uploads\/2026\/07\/FD-vert2-bn-693x1040.jpg\" class=\"attachment-large size-large wp-post-image\" alt=\"\" \/><\/a>\n<\/div>\n\t<div class=\"tribe-related-event-info\">\n\t<h3 class=\"tribe-related-events-title\">\n\t\t<a href=\"https:\/\/cafelapalma.com\/en\/programacion\/funkin-donuts\/\" class=\"tribe-event-url\" rel=\"bookmark\">\n\t\t\tFUNKIN&#8217; DONUTS\t\t<\/a>\n\t<\/h3>\n\t<span class=\"tribe-event-date-start\">5  September@22:00<\/span><span class=\"tribe-event-time\">23:45<\/span><\/div>\n<\/li>\n\t\t\t<li>\n\t\n<div class=\"tribe-related-events-thumbnail\">\n\t<a href=\"https:\/\/cafelapalma.com\/en\/programacion\/backstage-le-petit-truffle-mayo\/\" class=\"url\" rel=\"bookmark\" tabindex=\"-1\" aria-hidden=\"true\"><img loading=\"lazy\" decoding=\"async\" width=\"780\" height=\"1040\" src=\"https:\/\/cafelapalma.com\/wp-content\/uploads\/2026\/07\/Imagen-TruffleMayo-LePetit-i-1-780x1040.png\" class=\"attachment-large size-large wp-post-image\" alt=\"\" \/><\/a>\n<\/div>\n\t<div class=\"tribe-related-event-info\">\n\t<h3 class=\"tribe-related-events-title\">\n\t\t<a href=\"https:\/\/cafelapalma.com\/en\/programacion\/backstage-le-petit-truffle-mayo\/\" class=\"tribe-event-url\" rel=\"bookmark\">\n\t\t\tBACKSTAGE: LE PETIT + TRUFFLE MAYO\t\t<\/a>\n\t<\/h3>\n\t<span class=\"tribe-event-date-start\">5  September@23:55<\/span><\/div>\n<\/li>\n\t\t\t<li>\n\t\n<div class=\"tribe-related-events-thumbnail\">\n\t<a href=\"https:\/\/cafelapalma.com\/en\/programacion\/willie-deville-concierto-benefico-x-venezuela\/\" class=\"url\" rel=\"bookmark\" tabindex=\"-1\" aria-hidden=\"true\"><img loading=\"lazy\" decoding=\"async\" width=\"1020\" height=\"531\" src=\"https:\/\/cafelapalma.com\/wp-content\/uploads\/2026\/08\/Willie-deville-1100x572-1-1040x541.jpg\" class=\"attachment-large size-large wp-post-image\" alt=\"\" \/><\/a>\n<\/div>\n\t<div class=\"tribe-related-event-info\">\n\t<h3 class=\"tribe-related-events-title\">\n\t\t<a href=\"https:\/\/cafelapalma.com\/en\/programacion\/willie-deville-concierto-benefico-x-venezuela\/\" class=\"tribe-event-url\" rel=\"bookmark\">\n\t\t\tWILLIE DEVILLE: CONCIERTO BEN\u00c9FICO X VENEZUELA\t\t<\/a>\n\t<\/h3>\n\t<span class=\"tribe-event-date-start\">6  September@21:00<\/span><span class=\"tribe-event-time\">23:45<\/span><\/div>\n<\/li>\n\t<\/ul>","protected":false},"excerpt":{"rendered":"<p>SANTA ENGRACIA es una banda de rock madrile\u00f1a que se caracteriza por su directo contundente y en\u00e9rgico, fusionando influencias del indie-rock alternativo con un enfoque moderno y fresco. Su m\u00fasica, cargada de riffs potentes y melod\u00edas pegadizas, destaca por sus letras introspectivas y su presencia esc\u00e9nica vibrante. Desde finales de 2023, Santa Engracia est\u00e1 consolidando &hellip; <\/p>","protected":false},"author":2,"featured_media":30743,"template":"","meta":{"_tec_requires_first_save":false,"_uag_custom_page_level_css":"","loftloader_page_shortcode":"","_EventAllDay":false,"_EventTimezone":"Europe\/Madrid","_EventStartDate":"2025-07-12 22:00:00","_EventEndDate":"2025-07-12 23:45:00","_EventStartDateUTC":"2025-07-12 20:00:00","_EventEndDateUTC":"2025-07-12 21:45:00","_EventShowMap":false,"_EventShowMapLink":false,"_EventURL":"https:\/\/www.passline.com\/eventos\/santa-engracia","_EventCost":"12","_EventCostDescription":"","_EventCurrencySymbol":"\u20ac","_EventCurrencyCode":"USD","_EventCurrencyPosition":"suffix","_EventDateTimeSeparator":"@","_EventTimeRangeSeparator":"-","_EventOrganizerID":[],"_EventVenueID":[],"_OrganizerEmail":"","_OrganizerPhone":"","_OrganizerWebsite":"","_VenueAddress":"","_VenueCity":"","_VenueCountry":"","_VenueProvince":"","_VenueState":"","_VenueZip":"","_VenuePhone":"","_VenueURL":"","_VenueStateProvince":"","_VenueLat":"","_VenueLng":"","_VenueShowMap":false,"_VenueShowMapLink":false,"_tribe_blocks_recurrence_rules":"","_tribe_blocks_recurrence_description":"","_tribe_blocks_recurrence_exclusions":"","_ecp_custom_2":"","_tribe_events_status":"","_tribe_events_status_reason":"","_tribe_events_is_hybrid":"","_tribe_events_is_virtual":"","_tribe_events_virtual_video_source":"","_tribe_events_virtual_embed_video":"","_tribe_events_virtual_linked_button_text":"","_tribe_events_virtual_linked_button":"","_tribe_events_virtual_show_embed_at":"","_tribe_events_virtual_show_embed_to":[],"_tribe_events_virtual_show_on_event":"","_tribe_events_virtual_show_on_views":"","_tribe_events_virtual_url":"","footnotes":""},"tags":[17143,1363,8869,17142,2865,9147,9146,8970,17141,12369,9164,17139,17144,17697],"tribe_events_cat":[8963],"class_list":["post-30741","tribe_events","type-tribe_events","status-publish","has-post-thumbnail","hentry","tag-aurora-boreal","tag-cafe-la-palma","tag-cafe-la-palma-2","tag-casper","tag-conciertos-cafe-la-palma","tag-conciertos-madrid","tag-conciertos-malasana","tag-indie","tag-la-bachata","tag-madrid-en-vivo","tag-pop-rock-2","tag-santa-engracia","tag-tiempo-conmigo","tag-veranos-en-vivo","tribe_events_cat-concierto","cat_concierto"],"uagb_featured_image_src":{"full":["https:\/\/cafelapalma.com\/wp-content\/uploads\/2025\/03\/SANTA-ENGRACIA-PIC.jpg",633,1125,false],"thumbnail":["https:\/\/cafelapalma.com\/wp-content\/uploads\/2025\/03\/SANTA-ENGRACIA-PIC-150x150.jpg",150,150,true],"medium":["https:\/\/cafelapalma.com\/wp-content\/uploads\/2025\/03\/SANTA-ENGRACIA-PIC-169x300.jpg",169,300,true],"medium_large":["https:\/\/cafelapalma.com\/wp-content\/uploads\/2025\/03\/SANTA-ENGRACIA-PIC.jpg",633,1125,false],"large":["https:\/\/cafelapalma.com\/wp-content\/uploads\/2025\/03\/SANTA-ENGRACIA-PIC-585x1040.jpg",585,1040,true],"1536x1536":["https:\/\/cafelapalma.com\/wp-content\/uploads\/2025\/03\/SANTA-ENGRACIA-PIC.jpg",633,1125,false],"2048x2048":["https:\/\/cafelapalma.com\/wp-content\/uploads\/2025\/03\/SANTA-ENGRACIA-PIC.jpg",633,1125,false],"trp-custom-language-flag":["https:\/\/cafelapalma.com\/wp-content\/uploads\/2025\/03\/SANTA-ENGRACIA-PIC.jpg",7,12,false],"blossom-feminine-slider":["https:\/\/cafelapalma.com\/wp-content\/uploads\/2025\/03\/SANTA-ENGRACIA-PIC-633x649.jpg",633,649,true],"blossom-feminine-featured":["https:\/\/cafelapalma.com\/wp-content\/uploads\/2025\/03\/SANTA-ENGRACIA-PIC-633x600.jpg",633,600,true],"blossom-feminine-with-sidebar":["https:\/\/cafelapalma.com\/wp-content\/uploads\/2025\/03\/SANTA-ENGRACIA-PIC-633x600.jpg",633,600,true],"blossom-feminine-blog":["https:\/\/cafelapalma.com\/wp-content\/uploads\/2025\/03\/SANTA-ENGRACIA-PIC-435x435.jpg",435,435,true],"blossom-feminine-cat":["https:\/\/cafelapalma.com\/wp-content\/uploads\/2025\/03\/SANTA-ENGRACIA-PIC-450x300.jpg",450,300,true],"blossom-feminine-related":["https:\/\/cafelapalma.com\/wp-content\/uploads\/2025\/03\/SANTA-ENGRACIA-PIC-320x200.jpg",320,200,true],"blossom-feminine-schema":["https:\/\/cafelapalma.com\/wp-content\/uploads\/2025\/03\/SANTA-ENGRACIA-PIC-34x60.jpg",34,60,true]},"uagb_author_info":{"display_name":"Victor","author_link":"https:\/\/cafelapalma.com\/en\/author\/comunicacion\/"},"uagb_comment_info":0,"uagb_excerpt":"SANTA ENGRACIA es una banda de rock madrile\u00f1a que se caracteriza por su directo contundente y en\u00e9rgico, fusionando influencias del indie-rock alternativo con un enfoque moderno y fresco. Su m\u00fasica, cargada de riffs potentes y melod\u00edas pegadizas, destaca por sus letras introspectivas y su presencia esc\u00e9nica vibrante. Desde finales de 2023, Santa Engracia est\u00e1 consolidando&hellip;","_links":{"self":[{"href":"https:\/\/cafelapalma.com\/en\/wp-json\/wp\/v2\/tribe_events\/30741","targetHints":{"allow":["GET"]}}],"collection":[{"href":"https:\/\/cafelapalma.com\/en\/wp-json\/wp\/v2\/tribe_events"}],"about":[{"href":"https:\/\/cafelapalma.com\/en\/wp-json\/wp\/v2\/types\/tribe_events"}],"author":[{"embeddable":true,"href":"https:\/\/cafelapalma.com\/en\/wp-json\/wp\/v2\/users\/2"}],"version-history":[{"count":0,"href":"https:\/\/cafelapalma.com\/en\/wp-json\/wp\/v2\/tribe_events\/30741\/revisions"}],"wp:featuredmedia":[{"embeddable":true,"href":"https:\/\/cafelapalma.com\/en\/wp-json\/wp\/v2\/media\/30743"}],"wp:attachment":[{"href":"https:\/\/cafelapalma.com\/en\/wp-json\/wp\/v2\/media?parent=30741"}],"wp:term":[{"taxonomy":"post_tag","embeddable":true,"href":"https:\/\/cafelapalma.com\/en\/wp-json\/wp\/v2\/tags?post=30741"},{"taxonomy":"tribe_events_cat","embeddable":true,"href":"https:\/\/cafelapalma.com\/en\/wp-json\/wp\/v2\/tribe_events_cat?post=30741"}],"curies":[{"name":"wp","href":"https:\/\/api.w.org\/{rel}","templated":true}]}}