{"id":30761,"date":"2025-03-07T13:01:44","date_gmt":"2025-03-07T12:01:44","guid":{"rendered":"https:\/\/cafelapalma.com\/?post_type=tribe_events&#038;p=30761"},"modified":"2025-03-07T13:02:29","modified_gmt":"2025-03-07T12:02:29","slug":"jagermusic-presenta-icy-vedo","status":"publish","type":"tribe_events","link":"https:\/\/cafelapalma.com\/en\/programacion\/jagermusic-presenta-icy-vedo\/","title":{"rendered":"ICY VEDO"},"content":{"rendered":"<div  class=\"tribe-events-schedule tribe-clearfix\" >\n\t<p class=\"tribe-events-schedule__datetime\">\n\t\t<span class=\"tribe-events-schedule__date tribe-events-schedule__date--start\">\n\t\t\t24  April  2025\t\t<\/span>\n\n\t\t\t\t\t<span class=\"tribe-events-schedule__separator tribe-events-schedule__separator--date\">\n\t\t\t\t@\t\t\t<\/span>\n\t\t\t<span class=\"tribe-events-schedule__time tribe-events-schedule__time--start\">\n\t\t\t\t22:00\t\t\t<\/span>\n\t\t\n\t\t\t\t\t\t\t\t\t<span class=\"tribe-events-schedule__separator tribe-events-schedule__separator--time\">\n\t\t\t\t\t&#8211;\t\t\t\t<\/span>\n\t\t\t\n\t\t\t\t\t\t\t<span class=\"tribe-events-schedule__time tribe-events-schedule__time--end\">\n\t\t\t\t\t23:30\t\t\t\t<\/span>\n\t\t\t\n\t\t\t\t\t\t<\/p>\n<\/div>\n\n\n<div  class=\"tribe-block tribe-block__event-price\" >\n\t\t\t<span class=\"tribe-block__event-price__cost\"> 15\u20ac <\/span>\n\t\t\t\t<span class=\"tribe-block__event-price__description\">+ gg Anticipada | 18\u20ac Taquilla<\/span>\n\t<\/div>\n\n\n\n<div class=\"wp-block-columns is-layout-flex wp-container-core-columns-is-layout-8f761849 wp-block-columns-is-layout-flex\">\n<div class=\"wp-block-column is-layout-flow wp-block-column-is-layout-flow\" style=\"flex-basis:33.33%\">\n<figure class=\"wp-block-image size-large\"><img loading=\"lazy\" decoding=\"async\" width=\"742\" height=\"1040\" src=\"https:\/\/cafelapalma.com\/wp-content\/uploads\/2025\/03\/ICY-VEDO-A3-LOW-742x1040.jpg\" alt=\"\" class=\"wp-image-30763\" srcset=\"https:\/\/cafelapalma.com\/wp-content\/uploads\/2025\/03\/ICY-VEDO-A3-LOW-742x1040.jpg 742w, https:\/\/cafelapalma.com\/wp-content\/uploads\/2025\/03\/ICY-VEDO-A3-LOW-214x300.jpg 214w, https:\/\/cafelapalma.com\/wp-content\/uploads\/2025\/03\/ICY-VEDO-A3-LOW-768x1076.jpg 768w, https:\/\/cafelapalma.com\/wp-content\/uploads\/2025\/03\/ICY-VEDO-A3-LOW-1097x1536.jpg 1097w, https:\/\/cafelapalma.com\/wp-content\/uploads\/2025\/03\/ICY-VEDO-A3-LOW-1462x2048.jpg 1462w, https:\/\/cafelapalma.com\/wp-content\/uploads\/2025\/03\/ICY-VEDO-A3-LOW-43x60.jpg 43w\" sizes=\"auto, (max-width: 742px) 100vw, 742px\" \/><\/figure>\n\n\n<div  class=\"tribe-block tribe-block__event-website\" >\n\t<a\n\t\thref=\"https:\/\/link.dice.fm\/oc3a18c12544\"\n\t\ttarget=\"_self\"\n\t\t\t>\n\t\tBUY TICKETS\t<\/a>\n<\/div>\n<\/div>\n\n\n\n<div class=\"wp-block-column is-layout-flow wp-block-column-is-layout-flow\" style=\"flex-basis:66.66%\">\n<p class=\"wp-block-paragraph\"><\/p>\n\n\n\n<p class=\"has-text-align-left wp-block-paragraph\">No son pocos los que creen que\u00a0<strong>Icy Vedo<\/strong>\u00a0ser\u00e1 uno de los artistas que explotar\u00e1 este 2025. Para saber si ser\u00e1 verdad o no, \u00fanicamente necesitamos tiempo y m\u00fasica que escuchar, algo en lo que Icy tiene mucho que decir. Su \u00faltimo lanzamiento tiene como t\u00edtulo\u00a0<strong><em>\u2018MINISTRO\u2019<\/em><\/strong>\u00a0y aterriza como maintrack del\u00a0EP\u00a0<strong><em>\u2018El Ministro\u2019<\/em><\/strong>, referencia que cuenta con <strong>Enry-K<\/strong>\u00a0en la producci\u00f3n.<\/p>\n\n\n\n<p class=\"has-text-align-left wp-block-paragraph\"><strong>Icy Vedo<\/strong>\u00a0tiene, adem\u00e1s, un proyecto con Gese de O, cuya \u00faltima referencia es un EP de 6 canciones llamado\u00a0<a href=\"https:\/\/open.spotify.com\/intl-es\/album\/0R6aEe6DvzzQgvfFvSIdeB?si=NyGEULwvS5OJWQ0eHeFvEw\" target=\"_blank\" rel=\"noreferrer noopener\">\u2018#4TheCoolture2\u2019<\/a>. La referencia nace de la intenci\u00f3n de mantener viva la llama de la creaci\u00f3n sin l\u00edmites, sin ataduras y con el \u00fanico prop\u00f3sito de hacer m\u00fasica para quienes valoran la\u00a0autenticidad\u00a0y el\u00a0puro placer de crear. Ese\u00a0esp\u00edritu creativo y libre\u00a0que caracteriza el proyecto es el resultado de largas sesiones de estudio sin un plan fijo, simplemente improvisando\u00a0<em>beats<\/em>\u00a0y lanzando\u00a0<em>freestyles<\/em>\u00a0\u00abpor la cultura\u00bb, como ellos mismos explican. El proyecto cuenta con colaboraciones vocales firmadas por\u00a0<strong>JK11300<\/strong>\u00a0y\u00a0<strong>Lorenzo Kintaro<\/strong>.<\/p>\n\n\n\n<p class=\"has-text-align-right wp-block-paragraph\"><em><a href=\"https:\/\/open.spotify.com\/intl-es\/artist\/1bnzmAfNDUuhvuSNBMsMlN?si=e7CA17C8TB28LwFLB3GW-Q\">Listen to <\/a><\/em><strong><a href=\"https:\/\/open.spotify.com\/intl-es\/artist\/1bnzmAfNDUuhvuSNBMsMlN?si=e7CA17C8TB28LwFLB3GW-Q\">ICY VEDO<\/a><\/strong><em><a href=\"https:\/\/open.spotify.com\/intl-es\/artist\/1bnzmAfNDUuhvuSNBMsMlN?si=e7CA17C8TB28LwFLB3GW-Q\"> in <\/a><\/em><strong><a href=\"https:\/\/open.spotify.com\/intl-es\/artist\/1bnzmAfNDUuhvuSNBMsMlN?si=e7CA17C8TB28LwFLB3GW-Q\">Spotify<\/a><\/strong><\/p>\n\n\n\n<p class=\"has-text-align-center wp-block-paragraph\"><em>Organizado por <\/em><strong><a href=\"https:\/\/www.allnighters.es\/\">ALL NIGHTERS<\/a><\/strong><em> con el apoyo de <\/em><strong><a href=\"https:\/\/es.jagermeister.com\/exploracion\/roster\">J\u00c4GERMUSIC<\/a><\/strong><\/p>\n<\/div>\n<\/div>\n\n\n\n<div style=\"height:100px\" aria-hidden=\"true\" class=\"wp-block-spacer\"><\/div>\n\n\n\n<hr class=\"wp-block-separator has-alpha-channel-opacity\"\/>\n\n\n\n<div style=\"height:100px\" aria-hidden=\"true\" class=\"wp-block-spacer\"><\/div>\n\n\n<h2 class=\"tribe-block__related-events__title\">Related Events<\/h2>\n\n<ul  class=\"tribe-related-events tribe-clearfix\" >\n\t\t\t<li>\n\t\n<div class=\"tribe-related-events-thumbnail\">\n\t<a href=\"https:\/\/cafelapalma.com\/en\/programacion\/funkin-donuts\/\" class=\"url\" rel=\"bookmark\" tabindex=\"-1\" aria-hidden=\"true\"><img loading=\"lazy\" decoding=\"async\" width=\"693\" height=\"1040\" src=\"https:\/\/cafelapalma.com\/wp-content\/uploads\/2026\/07\/FD-vert2-bn-693x1040.jpg\" class=\"attachment-large size-large wp-post-image\" alt=\"\" \/><\/a>\n<\/div>\n\t<div class=\"tribe-related-event-info\">\n\t<h3 class=\"tribe-related-events-title\">\n\t\t<a href=\"https:\/\/cafelapalma.com\/en\/programacion\/funkin-donuts\/\" class=\"tribe-event-url\" rel=\"bookmark\">\n\t\t\tFUNKIN&#8217; DONUTS\t\t<\/a>\n\t<\/h3>\n\t<span class=\"tribe-event-date-start\">5  September@22:00<\/span><span class=\"tribe-event-time\">23:45<\/span><\/div>\n<\/li>\n\t\t\t<li>\n\t\n<div class=\"tribe-related-events-thumbnail\">\n\t<a href=\"https:\/\/cafelapalma.com\/en\/programacion\/backstage-le-petit-truffle-mayo\/\" class=\"url\" rel=\"bookmark\" tabindex=\"-1\" aria-hidden=\"true\"><img loading=\"lazy\" decoding=\"async\" width=\"780\" height=\"1040\" src=\"https:\/\/cafelapalma.com\/wp-content\/uploads\/2026\/07\/Imagen-TruffleMayo-LePetit-i-1-780x1040.png\" class=\"attachment-large size-large wp-post-image\" alt=\"\" \/><\/a>\n<\/div>\n\t<div class=\"tribe-related-event-info\">\n\t<h3 class=\"tribe-related-events-title\">\n\t\t<a href=\"https:\/\/cafelapalma.com\/en\/programacion\/backstage-le-petit-truffle-mayo\/\" class=\"tribe-event-url\" rel=\"bookmark\">\n\t\t\tBACKSTAGE: LE PETIT + TRUFFLE MAYO\t\t<\/a>\n\t<\/h3>\n\t<span class=\"tribe-event-date-start\">5  September@23:55<\/span><\/div>\n<\/li>\n\t\t\t<li>\n\t\n<div class=\"tribe-related-events-thumbnail\">\n\t<a href=\"https:\/\/cafelapalma.com\/en\/programacion\/willie-deville-concierto-benefico-x-venezuela\/\" class=\"url\" rel=\"bookmark\" tabindex=\"-1\" aria-hidden=\"true\"><img loading=\"lazy\" decoding=\"async\" width=\"1020\" height=\"531\" src=\"https:\/\/cafelapalma.com\/wp-content\/uploads\/2026\/08\/Willie-deville-1100x572-1-1040x541.jpg\" class=\"attachment-large size-large wp-post-image\" alt=\"\" \/><\/a>\n<\/div>\n\t<div class=\"tribe-related-event-info\">\n\t<h3 class=\"tribe-related-events-title\">\n\t\t<a href=\"https:\/\/cafelapalma.com\/en\/programacion\/willie-deville-concierto-benefico-x-venezuela\/\" class=\"tribe-event-url\" rel=\"bookmark\">\n\t\t\tWILLIE DEVILLE: CONCIERTO BEN\u00c9FICO X VENEZUELA\t\t<\/a>\n\t<\/h3>\n\t<span class=\"tribe-event-date-start\">6  September@21:00<\/span><span class=\"tribe-event-time\">23:45<\/span><\/div>\n<\/li>\n\t<\/ul>","protected":false},"excerpt":{"rendered":"<p>No son pocos los que creen que\u00a0Icy Vedo\u00a0ser\u00e1 uno de los artistas que explotar\u00e1 este 2025. Para saber si ser\u00e1 verdad o no, \u00fanicamente necesitamos tiempo y m\u00fasica que escuchar, algo en lo que Icy tiene mucho que decir. Su \u00faltimo lanzamiento tiene como t\u00edtulo\u00a0\u2018MINISTRO\u2019\u00a0y aterriza como maintrack del\u00a0EP\u00a0\u2018El Ministro\u2019, referencia que cuenta con Enry-K\u00a0en &hellip; <\/p>","protected":false},"author":2,"featured_media":30762,"template":"","meta":{"_tec_requires_first_save":false,"_uag_custom_page_level_css":"","loftloader_page_shortcode":"","_EventAllDay":false,"_EventTimezone":"Europe\/Madrid","_EventStartDate":"2025-04-24 22:00:00","_EventEndDate":"2025-04-24 23:30:00","_EventStartDateUTC":"2025-04-24 20:00:00","_EventEndDateUTC":"2025-04-24 21:30:00","_EventShowMap":false,"_EventShowMapLink":false,"_EventURL":"https:\/\/link.dice.fm\/oc3a18c12544","_EventCost":"15","_EventCostDescription":"","_EventCurrencySymbol":"\u20ac","_EventCurrencyCode":"USD","_EventCurrencyPosition":"suffix","_EventDateTimeSeparator":"@","_EventTimeRangeSeparator":"-","_EventOrganizerID":[],"_EventVenueID":[],"_OrganizerEmail":"","_OrganizerPhone":"","_OrganizerWebsite":"","_VenueAddress":"","_VenueCity":"","_VenueCountry":"","_VenueProvince":"","_VenueState":"","_VenueZip":"","_VenuePhone":"","_VenueURL":"","_VenueStateProvince":"","_VenueLat":"","_VenueLng":"","_VenueShowMap":false,"_VenueShowMapLink":false,"_tribe_blocks_recurrence_rules":"","_tribe_blocks_recurrence_description":"","_tribe_blocks_recurrence_exclusions":"","_ecp_custom_2":"","_tribe_events_status":"","_tribe_events_status_reason":"","_tribe_events_is_hybrid":"","_tribe_events_is_virtual":"","_tribe_events_virtual_video_source":"","_tribe_events_virtual_embed_video":"","_tribe_events_virtual_linked_button_text":"","_tribe_events_virtual_linked_button":"","_tribe_events_virtual_show_embed_at":"","_tribe_events_virtual_show_embed_to":[],"_tribe_events_virtual_show_on_event":"","_tribe_events_virtual_show_on_views":"","_tribe_events_virtual_url":"","footnotes":""},"tags":[17166,11706,1363,8869,2865,9146,17164,17165,17161,11012,17167,17168,17163,17162,2395,9349],"tribe_events_cat":[8963],"class_list":["post-30761","tribe_events","type-tribe_events","status-publish","has-post-thumbnail","hentry","tag-4thecoolture2","tag-all-nighters","tag-cafe-la-palma","tag-cafe-la-palma-2","tag-conciertos-cafe-la-palma","tag-conciertos-malasana","tag-el-ministro","tag-enry-k","tag-icy-vedo","tag-jagermusic","tag-jk11300","tag-lorenzo-kintaro","tag-ministro","tag-mr-bag-vedo","tag-rap","tag-urban","tribe_events_cat-concierto","cat_concierto"],"uagb_featured_image_src":{"full":["https:\/\/cafelapalma.com\/wp-content\/uploads\/2025\/03\/ICIVEDOSTANDPIC-scaled.jpg",1688,3000,false],"thumbnail":["https:\/\/cafelapalma.com\/wp-content\/uploads\/2025\/03\/ICIVEDOSTANDPIC-150x150.jpg",150,150,true],"medium":["https:\/\/cafelapalma.com\/wp-content\/uploads\/2025\/03\/ICIVEDOSTANDPIC-169x300.jpg",169,300,true],"medium_large":["https:\/\/cafelapalma.com\/wp-content\/uploads\/2025\/03\/ICIVEDOSTANDPIC-768x1365.jpg",768,1365,true],"large":["https:\/\/cafelapalma.com\/wp-content\/uploads\/2025\/03\/ICIVEDOSTANDPIC-585x1040.jpg",585,1040,true],"1536x1536":["https:\/\/cafelapalma.com\/wp-content\/uploads\/2025\/03\/ICIVEDOSTANDPIC-864x1536.jpg",864,1536,true],"2048x2048":["https:\/\/cafelapalma.com\/wp-content\/uploads\/2025\/03\/ICIVEDOSTANDPIC-1152x2048.jpg",1152,2048,true],"trp-custom-language-flag":["https:\/\/cafelapalma.com\/wp-content\/uploads\/2025\/03\/ICIVEDOSTANDPIC-scaled.jpg",7,12,false],"blossom-feminine-slider":["https:\/\/cafelapalma.com\/wp-content\/uploads\/2025\/03\/ICIVEDOSTANDPIC-1920x649.jpg",1920,649,true],"blossom-feminine-featured":["https:\/\/cafelapalma.com\/wp-content\/uploads\/2025\/03\/ICIVEDOSTANDPIC-1410x600.jpg",1410,600,true],"blossom-feminine-with-sidebar":["https:\/\/cafelapalma.com\/wp-content\/uploads\/2025\/03\/ICIVEDOSTANDPIC-1020x600.jpg",1020,600,true],"blossom-feminine-blog":["https:\/\/cafelapalma.com\/wp-content\/uploads\/2025\/03\/ICIVEDOSTANDPIC-435x435.jpg",435,435,true],"blossom-feminine-cat":["https:\/\/cafelapalma.com\/wp-content\/uploads\/2025\/03\/ICIVEDOSTANDPIC-450x300.jpg",450,300,true],"blossom-feminine-related":["https:\/\/cafelapalma.com\/wp-content\/uploads\/2025\/03\/ICIVEDOSTANDPIC-320x200.jpg",320,200,true],"blossom-feminine-schema":["https:\/\/cafelapalma.com\/wp-content\/uploads\/2025\/03\/ICIVEDOSTANDPIC-34x60.jpg",34,60,true]},"uagb_author_info":{"display_name":"Victor","author_link":"https:\/\/cafelapalma.com\/en\/author\/comunicacion\/"},"uagb_comment_info":0,"uagb_excerpt":"No son pocos los que creen que\u00a0Icy Vedo\u00a0ser\u00e1 uno de los artistas que explotar\u00e1 este 2025. Para saber si ser\u00e1 verdad o no, \u00fanicamente necesitamos tiempo y m\u00fasica que escuchar, algo en lo que Icy tiene mucho que decir. Su \u00faltimo lanzamiento tiene como t\u00edtulo\u00a0\u2018MINISTRO\u2019\u00a0y aterriza como maintrack del\u00a0EP\u00a0\u2018El Ministro\u2019, referencia que cuenta con Enry-K\u00a0en&hellip;","_links":{"self":[{"href":"https:\/\/cafelapalma.com\/en\/wp-json\/wp\/v2\/tribe_events\/30761","targetHints":{"allow":["GET"]}}],"collection":[{"href":"https:\/\/cafelapalma.com\/en\/wp-json\/wp\/v2\/tribe_events"}],"about":[{"href":"https:\/\/cafelapalma.com\/en\/wp-json\/wp\/v2\/types\/tribe_events"}],"author":[{"embeddable":true,"href":"https:\/\/cafelapalma.com\/en\/wp-json\/wp\/v2\/users\/2"}],"version-history":[{"count":0,"href":"https:\/\/cafelapalma.com\/en\/wp-json\/wp\/v2\/tribe_events\/30761\/revisions"}],"wp:featuredmedia":[{"embeddable":true,"href":"https:\/\/cafelapalma.com\/en\/wp-json\/wp\/v2\/media\/30762"}],"wp:attachment":[{"href":"https:\/\/cafelapalma.com\/en\/wp-json\/wp\/v2\/media?parent=30761"}],"wp:term":[{"taxonomy":"post_tag","embeddable":true,"href":"https:\/\/cafelapalma.com\/en\/wp-json\/wp\/v2\/tags?post=30761"},{"taxonomy":"tribe_events_cat","embeddable":true,"href":"https:\/\/cafelapalma.com\/en\/wp-json\/wp\/v2\/tribe_events_cat?post=30761"}],"curies":[{"name":"wp","href":"https:\/\/api.w.org\/{rel}","templated":true}]}}