{"id":30791,"date":"2025-03-12T17:54:37","date_gmt":"2025-03-12T16:54:37","guid":{"rendered":"https:\/\/cafelapalma.com\/?post_type=tribe_events&#038;p=30791"},"modified":"2025-05-21T13:50:04","modified_gmt":"2025-05-21T11:50:04","slug":"aienruta-presenta-yeli-yeli-sound-isidro-2025","status":"publish","type":"tribe_events","link":"https:\/\/cafelapalma.com\/en\/programacion\/aienruta-presenta-yeli-yeli-sound-isidro-2025\/","title":{"rendered":"YELI YELI"},"content":{"rendered":"<div  class=\"tribe-events-schedule tribe-clearfix\" >\n\t<p class=\"tribe-events-schedule__datetime\">\n\t\t<span class=\"tribe-events-schedule__date tribe-events-schedule__date--start\">\n\t\t\t05  June  2025\t\t<\/span>\n\n\t\t\t\t\t<span class=\"tribe-events-schedule__separator tribe-events-schedule__separator--date\">\n\t\t\t\t@\t\t\t<\/span>\n\t\t\t<span class=\"tribe-events-schedule__time tribe-events-schedule__time--start\">\n\t\t\t\t22:00\t\t\t<\/span>\n\t\t\n\t\t\t\t\t\t\t\t\t<span class=\"tribe-events-schedule__separator tribe-events-schedule__separator--time\">\n\t\t\t\t\t&#8211;\t\t\t\t<\/span>\n\t\t\t\n\t\t\t\t\t\t\t<span class=\"tribe-events-schedule__time tribe-events-schedule__time--end\">\n\t\t\t\t\t23:45\t\t\t\t<\/span>\n\t\t\t\n\t\t\t\t\t\t<\/p>\n<\/div>\n\n\n<div  class=\"tribe-block tribe-block__event-price\" >\n\t\t\t<span class=\"tribe-block__event-price__cost\"> 12\u20ac <\/span>\n\t\t\t\t<span class=\"tribe-block__event-price__description\">+ gg Anticipada | 15\u20ac Taquilla<\/span>\n\t<\/div>\n\n\n\n<div style=\"height:100px\" aria-hidden=\"true\" class=\"wp-block-spacer\"><\/div>\n\n\n\n<div class=\"wp-block-columns is-layout-flex wp-container-core-columns-is-layout-8f761849 wp-block-columns-is-layout-flex\">\n<div class=\"wp-block-column is-layout-flow wp-block-column-is-layout-flow\" style=\"flex-basis:33.33%\">\n<figure class=\"wp-block-image size-large\"><img loading=\"lazy\" decoding=\"async\" width=\"736\" height=\"1040\" src=\"https:\/\/cafelapalma.com\/wp-content\/uploads\/2025\/03\/YELI-A3-AIE-736x1040.jpg\" alt=\"\" class=\"wp-image-31329\" srcset=\"https:\/\/cafelapalma.com\/wp-content\/uploads\/2025\/03\/YELI-A3-AIE-736x1040.jpg 736w, https:\/\/cafelapalma.com\/wp-content\/uploads\/2025\/03\/YELI-A3-AIE-212x300.jpg 212w, https:\/\/cafelapalma.com\/wp-content\/uploads\/2025\/03\/YELI-A3-AIE-768x1086.jpg 768w, https:\/\/cafelapalma.com\/wp-content\/uploads\/2025\/03\/YELI-A3-AIE-1086x1536.jpg 1086w, https:\/\/cafelapalma.com\/wp-content\/uploads\/2025\/03\/YELI-A3-AIE-1449x2048.jpg 1449w, https:\/\/cafelapalma.com\/wp-content\/uploads\/2025\/03\/YELI-A3-AIE-8x12.jpg 8w, https:\/\/cafelapalma.com\/wp-content\/uploads\/2025\/03\/YELI-A3-AIE-42x60.jpg 42w\" sizes=\"auto, (max-width: 736px) 100vw, 736px\" \/><\/figure>\n\n\n<div  class=\"tribe-block tribe-block__event-website\" >\n\t<a\n\t\thref=\"https:\/\/dice.fm\/event\/3ompnv-yeli-yeli-en-sound-isidro-5th-jun-caf-la-palma-madrid-tickets\"\n\t\ttarget=\"_self\"\n\t\t\t>\n\t\tBUY TICKETS\t<\/a>\n<\/div>\n<\/div>\n\n\n\n<div class=\"wp-block-column is-layout-flow wp-block-column-is-layout-flow\" style=\"flex-basis:66.66%\">\n<div style=\"height:100px\" aria-hidden=\"true\" class=\"wp-block-spacer\"><\/div>\n\n\n\n<p class=\"has-text-align-left wp-block-paragraph\">Lo que fue el titular de una cr\u00edtica que intentaba definir con sarcasmo la propuesta musical de <strong>\u00c1lvaro Romero<\/strong>, es resignificado por el propio cantaor andaluz en el t\u00edtulo de su nueva obra.<br><br><strong><em>\u00abJam\u00f3n, Romero y Chocolate\u00bb<\/em><\/strong> es un manifiesto sonoro de las cavilaciones y las derivas que puede tomar el flamenco si lo acercas a los ritmos de baile urbanos, a las di\u00e1sporas de la m\u00fasica ib\u00e9rica (del kuduro al amapiano) y a una mirada absolutamente vanguardista y avanzada de lo que deber\u00edamos entender como <em>flamenco electr\u00f3nico<\/em>.<\/p>\n\n\n\n<p class=\"has-text-align-left wp-block-paragraph\"><strong>YELI YELI<\/strong> es una amalgama r\u00edtmica que hiperventila en los diferentes palos flamencos, de la corralera sevillana a la guajira, la rumba, los tanguillos o hasta una versi\u00f3n muy libre de un cl\u00e1sico de <strong>El Junco<\/strong>, icono de la rumba pop espa\u00f1ola.<br><br>Un \u00e1lbum que ha llegado para cambiar el c\u00f3digo del flamenco del futuro desde una suerte de <em>worldbeat <\/em>hiperb\u00f3lica, indefinible y que habita espacios nunca antes habitados por un cantaor flamenco.<\/p>\n\n\n\n<p class=\"has-text-align-right wp-block-paragraph\"><em><a href=\"https:\/\/open.spotify.com\/intl-es\/artist\/0O1EvfNqika1WaElc26qlE?si=aVpgJp9iRp2FtO6uATSAYw\">Listen to <\/a><\/em><strong><a href=\"https:\/\/open.spotify.com\/intl-es\/artist\/0O1EvfNqika1WaElc26qlE?si=aVpgJp9iRp2FtO6uATSAYw\">YELI YELI <\/a><\/strong><em><a href=\"https:\/\/open.spotify.com\/intl-es\/artist\/0O1EvfNqika1WaElc26qlE?si=aVpgJp9iRp2FtO6uATSAYw\">in <\/a><\/em><strong><a href=\"https:\/\/open.spotify.com\/intl-es\/artist\/0O1EvfNqika1WaElc26qlE?si=aVpgJp9iRp2FtO6uATSAYw\">Spotify<\/a><\/strong><\/p>\n\n\n\n<p class=\"has-text-align-center wp-block-paragraph\"><em>Con el apoyo de\u00a0<\/em><strong><a href=\"https:\/\/www.aie.es\/\">AIE<\/a><\/strong><em><strong>\u00a0<\/strong><\/em><strong><a href=\"https:\/\/www.aie.es\/promocion\/aienruta-artistas\/\">AIEnruta\u00a0<\/a><\/strong><em>2025<\/em><\/p>\n<\/div>\n<\/div>\n\n\n\n<div style=\"height:100px\" aria-hidden=\"true\" class=\"wp-block-spacer\"><\/div>\n\n\n\n<hr class=\"wp-block-separator has-alpha-channel-opacity\"\/>\n\n\n\n<div style=\"height:100px\" aria-hidden=\"true\" class=\"wp-block-spacer\"><\/div>\n\n\n<h2 class=\"tribe-block__related-events__title\">Related Events<\/h2>\n\n<ul  class=\"tribe-related-events tribe-clearfix\" >\n\t\t\t<li>\n\t\n<div class=\"tribe-related-events-thumbnail\">\n\t<a href=\"https:\/\/cafelapalma.com\/en\/programacion\/funkin-donuts\/\" class=\"url\" rel=\"bookmark\" tabindex=\"-1\" aria-hidden=\"true\"><img loading=\"lazy\" decoding=\"async\" width=\"693\" height=\"1040\" src=\"https:\/\/cafelapalma.com\/wp-content\/uploads\/2026\/07\/FD-vert2-bn-693x1040.jpg\" class=\"attachment-large size-large wp-post-image\" alt=\"\" \/><\/a>\n<\/div>\n\t<div class=\"tribe-related-event-info\">\n\t<h3 class=\"tribe-related-events-title\">\n\t\t<a href=\"https:\/\/cafelapalma.com\/en\/programacion\/funkin-donuts\/\" class=\"tribe-event-url\" rel=\"bookmark\">\n\t\t\tFUNKIN&#8217; DONUTS\t\t<\/a>\n\t<\/h3>\n\t<span class=\"tribe-event-date-start\">5  September@22:00<\/span><span class=\"tribe-event-time\">23:45<\/span><\/div>\n<\/li>\n\t\t\t<li>\n\t\n<div class=\"tribe-related-events-thumbnail\">\n\t<a href=\"https:\/\/cafelapalma.com\/en\/programacion\/backstage-le-petit-truffle-mayo\/\" class=\"url\" rel=\"bookmark\" tabindex=\"-1\" aria-hidden=\"true\"><img loading=\"lazy\" decoding=\"async\" width=\"780\" height=\"1040\" src=\"https:\/\/cafelapalma.com\/wp-content\/uploads\/2026\/07\/Imagen-TruffleMayo-LePetit-i-1-780x1040.png\" class=\"attachment-large size-large wp-post-image\" alt=\"\" \/><\/a>\n<\/div>\n\t<div class=\"tribe-related-event-info\">\n\t<h3 class=\"tribe-related-events-title\">\n\t\t<a href=\"https:\/\/cafelapalma.com\/en\/programacion\/backstage-le-petit-truffle-mayo\/\" class=\"tribe-event-url\" rel=\"bookmark\">\n\t\t\tBACKSTAGE: LE PETIT + TRUFFLE MAYO\t\t<\/a>\n\t<\/h3>\n\t<span class=\"tribe-event-date-start\">5  September@23:55<\/span><\/div>\n<\/li>\n\t\t\t<li>\n\t\n<div class=\"tribe-related-events-thumbnail\">\n\t<a href=\"https:\/\/cafelapalma.com\/en\/programacion\/willie-deville-concierto-benefico-x-venezuela\/\" class=\"url\" rel=\"bookmark\" tabindex=\"-1\" aria-hidden=\"true\"><img loading=\"lazy\" decoding=\"async\" width=\"1020\" height=\"531\" src=\"https:\/\/cafelapalma.com\/wp-content\/uploads\/2026\/08\/Willie-deville-1100x572-1-1040x541.jpg\" class=\"attachment-large size-large wp-post-image\" alt=\"\" \/><\/a>\n<\/div>\n\t<div class=\"tribe-related-event-info\">\n\t<h3 class=\"tribe-related-events-title\">\n\t\t<a href=\"https:\/\/cafelapalma.com\/en\/programacion\/willie-deville-concierto-benefico-x-venezuela\/\" class=\"tribe-event-url\" rel=\"bookmark\">\n\t\t\tWILLIE DEVILLE: CONCIERTO BEN\u00c9FICO X VENEZUELA\t\t<\/a>\n\t<\/h3>\n\t<span class=\"tribe-event-date-start\">6  September@21:00<\/span><span class=\"tribe-event-time\">23:45<\/span><\/div>\n<\/li>\n\t<\/ul>","protected":false},"excerpt":{"rendered":"<p>Lo que fue el titular de una cr\u00edtica que intentaba definir con sarcasmo la propuesta musical de \u00c1lvaro Romero, es resignificado por el propio cantaor andaluz en el t\u00edtulo de su nueva obra. \u00abJam\u00f3n, Romero y Chocolate\u00bb es un manifiesto sonoro de las cavilaciones y las derivas que puede tomar el flamenco si lo acercas &hellip; <\/p>","protected":false},"author":2,"featured_media":30578,"template":"","meta":{"_tec_requires_first_save":false,"_uag_custom_page_level_css":"","loftloader_page_shortcode":"","_EventAllDay":false,"_EventTimezone":"Europe\/Madrid","_EventStartDate":"2025-06-05 22:00:00","_EventEndDate":"2025-06-05 23:45:00","_EventStartDateUTC":"2025-06-05 20:00:00","_EventEndDateUTC":"2025-06-05 21:45:00","_EventShowMap":false,"_EventShowMapLink":false,"_EventURL":"https:\/\/dice.fm\/event\/3ompnv-yeli-yeli-en-sound-isidro-5th-jun-caf-la-palma-madrid-tickets","_EventCost":"12","_EventCostDescription":"","_EventCurrencySymbol":"\u20ac","_EventCurrencyCode":"USD","_EventCurrencyPosition":"suffix","_EventDateTimeSeparator":"@","_EventTimeRangeSeparator":"-","_EventOrganizerID":[],"_EventVenueID":[],"_OrganizerEmail":"","_OrganizerPhone":"","_OrganizerWebsite":"","_VenueAddress":"","_VenueCity":"","_VenueCountry":"","_VenueProvince":"","_VenueState":"","_VenueZip":"","_VenuePhone":"","_VenueURL":"","_VenueStateProvince":"","_VenueLat":"","_VenueLng":"","_VenueShowMap":false,"_VenueShowMapLink":false,"_tribe_blocks_recurrence_rules":"","_tribe_blocks_recurrence_description":"","_tribe_blocks_recurrence_exclusions":"","_ecp_custom_2":"","_tribe_events_status":"","_tribe_events_status_reason":"","_tribe_events_is_hybrid":"","_tribe_events_is_virtual":"","_tribe_events_virtual_video_source":"","_tribe_events_virtual_embed_video":"","_tribe_events_virtual_linked_button_text":"","_tribe_events_virtual_linked_button":"","_tribe_events_virtual_show_embed_at":"","_tribe_events_virtual_show_embed_to":[],"_tribe_events_virtual_show_on_event":"","_tribe_events_virtual_show_on_views":"","_tribe_events_virtual_url":"","footnotes":""},"tags":[17176,17179,1363,2865,9147,9146,17180,17177,17015],"tribe_events_cat":[8963],"class_list":["post-30791","tribe_events","type-tribe_events","status-publish","has-post-thumbnail","hentry","tag-alvaro-romero","tag-amapiano","tag-cafe-la-palma","tag-conciertos-cafe-la-palma","tag-conciertos-madrid","tag-conciertos-malasana","tag-flamenco-electronico","tag-jamon-romero-y-chocolate","tag-sound-isidro-2025","tribe_events_cat-concierto","cat_concierto"],"uagb_featured_image_src":{"full":["https:\/\/cafelapalma.com\/wp-content\/uploads\/2025\/02\/SO25FRONT.jpg",1238,2251,false],"thumbnail":["https:\/\/cafelapalma.com\/wp-content\/uploads\/2025\/02\/SO25FRONT-150x150.jpg",150,150,true],"medium":["https:\/\/cafelapalma.com\/wp-content\/uploads\/2025\/02\/SO25FRONT-165x300.jpg",165,300,true],"medium_large":["https:\/\/cafelapalma.com\/wp-content\/uploads\/2025\/02\/SO25FRONT-768x1396.jpg",768,1396,true],"large":["https:\/\/cafelapalma.com\/wp-content\/uploads\/2025\/02\/SO25FRONT-572x1040.jpg",572,1040,true],"1536x1536":["https:\/\/cafelapalma.com\/wp-content\/uploads\/2025\/02\/SO25FRONT-845x1536.jpg",845,1536,true],"2048x2048":["https:\/\/cafelapalma.com\/wp-content\/uploads\/2025\/02\/SO25FRONT-1126x2048.jpg",1126,2048,true],"trp-custom-language-flag":["https:\/\/cafelapalma.com\/wp-content\/uploads\/2025\/02\/SO25FRONT.jpg",7,12,false],"blossom-feminine-slider":["https:\/\/cafelapalma.com\/wp-content\/uploads\/2025\/02\/SO25FRONT-1238x649.jpg",1238,649,true],"blossom-feminine-featured":["https:\/\/cafelapalma.com\/wp-content\/uploads\/2025\/02\/SO25FRONT-1238x600.jpg",1238,600,true],"blossom-feminine-with-sidebar":["https:\/\/cafelapalma.com\/wp-content\/uploads\/2025\/02\/SO25FRONT-1020x600.jpg",1020,600,true],"blossom-feminine-blog":["https:\/\/cafelapalma.com\/wp-content\/uploads\/2025\/02\/SO25FRONT-435x435.jpg",435,435,true],"blossom-feminine-cat":["https:\/\/cafelapalma.com\/wp-content\/uploads\/2025\/02\/SO25FRONT-450x300.jpg",450,300,true],"blossom-feminine-related":["https:\/\/cafelapalma.com\/wp-content\/uploads\/2025\/02\/SO25FRONT-320x200.jpg",320,200,true],"blossom-feminine-schema":["https:\/\/cafelapalma.com\/wp-content\/uploads\/2025\/02\/SO25FRONT-33x60.jpg",33,60,true]},"uagb_author_info":{"display_name":"Victor","author_link":"https:\/\/cafelapalma.com\/en\/author\/comunicacion\/"},"uagb_comment_info":0,"uagb_excerpt":"Lo que fue el titular de una cr\u00edtica que intentaba definir con sarcasmo la propuesta musical de \u00c1lvaro Romero, es resignificado por el propio cantaor andaluz en el t\u00edtulo de su nueva obra. \u00abJam\u00f3n, Romero y Chocolate\u00bb es un manifiesto sonoro de las cavilaciones y las derivas que puede tomar el flamenco si lo acercas&hellip;","_links":{"self":[{"href":"https:\/\/cafelapalma.com\/en\/wp-json\/wp\/v2\/tribe_events\/30791","targetHints":{"allow":["GET"]}}],"collection":[{"href":"https:\/\/cafelapalma.com\/en\/wp-json\/wp\/v2\/tribe_events"}],"about":[{"href":"https:\/\/cafelapalma.com\/en\/wp-json\/wp\/v2\/types\/tribe_events"}],"author":[{"embeddable":true,"href":"https:\/\/cafelapalma.com\/en\/wp-json\/wp\/v2\/users\/2"}],"version-history":[{"count":0,"href":"https:\/\/cafelapalma.com\/en\/wp-json\/wp\/v2\/tribe_events\/30791\/revisions"}],"wp:featuredmedia":[{"embeddable":true,"href":"https:\/\/cafelapalma.com\/en\/wp-json\/wp\/v2\/media\/30578"}],"wp:attachment":[{"href":"https:\/\/cafelapalma.com\/en\/wp-json\/wp\/v2\/media?parent=30791"}],"wp:term":[{"taxonomy":"post_tag","embeddable":true,"href":"https:\/\/cafelapalma.com\/en\/wp-json\/wp\/v2\/tags?post=30791"},{"taxonomy":"tribe_events_cat","embeddable":true,"href":"https:\/\/cafelapalma.com\/en\/wp-json\/wp\/v2\/tribe_events_cat?post=30791"}],"curies":[{"name":"wp","href":"https:\/\/api.w.org\/{rel}","templated":true}]}}