{"id":30803,"date":"2025-03-13T19:06:02","date_gmt":"2025-03-13T18:06:02","guid":{"rendered":"https:\/\/cafelapalma.com\/?post_type=tribe_events&#038;p=30803"},"modified":"2025-03-13T19:06:04","modified_gmt":"2025-03-13T18:06:04","slug":"joanna-crass","status":"publish","type":"tribe_events","link":"https:\/\/cafelapalma.com\/en\/programacion\/joanna-crass\/","title":{"rendered":"JOANNA CRASS"},"content":{"rendered":"<div  class=\"tribe-events-schedule tribe-clearfix\" >\n\t<p class=\"tribe-events-schedule__datetime\">\n\t\t<span class=\"tribe-events-schedule__date tribe-events-schedule__date--start\">\n\t\t\t23  May  2025\t\t<\/span>\n\n\t\t\t\t\t<span class=\"tribe-events-schedule__separator tribe-events-schedule__separator--date\">\n\t\t\t\t@\t\t\t<\/span>\n\t\t\t<span class=\"tribe-events-schedule__time tribe-events-schedule__time--start\">\n\t\t\t\t22:00\t\t\t<\/span>\n\t\t\n\t\t\t\t\t\t\t\t\t<span class=\"tribe-events-schedule__separator tribe-events-schedule__separator--time\">\n\t\t\t\t\t&#8211;\t\t\t\t<\/span>\n\t\t\t\n\t\t\t\t\t\t\t<span class=\"tribe-events-schedule__time tribe-events-schedule__time--end\">\n\t\t\t\t\t23:45\t\t\t\t<\/span>\n\t\t\t\n\t\t\t\t\t\t<\/p>\n<\/div>\n\n\n<div  class=\"tribe-block tribe-block__event-price\" >\n\t\t\t<span class=\"tribe-block__event-price__cost\"> 12\u20ac <\/span>\n\t\t\t\t<span class=\"tribe-block__event-price__description\">+ gg Anticipada | 15\u20ac Taquilla<\/span>\n\t<\/div>\n\n\n\n<div style=\"height:100px\" aria-hidden=\"true\" class=\"wp-block-spacer\"><\/div>\n\n\n\n<div class=\"wp-block-columns is-layout-flex wp-container-core-columns-is-layout-8f761849 wp-block-columns-is-layout-flex\">\n<div class=\"wp-block-column is-layout-flow wp-block-column-is-layout-flow\" style=\"flex-basis:33.33%\">\n<figure class=\"wp-block-image size-large\"><img loading=\"lazy\" decoding=\"async\" width=\"780\" height=\"1040\" src=\"https:\/\/cafelapalma.com\/wp-content\/uploads\/2025\/03\/JOANNA-CRASS-A3-LOW-780x1040.jpg\" alt=\"\" class=\"wp-image-30804\" srcset=\"https:\/\/cafelapalma.com\/wp-content\/uploads\/2025\/03\/JOANNA-CRASS-A3-LOW-780x1040.jpg 780w, https:\/\/cafelapalma.com\/wp-content\/uploads\/2025\/03\/JOANNA-CRASS-A3-LOW-225x300.jpg 225w, https:\/\/cafelapalma.com\/wp-content\/uploads\/2025\/03\/JOANNA-CRASS-A3-LOW-768x1024.jpg 768w, https:\/\/cafelapalma.com\/wp-content\/uploads\/2025\/03\/JOANNA-CRASS-A3-LOW-1152x1536.jpg 1152w, https:\/\/cafelapalma.com\/wp-content\/uploads\/2025\/03\/JOANNA-CRASS-A3-LOW-1536x2048.jpg 1536w, https:\/\/cafelapalma.com\/wp-content\/uploads\/2025\/03\/JOANNA-CRASS-A3-LOW-45x60.jpg 45w\" sizes=\"auto, (max-width: 780px) 100vw, 780px\" \/><\/figure>\n\n\n<div  class=\"tribe-block tribe-block__event-website\" >\n\t<a\n\t\thref=\"https:\/\/entradas.musicbus.es\/events\/joanna-crass-cafe-la-palma\"\n\t\ttarget=\"_self\"\n\t\t\t>\n\t\tBUY TICKETS\t<\/a>\n<\/div>\n<\/div>\n\n\n\n<div class=\"wp-block-column is-layout-flow wp-block-column-is-layout-flow\" style=\"flex-basis:66.66%\">\n<div style=\"height:100px\" aria-hidden=\"true\" class=\"wp-block-spacer\"><\/div>\n\n\n\n<p class=\"has-text-align-left wp-block-paragraph\"><strong>JOANNA CRASS<\/strong>\u00a0es una cantante y compositora de <strong>Barcelona <\/strong>que se hizo sitio en la escena del pop nacional con hits como<strong><em> \u201cMe gustas demasiado\u201d<\/em><\/strong> o <strong><em>\u201cSe te hizo tarde\u201d<\/em><\/strong>. Reconocida como una figura p\u00fablica en la comunidad LGTBIQA+ y con un fuerte alcance en redes sociales, ha participado con su en\u00e9rgico show por festivales de renombre como el <strong>Pride Barcelona<\/strong>, el <strong>Share Festival<\/strong> y el <strong>Negrita Music Festival<\/strong>.<\/p>\n\n\n\n<p class=\"has-text-align-left wp-block-paragraph\">Este 2025 deja paso a su lado m\u00e1s sensible e \u00edntimo trayendo un nuevo directo con banda para presentar<em>\u00a0<strong>\u00abV\u00e9rtigo\u00bb<\/strong><\/em>, su \u00e1lbum de debut y una declaraci\u00f3n de sus experiencias m\u00e1s personales. Temas como <strong><em>\u201cNublado\u201d<\/em><\/strong> o <strong><em>\u201cNada es para siempre\u201d<\/em><\/strong> sonar\u00e1n en esta gira cuya parada en la capital ser\u00e1 en el emblem\u00e1tico <strong>CAFE LA PALMA<\/strong>.<\/p>\n\n\n\n<p class=\"has-text-align-right wp-block-paragraph\"><em><a href=\"https:\/\/open.spotify.com\/intl-es\/artist\/5NH7AZYpUjd9UL1vR3KMzD?si=3VDhlKdVTcW_WhBP8DrWUQ\">Listen to <\/a><\/em><strong><a href=\"https:\/\/open.spotify.com\/intl-es\/artist\/5NH7AZYpUjd9UL1vR3KMzD?si=3VDhlKdVTcW_WhBP8DrWUQ\">JOANNA CRASS<\/a><\/strong><em><a href=\"https:\/\/open.spotify.com\/intl-es\/artist\/5NH7AZYpUjd9UL1vR3KMzD?si=3VDhlKdVTcW_WhBP8DrWUQ\"> in <\/a><\/em><strong><a href=\"https:\/\/open.spotify.com\/intl-es\/artist\/5NH7AZYpUjd9UL1vR3KMzD?si=3VDhlKdVTcW_WhBP8DrWUQ\">Spotify<\/a><\/strong><\/p>\n<\/div>\n<\/div>\n\n\n\n<div style=\"height:100px\" aria-hidden=\"true\" class=\"wp-block-spacer\"><\/div>\n\n\n\n<hr class=\"wp-block-separator has-alpha-channel-opacity\"\/>\n\n\n\n<div style=\"height:100px\" aria-hidden=\"true\" class=\"wp-block-spacer\"><\/div>\n\n\n<h2 class=\"tribe-block__related-events__title\">Related Events<\/h2>\n\n<ul  class=\"tribe-related-events tribe-clearfix\" >\n\t\t\t<li>\n\t\n<div class=\"tribe-related-events-thumbnail\">\n\t<a href=\"https:\/\/cafelapalma.com\/en\/programacion\/funkin-donuts\/\" class=\"url\" rel=\"bookmark\" tabindex=\"-1\" aria-hidden=\"true\"><img loading=\"lazy\" decoding=\"async\" width=\"693\" height=\"1040\" src=\"https:\/\/cafelapalma.com\/wp-content\/uploads\/2026\/07\/FD-vert2-bn-693x1040.jpg\" class=\"attachment-large size-large wp-post-image\" alt=\"\" \/><\/a>\n<\/div>\n\t<div class=\"tribe-related-event-info\">\n\t<h3 class=\"tribe-related-events-title\">\n\t\t<a href=\"https:\/\/cafelapalma.com\/en\/programacion\/funkin-donuts\/\" class=\"tribe-event-url\" rel=\"bookmark\">\n\t\t\tFUNKIN&#8217; DONUTS\t\t<\/a>\n\t<\/h3>\n\t<span class=\"tribe-event-date-start\">5  September@22:00<\/span><span class=\"tribe-event-time\">23:45<\/span><\/div>\n<\/li>\n\t\t\t<li>\n\t\n<div class=\"tribe-related-events-thumbnail\">\n\t<a href=\"https:\/\/cafelapalma.com\/en\/programacion\/backstage-le-petit-truffle-mayo\/\" class=\"url\" rel=\"bookmark\" tabindex=\"-1\" aria-hidden=\"true\"><img loading=\"lazy\" decoding=\"async\" width=\"780\" height=\"1040\" src=\"https:\/\/cafelapalma.com\/wp-content\/uploads\/2026\/07\/Imagen-TruffleMayo-LePetit-i-1-780x1040.png\" class=\"attachment-large size-large wp-post-image\" alt=\"\" \/><\/a>\n<\/div>\n\t<div class=\"tribe-related-event-info\">\n\t<h3 class=\"tribe-related-events-title\">\n\t\t<a href=\"https:\/\/cafelapalma.com\/en\/programacion\/backstage-le-petit-truffle-mayo\/\" class=\"tribe-event-url\" rel=\"bookmark\">\n\t\t\tBACKSTAGE: LE PETIT + TRUFFLE MAYO\t\t<\/a>\n\t<\/h3>\n\t<span class=\"tribe-event-date-start\">5  September@23:55<\/span><\/div>\n<\/li>\n\t\t\t<li>\n\t\n<div class=\"tribe-related-events-thumbnail\">\n\t<a href=\"https:\/\/cafelapalma.com\/en\/programacion\/willie-deville-concierto-benefico-x-venezuela\/\" class=\"url\" rel=\"bookmark\" tabindex=\"-1\" aria-hidden=\"true\"><img loading=\"lazy\" decoding=\"async\" width=\"1020\" height=\"531\" src=\"https:\/\/cafelapalma.com\/wp-content\/uploads\/2026\/08\/Willie-deville-1100x572-1-1040x541.jpg\" class=\"attachment-large size-large wp-post-image\" alt=\"\" \/><\/a>\n<\/div>\n\t<div class=\"tribe-related-event-info\">\n\t<h3 class=\"tribe-related-events-title\">\n\t\t<a href=\"https:\/\/cafelapalma.com\/en\/programacion\/willie-deville-concierto-benefico-x-venezuela\/\" class=\"tribe-event-url\" rel=\"bookmark\">\n\t\t\tWILLIE DEVILLE: CONCIERTO BEN\u00c9FICO X VENEZUELA\t\t<\/a>\n\t<\/h3>\n\t<span class=\"tribe-event-date-start\">6  September@21:00<\/span><span class=\"tribe-event-time\">23:45<\/span><\/div>\n<\/li>\n\t<\/ul>","protected":false},"excerpt":{"rendered":"<p>JOANNA CRASS\u00a0es una cantante y compositora de Barcelona que se hizo sitio en la escena del pop nacional con hits como \u201cMe gustas demasiado\u201d o \u201cSe te hizo tarde\u201d. Reconocida como una figura p\u00fablica en la comunidad LGTBIQA+ y con un fuerte alcance en redes sociales, ha participado con su en\u00e9rgico show por festivales de &hellip; <\/p>","protected":false},"author":2,"featured_media":30805,"template":"","meta":{"_tec_requires_first_save":false,"_uag_custom_page_level_css":"","loftloader_page_shortcode":"","_EventAllDay":false,"_EventTimezone":"Europe\/Madrid","_EventStartDate":"2025-05-23 22:00:00","_EventEndDate":"2025-05-23 23:45:00","_EventStartDateUTC":"2025-05-23 20:00:00","_EventEndDateUTC":"2025-05-23 21:45:00","_EventShowMap":false,"_EventShowMapLink":false,"_EventURL":"https:\/\/entradas.musicbus.es\/events\/joanna-crass-cafe-la-palma","_EventCost":"12","_EventCostDescription":"","_EventCurrencySymbol":"\u20ac","_EventCurrencyCode":"USD","_EventCurrencyPosition":"suffix","_EventDateTimeSeparator":"@","_EventTimeRangeSeparator":"-","_EventOrganizerID":[],"_EventVenueID":[],"_OrganizerEmail":"","_OrganizerPhone":"","_OrganizerWebsite":"","_VenueAddress":"","_VenueCity":"","_VenueCountry":"","_VenueProvince":"","_VenueState":"","_VenueZip":"","_VenuePhone":"","_VenueURL":"","_VenueStateProvince":"","_VenueLat":"","_VenueLng":"","_VenueShowMap":false,"_VenueShowMapLink":false,"_tribe_blocks_recurrence_rules":"","_tribe_blocks_recurrence_description":"","_tribe_blocks_recurrence_exclusions":"","_ecp_custom_2":"","_tribe_events_status":"","_tribe_events_status_reason":"","_tribe_events_is_hybrid":"","_tribe_events_is_virtual":"","_tribe_events_virtual_video_source":"","_tribe_events_virtual_embed_video":"","_tribe_events_virtual_linked_button_text":"","_tribe_events_virtual_linked_button":"","_tribe_events_virtual_show_embed_at":"","_tribe_events_virtual_show_embed_to":[],"_tribe_events_virtual_show_on_event":"","_tribe_events_virtual_show_on_views":"","_tribe_events_virtual_url":"","footnotes":""},"tags":[1363,8869,2865,9147,9146,17181,17182,12825,17186,17185,1355,17183,17184],"tribe_events_cat":[8963],"class_list":["post-30803","tribe_events","type-tribe_events","status-publish","has-post-thumbnail","hentry","tag-cafe-la-palma","tag-cafe-la-palma-2","tag-conciertos-cafe-la-palma","tag-conciertos-madrid","tag-conciertos-malasana","tag-joanna-crass","tag-me-gustas-demasiado","tag-music-bus","tag-nada-es-para-siempre","tag-nublado","tag-pop","tag-se-te-hizo-tarde","tag-vertigo","tribe_events_cat-concierto","cat_concierto"],"uagb_featured_image_src":{"full":["https:\/\/cafelapalma.com\/wp-content\/uploads\/2025\/03\/JOANNA-CRASS-LOWPIC-scaled.jpg",2000,3000,false],"thumbnail":["https:\/\/cafelapalma.com\/wp-content\/uploads\/2025\/03\/JOANNA-CRASS-LOWPIC-150x150.jpg",150,150,true],"medium":["https:\/\/cafelapalma.com\/wp-content\/uploads\/2025\/03\/JOANNA-CRASS-LOWPIC-200x300.jpg",200,300,true],"medium_large":["https:\/\/cafelapalma.com\/wp-content\/uploads\/2025\/03\/JOANNA-CRASS-LOWPIC-768x1152.jpg",768,1152,true],"large":["https:\/\/cafelapalma.com\/wp-content\/uploads\/2025\/03\/JOANNA-CRASS-LOWPIC-693x1040.jpg",693,1040,true],"1536x1536":["https:\/\/cafelapalma.com\/wp-content\/uploads\/2025\/03\/JOANNA-CRASS-LOWPIC-1024x1536.jpg",1024,1536,true],"2048x2048":["https:\/\/cafelapalma.com\/wp-content\/uploads\/2025\/03\/JOANNA-CRASS-LOWPIC-1365x2048.jpg",1365,2048,true],"trp-custom-language-flag":["https:\/\/cafelapalma.com\/wp-content\/uploads\/2025\/03\/JOANNA-CRASS-LOWPIC-scaled.jpg",8,12,false],"blossom-feminine-slider":["https:\/\/cafelapalma.com\/wp-content\/uploads\/2025\/03\/JOANNA-CRASS-LOWPIC-1920x649.jpg",1920,649,true],"blossom-feminine-featured":["https:\/\/cafelapalma.com\/wp-content\/uploads\/2025\/03\/JOANNA-CRASS-LOWPIC-1410x600.jpg",1410,600,true],"blossom-feminine-with-sidebar":["https:\/\/cafelapalma.com\/wp-content\/uploads\/2025\/03\/JOANNA-CRASS-LOWPIC-1020x600.jpg",1020,600,true],"blossom-feminine-blog":["https:\/\/cafelapalma.com\/wp-content\/uploads\/2025\/03\/JOANNA-CRASS-LOWPIC-435x435.jpg",435,435,true],"blossom-feminine-cat":["https:\/\/cafelapalma.com\/wp-content\/uploads\/2025\/03\/JOANNA-CRASS-LOWPIC-450x300.jpg",450,300,true],"blossom-feminine-related":["https:\/\/cafelapalma.com\/wp-content\/uploads\/2025\/03\/JOANNA-CRASS-LOWPIC-320x200.jpg",320,200,true],"blossom-feminine-schema":["https:\/\/cafelapalma.com\/wp-content\/uploads\/2025\/03\/JOANNA-CRASS-LOWPIC-40x60.jpg",40,60,true]},"uagb_author_info":{"display_name":"Victor","author_link":"https:\/\/cafelapalma.com\/en\/author\/comunicacion\/"},"uagb_comment_info":0,"uagb_excerpt":"JOANNA CRASS\u00a0es una cantante y compositora de Barcelona que se hizo sitio en la escena del pop nacional con hits como \u201cMe gustas demasiado\u201d o \u201cSe te hizo tarde\u201d. Reconocida como una figura p\u00fablica en la comunidad LGTBIQA+ y con un fuerte alcance en redes sociales, ha participado con su en\u00e9rgico show por festivales de&hellip;","_links":{"self":[{"href":"https:\/\/cafelapalma.com\/en\/wp-json\/wp\/v2\/tribe_events\/30803","targetHints":{"allow":["GET"]}}],"collection":[{"href":"https:\/\/cafelapalma.com\/en\/wp-json\/wp\/v2\/tribe_events"}],"about":[{"href":"https:\/\/cafelapalma.com\/en\/wp-json\/wp\/v2\/types\/tribe_events"}],"author":[{"embeddable":true,"href":"https:\/\/cafelapalma.com\/en\/wp-json\/wp\/v2\/users\/2"}],"version-history":[{"count":0,"href":"https:\/\/cafelapalma.com\/en\/wp-json\/wp\/v2\/tribe_events\/30803\/revisions"}],"wp:featuredmedia":[{"embeddable":true,"href":"https:\/\/cafelapalma.com\/en\/wp-json\/wp\/v2\/media\/30805"}],"wp:attachment":[{"href":"https:\/\/cafelapalma.com\/en\/wp-json\/wp\/v2\/media?parent=30803"}],"wp:term":[{"taxonomy":"post_tag","embeddable":true,"href":"https:\/\/cafelapalma.com\/en\/wp-json\/wp\/v2\/tags?post=30803"},{"taxonomy":"tribe_events_cat","embeddable":true,"href":"https:\/\/cafelapalma.com\/en\/wp-json\/wp\/v2\/tribe_events_cat?post=30803"}],"curies":[{"name":"wp","href":"https:\/\/api.w.org\/{rel}","templated":true}]}}