{"id":30812,"date":"2025-03-17T14:17:27","date_gmt":"2025-03-17T13:17:27","guid":{"rendered":"https:\/\/cafelapalma.com\/?post_type=tribe_events&#038;p=30812"},"modified":"2025-03-18T10:25:43","modified_gmt":"2025-03-18T09:25:43","slug":"vitalic-ketapasando-cafe-la-palma-30-aniv","status":"publish","type":"tribe_events","link":"https:\/\/cafelapalma.com\/en\/programacion\/vitalic-ketapasando-cafe-la-palma-30-aniv\/","title":{"rendered":"VITALIC DJ SET"},"content":{"rendered":"<div  class=\"tribe-events-schedule tribe-clearfix\" >\n\t<p class=\"tribe-events-schedule__datetime\">\n\t\t<span class=\"tribe-events-schedule__date tribe-events-schedule__date--start\">\n\t\t\t21  March  2025\t\t<\/span>\n\n\t\t\t\t\t<span class=\"tribe-events-schedule__separator tribe-events-schedule__separator--date\">\n\t\t\t\t@\t\t\t<\/span>\n\t\t\t<span class=\"tribe-events-schedule__time tribe-events-schedule__time--start\">\n\t\t\t\t23:50\t\t\t<\/span>\n\t\t\n\t\t\t\t\t\t\t\t\t<span class=\"tribe-events-schedule__separator tribe-events-schedule__separator--time\">\n\t\t\t\t\t&#8211;\t\t\t\t<\/span>\n\t\t\t\n\t\t\t\t\t\t\t<span class=\"tribe-events-schedule__time tribe-events-schedule__time--end\">\n\t\t\t\t\t23:55\t\t\t\t<\/span>\n\t\t\t\n\t\t\t\t\t\t<\/p>\n<\/div>\n\n\n<div  class=\"tribe-block tribe-block__event-price\" >\n\t\t\t<span class=\"tribe-block__event-price__cost\"> ENTRADAS AGOTADAS <\/span>\n\t\t\t\t<span class=\"tribe-block__event-price__description\">#soldout<\/span>\n\t<\/div>\n\n\n\n<div style=\"height:100px\" aria-hidden=\"true\" class=\"wp-block-spacer\"><\/div>\n\n\n\n<div class=\"wp-block-columns is-layout-flex wp-container-core-columns-is-layout-8f761849 wp-block-columns-is-layout-flex\">\n<div class=\"wp-block-column is-layout-flow wp-block-column-is-layout-flow\" style=\"flex-basis:33.33%\">\n<figure class=\"wp-block-image size-large\"><img loading=\"lazy\" decoding=\"async\" width=\"739\" height=\"1040\" src=\"https:\/\/cafelapalma.com\/wp-content\/uploads\/2025\/03\/A3_WEB_VITALICV3-739x1040.jpg\" alt=\"\" class=\"wp-image-30813\" srcset=\"https:\/\/cafelapalma.com\/wp-content\/uploads\/2025\/03\/A3_WEB_VITALICV3-739x1040.jpg 739w, https:\/\/cafelapalma.com\/wp-content\/uploads\/2025\/03\/A3_WEB_VITALICV3-213x300.jpg 213w, https:\/\/cafelapalma.com\/wp-content\/uploads\/2025\/03\/A3_WEB_VITALICV3-768x1081.jpg 768w, https:\/\/cafelapalma.com\/wp-content\/uploads\/2025\/03\/A3_WEB_VITALICV3-1091x1536.jpg 1091w, https:\/\/cafelapalma.com\/wp-content\/uploads\/2025\/03\/A3_WEB_VITALICV3-43x60.jpg 43w, https:\/\/cafelapalma.com\/wp-content\/uploads\/2025\/03\/A3_WEB_VITALICV3.jpg 1181w\" sizes=\"auto, (max-width: 739px) 100vw, 739px\" \/><\/figure>\n<\/div>\n\n\n\n<div class=\"wp-block-column is-layout-flow wp-block-column-is-layout-flow\" style=\"flex-basis:66.66%\">\n<p class=\"wp-block-paragraph\"><\/p>\n\n\n\n<p class=\"has-text-align-left wp-block-paragraph\">\u2026 y este era el <strong><em>Top Secret Special Guest <\/em><\/strong>que nos guard\u00e1bamos para la <em>closing party<\/em> de nuestro 30 Aniversario: <strong>VITALIC<\/strong>, una figura imprescindible sin la cual no podr\u00eda entenderse la escena electr\u00f3nica mundial en las \u00faltimas dos d\u00e9cadas. Un artista, desde luego, a la altura de las circunstancias, que llega de la mano de <strong>#ketapasando<\/strong>, uno de los colectivos con ADN residente en <strong>CAFE LA PALMA<\/strong>. &nbsp;<\/p>\n\n\n\n<p class=\"has-text-align-left wp-block-paragraph\">Con una capacidad de reinvenci\u00f3n asombrosa, <strong>VITALIC <\/strong>es capaz de mezclar con la misma energ\u00eda el hard techno, la m\u00fasica disco, la electr\u00f3nica de los \u201880, el electroclash e incluso el punk. Desde el principio de su carrera, adem\u00e1s, ha demostrado su amor por live sets, un g\u00e9nero que ha legitimado (al igual que <strong>Etienne de Cr\u00e9cy<\/strong>, <strong>Daft Punk<\/strong> y <strong>Justice<\/strong>, por ejemplo) a trav\u00e9s de sus electrizantes y casi psicod\u00e9licas puestas en escena.<\/p>\n\n\n\n<p class=\"has-text-align-left wp-block-paragraph\">Bien arropado por la crew de <strong>#ketapasando<\/strong> \u2013<strong>Alemal<\/strong>, <strong>Jennifar L\u00f3pez<\/strong>,<strong> Angry Baffle<\/strong> y <strong>Dj Caution<\/strong>\u2013, ponemos el broche de oro, por fin, a nuestro ciclo de conciertos y sesiones de club que comenzamos en enero para celebrar nuestros 30 a\u00f1os en la brecha.<\/p>\n\n\n\n<p class=\"has-text-align-left wp-block-paragraph\">Gracias a todos aquellos que hab\u00e9is confiado en el cartel del Aniversario y hab\u00e9is comprado la entrada a ciegas y sin preguntar. Esperamos que lo disfrut\u00e9is.<\/p>\n\n\n\n<p class=\"has-text-align-right wp-block-paragraph\"><em><a href=\"https:\/\/open.spotify.com\/intl-es\/artist\/4M84umUNRbZy1mJleyyRM9?si=OXj6lyHdQ5S4Ntv1iwmnfA\">Listen to <\/a><\/em><strong><a href=\"https:\/\/open.spotify.com\/intl-es\/artist\/4M84umUNRbZy1mJleyyRM9?si=OXj6lyHdQ5S4Ntv1iwmnfA\">VITALIC <\/a><\/strong><em><a href=\"https:\/\/open.spotify.com\/intl-es\/artist\/4M84umUNRbZy1mJleyyRM9?si=OXj6lyHdQ5S4Ntv1iwmnfA\">in <\/a><\/em><strong><a href=\"https:\/\/open.spotify.com\/intl-es\/artist\/4M84umUNRbZy1mJleyyRM9?si=OXj6lyHdQ5S4Ntv1iwmnfA\">Spotify<\/a><\/strong><\/p>\n\n\n\n<p class=\"has-text-align-right wp-block-paragraph\"><em><a href=\"https:\/\/www.instagram.com\/ketapasando\/\">Sigue a <\/a><\/em><strong><a href=\"https:\/\/www.instagram.com\/ketapasando\/\">#ketapasando<\/a><\/strong><em><a href=\"https:\/\/www.instagram.com\/ketapasando\/\"> in <\/a><\/em><strong><a href=\"https:\/\/www.instagram.com\/ketapasando\/\">Instagram<\/a><\/strong><\/p>\n<\/div>\n<\/div>\n\n\n\n<div style=\"height:100px\" aria-hidden=\"true\" class=\"wp-block-spacer\"><\/div>\n\n\n\n<hr class=\"wp-block-separator has-alpha-channel-opacity\"\/>\n\n\n\n<div style=\"height:100px\" aria-hidden=\"true\" class=\"wp-block-spacer\"><\/div>\n\n\n<h2 class=\"tribe-block__related-events__title\">Related Events<\/h2>\n\n<ul  class=\"tribe-related-events tribe-clearfix\" >\n\t\t\t<li>\n\t\n<div class=\"tribe-related-events-thumbnail\">\n\t<a href=\"https:\/\/cafelapalma.com\/en\/programacion\/funkin-donuts\/\" class=\"url\" rel=\"bookmark\" tabindex=\"-1\" aria-hidden=\"true\"><img loading=\"lazy\" decoding=\"async\" width=\"693\" height=\"1040\" src=\"https:\/\/cafelapalma.com\/wp-content\/uploads\/2026\/07\/FD-vert2-bn-693x1040.jpg\" class=\"attachment-large size-large wp-post-image\" alt=\"\" \/><\/a>\n<\/div>\n\t<div class=\"tribe-related-event-info\">\n\t<h3 class=\"tribe-related-events-title\">\n\t\t<a href=\"https:\/\/cafelapalma.com\/en\/programacion\/funkin-donuts\/\" class=\"tribe-event-url\" rel=\"bookmark\">\n\t\t\tFUNKIN&#8217; DONUTS\t\t<\/a>\n\t<\/h3>\n\t<span class=\"tribe-event-date-start\">5  September@22:00<\/span><span class=\"tribe-event-time\">23:45<\/span><\/div>\n<\/li>\n\t\t\t<li>\n\t\n<div class=\"tribe-related-events-thumbnail\">\n\t<a href=\"https:\/\/cafelapalma.com\/en\/programacion\/backstage-le-petit-truffle-mayo\/\" class=\"url\" rel=\"bookmark\" tabindex=\"-1\" aria-hidden=\"true\"><img loading=\"lazy\" decoding=\"async\" width=\"780\" height=\"1040\" src=\"https:\/\/cafelapalma.com\/wp-content\/uploads\/2026\/07\/Imagen-TruffleMayo-LePetit-i-1-780x1040.png\" class=\"attachment-large size-large wp-post-image\" alt=\"\" \/><\/a>\n<\/div>\n\t<div class=\"tribe-related-event-info\">\n\t<h3 class=\"tribe-related-events-title\">\n\t\t<a href=\"https:\/\/cafelapalma.com\/en\/programacion\/backstage-le-petit-truffle-mayo\/\" class=\"tribe-event-url\" rel=\"bookmark\">\n\t\t\tBACKSTAGE: LE PETIT + TRUFFLE MAYO\t\t<\/a>\n\t<\/h3>\n\t<span class=\"tribe-event-date-start\">5  September@23:55<\/span><\/div>\n<\/li>\n\t\t\t<li>\n\t\n<div class=\"tribe-related-events-thumbnail\">\n\t<a href=\"https:\/\/cafelapalma.com\/en\/programacion\/willie-deville-concierto-benefico-x-venezuela\/\" class=\"url\" rel=\"bookmark\" tabindex=\"-1\" aria-hidden=\"true\"><img loading=\"lazy\" decoding=\"async\" width=\"1020\" height=\"531\" src=\"https:\/\/cafelapalma.com\/wp-content\/uploads\/2026\/08\/Willie-deville-1100x572-1-1040x541.jpg\" class=\"attachment-large size-large wp-post-image\" alt=\"\" \/><\/a>\n<\/div>\n\t<div class=\"tribe-related-event-info\">\n\t<h3 class=\"tribe-related-events-title\">\n\t\t<a href=\"https:\/\/cafelapalma.com\/en\/programacion\/willie-deville-concierto-benefico-x-venezuela\/\" class=\"tribe-event-url\" rel=\"bookmark\">\n\t\t\tWILLIE DEVILLE: CONCIERTO BEN\u00c9FICO X VENEZUELA\t\t<\/a>\n\t<\/h3>\n\t<span class=\"tribe-event-date-start\">6  September@21:00<\/span><span class=\"tribe-event-time\">23:45<\/span><\/div>\n<\/li>\n\t<\/ul>","protected":false},"excerpt":{"rendered":"<p>\u2026 y este era el Top Secret Special Guest que nos guard\u00e1bamos para la closing party de nuestro 30 Aniversario: VITALIC, una figura imprescindible sin la cual no podr\u00eda entenderse la escena electr\u00f3nica mundial en las \u00faltimas dos d\u00e9cadas. Un artista, desde luego, a la altura de las circunstancias, que llega de la mano de &hellip; <\/p>","protected":false},"author":2,"featured_media":30814,"template":"","meta":{"_tec_requires_first_save":false,"_uag_custom_page_level_css":"","loftloader_page_shortcode":"","_EventAllDay":false,"_EventTimezone":"Europe\/Madrid","_EventStartDate":"2025-03-21 23:50:00","_EventEndDate":"2025-03-21 23:55:00","_EventStartDateUTC":"2025-03-21 22:50:00","_EventEndDateUTC":"2025-03-21 22:55:00","_EventShowMap":false,"_EventShowMapLink":false,"_EventURL":"https:\/\/www.passline.com\/eventos\/ketapasando-top-secret-special-guest-cafe-la-palma-30-aniv","_EventCost":"ENTRADAS AGOTADAS","_EventCostDescription":"","_EventCurrencySymbol":"\u20ac","_EventCurrencyCode":"USD","_EventCurrencyPosition":"suffix","_EventDateTimeSeparator":"@","_EventTimeRangeSeparator":"-","_EventOrganizerID":[],"_EventVenueID":[],"_OrganizerEmail":"","_OrganizerPhone":"","_OrganizerWebsite":"","_VenueAddress":"","_VenueCity":"","_VenueCountry":"","_VenueProvince":"","_VenueState":"","_VenueZip":"","_VenuePhone":"","_VenueURL":"","_VenueStateProvince":"","_VenueLat":"","_VenueLng":"","_VenueShowMap":false,"_VenueShowMapLink":false,"_tribe_blocks_recurrence_rules":"","_tribe_blocks_recurrence_description":"","_tribe_blocks_recurrence_exclusions":"","_ecp_custom_2":"","_tribe_events_status":"","_tribe_events_status_reason":"","_tribe_events_is_hybrid":"","_tribe_events_is_virtual":"","_tribe_events_virtual_video_source":"","_tribe_events_virtual_embed_video":"","_tribe_events_virtual_linked_button_text":"","_tribe_events_virtual_linked_button":"","_tribe_events_virtual_show_embed_at":"","_tribe_events_virtual_show_embed_to":[],"_tribe_events_virtual_show_on_event":"","_tribe_events_virtual_show_on_views":"","_tribe_events_virtual_url":"","footnotes":""},"tags":[16752,9389,10047,1363,16614,9225,9915,9913,9226,9227,17187,1357,9396,11505,776,16753],"tribe_events_cat":[8964],"class_list":["post-30812","tribe_events","type-tribe_events","status-publish","has-post-thumbnail","hentry","tag-abrojo-dj","tag-alemal","tag-angry-baffle","tag-cafe-la-palma","tag-cafe-la-palma-30-aniversario","tag-cafe-la-palma-clubbing","tag-dance","tag-dj-caution","tag-djs-madrid","tag-djs-malasana","tag-electroclash","tag-electronica","tag-ketapasando","tag-rave","tag-techno","tag-vitalic","tribe_events_cat-clubbing","cat_clubbing"],"uagb_featured_image_src":{"full":["https:\/\/cafelapalma.com\/wp-content\/uploads\/2025\/03\/vitalic-shot.jpg",830,1106,false],"thumbnail":["https:\/\/cafelapalma.com\/wp-content\/uploads\/2025\/03\/vitalic-shot-150x150.jpg",150,150,true],"medium":["https:\/\/cafelapalma.com\/wp-content\/uploads\/2025\/03\/vitalic-shot-225x300.jpg",225,300,true],"medium_large":["https:\/\/cafelapalma.com\/wp-content\/uploads\/2025\/03\/vitalic-shot-768x1023.jpg",768,1023,true],"large":["https:\/\/cafelapalma.com\/wp-content\/uploads\/2025\/03\/vitalic-shot-780x1040.jpg",780,1040,true],"1536x1536":["https:\/\/cafelapalma.com\/wp-content\/uploads\/2025\/03\/vitalic-shot.jpg",830,1106,false],"2048x2048":["https:\/\/cafelapalma.com\/wp-content\/uploads\/2025\/03\/vitalic-shot.jpg",830,1106,false],"trp-custom-language-flag":["https:\/\/cafelapalma.com\/wp-content\/uploads\/2025\/03\/vitalic-shot.jpg",9,12,false],"blossom-feminine-slider":["https:\/\/cafelapalma.com\/wp-content\/uploads\/2025\/03\/vitalic-shot-830x649.jpg",830,649,true],"blossom-feminine-featured":["https:\/\/cafelapalma.com\/wp-content\/uploads\/2025\/03\/vitalic-shot-830x600.jpg",830,600,true],"blossom-feminine-with-sidebar":["https:\/\/cafelapalma.com\/wp-content\/uploads\/2025\/03\/vitalic-shot-830x600.jpg",830,600,true],"blossom-feminine-blog":["https:\/\/cafelapalma.com\/wp-content\/uploads\/2025\/03\/vitalic-shot-435x435.jpg",435,435,true],"blossom-feminine-cat":["https:\/\/cafelapalma.com\/wp-content\/uploads\/2025\/03\/vitalic-shot-450x300.jpg",450,300,true],"blossom-feminine-related":["https:\/\/cafelapalma.com\/wp-content\/uploads\/2025\/03\/vitalic-shot-320x200.jpg",320,200,true],"blossom-feminine-schema":["https:\/\/cafelapalma.com\/wp-content\/uploads\/2025\/03\/vitalic-shot-45x60.jpg",45,60,true]},"uagb_author_info":{"display_name":"Victor","author_link":"https:\/\/cafelapalma.com\/en\/author\/comunicacion\/"},"uagb_comment_info":0,"uagb_excerpt":"\u2026 y este era el Top Secret Special Guest que nos guard\u00e1bamos para la closing party de nuestro 30 Aniversario: VITALIC, una figura imprescindible sin la cual no podr\u00eda entenderse la escena electr\u00f3nica mundial en las \u00faltimas dos d\u00e9cadas. Un artista, desde luego, a la altura de las circunstancias, que llega de la mano de&hellip;","_links":{"self":[{"href":"https:\/\/cafelapalma.com\/en\/wp-json\/wp\/v2\/tribe_events\/30812","targetHints":{"allow":["GET"]}}],"collection":[{"href":"https:\/\/cafelapalma.com\/en\/wp-json\/wp\/v2\/tribe_events"}],"about":[{"href":"https:\/\/cafelapalma.com\/en\/wp-json\/wp\/v2\/types\/tribe_events"}],"author":[{"embeddable":true,"href":"https:\/\/cafelapalma.com\/en\/wp-json\/wp\/v2\/users\/2"}],"version-history":[{"count":0,"href":"https:\/\/cafelapalma.com\/en\/wp-json\/wp\/v2\/tribe_events\/30812\/revisions"}],"wp:featuredmedia":[{"embeddable":true,"href":"https:\/\/cafelapalma.com\/en\/wp-json\/wp\/v2\/media\/30814"}],"wp:attachment":[{"href":"https:\/\/cafelapalma.com\/en\/wp-json\/wp\/v2\/media?parent=30812"}],"wp:term":[{"taxonomy":"post_tag","embeddable":true,"href":"https:\/\/cafelapalma.com\/en\/wp-json\/wp\/v2\/tags?post=30812"},{"taxonomy":"tribe_events_cat","embeddable":true,"href":"https:\/\/cafelapalma.com\/en\/wp-json\/wp\/v2\/tribe_events_cat?post=30812"}],"curies":[{"name":"wp","href":"https:\/\/api.w.org\/{rel}","templated":true}]}}