{"id":30837,"date":"2025-03-21T11:32:09","date_gmt":"2025-03-21T10:32:09","guid":{"rendered":"https:\/\/cafelapalma.com\/?post_type=tribe_events&#038;p=30837"},"modified":"2025-03-21T11:34:56","modified_gmt":"2025-03-21T10:34:56","slug":"espinosa-estudio-showcase","status":"publish","type":"tribe_events","link":"https:\/\/cafelapalma.com\/en\/programacion\/espinosa-estudio-showcase\/","title":{"rendered":"SPIVEN STIELBERG + NIKOTO + MAURO CREMISINI + \u00c1NGEL ESPINOSA"},"content":{"rendered":"<div  class=\"tribe-events-schedule tribe-clearfix\" >\n\t<p class=\"tribe-events-schedule__datetime\">\n\t\t<span class=\"tribe-events-schedule__date tribe-events-schedule__date--start\">\n\t\t\t10  April  2025\t\t<\/span>\n\n\t\t\t\t\t<span class=\"tribe-events-schedule__separator tribe-events-schedule__separator--date\">\n\t\t\t\t@\t\t\t<\/span>\n\t\t\t<span class=\"tribe-events-schedule__time tribe-events-schedule__time--start\">\n\t\t\t\t23:50\t\t\t<\/span>\n\t\t\n\t\t\t\t\t\t\t\t\t<span class=\"tribe-events-schedule__separator tribe-events-schedule__separator--time\">\n\t\t\t\t\t&#8211;\t\t\t\t<\/span>\n\t\t\t\n\t\t\t\t\t\t\t<span class=\"tribe-events-schedule__time tribe-events-schedule__time--end\">\n\t\t\t\t\t23:55\t\t\t\t<\/span>\n\t\t\t\n\t\t\t\t\t\t<\/p>\n<\/div>\n\n\n<div  class=\"tribe-block tribe-block__event-price\" >\n\t\t\t<span class=\"tribe-block__event-price__cost\"> ENTRADA LIBRE <\/span>\n\t\t\t\t<span class=\"tribe-block__event-price__description\">#freepass<\/span>\n\t<\/div>\n\n\n\n<div class=\"wp-block-columns is-layout-flex wp-container-core-columns-is-layout-8f761849 wp-block-columns-is-layout-flex\">\n<div class=\"wp-block-column is-layout-flow wp-block-column-is-layout-flow\" style=\"flex-basis:33.33%\">\n<figure class=\"wp-block-image size-large\"><img loading=\"lazy\" decoding=\"async\" width=\"736\" height=\"1040\" src=\"https:\/\/cafelapalma.com\/wp-content\/uploads\/2025\/03\/IGNIS-A3-LOW-736x1040.jpg\" alt=\"\" class=\"wp-image-30838\" srcset=\"https:\/\/cafelapalma.com\/wp-content\/uploads\/2025\/03\/IGNIS-A3-LOW-736x1040.jpg 736w, https:\/\/cafelapalma.com\/wp-content\/uploads\/2025\/03\/IGNIS-A3-LOW-212x300.jpg 212w, https:\/\/cafelapalma.com\/wp-content\/uploads\/2025\/03\/IGNIS-A3-LOW-768x1086.jpg 768w, https:\/\/cafelapalma.com\/wp-content\/uploads\/2025\/03\/IGNIS-A3-LOW-1086x1536.jpg 1086w, https:\/\/cafelapalma.com\/wp-content\/uploads\/2025\/03\/IGNIS-A3-LOW-1449x2048.jpg 1449w, https:\/\/cafelapalma.com\/wp-content\/uploads\/2025\/03\/IGNIS-A3-LOW-42x60.jpg 42w\" sizes=\"auto, (max-width: 736px) 100vw, 736px\" \/><\/figure>\n<\/div>\n\n\n\n<div class=\"wp-block-column is-layout-flow wp-block-column-is-layout-flow\" style=\"flex-basis:66.66%\">\n<p class=\"wp-block-paragraph\"><\/p>\n\n\n\n<p class=\"has-text-align-left wp-block-paragraph\"><strong>Madrid <\/strong>arde. <strong>Espinosa Studio <\/strong>cambia de piel: de estudio de dise\u00f1o a consultora de branding. Y s\u00ed, vamos a celebrarlo como se merece. DJs, visuales en directo y nuestras fiestas clandestinas que por fin se abren al p\u00fablico. <em>Strategy meets Soul<\/em>. Dise\u00f1o, m\u00fasica, sudor y risas.<\/p>\n\n\n\n<p class=\"has-text-align-left wp-block-paragraph\"><strong>Spiven Stielberg <\/strong>es un coleccionista de vinilos desde que era adolescente. Comenz\u00f3 montando raves en la sierra en el \u201896 con su colectivo <strong>RC899 <\/strong>como la m\u00edtica Rave de <strong>Barajas<\/strong>. En 2003 monta junto a <strong>Miguel Guirado<\/strong> (<strong>Substuff<\/strong>) el grupo de humor electr\u00f3nico <strong>Blue Vulva &amp; The Electronic Crooner<\/strong> haciendo bailar y re\u00edr al p\u00fablico durante los quince a\u00f1os que estuvieron en activo. Para esta ocasi\u00f3n <strong>Speven Stielberg<\/strong> nos arrojar\u00e1 un caleidoscopio de estilos en forma de temazos sacados de su ecl\u00e9ctica colecci\u00f3n de discos.<\/p>\n\n\n\n<p class=\"has-text-align-left wp-block-paragraph\"><strong>Nikoto<\/strong> se estren\u00f3 en la escena electr\u00f3nica madrile\u00f1a de 2024. La mayor\u00eda de sus sets vienen inspirados por una gran influencia en hip house &amp; tech house. Disfruta mezclar combinaciones de buenas vocales y vibraciones al pecho del p\u00fablico con ritmos de 124 ~ 130 bpm.<\/p>\n\n\n\n<p class=\"has-text-align-left wp-block-paragraph\"><strong>Mauro Cremisini<\/strong> es un DJ y productor venezolano de 23 a\u00f1os. Su sonido depende de la hora, por las tardes le gusta pinchar patrones ligeros y repetitivos como el minimal house y el deep tech, pero por la noche, fusiona la energ\u00eda del psytrance con la potencia del Techno, creando una experiencia \u00fanica en cada set.<\/p>\n\n\n\n<p class=\"has-text-align-left wp-block-paragraph\"><strong>\u00c1ngel Espinosa<\/strong> se pone al mando de los visuales en su trabajo m\u00e1s personal hasta la fecha. Un viaje oscuro y sugerente, creado para perderse y dejarse llevar. Im\u00e1genes in\u00e9ditas, disparadas en directo, que se ver\u00e1n por primera vez y quiz\u00e1 por \u00faltima. Una experiencia visual cruda y visceral, pensada solo para esta noche.<\/p>\n<\/div>\n<\/div>\n\n\n\n<div style=\"height:100px\" aria-hidden=\"true\" class=\"wp-block-spacer\"><\/div>\n\n\n\n<hr class=\"wp-block-separator has-alpha-channel-opacity\"\/>\n\n\n\n<div style=\"height:100px\" aria-hidden=\"true\" class=\"wp-block-spacer\"><\/div>\n\n\n<h2 class=\"tribe-block__related-events__title\">Related Events<\/h2>\n\n<ul  class=\"tribe-related-events tribe-clearfix\" >\n\t\t\t<li>\n\t\n<div class=\"tribe-related-events-thumbnail\">\n\t<a href=\"https:\/\/cafelapalma.com\/en\/programacion\/funkin-donuts\/\" class=\"url\" rel=\"bookmark\" tabindex=\"-1\" aria-hidden=\"true\"><img loading=\"lazy\" decoding=\"async\" width=\"693\" height=\"1040\" src=\"https:\/\/cafelapalma.com\/wp-content\/uploads\/2026\/07\/FD-vert2-bn-693x1040.jpg\" class=\"attachment-large size-large wp-post-image\" alt=\"\" \/><\/a>\n<\/div>\n\t<div class=\"tribe-related-event-info\">\n\t<h3 class=\"tribe-related-events-title\">\n\t\t<a href=\"https:\/\/cafelapalma.com\/en\/programacion\/funkin-donuts\/\" class=\"tribe-event-url\" rel=\"bookmark\">\n\t\t\tFUNKIN&#8217; DONUTS\t\t<\/a>\n\t<\/h3>\n\t<span class=\"tribe-event-date-start\">5  September@22:00<\/span><span class=\"tribe-event-time\">23:45<\/span><\/div>\n<\/li>\n\t\t\t<li>\n\t\n<div class=\"tribe-related-events-thumbnail\">\n\t<a href=\"https:\/\/cafelapalma.com\/en\/programacion\/backstage-le-petit-truffle-mayo\/\" class=\"url\" rel=\"bookmark\" tabindex=\"-1\" aria-hidden=\"true\"><img loading=\"lazy\" decoding=\"async\" width=\"780\" height=\"1040\" src=\"https:\/\/cafelapalma.com\/wp-content\/uploads\/2026\/07\/Imagen-TruffleMayo-LePetit-i-1-780x1040.png\" class=\"attachment-large size-large wp-post-image\" alt=\"\" \/><\/a>\n<\/div>\n\t<div class=\"tribe-related-event-info\">\n\t<h3 class=\"tribe-related-events-title\">\n\t\t<a href=\"https:\/\/cafelapalma.com\/en\/programacion\/backstage-le-petit-truffle-mayo\/\" class=\"tribe-event-url\" rel=\"bookmark\">\n\t\t\tBACKSTAGE: LE PETIT + TRUFFLE MAYO\t\t<\/a>\n\t<\/h3>\n\t<span class=\"tribe-event-date-start\">5  September@23:55<\/span><\/div>\n<\/li>\n\t\t\t<li>\n\t\n<div class=\"tribe-related-events-thumbnail\">\n\t<a href=\"https:\/\/cafelapalma.com\/en\/programacion\/willie-deville-concierto-benefico-x-venezuela\/\" class=\"url\" rel=\"bookmark\" tabindex=\"-1\" aria-hidden=\"true\"><img loading=\"lazy\" decoding=\"async\" width=\"1020\" height=\"531\" src=\"https:\/\/cafelapalma.com\/wp-content\/uploads\/2026\/08\/Willie-deville-1100x572-1-1040x541.jpg\" class=\"attachment-large size-large wp-post-image\" alt=\"\" \/><\/a>\n<\/div>\n\t<div class=\"tribe-related-event-info\">\n\t<h3 class=\"tribe-related-events-title\">\n\t\t<a href=\"https:\/\/cafelapalma.com\/en\/programacion\/willie-deville-concierto-benefico-x-venezuela\/\" class=\"tribe-event-url\" rel=\"bookmark\">\n\t\t\tWILLIE DEVILLE: CONCIERTO BEN\u00c9FICO X VENEZUELA\t\t<\/a>\n\t<\/h3>\n\t<span class=\"tribe-event-date-start\">6  September@21:00<\/span><span class=\"tribe-event-time\">23:45<\/span><\/div>\n<\/li>\n\t<\/ul>","protected":false},"excerpt":{"rendered":"<p>Madrid arde. Espinosa Studio cambia de piel: de estudio de dise\u00f1o a consultora de branding. Y s\u00ed, vamos a celebrarlo como se merece. DJs, visuales en directo y nuestras fiestas clandestinas que por fin se abren al p\u00fablico. Strategy meets Soul. Dise\u00f1o, m\u00fasica, sudor y risas. Spiven Stielberg es un coleccionista de vinilos desde que &hellip; <\/p>","protected":false},"author":2,"featured_media":30839,"template":"","meta":{"_tec_requires_first_save":false,"_uag_custom_page_level_css":"","loftloader_page_shortcode":"","_EventAllDay":false,"_EventTimezone":"Europe\/Madrid","_EventStartDate":"2025-04-10 23:50:00","_EventEndDate":"2025-04-10 23:55:00","_EventStartDateUTC":"2025-04-10 21:50:00","_EventEndDateUTC":"2025-04-10 21:55:00","_EventShowMap":false,"_EventShowMapLink":false,"_EventURL":"","_EventCost":"ENTRADA LIBRE","_EventCostDescription":"","_EventCurrencySymbol":"\u20ac","_EventCurrencyCode":"USD","_EventCurrencyPosition":"suffix","_EventDateTimeSeparator":"@","_EventTimeRangeSeparator":"-","_EventOrganizerID":[],"_EventVenueID":[],"_OrganizerEmail":"","_OrganizerPhone":"","_OrganizerWebsite":"","_VenueAddress":"","_VenueCity":"","_VenueCountry":"","_VenueProvince":"","_VenueState":"","_VenueZip":"","_VenuePhone":"","_VenueURL":"","_VenueStateProvince":"","_VenueLat":"","_VenueLng":"","_VenueShowMap":false,"_VenueShowMapLink":false,"_tribe_blocks_recurrence_rules":"","_tribe_blocks_recurrence_description":"","_tribe_blocks_recurrence_exclusions":"","_ecp_custom_2":"","_tribe_events_status":"","_tribe_events_status_reason":"","_tribe_events_is_hybrid":"","_tribe_events_is_virtual":"","_tribe_events_virtual_video_source":"","_tribe_events_virtual_embed_video":"","_tribe_events_virtual_linked_button_text":"","_tribe_events_virtual_linked_button":"","_tribe_events_virtual_show_embed_at":"","_tribe_events_virtual_show_embed_to":[],"_tribe_events_virtual_show_on_event":"","_tribe_events_virtual_show_on_views":"","_tribe_events_virtual_url":"","footnotes":""},"tags":[17214,17208,17211,1363,8869,9225,15656,9226,9227,1357,17205,16169,17213,17209,9559,16165,17212,17207,17206,17210,9540],"tribe_events_cat":[8964],"class_list":["post-30837","tribe_events","type-tribe_events","status-publish","has-post-thumbnail","hentry","tag-angel-espinosa","tag-barajas","tag-blue-vulva-the-electronic-crooner","tag-cafe-la-palma","tag-cafe-la-palma-2","tag-cafe-la-palma-clubbing","tag-deep-tech","tag-djs-madrid","tag-djs-malasana","tag-electronica","tag-espinosa-studio","tag-hip-house","tag-mauro-cremisini","tag-miguel-guirado","tag-minimal","tag-nikoto","tag-psytrance","tag-rc899","tag-spiven-stielberg","tag-substuff","tag-tech-house","tribe_events_cat-clubbing","cat_clubbing"],"uagb_featured_image_src":{"full":["https:\/\/cafelapalma.com\/wp-content\/uploads\/2025\/03\/IGNIS-FRONT.jpg",1080,1377,false],"thumbnail":["https:\/\/cafelapalma.com\/wp-content\/uploads\/2025\/03\/IGNIS-FRONT-150x150.jpg",150,150,true],"medium":["https:\/\/cafelapalma.com\/wp-content\/uploads\/2025\/03\/IGNIS-FRONT-235x300.jpg",235,300,true],"medium_large":["https:\/\/cafelapalma.com\/wp-content\/uploads\/2025\/03\/IGNIS-FRONT-768x979.jpg",768,979,true],"large":["https:\/\/cafelapalma.com\/wp-content\/uploads\/2025\/03\/IGNIS-FRONT-816x1040.jpg",816,1040,true],"1536x1536":["https:\/\/cafelapalma.com\/wp-content\/uploads\/2025\/03\/IGNIS-FRONT.jpg",1080,1377,false],"2048x2048":["https:\/\/cafelapalma.com\/wp-content\/uploads\/2025\/03\/IGNIS-FRONT.jpg",1080,1377,false],"trp-custom-language-flag":["https:\/\/cafelapalma.com\/wp-content\/uploads\/2025\/03\/IGNIS-FRONT.jpg",9,12,false],"blossom-feminine-slider":["https:\/\/cafelapalma.com\/wp-content\/uploads\/2025\/03\/IGNIS-FRONT-1080x649.jpg",1080,649,true],"blossom-feminine-featured":["https:\/\/cafelapalma.com\/wp-content\/uploads\/2025\/03\/IGNIS-FRONT-1080x600.jpg",1080,600,true],"blossom-feminine-with-sidebar":["https:\/\/cafelapalma.com\/wp-content\/uploads\/2025\/03\/IGNIS-FRONT-1020x600.jpg",1020,600,true],"blossom-feminine-blog":["https:\/\/cafelapalma.com\/wp-content\/uploads\/2025\/03\/IGNIS-FRONT-435x435.jpg",435,435,true],"blossom-feminine-cat":["https:\/\/cafelapalma.com\/wp-content\/uploads\/2025\/03\/IGNIS-FRONT-450x300.jpg",450,300,true],"blossom-feminine-related":["https:\/\/cafelapalma.com\/wp-content\/uploads\/2025\/03\/IGNIS-FRONT-320x200.jpg",320,200,true],"blossom-feminine-schema":["https:\/\/cafelapalma.com\/wp-content\/uploads\/2025\/03\/IGNIS-FRONT-47x60.jpg",47,60,true]},"uagb_author_info":{"display_name":"Victor","author_link":"https:\/\/cafelapalma.com\/en\/author\/comunicacion\/"},"uagb_comment_info":0,"uagb_excerpt":"Madrid arde. Espinosa Studio cambia de piel: de estudio de dise\u00f1o a consultora de branding. Y s\u00ed, vamos a celebrarlo como se merece. DJs, visuales en directo y nuestras fiestas clandestinas que por fin se abren al p\u00fablico. Strategy meets Soul. Dise\u00f1o, m\u00fasica, sudor y risas. Spiven Stielberg es un coleccionista de vinilos desde que&hellip;","_links":{"self":[{"href":"https:\/\/cafelapalma.com\/en\/wp-json\/wp\/v2\/tribe_events\/30837","targetHints":{"allow":["GET"]}}],"collection":[{"href":"https:\/\/cafelapalma.com\/en\/wp-json\/wp\/v2\/tribe_events"}],"about":[{"href":"https:\/\/cafelapalma.com\/en\/wp-json\/wp\/v2\/types\/tribe_events"}],"author":[{"embeddable":true,"href":"https:\/\/cafelapalma.com\/en\/wp-json\/wp\/v2\/users\/2"}],"version-history":[{"count":0,"href":"https:\/\/cafelapalma.com\/en\/wp-json\/wp\/v2\/tribe_events\/30837\/revisions"}],"wp:featuredmedia":[{"embeddable":true,"href":"https:\/\/cafelapalma.com\/en\/wp-json\/wp\/v2\/media\/30839"}],"wp:attachment":[{"href":"https:\/\/cafelapalma.com\/en\/wp-json\/wp\/v2\/media?parent=30837"}],"wp:term":[{"taxonomy":"post_tag","embeddable":true,"href":"https:\/\/cafelapalma.com\/en\/wp-json\/wp\/v2\/tags?post=30837"},{"taxonomy":"tribe_events_cat","embeddable":true,"href":"https:\/\/cafelapalma.com\/en\/wp-json\/wp\/v2\/tribe_events_cat?post=30837"}],"curies":[{"name":"wp","href":"https:\/\/api.w.org\/{rel}","templated":true}]}}