{"id":30888,"date":"2025-04-01T08:06:55","date_gmt":"2025-04-01T06:06:55","guid":{"rendered":"https:\/\/cafelapalma.com\/?post_type=tribe_events&#038;p=30888"},"modified":"2025-04-01T08:15:00","modified_gmt":"2025-04-01T06:15:00","slug":"los-mezkinos-treintaneras-caneras","status":"publish","type":"tribe_events","link":"https:\/\/cafelapalma.com\/en\/programacion\/los-mezkinos-treintaneras-caneras\/","title":{"rendered":"LOS MEZKINOS + TREINTA\u00d1ERAS CA\u00d1ERAS"},"content":{"rendered":"<div  class=\"tribe-events-schedule tribe-clearfix\" >\n\t<p class=\"tribe-events-schedule__datetime\">\n\t\t<span class=\"tribe-events-schedule__date tribe-events-schedule__date--start\">\n\t\t\t17  May  2025\t\t<\/span>\n\n\t\t\t\t\t<span class=\"tribe-events-schedule__separator tribe-events-schedule__separator--date\">\n\t\t\t\t@\t\t\t<\/span>\n\t\t\t<span class=\"tribe-events-schedule__time tribe-events-schedule__time--start\">\n\t\t\t\t21:00\t\t\t<\/span>\n\t\t\n\t\t\t\t\t\t\t\t\t<span class=\"tribe-events-schedule__separator tribe-events-schedule__separator--time\">\n\t\t\t\t\t&#8211;\t\t\t\t<\/span>\n\t\t\t\n\t\t\t\t\t\t\t<span class=\"tribe-events-schedule__time tribe-events-schedule__time--end\">\n\t\t\t\t\t23:45\t\t\t\t<\/span>\n\t\t\t\n\t\t\t\t\t\t<\/p>\n<\/div>\n\n\n<div  class=\"tribe-block tribe-block__event-price\" >\n\t\t\t<span class=\"tribe-block__event-price__cost\"> 10\u20ac <\/span>\n\t\t\t\t<span class=\"tribe-block__event-price__description\">+ gg Anticipada | 13\u20ac Taquilla<\/span>\n\t<\/div>\n\n\n\n<div style=\"height:100px\" aria-hidden=\"true\" class=\"wp-block-spacer\"><\/div>\n\n\n\n<div class=\"wp-block-columns is-layout-flex wp-container-core-columns-is-layout-8f761849 wp-block-columns-is-layout-flex\">\n<div class=\"wp-block-column is-layout-flow wp-block-column-is-layout-flow\" style=\"flex-basis:33.33%\">\n<figure class=\"wp-block-image size-large\"><img loading=\"lazy\" decoding=\"async\" width=\"735\" height=\"1040\" src=\"https:\/\/cafelapalma.com\/wp-content\/uploads\/2025\/04\/LOS-MEZKINOS-A3-1-COPY-735x1040.jpg\" alt=\"\" class=\"wp-image-30889\" srcset=\"https:\/\/cafelapalma.com\/wp-content\/uploads\/2025\/04\/LOS-MEZKINOS-A3-1-COPY-735x1040.jpg 735w, https:\/\/cafelapalma.com\/wp-content\/uploads\/2025\/04\/LOS-MEZKINOS-A3-1-COPY-212x300.jpg 212w, https:\/\/cafelapalma.com\/wp-content\/uploads\/2025\/04\/LOS-MEZKINOS-A3-1-COPY-768x1086.jpg 768w, https:\/\/cafelapalma.com\/wp-content\/uploads\/2025\/04\/LOS-MEZKINOS-A3-1-COPY-1086x1536.jpg 1086w, https:\/\/cafelapalma.com\/wp-content\/uploads\/2025\/04\/LOS-MEZKINOS-A3-1-COPY-42x60.jpg 42w, https:\/\/cafelapalma.com\/wp-content\/uploads\/2025\/04\/LOS-MEZKINOS-A3-1-COPY.jpg 1131w\" sizes=\"auto, (max-width: 735px) 100vw, 735px\" \/><\/figure>\n\n\n<div  class=\"tribe-block tribe-block__event-website\" >\n\t<a\n\t\thref=\"https:\/\/www.passline.com\/eventos\/los-mezkinos-treintaneras-caneras\"\n\t\ttarget=\"_self\"\n\t\t\t>\n\t\tBUY TICKETS\t<\/a>\n<\/div>\n<\/div>\n\n\n\n<div class=\"wp-block-column is-layout-flow wp-block-column-is-layout-flow\" style=\"flex-basis:66.66%\">\n<p class=\"wp-block-paragraph\"><\/p>\n\n\n\n<p class=\"has-text-align-left wp-block-paragraph\"><strong>LOS MEZKINOS<\/strong> son a la m\u00fasica lo que ese amigo pesado que nunca sabes si est\u00e1 bromeando o va en serio: una mezcla de caos y diversi\u00f3n sin sentido. Si te gustan las guitarras afiladas, las letras descomplicadas y una actitud descarada, entonces estos chicos lo van a petar en tu playlist, aunque probablemente termines odi\u00e1ndolos despu\u00e9s del segundo disco.<\/p>\n\n\n\n<p class=\"has-text-align-left wp-block-paragraph\">Desde su irrupci\u00f3n en el underground madrile\u00f1o all\u00e1 por 2019, <strong>Los Mezkinos<\/strong> se han hecho un hueco entre los que buscan un pop punk corrosivo, con la misma rabia que un bocadillo de chicle que no se despega ni con gasolina. \u00bfSu directo? Una sucesi\u00f3n de gritos, guitarras desafinadas y un pogo tan descoordinado que te har\u00e1 plantearte si est\u00e1s viendo un concierto o un desastre apote\u00f3sico. El karaoke que no sab\u00edas que necesitabas, pero que inevitablemente terminar\u00e1s cantando con los amigos en la fiesta de tu primo.<\/p>\n\n\n\n<p class=\"has-text-align-right wp-block-paragraph\"><em><a href=\"https:\/\/open.spotify.com\/intl-es\/artist\/4XIDXezqCeqERvtTMqMj5Z?si=kseZJmCvRTevcBcbfqUDvg\">Listen to <\/a><\/em><strong><a href=\"https:\/\/open.spotify.com\/intl-es\/artist\/4XIDXezqCeqERvtTMqMj5Z?si=kseZJmCvRTevcBcbfqUDvg\">LOS MEZKINOS<\/a><\/strong><em><a href=\"https:\/\/open.spotify.com\/intl-es\/artist\/4XIDXezqCeqERvtTMqMj5Z?si=kseZJmCvRTevcBcbfqUDvg\"> in <\/a><\/em><strong><a href=\"https:\/\/open.spotify.com\/intl-es\/artist\/4XIDXezqCeqERvtTMqMj5Z?si=kseZJmCvRTevcBcbfqUDvg\">Spotify<\/a><\/strong><\/p>\n\n\n\n<p class=\"has-text-align-left wp-block-paragraph\"><strong>TREINTA\u00d1ERAS CA\u00d1ERAS<\/strong> son a la m\u00fasica lo que esa discusi\u00f3n navide\u00f1a en casa de tu abuela; son el tormento de todo ser vivo con capacidad auditiva y tambi\u00e9n, inevitablemente son un referente del Rock\u2019n\u2019Roll m\u00e1s gamberro de la escena musical gallega de este tiempo. Molestando desde que llegaron por <em>Baby Expr\u00e9s<\/em>, all\u00e1 por el terrible 2017, el grupo se encuentra a medio camino entre las viejas bandas de rock de antes y la escena m\u00e1s gamberra-agresiva del panorama musical actual. La misa de domingo que no se perder\u00eda <strong>Bert\u00edn Osborne<\/strong>.<\/p>\n\n\n\n<p class=\"has-text-align-right wp-block-paragraph\"><em><a href=\"https:\/\/open.spotify.com\/intl-es\/artist\/6Mc2G8IUFgqtDvrZMAQKme?si=BfwB4PNCTFWWbeB-o_gVVQ\">Listen to <\/a><\/em><strong><a href=\"https:\/\/open.spotify.com\/intl-es\/artist\/6Mc2G8IUFgqtDvrZMAQKme?si=BfwB4PNCTFWWbeB-o_gVVQ\">TREINTA\u00d1ERAS CA\u00d1ERAS<\/a><\/strong><em><a href=\"https:\/\/open.spotify.com\/intl-es\/artist\/6Mc2G8IUFgqtDvrZMAQKme?si=BfwB4PNCTFWWbeB-o_gVVQ\"> in <\/a><\/em><strong><a href=\"https:\/\/open.spotify.com\/intl-es\/artist\/6Mc2G8IUFgqtDvrZMAQKme?si=BfwB4PNCTFWWbeB-o_gVVQ\">Spotify<\/a><\/strong><\/p>\n<\/div>\n<\/div>\n\n\n\n<div style=\"height:100px\" aria-hidden=\"true\" class=\"wp-block-spacer\"><\/div>\n\n\n\n<hr class=\"wp-block-separator has-alpha-channel-opacity\"\/>\n\n\n\n<div style=\"height:100px\" aria-hidden=\"true\" class=\"wp-block-spacer\"><\/div>\n\n\n<h2 class=\"tribe-block__related-events__title\">Related Events<\/h2>\n\n<ul  class=\"tribe-related-events tribe-clearfix\" >\n\t\t\t<li>\n\t\n<div class=\"tribe-related-events-thumbnail\">\n\t<a href=\"https:\/\/cafelapalma.com\/en\/programacion\/funkin-donuts\/\" class=\"url\" rel=\"bookmark\" tabindex=\"-1\" aria-hidden=\"true\"><img loading=\"lazy\" decoding=\"async\" width=\"693\" height=\"1040\" src=\"https:\/\/cafelapalma.com\/wp-content\/uploads\/2026\/07\/FD-vert2-bn-693x1040.jpg\" class=\"attachment-large size-large wp-post-image\" alt=\"\" \/><\/a>\n<\/div>\n\t<div class=\"tribe-related-event-info\">\n\t<h3 class=\"tribe-related-events-title\">\n\t\t<a href=\"https:\/\/cafelapalma.com\/en\/programacion\/funkin-donuts\/\" class=\"tribe-event-url\" rel=\"bookmark\">\n\t\t\tFUNKIN&#8217; DONUTS\t\t<\/a>\n\t<\/h3>\n\t<span class=\"tribe-event-date-start\">5  September@22:00<\/span><span class=\"tribe-event-time\">23:45<\/span><\/div>\n<\/li>\n\t\t\t<li>\n\t\n<div class=\"tribe-related-events-thumbnail\">\n\t<a href=\"https:\/\/cafelapalma.com\/en\/programacion\/backstage-le-petit-truffle-mayo\/\" class=\"url\" rel=\"bookmark\" tabindex=\"-1\" aria-hidden=\"true\"><img loading=\"lazy\" decoding=\"async\" width=\"780\" height=\"1040\" src=\"https:\/\/cafelapalma.com\/wp-content\/uploads\/2026\/07\/Imagen-TruffleMayo-LePetit-i-1-780x1040.png\" class=\"attachment-large size-large wp-post-image\" alt=\"\" \/><\/a>\n<\/div>\n\t<div class=\"tribe-related-event-info\">\n\t<h3 class=\"tribe-related-events-title\">\n\t\t<a href=\"https:\/\/cafelapalma.com\/en\/programacion\/backstage-le-petit-truffle-mayo\/\" class=\"tribe-event-url\" rel=\"bookmark\">\n\t\t\tBACKSTAGE: LE PETIT + TRUFFLE MAYO\t\t<\/a>\n\t<\/h3>\n\t<span class=\"tribe-event-date-start\">5  September@23:55<\/span><\/div>\n<\/li>\n\t\t\t<li>\n\t\n<div class=\"tribe-related-events-thumbnail\">\n\t<a href=\"https:\/\/cafelapalma.com\/en\/programacion\/willie-deville-concierto-benefico-x-venezuela\/\" class=\"url\" rel=\"bookmark\" tabindex=\"-1\" aria-hidden=\"true\"><img loading=\"lazy\" decoding=\"async\" width=\"1020\" height=\"531\" src=\"https:\/\/cafelapalma.com\/wp-content\/uploads\/2026\/08\/Willie-deville-1100x572-1-1040x541.jpg\" class=\"attachment-large size-large wp-post-image\" alt=\"\" \/><\/a>\n<\/div>\n\t<div class=\"tribe-related-event-info\">\n\t<h3 class=\"tribe-related-events-title\">\n\t\t<a href=\"https:\/\/cafelapalma.com\/en\/programacion\/willie-deville-concierto-benefico-x-venezuela\/\" class=\"tribe-event-url\" rel=\"bookmark\">\n\t\t\tWILLIE DEVILLE: CONCIERTO BEN\u00c9FICO X VENEZUELA\t\t<\/a>\n\t<\/h3>\n\t<span class=\"tribe-event-date-start\">6  September@21:00<\/span><span class=\"tribe-event-time\">23:45<\/span><\/div>\n<\/li>\n\t<\/ul>","protected":false},"excerpt":{"rendered":"<p>LOS MEZKINOS son a la m\u00fasica lo que ese amigo pesado que nunca sabes si est\u00e1 bromeando o va en serio: una mezcla de caos y diversi\u00f3n sin sentido. Si te gustan las guitarras afiladas, las letras descomplicadas y una actitud descarada, entonces estos chicos lo van a petar en tu playlist, aunque probablemente termines &hellip; <\/p>","protected":false},"author":2,"featured_media":30890,"template":"","meta":{"_tec_requires_first_save":false,"_uag_custom_page_level_css":"","loftloader_page_shortcode":"","_EventAllDay":false,"_EventTimezone":"Europe\/Madrid","_EventStartDate":"2025-05-17 21:00:00","_EventEndDate":"2025-05-17 23:45:00","_EventStartDateUTC":"2025-05-17 19:00:00","_EventEndDateUTC":"2025-05-17 21:45:00","_EventShowMap":false,"_EventShowMapLink":false,"_EventURL":"https:\/\/www.passline.com\/eventos\/los-mezkinos-treintaneras-caneras","_EventCost":"10","_EventCostDescription":"","_EventCurrencySymbol":"\u20ac","_EventCurrencyCode":"USD","_EventCurrencyPosition":"suffix","_EventDateTimeSeparator":"@","_EventTimeRangeSeparator":"-","_EventOrganizerID":[],"_EventVenueID":[],"_OrganizerEmail":"","_OrganizerPhone":"","_OrganizerWebsite":"","_VenueAddress":"","_VenueCity":"","_VenueCountry":"","_VenueProvince":"","_VenueState":"","_VenueZip":"","_VenuePhone":"","_VenueURL":"","_VenueStateProvince":"","_VenueLat":"","_VenueLng":"","_VenueShowMap":false,"_VenueShowMapLink":false,"_tribe_blocks_recurrence_rules":"","_tribe_blocks_recurrence_description":"","_tribe_blocks_recurrence_exclusions":"","_ecp_custom_2":"","_tribe_events_status":"","_tribe_events_status_reason":"","_tribe_events_is_hybrid":"","_tribe_events_is_virtual":"","_tribe_events_virtual_video_source":"","_tribe_events_virtual_embed_video":"","_tribe_events_virtual_linked_button_text":"","_tribe_events_virtual_linked_button":"","_tribe_events_virtual_show_embed_at":"","_tribe_events_virtual_show_embed_to":[],"_tribe_events_virtual_show_on_event":"","_tribe_events_virtual_show_on_views":"","_tribe_events_virtual_url":"","footnotes":""},"tags":[1363,17249,2865,9147,9146,8970,17244,17251,17248,17246,1355,13495,17247,1354,9648,17250,17245,9879],"tribe_events_cat":[8963],"class_list":["post-30888","tribe_events","type-tribe_events","status-publish","has-post-thumbnail","hentry","tag-cafe-la-palma","tag-cerveza-mezkina","tag-conciertos-cafe-la-palma","tag-conciertos-madrid","tag-conciertos-malasana","tag-indie","tag-los-mezkinos","tag-madriz","tag-malote","tag-nom-se-vende","tag-pop","tag-pop-punk","tag-rata-camboyana","tag-rock","tag-rocknroll","tag-ryan-ghosting","tag-treintaneras-caneras","tag-vigo","tribe_events_cat-concierto","cat_concierto"],"uagb_featured_image_src":{"full":["https:\/\/cafelapalma.com\/wp-content\/uploads\/2025\/04\/MEZKINOS-PIC.jpg",768,1024,false],"thumbnail":["https:\/\/cafelapalma.com\/wp-content\/uploads\/2025\/04\/MEZKINOS-PIC-150x150.jpg",150,150,true],"medium":["https:\/\/cafelapalma.com\/wp-content\/uploads\/2025\/04\/MEZKINOS-PIC-225x300.jpg",225,300,true],"medium_large":["https:\/\/cafelapalma.com\/wp-content\/uploads\/2025\/04\/MEZKINOS-PIC.jpg",768,1024,false],"large":["https:\/\/cafelapalma.com\/wp-content\/uploads\/2025\/04\/MEZKINOS-PIC.jpg",768,1024,false],"1536x1536":["https:\/\/cafelapalma.com\/wp-content\/uploads\/2025\/04\/MEZKINOS-PIC.jpg",768,1024,false],"2048x2048":["https:\/\/cafelapalma.com\/wp-content\/uploads\/2025\/04\/MEZKINOS-PIC.jpg",768,1024,false],"trp-custom-language-flag":["https:\/\/cafelapalma.com\/wp-content\/uploads\/2025\/04\/MEZKINOS-PIC.jpg",9,12,false],"blossom-feminine-slider":["https:\/\/cafelapalma.com\/wp-content\/uploads\/2025\/04\/MEZKINOS-PIC-768x649.jpg",768,649,true],"blossom-feminine-featured":["https:\/\/cafelapalma.com\/wp-content\/uploads\/2025\/04\/MEZKINOS-PIC-768x600.jpg",768,600,true],"blossom-feminine-with-sidebar":["https:\/\/cafelapalma.com\/wp-content\/uploads\/2025\/04\/MEZKINOS-PIC-768x600.jpg",768,600,true],"blossom-feminine-blog":["https:\/\/cafelapalma.com\/wp-content\/uploads\/2025\/04\/MEZKINOS-PIC-435x435.jpg",435,435,true],"blossom-feminine-cat":["https:\/\/cafelapalma.com\/wp-content\/uploads\/2025\/04\/MEZKINOS-PIC-450x300.jpg",450,300,true],"blossom-feminine-related":["https:\/\/cafelapalma.com\/wp-content\/uploads\/2025\/04\/MEZKINOS-PIC-320x200.jpg",320,200,true],"blossom-feminine-schema":["https:\/\/cafelapalma.com\/wp-content\/uploads\/2025\/04\/MEZKINOS-PIC-45x60.jpg",45,60,true]},"uagb_author_info":{"display_name":"Victor","author_link":"https:\/\/cafelapalma.com\/en\/author\/comunicacion\/"},"uagb_comment_info":0,"uagb_excerpt":"LOS MEZKINOS son a la m\u00fasica lo que ese amigo pesado que nunca sabes si est\u00e1 bromeando o va en serio: una mezcla de caos y diversi\u00f3n sin sentido. Si te gustan las guitarras afiladas, las letras descomplicadas y una actitud descarada, entonces estos chicos lo van a petar en tu playlist, aunque probablemente termines&hellip;","_links":{"self":[{"href":"https:\/\/cafelapalma.com\/en\/wp-json\/wp\/v2\/tribe_events\/30888","targetHints":{"allow":["GET"]}}],"collection":[{"href":"https:\/\/cafelapalma.com\/en\/wp-json\/wp\/v2\/tribe_events"}],"about":[{"href":"https:\/\/cafelapalma.com\/en\/wp-json\/wp\/v2\/types\/tribe_events"}],"author":[{"embeddable":true,"href":"https:\/\/cafelapalma.com\/en\/wp-json\/wp\/v2\/users\/2"}],"version-history":[{"count":0,"href":"https:\/\/cafelapalma.com\/en\/wp-json\/wp\/v2\/tribe_events\/30888\/revisions"}],"wp:featuredmedia":[{"embeddable":true,"href":"https:\/\/cafelapalma.com\/en\/wp-json\/wp\/v2\/media\/30890"}],"wp:attachment":[{"href":"https:\/\/cafelapalma.com\/en\/wp-json\/wp\/v2\/media?parent=30888"}],"wp:term":[{"taxonomy":"post_tag","embeddable":true,"href":"https:\/\/cafelapalma.com\/en\/wp-json\/wp\/v2\/tags?post=30888"},{"taxonomy":"tribe_events_cat","embeddable":true,"href":"https:\/\/cafelapalma.com\/en\/wp-json\/wp\/v2\/tribe_events_cat?post=30888"}],"curies":[{"name":"wp","href":"https:\/\/api.w.org\/{rel}","templated":true}]}}