{"id":30899,"date":"2025-04-04T10:48:10","date_gmt":"2025-04-04T08:48:10","guid":{"rendered":"https:\/\/cafelapalma.com\/?post_type=tribe_events&#038;p=30899"},"modified":"2025-04-04T10:48:18","modified_gmt":"2025-04-04T08:48:18","slug":"amover","status":"publish","type":"tribe_events","link":"https:\/\/cafelapalma.com\/en\/programacion\/amover\/","title":{"rendered":"AMOVER"},"content":{"rendered":"<div  class=\"tribe-events-schedule tribe-clearfix\" >\n\t<p class=\"tribe-events-schedule__datetime\">\n\t\t<span class=\"tribe-events-schedule__date tribe-events-schedule__date--start\">\n\t\t\t04  September  2025\t\t<\/span>\n\n\t\t\t\t\t<span class=\"tribe-events-schedule__separator tribe-events-schedule__separator--date\">\n\t\t\t\t@\t\t\t<\/span>\n\t\t\t<span class=\"tribe-events-schedule__time tribe-events-schedule__time--start\">\n\t\t\t\t23:50\t\t\t<\/span>\n\t\t\n\t\t\t\t\t\t\t\t\t<span class=\"tribe-events-schedule__separator tribe-events-schedule__separator--time\">\n\t\t\t\t\t&#8211;\t\t\t\t<\/span>\n\t\t\t\n\t\t\t\t\t\t\t<span class=\"tribe-events-schedule__time tribe-events-schedule__time--end\">\n\t\t\t\t\t23:55\t\t\t\t<\/span>\n\t\t\t\n\t\t\t\t\t\t<\/p>\n<\/div>\n\n\n<div  class=\"tribe-block tribe-block__event-price\" >\n\t\t\t<span class=\"tribe-block__event-price__cost\"> ENTRADA LIBRE <\/span>\n\t\t\t\t<span class=\"tribe-block__event-price__description\">#freepass<\/span>\n\t<\/div>\n\n\n\n<div style=\"height:100px\" aria-hidden=\"true\" class=\"wp-block-spacer\"><\/div>\n\n\n\n<div class=\"wp-block-columns is-layout-flex wp-container-core-columns-is-layout-8f761849 wp-block-columns-is-layout-flex\">\n<div class=\"wp-block-column is-layout-flow wp-block-column-is-layout-flow\" style=\"flex-basis:33.33%\">\n<figure class=\"wp-block-image size-large\"><img loading=\"lazy\" decoding=\"async\" width=\"660\" height=\"1040\" src=\"https:\/\/cafelapalma.com\/wp-content\/uploads\/2025\/04\/AMOVER-A3-LOW-660x1040.jpg\" alt=\"\" class=\"wp-image-30900\" srcset=\"https:\/\/cafelapalma.com\/wp-content\/uploads\/2025\/04\/AMOVER-A3-LOW-660x1040.jpg 660w, https:\/\/cafelapalma.com\/wp-content\/uploads\/2025\/04\/AMOVER-A3-LOW-190x300.jpg 190w, https:\/\/cafelapalma.com\/wp-content\/uploads\/2025\/04\/AMOVER-A3-LOW-768x1210.jpg 768w, https:\/\/cafelapalma.com\/wp-content\/uploads\/2025\/04\/AMOVER-A3-LOW-975x1536.jpg 975w, https:\/\/cafelapalma.com\/wp-content\/uploads\/2025\/04\/AMOVER-A3-LOW-38x60.jpg 38w, https:\/\/cafelapalma.com\/wp-content\/uploads\/2025\/04\/AMOVER-A3-LOW.jpg 1024w\" sizes=\"auto, (max-width: 660px) 100vw, 660px\" \/><\/figure>\n<\/div>\n\n\n\n<div class=\"wp-block-column is-layout-flow wp-block-column-is-layout-flow\" style=\"flex-basis:66.66%\">\n<div style=\"height:100px\" aria-hidden=\"true\" class=\"wp-block-spacer\"><\/div>\n\n\n\n<p class=\"has-text-align-left wp-block-paragraph\"><strong>AMOVER <\/strong>es un DJ y productor argentino con m\u00e1s de 10 a\u00f1os de trayectoria, consolid\u00e1ndose como una figura destacada en la escena electr\u00f3nica. Su m\u00fasica ha resonado en prestigiosos escenarios como <strong>Un-Mute <\/strong>(<strong>Miami<\/strong>) o <strong>Avant Garten<\/strong>, <strong>Cocoliche <\/strong>y <strong>Dunepark <\/strong>(<strong>Buenos Aires<\/strong>), donde ha cautivado al p\u00fablico con su energ\u00eda y selecci\u00f3n \u00fanica de sonidos.<\/p>\n\n\n\n<p class=\"has-text-align-left wp-block-paragraph\">Su estilo se mueve entre el electro, breaks, techno, tech house y house, fusionando elementos cl\u00e1sicos con una visi\u00f3n contempor\u00e1nea. Cada uno de sus sets es m\u00e1s que una simple sucesi\u00f3n de tracks: es un viaje sonoro cuidadosamente construido, donde la narraci\u00f3n musical y la conexi\u00f3n con la pista juegan un papel central.<\/p>\n\n\n\n<p class=\"has-text-align-left wp-block-paragraph\"><strong>Amover <\/strong>se caracteriza por su habilidad para leer la energ\u00eda del p\u00fablico, adaptando su selecci\u00f3n para generar momentos de intensidad, nostalgia y euforia en perfecta armon\u00eda. Su enfoque no solo mira hacia el pasado, rescatando influencias de los sonidos electr\u00f3nicos de los 2000, sino que tambi\u00e9n incorpora t\u00e9cnicas modernas y un toque vanguardista que lo distingue.<\/p>\n\n\n\n<p class=\"has-text-align-right wp-block-paragraph\"><em><a href=\"https:\/\/soundcloud.com\/amoverr\">Listen to <\/a><\/em><strong><a href=\"https:\/\/soundcloud.com\/amoverr\">AMOVER <\/a><\/strong><em><a href=\"https:\/\/soundcloud.com\/amoverr\">in <\/a><\/em><strong><a href=\"https:\/\/soundcloud.com\/amoverr\">SoundCloud<\/a><\/strong><\/p>\n<\/div>\n<\/div>\n\n\n\n<div style=\"height:100px\" aria-hidden=\"true\" class=\"wp-block-spacer\"><\/div>\n\n\n\n<hr class=\"wp-block-separator has-alpha-channel-opacity\"\/>\n\n\n\n<div style=\"height:100px\" aria-hidden=\"true\" class=\"wp-block-spacer\"><\/div>\n\n\n<h2 class=\"tribe-block__related-events__title\">Related Events<\/h2>\n\n<ul  class=\"tribe-related-events tribe-clearfix\" >\n\t\t\t<li>\n\t\n<div class=\"tribe-related-events-thumbnail\">\n\t<a href=\"https:\/\/cafelapalma.com\/en\/programacion\/willie-deville-concierto-benefico-x-venezuela\/\" class=\"url\" rel=\"bookmark\" tabindex=\"-1\" aria-hidden=\"true\"><img loading=\"lazy\" decoding=\"async\" width=\"1020\" height=\"531\" src=\"https:\/\/cafelapalma.com\/wp-content\/uploads\/2026\/08\/Willie-deville-1100x572-1-1040x541.jpg\" class=\"attachment-large size-large wp-post-image\" alt=\"\" \/><\/a>\n<\/div>\n\t<div class=\"tribe-related-event-info\">\n\t<h3 class=\"tribe-related-events-title\">\n\t\t<a href=\"https:\/\/cafelapalma.com\/en\/programacion\/willie-deville-concierto-benefico-x-venezuela\/\" class=\"tribe-event-url\" rel=\"bookmark\">\n\t\t\tWILLIE DEVILLE: CONCIERTO BEN\u00c9FICO X VENEZUELA\t\t<\/a>\n\t<\/h3>\n\t<span class=\"tribe-event-date-start\">6  September@21:00<\/span><span class=\"tribe-event-time\">23:45<\/span><\/div>\n<\/li>\n\t\t\t<li>\n\t\n<div class=\"tribe-related-events-thumbnail\">\n\t<a href=\"https:\/\/cafelapalma.com\/en\/programacion\/new-boix\/\" class=\"url\" rel=\"bookmark\" tabindex=\"-1\" aria-hidden=\"true\"><img loading=\"lazy\" decoding=\"async\" width=\"694\" height=\"1040\" src=\"https:\/\/cafelapalma.com\/wp-content\/uploads\/2026\/05\/WhatsApp-Image-2026-04-29-at-12.00.28-694x1040.jpeg\" class=\"attachment-large size-large wp-post-image\" alt=\"\" \/><\/a>\n<\/div>\n\t<div class=\"tribe-related-event-info\">\n\t<h3 class=\"tribe-related-events-title\">\n\t\t<a href=\"https:\/\/cafelapalma.com\/en\/programacion\/new-boix\/\" class=\"tribe-event-url\" rel=\"bookmark\">\n\t\t\tNEW BOIX\t\t<\/a>\n\t<\/h3>\n\t<span class=\"tribe-event-date-start\">10  September@22:00<\/span><span class=\"tribe-event-time\">23:45<\/span><\/div>\n<\/li>\n\t\t\t<li>\n\t\n<div class=\"tribe-related-events-thumbnail\">\n\t<a href=\"https:\/\/cafelapalma.com\/en\/programacion\/zetaeme\/\" class=\"url\" rel=\"bookmark\" tabindex=\"-1\" aria-hidden=\"true\"><img loading=\"lazy\" decoding=\"async\" width=\"693\" height=\"1040\" src=\"https:\/\/cafelapalma.com\/wp-content\/uploads\/2026\/07\/5O3A7345-1-1-693x1040.jpg\" class=\"attachment-large size-large wp-post-image\" alt=\"\" \/><\/a>\n<\/div>\n\t<div class=\"tribe-related-event-info\">\n\t<h3 class=\"tribe-related-events-title\">\n\t\t<a href=\"https:\/\/cafelapalma.com\/en\/programacion\/zetaeme\/\" class=\"tribe-event-url\" rel=\"bookmark\">\n\t\t\tZETAEME\t\t<\/a>\n\t<\/h3>\n\t<span class=\"tribe-event-date-start\">10  September@23:55<\/span><\/div>\n<\/li>\n\t<\/ul>","protected":false},"excerpt":{"rendered":"<p>AMOVER es un DJ y productor argentino con m\u00e1s de 10 a\u00f1os de trayectoria, consolid\u00e1ndose como una figura destacada en la escena electr\u00f3nica. Su m\u00fasica ha resonado en prestigiosos escenarios como Un-Mute (Miami) o Avant Garten, Cocoliche y Dunepark (Buenos Aires), donde ha cautivado al p\u00fablico con su energ\u00eda y selecci\u00f3n \u00fanica de sonidos. Su &hellip; <\/p>","protected":false},"author":2,"featured_media":30901,"template":"","meta":{"_tec_requires_first_save":false,"_uag_custom_page_level_css":"","loftloader_page_shortcode":"","_EventAllDay":false,"_EventTimezone":"Europe\/Madrid","_EventStartDate":"2025-09-04 23:50:00","_EventEndDate":"2025-09-04 23:55:00","_EventStartDateUTC":"2025-09-04 21:50:00","_EventEndDateUTC":"2025-09-04 21:55:00","_EventShowMap":false,"_EventShowMapLink":false,"_EventURL":"","_EventCost":"ENTRADA LIBRE","_EventCostDescription":"","_EventCurrencySymbol":"\u20ac","_EventCurrencyCode":"USD","_EventCurrencyPosition":"suffix","_EventDateTimeSeparator":"@","_EventTimeRangeSeparator":"-","_EventOrganizerID":[],"_EventVenueID":[],"_OrganizerEmail":"","_OrganizerPhone":"","_OrganizerWebsite":"","_VenueAddress":"","_VenueCity":"","_VenueCountry":"","_VenueProvince":"","_VenueState":"","_VenueZip":"","_VenuePhone":"","_VenueURL":"","_VenueStateProvince":"","_VenueLat":"","_VenueLng":"","_VenueShowMap":false,"_VenueShowMapLink":false,"_tribe_blocks_recurrence_rules":"","_tribe_blocks_recurrence_description":"","_tribe_blocks_recurrence_exclusions":"","_ecp_custom_2":"","_tribe_events_status":"","_tribe_events_status_reason":"","_tribe_events_is_hybrid":"","_tribe_events_is_virtual":"","_tribe_events_virtual_video_source":"","_tribe_events_virtual_embed_video":"","_tribe_events_virtual_linked_button_text":"","_tribe_events_virtual_linked_button":"","_tribe_events_virtual_show_embed_at":"","_tribe_events_virtual_show_embed_to":[],"_tribe_events_virtual_show_on_event":"","_tribe_events_virtual_show_on_views":"","_tribe_events_virtual_url":"","footnotes":""},"tags":[17262,10358,1363,8869,9225,9227,9317,1357,9716,9540,776],"tribe_events_cat":[8964],"class_list":["post-30899","tribe_events","type-tribe_events","status-publish","has-post-thumbnail","hentry","tag-amover","tag-breaks","tag-cafe-la-palma","tag-cafe-la-palma-2","tag-cafe-la-palma-clubbing","tag-djs-malasana","tag-electro","tag-electronica","tag-house-music","tag-tech-house","tag-techno","tribe_events_cat-clubbing","cat_clubbing"],"uagb_featured_image_src":{"full":["https:\/\/cafelapalma.com\/wp-content\/uploads\/2025\/04\/AMOVER-PIC.jpg",481,855,false],"thumbnail":["https:\/\/cafelapalma.com\/wp-content\/uploads\/2025\/04\/AMOVER-PIC-150x150.jpg",150,150,true],"medium":["https:\/\/cafelapalma.com\/wp-content\/uploads\/2025\/04\/AMOVER-PIC-169x300.jpg",169,300,true],"medium_large":["https:\/\/cafelapalma.com\/wp-content\/uploads\/2025\/04\/AMOVER-PIC.jpg",481,855,false],"large":["https:\/\/cafelapalma.com\/wp-content\/uploads\/2025\/04\/AMOVER-PIC.jpg",481,855,false],"1536x1536":["https:\/\/cafelapalma.com\/wp-content\/uploads\/2025\/04\/AMOVER-PIC.jpg",481,855,false],"2048x2048":["https:\/\/cafelapalma.com\/wp-content\/uploads\/2025\/04\/AMOVER-PIC.jpg",481,855,false],"trp-custom-language-flag":["https:\/\/cafelapalma.com\/wp-content\/uploads\/2025\/04\/AMOVER-PIC.jpg",7,12,false],"blossom-feminine-slider":["https:\/\/cafelapalma.com\/wp-content\/uploads\/2025\/04\/AMOVER-PIC-481x649.jpg",481,649,true],"blossom-feminine-featured":["https:\/\/cafelapalma.com\/wp-content\/uploads\/2025\/04\/AMOVER-PIC-481x600.jpg",481,600,true],"blossom-feminine-with-sidebar":["https:\/\/cafelapalma.com\/wp-content\/uploads\/2025\/04\/AMOVER-PIC-481x600.jpg",481,600,true],"blossom-feminine-blog":["https:\/\/cafelapalma.com\/wp-content\/uploads\/2025\/04\/AMOVER-PIC-435x435.jpg",435,435,true],"blossom-feminine-cat":["https:\/\/cafelapalma.com\/wp-content\/uploads\/2025\/04\/AMOVER-PIC-450x300.jpg",450,300,true],"blossom-feminine-related":["https:\/\/cafelapalma.com\/wp-content\/uploads\/2025\/04\/AMOVER-PIC-320x200.jpg",320,200,true],"blossom-feminine-schema":["https:\/\/cafelapalma.com\/wp-content\/uploads\/2025\/04\/AMOVER-PIC-34x60.jpg",34,60,true]},"uagb_author_info":{"display_name":"Victor","author_link":"https:\/\/cafelapalma.com\/en\/author\/comunicacion\/"},"uagb_comment_info":0,"uagb_excerpt":"AMOVER es un DJ y productor argentino con m\u00e1s de 10 a\u00f1os de trayectoria, consolid\u00e1ndose como una figura destacada en la escena electr\u00f3nica. Su m\u00fasica ha resonado en prestigiosos escenarios como Un-Mute (Miami) o Avant Garten, Cocoliche y Dunepark (Buenos Aires), donde ha cautivado al p\u00fablico con su energ\u00eda y selecci\u00f3n \u00fanica de sonidos. Su&hellip;","_links":{"self":[{"href":"https:\/\/cafelapalma.com\/en\/wp-json\/wp\/v2\/tribe_events\/30899","targetHints":{"allow":["GET"]}}],"collection":[{"href":"https:\/\/cafelapalma.com\/en\/wp-json\/wp\/v2\/tribe_events"}],"about":[{"href":"https:\/\/cafelapalma.com\/en\/wp-json\/wp\/v2\/types\/tribe_events"}],"author":[{"embeddable":true,"href":"https:\/\/cafelapalma.com\/en\/wp-json\/wp\/v2\/users\/2"}],"version-history":[{"count":0,"href":"https:\/\/cafelapalma.com\/en\/wp-json\/wp\/v2\/tribe_events\/30899\/revisions"}],"wp:featuredmedia":[{"embeddable":true,"href":"https:\/\/cafelapalma.com\/en\/wp-json\/wp\/v2\/media\/30901"}],"wp:attachment":[{"href":"https:\/\/cafelapalma.com\/en\/wp-json\/wp\/v2\/media?parent=30899"}],"wp:term":[{"taxonomy":"post_tag","embeddable":true,"href":"https:\/\/cafelapalma.com\/en\/wp-json\/wp\/v2\/tags?post=30899"},{"taxonomy":"tribe_events_cat","embeddable":true,"href":"https:\/\/cafelapalma.com\/en\/wp-json\/wp\/v2\/tribe_events_cat?post=30899"}],"curies":[{"name":"wp","href":"https:\/\/api.w.org\/{rel}","templated":true}]}}