{"id":30907,"date":"2025-04-06T17:31:46","date_gmt":"2025-04-06T15:31:46","guid":{"rendered":"https:\/\/cafelapalma.com\/?post_type=tribe_events&#038;p=30907"},"modified":"2025-05-10T11:16:47","modified_gmt":"2025-05-10T09:16:47","slug":"expo-ink-guerrilla-alvaro-p-ff","status":"publish","type":"tribe_events","link":"https:\/\/cafelapalma.com\/en\/programacion\/expo-ink-guerrilla-alvaro-p-ff\/","title":{"rendered":"INK GUERRILLA"},"content":{"rendered":"<div  class=\"tribe-events-schedule tribe-clearfix\" >\n\t<p class=\"tribe-events-schedule__datetime\">\n\t\t<span class=\"tribe-events-schedule__date tribe-events-schedule__date--start\">\n\t\t\t12  May  2025\t\t<\/span>\n\n\t\t\t\t\t<span class=\"tribe-events-schedule__separator tribe-events-schedule__separator--date\">\n\t\t\t\t@\t\t\t<\/span>\n\t\t\t<span class=\"tribe-events-schedule__time tribe-events-schedule__time--start\">\n\t\t\t\t02:00\t\t\t<\/span>\n\t\t\n\t\t\t\t\t\t\t\t\t<span class=\"tribe-events-schedule__separator tribe-events-schedule__separator--time\">\n\t\t\t\t\t&#8211;\t\t\t\t<\/span>\n\t\t\t\n\t\t\t\t\t\t\t<span class=\"tribe-events-schedule__time tribe-events-schedule__time--end\">\n\t\t\t\t\t02:30\t\t\t\t<\/span>\n\t\t\t\n\t\t\t\t\t\t<\/p>\n<\/div>\n\n\n\n<p class=\"wp-block-paragraph\">Hasta al <strong>domingo 11 de mayo<\/strong><\/p>\n\n\n<div  class=\"tribe-block tribe-block__event-price\" >\n\t\t\t<span class=\"tribe-block__event-price__cost\"> ENTRADA LIBRE <\/span>\n\t\t\t\t<span class=\"tribe-block__event-price__description\">En horario del local<\/span>\n\t<\/div>\n\n\n\n<div style=\"height:100px\" aria-hidden=\"true\" class=\"wp-block-spacer\"><\/div>\n\n\n\n<div class=\"wp-block-columns is-layout-flex wp-container-core-columns-is-layout-8f761849 wp-block-columns-is-layout-flex\">\n<div class=\"wp-block-column is-layout-flow wp-block-column-is-layout-flow\" style=\"flex-basis:33.33%\">\n<figure class=\"wp-block-image size-large\"><img loading=\"lazy\" decoding=\"async\" width=\"735\" height=\"1040\" src=\"https:\/\/cafelapalma.com\/wp-content\/uploads\/2025\/04\/INK-GUERRILLA-A3-LOW-735x1040.jpg\" alt=\"\" class=\"wp-image-30908\" srcset=\"https:\/\/cafelapalma.com\/wp-content\/uploads\/2025\/04\/INK-GUERRILLA-A3-LOW-735x1040.jpg 735w, https:\/\/cafelapalma.com\/wp-content\/uploads\/2025\/04\/INK-GUERRILLA-A3-LOW-212x300.jpg 212w, https:\/\/cafelapalma.com\/wp-content\/uploads\/2025\/04\/INK-GUERRILLA-A3-LOW-768x1086.jpg 768w, https:\/\/cafelapalma.com\/wp-content\/uploads\/2025\/04\/INK-GUERRILLA-A3-LOW-1086x1536.jpg 1086w, https:\/\/cafelapalma.com\/wp-content\/uploads\/2025\/04\/INK-GUERRILLA-A3-LOW-1448x2048.jpg 1448w, https:\/\/cafelapalma.com\/wp-content\/uploads\/2025\/04\/INK-GUERRILLA-A3-LOW-42x60.jpg 42w\" sizes=\"auto, (max-width: 735px) 100vw, 735px\" \/><\/figure>\n<\/div>\n\n\n\n<div class=\"wp-block-column is-layout-flow wp-block-column-is-layout-flow\" style=\"flex-basis:66.66%\">\n<p class=\"wp-block-paragraph\"><\/p>\n\n\n\n<p class=\"has-text-align-left wp-block-paragraph\"><strong>\u00c1lvaro P\u00e9rez-Fajardo<\/strong>, m\u00e1s conocido como<strong> \u00c1lvaro P-FF<\/strong>, es uno de los ilustradores m\u00e1s conocidos y respetados de la industria musical patria. Desde sus inicios en la efervescente escena underground de la <strong>Malsa\u00f1a <\/strong>de mediados de los &#8217;90 hasta la actualidad, su arte inconfundible ha sido el rostro de innumerables conciertos y giras, abarcando un ecl\u00e9ctico abanico de g\u00e9neros y artistas de renombre mundial. Su portfolio estelar incluye colaboraciones con bandas y solistas de la talla de <strong>Los Coronas<\/strong>, <strong>Korn<\/strong>, <strong>Los Zigarros<\/strong>, <strong>Guns&#8217;N\u2019Roses<\/strong>, <strong>Coque Malla<\/strong>, <strong>Elvis Costello<\/strong>, <strong>The Lumineers<\/strong> y el mism\u00edsimo <strong>Ozzy Osbourne<\/strong>.<\/p>\n\n\n\n<p class=\"has-text-align-left wp-block-paragraph\">La impronta de <strong>\u00c1lvaro P-FF<\/strong> tambi\u00e9n se extiende a un vasto cat\u00e1logo de portadas de \u00e1lbumes que ya forman parte de la historia de la m\u00fasica nacional. Artistas de la talla de <strong>Bunbury<\/strong>, <strong>Calamaro<\/strong>, <strong>Sidecars<\/strong>, <strong>Luz Casal<\/strong>, <strong>Rulo y la Contrabanda<\/strong>, <strong>M-Clan<\/strong>, <strong>Rayden <\/strong>y <strong>Quique Gonz\u00e1lez<\/strong> han confiado en su visi\u00f3n art\u00edstica, convirtiendo un dise\u00f1o firmado por <strong>\u00c1lvaro <\/strong>en un sello de distinci\u00f3n&nbsp; para cualquier lanzamiento musical.<\/p>\n\n\n\n<p class=\"has-text-align-left wp-block-paragraph\">La exposici\u00f3n <strong>INK GUERRILLA<\/strong>, como se menciona, ofrece una ventana privilegiada a una selecci\u00f3n de la impactante carteler\u00eda musical de este artista madrile\u00f1o. En ella, los asistentes podr\u00e1n admirar piezas ic\u00f3nicas creadas para leyendas como <strong>Bunbury<\/strong>, <strong>Jayhawks<\/strong>, <strong>Redd Kross<\/strong>, <strong>Arde Bogot\u00e1<\/strong>, <strong>The Who<\/strong>, <strong>Lana del Rey<\/strong>, <strong>Los Zigarros<\/strong> y <strong>Elton John<\/strong>, entre otros.<\/p>\n\n\n\n<p class=\"has-text-align-left wp-block-paragraph\">Adem\u00e1s de <strong>INK GUERRILLA<\/strong> in <strong>CAFE LA PALMA<\/strong>, <strong>\u00c1lvaro P-FF<\/strong> se prepara para inaugurar <strong><em>Postcards from Nowhere<\/em><\/strong>, su sexta exposici\u00f3n individual en la prestigiosa <strong>La Fiambrera Art Gallery<\/strong> el pr\u00f3ximo 12 de abril. Este espacio de referencia, que acoge a artistas de la talla internacional de <strong>Shepard Fairey<\/strong>, <strong>Shag <\/strong>y <strong>Tara McPherson<\/strong>, cuenta con <strong>\u00c1lvaro P-FF<\/strong> como artista residente, consolidando a\u00fan m\u00e1s su posici\u00f3n en la escena art\u00edstica contempor\u00e1nea.<\/p>\n\n\n\n<p class=\"has-text-align-right wp-block-paragraph\"><em><a href=\"https:\/\/www.instagram.com\/alvaropff\/\">Sigue a <\/a><\/em><strong><a href=\"https:\/\/www.instagram.com\/alvaropff\/\">\u00c1LVARO P-FF<\/a><\/strong><em><a href=\"https:\/\/www.instagram.com\/alvaropff\/\"> in <\/a><\/em><strong><a href=\"https:\/\/www.instagram.com\/alvaropff\/\">Instagram<\/a><\/strong><\/p>\n<\/div>\n<\/div>\n\n\n\n<div style=\"height:100px\" aria-hidden=\"true\" class=\"wp-block-spacer\"><\/div>\n\n\n\n<hr class=\"wp-block-separator has-alpha-channel-opacity is-style-wide\"\/>\n\n\n\n<div style=\"height:100px\" aria-hidden=\"true\" class=\"wp-block-spacer\"><\/div>\n\n\n<h2 class=\"tribe-block__related-events__title\">Related Events<\/h2>\n\n<ul  class=\"tribe-related-events tribe-clearfix\" >\n\t\t\t<li>\n\t\n<div class=\"tribe-related-events-thumbnail\">\n\t<a href=\"https:\/\/cafelapalma.com\/en\/programacion\/funkin-donuts\/\" class=\"url\" rel=\"bookmark\" tabindex=\"-1\" aria-hidden=\"true\"><img loading=\"lazy\" decoding=\"async\" width=\"693\" height=\"1040\" src=\"https:\/\/cafelapalma.com\/wp-content\/uploads\/2026\/07\/FD-vert2-bn-693x1040.jpg\" class=\"attachment-large size-large wp-post-image\" alt=\"\" \/><\/a>\n<\/div>\n\t<div class=\"tribe-related-event-info\">\n\t<h3 class=\"tribe-related-events-title\">\n\t\t<a href=\"https:\/\/cafelapalma.com\/en\/programacion\/funkin-donuts\/\" class=\"tribe-event-url\" rel=\"bookmark\">\n\t\t\tFUNKIN&#8217; DONUTS\t\t<\/a>\n\t<\/h3>\n\t<span class=\"tribe-event-date-start\">5  September@22:00<\/span><span class=\"tribe-event-time\">23:45<\/span><\/div>\n<\/li>\n\t\t\t<li>\n\t\n<div class=\"tribe-related-events-thumbnail\">\n\t<a href=\"https:\/\/cafelapalma.com\/en\/programacion\/backstage-le-petit-truffle-mayo\/\" class=\"url\" rel=\"bookmark\" tabindex=\"-1\" aria-hidden=\"true\"><img loading=\"lazy\" decoding=\"async\" width=\"780\" height=\"1040\" src=\"https:\/\/cafelapalma.com\/wp-content\/uploads\/2026\/07\/Imagen-TruffleMayo-LePetit-i-1-780x1040.png\" class=\"attachment-large size-large wp-post-image\" alt=\"\" \/><\/a>\n<\/div>\n\t<div class=\"tribe-related-event-info\">\n\t<h3 class=\"tribe-related-events-title\">\n\t\t<a href=\"https:\/\/cafelapalma.com\/en\/programacion\/backstage-le-petit-truffle-mayo\/\" class=\"tribe-event-url\" rel=\"bookmark\">\n\t\t\tBACKSTAGE: LE PETIT + TRUFFLE MAYO\t\t<\/a>\n\t<\/h3>\n\t<span class=\"tribe-event-date-start\">5  September@23:55<\/span><\/div>\n<\/li>\n\t\t\t<li>\n\t\n<div class=\"tribe-related-events-thumbnail\">\n\t<a href=\"https:\/\/cafelapalma.com\/en\/programacion\/willie-deville-concierto-benefico-x-venezuela\/\" class=\"url\" rel=\"bookmark\" tabindex=\"-1\" aria-hidden=\"true\"><img loading=\"lazy\" decoding=\"async\" width=\"1020\" height=\"531\" src=\"https:\/\/cafelapalma.com\/wp-content\/uploads\/2026\/08\/Willie-deville-1100x572-1-1040x541.jpg\" class=\"attachment-large size-large wp-post-image\" alt=\"\" \/><\/a>\n<\/div>\n\t<div class=\"tribe-related-event-info\">\n\t<h3 class=\"tribe-related-events-title\">\n\t\t<a href=\"https:\/\/cafelapalma.com\/en\/programacion\/willie-deville-concierto-benefico-x-venezuela\/\" class=\"tribe-event-url\" rel=\"bookmark\">\n\t\t\tWILLIE DEVILLE: CONCIERTO BEN\u00c9FICO X VENEZUELA\t\t<\/a>\n\t<\/h3>\n\t<span class=\"tribe-event-date-start\">6  September@21:00<\/span><span class=\"tribe-event-time\">23:45<\/span><\/div>\n<\/li>\n\t<\/ul>","protected":false},"excerpt":{"rendered":"<p>Hasta al domingo 11 de mayo \u00c1lvaro P\u00e9rez-Fajardo, m\u00e1s conocido como \u00c1lvaro P-FF, es uno de los ilustradores m\u00e1s conocidos y respetados de la industria musical patria. Desde sus inicios en la efervescente escena underground de la Malsa\u00f1a de mediados de los &#8217;90 hasta la actualidad, su arte inconfundible ha sido el rostro de innumerables &hellip; <\/p>","protected":false},"author":2,"featured_media":30909,"template":"","meta":{"_tec_requires_first_save":false,"_uag_custom_page_level_css":"","loftloader_page_shortcode":"","_EventAllDay":false,"_EventTimezone":"Europe\/Madrid","_EventStartDate":"2025-05-12 02:00:00","_EventEndDate":"2025-05-12 02:30:00","_EventStartDateUTC":"2025-05-12 00:00:00","_EventEndDateUTC":"2025-05-12 00:30:00","_EventShowMap":false,"_EventShowMapLink":false,"_EventURL":"","_EventCost":"ENTRADA LIBRE","_EventCostDescription":"","_EventCurrencySymbol":"\u20ac","_EventCurrencyCode":"","_EventCurrencyPosition":"suffix","_EventDateTimeSeparator":"@","_EventTimeRangeSeparator":"-","_EventOrganizerID":[],"_EventVenueID":[0],"_OrganizerEmail":"","_OrganizerPhone":"","_OrganizerWebsite":"","_VenueAddress":"","_VenueCity":"","_VenueCountry":"","_VenueProvince":"","_VenueState":"","_VenueZip":"","_VenuePhone":"","_VenueURL":"","_VenueStateProvince":"","_VenueLat":"","_VenueLng":"","_VenueShowMap":false,"_VenueShowMapLink":false,"_tribe_blocks_recurrence_rules":"","_tribe_blocks_recurrence_description":"","_tribe_blocks_recurrence_exclusions":"","_ecp_custom_2":"","_tribe_events_status":"","_tribe_events_status_reason":"","_tribe_events_is_hybrid":"","_tribe_events_is_virtual":"","_tribe_events_virtual_video_source":"","_tribe_events_virtual_embed_video":"","_tribe_events_virtual_linked_button_text":"","_tribe_events_virtual_linked_button":"","_tribe_events_virtual_show_embed_at":"","_tribe_events_virtual_show_embed_to":[],"_tribe_events_virtual_show_on_event":"","_tribe_events_virtual_show_on_views":"","_tribe_events_virtual_url":"","footnotes":""},"tags":[17267,17268,14040,17280,1363,17277,17270,17287,17269,11900,11899,11901,13532,17272,17266,17283,17271,17289,17286,17273,9521,17276,17278,17275,17288,17282,17281,17284,17279,17291,17290,9615,17292,17274,17285,13825],"tribe_events_cat":[16536,8965],"class_list":["post-30907","tribe_events","type-tribe_events","status-publish","has-post-thumbnail","hentry","tag-alvaro-p-ff","tag-alvaro-perez-fajardo","tag-arde-bogota","tag-bunbury","tag-cafe-la-palma","tag-calamaro","tag-coque-malla","tag-elton-john","tag-elvis-costello","tag-expos","tag-exposiciones-cafe-la-palma","tag-fast-expos","tag-galerias-de-arte-malasana","tag-guns-nroses","tag-ink-guerrilla","tag-jayhawks","tag-korn","tag-la-fiambrera-art-gallery","tag-lana-del-rey","tag-los-coronas","tag-los-zigarros","tag-luz-casal","tag-m-clan","tag-ozzy-osbourne","tag-postcards-from-nowhere","tag-quique-gonzalez","tag-rayden","tag-redd-kross","tag-rulo-y-la-contrabanda","tag-shag","tag-shepard-fairey","tag-sidecars","tag-tara-mcpherson","tag-the-lumineers","tag-the-who","tag-tinta","tribe_events_cat-carrusel","tribe_events_cat-exposicion","cat_carrusel","cat_exposicion"],"uagb_featured_image_src":{"full":["https:\/\/cafelapalma.com\/wp-content\/uploads\/2025\/04\/alvaropff.webp",1080,1080,false],"thumbnail":["https:\/\/cafelapalma.com\/wp-content\/uploads\/2025\/04\/alvaropff-150x150.webp",150,150,true],"medium":["https:\/\/cafelapalma.com\/wp-content\/uploads\/2025\/04\/alvaropff-300x300.webp",300,300,true],"medium_large":["https:\/\/cafelapalma.com\/wp-content\/uploads\/2025\/04\/alvaropff-768x768.webp",768,768,true],"large":["https:\/\/cafelapalma.com\/wp-content\/uploads\/2025\/04\/alvaropff-1040x1040.webp",1020,1020,true],"1536x1536":["https:\/\/cafelapalma.com\/wp-content\/uploads\/2025\/04\/alvaropff.webp",1080,1080,false],"2048x2048":["https:\/\/cafelapalma.com\/wp-content\/uploads\/2025\/04\/alvaropff.webp",1080,1080,false],"trp-custom-language-flag":["https:\/\/cafelapalma.com\/wp-content\/uploads\/2025\/04\/alvaropff.webp",12,12,false],"blossom-feminine-slider":["https:\/\/cafelapalma.com\/wp-content\/uploads\/2025\/04\/alvaropff-1080x649.webp",1080,649,true],"blossom-feminine-featured":["https:\/\/cafelapalma.com\/wp-content\/uploads\/2025\/04\/alvaropff-1080x600.webp",1080,600,true],"blossom-feminine-with-sidebar":["https:\/\/cafelapalma.com\/wp-content\/uploads\/2025\/04\/alvaropff-1020x600.webp",1020,600,true],"blossom-feminine-blog":["https:\/\/cafelapalma.com\/wp-content\/uploads\/2025\/04\/alvaropff-435x435.webp",435,435,true],"blossom-feminine-cat":["https:\/\/cafelapalma.com\/wp-content\/uploads\/2025\/04\/alvaropff-450x300.webp",450,300,true],"blossom-feminine-related":["https:\/\/cafelapalma.com\/wp-content\/uploads\/2025\/04\/alvaropff-320x200.webp",320,200,true],"blossom-feminine-schema":["https:\/\/cafelapalma.com\/wp-content\/uploads\/2025\/04\/alvaropff-60x60.webp",60,60,true]},"uagb_author_info":{"display_name":"Victor","author_link":"https:\/\/cafelapalma.com\/en\/author\/comunicacion\/"},"uagb_comment_info":0,"uagb_excerpt":"Hasta al domingo 11 de mayo \u00c1lvaro P\u00e9rez-Fajardo, m\u00e1s conocido como \u00c1lvaro P-FF, es uno de los ilustradores m\u00e1s conocidos y respetados de la industria musical patria. Desde sus inicios en la efervescente escena underground de la Malsa\u00f1a de mediados de los &#8217;90 hasta la actualidad, su arte inconfundible ha sido el rostro de innumerables&hellip;","_links":{"self":[{"href":"https:\/\/cafelapalma.com\/en\/wp-json\/wp\/v2\/tribe_events\/30907","targetHints":{"allow":["GET"]}}],"collection":[{"href":"https:\/\/cafelapalma.com\/en\/wp-json\/wp\/v2\/tribe_events"}],"about":[{"href":"https:\/\/cafelapalma.com\/en\/wp-json\/wp\/v2\/types\/tribe_events"}],"author":[{"embeddable":true,"href":"https:\/\/cafelapalma.com\/en\/wp-json\/wp\/v2\/users\/2"}],"version-history":[{"count":0,"href":"https:\/\/cafelapalma.com\/en\/wp-json\/wp\/v2\/tribe_events\/30907\/revisions"}],"wp:featuredmedia":[{"embeddable":true,"href":"https:\/\/cafelapalma.com\/en\/wp-json\/wp\/v2\/media\/30909"}],"wp:attachment":[{"href":"https:\/\/cafelapalma.com\/en\/wp-json\/wp\/v2\/media?parent=30907"}],"wp:term":[{"taxonomy":"post_tag","embeddable":true,"href":"https:\/\/cafelapalma.com\/en\/wp-json\/wp\/v2\/tags?post=30907"},{"taxonomy":"tribe_events_cat","embeddable":true,"href":"https:\/\/cafelapalma.com\/en\/wp-json\/wp\/v2\/tribe_events_cat?post=30907"}],"curies":[{"name":"wp","href":"https:\/\/api.w.org\/{rel}","templated":true}]}}