{"id":30941,"date":"2025-04-09T16:51:02","date_gmt":"2025-04-09T14:51:02","guid":{"rendered":"https:\/\/cafelapalma.com\/?post_type=tribe_events&#038;p=30941"},"modified":"2025-04-09T16:51:57","modified_gmt":"2025-04-09T14:51:57","slug":"bookrave","status":"publish","type":"tribe_events","link":"https:\/\/cafelapalma.com\/en\/programacion\/bookrave\/","title":{"rendered":"BookRave"},"content":{"rendered":"<div  class=\"tribe-events-schedule tribe-clearfix\" >\n\t<p class=\"tribe-events-schedule__datetime\">\n\t\t<span class=\"tribe-events-schedule__date tribe-events-schedule__date--start\">\n\t\t\t26  April  2025\t\t<\/span>\n\n\t\t\t\t\t<span class=\"tribe-events-schedule__separator tribe-events-schedule__separator--date\">\n\t\t\t\t@\t\t\t<\/span>\n\t\t\t<span class=\"tribe-events-schedule__time tribe-events-schedule__time--start\">\n\t\t\t\t23:50\t\t\t<\/span>\n\t\t\n\t\t\t\t\t\t\t\t\t<span class=\"tribe-events-schedule__separator tribe-events-schedule__separator--time\">\n\t\t\t\t\t&#8211;\t\t\t\t<\/span>\n\t\t\t\n\t\t\t\t\t\t\t<span class=\"tribe-events-schedule__time tribe-events-schedule__time--end\">\n\t\t\t\t\t23:55\t\t\t\t<\/span>\n\t\t\t\n\t\t\t\t\t\t<\/p>\n<\/div>\n\n\n<div  class=\"tribe-block tribe-block__event-price\" >\n\t\t\t<span class=\"tribe-block__event-price__cost\"> 10\u20ac <\/span>\n\t\t\t\t<span class=\"tribe-block__event-price__description\">+ gg Anticipada | 12\u20ac Taquilla de 00:00 a 01:30 | 14\u20ac Taquilla de 01:30 a cierre. Todos los tramos de entrada incluyen UNA CONSUMICI\u00d3N. Canjeable por DOS CERVEZAS DE BARRIL antes de las 01:30<\/span>\n\t<\/div>\n\n\n\n<div style=\"height:100px\" aria-hidden=\"true\" class=\"wp-block-spacer\"><\/div>\n\n\n\n<div class=\"wp-block-columns is-layout-flex wp-container-core-columns-is-layout-8f761849 wp-block-columns-is-layout-flex\">\n<div class=\"wp-block-column is-layout-flow wp-block-column-is-layout-flow\" style=\"flex-basis:33.33%\">\n<figure class=\"wp-block-image size-large\"><img loading=\"lazy\" decoding=\"async\" width=\"832\" height=\"1040\" src=\"https:\/\/cafelapalma.com\/wp-content\/uploads\/2025\/04\/BOOKRAVE-FEED-832x1040.jpg\" alt=\"\" class=\"wp-image-30942\" srcset=\"https:\/\/cafelapalma.com\/wp-content\/uploads\/2025\/04\/BOOKRAVE-FEED-832x1040.jpg 832w, https:\/\/cafelapalma.com\/wp-content\/uploads\/2025\/04\/BOOKRAVE-FEED-240x300.jpg 240w, https:\/\/cafelapalma.com\/wp-content\/uploads\/2025\/04\/BOOKRAVE-FEED-768x960.jpg 768w, https:\/\/cafelapalma.com\/wp-content\/uploads\/2025\/04\/BOOKRAVE-FEED-48x60.jpg 48w, https:\/\/cafelapalma.com\/wp-content\/uploads\/2025\/04\/BOOKRAVE-FEED.jpg 1080w\" sizes=\"auto, (max-width: 832px) 100vw, 832px\" \/><\/figure>\n\n\n<div  class=\"tribe-block tribe-block__event-website\" >\n\t<a\n\t\thref=\"https:\/\/www.passline.com\/eventos\/bookrave\"\n\t\ttarget=\"_self\"\n\t\t\t>\n\t\tBUY TICKETS\t<\/a>\n<\/div>\n<\/div>\n\n\n\n<div class=\"wp-block-column is-layout-flow wp-block-column-is-layout-flow\" style=\"flex-basis:66.66%\">\n<p class=\"has-text-align-left wp-block-paragraph\"><strong>BookRave<\/strong> es un evento que redefine la experiencia literaria al fusionar la pasi\u00f3n por los libros con la energ\u00eda de una rave. Coincidiendo con <strong>La Noche de los Libros<\/strong>, del 25 al 27 de abril cuenta con una programaci\u00f3n extensa pensada para todas las etapas lectoras y que se realizan en el <strong>Bastardo Hostel<\/strong>. El colof\u00f3n es una fiesta en <strong>CAFE LA PALMA<\/strong> el s\u00e1bado 26 donde contaremos con la m\u00fasica de <strong>III<\/strong>, <strong>GIA<\/strong>, <strong>Pavvvvvvlo <\/strong>y <strong>Vikenzo<\/strong>.<\/p>\n\n\n\n<p class=\"has-text-align-left wp-block-paragraph\"><strong>III <\/strong>es un DJ de enfoque ecl\u00e9ctico con una inclinaci\u00f3n por los sonidos oscuros y una cuidada selecci\u00f3n de pistas desconocidas dentro de la escena <em>underground<\/em>. Su dedicaci\u00f3n a la m\u00fasica se encuentra presente en el colectivo <strong>Lege Berria<\/strong> in <strong>Zarautz <\/strong>y en el proyecto <strong>Exhibici\u00f3n de Atrocidades<\/strong> in <strong>Madrid<\/strong>.<\/p>\n\n\n\n<p class=\"has-text-align-left wp-block-paragraph\"><strong>GIA <\/strong>es una dj gallega residente en <strong>Madrid <\/strong>y promotora de <strong>Miso Club<\/strong>, un colectivo de m\u00fasica electr\u00f3nica que busca la creaci\u00f3n de espacios donde los artistas emergentes puedan expresarse y tener un lugar dentro de la noche madrile\u00f1a. Sus sets se caracterizan por la mezcla de sonidos r\u00edtmicos, en\u00e9rgicos y llenos de movimiento, con elementos del funk brasile\u00f1o, latin club, as\u00ed como influencias del hard dance, hyperpop y raptor house.<\/p>\n\n\n\n<p class=\"has-text-align-left wp-block-paragraph\"><strong>Pavvvvvvlo <\/strong>es un dj, productor y promotor tambi\u00e9n de <strong>Miso Club <\/strong>y <strong>Paranoyd Collective<\/strong>. Sus sets, llenos de energ\u00eda, se caracterizan por la combinaci\u00f3n de diferentes sonidos y estilos musicales como el hard groove, ghetto techno, hard dance\u2026<\/p>\n\n\n\n<p class=\"has-text-align-left wp-block-paragraph\"><strong>Victor Lorenzo<\/strong> <em>aka <\/em><strong>VIKENZO <\/strong>es uno de los artistas m\u00e1s solicitados de la escena musical balear. Su estilo, diverso, abarca desde el house m\u00e1s cl\u00e1sico hasta el minimal techno m\u00e1s minimalista. Su repertorio tambi\u00e9n incluye otros estilos como el deep o el afro house. Tambi\u00e9n es fundador de la promotora <strong>Vinyl Live<\/strong>, que ha contado con artistas como <strong>Cristian Varela<\/strong>, <strong>Cuartero <\/strong>y <strong>F\u00e1tima Haji<\/strong>, entre otros, en sus eventos. Desde 2020 es DJ residente en <strong>W19 Agency<\/strong>.<\/p>\n<\/div>\n<\/div>\n\n\n\n<div style=\"height:100px\" aria-hidden=\"true\" class=\"wp-block-spacer\"><\/div>\n\n\n\n<hr class=\"wp-block-separator has-alpha-channel-opacity\"\/>\n\n\n\n<div style=\"height:100px\" aria-hidden=\"true\" class=\"wp-block-spacer\"><\/div>\n\n\n<h2 class=\"tribe-block__related-events__title\">Related Events<\/h2>\n\n<ul  class=\"tribe-related-events tribe-clearfix\" >\n\t\t\t<li>\n\t\n<div class=\"tribe-related-events-thumbnail\">\n\t<a href=\"https:\/\/cafelapalma.com\/en\/programacion\/funkin-donuts\/\" class=\"url\" rel=\"bookmark\" tabindex=\"-1\" aria-hidden=\"true\"><img loading=\"lazy\" decoding=\"async\" width=\"693\" height=\"1040\" src=\"https:\/\/cafelapalma.com\/wp-content\/uploads\/2026\/07\/FD-vert2-bn-693x1040.jpg\" class=\"attachment-large size-large wp-post-image\" alt=\"\" \/><\/a>\n<\/div>\n\t<div class=\"tribe-related-event-info\">\n\t<h3 class=\"tribe-related-events-title\">\n\t\t<a href=\"https:\/\/cafelapalma.com\/en\/programacion\/funkin-donuts\/\" class=\"tribe-event-url\" rel=\"bookmark\">\n\t\t\tFUNKIN&#8217; DONUTS\t\t<\/a>\n\t<\/h3>\n\t<span class=\"tribe-event-date-start\">5  September@22:00<\/span><span class=\"tribe-event-time\">23:45<\/span><\/div>\n<\/li>\n\t\t\t<li>\n\t\n<div class=\"tribe-related-events-thumbnail\">\n\t<a href=\"https:\/\/cafelapalma.com\/en\/programacion\/backstage-le-petit-truffle-mayo\/\" class=\"url\" rel=\"bookmark\" tabindex=\"-1\" aria-hidden=\"true\"><img loading=\"lazy\" decoding=\"async\" width=\"780\" height=\"1040\" src=\"https:\/\/cafelapalma.com\/wp-content\/uploads\/2026\/07\/Imagen-TruffleMayo-LePetit-i-1-780x1040.png\" class=\"attachment-large size-large wp-post-image\" alt=\"\" \/><\/a>\n<\/div>\n\t<div class=\"tribe-related-event-info\">\n\t<h3 class=\"tribe-related-events-title\">\n\t\t<a href=\"https:\/\/cafelapalma.com\/en\/programacion\/backstage-le-petit-truffle-mayo\/\" class=\"tribe-event-url\" rel=\"bookmark\">\n\t\t\tBACKSTAGE: LE PETIT + TRUFFLE MAYO\t\t<\/a>\n\t<\/h3>\n\t<span class=\"tribe-event-date-start\">5  September@23:55<\/span><\/div>\n<\/li>\n\t\t\t<li>\n\t\n<div class=\"tribe-related-events-thumbnail\">\n\t<a href=\"https:\/\/cafelapalma.com\/en\/programacion\/willie-deville-concierto-benefico-x-venezuela\/\" class=\"url\" rel=\"bookmark\" tabindex=\"-1\" aria-hidden=\"true\"><img loading=\"lazy\" decoding=\"async\" width=\"1020\" height=\"531\" src=\"https:\/\/cafelapalma.com\/wp-content\/uploads\/2026\/08\/Willie-deville-1100x572-1-1040x541.jpg\" class=\"attachment-large size-large wp-post-image\" alt=\"\" \/><\/a>\n<\/div>\n\t<div class=\"tribe-related-event-info\">\n\t<h3 class=\"tribe-related-events-title\">\n\t\t<a href=\"https:\/\/cafelapalma.com\/en\/programacion\/willie-deville-concierto-benefico-x-venezuela\/\" class=\"tribe-event-url\" rel=\"bookmark\">\n\t\t\tWILLIE DEVILLE: CONCIERTO BEN\u00c9FICO X VENEZUELA\t\t<\/a>\n\t<\/h3>\n\t<span class=\"tribe-event-date-start\">6  September@21:00<\/span><span class=\"tribe-event-time\">23:45<\/span><\/div>\n<\/li>\n\t<\/ul>","protected":false},"excerpt":{"rendered":"<p>BookRave es un evento que redefine la experiencia literaria al fusionar la pasi\u00f3n por los libros con la energ\u00eda de una rave. Coincidiendo con La Noche de los Libros, del 25 al 27 de abril cuenta con una programaci\u00f3n extensa pensada para todas las etapas lectoras y que se realizan en el Bastardo Hostel. El &hellip; <\/p>","protected":false},"author":2,"featured_media":30944,"template":"","meta":{"_tec_requires_first_save":false,"_uag_custom_page_level_css":"","loftloader_page_shortcode":"","_EventAllDay":false,"_EventTimezone":"Europe\/Madrid","_EventStartDate":"2025-04-26 23:50:00","_EventEndDate":"2025-04-26 23:55:00","_EventStartDateUTC":"2025-04-26 21:50:00","_EventEndDateUTC":"2025-04-26 21:55:00","_EventShowMap":false,"_EventShowMapLink":false,"_EventURL":"https:\/\/www.passline.com\/eventos\/bookrave","_EventCost":"10","_EventCostDescription":"","_EventCurrencySymbol":"\u20ac","_EventCurrencyCode":"USD","_EventCurrencyPosition":"suffix","_EventDateTimeSeparator":"@","_EventTimeRangeSeparator":"-","_EventOrganizerID":[],"_EventVenueID":[],"_OrganizerEmail":"","_OrganizerPhone":"","_OrganizerWebsite":"","_VenueAddress":"","_VenueCity":"","_VenueCountry":"","_VenueProvince":"","_VenueState":"","_VenueZip":"","_VenuePhone":"","_VenueURL":"","_VenueStateProvince":"","_VenueLat":"","_VenueLng":"","_VenueShowMap":false,"_VenueShowMapLink":false,"_tribe_blocks_recurrence_rules":"","_tribe_blocks_recurrence_description":"","_tribe_blocks_recurrence_exclusions":"","_ecp_custom_2":"","_tribe_events_status":"","_tribe_events_status_reason":"","_tribe_events_is_hybrid":"","_tribe_events_is_virtual":"","_tribe_events_virtual_video_source":"","_tribe_events_virtual_embed_video":"","_tribe_events_virtual_linked_button_text":"","_tribe_events_virtual_linked_button":"","_tribe_events_virtual_show_embed_at":"","_tribe_events_virtual_show_embed_to":[],"_tribe_events_virtual_show_on_event":"","_tribe_events_virtual_show_on_views":"","_tribe_events_virtual_url":"","footnotes":""},"tags":[17320,17318,17317,8869,1363,9225,9227,1357,17326,17328,17332,17322,12403,14941,9309,9746,17321,16186,17329,17325,17319,17327,17331,17323,17330,17333,17324,17335,17336],"tribe_events_cat":[8964],"class_list":["post-30941","tribe_events","type-tribe_events","status-publish","has-post-thumbnail","hentry","tag-bastardo-hostel","tag-book-rave","tag-bookrave","tag-cafe-la-palma-2","tag-cafe-la-palma","tag-cafe-la-palma-clubbing","tag-djs-malasana","tag-electronica","tag-exhibicion-de-atrocidades","tag-funk-brasileno","tag-ghetto-techno","tag-gia","tag-hard-dance","tag-hard-groove","tag-house","tag-hyperpop","tag-iii","tag-la-noche-de-los-libros","tag-latin-club","tag-lege-berria","tag-libreria-ciento-volando","tag-miso-club","tag-paranoyd-collective","tag-pavvvvvvlo","tag-raptor-house","tag-victor-lorenzo","tag-vikenzo","tag-vinyl-live","tag-w19-agency","tribe_events_cat-clubbing","cat_clubbing"],"uagb_featured_image_src":{"full":["https:\/\/cafelapalma.com\/wp-content\/uploads\/2025\/04\/BOOKRAVE-FRONT-FIGU.jpg",1080,1920,false],"thumbnail":["https:\/\/cafelapalma.com\/wp-content\/uploads\/2025\/04\/BOOKRAVE-FRONT-FIGU-150x150.jpg",150,150,true],"medium":["https:\/\/cafelapalma.com\/wp-content\/uploads\/2025\/04\/BOOKRAVE-FRONT-FIGU-169x300.jpg",169,300,true],"medium_large":["https:\/\/cafelapalma.com\/wp-content\/uploads\/2025\/04\/BOOKRAVE-FRONT-FIGU-768x1365.jpg",768,1365,true],"large":["https:\/\/cafelapalma.com\/wp-content\/uploads\/2025\/04\/BOOKRAVE-FRONT-FIGU-585x1040.jpg",585,1040,true],"1536x1536":["https:\/\/cafelapalma.com\/wp-content\/uploads\/2025\/04\/BOOKRAVE-FRONT-FIGU-864x1536.jpg",864,1536,true],"2048x2048":["https:\/\/cafelapalma.com\/wp-content\/uploads\/2025\/04\/BOOKRAVE-FRONT-FIGU.jpg",1080,1920,false],"trp-custom-language-flag":["https:\/\/cafelapalma.com\/wp-content\/uploads\/2025\/04\/BOOKRAVE-FRONT-FIGU.jpg",7,12,false],"blossom-feminine-slider":["https:\/\/cafelapalma.com\/wp-content\/uploads\/2025\/04\/BOOKRAVE-FRONT-FIGU-1080x649.jpg",1080,649,true],"blossom-feminine-featured":["https:\/\/cafelapalma.com\/wp-content\/uploads\/2025\/04\/BOOKRAVE-FRONT-FIGU-1080x600.jpg",1080,600,true],"blossom-feminine-with-sidebar":["https:\/\/cafelapalma.com\/wp-content\/uploads\/2025\/04\/BOOKRAVE-FRONT-FIGU-1020x600.jpg",1020,600,true],"blossom-feminine-blog":["https:\/\/cafelapalma.com\/wp-content\/uploads\/2025\/04\/BOOKRAVE-FRONT-FIGU-435x435.jpg",435,435,true],"blossom-feminine-cat":["https:\/\/cafelapalma.com\/wp-content\/uploads\/2025\/04\/BOOKRAVE-FRONT-FIGU-450x300.jpg",450,300,true],"blossom-feminine-related":["https:\/\/cafelapalma.com\/wp-content\/uploads\/2025\/04\/BOOKRAVE-FRONT-FIGU-320x200.jpg",320,200,true],"blossom-feminine-schema":["https:\/\/cafelapalma.com\/wp-content\/uploads\/2025\/04\/BOOKRAVE-FRONT-FIGU-34x60.jpg",34,60,true]},"uagb_author_info":{"display_name":"Victor","author_link":"https:\/\/cafelapalma.com\/en\/author\/comunicacion\/"},"uagb_comment_info":0,"uagb_excerpt":"BookRave es un evento que redefine la experiencia literaria al fusionar la pasi\u00f3n por los libros con la energ\u00eda de una rave. Coincidiendo con La Noche de los Libros, del 25 al 27 de abril cuenta con una programaci\u00f3n extensa pensada para todas las etapas lectoras y que se realizan en el Bastardo Hostel. El&hellip;","_links":{"self":[{"href":"https:\/\/cafelapalma.com\/en\/wp-json\/wp\/v2\/tribe_events\/30941","targetHints":{"allow":["GET"]}}],"collection":[{"href":"https:\/\/cafelapalma.com\/en\/wp-json\/wp\/v2\/tribe_events"}],"about":[{"href":"https:\/\/cafelapalma.com\/en\/wp-json\/wp\/v2\/types\/tribe_events"}],"author":[{"embeddable":true,"href":"https:\/\/cafelapalma.com\/en\/wp-json\/wp\/v2\/users\/2"}],"version-history":[{"count":0,"href":"https:\/\/cafelapalma.com\/en\/wp-json\/wp\/v2\/tribe_events\/30941\/revisions"}],"wp:featuredmedia":[{"embeddable":true,"href":"https:\/\/cafelapalma.com\/en\/wp-json\/wp\/v2\/media\/30944"}],"wp:attachment":[{"href":"https:\/\/cafelapalma.com\/en\/wp-json\/wp\/v2\/media?parent=30941"}],"wp:term":[{"taxonomy":"post_tag","embeddable":true,"href":"https:\/\/cafelapalma.com\/en\/wp-json\/wp\/v2\/tags?post=30941"},{"taxonomy":"tribe_events_cat","embeddable":true,"href":"https:\/\/cafelapalma.com\/en\/wp-json\/wp\/v2\/tribe_events_cat?post=30941"}],"curies":[{"name":"wp","href":"https:\/\/api.w.org\/{rel}","templated":true}]}}