{"id":30971,"date":"2025-04-14T12:53:50","date_gmt":"2025-04-14T10:53:50","guid":{"rendered":"https:\/\/cafelapalma.com\/?post_type=tribe_events&#038;p=30971"},"modified":"2025-06-30T10:17:40","modified_gmt":"2025-06-30T08:17:40","slug":"kidjamm","status":"publish","type":"tribe_events","link":"https:\/\/cafelapalma.com\/en\/programacion\/kidjamm\/","title":{"rendered":"KIDJAMM"},"content":{"rendered":"<div  class=\"tribe-events-schedule tribe-clearfix\" >\n\t<p class=\"tribe-events-schedule__datetime\">\n\t\t<span class=\"tribe-events-schedule__date tribe-events-schedule__date--start\">\n\t\t\t06  July  2025\t\t<\/span>\n\n\t\t\t\t\t<span class=\"tribe-events-schedule__separator tribe-events-schedule__separator--date\">\n\t\t\t\t@\t\t\t<\/span>\n\t\t\t<span class=\"tribe-events-schedule__time tribe-events-schedule__time--start\">\n\t\t\t\t21:00\t\t\t<\/span>\n\t\t\n\t\t\t\t\t\t\t\t\t<span class=\"tribe-events-schedule__separator tribe-events-schedule__separator--time\">\n\t\t\t\t\t&#8211;\t\t\t\t<\/span>\n\t\t\t\n\t\t\t\t\t\t\t<span class=\"tribe-events-schedule__time tribe-events-schedule__time--end\">\n\t\t\t\t\t23:00\t\t\t\t<\/span>\n\t\t\t\n\t\t\t\t\t\t<\/p>\n<\/div>\n\n\n<div  class=\"tribe-block tribe-block__event-price\" >\n\t\t\t<span class=\"tribe-block__event-price__cost\"> 16\u20ac <\/span>\n\t\t\t\t<span class=\"tribe-block__event-price__description\">+ gg Preventa | 18\u20ac Taquilla<\/span>\n\t<\/div>\n\n\n\n<div style=\"height:100px\" aria-hidden=\"true\" class=\"wp-block-spacer\"><\/div>\n\n\n\n<div class=\"wp-block-columns is-layout-flex wp-container-core-columns-is-layout-8f761849 wp-block-columns-is-layout-flex\">\n<div class=\"wp-block-column is-layout-flow wp-block-column-is-layout-flow\" style=\"flex-basis:33.33%\">\n<figure class=\"wp-block-image size-large\"><img loading=\"lazy\" decoding=\"async\" width=\"693\" height=\"1040\" src=\"https:\/\/cafelapalma.com\/wp-content\/uploads\/2025\/04\/KIDJAMM-A3-LOW-693x1040.jpg\" alt=\"\" class=\"wp-image-30972\" srcset=\"https:\/\/cafelapalma.com\/wp-content\/uploads\/2025\/04\/KIDJAMM-A3-LOW-693x1040.jpg 693w, https:\/\/cafelapalma.com\/wp-content\/uploads\/2025\/04\/KIDJAMM-A3-LOW-200x300.jpg 200w, https:\/\/cafelapalma.com\/wp-content\/uploads\/2025\/04\/KIDJAMM-A3-LOW-768x1152.jpg 768w, https:\/\/cafelapalma.com\/wp-content\/uploads\/2025\/04\/KIDJAMM-A3-LOW-1024x1536.jpg 1024w, https:\/\/cafelapalma.com\/wp-content\/uploads\/2025\/04\/KIDJAMM-A3-LOW-1365x2048.jpg 1365w, https:\/\/cafelapalma.com\/wp-content\/uploads\/2025\/04\/KIDJAMM-A3-LOW-40x60.jpg 40w, https:\/\/cafelapalma.com\/wp-content\/uploads\/2025\/04\/KIDJAMM-A3-LOW-scaled.jpg 2000w\" sizes=\"auto, (max-width: 693px) 100vw, 693px\" \/><\/figure>\n\n\n<div  class=\"tribe-block tribe-block__event-website\" >\n\t<a\n\t\thref=\"https:\/\/www.passline.com\/eventos\/kidjamm\"\n\t\ttarget=\"_self\"\n\t\t\t>\n\t\tBUY TICKETS\t<\/a>\n<\/div>\n<\/div>\n\n\n\n<div class=\"wp-block-column is-layout-flow wp-block-column-is-layout-flow\" style=\"flex-basis:66.66%\">\n<div style=\"height:100px\" aria-hidden=\"true\" class=\"wp-block-spacer\"><\/div>\n\n\n\n<p class=\"has-text-align-left wp-block-paragraph\"><strong>KIDJAMM <\/strong>es un m\u00fasico, compositor e instrumentista venezolano arraigado en <strong>Madrid<\/strong>. Artista y promesa de la m\u00fasica venezolana,\u00a0<strong>KIDJAMM <\/strong>es la fusi\u00f3n de lo elegante y lo callejero, abordando g\u00e9neros musicales como el jazz, funk carioca, trap, electr\u00f3nica\u2026 una mezcla de sonidos que transporta al oyente hasta sus m\u00e1s profundas ra\u00edces.\u00a0<\/p>\n\n\n\n<p class=\"has-text-align-left wp-block-paragraph\">Presentando por primera vez un show adaptado totalmente al formato en vivo con su banda integrada por excelentes m\u00fasicos \u2013y amigos\u2013 venezolanos, <strong>KIDJAMM <\/strong>se presenta en el escenario de <strong>CAFE LA PALMA<\/strong> una experiencia at\u00edpica y explosiva en relaci\u00f3n a lo que la escena urbana propone hoy en d\u00eda. Habr\u00e1 sorpresas, artistas invitados y desde luego una conexi\u00f3n genuina entre la banda y el espectador.<\/p>\n\n\n\n<p class=\"has-text-align-right wp-block-paragraph\"><em><a href=\"https:\/\/open.spotify.com\/intl-es\/artist\/0adcxuwMmTjPN6tsOshpN5?si=JtRdNk6OQR2oEyAb6cL3lA\">Listen to <\/a><\/em><strong><a href=\"https:\/\/open.spotify.com\/intl-es\/artist\/0adcxuwMmTjPN6tsOshpN5?si=JtRdNk6OQR2oEyAb6cL3lA\">KIDJAMM <\/a><\/strong><em><a href=\"https:\/\/open.spotify.com\/intl-es\/artist\/0adcxuwMmTjPN6tsOshpN5?si=JtRdNk6OQR2oEyAb6cL3lA\">in <\/a><\/em><strong><a href=\"https:\/\/open.spotify.com\/intl-es\/artist\/0adcxuwMmTjPN6tsOshpN5?si=JtRdNk6OQR2oEyAb6cL3lA\">Spotify<\/a><\/strong><\/p>\n<\/div>\n<\/div>\n\n\n\n<div style=\"height:100px\" aria-hidden=\"true\" class=\"wp-block-spacer\"><\/div>\n\n\n\n<hr class=\"wp-block-separator has-alpha-channel-opacity\"\/>\n\n\n\n<div style=\"height:100px\" aria-hidden=\"true\" class=\"wp-block-spacer\"><\/div>\n\n\n<h2 class=\"tribe-block__related-events__title\">Related Events<\/h2>\n\n<ul  class=\"tribe-related-events tribe-clearfix\" >\n\t\t\t<li>\n\t\n<div class=\"tribe-related-events-thumbnail\">\n\t<a href=\"https:\/\/cafelapalma.com\/en\/programacion\/funkin-donuts\/\" class=\"url\" rel=\"bookmark\" tabindex=\"-1\" aria-hidden=\"true\"><img loading=\"lazy\" decoding=\"async\" width=\"693\" height=\"1040\" src=\"https:\/\/cafelapalma.com\/wp-content\/uploads\/2026\/07\/FD-vert2-bn-693x1040.jpg\" class=\"attachment-large size-large wp-post-image\" alt=\"\" \/><\/a>\n<\/div>\n\t<div class=\"tribe-related-event-info\">\n\t<h3 class=\"tribe-related-events-title\">\n\t\t<a href=\"https:\/\/cafelapalma.com\/en\/programacion\/funkin-donuts\/\" class=\"tribe-event-url\" rel=\"bookmark\">\n\t\t\tFUNKIN&#8217; DONUTS\t\t<\/a>\n\t<\/h3>\n\t<span class=\"tribe-event-date-start\">5  September@22:00<\/span><span class=\"tribe-event-time\">23:45<\/span><\/div>\n<\/li>\n\t\t\t<li>\n\t\n<div class=\"tribe-related-events-thumbnail\">\n\t<a href=\"https:\/\/cafelapalma.com\/en\/programacion\/backstage-le-petit-truffle-mayo\/\" class=\"url\" rel=\"bookmark\" tabindex=\"-1\" aria-hidden=\"true\"><img loading=\"lazy\" decoding=\"async\" width=\"780\" height=\"1040\" src=\"https:\/\/cafelapalma.com\/wp-content\/uploads\/2026\/07\/Imagen-TruffleMayo-LePetit-i-1-780x1040.png\" class=\"attachment-large size-large wp-post-image\" alt=\"\" \/><\/a>\n<\/div>\n\t<div class=\"tribe-related-event-info\">\n\t<h3 class=\"tribe-related-events-title\">\n\t\t<a href=\"https:\/\/cafelapalma.com\/en\/programacion\/backstage-le-petit-truffle-mayo\/\" class=\"tribe-event-url\" rel=\"bookmark\">\n\t\t\tBACKSTAGE: LE PETIT + TRUFFLE MAYO\t\t<\/a>\n\t<\/h3>\n\t<span class=\"tribe-event-date-start\">5  September@23:55<\/span><\/div>\n<\/li>\n\t\t\t<li>\n\t\n<div class=\"tribe-related-events-thumbnail\">\n\t<a href=\"https:\/\/cafelapalma.com\/en\/programacion\/willie-deville-concierto-benefico-x-venezuela\/\" class=\"url\" rel=\"bookmark\" tabindex=\"-1\" aria-hidden=\"true\"><img loading=\"lazy\" decoding=\"async\" width=\"1020\" height=\"531\" src=\"https:\/\/cafelapalma.com\/wp-content\/uploads\/2026\/08\/Willie-deville-1100x572-1-1040x541.jpg\" class=\"attachment-large size-large wp-post-image\" alt=\"\" \/><\/a>\n<\/div>\n\t<div class=\"tribe-related-event-info\">\n\t<h3 class=\"tribe-related-events-title\">\n\t\t<a href=\"https:\/\/cafelapalma.com\/en\/programacion\/willie-deville-concierto-benefico-x-venezuela\/\" class=\"tribe-event-url\" rel=\"bookmark\">\n\t\t\tWILLIE DEVILLE: CONCIERTO BEN\u00c9FICO X VENEZUELA\t\t<\/a>\n\t<\/h3>\n\t<span class=\"tribe-event-date-start\">6  September@21:00<\/span><span class=\"tribe-event-time\">23:45<\/span><\/div>\n<\/li>\n\t<\/ul>","protected":false},"excerpt":{"rendered":"<p>KIDJAMM es un m\u00fasico, compositor e instrumentista venezolano arraigado en Madrid. Artista y promesa de la m\u00fasica venezolana,\u00a0KIDJAMM es la fusi\u00f3n de lo elegante y lo callejero, abordando g\u00e9neros musicales como el jazz, funk carioca, trap, electr\u00f3nica\u2026 una mezcla de sonidos que transporta al oyente hasta sus m\u00e1s profundas ra\u00edces.\u00a0 Presentando por primera vez un &hellip; <\/p>","protected":false},"author":2,"featured_media":30973,"template":"","meta":{"_tec_requires_first_save":false,"_uag_custom_page_level_css":"","loftloader_page_shortcode":"","_EventAllDay":false,"_EventTimezone":"Europe\/Madrid","_EventStartDate":"2025-07-06 21:00:00","_EventEndDate":"2025-07-06 23:00:00","_EventStartDateUTC":"2025-07-06 19:00:00","_EventEndDateUTC":"2025-07-06 21:00:00","_EventShowMap":false,"_EventShowMapLink":false,"_EventURL":"https:\/\/www.passline.com\/eventos\/kidjamm","_EventCost":"16","_EventCostDescription":"","_EventCurrencySymbol":"\u20ac","_EventCurrencyCode":"USD","_EventCurrencyPosition":"suffix","_EventDateTimeSeparator":"@","_EventTimeRangeSeparator":"-","_EventOrganizerID":[],"_EventVenueID":[],"_OrganizerEmail":"","_OrganizerPhone":"","_OrganizerWebsite":"","_VenueAddress":"","_VenueCity":"","_VenueCountry":"","_VenueProvince":"","_VenueState":"","_VenueZip":"","_VenuePhone":"","_VenueURL":"","_VenueStateProvince":"","_VenueLat":"","_VenueLng":"","_VenueShowMap":false,"_VenueShowMapLink":false,"_tribe_blocks_recurrence_rules":"","_tribe_blocks_recurrence_description":"","_tribe_blocks_recurrence_exclusions":"","_ecp_custom_2":"","_tribe_events_status":"","_tribe_events_status_reason":"","_tribe_events_is_hybrid":"","_tribe_events_is_virtual":"","_tribe_events_virtual_video_source":"","_tribe_events_virtual_embed_video":"","_tribe_events_virtual_linked_button_text":"","_tribe_events_virtual_linked_button":"","_tribe_events_virtual_show_embed_at":"","_tribe_events_virtual_show_embed_to":[],"_tribe_events_virtual_show_on_event":"","_tribe_events_virtual_show_on_views":"","_tribe_events_virtual_url":"","footnotes":""},"tags":[1363,8869,2865,9147,9146,1357,17312,9352,777,17363,9413,2397,9349,17365,10618],"tribe_events_cat":[8963],"class_list":["post-30971","tribe_events","type-tribe_events","status-publish","has-post-thumbnail","hentry","tag-cafe-la-palma","tag-cafe-la-palma-2","tag-conciertos-cafe-la-palma","tag-conciertos-madrid","tag-conciertos-malasana","tag-electronica","tag-funk-carioca","tag-hip-hop-2","tag-jazz","tag-kidjamm","tag-musica-urbana","tag-trap","tag-urban","tag-urban-2","tag-venezuela","tribe_events_cat-concierto","cat_concierto"],"uagb_featured_image_src":{"full":["https:\/\/cafelapalma.com\/wp-content\/uploads\/2025\/04\/KIDJAMM-LOWPIC-scaled.jpg",2000,3000,false],"thumbnail":["https:\/\/cafelapalma.com\/wp-content\/uploads\/2025\/04\/KIDJAMM-LOWPIC-150x150.jpg",150,150,true],"medium":["https:\/\/cafelapalma.com\/wp-content\/uploads\/2025\/04\/KIDJAMM-LOWPIC-200x300.jpg",200,300,true],"medium_large":["https:\/\/cafelapalma.com\/wp-content\/uploads\/2025\/04\/KIDJAMM-LOWPIC-768x1152.jpg",768,1152,true],"large":["https:\/\/cafelapalma.com\/wp-content\/uploads\/2025\/04\/KIDJAMM-LOWPIC-693x1040.jpg",693,1040,true],"1536x1536":["https:\/\/cafelapalma.com\/wp-content\/uploads\/2025\/04\/KIDJAMM-LOWPIC-1024x1536.jpg",1024,1536,true],"2048x2048":["https:\/\/cafelapalma.com\/wp-content\/uploads\/2025\/04\/KIDJAMM-LOWPIC-1365x2048.jpg",1365,2048,true],"trp-custom-language-flag":["https:\/\/cafelapalma.com\/wp-content\/uploads\/2025\/04\/KIDJAMM-LOWPIC-scaled.jpg",8,12,false],"blossom-feminine-slider":["https:\/\/cafelapalma.com\/wp-content\/uploads\/2025\/04\/KIDJAMM-LOWPIC-1920x649.jpg",1920,649,true],"blossom-feminine-featured":["https:\/\/cafelapalma.com\/wp-content\/uploads\/2025\/04\/KIDJAMM-LOWPIC-1410x600.jpg",1410,600,true],"blossom-feminine-with-sidebar":["https:\/\/cafelapalma.com\/wp-content\/uploads\/2025\/04\/KIDJAMM-LOWPIC-1020x600.jpg",1020,600,true],"blossom-feminine-blog":["https:\/\/cafelapalma.com\/wp-content\/uploads\/2025\/04\/KIDJAMM-LOWPIC-435x435.jpg",435,435,true],"blossom-feminine-cat":["https:\/\/cafelapalma.com\/wp-content\/uploads\/2025\/04\/KIDJAMM-LOWPIC-450x300.jpg",450,300,true],"blossom-feminine-related":["https:\/\/cafelapalma.com\/wp-content\/uploads\/2025\/04\/KIDJAMM-LOWPIC-320x200.jpg",320,200,true],"blossom-feminine-schema":["https:\/\/cafelapalma.com\/wp-content\/uploads\/2025\/04\/KIDJAMM-LOWPIC-40x60.jpg",40,60,true]},"uagb_author_info":{"display_name":"Victor","author_link":"https:\/\/cafelapalma.com\/en\/author\/comunicacion\/"},"uagb_comment_info":0,"uagb_excerpt":"KIDJAMM es un m\u00fasico, compositor e instrumentista venezolano arraigado en Madrid. Artista y promesa de la m\u00fasica venezolana,\u00a0KIDJAMM es la fusi\u00f3n de lo elegante y lo callejero, abordando g\u00e9neros musicales como el jazz, funk carioca, trap, electr\u00f3nica\u2026 una mezcla de sonidos que transporta al oyente hasta sus m\u00e1s profundas ra\u00edces.\u00a0 Presentando por primera vez un&hellip;","_links":{"self":[{"href":"https:\/\/cafelapalma.com\/en\/wp-json\/wp\/v2\/tribe_events\/30971","targetHints":{"allow":["GET"]}}],"collection":[{"href":"https:\/\/cafelapalma.com\/en\/wp-json\/wp\/v2\/tribe_events"}],"about":[{"href":"https:\/\/cafelapalma.com\/en\/wp-json\/wp\/v2\/types\/tribe_events"}],"author":[{"embeddable":true,"href":"https:\/\/cafelapalma.com\/en\/wp-json\/wp\/v2\/users\/2"}],"version-history":[{"count":0,"href":"https:\/\/cafelapalma.com\/en\/wp-json\/wp\/v2\/tribe_events\/30971\/revisions"}],"wp:featuredmedia":[{"embeddable":true,"href":"https:\/\/cafelapalma.com\/en\/wp-json\/wp\/v2\/media\/30973"}],"wp:attachment":[{"href":"https:\/\/cafelapalma.com\/en\/wp-json\/wp\/v2\/media?parent=30971"}],"wp:term":[{"taxonomy":"post_tag","embeddable":true,"href":"https:\/\/cafelapalma.com\/en\/wp-json\/wp\/v2\/tags?post=30971"},{"taxonomy":"tribe_events_cat","embeddable":true,"href":"https:\/\/cafelapalma.com\/en\/wp-json\/wp\/v2\/tribe_events_cat?post=30971"}],"curies":[{"name":"wp","href":"https:\/\/api.w.org\/{rel}","templated":true}]}}