{"id":30975,"date":"2025-04-14T14:10:24","date_gmt":"2025-04-14T12:10:24","guid":{"rendered":"https:\/\/cafelapalma.com\/?post_type=tribe_events&#038;p=30975"},"modified":"2025-04-14T14:10:25","modified_gmt":"2025-04-14T12:10:25","slug":"mr-cobol-koi","status":"publish","type":"tribe_events","link":"https:\/\/cafelapalma.com\/en\/programacion\/mr-cobol-koi\/","title":{"rendered":"MR. COBOL + KOI"},"content":{"rendered":"<div  class=\"tribe-events-schedule tribe-clearfix\" >\n\t<p class=\"tribe-events-schedule__datetime\">\n\t\t<span class=\"tribe-events-schedule__date tribe-events-schedule__date--start\">\n\t\t\t30  May  2025\t\t<\/span>\n\n\t\t\t\t\t<span class=\"tribe-events-schedule__separator tribe-events-schedule__separator--date\">\n\t\t\t\t@\t\t\t<\/span>\n\t\t\t<span class=\"tribe-events-schedule__time tribe-events-schedule__time--start\">\n\t\t\t\t21:00\t\t\t<\/span>\n\t\t\n\t\t\t\t\t\t\t\t\t<span class=\"tribe-events-schedule__separator tribe-events-schedule__separator--time\">\n\t\t\t\t\t&#8211;\t\t\t\t<\/span>\n\t\t\t\n\t\t\t\t\t\t\t<span class=\"tribe-events-schedule__time tribe-events-schedule__time--end\">\n\t\t\t\t\t23:45\t\t\t\t<\/span>\n\t\t\t\n\t\t\t\t\t\t<\/p>\n<\/div>\n\n\n<div  class=\"tribe-block tribe-block__event-price\" >\n\t\t\t<span class=\"tribe-block__event-price__cost\"> 12\u20ac <\/span>\n\t\t\t\t<span class=\"tribe-block__event-price__description\">+ gg Anticipada | 15\u20ac Taquilla<\/span>\n\t<\/div>\n\n\n\n<div style=\"height:100px\" aria-hidden=\"true\" class=\"wp-block-spacer\"><\/div>\n\n\n\n<div class=\"wp-block-columns is-layout-flex wp-container-core-columns-is-layout-8f761849 wp-block-columns-is-layout-flex\">\n<div class=\"wp-block-column is-layout-flow wp-block-column-is-layout-flow\" style=\"flex-basis:33.33%\">\n<figure class=\"wp-block-image size-large\"><img loading=\"lazy\" decoding=\"async\" width=\"735\" height=\"1040\" src=\"https:\/\/cafelapalma.com\/wp-content\/uploads\/2025\/04\/MR-COBOL-A3-LOW-735x1040.jpg\" alt=\"\" class=\"wp-image-30976\" srcset=\"https:\/\/cafelapalma.com\/wp-content\/uploads\/2025\/04\/MR-COBOL-A3-LOW-735x1040.jpg 735w, https:\/\/cafelapalma.com\/wp-content\/uploads\/2025\/04\/MR-COBOL-A3-LOW-212x300.jpg 212w, https:\/\/cafelapalma.com\/wp-content\/uploads\/2025\/04\/MR-COBOL-A3-LOW-768x1086.jpg 768w, https:\/\/cafelapalma.com\/wp-content\/uploads\/2025\/04\/MR-COBOL-A3-LOW-1086x1536.jpg 1086w, https:\/\/cafelapalma.com\/wp-content\/uploads\/2025\/04\/MR-COBOL-A3-LOW-1448x2048.jpg 1448w, https:\/\/cafelapalma.com\/wp-content\/uploads\/2025\/04\/MR-COBOL-A3-LOW-42x60.jpg 42w\" sizes=\"auto, (max-width: 735px) 100vw, 735px\" \/><\/figure>\n\n\n<div  class=\"tribe-block tribe-block__event-website\" >\n\t<a\n\t\thref=\"https:\/\/www.passline.com\/eventos\/mr-cobol-koi\"\n\t\ttarget=\"_self\"\n\t\t\t>\n\t\tBUY TICKETS\t<\/a>\n<\/div>\n<\/div>\n\n\n\n<div class=\"wp-block-column is-layout-flow wp-block-column-is-layout-flow\" style=\"flex-basis:66.66%\">\n<p class=\"has-text-align-left wp-block-paragraph\">La banda de rock alternativo <strong>MR. COBOL<\/strong> nace en Madrid en 2017. Las diferentes influencias de sus integrantes hacen una mezcla perfecta entre los sonidos del pop rock brit\u00e1nico, rock americano e Indie espa\u00f1ol, que junto con una voz mel\u00f3dica y potente dan como resultado canciones en\u00e9rgicas y reflexivas.<\/p>\n\n\n\n<p class=\"has-text-align-left wp-block-paragraph\"><strong>MR. COBOL<\/strong> ha destacado en la escena alternativa con logros como su versi\u00f3n de <strong><em>\u201cMe gusta el f\u00fatbol\u201d<\/em><\/strong> para <strong>Movistar+<\/strong> o el primer premio del <strong>Altrantr\u00e1n Festival 2023<\/strong>. Su m\u00fasica ha sonado en la <strong>Cadena SER<\/strong> y en emisiones de <strong>NBA <\/strong>y <strong>ACB<\/strong>. Adem\u00e1s, han actuado en el <strong>Talavera Spring Festival <\/strong>y teloneado a <strong>S\u00f4ber<\/strong>, consolid\u00e1ndose como una de las bandas emergentes m\u00e1s prometedoras. Actualmente trabajan con la agencia <strong>Allsounds<\/strong>. Para fans de <strong>The Strokes<\/strong>,<strong> Los Planetas <\/strong>y <strong>Smashing Pumpkins<\/strong>.<\/p>\n\n\n\n<p class=\"has-text-align-right wp-block-paragraph\"><em><a href=\"https:\/\/open.spotify.com\/intl-es\/artist\/2OqoUCNVsamfrvQYF8PFpi?si=lIUxlrRMRFqtYK-Ux-T9Kw\">Listen to <\/a><\/em><strong><a href=\"https:\/\/open.spotify.com\/intl-es\/artist\/2OqoUCNVsamfrvQYF8PFpi?si=lIUxlrRMRFqtYK-Ux-T9Kw\">MR. COBOL<\/a><\/strong><em><a href=\"https:\/\/open.spotify.com\/intl-es\/artist\/2OqoUCNVsamfrvQYF8PFpi?si=lIUxlrRMRFqtYK-Ux-T9Kw\"> in <\/a><\/em><strong><a href=\"https:\/\/open.spotify.com\/intl-es\/artist\/2OqoUCNVsamfrvQYF8PFpi?si=lIUxlrRMRFqtYK-Ux-T9Kw\">Spotify<\/a><\/strong><\/p>\n\n\n\n<p class=\"has-text-align-left wp-block-paragraph\"><strong>KOI<\/strong> es una banda madrile\u00f1a formada a mediados de 2020, en los meses que siguieron a lo peor de la pandemia. Precisamente en esa tesitura, dada la acuciante necesidad de dar salida a sus inquietudes musicales, los cinco miembros de <strong>KOI <\/strong>se juntan\u00a0 en\u00a0 el\u00a0barrio de Entrev\u00edas para poner en com\u00fan sus propuestas. As\u00ed, <strong>V\u00edctor <\/strong>(guitarras, voz), <strong>Carlos <\/strong>(guitarras, voz), <strong>Bel <\/strong>(bajo, voz), y <strong>Pablo <\/strong>(voz) aportan su particular visi\u00f3n del mundo y sus influencias (desde <strong>Pearl Jam<\/strong> hasta <strong>Radiohead<\/strong>, de <strong>Pink Floyd<\/strong> a <strong>Incubus<\/strong>) y los plasman en su sonido de rock avanzado, singular, independiente y garajero a la vez. Actualmente se encuentran en la fase de grabaci\u00f3n de su primer EP, que estar\u00e1 listo en verano. Ahora presentan el primer single, <strong><em>\u00abGolems\u00bb<\/em><\/strong>.<\/p>\n<\/div>\n<\/div>\n\n\n\n<div style=\"height:100px\" aria-hidden=\"true\" class=\"wp-block-spacer\"><\/div>\n\n\n\n<hr class=\"wp-block-separator has-alpha-channel-opacity\"\/>\n\n\n\n<div style=\"height:100px\" aria-hidden=\"true\" class=\"wp-block-spacer\"><\/div>\n\n\n<h2 class=\"tribe-block__related-events__title\">Related Events<\/h2>\n\n<ul  class=\"tribe-related-events tribe-clearfix\" >\n\t\t\t<li>\n\t\n<div class=\"tribe-related-events-thumbnail\">\n\t<a href=\"https:\/\/cafelapalma.com\/en\/programacion\/funkin-donuts\/\" class=\"url\" rel=\"bookmark\" tabindex=\"-1\" aria-hidden=\"true\"><img loading=\"lazy\" decoding=\"async\" width=\"693\" height=\"1040\" src=\"https:\/\/cafelapalma.com\/wp-content\/uploads\/2026\/07\/FD-vert2-bn-693x1040.jpg\" class=\"attachment-large size-large wp-post-image\" alt=\"\" \/><\/a>\n<\/div>\n\t<div class=\"tribe-related-event-info\">\n\t<h3 class=\"tribe-related-events-title\">\n\t\t<a href=\"https:\/\/cafelapalma.com\/en\/programacion\/funkin-donuts\/\" class=\"tribe-event-url\" rel=\"bookmark\">\n\t\t\tFUNKIN&#8217; DONUTS\t\t<\/a>\n\t<\/h3>\n\t<span class=\"tribe-event-date-start\">5  September@22:00<\/span><span class=\"tribe-event-time\">23:45<\/span><\/div>\n<\/li>\n\t\t\t<li>\n\t\n<div class=\"tribe-related-events-thumbnail\">\n\t<a href=\"https:\/\/cafelapalma.com\/en\/programacion\/backstage-le-petit-truffle-mayo\/\" class=\"url\" rel=\"bookmark\" tabindex=\"-1\" aria-hidden=\"true\"><img loading=\"lazy\" decoding=\"async\" width=\"780\" height=\"1040\" src=\"https:\/\/cafelapalma.com\/wp-content\/uploads\/2026\/07\/Imagen-TruffleMayo-LePetit-i-1-780x1040.png\" class=\"attachment-large size-large wp-post-image\" alt=\"\" \/><\/a>\n<\/div>\n\t<div class=\"tribe-related-event-info\">\n\t<h3 class=\"tribe-related-events-title\">\n\t\t<a href=\"https:\/\/cafelapalma.com\/en\/programacion\/backstage-le-petit-truffle-mayo\/\" class=\"tribe-event-url\" rel=\"bookmark\">\n\t\t\tBACKSTAGE: LE PETIT + TRUFFLE MAYO\t\t<\/a>\n\t<\/h3>\n\t<span class=\"tribe-event-date-start\">5  September@23:55<\/span><\/div>\n<\/li>\n\t\t\t<li>\n\t\n<div class=\"tribe-related-events-thumbnail\">\n\t<a href=\"https:\/\/cafelapalma.com\/en\/programacion\/willie-deville-concierto-benefico-x-venezuela\/\" class=\"url\" rel=\"bookmark\" tabindex=\"-1\" aria-hidden=\"true\"><img loading=\"lazy\" decoding=\"async\" width=\"1020\" height=\"531\" src=\"https:\/\/cafelapalma.com\/wp-content\/uploads\/2026\/08\/Willie-deville-1100x572-1-1040x541.jpg\" class=\"attachment-large size-large wp-post-image\" alt=\"\" \/><\/a>\n<\/div>\n\t<div class=\"tribe-related-event-info\">\n\t<h3 class=\"tribe-related-events-title\">\n\t\t<a href=\"https:\/\/cafelapalma.com\/en\/programacion\/willie-deville-concierto-benefico-x-venezuela\/\" class=\"tribe-event-url\" rel=\"bookmark\">\n\t\t\tWILLIE DEVILLE: CONCIERTO BEN\u00c9FICO X VENEZUELA\t\t<\/a>\n\t<\/h3>\n\t<span class=\"tribe-event-date-start\">6  September@21:00<\/span><span class=\"tribe-event-time\">23:45<\/span><\/div>\n<\/li>\n\t<\/ul>","protected":false},"excerpt":{"rendered":"<p>La banda de rock alternativo MR. COBOL nace en Madrid en 2017. Las diferentes influencias de sus integrantes hacen una mezcla perfecta entre los sonidos del pop rock brit\u00e1nico, rock americano e Indie espa\u00f1ol, que junto con una voz mel\u00f3dica y potente dan como resultado canciones en\u00e9rgicas y reflexivas. MR. COBOL ha destacado en la &hellip; <\/p>","protected":false},"author":2,"featured_media":30977,"template":"","meta":{"_tec_requires_first_save":false,"_uag_custom_page_level_css":"","loftloader_page_shortcode":"","_EventAllDay":false,"_EventTimezone":"Europe\/Madrid","_EventStartDate":"2025-05-30 21:00:00","_EventEndDate":"2025-05-30 23:45:00","_EventStartDateUTC":"2025-05-30 19:00:00","_EventEndDateUTC":"2025-05-30 21:45:00","_EventShowMap":false,"_EventShowMapLink":false,"_EventURL":"https:\/\/www.passline.com\/eventos\/mr-cobol-koi","_EventCost":"12","_EventCostDescription":"","_EventCurrencySymbol":"\u20ac","_EventCurrencyCode":"USD","_EventCurrencyPosition":"suffix","_EventDateTimeSeparator":"@","_EventTimeRangeSeparator":"-","_EventOrganizerID":[],"_EventVenueID":[],"_OrganizerEmail":"","_OrganizerPhone":"","_OrganizerWebsite":"","_VenueAddress":"","_VenueCity":"","_VenueCountry":"","_VenueProvince":"","_VenueState":"","_VenueZip":"","_VenuePhone":"","_VenueURL":"","_VenueStateProvince":"","_VenueLat":"","_VenueLng":"","_VenueShowMap":false,"_VenueShowMapLink":false,"_tribe_blocks_recurrence_rules":"","_tribe_blocks_recurrence_description":"","_tribe_blocks_recurrence_exclusions":"","_ecp_custom_2":"","_tribe_events_status":"","_tribe_events_status_reason":"","_tribe_events_is_hybrid":"","_tribe_events_is_virtual":"","_tribe_events_virtual_video_source":"","_tribe_events_virtual_embed_video":"","_tribe_events_virtual_linked_button_text":"","_tribe_events_virtual_linked_button":"","_tribe_events_virtual_show_embed_at":"","_tribe_events_virtual_show_embed_to":[],"_tribe_events_virtual_show_on_event":"","_tribe_events_virtual_show_on_views":"","_tribe_events_virtual_url":"","footnotes":""},"tags":[17368,17367,1363,8869,2865,9147,9146,17369,8970,17366,9962,9953,9959],"tribe_events_cat":[8963],"class_list":["post-30975","tribe_events","type-tribe_events","status-publish","has-post-thumbnail","hentry","tag-all-sounds-promo","tag-allsounds","tag-cafe-la-palma","tag-cafe-la-palma-2","tag-conciertos-cafe-la-palma","tag-conciertos-madrid","tag-conciertos-malasana","tag-golems","tag-indie","tag-koi","tag-me-gusta-el-futbol","tag-mr-cobol","tag-rock-alternativo","tribe_events_cat-concierto","cat_concierto"],"uagb_featured_image_src":{"full":["https:\/\/cafelapalma.com\/wp-content\/uploads\/2025\/04\/MR-COBOL-PIC-LOW-scaled.jpg",3000,1687,false],"thumbnail":["https:\/\/cafelapalma.com\/wp-content\/uploads\/2025\/04\/MR-COBOL-PIC-LOW-150x150.jpg",150,150,true],"medium":["https:\/\/cafelapalma.com\/wp-content\/uploads\/2025\/04\/MR-COBOL-PIC-LOW-300x169.jpg",300,169,true],"medium_large":["https:\/\/cafelapalma.com\/wp-content\/uploads\/2025\/04\/MR-COBOL-PIC-LOW-768x432.jpg",768,432,true],"large":["https:\/\/cafelapalma.com\/wp-content\/uploads\/2025\/04\/MR-COBOL-PIC-LOW-1040x585.jpg",1020,574,true],"1536x1536":["https:\/\/cafelapalma.com\/wp-content\/uploads\/2025\/04\/MR-COBOL-PIC-LOW-1536x864.jpg",1536,864,true],"2048x2048":["https:\/\/cafelapalma.com\/wp-content\/uploads\/2025\/04\/MR-COBOL-PIC-LOW-2048x1152.jpg",2048,1152,true],"trp-custom-language-flag":["https:\/\/cafelapalma.com\/wp-content\/uploads\/2025\/04\/MR-COBOL-PIC-LOW-scaled.jpg",18,10,false],"blossom-feminine-slider":["https:\/\/cafelapalma.com\/wp-content\/uploads\/2025\/04\/MR-COBOL-PIC-LOW-1920x649.jpg",1920,649,true],"blossom-feminine-featured":["https:\/\/cafelapalma.com\/wp-content\/uploads\/2025\/04\/MR-COBOL-PIC-LOW-1410x600.jpg",1410,600,true],"blossom-feminine-with-sidebar":["https:\/\/cafelapalma.com\/wp-content\/uploads\/2025\/04\/MR-COBOL-PIC-LOW-1020x600.jpg",1020,600,true],"blossom-feminine-blog":["https:\/\/cafelapalma.com\/wp-content\/uploads\/2025\/04\/MR-COBOL-PIC-LOW-435x435.jpg",435,435,true],"blossom-feminine-cat":["https:\/\/cafelapalma.com\/wp-content\/uploads\/2025\/04\/MR-COBOL-PIC-LOW-450x300.jpg",450,300,true],"blossom-feminine-related":["https:\/\/cafelapalma.com\/wp-content\/uploads\/2025\/04\/MR-COBOL-PIC-LOW-320x200.jpg",320,200,true],"blossom-feminine-schema":["https:\/\/cafelapalma.com\/wp-content\/uploads\/2025\/04\/MR-COBOL-PIC-LOW-107x60.jpg",107,60,true]},"uagb_author_info":{"display_name":"Victor","author_link":"https:\/\/cafelapalma.com\/en\/author\/comunicacion\/"},"uagb_comment_info":0,"uagb_excerpt":"La banda de rock alternativo MR. COBOL nace en Madrid en 2017. Las diferentes influencias de sus integrantes hacen una mezcla perfecta entre los sonidos del pop rock brit\u00e1nico, rock americano e Indie espa\u00f1ol, que junto con una voz mel\u00f3dica y potente dan como resultado canciones en\u00e9rgicas y reflexivas. MR. COBOL ha destacado en la&hellip;","_links":{"self":[{"href":"https:\/\/cafelapalma.com\/en\/wp-json\/wp\/v2\/tribe_events\/30975","targetHints":{"allow":["GET"]}}],"collection":[{"href":"https:\/\/cafelapalma.com\/en\/wp-json\/wp\/v2\/tribe_events"}],"about":[{"href":"https:\/\/cafelapalma.com\/en\/wp-json\/wp\/v2\/types\/tribe_events"}],"author":[{"embeddable":true,"href":"https:\/\/cafelapalma.com\/en\/wp-json\/wp\/v2\/users\/2"}],"version-history":[{"count":0,"href":"https:\/\/cafelapalma.com\/en\/wp-json\/wp\/v2\/tribe_events\/30975\/revisions"}],"wp:featuredmedia":[{"embeddable":true,"href":"https:\/\/cafelapalma.com\/en\/wp-json\/wp\/v2\/media\/30977"}],"wp:attachment":[{"href":"https:\/\/cafelapalma.com\/en\/wp-json\/wp\/v2\/media?parent=30975"}],"wp:term":[{"taxonomy":"post_tag","embeddable":true,"href":"https:\/\/cafelapalma.com\/en\/wp-json\/wp\/v2\/tags?post=30975"},{"taxonomy":"tribe_events_cat","embeddable":true,"href":"https:\/\/cafelapalma.com\/en\/wp-json\/wp\/v2\/tribe_events_cat?post=30975"}],"curies":[{"name":"wp","href":"https:\/\/api.w.org\/{rel}","templated":true}]}}