{"id":30979,"date":"2025-04-15T12:05:03","date_gmt":"2025-04-15T10:05:03","guid":{"rendered":"https:\/\/cafelapalma.com\/?post_type=tribe_events&#038;p=30979"},"modified":"2025-04-15T12:08:31","modified_gmt":"2025-04-15T10:08:31","slug":"round-nature-xxx-aniv","status":"publish","type":"tribe_events","link":"https:\/\/cafelapalma.com\/en\/programacion\/round-nature-xxx-aniv\/","title":{"rendered":"LUIS M ESPINOSA + VANE MADRID + MODESTO"},"content":{"rendered":"<div  class=\"tribe-events-schedule tribe-clearfix\" >\n\t<p class=\"tribe-events-schedule__datetime\">\n\t\t<span class=\"tribe-events-schedule__date tribe-events-schedule__date--start\">\n\t\t\t19  April  2025\t\t<\/span>\n\n\t\t\t\t\t<span class=\"tribe-events-schedule__separator tribe-events-schedule__separator--date\">\n\t\t\t\t@\t\t\t<\/span>\n\t\t\t<span class=\"tribe-events-schedule__time tribe-events-schedule__time--start\">\n\t\t\t\t23:50\t\t\t<\/span>\n\t\t\n\t\t\t\t\t\t\t\t\t<span class=\"tribe-events-schedule__separator tribe-events-schedule__separator--time\">\n\t\t\t\t\t&#8211;\t\t\t\t<\/span>\n\t\t\t\n\t\t\t\t\t\t\t<span class=\"tribe-events-schedule__time tribe-events-schedule__time--end\">\n\t\t\t\t\t23:55\t\t\t\t<\/span>\n\t\t\t\n\t\t\t\t\t\t<\/p>\n<\/div>\n\n\n<div  class=\"tribe-block tribe-block__event-price\" >\n\t\t\t<span class=\"tribe-block__event-price__cost\"> 11\u20ac <\/span>\n\t\t\t\t<span class=\"tribe-block__event-price__description\">Taquilla de 00:00 a 01:30 | 13\u20ac Taquilla de 01:30 a cierre. Todos los tramos de entrada incluyen UNA CONSUMICI\u00d3N. Canjeable por DOS CERVEZAS DE BARRIL antes de las 01:30<\/span>\n\t<\/div>\n\n\n\n<div style=\"height:100px\" aria-hidden=\"true\" class=\"wp-block-spacer\"><\/div>\n\n\n\n<div class=\"wp-block-columns is-layout-flex wp-container-core-columns-is-layout-8f761849 wp-block-columns-is-layout-flex\">\n<div class=\"wp-block-column is-layout-flow wp-block-column-is-layout-flow\" style=\"flex-basis:33.33%\">\n<figure class=\"wp-block-image size-full\"><img loading=\"lazy\" decoding=\"async\" width=\"1131\" height=\"1600\" src=\"https:\/\/cafelapalma.com\/wp-content\/uploads\/2025\/04\/ROUND-NATURE-A3-LOW.jpg\" alt=\"\" class=\"wp-image-30980\" srcset=\"https:\/\/cafelapalma.com\/wp-content\/uploads\/2025\/04\/ROUND-NATURE-A3-LOW.jpg 1131w, https:\/\/cafelapalma.com\/wp-content\/uploads\/2025\/04\/ROUND-NATURE-A3-LOW-212x300.jpg 212w, https:\/\/cafelapalma.com\/wp-content\/uploads\/2025\/04\/ROUND-NATURE-A3-LOW-735x1040.jpg 735w, https:\/\/cafelapalma.com\/wp-content\/uploads\/2025\/04\/ROUND-NATURE-A3-LOW-768x1086.jpg 768w, https:\/\/cafelapalma.com\/wp-content\/uploads\/2025\/04\/ROUND-NATURE-A3-LOW-1086x1536.jpg 1086w, https:\/\/cafelapalma.com\/wp-content\/uploads\/2025\/04\/ROUND-NATURE-A3-LOW-42x60.jpg 42w\" sizes=\"auto, (max-width: 1131px) 100vw, 1131px\" \/><\/figure>\n<\/div>\n\n\n\n<div class=\"wp-block-column is-layout-flow wp-block-column-is-layout-flow\" style=\"flex-basis:66.66%\">\n<div style=\"height:100px\" aria-hidden=\"true\" class=\"wp-block-spacer\"><\/div>\n\n\n\n<p class=\"wp-block-paragraph\"><\/p>\n\n\n\n<p class=\"has-text-align-left wp-block-paragraph\"><strong>ROUND NATURE <\/strong>es una plataforma de apoyo a la m\u00fasica nacida con un \u00fanico fin: transmitirla de todas las maneras posibles. Por medio de eventos, podcast y producciones buscan, a pesar de las circunstancias actuales, que los beats no paren. Tributo y sentido, profundo homenaje al amor por la naturaleza y la m\u00fasica negra y de ra\u00edz. Desde el soul, jazz, funk y hip hop a la electr\u00f3nica m\u00e1s org\u00e1nica.<\/p>\n\n\n\n<p class=\"has-text-align-left wp-block-paragraph\">En esta ocasi\u00f3n, contaremos con <strong><a href=\"https:\/\/www.instagram.com\/vanermadrid?igsh=YjkybG5hN2FiZGtp\">Vane Madrid<\/a><\/strong>, <strong><a href=\"https:\/\/www.instagram.com\/modesto_o?igsh=MWN6bzg1OXloOWEwbw==\">Modesto<\/a> <\/strong>y <a href=\"https:\/\/www.instagram.com\/_luis_m_espinosa_1976.official?igsh=b3hpbDRkb3I3MWx6\"><strong>Luis M Espinosa<\/strong> <em>aka <\/em><strong>Scott Heron<\/strong><\/a>.<\/p>\n<\/div>\n<\/div>\n\n\n\n<div style=\"height:100px\" aria-hidden=\"true\" class=\"wp-block-spacer\"><\/div>\n\n\n\n<hr class=\"wp-block-separator has-css-opacity is-style-wide\"\/>\n\n\n\n<div style=\"height:100px\" aria-hidden=\"true\" class=\"wp-block-spacer\"><\/div>\n\n\n<h2 class=\"tribe-block__related-events__title\">Related Events<\/h2>\n\n<ul  class=\"tribe-related-events tribe-clearfix\" >\n\t\t\t<li>\n\t\n<div class=\"tribe-related-events-thumbnail\">\n\t<a href=\"https:\/\/cafelapalma.com\/en\/programacion\/funkin-donuts\/\" class=\"url\" rel=\"bookmark\" tabindex=\"-1\" aria-hidden=\"true\"><img loading=\"lazy\" decoding=\"async\" width=\"693\" height=\"1040\" src=\"https:\/\/cafelapalma.com\/wp-content\/uploads\/2026\/07\/FD-vert2-bn-693x1040.jpg\" class=\"attachment-large size-large wp-post-image\" alt=\"\" \/><\/a>\n<\/div>\n\t<div class=\"tribe-related-event-info\">\n\t<h3 class=\"tribe-related-events-title\">\n\t\t<a href=\"https:\/\/cafelapalma.com\/en\/programacion\/funkin-donuts\/\" class=\"tribe-event-url\" rel=\"bookmark\">\n\t\t\tFUNKIN&#8217; DONUTS\t\t<\/a>\n\t<\/h3>\n\t<span class=\"tribe-event-date-start\">5  September@22:00<\/span><span class=\"tribe-event-time\">23:45<\/span><\/div>\n<\/li>\n\t\t\t<li>\n\t\n<div class=\"tribe-related-events-thumbnail\">\n\t<a href=\"https:\/\/cafelapalma.com\/en\/programacion\/backstage-le-petit-truffle-mayo\/\" class=\"url\" rel=\"bookmark\" tabindex=\"-1\" aria-hidden=\"true\"><img loading=\"lazy\" decoding=\"async\" width=\"780\" height=\"1040\" src=\"https:\/\/cafelapalma.com\/wp-content\/uploads\/2026\/07\/Imagen-TruffleMayo-LePetit-i-1-780x1040.png\" class=\"attachment-large size-large wp-post-image\" alt=\"\" \/><\/a>\n<\/div>\n\t<div class=\"tribe-related-event-info\">\n\t<h3 class=\"tribe-related-events-title\">\n\t\t<a href=\"https:\/\/cafelapalma.com\/en\/programacion\/backstage-le-petit-truffle-mayo\/\" class=\"tribe-event-url\" rel=\"bookmark\">\n\t\t\tBACKSTAGE: LE PETIT + TRUFFLE MAYO\t\t<\/a>\n\t<\/h3>\n\t<span class=\"tribe-event-date-start\">5  September@23:55<\/span><\/div>\n<\/li>\n\t\t\t<li>\n\t\n<div class=\"tribe-related-events-thumbnail\">\n\t<a href=\"https:\/\/cafelapalma.com\/en\/programacion\/willie-deville-concierto-benefico-x-venezuela\/\" class=\"url\" rel=\"bookmark\" tabindex=\"-1\" aria-hidden=\"true\"><img loading=\"lazy\" decoding=\"async\" width=\"1020\" height=\"531\" src=\"https:\/\/cafelapalma.com\/wp-content\/uploads\/2026\/08\/Willie-deville-1100x572-1-1040x541.jpg\" class=\"attachment-large size-large wp-post-image\" alt=\"\" \/><\/a>\n<\/div>\n\t<div class=\"tribe-related-event-info\">\n\t<h3 class=\"tribe-related-events-title\">\n\t\t<a href=\"https:\/\/cafelapalma.com\/en\/programacion\/willie-deville-concierto-benefico-x-venezuela\/\" class=\"tribe-event-url\" rel=\"bookmark\">\n\t\t\tWILLIE DEVILLE: CONCIERTO BEN\u00c9FICO X VENEZUELA\t\t<\/a>\n\t<\/h3>\n\t<span class=\"tribe-event-date-start\">6  September@21:00<\/span><span class=\"tribe-event-time\">23:45<\/span><\/div>\n<\/li>\n\t<\/ul>","protected":false},"excerpt":{"rendered":"<p>ROUND NATURE es una plataforma de apoyo a la m\u00fasica nacida con un \u00fanico fin: transmitirla de todas las maneras posibles. Por medio de eventos, podcast y producciones buscan, a pesar de las circunstancias actuales, que los beats no paren. Tributo y sentido, profundo homenaje al amor por la naturaleza y la m\u00fasica negra y &hellip; <\/p>","protected":false},"author":2,"featured_media":19639,"template":"","meta":{"_tec_requires_first_save":false,"_uag_custom_page_level_css":"","loftloader_page_shortcode":"","_EventAllDay":false,"_EventTimezone":"Europe\/Madrid","_EventStartDate":"2025-04-19 23:50:00","_EventEndDate":"2025-04-19 23:55:00","_EventStartDateUTC":"2025-04-19 21:50:00","_EventEndDateUTC":"2025-04-19 21:55:00","_EventShowMap":false,"_EventShowMapLink":false,"_EventURL":"https:\/\/link.dice.fm\/re880f2856a8","_EventCost":"11","_EventCostDescription":"","_EventCurrencySymbol":"\u20ac","_EventCurrencyCode":"","_EventCurrencyPosition":"suffix","_EventDateTimeSeparator":"@","_EventTimeRangeSeparator":"-","_EventOrganizerID":[],"_EventVenueID":[0],"_OrganizerEmail":"","_OrganizerPhone":"","_OrganizerWebsite":"","_VenueAddress":"","_VenueCity":"","_VenueCountry":"","_VenueProvince":"","_VenueState":"","_VenueZip":"","_VenuePhone":"","_VenueURL":"","_VenueStateProvince":"","_VenueLat":"","_VenueLng":"","_VenueShowMap":false,"_VenueShowMapLink":false,"_tribe_blocks_recurrence_rules":"","_tribe_blocks_recurrence_description":"","_tribe_blocks_recurrence_exclusions":"","_ecp_custom_2":"","_tribe_events_status":"","_tribe_events_status_reason":"","_tribe_events_is_hybrid":"","_tribe_events_is_virtual":"","_tribe_events_virtual_video_source":"","_tribe_events_virtual_embed_video":"","_tribe_events_virtual_linked_button_text":"","_tribe_events_virtual_linked_button":"","_tribe_events_virtual_show_embed_at":"","_tribe_events_virtual_show_embed_to":[],"_tribe_events_virtual_show_on_event":"","_tribe_events_virtual_show_on_views":"","_tribe_events_virtual_url":"","footnotes":""},"tags":[9229,10613,10837,1363,9225,9226,9227,1357,779,9305,2396,777,10577,15913,10838,2395,9228,10578,9620,15912],"tribe_events_cat":[8964],"class_list":["post-30979","tribe_events","type-tribe_events","status-publish","has-post-thumbnail","hentry","tag-beats","tag-black-music","tag-blactronica","tag-cafe-la-palma","tag-cafe-la-palma-clubbing","tag-djs-madrid","tag-djs-malasana","tag-electronica","tag-funk","tag-funky","tag-hip-hop","tag-jazz","tag-luis-m-espinosa","tag-modesto","tag-musica-negra","tag-rap","tag-round-nature","tag-scott-heron","tag-soul","tag-vane-madrid","tribe_events_cat-clubbing","cat_clubbing"],"uagb_featured_image_src":{"full":["https:\/\/cafelapalma.com\/wp-content\/uploads\/2021\/04\/roundnature.jpg",240,240,false],"thumbnail":["https:\/\/cafelapalma.com\/wp-content\/uploads\/2021\/04\/roundnature-150x150.jpg",150,150,true],"medium":["https:\/\/cafelapalma.com\/wp-content\/uploads\/2021\/04\/roundnature.jpg",240,240,false],"medium_large":["https:\/\/cafelapalma.com\/wp-content\/uploads\/2021\/04\/roundnature.jpg",240,240,false],"large":["https:\/\/cafelapalma.com\/wp-content\/uploads\/2021\/04\/roundnature.jpg",240,240,false],"1536x1536":["https:\/\/cafelapalma.com\/wp-content\/uploads\/2021\/04\/roundnature.jpg",240,240,false],"2048x2048":["https:\/\/cafelapalma.com\/wp-content\/uploads\/2021\/04\/roundnature.jpg",240,240,false],"trp-custom-language-flag":["https:\/\/cafelapalma.com\/wp-content\/uploads\/2021\/04\/roundnature.jpg",12,12,false],"blossom-feminine-slider":["https:\/\/cafelapalma.com\/wp-content\/uploads\/2021\/04\/roundnature.jpg",240,240,false],"blossom-feminine-featured":["https:\/\/cafelapalma.com\/wp-content\/uploads\/2021\/04\/roundnature.jpg",240,240,false],"blossom-feminine-with-sidebar":["https:\/\/cafelapalma.com\/wp-content\/uploads\/2021\/04\/roundnature.jpg",240,240,false],"blossom-feminine-blog":["https:\/\/cafelapalma.com\/wp-content\/uploads\/2021\/04\/roundnature.jpg",240,240,false],"blossom-feminine-cat":["https:\/\/cafelapalma.com\/wp-content\/uploads\/2021\/04\/roundnature.jpg",240,240,false],"blossom-feminine-related":["https:\/\/cafelapalma.com\/wp-content\/uploads\/2021\/04\/roundnature-240x200.jpg",240,200,true],"blossom-feminine-schema":["https:\/\/cafelapalma.com\/wp-content\/uploads\/2021\/04\/roundnature-60x60.jpg",60,60,true]},"uagb_author_info":{"display_name":"Victor","author_link":"https:\/\/cafelapalma.com\/en\/author\/comunicacion\/"},"uagb_comment_info":0,"uagb_excerpt":"ROUND NATURE es una plataforma de apoyo a la m\u00fasica nacida con un \u00fanico fin: transmitirla de todas las maneras posibles. Por medio de eventos, podcast y producciones buscan, a pesar de las circunstancias actuales, que los beats no paren. Tributo y sentido, profundo homenaje al amor por la naturaleza y la m\u00fasica negra y&hellip;","_links":{"self":[{"href":"https:\/\/cafelapalma.com\/en\/wp-json\/wp\/v2\/tribe_events\/30979","targetHints":{"allow":["GET"]}}],"collection":[{"href":"https:\/\/cafelapalma.com\/en\/wp-json\/wp\/v2\/tribe_events"}],"about":[{"href":"https:\/\/cafelapalma.com\/en\/wp-json\/wp\/v2\/types\/tribe_events"}],"author":[{"embeddable":true,"href":"https:\/\/cafelapalma.com\/en\/wp-json\/wp\/v2\/users\/2"}],"version-history":[{"count":0,"href":"https:\/\/cafelapalma.com\/en\/wp-json\/wp\/v2\/tribe_events\/30979\/revisions"}],"wp:featuredmedia":[{"embeddable":true,"href":"https:\/\/cafelapalma.com\/en\/wp-json\/wp\/v2\/media\/19639"}],"wp:attachment":[{"href":"https:\/\/cafelapalma.com\/en\/wp-json\/wp\/v2\/media?parent=30979"}],"wp:term":[{"taxonomy":"post_tag","embeddable":true,"href":"https:\/\/cafelapalma.com\/en\/wp-json\/wp\/v2\/tags?post=30979"},{"taxonomy":"tribe_events_cat","embeddable":true,"href":"https:\/\/cafelapalma.com\/en\/wp-json\/wp\/v2\/tribe_events_cat?post=30979"}],"curies":[{"name":"wp","href":"https:\/\/api.w.org\/{rel}","templated":true}]}}