{"id":31042,"date":"2025-04-22T11:57:52","date_gmt":"2025-04-22T09:57:52","guid":{"rendered":"https:\/\/cafelapalma.com\/?post_type=tribe_events&#038;p=31042"},"modified":"2025-04-22T12:09:09","modified_gmt":"2025-04-22T10:09:09","slug":"tanzen-6","status":"publish","type":"tribe_events","link":"https:\/\/cafelapalma.com\/en\/programacion\/tanzen-6\/","title":{"rendered":"TANZEN"},"content":{"rendered":"<div  class=\"tribe-events-schedule tribe-clearfix\" >\n\t<p class=\"tribe-events-schedule__datetime\">\n\t\t<span class=\"tribe-events-schedule__date tribe-events-schedule__date--start\">\n\t\t\t16  May  2025\t\t<\/span>\n\n\t\t\t\t\t<span class=\"tribe-events-schedule__separator tribe-events-schedule__separator--date\">\n\t\t\t\t@\t\t\t<\/span>\n\t\t\t<span class=\"tribe-events-schedule__time tribe-events-schedule__time--start\">\n\t\t\t\t23:50\t\t\t<\/span>\n\t\t\n\t\t\t\t\t\t\t\t\t<span class=\"tribe-events-schedule__separator tribe-events-schedule__separator--time\">\n\t\t\t\t\t&#8211;\t\t\t\t<\/span>\n\t\t\t\n\t\t\t\t\t\t\t<span class=\"tribe-events-schedule__time tribe-events-schedule__time--end\">\n\t\t\t\t\t23:55\t\t\t\t<\/span>\n\t\t\t\n\t\t\t\t\t\t<\/p>\n<\/div>\n\n\n<div  class=\"tribe-block tribe-block__event-price\" >\n\t\t\t<span class=\"tribe-block__event-price__cost\"> 11\u20ac <\/span>\n\t\t\t\t<span class=\"tribe-block__event-price__description\">Taquilla de 00:00 a 01:30 + UNA COPA o DOS DOBLES | 13\u20ac Taquilla de 01:30 a cierre + CONSUMICI\u00d3N<\/span>\n\t<\/div>\n\n\n\n<div style=\"height:100px\" aria-hidden=\"true\" class=\"wp-block-spacer\"><\/div>\n\n\n\n<div class=\"wp-block-columns is-layout-flex wp-container-core-columns-is-layout-8f761849 wp-block-columns-is-layout-flex\">\n<div class=\"wp-block-column is-layout-flow wp-block-column-is-layout-flow\" style=\"flex-basis:33.33%\">\n<figure class=\"wp-block-image size-full\"><img loading=\"lazy\" decoding=\"async\" width=\"297\" height=\"420\" src=\"https:\/\/cafelapalma.com\/wp-content\/uploads\/2025\/04\/TANZEN-MAYO-A3-LOW.jpg\" alt=\"\" class=\"wp-image-31043\" srcset=\"https:\/\/cafelapalma.com\/wp-content\/uploads\/2025\/04\/TANZEN-MAYO-A3-LOW.jpg 297w, https:\/\/cafelapalma.com\/wp-content\/uploads\/2025\/04\/TANZEN-MAYO-A3-LOW-212x300.jpg 212w, https:\/\/cafelapalma.com\/wp-content\/uploads\/2025\/04\/TANZEN-MAYO-A3-LOW-42x60.jpg 42w\" sizes=\"auto, (max-width: 297px) 100vw, 297px\" \/><\/figure>\n<\/div>\n\n\n\n<div class=\"wp-block-column is-layout-flow wp-block-column-is-layout-flow\" style=\"flex-basis:66.66%\">\n<p class=\"has-text-align-left wp-block-paragraph\"><strong>TANZEN<\/strong> es una fiesta cuyo principal objetivo es el baile y surge de la idea de <strong>AlesaDJ <\/strong>de crear un colectivo en el que participen Djs y productores nacionales de m\u00fasica electr\u00f3nica y darlos a conocer en las salas y clubes m\u00e1s importantes.&nbsp; Con varias fiestas a sus espaldas, la m\u00fasica electr\u00f3nica en sus m\u00faltiples variantes es el hilo conductor de las noches aderezados con unas visuales de calidad que moldeen el ambiente al ritmo de la m\u00fasica. Su fiesta hermana , <strong>Vermuttr\u00f2nic<\/strong>, une la m\u00fasica con el arte en horario diurno, para los menos noct\u00e1mbulos.<\/p>\n\n\n\n<p class=\"has-text-align-left wp-block-paragraph\"><strong>ARKADEMODE <\/strong>es un Dj y productor afincado en <strong>Madrid <\/strong>que empieza a producir m\u00fasica utilizando hardware, su amor por los sintetizadores, cajas de ritmos y dem\u00e1s herramientas de producci\u00f3n le ayuda a potenciar su carrera. Actualmente trabaja con sellos como <strong>Space Nein Records<\/strong>, <strong>Emerald &amp; Doreen<\/strong> o <strong>Factory Records<\/strong>, sello dirigido por <strong>David Carretta<\/strong>, entre otros; tambi\u00e9n como productor para el grupo <strong>Ruido Para\u00edso<\/strong> y componiendo m\u00fasica para bandas sonoras de cine, documentales y publicidad.<\/p>\n\n\n\n<p class=\"has-text-align-left wp-block-paragraph\"><strong>David Campos<\/strong>, conocido como <strong>PUMUKI<\/strong>, tiene un recorrido como Dj de 25 a\u00f1os. Conjuntamente con su carrera compagina su trabajo como productor y sus temas han sido publicados en sellos de renombre como <strong>Melopee Records<\/strong>, <strong>Logical Records<\/strong> o <strong>Espacio Cielo<\/strong> entre otros. Su estilo se mueve entre el Indie Dance, el Italo Disco y el Electroclash.<\/p>\n\n\n\n<p class=\"has-text-align-left wp-block-paragraph\"><strong>SERGIONE <\/strong>es fundador de las fiestas <strong>Pink Bingo<\/strong> o <strong>S\u00f2nica <\/strong>con residencia en la sala <strong>Freedonia <\/strong>de <strong>Barcelona<\/strong>, donde da rienda suelta a sus actuales filias musicales: Dark Disco, Electro, EBM, Indie Dance&#8230; sin descuidar otros tantos estilos, seg\u00fan se presenta la ocasi\u00f3n, tirando de ese amplio bagaje musical que maneja este mel\u00f3mano irremediable, siendo habitual en las cabinas de locales de la escena underground barcelonesa como <strong>Salvadiscos<\/strong>, <strong>Garage 442<\/strong>, <strong>Switch <\/strong>entre muchos otros.<\/p>\n\n\n\n<p class=\"has-text-align-left wp-block-paragraph\"><strong>ALESADJ<\/strong> empez\u00f3 su largo camino como <em>deejay <\/em>pinchando en peque\u00f1os locales de su ciudad&nbsp; <strong>Alcoy <\/strong>o de la provincia <strong>Alicante<\/strong>. Su trayectoria se encamina estos \u00faltimos a\u00f1os hacia la m\u00fasica electr\u00f3nica y sus sesiones destacan por el buen gusto y su manera de mezclar, pasando del dark disco al techno, desde el electro al indie dance o el trance, seleccionando temas que te atrapan y llaman la curiosidad del p\u00fablico. Inmersa de nuevo en su faceta como productora&nbsp;con tracks en sellos como <strong>Kyma Complex<\/strong>, <strong>Emerald&amp;Doreen<\/strong> o <strong>NEIN RECORDS<\/strong>.<\/p>\n\n\n\n<p class=\"has-text-align-left wp-block-paragraph\">Unidos por la experimentaci\u00f3n , con atm\u00f3sferas propias del techno mel\u00f3dico, <strong>Gonzalo Bautista<\/strong> (ex teclista de la banda post -rock <strong>Autumn Comets<\/strong>) y <strong>Nacho Urdia\u00edn<\/strong> son&nbsp;<strong>OCKTIVE<\/strong>. Naturales de <strong>Madrid<\/strong>, las producciones de este d\u00fao de m\u00fasicos electr\u00f3nicos ahondan en un sonido org\u00e1nico, c\u00e1lido y sampled\u00e9lico que sustancian texturas estimulantes, con querencias experimentales, desde estilos como el house primitivo, el 2-step, el electro, techno mel\u00f3dico, IDM, el deep-house o el ambient.<\/p>\n\n\n\n<p class=\"has-text-align-right wp-block-paragraph\"><em><a href=\"https:\/\/www.instagram.com\/tanze.ndance\/\">Sigue a <\/a><\/em><strong><a href=\"https:\/\/www.instagram.com\/tanze.ndance\/\">TANZEN <\/a><\/strong><em><a href=\"https:\/\/www.instagram.com\/tanze.ndance\/\">in <\/a><\/em><strong><a href=\"https:\/\/www.instagram.com\/tanze.ndance\/\">Instagram<\/a><\/strong><\/p>\n<\/div>\n<\/div>\n\n\n\n<div style=\"height:100px\" aria-hidden=\"true\" class=\"wp-block-spacer\"><\/div>\n\n\n\n<hr class=\"wp-block-separator has-alpha-channel-opacity is-style-wide\"\/>\n\n\n\n<div style=\"height:100px\" aria-hidden=\"true\" class=\"wp-block-spacer\"><\/div>\n\n\n<h2 class=\"tribe-block__related-events__title\">Related Events<\/h2>\n\n<ul  class=\"tribe-related-events tribe-clearfix\" >\n\t\t\t<li>\n\t\n<div class=\"tribe-related-events-thumbnail\">\n\t<a href=\"https:\/\/cafelapalma.com\/en\/programacion\/funkin-donuts\/\" class=\"url\" rel=\"bookmark\" tabindex=\"-1\" aria-hidden=\"true\"><img loading=\"lazy\" decoding=\"async\" width=\"693\" height=\"1040\" src=\"https:\/\/cafelapalma.com\/wp-content\/uploads\/2026\/07\/FD-vert2-bn-693x1040.jpg\" class=\"attachment-large size-large wp-post-image\" alt=\"\" \/><\/a>\n<\/div>\n\t<div class=\"tribe-related-event-info\">\n\t<h3 class=\"tribe-related-events-title\">\n\t\t<a href=\"https:\/\/cafelapalma.com\/en\/programacion\/funkin-donuts\/\" class=\"tribe-event-url\" rel=\"bookmark\">\n\t\t\tFUNKIN&#8217; DONUTS\t\t<\/a>\n\t<\/h3>\n\t<span class=\"tribe-event-date-start\">5  September@22:00<\/span><span class=\"tribe-event-time\">23:45<\/span><\/div>\n<\/li>\n\t\t\t<li>\n\t\n<div class=\"tribe-related-events-thumbnail\">\n\t<a href=\"https:\/\/cafelapalma.com\/en\/programacion\/backstage-le-petit-truffle-mayo\/\" class=\"url\" rel=\"bookmark\" tabindex=\"-1\" aria-hidden=\"true\"><img loading=\"lazy\" decoding=\"async\" width=\"780\" height=\"1040\" src=\"https:\/\/cafelapalma.com\/wp-content\/uploads\/2026\/07\/Imagen-TruffleMayo-LePetit-i-1-780x1040.png\" class=\"attachment-large size-large wp-post-image\" alt=\"\" \/><\/a>\n<\/div>\n\t<div class=\"tribe-related-event-info\">\n\t<h3 class=\"tribe-related-events-title\">\n\t\t<a href=\"https:\/\/cafelapalma.com\/en\/programacion\/backstage-le-petit-truffle-mayo\/\" class=\"tribe-event-url\" rel=\"bookmark\">\n\t\t\tBACKSTAGE: LE PETIT + TRUFFLE MAYO\t\t<\/a>\n\t<\/h3>\n\t<span class=\"tribe-event-date-start\">5  September@23:55<\/span><\/div>\n<\/li>\n\t\t\t<li>\n\t\n<div class=\"tribe-related-events-thumbnail\">\n\t<a href=\"https:\/\/cafelapalma.com\/en\/programacion\/willie-deville-concierto-benefico-x-venezuela\/\" class=\"url\" rel=\"bookmark\" tabindex=\"-1\" aria-hidden=\"true\"><img loading=\"lazy\" decoding=\"async\" width=\"1020\" height=\"531\" src=\"https:\/\/cafelapalma.com\/wp-content\/uploads\/2026\/08\/Willie-deville-1100x572-1-1040x541.jpg\" class=\"attachment-large size-large wp-post-image\" alt=\"\" \/><\/a>\n<\/div>\n\t<div class=\"tribe-related-event-info\">\n\t<h3 class=\"tribe-related-events-title\">\n\t\t<a href=\"https:\/\/cafelapalma.com\/en\/programacion\/willie-deville-concierto-benefico-x-venezuela\/\" class=\"tribe-event-url\" rel=\"bookmark\">\n\t\t\tWILLIE DEVILLE: CONCIERTO BEN\u00c9FICO X VENEZUELA\t\t<\/a>\n\t<\/h3>\n\t<span class=\"tribe-event-date-start\">6  September@21:00<\/span><span class=\"tribe-event-time\">23:45<\/span><\/div>\n<\/li>\n\t<\/ul>","protected":false},"excerpt":{"rendered":"<p>TANZEN es una fiesta cuyo principal objetivo es el baile y surge de la idea de AlesaDJ de crear un colectivo en el que participen Djs y productores nacionales de m\u00fasica electr\u00f3nica y darlos a conocer en las salas y clubes m\u00e1s importantes.&nbsp; Con varias fiestas a sus espaldas, la m\u00fasica electr\u00f3nica en sus m\u00faltiples &hellip; <\/p>","protected":false},"author":2,"featured_media":31043,"template":"","meta":{"_tec_requires_first_save":false,"_uag_custom_page_level_css":"","loftloader_page_shortcode":"","_EventAllDay":false,"_EventTimezone":"Europe\/Madrid","_EventStartDate":"2025-05-16 23:50:00","_EventEndDate":"2025-05-16 23:55:00","_EventStartDateUTC":"2025-05-16 21:50:00","_EventEndDateUTC":"2025-05-16 21:55:00","_EventShowMap":false,"_EventShowMapLink":false,"_EventURL":"https:\/\/www.passline.com\/eventos\/tanzen-5","_EventCost":"11","_EventCostDescription":"","_EventCurrencySymbol":"\u20ac","_EventCurrencyCode":"","_EventCurrencyPosition":"suffix","_EventDateTimeSeparator":"@","_EventTimeRangeSeparator":"-","_EventOrganizerID":[],"_EventVenueID":[0],"_OrganizerEmail":"","_OrganizerPhone":"","_OrganizerWebsite":"","_VenueAddress":"","_VenueCity":"","_VenueCountry":"","_VenueProvince":"","_VenueState":"","_VenueZip":"","_VenuePhone":"","_VenueURL":"","_VenueStateProvince":"","_VenueLat":"","_VenueLng":"","_VenueShowMap":false,"_VenueShowMapLink":false,"_tribe_blocks_recurrence_rules":"","_tribe_blocks_recurrence_description":"","_tribe_blocks_recurrence_exclusions":"","_ecp_custom_2":"","_tribe_events_status":"","_tribe_events_status_reason":"","_tribe_events_is_hybrid":"","_tribe_events_is_virtual":"","_tribe_events_virtual_video_source":"","_tribe_events_virtual_embed_video":"","_tribe_events_virtual_linked_button_text":"","_tribe_events_virtual_linked_button":"","_tribe_events_virtual_show_embed_at":"","_tribe_events_virtual_show_embed_to":[],"_tribe_events_virtual_show_on_event":"","_tribe_events_virtual_show_on_views":"","_tribe_events_virtual_url":"","footnotes":""},"tags":[10473,10474,9323,17396,9674,10358,1363,9225,15511,9546,17397,9557,9226,9227,10544,9394,9317,1357,15515,9818,13543,14941,9309,13546,9549,11034,16626,13545,13541,17398,15513,17399,13540,776,15514],"tribe_events_cat":[8964],"class_list":["post-31042","tribe_events","type-tribe_events","status-publish","has-post-thumbnail","hentry","tag-alesa-dj","tag-alesadj","tag-ambient","tag-arkademode","tag-breakbeat","tag-breaks","tag-cafe-la-palma","tag-cafe-la-palma-clubbing","tag-carmen-buendia","tag-dark-disco","tag-david-campos","tag-deep-house","tag-djs-madrid","tag-djs-malasana","tag-dont-kill-my-vibes","tag-ebm","tag-electro","tag-electronica","tag-escuela-djp-music-school","tag-freedonia","tag-gonzalo-bautista","tag-hard-groove","tag-house","tag-idm","tag-indie-dance","tag-italo-disco","tag-morgan-freelance","tag-nacho-urdiain","tag-ocktive","tag-pumuki","tag-sergione","tag-sonica","tag-tanzen","tag-techno","tag-vermuttronic","tribe_events_cat-clubbing","cat_clubbing"],"uagb_featured_image_src":{"full":["https:\/\/cafelapalma.com\/wp-content\/uploads\/2025\/04\/TANZEN-MAYO-A3-LOW.jpg",297,420,false],"thumbnail":["https:\/\/cafelapalma.com\/wp-content\/uploads\/2025\/04\/TANZEN-MAYO-A3-LOW-150x150.jpg",150,150,true],"medium":["https:\/\/cafelapalma.com\/wp-content\/uploads\/2025\/04\/TANZEN-MAYO-A3-LOW-212x300.jpg",212,300,true],"medium_large":["https:\/\/cafelapalma.com\/wp-content\/uploads\/2025\/04\/TANZEN-MAYO-A3-LOW.jpg",297,420,false],"large":["https:\/\/cafelapalma.com\/wp-content\/uploads\/2025\/04\/TANZEN-MAYO-A3-LOW.jpg",297,420,false],"1536x1536":["https:\/\/cafelapalma.com\/wp-content\/uploads\/2025\/04\/TANZEN-MAYO-A3-LOW.jpg",297,420,false],"2048x2048":["https:\/\/cafelapalma.com\/wp-content\/uploads\/2025\/04\/TANZEN-MAYO-A3-LOW.jpg",297,420,false],"trp-custom-language-flag":["https:\/\/cafelapalma.com\/wp-content\/uploads\/2025\/04\/TANZEN-MAYO-A3-LOW.jpg",8,12,false],"blossom-feminine-slider":["https:\/\/cafelapalma.com\/wp-content\/uploads\/2025\/04\/TANZEN-MAYO-A3-LOW.jpg",297,420,false],"blossom-feminine-featured":["https:\/\/cafelapalma.com\/wp-content\/uploads\/2025\/04\/TANZEN-MAYO-A3-LOW.jpg",297,420,false],"blossom-feminine-with-sidebar":["https:\/\/cafelapalma.com\/wp-content\/uploads\/2025\/04\/TANZEN-MAYO-A3-LOW.jpg",297,420,false],"blossom-feminine-blog":["https:\/\/cafelapalma.com\/wp-content\/uploads\/2025\/04\/TANZEN-MAYO-A3-LOW.jpg",297,420,false],"blossom-feminine-cat":["https:\/\/cafelapalma.com\/wp-content\/uploads\/2025\/04\/TANZEN-MAYO-A3-LOW-297x300.jpg",297,300,true],"blossom-feminine-related":["https:\/\/cafelapalma.com\/wp-content\/uploads\/2025\/04\/TANZEN-MAYO-A3-LOW-297x200.jpg",297,200,true],"blossom-feminine-schema":["https:\/\/cafelapalma.com\/wp-content\/uploads\/2025\/04\/TANZEN-MAYO-A3-LOW-42x60.jpg",42,60,true]},"uagb_author_info":{"display_name":"Victor","author_link":"https:\/\/cafelapalma.com\/en\/author\/comunicacion\/"},"uagb_comment_info":0,"uagb_excerpt":"TANZEN es una fiesta cuyo principal objetivo es el baile y surge de la idea de AlesaDJ de crear un colectivo en el que participen Djs y productores nacionales de m\u00fasica electr\u00f3nica y darlos a conocer en las salas y clubes m\u00e1s importantes.&nbsp; Con varias fiestas a sus espaldas, la m\u00fasica electr\u00f3nica en sus m\u00faltiples&hellip;","_links":{"self":[{"href":"https:\/\/cafelapalma.com\/en\/wp-json\/wp\/v2\/tribe_events\/31042","targetHints":{"allow":["GET"]}}],"collection":[{"href":"https:\/\/cafelapalma.com\/en\/wp-json\/wp\/v2\/tribe_events"}],"about":[{"href":"https:\/\/cafelapalma.com\/en\/wp-json\/wp\/v2\/types\/tribe_events"}],"author":[{"embeddable":true,"href":"https:\/\/cafelapalma.com\/en\/wp-json\/wp\/v2\/users\/2"}],"version-history":[{"count":0,"href":"https:\/\/cafelapalma.com\/en\/wp-json\/wp\/v2\/tribe_events\/31042\/revisions"}],"wp:featuredmedia":[{"embeddable":true,"href":"https:\/\/cafelapalma.com\/en\/wp-json\/wp\/v2\/media\/31043"}],"wp:attachment":[{"href":"https:\/\/cafelapalma.com\/en\/wp-json\/wp\/v2\/media?parent=31042"}],"wp:term":[{"taxonomy":"post_tag","embeddable":true,"href":"https:\/\/cafelapalma.com\/en\/wp-json\/wp\/v2\/tags?post=31042"},{"taxonomy":"tribe_events_cat","embeddable":true,"href":"https:\/\/cafelapalma.com\/en\/wp-json\/wp\/v2\/tribe_events_cat?post=31042"}],"curies":[{"name":"wp","href":"https:\/\/api.w.org\/{rel}","templated":true}]}}