{"id":31049,"date":"2025-04-22T18:04:33","date_gmt":"2025-04-22T16:04:33","guid":{"rendered":"https:\/\/cafelapalma.com\/?post_type=tribe_events&#038;p=31049"},"modified":"2025-04-22T18:04:35","modified_gmt":"2025-04-22T16:04:35","slug":"sad-cool","status":"publish","type":"tribe_events","link":"https:\/\/cafelapalma.com\/en\/programacion\/sad-cool\/","title":{"rendered":"AGUA DE MADRID + FRISBI + LA CHICA ESTA"},"content":{"rendered":"<div  class=\"tribe-events-schedule tribe-clearfix\" >\n\t<p class=\"tribe-events-schedule__datetime\">\n\t\t<span class=\"tribe-events-schedule__date tribe-events-schedule__date--start\">\n\t\t\t11  July  2025\t\t<\/span>\n\n\t\t\t\t\t<span class=\"tribe-events-schedule__separator tribe-events-schedule__separator--date\">\n\t\t\t\t@\t\t\t<\/span>\n\t\t\t<span class=\"tribe-events-schedule__time tribe-events-schedule__time--start\">\n\t\t\t\t21:00\t\t\t<\/span>\n\t\t\n\t\t\t\t\t\t\t\t\t<span class=\"tribe-events-schedule__separator tribe-events-schedule__separator--time\">\n\t\t\t\t\t&#8211;\t\t\t\t<\/span>\n\t\t\t\n\t\t\t\t\t\t\t<span class=\"tribe-events-schedule__time tribe-events-schedule__time--end\">\n\t\t\t\t\t23:45\t\t\t\t<\/span>\n\t\t\t\n\t\t\t\t\t\t<\/p>\n<\/div>\n\n\n<div  class=\"tribe-block tribe-block__event-price\" >\n\t\t\t<span class=\"tribe-block__event-price__cost\"> 10\u20ac <\/span>\n\t\t\t\t<span class=\"tribe-block__event-price__description\">+ gg Anticipada | 15\u20ac Taquilla<\/span>\n\t<\/div>\n\n\n\n<div style=\"height:100px\" aria-hidden=\"true\" class=\"wp-block-spacer\"><\/div>\n\n\n\n<div class=\"wp-block-columns is-layout-flex wp-container-core-columns-is-layout-8f761849 wp-block-columns-is-layout-flex\">\n<div class=\"wp-block-column is-layout-flow wp-block-column-is-layout-flow\" style=\"flex-basis:33.33%\">\n<figure class=\"wp-block-image size-large\"><img loading=\"lazy\" decoding=\"async\" width=\"735\" height=\"1040\" src=\"https:\/\/cafelapalma.com\/wp-content\/uploads\/2025\/04\/SADCOOL-A3-LOW-735x1040.jpg\" alt=\"\" class=\"wp-image-31050\" srcset=\"https:\/\/cafelapalma.com\/wp-content\/uploads\/2025\/04\/SADCOOL-A3-LOW-735x1040.jpg 735w, https:\/\/cafelapalma.com\/wp-content\/uploads\/2025\/04\/SADCOOL-A3-LOW-212x300.jpg 212w, https:\/\/cafelapalma.com\/wp-content\/uploads\/2025\/04\/SADCOOL-A3-LOW-768x1086.jpg 768w, https:\/\/cafelapalma.com\/wp-content\/uploads\/2025\/04\/SADCOOL-A3-LOW-1086x1536.jpg 1086w, https:\/\/cafelapalma.com\/wp-content\/uploads\/2025\/04\/SADCOOL-A3-LOW-1448x2048.jpg 1448w, https:\/\/cafelapalma.com\/wp-content\/uploads\/2025\/04\/SADCOOL-A3-LOW-42x60.jpg 42w, https:\/\/cafelapalma.com\/wp-content\/uploads\/2025\/04\/SADCOOL-A3-LOW.jpg 1754w\" sizes=\"auto, (max-width: 735px) 100vw, 735px\" \/><\/figure>\n\n\n<div  class=\"tribe-block tribe-block__event-website\" >\n\t<a\n\t\thref=\"https:\/\/www.passline.com\/eventos\/sadcool\"\n\t\ttarget=\"_self\"\n\t\t\t>\n\t\tBUY TICKETS\t<\/a>\n<\/div>\n<\/div>\n\n\n\n<div class=\"wp-block-column is-layout-flow wp-block-column-is-layout-flow\" style=\"flex-basis:66.66%\">\n<p class=\"wp-block-paragraph\"><\/p>\n\n\n\n<p class=\"has-text-align-left wp-block-paragraph\">No todos los artistas de la capital hacen apolog\u00eda de ella: <strong>AGUA DE MADRID<\/strong> es un duo de power pop formado por <strong>Cristina <\/strong>y <strong>Juanlu <\/strong>que nos trae el horror de pasar la treintena teniendo que sobrevivir en una gran ciudad en formato de singles altamente pegadizos. El duo, hasta el momento completamente autoproducido bajo el sello <strong>NPC Records<\/strong> (<strong>Nuestra Puta Casa Records<\/strong>) recibe influencias de <strong>Los Punsetes<\/strong>, <strong>Repion<\/strong> o <strong>Mama Ladilla<\/strong> y ofrece un show completo que combina guitarras, baterias y faltas de respeto.<\/p>\n\n\n\n<p class=\"has-text-align-right wp-block-paragraph\"><em><a href=\"https:\/\/open.spotify.com\/intl-es\/artist\/11XbzasT70vQZUoUemJxfD?si=R6CRDM6mQGmAIxYQOyDhgw\">Listen to <\/a><\/em><strong><a href=\"https:\/\/open.spotify.com\/intl-es\/artist\/11XbzasT70vQZUoUemJxfD?si=R6CRDM6mQGmAIxYQOyDhgw\">AGUA DE MADRID<\/a><\/strong><em><a href=\"https:\/\/open.spotify.com\/intl-es\/artist\/11XbzasT70vQZUoUemJxfD?si=R6CRDM6mQGmAIxYQOyDhgw\"> in <\/a><\/em><strong><a href=\"https:\/\/open.spotify.com\/intl-es\/artist\/11XbzasT70vQZUoUemJxfD?si=R6CRDM6mQGmAIxYQOyDhgw\">Spotify<\/a><\/strong><\/p>\n\n\n\n<p class=\"has-text-align-left wp-block-paragraph\"><strong>FRISBI <\/strong>es un grupo de <em>powerpop <\/em>de <strong>Sevilla <\/strong>formado por <strong>Manuel Cruz<\/strong>, <strong>Daniel Luque<\/strong> y <strong>Jes\u00fas A. Andr\u00e9s<\/strong>. Suelen definirse como \u00abmuy pop para los punks y muy punk para los pops\u00bb. Sus canciones se caracterizan por bajos en\u00e9rgicos, junto con melod\u00edas tarareables y pegadizas que invitan a cantar, disfrutar y armar un buen pogo. La est\u00e9tica costumbrista, letras est\u00fapidas y relatables y cierta evocaci\u00f3n country (no solo lo dicen ellos) son algunos de los rasgos que definen tanto el sonido como la idiosincrasia del grupo.<\/p>\n\n\n\n<p class=\"has-text-align-right wp-block-paragraph\"><em><a href=\"https:\/\/open.spotify.com\/intl-es\/artist\/6fTE2ekl10dPtBNjdj52Py?si=rwnrpx22T2GfHKxhdIQN9A\">Listen to <\/a><\/em><strong><a href=\"https:\/\/open.spotify.com\/intl-es\/artist\/6fTE2ekl10dPtBNjdj52Py?si=rwnrpx22T2GfHKxhdIQN9A\">FRISBI <\/a><\/strong><em><a href=\"https:\/\/open.spotify.com\/intl-es\/artist\/6fTE2ekl10dPtBNjdj52Py?si=rwnrpx22T2GfHKxhdIQN9A\">in <\/a><\/em><strong><a href=\"https:\/\/open.spotify.com\/intl-es\/artist\/6fTE2ekl10dPtBNjdj52Py?si=rwnrpx22T2GfHKxhdIQN9A\">Spotify<\/a><\/strong><\/p>\n\n\n\n<p class=\"has-text-align-left wp-block-paragraph\"><strong>LA CHICA ESTA<\/strong> es una cantautora indie nacida en <strong>Barcelona<\/strong>, cuyo objetivo es transformar la melancol\u00eda en melod\u00eda. Influenciada por voces como <strong>Mazzy Star<\/strong>, <strong>Russian Red<\/strong> y <strong>Christina Rosenvinge<\/strong>, su proyecto navega entre la fragilidad y la fuerza, creando paisajes sonoros donde la tristeza no es un enemigo, sino un refugio. Su m\u00fasica, grabada en una habitaci\u00f3n\u00a0 peque\u00f1a, es un rinc\u00f3n para los que alguna vez se han sentido fuera de lugar y han encontrado en la melancol\u00eda una forma de pertenencia.<\/p>\n\n\n\n<p class=\"has-text-align-right wp-block-paragraph\"><em><a href=\"https:\/\/open.spotify.com\/intl-es\/artist\/3NEH7KmOng4vSCC7N3ZUFI?si=t4x_mEHCQT2eyTTARJPfTQ\">Listen to <\/a><\/em><strong><a href=\"https:\/\/open.spotify.com\/intl-es\/artist\/3NEH7KmOng4vSCC7N3ZUFI?si=t4x_mEHCQT2eyTTARJPfTQ\">LA CHICA ESTA<\/a><\/strong><em><a href=\"https:\/\/open.spotify.com\/intl-es\/artist\/3NEH7KmOng4vSCC7N3ZUFI?si=t4x_mEHCQT2eyTTARJPfTQ\"> in <\/a><\/em><strong><a href=\"https:\/\/open.spotify.com\/intl-es\/artist\/3NEH7KmOng4vSCC7N3ZUFI?si=t4x_mEHCQT2eyTTARJPfTQ\">Spotify<\/a><\/strong><\/p>\n<\/div>\n<\/div>\n\n\n\n<div style=\"height:100px\" aria-hidden=\"true\" class=\"wp-block-spacer\"><\/div>\n\n\n\n<hr class=\"wp-block-separator has-alpha-channel-opacity\"\/>\n\n\n\n<div style=\"height:100px\" aria-hidden=\"true\" class=\"wp-block-spacer\"><\/div>\n\n\n<h2 class=\"tribe-block__related-events__title\">Related Events<\/h2>\n\n<ul  class=\"tribe-related-events tribe-clearfix\" >\n\t\t\t<li>\n\t\n<div class=\"tribe-related-events-thumbnail\">\n\t<a href=\"https:\/\/cafelapalma.com\/en\/programacion\/funkin-donuts\/\" class=\"url\" rel=\"bookmark\" tabindex=\"-1\" aria-hidden=\"true\"><img loading=\"lazy\" decoding=\"async\" width=\"693\" height=\"1040\" src=\"https:\/\/cafelapalma.com\/wp-content\/uploads\/2026\/07\/FD-vert2-bn-693x1040.jpg\" class=\"attachment-large size-large wp-post-image\" alt=\"\" \/><\/a>\n<\/div>\n\t<div class=\"tribe-related-event-info\">\n\t<h3 class=\"tribe-related-events-title\">\n\t\t<a href=\"https:\/\/cafelapalma.com\/en\/programacion\/funkin-donuts\/\" class=\"tribe-event-url\" rel=\"bookmark\">\n\t\t\tFUNKIN&#8217; DONUTS\t\t<\/a>\n\t<\/h3>\n\t<span class=\"tribe-event-date-start\">5  September@22:00<\/span><span class=\"tribe-event-time\">23:45<\/span><\/div>\n<\/li>\n\t\t\t<li>\n\t\n<div class=\"tribe-related-events-thumbnail\">\n\t<a href=\"https:\/\/cafelapalma.com\/en\/programacion\/backstage-le-petit-truffle-mayo\/\" class=\"url\" rel=\"bookmark\" tabindex=\"-1\" aria-hidden=\"true\"><img loading=\"lazy\" decoding=\"async\" width=\"780\" height=\"1040\" src=\"https:\/\/cafelapalma.com\/wp-content\/uploads\/2026\/07\/Imagen-TruffleMayo-LePetit-i-1-780x1040.png\" class=\"attachment-large size-large wp-post-image\" alt=\"\" \/><\/a>\n<\/div>\n\t<div class=\"tribe-related-event-info\">\n\t<h3 class=\"tribe-related-events-title\">\n\t\t<a href=\"https:\/\/cafelapalma.com\/en\/programacion\/backstage-le-petit-truffle-mayo\/\" class=\"tribe-event-url\" rel=\"bookmark\">\n\t\t\tBACKSTAGE: LE PETIT + TRUFFLE MAYO\t\t<\/a>\n\t<\/h3>\n\t<span class=\"tribe-event-date-start\">5  September@23:55<\/span><\/div>\n<\/li>\n\t\t\t<li>\n\t\n<div class=\"tribe-related-events-thumbnail\">\n\t<a href=\"https:\/\/cafelapalma.com\/en\/programacion\/willie-deville-concierto-benefico-x-venezuela\/\" class=\"url\" rel=\"bookmark\" tabindex=\"-1\" aria-hidden=\"true\"><img loading=\"lazy\" decoding=\"async\" width=\"1020\" height=\"531\" src=\"https:\/\/cafelapalma.com\/wp-content\/uploads\/2026\/08\/Willie-deville-1100x572-1-1040x541.jpg\" class=\"attachment-large size-large wp-post-image\" alt=\"\" \/><\/a>\n<\/div>\n\t<div class=\"tribe-related-event-info\">\n\t<h3 class=\"tribe-related-events-title\">\n\t\t<a href=\"https:\/\/cafelapalma.com\/en\/programacion\/willie-deville-concierto-benefico-x-venezuela\/\" class=\"tribe-event-url\" rel=\"bookmark\">\n\t\t\tWILLIE DEVILLE: CONCIERTO BEN\u00c9FICO X VENEZUELA\t\t<\/a>\n\t<\/h3>\n\t<span class=\"tribe-event-date-start\">6  September@21:00<\/span><span class=\"tribe-event-time\">23:45<\/span><\/div>\n<\/li>\n\t<\/ul>","protected":false},"excerpt":{"rendered":"<p>No todos los artistas de la capital hacen apolog\u00eda de ella: AGUA DE MADRID es un duo de power pop formado por Cristina y Juanlu que nos trae el horror de pasar la treintena teniendo que sobrevivir en una gran ciudad en formato de singles altamente pegadizos. El duo, hasta el momento completamente autoproducido bajo &hellip; <\/p>","protected":false},"author":2,"featured_media":31051,"template":"","meta":{"_tec_requires_first_save":false,"_uag_custom_page_level_css":"","loftloader_page_shortcode":"","_EventAllDay":false,"_EventTimezone":"Europe\/Madrid","_EventStartDate":"2025-07-11 21:00:00","_EventEndDate":"2025-07-11 23:45:00","_EventStartDateUTC":"2025-07-11 19:00:00","_EventEndDateUTC":"2025-07-11 21:45:00","_EventShowMap":false,"_EventShowMapLink":false,"_EventURL":"https:\/\/www.passline.com\/eventos\/sadcool","_EventCost":"10","_EventCostDescription":"","_EventCurrencySymbol":"\u20ac","_EventCurrencyCode":"USD","_EventCurrencyPosition":"suffix","_EventDateTimeSeparator":"@","_EventTimeRangeSeparator":"-","_EventOrganizerID":[],"_EventVenueID":[],"_OrganizerEmail":"","_OrganizerPhone":"","_OrganizerWebsite":"","_VenueAddress":"","_VenueCity":"","_VenueCountry":"","_VenueProvince":"","_VenueState":"","_VenueZip":"","_VenuePhone":"","_VenueURL":"","_VenueStateProvince":"","_VenueLat":"","_VenueLng":"","_VenueShowMap":false,"_VenueShowMapLink":false,"_tribe_blocks_recurrence_rules":"","_tribe_blocks_recurrence_description":"","_tribe_blocks_recurrence_exclusions":"","_ecp_custom_2":"","_tribe_events_status":"","_tribe_events_status_reason":"","_tribe_events_is_hybrid":"","_tribe_events_is_virtual":"","_tribe_events_virtual_video_source":"","_tribe_events_virtual_embed_video":"","_tribe_events_virtual_linked_button_text":"","_tribe_events_virtual_linked_button":"","_tribe_events_virtual_show_embed_at":"","_tribe_events_virtual_show_embed_to":[],"_tribe_events_virtual_show_on_event":"","_tribe_events_virtual_show_on_views":"","_tribe_events_virtual_url":"","footnotes":""},"tags":[17402,17405,17406,1363,8869,2865,9147,9146,17403,8970,17404,1355,10885,13464,17401],"tribe_events_cat":[8963],"class_list":["post-31049","tribe_events","type-tribe_events","status-publish","has-post-thumbnail","hentry","tag-agua-de-madrid","tag-anti-mad-cool","tag-anti-madcool","tag-cafe-la-palma","tag-cafe-la-palma-2","tag-conciertos-cafe-la-palma","tag-conciertos-madrid","tag-conciertos-malasana","tag-frisbi","tag-indie","tag-la-chica-esta","tag-pop","tag-power-pop","tag-powerpop","tag-sadcool","tribe_events_cat-concierto","cat_concierto"],"uagb_featured_image_src":{"full":["https:\/\/cafelapalma.com\/wp-content\/uploads\/2025\/04\/SADCOOL-LOW.jpg",854,1584,false],"thumbnail":["https:\/\/cafelapalma.com\/wp-content\/uploads\/2025\/04\/SADCOOL-LOW-150x150.jpg",150,150,true],"medium":["https:\/\/cafelapalma.com\/wp-content\/uploads\/2025\/04\/SADCOOL-LOW-162x300.jpg",162,300,true],"medium_large":["https:\/\/cafelapalma.com\/wp-content\/uploads\/2025\/04\/SADCOOL-LOW-768x1424.jpg",768,1424,true],"large":["https:\/\/cafelapalma.com\/wp-content\/uploads\/2025\/04\/SADCOOL-LOW-561x1040.jpg",561,1040,true],"1536x1536":["https:\/\/cafelapalma.com\/wp-content\/uploads\/2025\/04\/SADCOOL-LOW-828x1536.jpg",828,1536,true],"2048x2048":["https:\/\/cafelapalma.com\/wp-content\/uploads\/2025\/04\/SADCOOL-LOW.jpg",854,1584,false],"trp-custom-language-flag":["https:\/\/cafelapalma.com\/wp-content\/uploads\/2025\/04\/SADCOOL-LOW.jpg",6,12,false],"blossom-feminine-slider":["https:\/\/cafelapalma.com\/wp-content\/uploads\/2025\/04\/SADCOOL-LOW-854x649.jpg",854,649,true],"blossom-feminine-featured":["https:\/\/cafelapalma.com\/wp-content\/uploads\/2025\/04\/SADCOOL-LOW-854x600.jpg",854,600,true],"blossom-feminine-with-sidebar":["https:\/\/cafelapalma.com\/wp-content\/uploads\/2025\/04\/SADCOOL-LOW-854x600.jpg",854,600,true],"blossom-feminine-blog":["https:\/\/cafelapalma.com\/wp-content\/uploads\/2025\/04\/SADCOOL-LOW-435x435.jpg",435,435,true],"blossom-feminine-cat":["https:\/\/cafelapalma.com\/wp-content\/uploads\/2025\/04\/SADCOOL-LOW-450x300.jpg",450,300,true],"blossom-feminine-related":["https:\/\/cafelapalma.com\/wp-content\/uploads\/2025\/04\/SADCOOL-LOW-320x200.jpg",320,200,true],"blossom-feminine-schema":["https:\/\/cafelapalma.com\/wp-content\/uploads\/2025\/04\/SADCOOL-LOW-32x60.jpg",32,60,true]},"uagb_author_info":{"display_name":"Victor","author_link":"https:\/\/cafelapalma.com\/en\/author\/comunicacion\/"},"uagb_comment_info":0,"uagb_excerpt":"No todos los artistas de la capital hacen apolog\u00eda de ella: AGUA DE MADRID es un duo de power pop formado por Cristina y Juanlu que nos trae el horror de pasar la treintena teniendo que sobrevivir en una gran ciudad en formato de singles altamente pegadizos. El duo, hasta el momento completamente autoproducido bajo&hellip;","_links":{"self":[{"href":"https:\/\/cafelapalma.com\/en\/wp-json\/wp\/v2\/tribe_events\/31049","targetHints":{"allow":["GET"]}}],"collection":[{"href":"https:\/\/cafelapalma.com\/en\/wp-json\/wp\/v2\/tribe_events"}],"about":[{"href":"https:\/\/cafelapalma.com\/en\/wp-json\/wp\/v2\/types\/tribe_events"}],"author":[{"embeddable":true,"href":"https:\/\/cafelapalma.com\/en\/wp-json\/wp\/v2\/users\/2"}],"version-history":[{"count":0,"href":"https:\/\/cafelapalma.com\/en\/wp-json\/wp\/v2\/tribe_events\/31049\/revisions"}],"wp:featuredmedia":[{"embeddable":true,"href":"https:\/\/cafelapalma.com\/en\/wp-json\/wp\/v2\/media\/31051"}],"wp:attachment":[{"href":"https:\/\/cafelapalma.com\/en\/wp-json\/wp\/v2\/media?parent=31049"}],"wp:term":[{"taxonomy":"post_tag","embeddable":true,"href":"https:\/\/cafelapalma.com\/en\/wp-json\/wp\/v2\/tags?post=31049"},{"taxonomy":"tribe_events_cat","embeddable":true,"href":"https:\/\/cafelapalma.com\/en\/wp-json\/wp\/v2\/tribe_events_cat?post=31049"}],"curies":[{"name":"wp","href":"https:\/\/api.w.org\/{rel}","templated":true}]}}