{"id":31085,"date":"2025-04-23T18:11:06","date_gmt":"2025-04-23T16:11:06","guid":{"rendered":"https:\/\/cafelapalma.com\/?post_type=tribe_events&#038;p=31085"},"modified":"2025-04-23T18:11:08","modified_gmt":"2025-04-23T16:11:08","slug":"counterflow-music-collective-presenta-romain-garcia","status":"publish","type":"tribe_events","link":"https:\/\/cafelapalma.com\/en\/programacion\/counterflow-music-collective-presenta-romain-garcia\/","title":{"rendered":"ROMAIN GARCIA + RUVEN + DEFFER"},"content":{"rendered":"<div  class=\"tribe-events-schedule tribe-clearfix\" >\n\t<p class=\"tribe-events-schedule__datetime\">\n\t\t<span class=\"tribe-events-schedule__date tribe-events-schedule__date--start\">\n\t\t\t31  May  2025\t\t<\/span>\n\n\t\t\t\t\t<span class=\"tribe-events-schedule__separator tribe-events-schedule__separator--date\">\n\t\t\t\t@\t\t\t<\/span>\n\t\t\t<span class=\"tribe-events-schedule__time tribe-events-schedule__time--start\">\n\t\t\t\t23:50\t\t\t<\/span>\n\t\t\n\t\t\t\t\t\t\t\t\t<span class=\"tribe-events-schedule__separator tribe-events-schedule__separator--time\">\n\t\t\t\t\t&#8211;\t\t\t\t<\/span>\n\t\t\t\n\t\t\t\t\t\t\t<span class=\"tribe-events-schedule__time tribe-events-schedule__time--end\">\n\t\t\t\t\t23:55\t\t\t\t<\/span>\n\t\t\t\n\t\t\t\t\t\t<\/p>\n<\/div>\n\n\n<div  class=\"tribe-block tribe-block__event-price\" >\n\t\t\t<span class=\"tribe-block__event-price__cost\"> 15\u20ac <\/span>\n\t\t\t\t<span class=\"tribe-block__event-price__description\">+ gg Anticipada | 16\u20ac Taquilla de 00:00 a 01:30 | 18\u20ac Taquilla de 01:30 a cierre. Todos los tramos de entrada incluyen UNA CONSUMICI\u00d3N. Canjeable por DOS CERVEZAS DE BARRIL antes de las 01:30<\/span>\n\t<\/div>\n\n\n\n<div style=\"height:100px\" aria-hidden=\"true\" class=\"wp-block-spacer\"><\/div>\n\n\n\n<div class=\"wp-block-columns is-layout-flex wp-container-core-columns-is-layout-8f761849 wp-block-columns-is-layout-flex\">\n<div class=\"wp-block-column is-layout-flow wp-block-column-is-layout-flow\" style=\"flex-basis:33.33%\">\n<figure class=\"wp-block-image size-large\"><img loading=\"lazy\" decoding=\"async\" width=\"735\" height=\"1040\" src=\"https:\/\/cafelapalma.com\/wp-content\/uploads\/2025\/04\/ROMAIN-GARCIA-A3-2-COPY-735x1040.jpg\" alt=\"\" class=\"wp-image-31086\" srcset=\"https:\/\/cafelapalma.com\/wp-content\/uploads\/2025\/04\/ROMAIN-GARCIA-A3-2-COPY-735x1040.jpg 735w, https:\/\/cafelapalma.com\/wp-content\/uploads\/2025\/04\/ROMAIN-GARCIA-A3-2-COPY-212x300.jpg 212w, https:\/\/cafelapalma.com\/wp-content\/uploads\/2025\/04\/ROMAIN-GARCIA-A3-2-COPY-768x1086.jpg 768w, https:\/\/cafelapalma.com\/wp-content\/uploads\/2025\/04\/ROMAIN-GARCIA-A3-2-COPY-1086x1536.jpg 1086w, https:\/\/cafelapalma.com\/wp-content\/uploads\/2025\/04\/ROMAIN-GARCIA-A3-2-COPY-8x12.jpg 8w, https:\/\/cafelapalma.com\/wp-content\/uploads\/2025\/04\/ROMAIN-GARCIA-A3-2-COPY-42x60.jpg 42w, https:\/\/cafelapalma.com\/wp-content\/uploads\/2025\/04\/ROMAIN-GARCIA-A3-2-COPY.jpg 1414w\" sizes=\"auto, (max-width: 735px) 100vw, 735px\" \/><\/figure>\n\n\n<div  class=\"tribe-block tribe-block__event-website\" >\n\t<a\n\t\thref=\"https:\/\/www.passline.com\/eventos\/counterflow-music-collective-romain-garcia\"\n\t\ttarget=\"_self\"\n\t\t\t>\n\t\tBUY TICKETS\t<\/a>\n<\/div>\n<\/div>\n\n\n\n<div class=\"wp-block-column is-layout-flow wp-block-column-is-layout-flow\" style=\"flex-basis:66.66%\">\n<div style=\"height:100px\" aria-hidden=\"true\" class=\"wp-block-spacer\"><\/div>\n\n\n\n<p class=\"has-text-align-left wp-block-paragraph\">El productor y DJ franc\u00e9s <strong>ROMAIN GARCIA<\/strong> llega por primera vez a <strong>Espa\u00f1a <\/strong>de la mano de <strong>COUNTERFLOW MUSIC COLLECTIV<\/strong>E y <strong>CAFE LA PALMA<\/strong> el pr\u00f3ximo 31 de mayo.<\/p>\n\n\n\n<p class=\"has-text-align-left wp-block-paragraph\">Consolidado como uno de los DJs referentes dentro del sello brit\u00e1nico <strong>Anjunadeep<\/strong>, <strong>ROMAIN GARCIA<\/strong> debut\u00f3 en 2020 de la mano de <strong>Ben Bohmer<\/strong> con el tema <strong><em>\u00abCapadocia\u00bb<\/em><\/strong>, reciente disco de oro con m\u00e1s de 30 millones de reproducciones en <strong>Spotify<\/strong>. Desde entonces su carrera se ha catapultado hasta pinchar en mecas de la m\u00fasica electr\u00f3nica como <strong>Printworks<\/strong>, <strong>Fuse <\/strong>y <strong>Brooklyn Mirage<\/strong>.<\/p>\n\n\n\n<p class=\"has-text-align-right wp-block-paragraph\"><em><a href=\"https:\/\/open.spotify.com\/intl-es\/artist\/7iCW4xyVOIklzZ2qc7pS5h?si=jfOPIFWKS9K22y5A4s8OOQ\">Listen to <\/a><\/em><strong><a href=\"https:\/\/open.spotify.com\/intl-es\/artist\/7iCW4xyVOIklzZ2qc7pS5h?si=jfOPIFWKS9K22y5A4s8OOQ\">ROMAIN GARCIA<\/a><\/strong><em><a href=\"https:\/\/open.spotify.com\/intl-es\/artist\/7iCW4xyVOIklzZ2qc7pS5h?si=jfOPIFWKS9K22y5A4s8OOQ\"> in <\/a><\/em><strong><a href=\"https:\/\/open.spotify.com\/intl-es\/artist\/7iCW4xyVOIklzZ2qc7pS5h?si=jfOPIFWKS9K22y5A4s8OOQ\">Spotify<\/a><\/strong><\/p>\n\n\n\n<p class=\"has-text-align-left wp-block-paragraph\"><strong>Garcia <\/strong>actuar\u00e1 en la capital tras pasar por <strong>Londres<\/strong>, <strong>Mumbai<\/strong>, <strong>Berl\u00edn\u00a0<\/strong>y <strong>Par\u00eds <\/strong>dentro de su gira internacional para ofrecer una noche \u00fanica acompa\u00f1ado por <strong>RUVEN<\/strong> y <strong>Deffer<\/strong>, miembros del colectivo <strong>COUNTERFLOW MUSIC COLLECTIVE<\/strong>, que abanderan la expansi\u00f3n del sonido progressive en <strong>Madrid<\/strong>.\u00a0<\/p>\n\n\n\n<p class=\"has-text-align-right wp-block-paragraph\"><em><a href=\"https:\/\/www.instagram.com\/counterflow_music_collective\/\">Sigue a <\/a><\/em><strong><a href=\"https:\/\/www.instagram.com\/counterflow_music_collective\/\">COUNTERFLOW MUSIC COLLECTIVE<\/a><\/strong><em><a href=\"https:\/\/www.instagram.com\/counterflow_music_collective\/\"> in <\/a><\/em><strong><a href=\"https:\/\/www.instagram.com\/counterflow_music_collective\/\">Instagram<\/a><\/strong><\/p>\n<\/div>\n<\/div>\n\n\n\n<div style=\"height:100px\" aria-hidden=\"true\" class=\"wp-block-spacer\"><\/div>\n\n\n\n<hr class=\"wp-block-separator has-alpha-channel-opacity\"\/>\n\n\n\n<div style=\"height:100px\" aria-hidden=\"true\" class=\"wp-block-spacer\"><\/div>\n\n\n<h2 class=\"tribe-block__related-events__title\">Related Events<\/h2>\n\n<ul  class=\"tribe-related-events tribe-clearfix\" >\n\t\t\t<li>\n\t\n<div class=\"tribe-related-events-thumbnail\">\n\t<a href=\"https:\/\/cafelapalma.com\/en\/programacion\/funkin-donuts\/\" class=\"url\" rel=\"bookmark\" tabindex=\"-1\" aria-hidden=\"true\"><img loading=\"lazy\" decoding=\"async\" width=\"693\" height=\"1040\" src=\"https:\/\/cafelapalma.com\/wp-content\/uploads\/2026\/07\/FD-vert2-bn-693x1040.jpg\" class=\"attachment-large size-large wp-post-image\" alt=\"\" \/><\/a>\n<\/div>\n\t<div class=\"tribe-related-event-info\">\n\t<h3 class=\"tribe-related-events-title\">\n\t\t<a href=\"https:\/\/cafelapalma.com\/en\/programacion\/funkin-donuts\/\" class=\"tribe-event-url\" rel=\"bookmark\">\n\t\t\tFUNKIN&#8217; DONUTS\t\t<\/a>\n\t<\/h3>\n\t<span class=\"tribe-event-date-start\">5  September@22:00<\/span><span class=\"tribe-event-time\">23:45<\/span><\/div>\n<\/li>\n\t\t\t<li>\n\t\n<div class=\"tribe-related-events-thumbnail\">\n\t<a href=\"https:\/\/cafelapalma.com\/en\/programacion\/backstage-le-petit-truffle-mayo\/\" class=\"url\" rel=\"bookmark\" tabindex=\"-1\" aria-hidden=\"true\"><img loading=\"lazy\" decoding=\"async\" width=\"780\" height=\"1040\" src=\"https:\/\/cafelapalma.com\/wp-content\/uploads\/2026\/07\/Imagen-TruffleMayo-LePetit-i-1-780x1040.png\" class=\"attachment-large size-large wp-post-image\" alt=\"\" \/><\/a>\n<\/div>\n\t<div class=\"tribe-related-event-info\">\n\t<h3 class=\"tribe-related-events-title\">\n\t\t<a href=\"https:\/\/cafelapalma.com\/en\/programacion\/backstage-le-petit-truffle-mayo\/\" class=\"tribe-event-url\" rel=\"bookmark\">\n\t\t\tBACKSTAGE: LE PETIT + TRUFFLE MAYO\t\t<\/a>\n\t<\/h3>\n\t<span class=\"tribe-event-date-start\">5  September@23:55<\/span><\/div>\n<\/li>\n\t\t\t<li>\n\t\n<div class=\"tribe-related-events-thumbnail\">\n\t<a href=\"https:\/\/cafelapalma.com\/en\/programacion\/willie-deville-concierto-benefico-x-venezuela\/\" class=\"url\" rel=\"bookmark\" tabindex=\"-1\" aria-hidden=\"true\"><img loading=\"lazy\" decoding=\"async\" width=\"1020\" height=\"531\" src=\"https:\/\/cafelapalma.com\/wp-content\/uploads\/2026\/08\/Willie-deville-1100x572-1-1040x541.jpg\" class=\"attachment-large size-large wp-post-image\" alt=\"\" \/><\/a>\n<\/div>\n\t<div class=\"tribe-related-event-info\">\n\t<h3 class=\"tribe-related-events-title\">\n\t\t<a href=\"https:\/\/cafelapalma.com\/en\/programacion\/willie-deville-concierto-benefico-x-venezuela\/\" class=\"tribe-event-url\" rel=\"bookmark\">\n\t\t\tWILLIE DEVILLE: CONCIERTO BEN\u00c9FICO X VENEZUELA\t\t<\/a>\n\t<\/h3>\n\t<span class=\"tribe-event-date-start\">6  September@21:00<\/span><span class=\"tribe-event-time\">23:45<\/span><\/div>\n<\/li>\n\t<\/ul>","protected":false},"excerpt":{"rendered":"<p>El productor y DJ franc\u00e9s ROMAIN GARCIA llega por primera vez a Espa\u00f1a de la mano de COUNTERFLOW MUSIC COLLECTIVE y CAFE LA PALMA el pr\u00f3ximo 31 de mayo. Consolidado como uno de los DJs referentes dentro del sello brit\u00e1nico Anjunadeep, ROMAIN GARCIA debut\u00f3 en 2020 de la mano de Ben Bohmer con el tema &hellip; <\/p>","protected":false},"author":2,"featured_media":31087,"template":"","meta":{"_tec_requires_first_save":false,"_uag_custom_page_level_css":"","loftloader_page_shortcode":"","_EventAllDay":false,"_EventTimezone":"Europe\/Madrid","_EventStartDate":"2025-05-31 23:50:00","_EventEndDate":"2025-05-31 23:55:00","_EventStartDateUTC":"2025-05-31 21:50:00","_EventEndDateUTC":"2025-05-31 21:55:00","_EventShowMap":false,"_EventShowMapLink":false,"_EventURL":"https:\/\/www.passline.com\/eventos\/counterflow-music-collective-romain-garcia","_EventCost":"15","_EventCostDescription":"","_EventCurrencySymbol":"\u20ac","_EventCurrencyCode":"USD","_EventCurrencyPosition":"suffix","_EventDateTimeSeparator":"@","_EventTimeRangeSeparator":"-","_EventOrganizerID":[],"_EventVenueID":[],"_OrganizerEmail":"","_OrganizerPhone":"","_OrganizerWebsite":"","_VenueAddress":"","_VenueCity":"","_VenueCountry":"","_VenueProvince":"","_VenueState":"","_VenueZip":"","_VenuePhone":"","_VenueURL":"","_VenueStateProvince":"","_VenueLat":"","_VenueLng":"","_VenueShowMap":false,"_VenueShowMapLink":false,"_tribe_blocks_recurrence_rules":"","_tribe_blocks_recurrence_description":"","_tribe_blocks_recurrence_exclusions":"","_ecp_custom_2":"","_tribe_events_status":"","_tribe_events_status_reason":"","_tribe_events_is_hybrid":"","_tribe_events_is_virtual":"","_tribe_events_virtual_video_source":"","_tribe_events_virtual_embed_video":"","_tribe_events_virtual_linked_button_text":"","_tribe_events_virtual_linked_button":"","_tribe_events_virtual_show_embed_at":"","_tribe_events_virtual_show_embed_to":[],"_tribe_events_virtual_show_on_event":"","_tribe_events_virtual_show_on_views":"","_tribe_events_virtual_url":"","footnotes":""},"tags":[16879,17418,1363,8869,9225,17417,17416,17415,9226,9227,1357,11649,17414,16391],"tribe_events_cat":[8964],"class_list":["post-31085","tribe_events","type-tribe_events","status-publish","has-post-thumbnail","hentry","tag-anjunadeep","tag-ben-bohmer","tag-cafe-la-palma","tag-cafe-la-palma-2","tag-cafe-la-palma-clubbing","tag-capadocia","tag-counterflow-music-collective","tag-deffer","tag-djs-madrid","tag-djs-malasana","tag-electronica","tag-progressive","tag-romain-garcia","tag-ruven","tribe_events_cat-clubbing","cat_clubbing"],"uagb_featured_image_src":{"full":["https:\/\/cafelapalma.com\/wp-content\/uploads\/2025\/04\/ROMAINPIC-FRONT.jpg",360,640,false],"thumbnail":["https:\/\/cafelapalma.com\/wp-content\/uploads\/2025\/04\/ROMAINPIC-FRONT-150x150.jpg",150,150,true],"medium":["https:\/\/cafelapalma.com\/wp-content\/uploads\/2025\/04\/ROMAINPIC-FRONT-169x300.jpg",169,300,true],"medium_large":["https:\/\/cafelapalma.com\/wp-content\/uploads\/2025\/04\/ROMAINPIC-FRONT.jpg",360,640,false],"large":["https:\/\/cafelapalma.com\/wp-content\/uploads\/2025\/04\/ROMAINPIC-FRONT.jpg",360,640,false],"1536x1536":["https:\/\/cafelapalma.com\/wp-content\/uploads\/2025\/04\/ROMAINPIC-FRONT.jpg",360,640,false],"2048x2048":["https:\/\/cafelapalma.com\/wp-content\/uploads\/2025\/04\/ROMAINPIC-FRONT.jpg",360,640,false],"trp-custom-language-flag":["https:\/\/cafelapalma.com\/wp-content\/uploads\/2025\/04\/ROMAINPIC-FRONT-7x12.jpg",7,12,true],"blossom-feminine-slider":["https:\/\/cafelapalma.com\/wp-content\/uploads\/2025\/04\/ROMAINPIC-FRONT.jpg",360,640,false],"blossom-feminine-featured":["https:\/\/cafelapalma.com\/wp-content\/uploads\/2025\/04\/ROMAINPIC-FRONT-360x600.jpg",360,600,true],"blossom-feminine-with-sidebar":["https:\/\/cafelapalma.com\/wp-content\/uploads\/2025\/04\/ROMAINPIC-FRONT-360x600.jpg",360,600,true],"blossom-feminine-blog":["https:\/\/cafelapalma.com\/wp-content\/uploads\/2025\/04\/ROMAINPIC-FRONT-360x435.jpg",360,435,true],"blossom-feminine-cat":["https:\/\/cafelapalma.com\/wp-content\/uploads\/2025\/04\/ROMAINPIC-FRONT-360x300.jpg",360,300,true],"blossom-feminine-related":["https:\/\/cafelapalma.com\/wp-content\/uploads\/2025\/04\/ROMAINPIC-FRONT-320x200.jpg",320,200,true],"blossom-feminine-schema":["https:\/\/cafelapalma.com\/wp-content\/uploads\/2025\/04\/ROMAINPIC-FRONT-34x60.jpg",34,60,true]},"uagb_author_info":{"display_name":"Victor","author_link":"https:\/\/cafelapalma.com\/en\/author\/comunicacion\/"},"uagb_comment_info":0,"uagb_excerpt":"El productor y DJ franc\u00e9s ROMAIN GARCIA llega por primera vez a Espa\u00f1a de la mano de COUNTERFLOW MUSIC COLLECTIVE y CAFE LA PALMA el pr\u00f3ximo 31 de mayo. Consolidado como uno de los DJs referentes dentro del sello brit\u00e1nico Anjunadeep, ROMAIN GARCIA debut\u00f3 en 2020 de la mano de Ben Bohmer con el tema&hellip;","_links":{"self":[{"href":"https:\/\/cafelapalma.com\/en\/wp-json\/wp\/v2\/tribe_events\/31085","targetHints":{"allow":["GET"]}}],"collection":[{"href":"https:\/\/cafelapalma.com\/en\/wp-json\/wp\/v2\/tribe_events"}],"about":[{"href":"https:\/\/cafelapalma.com\/en\/wp-json\/wp\/v2\/types\/tribe_events"}],"author":[{"embeddable":true,"href":"https:\/\/cafelapalma.com\/en\/wp-json\/wp\/v2\/users\/2"}],"version-history":[{"count":0,"href":"https:\/\/cafelapalma.com\/en\/wp-json\/wp\/v2\/tribe_events\/31085\/revisions"}],"wp:featuredmedia":[{"embeddable":true,"href":"https:\/\/cafelapalma.com\/en\/wp-json\/wp\/v2\/media\/31087"}],"wp:attachment":[{"href":"https:\/\/cafelapalma.com\/en\/wp-json\/wp\/v2\/media?parent=31085"}],"wp:term":[{"taxonomy":"post_tag","embeddable":true,"href":"https:\/\/cafelapalma.com\/en\/wp-json\/wp\/v2\/tags?post=31085"},{"taxonomy":"tribe_events_cat","embeddable":true,"href":"https:\/\/cafelapalma.com\/en\/wp-json\/wp\/v2\/tribe_events_cat?post=31085"}],"curies":[{"name":"wp","href":"https:\/\/api.w.org\/{rel}","templated":true}]}}