{"id":31244,"date":"2025-05-12T18:53:18","date_gmt":"2025-05-12T16:53:18","guid":{"rendered":"https:\/\/cafelapalma.com\/?post_type=tribe_events&#038;p=31244"},"modified":"2025-05-12T18:53:19","modified_gmt":"2025-05-12T16:53:19","slug":"jodanse-y-bailen","status":"publish","type":"tribe_events","link":"https:\/\/cafelapalma.com\/en\/programacion\/jodanse-y-bailen\/","title":{"rendered":"JES\u00daS MAR +MARTAP + RAMS"},"content":{"rendered":"<div  class=\"tribe-events-schedule tribe-clearfix\" >\n\t<p class=\"tribe-events-schedule__datetime\">\n\t\t<span class=\"tribe-events-schedule__date tribe-events-schedule__date--start\">\n\t\t\t14  May  2025\t\t<\/span>\n\n\t\t\t\t\t<span class=\"tribe-events-schedule__separator tribe-events-schedule__separator--date\">\n\t\t\t\t@\t\t\t<\/span>\n\t\t\t<span class=\"tribe-events-schedule__time tribe-events-schedule__time--start\">\n\t\t\t\t23:50\t\t\t<\/span>\n\t\t\n\t\t\t\t\t\t\t\t\t<span class=\"tribe-events-schedule__separator tribe-events-schedule__separator--time\">\n\t\t\t\t\t&#8211;\t\t\t\t<\/span>\n\t\t\t\n\t\t\t\t\t\t\t<span class=\"tribe-events-schedule__time tribe-events-schedule__time--end\">\n\t\t\t\t\t23:55\t\t\t\t<\/span>\n\t\t\t\n\t\t\t\t\t\t<\/p>\n<\/div>\n\n\n<div  class=\"tribe-block tribe-block__event-price\" >\n\t\t\t<span class=\"tribe-block__event-price__cost\"> 11\u20ac <\/span>\n\t\t\t\t<span class=\"tribe-block__event-price__description\">+ gg Anticipada | 13\u20ac Taquilla de 00:00 a 01:30 | 14\u20ac Taquilla de 01:30 a cierre. Todos los tramos de entrada incluyen UNA CONSUMICI\u00d3N. Canjeable por DOS CERVEZAS DE BARRIL antes de las 01:30<\/span>\n\t<\/div>\n\n\n\n<div style=\"height:100px\" aria-hidden=\"true\" class=\"wp-block-spacer\"><\/div>\n\n\n\n<div class=\"wp-block-columns is-layout-flex wp-container-core-columns-is-layout-8f761849 wp-block-columns-is-layout-flex\">\n<div class=\"wp-block-column is-layout-flow wp-block-column-is-layout-flow\" style=\"flex-basis:33.33%\">\n<figure class=\"wp-block-image size-large\"><img loading=\"lazy\" decoding=\"async\" width=\"735\" height=\"1040\" src=\"https:\/\/cafelapalma.com\/wp-content\/uploads\/2025\/05\/JODANSE-A3-LOW-735x1040.jpg\" alt=\"\" class=\"wp-image-31245\" srcset=\"https:\/\/cafelapalma.com\/wp-content\/uploads\/2025\/05\/JODANSE-A3-LOW-735x1040.jpg 735w, https:\/\/cafelapalma.com\/wp-content\/uploads\/2025\/05\/JODANSE-A3-LOW-212x300.jpg 212w, https:\/\/cafelapalma.com\/wp-content\/uploads\/2025\/05\/JODANSE-A3-LOW-768x1086.jpg 768w, https:\/\/cafelapalma.com\/wp-content\/uploads\/2025\/05\/JODANSE-A3-LOW-1086x1536.jpg 1086w, https:\/\/cafelapalma.com\/wp-content\/uploads\/2025\/05\/JODANSE-A3-LOW-1448x2048.jpg 1448w, https:\/\/cafelapalma.com\/wp-content\/uploads\/2025\/05\/JODANSE-A3-LOW-8x12.jpg 8w, https:\/\/cafelapalma.com\/wp-content\/uploads\/2025\/05\/JODANSE-A3-LOW-42x60.jpg 42w, https:\/\/cafelapalma.com\/wp-content\/uploads\/2025\/05\/JODANSE-A3-LOW.jpg 1587w\" sizes=\"auto, (max-width: 735px) 100vw, 735px\" \/><\/figure>\n\n\n<div  class=\"tribe-block tribe-block__event-website\" >\n\t<a\n\t\thref=\"https:\/\/www.passline.com\/eventos\/jodanse-y-bailen\"\n\t\ttarget=\"_self\"\n\t\t\t>\n\t\tBUY TICKETS\t<\/a>\n<\/div>\n<\/div>\n\n\n\n<div class=\"wp-block-column is-layout-flow wp-block-column-is-layout-flow\" style=\"flex-basis:66.66%\">\n<p class=\"has-text-align-left wp-block-paragraph\"><strong>J\u00d3DANSE Y BAILEN<\/strong> es el nuevo concepto de fiesta de <strong>JES\u00daS MAR<\/strong>, que como su propio nombre indica, es una propuesta para no parar de bailar. La idea es hacer una tem\u00e1tica diferente en cada fiesta, donde la m\u00fasica es la protagonista. Y qu\u00e9 mejor manera de empezar que con un homenaje a las Fiestas de <strong>San Isidro<\/strong> de <strong><em>Madriz<\/em><\/strong> con tres Djs de la capital.<\/p>\n\n\n\n<p class=\"has-text-align-right wp-block-paragraph\"><a href=\"https:\/\/www.instagram.com\/jodanseybailen\/\"><em>Sigue a <\/em><strong>J\u00d3DANSE Y BAILEN<\/strong> <em>in <\/em><strong>Instagram<\/strong><\/a><\/p>\n\n\n\n<p class=\"has-text-align-left wp-block-paragraph\">Para esta fiesta, actuar\u00e1n <strong>JES\u00daS MAR<\/strong>, cuyo amor por la m\u00fasica y vasta cultura en este arte le permiten adaptarse con naturalidad a cualquier p\u00fablico, transformando cada sesi\u00f3n en una experiencia \u00fanica.<\/p>\n\n\n\n<p class=\"has-text-align-right wp-block-paragraph\"><a href=\"https:\/\/www.instagram.com\/jesus__mar\/\"><em>Sigue a <\/em><strong>JES\u00daS MAR<\/strong> <em>in <\/em><strong>Instagram<\/strong><\/a><\/p>\n\n\n\n<p class=\"has-text-align-left wp-block-paragraph\"><strong>MARTAP<\/strong>, la elegancia por castigo, la Dj de los clubs y fiestas m\u00e1s exclusivos y selectos donde hace bailar a la gente con clase.<\/p>\n\n\n\n<p class=\"has-text-align-right wp-block-paragraph\"><em><a href=\"https:\/\/www.instagram.com\/martap.music\/\">Sigue a <\/a><\/em><strong><a href=\"https:\/\/www.instagram.com\/martap.music\/\">MARTAP <\/a><\/strong><em><a href=\"https:\/\/www.instagram.com\/martap.music\/\">in <\/a><\/em><strong><a href=\"https:\/\/www.instagram.com\/martap.music\/\">Instagram<\/a><\/strong><\/p>\n\n\n\n<p class=\"has-text-align-left wp-block-paragraph\"><strong>RAMS<\/strong>, Dj y productor de m\u00fasica electr\u00f3nica con base en Madrid, uno de los referentes en el circuito madrile\u00f1o cuyo apellido reza <em>Underground<\/em>.<\/p>\n\n\n\n<p class=\"has-text-align-right wp-block-paragraph\"><em><a href=\"https:\/\/www.instagram.com\/rams_music\">Sigue a <\/a><\/em><strong><a href=\"https:\/\/www.instagram.com\/rams_music\">RAMS <\/a><\/strong><em><a href=\"https:\/\/www.instagram.com\/rams_music\">in <\/a><\/em><strong><a href=\"https:\/\/www.instagram.com\/rams_music\">Instagram<\/a><\/strong><\/p>\n<\/div>\n<\/div>\n\n\n\n<div style=\"height:100px\" aria-hidden=\"true\" class=\"wp-block-spacer\"><\/div>\n\n\n\n<hr class=\"wp-block-separator has-alpha-channel-opacity\"\/>\n\n\n\n<div style=\"height:100px\" aria-hidden=\"true\" class=\"wp-block-spacer\"><\/div>\n\n\n<h2 class=\"tribe-block__related-events__title\">Related Events<\/h2>\n\n<ul  class=\"tribe-related-events tribe-clearfix\" >\n\t\t\t<li>\n\t\n<div class=\"tribe-related-events-thumbnail\">\n\t<a href=\"https:\/\/cafelapalma.com\/en\/programacion\/funkin-donuts\/\" class=\"url\" rel=\"bookmark\" tabindex=\"-1\" aria-hidden=\"true\"><img loading=\"lazy\" decoding=\"async\" width=\"693\" height=\"1040\" src=\"https:\/\/cafelapalma.com\/wp-content\/uploads\/2026\/07\/FD-vert2-bn-693x1040.jpg\" class=\"attachment-large size-large wp-post-image\" alt=\"\" \/><\/a>\n<\/div>\n\t<div class=\"tribe-related-event-info\">\n\t<h3 class=\"tribe-related-events-title\">\n\t\t<a href=\"https:\/\/cafelapalma.com\/en\/programacion\/funkin-donuts\/\" class=\"tribe-event-url\" rel=\"bookmark\">\n\t\t\tFUNKIN&#8217; DONUTS\t\t<\/a>\n\t<\/h3>\n\t<span class=\"tribe-event-date-start\">5  September@22:00<\/span><span class=\"tribe-event-time\">23:45<\/span><\/div>\n<\/li>\n\t\t\t<li>\n\t\n<div class=\"tribe-related-events-thumbnail\">\n\t<a href=\"https:\/\/cafelapalma.com\/en\/programacion\/backstage-le-petit-truffle-mayo\/\" class=\"url\" rel=\"bookmark\" tabindex=\"-1\" aria-hidden=\"true\"><img loading=\"lazy\" decoding=\"async\" width=\"780\" height=\"1040\" src=\"https:\/\/cafelapalma.com\/wp-content\/uploads\/2026\/07\/Imagen-TruffleMayo-LePetit-i-1-780x1040.png\" class=\"attachment-large size-large wp-post-image\" alt=\"\" \/><\/a>\n<\/div>\n\t<div class=\"tribe-related-event-info\">\n\t<h3 class=\"tribe-related-events-title\">\n\t\t<a href=\"https:\/\/cafelapalma.com\/en\/programacion\/backstage-le-petit-truffle-mayo\/\" class=\"tribe-event-url\" rel=\"bookmark\">\n\t\t\tBACKSTAGE: LE PETIT + TRUFFLE MAYO\t\t<\/a>\n\t<\/h3>\n\t<span class=\"tribe-event-date-start\">5  September@23:55<\/span><\/div>\n<\/li>\n\t\t\t<li>\n\t\n<div class=\"tribe-related-events-thumbnail\">\n\t<a href=\"https:\/\/cafelapalma.com\/en\/programacion\/willie-deville-concierto-benefico-x-venezuela\/\" class=\"url\" rel=\"bookmark\" tabindex=\"-1\" aria-hidden=\"true\"><img loading=\"lazy\" decoding=\"async\" width=\"1020\" height=\"531\" src=\"https:\/\/cafelapalma.com\/wp-content\/uploads\/2026\/08\/Willie-deville-1100x572-1-1040x541.jpg\" class=\"attachment-large size-large wp-post-image\" alt=\"\" \/><\/a>\n<\/div>\n\t<div class=\"tribe-related-event-info\">\n\t<h3 class=\"tribe-related-events-title\">\n\t\t<a href=\"https:\/\/cafelapalma.com\/en\/programacion\/willie-deville-concierto-benefico-x-venezuela\/\" class=\"tribe-event-url\" rel=\"bookmark\">\n\t\t\tWILLIE DEVILLE: CONCIERTO BEN\u00c9FICO X VENEZUELA\t\t<\/a>\n\t<\/h3>\n\t<span class=\"tribe-event-date-start\">6  September@21:00<\/span><span class=\"tribe-event-time\">23:45<\/span><\/div>\n<\/li>\n\t<\/ul>","protected":false},"excerpt":{"rendered":"<p>J\u00d3DANSE Y BAILEN es el nuevo concepto de fiesta de JES\u00daS MAR, que como su propio nombre indica, es una propuesta para no parar de bailar. La idea es hacer una tem\u00e1tica diferente en cada fiesta, donde la m\u00fasica es la protagonista. Y qu\u00e9 mejor manera de empezar que con un homenaje a las Fiestas &hellip; <\/p>","protected":false},"author":2,"featured_media":31246,"template":"","meta":{"_tec_requires_first_save":false,"_uag_custom_page_level_css":"","loftloader_page_shortcode":"","_EventAllDay":false,"_EventTimezone":"Europe\/Madrid","_EventStartDate":"2025-05-14 23:50:00","_EventEndDate":"2025-05-14 23:55:00","_EventStartDateUTC":"2025-05-14 21:50:00","_EventEndDateUTC":"2025-05-14 21:55:00","_EventShowMap":false,"_EventShowMapLink":false,"_EventURL":"https:\/\/www.passline.com\/eventos\/jodanse-y-bailen","_EventCost":"11","_EventCostDescription":"","_EventCurrencySymbol":"\u20ac","_EventCurrencyCode":"USD","_EventCurrencyPosition":"suffix","_EventDateTimeSeparator":"@","_EventTimeRangeSeparator":"-","_EventOrganizerID":[],"_EventVenueID":[],"_OrganizerEmail":"","_OrganizerPhone":"","_OrganizerWebsite":"","_VenueAddress":"","_VenueCity":"","_VenueCountry":"","_VenueProvince":"","_VenueState":"","_VenueZip":"","_VenuePhone":"","_VenueURL":"","_VenueStateProvince":"","_VenueLat":"","_VenueLng":"","_VenueShowMap":false,"_VenueShowMapLink":false,"_tribe_blocks_recurrence_rules":"","_tribe_blocks_recurrence_description":"","_tribe_blocks_recurrence_exclusions":"","_ecp_custom_2":"","_tribe_events_status":"","_tribe_events_status_reason":"","_tribe_events_is_hybrid":"","_tribe_events_is_virtual":"","_tribe_events_virtual_video_source":"","_tribe_events_virtual_embed_video":"","_tribe_events_virtual_linked_button_text":"","_tribe_events_virtual_linked_button":"","_tribe_events_virtual_show_embed_at":"","_tribe_events_virtual_show_embed_to":[],"_tribe_events_virtual_show_on_event":"","_tribe_events_virtual_show_on_views":"","_tribe_events_virtual_url":"","footnotes":""},"tags":[17495,1363,8869,9225,9125,9226,9227,1357,13956,13559,16367,17496,17494,11543],"tribe_events_cat":[8964],"class_list":["post-31244","tribe_events","type-tribe_events","status-publish","has-post-thumbnail","hentry","tag-after","tag-cafe-la-palma","tag-cafe-la-palma-2","tag-cafe-la-palma-clubbing","tag-club","tag-djs-madrid","tag-djs-malasana","tag-electronica","tag-fiesta","tag-jesus-mar","tag-martap","tag-pradera","tag-rams","tag-san-isidro","tribe_events_cat-clubbing","cat_clubbing"],"uagb_featured_image_src":{"full":["https:\/\/cafelapalma.com\/wp-content\/uploads\/2025\/05\/JODANSEFRONT.jpg",1080,1920,false],"thumbnail":["https:\/\/cafelapalma.com\/wp-content\/uploads\/2025\/05\/JODANSEFRONT-150x150.jpg",150,150,true],"medium":["https:\/\/cafelapalma.com\/wp-content\/uploads\/2025\/05\/JODANSEFRONT-169x300.jpg",169,300,true],"medium_large":["https:\/\/cafelapalma.com\/wp-content\/uploads\/2025\/05\/JODANSEFRONT-768x1365.jpg",768,1365,true],"large":["https:\/\/cafelapalma.com\/wp-content\/uploads\/2025\/05\/JODANSEFRONT-585x1040.jpg",585,1040,true],"1536x1536":["https:\/\/cafelapalma.com\/wp-content\/uploads\/2025\/05\/JODANSEFRONT-864x1536.jpg",864,1536,true],"2048x2048":["https:\/\/cafelapalma.com\/wp-content\/uploads\/2025\/05\/JODANSEFRONT.jpg",1080,1920,false],"trp-custom-language-flag":["https:\/\/cafelapalma.com\/wp-content\/uploads\/2025\/05\/JODANSEFRONT-7x12.jpg",7,12,true],"blossom-feminine-slider":["https:\/\/cafelapalma.com\/wp-content\/uploads\/2025\/05\/JODANSEFRONT-1080x649.jpg",1080,649,true],"blossom-feminine-featured":["https:\/\/cafelapalma.com\/wp-content\/uploads\/2025\/05\/JODANSEFRONT-1080x600.jpg",1080,600,true],"blossom-feminine-with-sidebar":["https:\/\/cafelapalma.com\/wp-content\/uploads\/2025\/05\/JODANSEFRONT-1020x600.jpg",1020,600,true],"blossom-feminine-blog":["https:\/\/cafelapalma.com\/wp-content\/uploads\/2025\/05\/JODANSEFRONT-435x435.jpg",435,435,true],"blossom-feminine-cat":["https:\/\/cafelapalma.com\/wp-content\/uploads\/2025\/05\/JODANSEFRONT-450x300.jpg",450,300,true],"blossom-feminine-related":["https:\/\/cafelapalma.com\/wp-content\/uploads\/2025\/05\/JODANSEFRONT-320x200.jpg",320,200,true],"blossom-feminine-schema":["https:\/\/cafelapalma.com\/wp-content\/uploads\/2025\/05\/JODANSEFRONT-34x60.jpg",34,60,true]},"uagb_author_info":{"display_name":"Victor","author_link":"https:\/\/cafelapalma.com\/en\/author\/comunicacion\/"},"uagb_comment_info":0,"uagb_excerpt":"J\u00d3DANSE Y BAILEN es el nuevo concepto de fiesta de JES\u00daS MAR, que como su propio nombre indica, es una propuesta para no parar de bailar. La idea es hacer una tem\u00e1tica diferente en cada fiesta, donde la m\u00fasica es la protagonista. Y qu\u00e9 mejor manera de empezar que con un homenaje a las Fiestas&hellip;","_links":{"self":[{"href":"https:\/\/cafelapalma.com\/en\/wp-json\/wp\/v2\/tribe_events\/31244","targetHints":{"allow":["GET"]}}],"collection":[{"href":"https:\/\/cafelapalma.com\/en\/wp-json\/wp\/v2\/tribe_events"}],"about":[{"href":"https:\/\/cafelapalma.com\/en\/wp-json\/wp\/v2\/types\/tribe_events"}],"author":[{"embeddable":true,"href":"https:\/\/cafelapalma.com\/en\/wp-json\/wp\/v2\/users\/2"}],"version-history":[{"count":0,"href":"https:\/\/cafelapalma.com\/en\/wp-json\/wp\/v2\/tribe_events\/31244\/revisions"}],"wp:featuredmedia":[{"embeddable":true,"href":"https:\/\/cafelapalma.com\/en\/wp-json\/wp\/v2\/media\/31246"}],"wp:attachment":[{"href":"https:\/\/cafelapalma.com\/en\/wp-json\/wp\/v2\/media?parent=31244"}],"wp:term":[{"taxonomy":"post_tag","embeddable":true,"href":"https:\/\/cafelapalma.com\/en\/wp-json\/wp\/v2\/tags?post=31244"},{"taxonomy":"tribe_events_cat","embeddable":true,"href":"https:\/\/cafelapalma.com\/en\/wp-json\/wp\/v2\/tribe_events_cat?post=31244"}],"curies":[{"name":"wp","href":"https:\/\/api.w.org\/{rel}","templated":true}]}}