{"id":31248,"date":"2025-05-13T12:52:22","date_gmt":"2025-05-13T10:52:22","guid":{"rendered":"https:\/\/cafelapalma.com\/?post_type=tribe_events&#038;p=31248"},"modified":"2025-05-13T13:16:16","modified_gmt":"2025-05-13T11:16:16","slug":"verbeneoh-madrid-is-burning","status":"publish","type":"tribe_events","link":"https:\/\/cafelapalma.com\/en\/programacion\/verbeneoh-madrid-is-burning\/","title":{"rendered":"BOBBY WARNER + MU\u00d1ECA CHOCHONA + H\u00c4REX Y MUCHAS M\u00c1S"},"content":{"rendered":"<div  class=\"tribe-events-schedule tribe-clearfix\" >\n\t<p class=\"tribe-events-schedule__datetime\">\n\t\t<span class=\"tribe-events-schedule__date tribe-events-schedule__date--start\">\n\t\t\t04  July  2025\t\t<\/span>\n\n\t\t\t\t\t<span class=\"tribe-events-schedule__separator tribe-events-schedule__separator--date\">\n\t\t\t\t@\t\t\t<\/span>\n\t\t\t<span class=\"tribe-events-schedule__time tribe-events-schedule__time--start\">\n\t\t\t\t23:50\t\t\t<\/span>\n\t\t\n\t\t\t\t\t\t\t\t\t<span class=\"tribe-events-schedule__separator tribe-events-schedule__separator--time\">\n\t\t\t\t\t&#8211;\t\t\t\t<\/span>\n\t\t\t\n\t\t\t\t\t\t\t<span class=\"tribe-events-schedule__time tribe-events-schedule__time--end\">\n\t\t\t\t\t23:55\t\t\t\t<\/span>\n\t\t\t\n\t\t\t\t\t\t<\/p>\n<\/div>\n\n\n<div  class=\"tribe-block tribe-block__event-price\" >\n\t\t\t<span class=\"tribe-block__event-price__cost\"> 11\u20ac <\/span>\n\t\t\t\t<span class=\"tribe-block__event-price__description\">+ gg Anticipada | 13\u20ac Taquilla de 00:00 a 01:30 | 15\u20ac Taquilla de 01:30 a cierre. Todos los tramos de entrada incluyen UNA CONSUMICI\u00d3N. Canjeable por DOS CERVEZAS DE BARRIL antes de las 01:30<\/span>\n\t<\/div>\n\n\n\n<div style=\"height:100px\" aria-hidden=\"true\" class=\"wp-block-spacer\"><\/div>\n\n\n\n<div class=\"wp-block-columns is-layout-flex wp-container-core-columns-is-layout-8f761849 wp-block-columns-is-layout-flex\">\n<div class=\"wp-block-column is-layout-flow wp-block-column-is-layout-flow\" style=\"flex-basis:33.33%\">\n<figure class=\"wp-block-image size-large\"><img loading=\"lazy\" decoding=\"async\" width=\"735\" height=\"1040\" src=\"https:\/\/cafelapalma.com\/wp-content\/uploads\/2025\/05\/VERBENEOH-A3-LOW-735x1040.jpg\" alt=\"\" class=\"wp-image-31249\" srcset=\"https:\/\/cafelapalma.com\/wp-content\/uploads\/2025\/05\/VERBENEOH-A3-LOW-735x1040.jpg 735w, https:\/\/cafelapalma.com\/wp-content\/uploads\/2025\/05\/VERBENEOH-A3-LOW-212x300.jpg 212w, https:\/\/cafelapalma.com\/wp-content\/uploads\/2025\/05\/VERBENEOH-A3-LOW-768x1086.jpg 768w, https:\/\/cafelapalma.com\/wp-content\/uploads\/2025\/05\/VERBENEOH-A3-LOW-1086x1536.jpg 1086w, https:\/\/cafelapalma.com\/wp-content\/uploads\/2025\/05\/VERBENEOH-A3-LOW-1448x2048.jpg 1448w, https:\/\/cafelapalma.com\/wp-content\/uploads\/2025\/05\/VERBENEOH-A3-LOW-8x12.jpg 8w, https:\/\/cafelapalma.com\/wp-content\/uploads\/2025\/05\/VERBENEOH-A3-LOW-42x60.jpg 42w\" sizes=\"auto, (max-width: 735px) 100vw, 735px\" \/><\/figure>\n\n\n<div  class=\"tribe-block tribe-block__event-website\" >\n\t<a\n\t\thref=\"https:\/\/www.passline.com\/eventos\/verbeneoh-madrid-is-burning\"\n\t\ttarget=\"_self\"\n\t\t\t>\n\t\tBUY TICKETS\t<\/a>\n<\/div>\n<\/div>\n\n\n\n<div class=\"wp-block-column is-layout-flow wp-block-column-is-layout-flow\" style=\"flex-basis:66.66%\">\n<p class=\"has-text-align-left wp-block-paragraph\"><strong>VERBENEOH!<\/strong>, la fiesta que pretende romper con los esquemas tradicionales de la escena nocturna de <strong>Murcia<\/strong>, se presenta por fin en <strong>Madrid <\/strong>en plenas fiestas del <strong>Orgullo<\/strong>.<\/p>\n\n\n\n<p class=\"has-text-align-left wp-block-paragraph\">Lejos de ser una simple fiesta, <strong>VERBENEOH!<\/strong> se concibe como un&nbsp;espacio alternativo&nbsp;donde la m\u00fasica y la performance se fusionan&nbsp;de manera din\u00e1mica y en constante evoluci\u00f3n.&nbsp;Con una apuesta clara por la comunidad <em>queer<\/em>, <strong>VERBENEOH!<\/strong> responde a la necesidad de un&nbsp;ambiente inclusivo, fresco y con una propuesta musical renovada. Un espacio alternativo a todas las fiestas LGTBIQ+,&nbsp;que ni cae en t\u00f3picos ni en esa<strong><em> <\/em><\/strong>musicalidad un poco desfasada.<\/p>\n\n\n\n<p class=\"has-text-align-left wp-block-paragraph\">Inspirada en movimientos como el&nbsp;<em>ballroom<\/em>, popularizado por el documental&nbsp;<strong><em>\u00abParis is Burning\u00bb<\/em><\/strong>&nbsp;y la serie&nbsp;\u00ab<em><strong>POSE<\/strong><\/em>\u00ab, la fiesta se convierte en un lugar para quienes buscan una experiencia que va m\u00e1s all\u00e1 de lo convencional. Y es que estas fiestas nacieron como refugio ante la persecuci\u00f3n hacia las personas transexuales y Drag Queens, sobre todo racializadas.<\/p>\n\n\n\n<p class=\"has-text-align-left wp-block-paragraph\">En su desembarco en Madrid, <strong>VERBENEOH!<\/strong> contar\u00e1 con un elenco de artistas que garantizan una experiencia inolvidable. <strong>BOBBY WARNER<\/strong>, <strong>MU\u00d1ECA CHOCHONA<\/strong> y <strong>H\u00c4REX <\/strong>se encargar\u00e1n de que la cabina se mueva al ritmo de house music, Jersey Club&nbsp;y hits pop aderezados con&nbsp;<em>Vogue<\/em>.<strong><em>&nbsp;<\/em><\/strong><\/p>\n\n\n\n<p class=\"has-text-align-left wp-block-paragraph\">Pero la fiesta no se queda ah\u00ed: a nivel nacional, <strong>VERBENEOH!<\/strong> trae a aut\u00e9nticas estrellas del drag como\u00a0<strong>BRENDA STAR<\/strong>, <strong>ECO DELANTRO<\/strong>,\u00a0<strong> BESTIAH<\/strong>\u00a0(concursante de\u00a0<strong>Drag Race Espa\u00f1a 3<\/strong>) y <strong>KITTY MINAJ<\/strong>, <em>drag vogue<\/em> de referencia en la <strong>Comunidad de Murcia<\/strong>. El show de todas las artistas estar\u00e1 integrado dentro de las sesiones\u00a0creando as\u00ed una fiesta en constante movimiento, con performances durante toda la noche.<\/p>\n\n\n\n<p class=\"has-text-align-right wp-block-paragraph\"><a href=\"https:\/\/www.instagram.com\/verbeneoh\/\"><em>Sigue a <\/em><strong>VERBENEOH!<\/strong> <em>in <\/em><strong>Instagram<\/strong><\/a><\/p>\n<\/div>\n<\/div>\n\n\n\n<div style=\"height:100px\" aria-hidden=\"true\" class=\"wp-block-spacer\"><\/div>\n\n\n\n<hr class=\"wp-block-separator has-alpha-channel-opacity\"\/>\n\n\n\n<div style=\"height:100px\" aria-hidden=\"true\" class=\"wp-block-spacer\"><\/div>\n\n\n<h2 class=\"tribe-block__related-events__title\">Related Events<\/h2>\n\n<ul  class=\"tribe-related-events tribe-clearfix\" >\n\t\t\t<li>\n\t\n<div class=\"tribe-related-events-thumbnail\">\n\t<a href=\"https:\/\/cafelapalma.com\/en\/programacion\/funkin-donuts\/\" class=\"url\" rel=\"bookmark\" tabindex=\"-1\" aria-hidden=\"true\"><img loading=\"lazy\" decoding=\"async\" width=\"693\" height=\"1040\" src=\"https:\/\/cafelapalma.com\/wp-content\/uploads\/2026\/07\/FD-vert2-bn-693x1040.jpg\" class=\"attachment-large size-large wp-post-image\" alt=\"\" \/><\/a>\n<\/div>\n\t<div class=\"tribe-related-event-info\">\n\t<h3 class=\"tribe-related-events-title\">\n\t\t<a href=\"https:\/\/cafelapalma.com\/en\/programacion\/funkin-donuts\/\" class=\"tribe-event-url\" rel=\"bookmark\">\n\t\t\tFUNKIN&#8217; DONUTS\t\t<\/a>\n\t<\/h3>\n\t<span class=\"tribe-event-date-start\">5  September@22:00<\/span><span class=\"tribe-event-time\">23:45<\/span><\/div>\n<\/li>\n\t\t\t<li>\n\t\n<div class=\"tribe-related-events-thumbnail\">\n\t<a href=\"https:\/\/cafelapalma.com\/en\/programacion\/backstage-le-petit-truffle-mayo\/\" class=\"url\" rel=\"bookmark\" tabindex=\"-1\" aria-hidden=\"true\"><img loading=\"lazy\" decoding=\"async\" width=\"780\" height=\"1040\" src=\"https:\/\/cafelapalma.com\/wp-content\/uploads\/2026\/07\/Imagen-TruffleMayo-LePetit-i-1-780x1040.png\" class=\"attachment-large size-large wp-post-image\" alt=\"\" \/><\/a>\n<\/div>\n\t<div class=\"tribe-related-event-info\">\n\t<h3 class=\"tribe-related-events-title\">\n\t\t<a href=\"https:\/\/cafelapalma.com\/en\/programacion\/backstage-le-petit-truffle-mayo\/\" class=\"tribe-event-url\" rel=\"bookmark\">\n\t\t\tBACKSTAGE: LE PETIT + TRUFFLE MAYO\t\t<\/a>\n\t<\/h3>\n\t<span class=\"tribe-event-date-start\">5  September@23:55<\/span><\/div>\n<\/li>\n\t\t\t<li>\n\t\n<div class=\"tribe-related-events-thumbnail\">\n\t<a href=\"https:\/\/cafelapalma.com\/en\/programacion\/willie-deville-concierto-benefico-x-venezuela\/\" class=\"url\" rel=\"bookmark\" tabindex=\"-1\" aria-hidden=\"true\"><img loading=\"lazy\" decoding=\"async\" width=\"1020\" height=\"531\" src=\"https:\/\/cafelapalma.com\/wp-content\/uploads\/2026\/08\/Willie-deville-1100x572-1-1040x541.jpg\" class=\"attachment-large size-large wp-post-image\" alt=\"\" \/><\/a>\n<\/div>\n\t<div class=\"tribe-related-event-info\">\n\t<h3 class=\"tribe-related-events-title\">\n\t\t<a href=\"https:\/\/cafelapalma.com\/en\/programacion\/willie-deville-concierto-benefico-x-venezuela\/\" class=\"tribe-event-url\" rel=\"bookmark\">\n\t\t\tWILLIE DEVILLE: CONCIERTO BEN\u00c9FICO X VENEZUELA\t\t<\/a>\n\t<\/h3>\n\t<span class=\"tribe-event-date-start\">6  September@21:00<\/span><span class=\"tribe-event-time\">23:45<\/span><\/div>\n<\/li>\n\t<\/ul>","protected":false},"excerpt":{"rendered":"<p>VERBENEOH!, la fiesta que pretende romper con los esquemas tradicionales de la escena nocturna de Murcia, se presenta por fin en Madrid en plenas fiestas del Orgullo. Lejos de ser una simple fiesta, VERBENEOH! se concibe como un&nbsp;espacio alternativo&nbsp;donde la m\u00fasica y la performance se fusionan&nbsp;de manera din\u00e1mica y en constante evoluci\u00f3n.&nbsp;Con una apuesta clara &hellip; <\/p>","protected":false},"author":2,"featured_media":31250,"template":"","meta":{"_tec_requires_first_save":false,"_uag_custom_page_level_css":"","loftloader_page_shortcode":"","_EventAllDay":false,"_EventTimezone":"Europe\/Madrid","_EventStartDate":"2025-07-04 23:50:00","_EventEndDate":"2025-07-04 23:55:00","_EventStartDateUTC":"2025-07-04 21:50:00","_EventEndDateUTC":"2025-07-04 21:55:00","_EventShowMap":false,"_EventShowMapLink":false,"_EventURL":"https:\/\/www.passline.com\/eventos\/verbeneoh-madrid-is-burning","_EventCost":"11","_EventCostDescription":"","_EventCurrencySymbol":"\u20ac","_EventCurrencyCode":"USD","_EventCurrencyPosition":"suffix","_EventDateTimeSeparator":"@","_EventTimeRangeSeparator":"-","_EventOrganizerID":[],"_EventVenueID":[],"_OrganizerEmail":"","_OrganizerPhone":"","_OrganizerWebsite":"","_VenueAddress":"","_VenueCity":"","_VenueCountry":"","_VenueProvince":"","_VenueState":"","_VenueZip":"","_VenuePhone":"","_VenueURL":"","_VenueStateProvince":"","_VenueLat":"","_VenueLng":"","_VenueShowMap":false,"_VenueShowMapLink":false,"_tribe_blocks_recurrence_rules":"","_tribe_blocks_recurrence_description":"","_tribe_blocks_recurrence_exclusions":"","_ecp_custom_2":"","_tribe_events_status":"","_tribe_events_status_reason":"","_tribe_events_is_hybrid":"","_tribe_events_is_virtual":"","_tribe_events_virtual_video_source":"","_tribe_events_virtual_embed_video":"","_tribe_events_virtual_linked_button_text":"","_tribe_events_virtual_linked_button":"","_tribe_events_virtual_show_embed_at":"","_tribe_events_virtual_show_embed_to":[],"_tribe_events_virtual_show_on_event":"","_tribe_events_virtual_show_on_views":"","_tribe_events_virtual_url":"","footnotes":""},"tags":[17508,17504,17507,8869,1363,9225,9226,9227,17503,17509,1357,17497,17506,17510,10993,10994,13944,17501,15808,10714,11869,17500,17502,11498,15130,17498,17499,11851],"tribe_events_cat":[8964],"class_list":["post-31248","tribe_events","type-tribe_events","status-publish","has-post-thumbnail","hentry","tag-bestiah","tag-bobby-warner","tag-brenda-star","tag-cafe-la-palma-2","tag-cafe-la-palma","tag-cafe-la-palma-clubbing","tag-djs-madrid","tag-djs-malasana","tag-drag-queens","tag-eco-delantro","tag-electronica","tag-gay-parade","tag-harex","tag-kitty-minaj","tag-lgtbi","tag-lgtbiq","tag-mado","tag-madrid-is-burning","tag-madrid-orgullo","tag-murcia","tag-orgullo","tag-paris-is-burning","tag-pose","tag-queer","tag-sala-rem","tag-verbeneoh","tag-verbeneoh-2","tag-vogue","tribe_events_cat-clubbing","cat_clubbing"],"uagb_featured_image_src":{"full":["https:\/\/cafelapalma.com\/wp-content\/uploads\/2025\/05\/VERBENEOH-FRONT.jpg",1080,1920,false],"thumbnail":["https:\/\/cafelapalma.com\/wp-content\/uploads\/2025\/05\/VERBENEOH-FRONT-150x150.jpg",150,150,true],"medium":["https:\/\/cafelapalma.com\/wp-content\/uploads\/2025\/05\/VERBENEOH-FRONT-169x300.jpg",169,300,true],"medium_large":["https:\/\/cafelapalma.com\/wp-content\/uploads\/2025\/05\/VERBENEOH-FRONT-768x1365.jpg",768,1365,true],"large":["https:\/\/cafelapalma.com\/wp-content\/uploads\/2025\/05\/VERBENEOH-FRONT-585x1040.jpg",585,1040,true],"1536x1536":["https:\/\/cafelapalma.com\/wp-content\/uploads\/2025\/05\/VERBENEOH-FRONT-864x1536.jpg",864,1536,true],"2048x2048":["https:\/\/cafelapalma.com\/wp-content\/uploads\/2025\/05\/VERBENEOH-FRONT.jpg",1080,1920,false],"trp-custom-language-flag":["https:\/\/cafelapalma.com\/wp-content\/uploads\/2025\/05\/VERBENEOH-FRONT-7x12.jpg",7,12,true],"blossom-feminine-slider":["https:\/\/cafelapalma.com\/wp-content\/uploads\/2025\/05\/VERBENEOH-FRONT-1080x649.jpg",1080,649,true],"blossom-feminine-featured":["https:\/\/cafelapalma.com\/wp-content\/uploads\/2025\/05\/VERBENEOH-FRONT-1080x600.jpg",1080,600,true],"blossom-feminine-with-sidebar":["https:\/\/cafelapalma.com\/wp-content\/uploads\/2025\/05\/VERBENEOH-FRONT-1020x600.jpg",1020,600,true],"blossom-feminine-blog":["https:\/\/cafelapalma.com\/wp-content\/uploads\/2025\/05\/VERBENEOH-FRONT-435x435.jpg",435,435,true],"blossom-feminine-cat":["https:\/\/cafelapalma.com\/wp-content\/uploads\/2025\/05\/VERBENEOH-FRONT-450x300.jpg",450,300,true],"blossom-feminine-related":["https:\/\/cafelapalma.com\/wp-content\/uploads\/2025\/05\/VERBENEOH-FRONT-320x200.jpg",320,200,true],"blossom-feminine-schema":["https:\/\/cafelapalma.com\/wp-content\/uploads\/2025\/05\/VERBENEOH-FRONT-34x60.jpg",34,60,true]},"uagb_author_info":{"display_name":"Victor","author_link":"https:\/\/cafelapalma.com\/en\/author\/comunicacion\/"},"uagb_comment_info":0,"uagb_excerpt":"VERBENEOH!, la fiesta que pretende romper con los esquemas tradicionales de la escena nocturna de Murcia, se presenta por fin en Madrid en plenas fiestas del Orgullo. Lejos de ser una simple fiesta, VERBENEOH! se concibe como un&nbsp;espacio alternativo&nbsp;donde la m\u00fasica y la performance se fusionan&nbsp;de manera din\u00e1mica y en constante evoluci\u00f3n.&nbsp;Con una apuesta clara&hellip;","_links":{"self":[{"href":"https:\/\/cafelapalma.com\/en\/wp-json\/wp\/v2\/tribe_events\/31248","targetHints":{"allow":["GET"]}}],"collection":[{"href":"https:\/\/cafelapalma.com\/en\/wp-json\/wp\/v2\/tribe_events"}],"about":[{"href":"https:\/\/cafelapalma.com\/en\/wp-json\/wp\/v2\/types\/tribe_events"}],"author":[{"embeddable":true,"href":"https:\/\/cafelapalma.com\/en\/wp-json\/wp\/v2\/users\/2"}],"version-history":[{"count":0,"href":"https:\/\/cafelapalma.com\/en\/wp-json\/wp\/v2\/tribe_events\/31248\/revisions"}],"wp:featuredmedia":[{"embeddable":true,"href":"https:\/\/cafelapalma.com\/en\/wp-json\/wp\/v2\/media\/31250"}],"wp:attachment":[{"href":"https:\/\/cafelapalma.com\/en\/wp-json\/wp\/v2\/media?parent=31248"}],"wp:term":[{"taxonomy":"post_tag","embeddable":true,"href":"https:\/\/cafelapalma.com\/en\/wp-json\/wp\/v2\/tags?post=31248"},{"taxonomy":"tribe_events_cat","embeddable":true,"href":"https:\/\/cafelapalma.com\/en\/wp-json\/wp\/v2\/tribe_events_cat?post=31248"}],"curies":[{"name":"wp","href":"https:\/\/api.w.org\/{rel}","templated":true}]}}