{"id":31269,"date":"2025-05-14T11:18:03","date_gmt":"2025-05-14T09:18:03","guid":{"rendered":"https:\/\/cafelapalma.com\/?post_type=tribe_events&#038;p=31269"},"modified":"2025-05-14T11:18:05","modified_gmt":"2025-05-14T09:18:05","slug":"charlies-old-sisters","status":"publish","type":"tribe_events","link":"https:\/\/cafelapalma.com\/en\/programacion\/charlies-old-sisters\/","title":{"rendered":"CHARLIE&#8217;S OLD SISTERS"},"content":{"rendered":"<div  class=\"tribe-events-schedule tribe-clearfix\" >\n\t<p class=\"tribe-events-schedule__datetime\">\n\t\t<span class=\"tribe-events-schedule__date tribe-events-schedule__date--start\">\n\t\t\t03  July  2025\t\t<\/span>\n\n\t\t\t\t\t<span class=\"tribe-events-schedule__separator tribe-events-schedule__separator--date\">\n\t\t\t\t@\t\t\t<\/span>\n\t\t\t<span class=\"tribe-events-schedule__time tribe-events-schedule__time--start\">\n\t\t\t\t22:00\t\t\t<\/span>\n\t\t\n\t\t\t\t\t\t\t\t\t<span class=\"tribe-events-schedule__separator tribe-events-schedule__separator--time\">\n\t\t\t\t\t&#8211;\t\t\t\t<\/span>\n\t\t\t\n\t\t\t\t\t\t\t<span class=\"tribe-events-schedule__time tribe-events-schedule__time--end\">\n\t\t\t\t\t23:45\t\t\t\t<\/span>\n\t\t\t\n\t\t\t\t\t\t<\/p>\n<\/div>\n\n\n<div  class=\"tribe-block tribe-block__event-price\" >\n\t\t\t<span class=\"tribe-block__event-price__cost\"> 10\u20ac <\/span>\n\t\t\t\t<span class=\"tribe-block__event-price__description\">+ gg Anticipada | 12\u20ac Taquilla<\/span>\n\t<\/div>\n\n\n\n<div style=\"height:100px\" aria-hidden=\"true\" class=\"wp-block-spacer\"><\/div>\n\n\n\n<div class=\"wp-block-columns is-layout-flex wp-container-core-columns-is-layout-8f761849 wp-block-columns-is-layout-flex\">\n<div class=\"wp-block-column is-layout-flow wp-block-column-is-layout-flow\" style=\"flex-basis:33.33%\">\n<figure class=\"wp-block-image size-full\"><img loading=\"lazy\" decoding=\"async\" width=\"297\" height=\"420\" src=\"https:\/\/cafelapalma.com\/wp-content\/uploads\/2025\/05\/CHARLIES-OLD-A3-LOW.jpg\" alt=\"\" class=\"wp-image-31270\" srcset=\"https:\/\/cafelapalma.com\/wp-content\/uploads\/2025\/05\/CHARLIES-OLD-A3-LOW.jpg 297w, https:\/\/cafelapalma.com\/wp-content\/uploads\/2025\/05\/CHARLIES-OLD-A3-LOW-212x300.jpg 212w, https:\/\/cafelapalma.com\/wp-content\/uploads\/2025\/05\/CHARLIES-OLD-A3-LOW-8x12.jpg 8w, https:\/\/cafelapalma.com\/wp-content\/uploads\/2025\/05\/CHARLIES-OLD-A3-LOW-42x60.jpg 42w\" sizes=\"auto, (max-width: 297px) 100vw, 297px\" \/><\/figure>\n\n\n<div  class=\"tribe-block tribe-block__event-website\" >\n\t<a\n\t\thref=\"https:\/\/www.passline.com\/eventos\/charlies-old-sisters\"\n\t\ttarget=\"_self\"\n\t\t\t>\n\t\tBUY TICKETS\t<\/a>\n<\/div>\n<\/div>\n\n\n\n<div class=\"wp-block-column is-layout-flow wp-block-column-is-layout-flow\" style=\"flex-basis:66.66%\">\n<div style=\"height:100px\" aria-hidden=\"true\" class=\"wp-block-spacer\"><\/div>\n\n\n\n<p class=\"has-text-align-left wp-block-paragraph\">Cinco a\u00f1os despu\u00e9s de su \u00faltimo concierto \u2014entre exilios suizos, maternidades, y caminos que se bifurcaron\u2014, <strong>CHARLIE\u2019S OLD SISTERS<\/strong> por fin vuelven a subirse al escenario en el emblem\u00e1tico <strong>CAFE LA PALMA<\/strong>.<\/p>\n\n\n\n<p class=\"has-text-align-left wp-block-paragraph\">En esta ocasi\u00f3n especial, el grupo repasar\u00e1 sus temas m\u00e1s c\u00e9lebres, pero tambi\u00e9n se abrir\u00e1 paso entre nuevas historias: las que no se han contado en todo este tiempo y que ahora toman forma en canciones. Un reencuentro sincero, festivo y lleno de energ\u00eda, con la m\u00fasica como punto de partida y destino.<\/p>\n\n\n\n<p class=\"has-text-align-left wp-block-paragraph\">Una cita \u00fanica para celebrar lo que fueron\u2026 y lo que est\u00e1n dispuestas a volver a ser.<\/p>\n\n\n\n<p class=\"has-text-align-right wp-block-paragraph\"><em><a href=\"https:\/\/www.instagram.com\/charliessisters\/\">Sigue a <\/a><\/em><strong><a href=\"https:\/\/www.instagram.com\/charliessisters\/\">CHARLIE&#8217;S OLD SISTERS<\/a><\/strong><em><a href=\"https:\/\/www.instagram.com\/charliessisters\/\"> in <\/a><\/em><strong><a href=\"https:\/\/www.instagram.com\/charliessisters\/\">Instagram<\/a><\/strong><\/p>\n<\/div>\n<\/div>\n\n\n\n<div style=\"height:100px\" aria-hidden=\"true\" class=\"wp-block-spacer\"><\/div>\n\n\n\n<hr class=\"wp-block-separator has-alpha-channel-opacity\"\/>\n\n\n\n<div style=\"height:100px\" aria-hidden=\"true\" class=\"wp-block-spacer\"><\/div>\n\n\n<h2 class=\"tribe-block__related-events__title\">Related Events<\/h2>\n\n<ul  class=\"tribe-related-events tribe-clearfix\" >\n\t\t\t<li>\n\t\n<div class=\"tribe-related-events-thumbnail\">\n\t<a href=\"https:\/\/cafelapalma.com\/en\/programacion\/funkin-donuts\/\" class=\"url\" rel=\"bookmark\" tabindex=\"-1\" aria-hidden=\"true\"><img loading=\"lazy\" decoding=\"async\" width=\"693\" height=\"1040\" src=\"https:\/\/cafelapalma.com\/wp-content\/uploads\/2026\/07\/FD-vert2-bn-693x1040.jpg\" class=\"attachment-large size-large wp-post-image\" alt=\"\" \/><\/a>\n<\/div>\n\t<div class=\"tribe-related-event-info\">\n\t<h3 class=\"tribe-related-events-title\">\n\t\t<a href=\"https:\/\/cafelapalma.com\/en\/programacion\/funkin-donuts\/\" class=\"tribe-event-url\" rel=\"bookmark\">\n\t\t\tFUNKIN&#8217; DONUTS\t\t<\/a>\n\t<\/h3>\n\t<span class=\"tribe-event-date-start\">5  September@22:00<\/span><span class=\"tribe-event-time\">23:45<\/span><\/div>\n<\/li>\n\t\t\t<li>\n\t\n<div class=\"tribe-related-events-thumbnail\">\n\t<a href=\"https:\/\/cafelapalma.com\/en\/programacion\/backstage-le-petit-truffle-mayo\/\" class=\"url\" rel=\"bookmark\" tabindex=\"-1\" aria-hidden=\"true\"><img loading=\"lazy\" decoding=\"async\" width=\"780\" height=\"1040\" src=\"https:\/\/cafelapalma.com\/wp-content\/uploads\/2026\/07\/Imagen-TruffleMayo-LePetit-i-1-780x1040.png\" class=\"attachment-large size-large wp-post-image\" alt=\"\" \/><\/a>\n<\/div>\n\t<div class=\"tribe-related-event-info\">\n\t<h3 class=\"tribe-related-events-title\">\n\t\t<a href=\"https:\/\/cafelapalma.com\/en\/programacion\/backstage-le-petit-truffle-mayo\/\" class=\"tribe-event-url\" rel=\"bookmark\">\n\t\t\tBACKSTAGE: LE PETIT + TRUFFLE MAYO\t\t<\/a>\n\t<\/h3>\n\t<span class=\"tribe-event-date-start\">5  September@23:55<\/span><\/div>\n<\/li>\n\t\t\t<li>\n\t\n<div class=\"tribe-related-events-thumbnail\">\n\t<a href=\"https:\/\/cafelapalma.com\/en\/programacion\/willie-deville-concierto-benefico-x-venezuela\/\" class=\"url\" rel=\"bookmark\" tabindex=\"-1\" aria-hidden=\"true\"><img loading=\"lazy\" decoding=\"async\" width=\"1020\" height=\"531\" src=\"https:\/\/cafelapalma.com\/wp-content\/uploads\/2026\/08\/Willie-deville-1100x572-1-1040x541.jpg\" class=\"attachment-large size-large wp-post-image\" alt=\"\" \/><\/a>\n<\/div>\n\t<div class=\"tribe-related-event-info\">\n\t<h3 class=\"tribe-related-events-title\">\n\t\t<a href=\"https:\/\/cafelapalma.com\/en\/programacion\/willie-deville-concierto-benefico-x-venezuela\/\" class=\"tribe-event-url\" rel=\"bookmark\">\n\t\t\tWILLIE DEVILLE: CONCIERTO BEN\u00c9FICO X VENEZUELA\t\t<\/a>\n\t<\/h3>\n\t<span class=\"tribe-event-date-start\">6  September@21:00<\/span><span class=\"tribe-event-time\">23:45<\/span><\/div>\n<\/li>\n\t<\/ul>","protected":false},"excerpt":{"rendered":"<p>Cinco a\u00f1os despu\u00e9s de su \u00faltimo concierto \u2014entre exilios suizos, maternidades, y caminos que se bifurcaron\u2014, CHARLIE\u2019S OLD SISTERS por fin vuelven a subirse al escenario en el emblem\u00e1tico CAFE LA PALMA. En esta ocasi\u00f3n especial, el grupo repasar\u00e1 sus temas m\u00e1s c\u00e9lebres, pero tambi\u00e9n se abrir\u00e1 paso entre nuevas historias: las que no se &hellip; <\/p>","protected":false},"author":2,"featured_media":31271,"template":"","meta":{"_tec_requires_first_save":false,"_uag_custom_page_level_css":"","loftloader_page_shortcode":"","_EventAllDay":false,"_EventTimezone":"Europe\/Madrid","_EventStartDate":"2025-07-03 22:00:00","_EventEndDate":"2025-07-03 23:45:00","_EventStartDateUTC":"2025-07-03 20:00:00","_EventEndDateUTC":"2025-07-03 21:45:00","_EventShowMap":false,"_EventShowMapLink":false,"_EventURL":"https:\/\/www.passline.com\/eventos\/charlies-old-sisters","_EventCost":"10","_EventCostDescription":"","_EventCurrencySymbol":"\u20ac","_EventCurrencyCode":"USD","_EventCurrencyPosition":"suffix","_EventDateTimeSeparator":"@","_EventTimeRangeSeparator":"-","_EventOrganizerID":[],"_EventVenueID":[],"_OrganizerEmail":"","_OrganizerPhone":"","_OrganizerWebsite":"","_VenueAddress":"","_VenueCity":"","_VenueCountry":"","_VenueProvince":"","_VenueState":"","_VenueZip":"","_VenuePhone":"","_VenueURL":"","_VenueStateProvince":"","_VenueLat":"","_VenueLng":"","_VenueShowMap":false,"_VenueShowMapLink":false,"_tribe_blocks_recurrence_rules":"","_tribe_blocks_recurrence_description":"","_tribe_blocks_recurrence_exclusions":"","_ecp_custom_2":"","_tribe_events_status":"","_tribe_events_status_reason":"","_tribe_events_is_hybrid":"","_tribe_events_is_virtual":"","_tribe_events_virtual_video_source":"","_tribe_events_virtual_embed_video":"","_tribe_events_virtual_linked_button_text":"","_tribe_events_virtual_linked_button":"","_tribe_events_virtual_show_embed_at":"","_tribe_events_virtual_show_embed_to":[],"_tribe_events_virtual_show_on_event":"","_tribe_events_virtual_show_on_views":"","_tribe_events_virtual_url":"","footnotes":""},"tags":[1363,17525,16837,2865,9146,17134,17526,1355,1354],"tribe_events_cat":[8963],"class_list":["post-31269","tribe_events","type-tribe_events","status-publish","has-post-thumbnail","hentry","tag-cafe-la-palma","tag-charlies-old-sisters","tag-clipbeat","tag-conciertos-cafe-la-palma","tag-conciertos-malasana","tag-diego-guijarro","tag-king-sapo","tag-pop","tag-rock","tribe_events_cat-concierto","cat_concierto"],"uagb_featured_image_src":{"full":["https:\/\/cafelapalma.com\/wp-content\/uploads\/2025\/05\/CHARLIES-OLD-PIC-LOW.jpg",857,903,false],"thumbnail":["https:\/\/cafelapalma.com\/wp-content\/uploads\/2025\/05\/CHARLIES-OLD-PIC-LOW-150x150.jpg",150,150,true],"medium":["https:\/\/cafelapalma.com\/wp-content\/uploads\/2025\/05\/CHARLIES-OLD-PIC-LOW-285x300.jpg",285,300,true],"medium_large":["https:\/\/cafelapalma.com\/wp-content\/uploads\/2025\/05\/CHARLIES-OLD-PIC-LOW-768x809.jpg",768,809,true],"large":["https:\/\/cafelapalma.com\/wp-content\/uploads\/2025\/05\/CHARLIES-OLD-PIC-LOW.jpg",857,903,false],"1536x1536":["https:\/\/cafelapalma.com\/wp-content\/uploads\/2025\/05\/CHARLIES-OLD-PIC-LOW.jpg",857,903,false],"2048x2048":["https:\/\/cafelapalma.com\/wp-content\/uploads\/2025\/05\/CHARLIES-OLD-PIC-LOW.jpg",857,903,false],"trp-custom-language-flag":["https:\/\/cafelapalma.com\/wp-content\/uploads\/2025\/05\/CHARLIES-OLD-PIC-LOW-11x12.jpg",11,12,true],"blossom-feminine-slider":["https:\/\/cafelapalma.com\/wp-content\/uploads\/2025\/05\/CHARLIES-OLD-PIC-LOW-857x649.jpg",857,649,true],"blossom-feminine-featured":["https:\/\/cafelapalma.com\/wp-content\/uploads\/2025\/05\/CHARLIES-OLD-PIC-LOW-857x600.jpg",857,600,true],"blossom-feminine-with-sidebar":["https:\/\/cafelapalma.com\/wp-content\/uploads\/2025\/05\/CHARLIES-OLD-PIC-LOW-857x600.jpg",857,600,true],"blossom-feminine-blog":["https:\/\/cafelapalma.com\/wp-content\/uploads\/2025\/05\/CHARLIES-OLD-PIC-LOW-435x435.jpg",435,435,true],"blossom-feminine-cat":["https:\/\/cafelapalma.com\/wp-content\/uploads\/2025\/05\/CHARLIES-OLD-PIC-LOW-450x300.jpg",450,300,true],"blossom-feminine-related":["https:\/\/cafelapalma.com\/wp-content\/uploads\/2025\/05\/CHARLIES-OLD-PIC-LOW-320x200.jpg",320,200,true],"blossom-feminine-schema":["https:\/\/cafelapalma.com\/wp-content\/uploads\/2025\/05\/CHARLIES-OLD-PIC-LOW-57x60.jpg",57,60,true]},"uagb_author_info":{"display_name":"Victor","author_link":"https:\/\/cafelapalma.com\/en\/author\/comunicacion\/"},"uagb_comment_info":0,"uagb_excerpt":"Cinco a\u00f1os despu\u00e9s de su \u00faltimo concierto \u2014entre exilios suizos, maternidades, y caminos que se bifurcaron\u2014, CHARLIE\u2019S OLD SISTERS por fin vuelven a subirse al escenario en el emblem\u00e1tico CAFE LA PALMA. En esta ocasi\u00f3n especial, el grupo repasar\u00e1 sus temas m\u00e1s c\u00e9lebres, pero tambi\u00e9n se abrir\u00e1 paso entre nuevas historias: las que no se&hellip;","_links":{"self":[{"href":"https:\/\/cafelapalma.com\/en\/wp-json\/wp\/v2\/tribe_events\/31269","targetHints":{"allow":["GET"]}}],"collection":[{"href":"https:\/\/cafelapalma.com\/en\/wp-json\/wp\/v2\/tribe_events"}],"about":[{"href":"https:\/\/cafelapalma.com\/en\/wp-json\/wp\/v2\/types\/tribe_events"}],"author":[{"embeddable":true,"href":"https:\/\/cafelapalma.com\/en\/wp-json\/wp\/v2\/users\/2"}],"version-history":[{"count":0,"href":"https:\/\/cafelapalma.com\/en\/wp-json\/wp\/v2\/tribe_events\/31269\/revisions"}],"wp:featuredmedia":[{"embeddable":true,"href":"https:\/\/cafelapalma.com\/en\/wp-json\/wp\/v2\/media\/31271"}],"wp:attachment":[{"href":"https:\/\/cafelapalma.com\/en\/wp-json\/wp\/v2\/media?parent=31269"}],"wp:term":[{"taxonomy":"post_tag","embeddable":true,"href":"https:\/\/cafelapalma.com\/en\/wp-json\/wp\/v2\/tags?post=31269"},{"taxonomy":"tribe_events_cat","embeddable":true,"href":"https:\/\/cafelapalma.com\/en\/wp-json\/wp\/v2\/tribe_events_cat?post=31269"}],"curies":[{"name":"wp","href":"https:\/\/api.w.org\/{rel}","templated":true}]}}