{"id":31337,"date":"2025-05-26T17:32:59","date_gmt":"2025-05-26T15:32:59","guid":{"rendered":"https:\/\/cafelapalma.com\/?post_type=tribe_events&#038;p=31337"},"modified":"2025-05-27T12:13:01","modified_gmt":"2025-05-27T10:13:01","slug":"kommune-for-palestine-2025","status":"publish","type":"tribe_events","link":"https:\/\/cafelapalma.com\/en\/programacion\/kommune-for-palestine-2025\/","title":{"rendered":"QUEEN YASMEEN + LOLLOCAT + JAWAD_O aka ICARUS + FALSX"},"content":{"rendered":"<div  class=\"tribe-events-schedule tribe-clearfix\" >\n\t<p class=\"tribe-events-schedule__datetime\">\n\t\t<span class=\"tribe-events-schedule__date tribe-events-schedule__date--start\">\n\t\t\t27  June  2025\t\t<\/span>\n\n\t\t\t\t\t<span class=\"tribe-events-schedule__separator tribe-events-schedule__separator--date\">\n\t\t\t\t@\t\t\t<\/span>\n\t\t\t<span class=\"tribe-events-schedule__time tribe-events-schedule__time--start\">\n\t\t\t\t23:50\t\t\t<\/span>\n\t\t\n\t\t\t\t\t\t\t\t\t<span class=\"tribe-events-schedule__separator tribe-events-schedule__separator--time\">\n\t\t\t\t\t&#8211;\t\t\t\t<\/span>\n\t\t\t\n\t\t\t\t\t\t\t<span class=\"tribe-events-schedule__time tribe-events-schedule__time--end\">\n\t\t\t\t\t23:55\t\t\t\t<\/span>\n\t\t\t\n\t\t\t\t\t\t<\/p>\n<\/div>\n\n\n<div  class=\"tribe-block tribe-block__event-price\" >\n\t\t\t<span class=\"tribe-block__event-price__cost\"> 9\u20ac <\/span>\n\t\t\t\t<span class=\"tribe-block__event-price__description\">+ gg Anticipada | 11\u20ac Taquilla de 00:00 a 01:30 | 13\u20ac Taquilla de 01:30 a cierre. Todos los tramos de entrada incluyen UNA CONSUMICI\u00d3N. Canjeable por DOS CERVEZAS DE BARRIL antes de las 01:30<\/span>\n\t<\/div>\n\n\n\n<div style=\"height:100px\" aria-hidden=\"true\" class=\"wp-block-spacer\"><\/div>\n\n\n\n<div class=\"wp-block-columns is-layout-flex wp-container-core-columns-is-layout-8f761849 wp-block-columns-is-layout-flex\">\n<div class=\"wp-block-column is-layout-flow wp-block-column-is-layout-flow\" style=\"flex-basis:33.33%\">\n<figure class=\"wp-block-image size-full\"><img loading=\"lazy\" decoding=\"async\" width=\"297\" height=\"420\" src=\"https:\/\/cafelapalma.com\/wp-content\/uploads\/2025\/05\/KOMMUNE-PALESTINE-A3-LOW.png\" alt=\"\" class=\"wp-image-31338\" srcset=\"https:\/\/cafelapalma.com\/wp-content\/uploads\/2025\/05\/KOMMUNE-PALESTINE-A3-LOW.png 297w, https:\/\/cafelapalma.com\/wp-content\/uploads\/2025\/05\/KOMMUNE-PALESTINE-A3-LOW-212x300.png 212w, https:\/\/cafelapalma.com\/wp-content\/uploads\/2025\/05\/KOMMUNE-PALESTINE-A3-LOW-8x12.png 8w, https:\/\/cafelapalma.com\/wp-content\/uploads\/2025\/05\/KOMMUNE-PALESTINE-A3-LOW-42x60.png 42w\" sizes=\"auto, (max-width: 297px) 100vw, 297px\" \/><\/figure>\n\n\n<div  class=\"tribe-block tribe-block__event-website\" >\n\t<a\n\t\thref=\"https:\/\/www.passline.com\/eventos\/kommune-for-palestine-2025\"\n\t\ttarget=\"_self\"\n\t\t\t>\n\t\tBUY TICKETS\t<\/a>\n<\/div>\n<\/div>\n\n\n\n<div class=\"wp-block-column is-layout-flow wp-block-column-is-layout-flow\" style=\"flex-basis:66.66%\">\n<p class=\"wp-block-paragraph\"><\/p>\n\n\n\n<p class=\"has-text-align-left wp-block-paragraph\"><strong>KOMMUNE KLUB<\/strong> se vuelve a organizar, un a\u00f1o despu\u00e9s, por una causa por la que lxs integrantxs del colectivo y su <em>Kommuna<\/em> particular llevan tiempo alzando la voz: el genocidio de <strong>Gaza<\/strong>.<\/p>\n\n\n\n<p class=\"has-text-align-left wp-block-paragraph\">Es por ello que el colectivo decide realizar un nuevo evento ben\u00e9fico y recaudar fondos para la causa a trav\u00e9s de <strong>PRCS (Palestinian Red Crescent Society<\/strong>) y <strong>UNRWA <\/strong>(<strong>United Nations Relief and Works Agency for Palestine Refugees in the Near East<\/strong>). <strong>Todos los beneficios de la fiesta ser\u00e1n destinados a ayuda humanitaria en Palestina.<\/strong><\/p>\n\n\n\n<p class=\"has-text-align-left wp-block-paragraph\">Vuestros bailes no ser\u00e1n en vano, y la m\u00fasica, especialmente importante esta noche, correr\u00e1 a cargo de:<\/p>\n\n\n\n<p class=\"has-text-align-left wp-block-paragraph\"><strong>QUEEN YASMEEN<\/strong> es una talentosa DJ y productora, originaria de <strong>Austin, (TX)<\/strong>, conocida por su habilidad para fusionar g\u00e9neros a la perfecci\u00f3n, creando sets que fusionan deep house, acid y trance con un ritmo \u00fanico y en\u00e9rgico.<\/p>\n\n\n\n<p class=\"has-text-align-left wp-block-paragraph\"><strong>LOLLOCAT <\/strong>es<strong> Lorenzo Cattel<\/strong>, un DJ, investigador y artista multidisciplinar residente en Mil\u00e1n que desde 2021 se desempe\u00f1a movi\u00e9ndose entre el electro, el techno, el (hyper)pop y la m\u00fasica latina.&nbsp;<strong>Lollocat <\/strong>crea experiencias auditivas inmersivas con una investigaci\u00f3n musical que alterna entre la electr\u00f3nica, el ambient, el jazz, la m\u00fasica cl\u00e1sica y los sonidos experimentales. En 2024 lanz\u00f3 <strong>Club Chimera<\/strong>, una serie de eventos dedicados a la escucha, la fiesta y la imaginaci\u00f3n que abarcan desde noches de discoteca hasta un programa de radio mensual en <strong>Radio Ex Alge<\/strong>.&nbsp;<\/p>\n\n\n\n<p class=\"has-text-align-left wp-block-paragraph\"><strong>Jawad_o <\/strong><em>aka <\/em><strong>ICARUS <\/strong>es un productor palestino afincado en <strong>Madrid <\/strong>desde hace m\u00e1s de una d\u00e9cada. Su hogar es tambi\u00e9n un sentimiento que se encuentra en la interconexi\u00f3n de la electr\u00f3nica con sus ra\u00edces \u00e1rabes.<\/p>\n\n\n\n<p class=\"has-text-align-left wp-block-paragraph\"><strong>FALSX<\/strong>, fiel amigx de <strong>Kommune<\/strong>, es un joven estadounidense que aportar\u00e1 su frescura y sus grooves que ya dejaron la sala boquiabierta en la pasada edici\u00f3n de <strong>KOMMUNE KLUB<\/strong>.<\/p>\n\n\n\n<p class=\"has-text-align-right wp-block-paragraph\"><em><a href=\"https:\/\/www.instagram.com\/kommune_club\/\">Sigue a <\/a><\/em><strong><a href=\"https:\/\/www.instagram.com\/kommune_club\/\">KOMMUNE KLUB <\/a><\/strong><em><a href=\"https:\/\/www.instagram.com\/kommune_club\/\">in <\/a><\/em><strong><a href=\"https:\/\/www.instagram.com\/kommune_club\/\">Instagram<\/a><\/strong><\/p>\n<\/div>\n<\/div>\n\n\n\n<div style=\"height:100px\" aria-hidden=\"true\" class=\"wp-block-spacer\"><\/div>\n\n\n\n<hr class=\"wp-block-separator has-alpha-channel-opacity\"\/>\n\n\n\n<div style=\"height:100px\" aria-hidden=\"true\" class=\"wp-block-spacer\"><\/div>\n\n\n<h2 class=\"tribe-block__related-events__title\">Related Events<\/h2>\n\n<ul  class=\"tribe-related-events tribe-clearfix\" >\n\t\t\t<li>\n\t\n<div class=\"tribe-related-events-thumbnail\">\n\t<a href=\"https:\/\/cafelapalma.com\/en\/programacion\/funkin-donuts\/\" class=\"url\" rel=\"bookmark\" tabindex=\"-1\" aria-hidden=\"true\"><img loading=\"lazy\" decoding=\"async\" width=\"693\" height=\"1040\" src=\"https:\/\/cafelapalma.com\/wp-content\/uploads\/2026\/07\/FD-vert2-bn-693x1040.jpg\" class=\"attachment-large size-large wp-post-image\" alt=\"\" \/><\/a>\n<\/div>\n\t<div class=\"tribe-related-event-info\">\n\t<h3 class=\"tribe-related-events-title\">\n\t\t<a href=\"https:\/\/cafelapalma.com\/en\/programacion\/funkin-donuts\/\" class=\"tribe-event-url\" rel=\"bookmark\">\n\t\t\tFUNKIN&#8217; DONUTS\t\t<\/a>\n\t<\/h3>\n\t<span class=\"tribe-event-date-start\">5  September@22:00<\/span><span class=\"tribe-event-time\">23:45<\/span><\/div>\n<\/li>\n\t\t\t<li>\n\t\n<div class=\"tribe-related-events-thumbnail\">\n\t<a href=\"https:\/\/cafelapalma.com\/en\/programacion\/backstage-le-petit-truffle-mayo\/\" class=\"url\" rel=\"bookmark\" tabindex=\"-1\" aria-hidden=\"true\"><img loading=\"lazy\" decoding=\"async\" width=\"780\" height=\"1040\" src=\"https:\/\/cafelapalma.com\/wp-content\/uploads\/2026\/07\/Imagen-TruffleMayo-LePetit-i-1-780x1040.png\" class=\"attachment-large size-large wp-post-image\" alt=\"\" \/><\/a>\n<\/div>\n\t<div class=\"tribe-related-event-info\">\n\t<h3 class=\"tribe-related-events-title\">\n\t\t<a href=\"https:\/\/cafelapalma.com\/en\/programacion\/backstage-le-petit-truffle-mayo\/\" class=\"tribe-event-url\" rel=\"bookmark\">\n\t\t\tBACKSTAGE: LE PETIT + TRUFFLE MAYO\t\t<\/a>\n\t<\/h3>\n\t<span class=\"tribe-event-date-start\">5  September@23:55<\/span><\/div>\n<\/li>\n\t\t\t<li>\n\t\n<div class=\"tribe-related-events-thumbnail\">\n\t<a href=\"https:\/\/cafelapalma.com\/en\/programacion\/willie-deville-concierto-benefico-x-venezuela\/\" class=\"url\" rel=\"bookmark\" tabindex=\"-1\" aria-hidden=\"true\"><img loading=\"lazy\" decoding=\"async\" width=\"1020\" height=\"531\" src=\"https:\/\/cafelapalma.com\/wp-content\/uploads\/2026\/08\/Willie-deville-1100x572-1-1040x541.jpg\" class=\"attachment-large size-large wp-post-image\" alt=\"\" \/><\/a>\n<\/div>\n\t<div class=\"tribe-related-event-info\">\n\t<h3 class=\"tribe-related-events-title\">\n\t\t<a href=\"https:\/\/cafelapalma.com\/en\/programacion\/willie-deville-concierto-benefico-x-venezuela\/\" class=\"tribe-event-url\" rel=\"bookmark\">\n\t\t\tWILLIE DEVILLE: CONCIERTO BEN\u00c9FICO X VENEZUELA\t\t<\/a>\n\t<\/h3>\n\t<span class=\"tribe-event-date-start\">6  September@21:00<\/span><span class=\"tribe-event-time\">23:45<\/span><\/div>\n<\/li>\n\t<\/ul>","protected":false},"excerpt":{"rendered":"<p>KOMMUNE KLUB se vuelve a organizar, un a\u00f1o despu\u00e9s, por una causa por la que lxs integrantxs del colectivo y su Kommuna particular llevan tiempo alzando la voz: el genocidio de Gaza. Es por ello que el colectivo decide realizar un nuevo evento ben\u00e9fico y recaudar fondos para la causa a trav\u00e9s de PRCS (Palestinian &hellip; <\/p>","protected":false},"author":2,"featured_media":31340,"template":"","meta":{"_tec_requires_first_save":false,"_uag_custom_page_level_css":"","loftloader_page_shortcode":"","_EventAllDay":false,"_EventTimezone":"Europe\/Madrid","_EventStartDate":"2025-06-27 23:50:00","_EventEndDate":"2025-06-27 23:55:00","_EventStartDateUTC":"2025-06-27 21:50:00","_EventEndDateUTC":"2025-06-27 21:55:00","_EventShowMap":false,"_EventShowMapLink":false,"_EventURL":"https:\/\/www.passline.com\/eventos\/kommune-for-palestine-2025","_EventCost":"9","_EventCostDescription":"","_EventCurrencySymbol":"\u20ac","_EventCurrencyCode":"USD","_EventCurrencyPosition":"suffix","_EventDateTimeSeparator":"@","_EventTimeRangeSeparator":"-","_EventOrganizerID":[],"_EventVenueID":[],"_OrganizerEmail":"","_OrganizerPhone":"","_OrganizerWebsite":"","_VenueAddress":"","_VenueCity":"","_VenueCountry":"","_VenueProvince":"","_VenueState":"","_VenueZip":"","_VenuePhone":"","_VenueURL":"","_VenueStateProvince":"","_VenueLat":"","_VenueLng":"","_VenueShowMap":false,"_VenueShowMapLink":false,"_tribe_blocks_recurrence_rules":"","_tribe_blocks_recurrence_description":"","_tribe_blocks_recurrence_exclusions":"","_ecp_custom_2":"","_tribe_events_status":"","_tribe_events_status_reason":"","_tribe_events_is_hybrid":"","_tribe_events_is_virtual":"","_tribe_events_virtual_video_source":"","_tribe_events_virtual_embed_video":"","_tribe_events_virtual_linked_button_text":"","_tribe_events_virtual_linked_button":"","_tribe_events_virtual_show_embed_at":"","_tribe_events_virtual_show_embed_to":[],"_tribe_events_virtual_show_on_event":"","_tribe_events_virtual_show_on_views":"","_tribe_events_virtual_url":"","footnotes":""},"tags":[9323,1363,9225,17573,9557,9226,9227,15545,9317,1357,12802,15003,15004,779,15544,9309,17575,15002,14999,15541,14998,17572,17571,15543,15542,17570,17574,9366,776,10228,17596,9375],"tribe_events_cat":[8964],"class_list":["post-31337","tribe_events","type-tribe_events","status-publish","has-post-thumbnail","hentry","tag-ambient","tag-cafe-la-palma","tag-cafe-la-palma-clubbing","tag-club-chimera","tag-deep-house","tag-djs-madrid","tag-djs-malasana","tag-dr-bird","tag-electro","tag-electronica","tag-evento-solidario","tag-falsx","tag-findpeaks","tag-funk","tag-gibraltar","tag-house","tag-icarus","tag-jawad_o","tag-kommune","tag-kommune-for-palestine","tag-kommune-klub","tag-lollocat","tag-lorenzo-cattel","tag-palestinian-red-crescent-society","tag-prcs","tag-queen-yasmeen","tag-radio-ex-alge","tag-recreo","tag-techno","tag-trance","tag-united-nations-relief-and-works-agency-for-palestine-refugees-in-the-near-east","tag-wo-kem","tribe_events_cat-clubbing","cat_clubbing"],"uagb_featured_image_src":{"full":["https:\/\/cafelapalma.com\/wp-content\/uploads\/2025\/05\/KOMUNE-PALESTINE-LOWPIC-scaled.jpg",2401,3000,false],"thumbnail":["https:\/\/cafelapalma.com\/wp-content\/uploads\/2025\/05\/KOMUNE-PALESTINE-LOWPIC-150x150.jpg",150,150,true],"medium":["https:\/\/cafelapalma.com\/wp-content\/uploads\/2025\/05\/KOMUNE-PALESTINE-LOWPIC-240x300.jpg",240,300,true],"medium_large":["https:\/\/cafelapalma.com\/wp-content\/uploads\/2025\/05\/KOMUNE-PALESTINE-LOWPIC-768x960.jpg",768,960,true],"large":["https:\/\/cafelapalma.com\/wp-content\/uploads\/2025\/05\/KOMUNE-PALESTINE-LOWPIC-832x1040.jpg",832,1040,true],"1536x1536":["https:\/\/cafelapalma.com\/wp-content\/uploads\/2025\/05\/KOMUNE-PALESTINE-LOWPIC-1229x1536.jpg",1229,1536,true],"2048x2048":["https:\/\/cafelapalma.com\/wp-content\/uploads\/2025\/05\/KOMUNE-PALESTINE-LOWPIC-1639x2048.jpg",1639,2048,true],"trp-custom-language-flag":["https:\/\/cafelapalma.com\/wp-content\/uploads\/2025\/05\/KOMUNE-PALESTINE-LOWPIC-10x12.jpg",10,12,true],"blossom-feminine-slider":["https:\/\/cafelapalma.com\/wp-content\/uploads\/2025\/05\/KOMUNE-PALESTINE-LOWPIC-1920x649.jpg",1920,649,true],"blossom-feminine-featured":["https:\/\/cafelapalma.com\/wp-content\/uploads\/2025\/05\/KOMUNE-PALESTINE-LOWPIC-1410x600.jpg",1410,600,true],"blossom-feminine-with-sidebar":["https:\/\/cafelapalma.com\/wp-content\/uploads\/2025\/05\/KOMUNE-PALESTINE-LOWPIC-1020x600.jpg",1020,600,true],"blossom-feminine-blog":["https:\/\/cafelapalma.com\/wp-content\/uploads\/2025\/05\/KOMUNE-PALESTINE-LOWPIC-435x435.jpg",435,435,true],"blossom-feminine-cat":["https:\/\/cafelapalma.com\/wp-content\/uploads\/2025\/05\/KOMUNE-PALESTINE-LOWPIC-450x300.jpg",450,300,true],"blossom-feminine-related":["https:\/\/cafelapalma.com\/wp-content\/uploads\/2025\/05\/KOMUNE-PALESTINE-LOWPIC-320x200.jpg",320,200,true],"blossom-feminine-schema":["https:\/\/cafelapalma.com\/wp-content\/uploads\/2025\/05\/KOMUNE-PALESTINE-LOWPIC-48x60.jpg",48,60,true]},"uagb_author_info":{"display_name":"Victor","author_link":"https:\/\/cafelapalma.com\/en\/author\/comunicacion\/"},"uagb_comment_info":0,"uagb_excerpt":"KOMMUNE KLUB se vuelve a organizar, un a\u00f1o despu\u00e9s, por una causa por la que lxs integrantxs del colectivo y su Kommuna particular llevan tiempo alzando la voz: el genocidio de Gaza. Es por ello que el colectivo decide realizar un nuevo evento ben\u00e9fico y recaudar fondos para la causa a trav\u00e9s de PRCS (Palestinian&hellip;","_links":{"self":[{"href":"https:\/\/cafelapalma.com\/en\/wp-json\/wp\/v2\/tribe_events\/31337","targetHints":{"allow":["GET"]}}],"collection":[{"href":"https:\/\/cafelapalma.com\/en\/wp-json\/wp\/v2\/tribe_events"}],"about":[{"href":"https:\/\/cafelapalma.com\/en\/wp-json\/wp\/v2\/types\/tribe_events"}],"author":[{"embeddable":true,"href":"https:\/\/cafelapalma.com\/en\/wp-json\/wp\/v2\/users\/2"}],"version-history":[{"count":0,"href":"https:\/\/cafelapalma.com\/en\/wp-json\/wp\/v2\/tribe_events\/31337\/revisions"}],"wp:featuredmedia":[{"embeddable":true,"href":"https:\/\/cafelapalma.com\/en\/wp-json\/wp\/v2\/media\/31340"}],"wp:attachment":[{"href":"https:\/\/cafelapalma.com\/en\/wp-json\/wp\/v2\/media?parent=31337"}],"wp:term":[{"taxonomy":"post_tag","embeddable":true,"href":"https:\/\/cafelapalma.com\/en\/wp-json\/wp\/v2\/tags?post=31337"},{"taxonomy":"tribe_events_cat","embeddable":true,"href":"https:\/\/cafelapalma.com\/en\/wp-json\/wp\/v2\/tribe_events_cat?post=31337"}],"curies":[{"name":"wp","href":"https:\/\/api.w.org\/{rel}","templated":true}]}}