{"id":31375,"date":"2025-05-28T19:34:30","date_gmt":"2025-05-28T17:34:30","guid":{"rendered":"https:\/\/cafelapalma.com\/?post_type=tribe_events&#038;p=31375"},"modified":"2025-05-28T19:40:21","modified_gmt":"2025-05-28T17:40:21","slug":"danzer-3","status":"publish","type":"tribe_events","link":"https:\/\/cafelapalma.com\/en\/programacion\/danzer-3\/","title":{"rendered":"TEEMON &amp; POOMBA + KAMBOYA + LAFETTE + RAFA CALERO"},"content":{"rendered":"<div  class=\"tribe-events-schedule tribe-clearfix\" >\n\t<p class=\"tribe-events-schedule__datetime\">\n\t\t<span class=\"tribe-events-schedule__date tribe-events-schedule__date--start\">\n\t\t\t06  June  2025\t\t<\/span>\n\n\t\t\t\t\t<span class=\"tribe-events-schedule__separator tribe-events-schedule__separator--date\">\n\t\t\t\t@\t\t\t<\/span>\n\t\t\t<span class=\"tribe-events-schedule__time tribe-events-schedule__time--start\">\n\t\t\t\t23:50\t\t\t<\/span>\n\t\t\n\t\t\t\t\t\t\t\t\t<span class=\"tribe-events-schedule__separator tribe-events-schedule__separator--time\">\n\t\t\t\t\t&#8211;\t\t\t\t<\/span>\n\t\t\t\n\t\t\t\t\t\t\t<span class=\"tribe-events-schedule__time tribe-events-schedule__time--end\">\n\t\t\t\t\t23:55\t\t\t\t<\/span>\n\t\t\t\n\t\t\t\t\t\t<\/p>\n<\/div>\n\n\n<div  class=\"tribe-block tribe-block__event-price\" >\n\t\t\t<span class=\"tribe-block__event-price__cost\"> 11\u20ac <\/span>\n\t\t\t\t<span class=\"tribe-block__event-price__description\">Taquilla de 00:00 a 01:30 | 13\u20ac Taquilla de 01:30 a cierre. Todos los tramos de entrada incluyen UNA CONSUMICI\u00d3N. Canjeable por DOS CERVEZAS DE BARRIL antes de las 01:30<\/span>\n\t<\/div>\n\n\n\n<div style=\"height:100px\" aria-hidden=\"true\" class=\"wp-block-spacer\"><\/div>\n\n\n\n<div class=\"wp-block-columns is-layout-flex wp-container-core-columns-is-layout-8f761849 wp-block-columns-is-layout-flex\">\n<div class=\"wp-block-column is-layout-flow wp-block-column-is-layout-flow\" style=\"flex-basis:33.33%\">\n<figure class=\"wp-block-image size-large\"><img loading=\"lazy\" decoding=\"async\" width=\"736\" height=\"1040\" src=\"https:\/\/cafelapalma.com\/wp-content\/uploads\/2025\/05\/DANZER3-A3-LOW-736x1040.jpg\" alt=\"\" class=\"wp-image-31376\" srcset=\"https:\/\/cafelapalma.com\/wp-content\/uploads\/2025\/05\/DANZER3-A3-LOW-736x1040.jpg 736w, https:\/\/cafelapalma.com\/wp-content\/uploads\/2025\/05\/DANZER3-A3-LOW-212x300.jpg 212w, https:\/\/cafelapalma.com\/wp-content\/uploads\/2025\/05\/DANZER3-A3-LOW-768x1085.jpg 768w, https:\/\/cafelapalma.com\/wp-content\/uploads\/2025\/05\/DANZER3-A3-LOW-1087x1536.jpg 1087w, https:\/\/cafelapalma.com\/wp-content\/uploads\/2025\/05\/DANZER3-A3-LOW-1449x2048.jpg 1449w, https:\/\/cafelapalma.com\/wp-content\/uploads\/2025\/05\/DANZER3-A3-LOW-8x12.jpg 8w, https:\/\/cafelapalma.com\/wp-content\/uploads\/2025\/05\/DANZER3-A3-LOW-42x60.jpg 42w, https:\/\/cafelapalma.com\/wp-content\/uploads\/2025\/05\/DANZER3-A3-LOW.jpg 1755w\" sizes=\"auto, (max-width: 736px) 100vw, 736px\" \/><\/figure>\n<\/div>\n\n\n\n<div class=\"wp-block-column is-layout-flow wp-block-column-is-layout-flow\" style=\"flex-basis:66.66%\">\n<p class=\"wp-block-paragraph\"><\/p>\n\n\n\n<p class=\"has-text-align-left wp-block-paragraph\"><strong>DANZER<\/strong>, la nueva propuesta de <strong>KAMBOYA<\/strong>, <strong>LAFETTE <\/strong>y <strong>RAFA CALERO<\/strong>, tiene un pie en los sonidos cl\u00e1sicos del Disco y el House y otro en la vanguardia de la electr\u00f3nica de baile.\u00a0Suena con un groove sin complejos, fresco y desenfadado, porque aqu\u00ed la pista es de quienes saben sentirla de verdad. Esta vez con invitados de lujo: <strong>TEEMON &amp; POOMBA<\/strong>.<\/p>\n\n\n\n<p class=\"has-text-align-right wp-block-paragraph\"><em><a href=\"https:\/\/www.instagram.com\/danzerdanzerdanzer\/\">Sigue a <\/a><\/em><strong><a href=\"https:\/\/www.instagram.com\/danzerdanzerdanzer\/\">DANZER <\/a><\/strong><em><a href=\"https:\/\/www.instagram.com\/danzerdanzerdanzer\/\">in <\/a><\/em><strong><a href=\"https:\/\/www.instagram.com\/danzerdanzerdanzer\/\">Instagram<\/a><\/strong><\/p>\n\n\n\n<p class=\"has-text-align-left wp-block-paragraph\"><strong>TEEMON &amp; POOMBA<\/strong> es un d\u00fao de productores y DJs madrile\u00f1os, unidos por la m\u00fasica, que emprendieron su camino y una hermosa amistad tras varias noches bailando a pocos metros de distancia en sus clubes favoritos. Pronto comienzan un proyecto musical donde la cara visible es claramente la m\u00fasica y lo que esta es capaz de transmitirles.<\/p>\n\n\n\n<p class=\"has-text-align-right wp-block-paragraph\"><em><a href=\"https:\/\/www.instagram.com\/teemonandpoomba\/\">Sigue a <\/a><\/em><strong><a href=\"https:\/\/www.instagram.com\/teemonandpoomba\/\">TEEMON &amp; POOMBA<\/a><\/strong><em><a href=\"https:\/\/www.instagram.com\/teemonandpoomba\/\"> in <\/a><\/em><strong><a href=\"https:\/\/www.instagram.com\/teemonandpoomba\/\">Instagram<\/a><\/strong><\/p>\n\n\n\n<p class=\"has-text-align-left wp-block-paragraph\"><strong>KAMBOYA<\/strong> tuvo una tienda de discos en <strong>C\u00f3rdoba <\/strong>y tiene una colecci\u00f3n de m\u00e1s de 3000 vinilos. Organiza fiestas que van desde el sonido m\u00e1s oscuro y subterraneo&nbsp;(<strong>CLOACA<\/strong>) a lo m\u00e1s kitch y disfrutable (<strong>BENIDORM<\/strong>).<\/p>\n\n\n\n<p class=\"has-text-align-right wp-block-paragraph\"><em><a href=\"https:\/\/www.instagram.com\/kamboya\/\">Sigue a <\/a><\/em><strong><a href=\"https:\/\/www.instagram.com\/kamboya\/\">KAMBOYA <\/a><\/strong><em><a href=\"https:\/\/www.instagram.com\/kamboya\/\">in <\/a><\/em><strong><a href=\"https:\/\/www.instagram.com\/kamboya\/\">Instagram<\/a><\/strong><\/p>\n\n\n\n<p class=\"has-text-align-left wp-block-paragraph\"><strong>LAFETTE <\/strong>mont\u00f3 hace a\u00f1os una <em>netlabel<\/em>, ha sido periodista musical y ha hecho de productor en varios discos. Compagina su labor de programador en <strong>INTRUSO <\/strong>con las sesiones que lleva con su <em>aka <\/em>alternativo (<strong>WIZE<\/strong>).<\/p>\n\n\n\n<p class=\"has-text-align-right wp-block-paragraph\"><em><a href=\"https:\/\/www.instagram.com\/lafettedj\/\">Sigue a <\/a><\/em><strong><a href=\"https:\/\/www.instagram.com\/lafettedj\/\">LAFETTE <\/a><\/strong><em><a href=\"https:\/\/www.instagram.com\/lafettedj\/\">in <\/a><\/em><strong><a href=\"https:\/\/www.instagram.com\/lafettedj\/\">Instagram<\/a><\/strong><\/p>\n\n\n\n<p class=\"has-text-align-left wp-block-paragraph\"><strong>RAFA CALERO<\/strong> es un veterano de la escena del sur del pa\u00eds y ha recorrido durante a\u00f1os los sitios m\u00e1s emblem\u00e1ticos de la ruta veraniega andaluza. Adem\u00e1s de ser habitual en muchas de las cabinas de las salas m\u00e1s concurridas de la capital.<\/p>\n\n\n\n<p class=\"has-text-align-right wp-block-paragraph\"><em><a href=\"https:\/\/www.instagram.com\/rafaeldanielcalero\/\">Sigue a <\/a><\/em><strong><a href=\"https:\/\/www.instagram.com\/rafaeldanielcalero\/\">RAFA CALERO<\/a><\/strong><em><a href=\"https:\/\/www.instagram.com\/rafaeldanielcalero\/\"> in <\/a><\/em><strong><a href=\"https:\/\/www.instagram.com\/rafaeldanielcalero\/\">Instagram<\/a><\/strong><\/p>\n<\/div>\n<\/div>\n\n\n\n<div style=\"height:100px\" aria-hidden=\"true\" class=\"wp-block-spacer\"><\/div>\n\n\n\n<hr class=\"wp-block-separator has-alpha-channel-opacity\"\/>\n\n\n\n<div style=\"height:100px\" aria-hidden=\"true\" class=\"wp-block-spacer\"><\/div>\n\n\n<h2 class=\"tribe-block__related-events__title\">Related Events<\/h2>\n\n<ul  class=\"tribe-related-events tribe-clearfix\" >\n\t\t\t<li>\n\t\n<div class=\"tribe-related-events-thumbnail\">\n\t<a href=\"https:\/\/cafelapalma.com\/en\/programacion\/funkin-donuts\/\" class=\"url\" rel=\"bookmark\" tabindex=\"-1\" aria-hidden=\"true\"><img loading=\"lazy\" decoding=\"async\" width=\"693\" height=\"1040\" src=\"https:\/\/cafelapalma.com\/wp-content\/uploads\/2026\/07\/FD-vert2-bn-693x1040.jpg\" class=\"attachment-large size-large wp-post-image\" alt=\"\" \/><\/a>\n<\/div>\n\t<div class=\"tribe-related-event-info\">\n\t<h3 class=\"tribe-related-events-title\">\n\t\t<a href=\"https:\/\/cafelapalma.com\/en\/programacion\/funkin-donuts\/\" class=\"tribe-event-url\" rel=\"bookmark\">\n\t\t\tFUNKIN&#8217; DONUTS\t\t<\/a>\n\t<\/h3>\n\t<span class=\"tribe-event-date-start\">5  September@22:00<\/span><span class=\"tribe-event-time\">23:45<\/span><\/div>\n<\/li>\n\t\t\t<li>\n\t\n<div class=\"tribe-related-events-thumbnail\">\n\t<a href=\"https:\/\/cafelapalma.com\/en\/programacion\/backstage-le-petit-truffle-mayo\/\" class=\"url\" rel=\"bookmark\" tabindex=\"-1\" aria-hidden=\"true\"><img loading=\"lazy\" decoding=\"async\" width=\"780\" height=\"1040\" src=\"https:\/\/cafelapalma.com\/wp-content\/uploads\/2026\/07\/Imagen-TruffleMayo-LePetit-i-1-780x1040.png\" class=\"attachment-large size-large wp-post-image\" alt=\"\" \/><\/a>\n<\/div>\n\t<div class=\"tribe-related-event-info\">\n\t<h3 class=\"tribe-related-events-title\">\n\t\t<a href=\"https:\/\/cafelapalma.com\/en\/programacion\/backstage-le-petit-truffle-mayo\/\" class=\"tribe-event-url\" rel=\"bookmark\">\n\t\t\tBACKSTAGE: LE PETIT + TRUFFLE MAYO\t\t<\/a>\n\t<\/h3>\n\t<span class=\"tribe-event-date-start\">5  September@23:55<\/span><\/div>\n<\/li>\n\t\t\t<li>\n\t\n<div class=\"tribe-related-events-thumbnail\">\n\t<a href=\"https:\/\/cafelapalma.com\/en\/programacion\/willie-deville-concierto-benefico-x-venezuela\/\" class=\"url\" rel=\"bookmark\" tabindex=\"-1\" aria-hidden=\"true\"><img loading=\"lazy\" decoding=\"async\" width=\"1020\" height=\"531\" src=\"https:\/\/cafelapalma.com\/wp-content\/uploads\/2026\/08\/Willie-deville-1100x572-1-1040x541.jpg\" class=\"attachment-large size-large wp-post-image\" alt=\"\" \/><\/a>\n<\/div>\n\t<div class=\"tribe-related-event-info\">\n\t<h3 class=\"tribe-related-events-title\">\n\t\t<a href=\"https:\/\/cafelapalma.com\/en\/programacion\/willie-deville-concierto-benefico-x-venezuela\/\" class=\"tribe-event-url\" rel=\"bookmark\">\n\t\t\tWILLIE DEVILLE: CONCIERTO BEN\u00c9FICO X VENEZUELA\t\t<\/a>\n\t<\/h3>\n\t<span class=\"tribe-event-date-start\">6  September@21:00<\/span><span class=\"tribe-event-time\">23:45<\/span><\/div>\n<\/li>\n\t<\/ul>","protected":false},"excerpt":{"rendered":"<p>DANZER, la nueva propuesta de KAMBOYA, LAFETTE y RAFA CALERO, tiene un pie en los sonidos cl\u00e1sicos del Disco y el House y otro en la vanguardia de la electr\u00f3nica de baile.\u00a0Suena con un groove sin complejos, fresco y desenfadado, porque aqu\u00ed la pista es de quienes saben sentirla de verdad. Esta vez con invitados &hellip; <\/p>","protected":false},"author":2,"featured_media":31097,"template":"","meta":{"_tec_requires_first_save":false,"_uag_custom_page_level_css":"","loftloader_page_shortcode":"","_EventAllDay":false,"_EventTimezone":"Europe\/Madrid","_EventStartDate":"2025-06-06 23:50:00","_EventEndDate":"2025-06-06 23:55:00","_EventStartDateUTC":"2025-06-06 21:50:00","_EventEndDateUTC":"2025-06-06 21:55:00","_EventShowMap":false,"_EventShowMapLink":false,"_EventURL":"","_EventCost":"11","_EventCostDescription":"","_EventCurrencySymbol":"\u20ac","_EventCurrencyCode":"USD","_EventCurrencyPosition":"suffix","_EventDateTimeSeparator":"@","_EventTimeRangeSeparator":"-","_EventOrganizerID":[],"_EventVenueID":[],"_OrganizerEmail":"","_OrganizerPhone":"","_OrganizerWebsite":"","_VenueAddress":"","_VenueCity":"","_VenueCountry":"","_VenueProvince":"","_VenueState":"","_VenueZip":"","_VenuePhone":"","_VenueURL":"","_VenueStateProvince":"","_VenueLat":"","_VenueLng":"","_VenueShowMap":false,"_VenueShowMapLink":false,"_tribe_blocks_recurrence_rules":"","_tribe_blocks_recurrence_description":"","_tribe_blocks_recurrence_exclusions":"","_ecp_custom_2":"","_tribe_events_status":"","_tribe_events_status_reason":"","_tribe_events_is_hybrid":"","_tribe_events_is_virtual":"","_tribe_events_virtual_video_source":"","_tribe_events_virtual_embed_video":"","_tribe_events_virtual_linked_button_text":"","_tribe_events_virtual_linked_button":"","_tribe_events_virtual_show_embed_at":"","_tribe_events_virtual_show_embed_to":[],"_tribe_events_virtual_show_on_event":"","_tribe_events_virtual_show_on_views":"","_tribe_events_virtual_url":"","footnotes":""},"tags":[17424,1363,9225,17423,17420,9847,9226,9227,1357,779,9252,9309,17421,17426,16132,17422,9374,17425],"tribe_events_cat":[8964],"class_list":["post-31375","tribe_events","type-tribe_events","status-publish","has-post-thumbnail","hentry","tag-benidorm","tag-cafe-la-palma","tag-cafe-la-palma-clubbing","tag-cloaca","tag-danzer","tag-disco","tag-djs-madrid","tag-djs-malasana","tag-electronica","tag-funk","tag-groove","tag-house","tag-kamboya","tag-la-parrala","tag-lafette","tag-rafa-calero","tag-teemon-poomba","tag-wize","tribe_events_cat-clubbing","cat_clubbing"],"uagb_featured_image_src":{"full":["https:\/\/cafelapalma.com\/wp-content\/uploads\/2025\/04\/DANZER-FRONT.jpg",1080,1920,false],"thumbnail":["https:\/\/cafelapalma.com\/wp-content\/uploads\/2025\/04\/DANZER-FRONT-150x150.jpg",150,150,true],"medium":["https:\/\/cafelapalma.com\/wp-content\/uploads\/2025\/04\/DANZER-FRONT-169x300.jpg",169,300,true],"medium_large":["https:\/\/cafelapalma.com\/wp-content\/uploads\/2025\/04\/DANZER-FRONT-768x1365.jpg",768,1365,true],"large":["https:\/\/cafelapalma.com\/wp-content\/uploads\/2025\/04\/DANZER-FRONT-585x1040.jpg",585,1040,true],"1536x1536":["https:\/\/cafelapalma.com\/wp-content\/uploads\/2025\/04\/DANZER-FRONT-864x1536.jpg",864,1536,true],"2048x2048":["https:\/\/cafelapalma.com\/wp-content\/uploads\/2025\/04\/DANZER-FRONT.jpg",1080,1920,false],"trp-custom-language-flag":["https:\/\/cafelapalma.com\/wp-content\/uploads\/2025\/04\/DANZER-FRONT-7x12.jpg",7,12,true],"blossom-feminine-slider":["https:\/\/cafelapalma.com\/wp-content\/uploads\/2025\/04\/DANZER-FRONT-1080x649.jpg",1080,649,true],"blossom-feminine-featured":["https:\/\/cafelapalma.com\/wp-content\/uploads\/2025\/04\/DANZER-FRONT-1080x600.jpg",1080,600,true],"blossom-feminine-with-sidebar":["https:\/\/cafelapalma.com\/wp-content\/uploads\/2025\/04\/DANZER-FRONT-1020x600.jpg",1020,600,true],"blossom-feminine-blog":["https:\/\/cafelapalma.com\/wp-content\/uploads\/2025\/04\/DANZER-FRONT-435x435.jpg",435,435,true],"blossom-feminine-cat":["https:\/\/cafelapalma.com\/wp-content\/uploads\/2025\/04\/DANZER-FRONT-450x300.jpg",450,300,true],"blossom-feminine-related":["https:\/\/cafelapalma.com\/wp-content\/uploads\/2025\/04\/DANZER-FRONT-320x200.jpg",320,200,true],"blossom-feminine-schema":["https:\/\/cafelapalma.com\/wp-content\/uploads\/2025\/04\/DANZER-FRONT-34x60.jpg",34,60,true]},"uagb_author_info":{"display_name":"Victor","author_link":"https:\/\/cafelapalma.com\/en\/author\/comunicacion\/"},"uagb_comment_info":0,"uagb_excerpt":"DANZER, la nueva propuesta de KAMBOYA, LAFETTE y RAFA CALERO, tiene un pie en los sonidos cl\u00e1sicos del Disco y el House y otro en la vanguardia de la electr\u00f3nica de baile.\u00a0Suena con un groove sin complejos, fresco y desenfadado, porque aqu\u00ed la pista es de quienes saben sentirla de verdad. Esta vez con invitados&hellip;","_links":{"self":[{"href":"https:\/\/cafelapalma.com\/en\/wp-json\/wp\/v2\/tribe_events\/31375","targetHints":{"allow":["GET"]}}],"collection":[{"href":"https:\/\/cafelapalma.com\/en\/wp-json\/wp\/v2\/tribe_events"}],"about":[{"href":"https:\/\/cafelapalma.com\/en\/wp-json\/wp\/v2\/types\/tribe_events"}],"author":[{"embeddable":true,"href":"https:\/\/cafelapalma.com\/en\/wp-json\/wp\/v2\/users\/2"}],"version-history":[{"count":0,"href":"https:\/\/cafelapalma.com\/en\/wp-json\/wp\/v2\/tribe_events\/31375\/revisions"}],"wp:featuredmedia":[{"embeddable":true,"href":"https:\/\/cafelapalma.com\/en\/wp-json\/wp\/v2\/media\/31097"}],"wp:attachment":[{"href":"https:\/\/cafelapalma.com\/en\/wp-json\/wp\/v2\/media?parent=31375"}],"wp:term":[{"taxonomy":"post_tag","embeddable":true,"href":"https:\/\/cafelapalma.com\/en\/wp-json\/wp\/v2\/tags?post=31375"},{"taxonomy":"tribe_events_cat","embeddable":true,"href":"https:\/\/cafelapalma.com\/en\/wp-json\/wp\/v2\/tribe_events_cat?post=31375"}],"curies":[{"name":"wp","href":"https:\/\/api.w.org\/{rel}","templated":true}]}}