{"id":31388,"date":"2025-06-02T10:43:53","date_gmt":"2025-06-02T08:43:53","guid":{"rendered":"https:\/\/cafelapalma.com\/?post_type=tribe_events&#038;p=31388"},"modified":"2025-06-02T10:43:54","modified_gmt":"2025-06-02T08:43:54","slug":"baldosa-la-nina-paracaidas-shad-demn","status":"publish","type":"tribe_events","link":"https:\/\/cafelapalma.com\/en\/programacion\/baldosa-la-nina-paracaidas-shad-demn\/","title":{"rendered":"BALDOSA + LA NI\u00d1A PARACA\u00cdDAS + SHAD DEMN"},"content":{"rendered":"<div  class=\"tribe-events-schedule tribe-clearfix\" >\n\t<p class=\"tribe-events-schedule__datetime\">\n\t\t<span class=\"tribe-events-schedule__date tribe-events-schedule__date--start\">\n\t\t\t07  June  2025\t\t<\/span>\n\n\t\t\t\t\t<span class=\"tribe-events-schedule__separator tribe-events-schedule__separator--date\">\n\t\t\t\t@\t\t\t<\/span>\n\t\t\t<span class=\"tribe-events-schedule__time tribe-events-schedule__time--start\">\n\t\t\t\t21:00\t\t\t<\/span>\n\t\t\n\t\t\t\t\t\t\t\t\t<span class=\"tribe-events-schedule__separator tribe-events-schedule__separator--time\">\n\t\t\t\t\t&#8211;\t\t\t\t<\/span>\n\t\t\t\n\t\t\t\t\t\t\t<span class=\"tribe-events-schedule__time tribe-events-schedule__time--end\">\n\t\t\t\t\t23:45\t\t\t\t<\/span>\n\t\t\t\n\t\t\t\t\t\t<\/p>\n<\/div>\n\n\n<div  class=\"tribe-block tribe-block__event-price\" >\n\t\t\t<span class=\"tribe-block__event-price__cost\"> 9\u20ac <\/span>\n\t\t\t\t<span class=\"tribe-block__event-price__description\">+ gg Anticipada | 12\u20ac Taquilla<\/span>\n\t<\/div>\n\n\n\n<div style=\"height:100px\" aria-hidden=\"true\" class=\"wp-block-spacer\"><\/div>\n\n\n\n<div class=\"wp-block-columns is-layout-flex wp-container-core-columns-is-layout-8f761849 wp-block-columns-is-layout-flex\">\n<div class=\"wp-block-column is-layout-flow wp-block-column-is-layout-flow\" style=\"flex-basis:33.33%\">\n<figure class=\"wp-block-image size-large\"><img loading=\"lazy\" decoding=\"async\" width=\"735\" height=\"1040\" src=\"https:\/\/cafelapalma.com\/wp-content\/uploads\/2025\/06\/BALDOSA-A3-LOW-735x1040.jpg\" alt=\"\" class=\"wp-image-31389\" srcset=\"https:\/\/cafelapalma.com\/wp-content\/uploads\/2025\/06\/BALDOSA-A3-LOW-735x1040.jpg 735w, https:\/\/cafelapalma.com\/wp-content\/uploads\/2025\/06\/BALDOSA-A3-LOW-212x300.jpg 212w, https:\/\/cafelapalma.com\/wp-content\/uploads\/2025\/06\/BALDOSA-A3-LOW-768x1086.jpg 768w, https:\/\/cafelapalma.com\/wp-content\/uploads\/2025\/06\/BALDOSA-A3-LOW-1086x1536.jpg 1086w, https:\/\/cafelapalma.com\/wp-content\/uploads\/2025\/06\/BALDOSA-A3-LOW-1448x2048.jpg 1448w, https:\/\/cafelapalma.com\/wp-content\/uploads\/2025\/06\/BALDOSA-A3-LOW-8x12.jpg 8w, https:\/\/cafelapalma.com\/wp-content\/uploads\/2025\/06\/BALDOSA-A3-LOW-42x60.jpg 42w\" sizes=\"auto, (max-width: 735px) 100vw, 735px\" \/><\/figure>\n\n\n<div  class=\"tribe-block tribe-block__event-website\" >\n\t<a\n\t\thref=\"https:\/\/www.passline.com\/eventos\/baldosa-nina-paracaidas-shademn\"\n\t\ttarget=\"_self\"\n\t\t\t>\n\t\tBUY TICKETS\t<\/a>\n<\/div>\n<\/div>\n\n\n\n<div class=\"wp-block-column is-layout-flow wp-block-column-is-layout-flow\" style=\"flex-basis:66.66%\">\n<div style=\"height:100px\" aria-hidden=\"true\" class=\"wp-block-spacer\"><\/div>\n\n\n\n<p class=\"has-text-align-left wp-block-paragraph\"><strong>BALDOSA <\/strong>llega desde <strong>Canarias <\/strong>como un vendaval sonoro que entrelaza shoegaze, pop, new wave, post-punk, y sobre todo rock, con una identidad marcada por la contundencia del directo. Con dos EPs a sus espaldas y habiendo pisado festivales como <strong>WOMAD<\/strong>, <strong>Mad Blue<\/strong> o <strong>SanSan<\/strong>, su propuesta atrapa con estribillos adictivos y una sensibilidad que conecta tanto con lo \u00edntimo como con lo colectivo. En directo, son pura energ\u00eda punk y emoci\u00f3n a flor de piel.<\/p>\n\n\n\n<p class=\"has-text-align-right wp-block-paragraph\"><em><a href=\"https:\/\/open.spotify.com\/intl-es\/artist\/1mIT3nlH1FgnI1OhwpsSK2?si=O1oV_M55To2WK3JWYpRAhA\">Listen to <\/a><\/em><strong><a href=\"https:\/\/open.spotify.com\/intl-es\/artist\/1mIT3nlH1FgnI1OhwpsSK2?si=O1oV_M55To2WK3JWYpRAhA\">BALDOSA <\/a><\/strong><em><a href=\"https:\/\/open.spotify.com\/intl-es\/artist\/1mIT3nlH1FgnI1OhwpsSK2?si=O1oV_M55To2WK3JWYpRAhA\">in <\/a><\/em><strong><a href=\"https:\/\/open.spotify.com\/intl-es\/artist\/1mIT3nlH1FgnI1OhwpsSK2?si=O1oV_M55To2WK3JWYpRAhA\">Spotify<\/a><\/strong><\/p>\n\n\n\n<p class=\"has-text-align-left wp-block-paragraph\"><strong>LA NI\u00d1A PARACA\u00cdDAS<\/strong> es el alter ego musical de <strong>Mar\u00cda Puigvert<\/strong>, una voz que se lanza sin miedo desde lo m\u00e1s alto del pop punk. Su propuesta bebe directamente de los himnos nacionales e internacionales que marcaron los a\u00f1os 90 y 2000, y los reinterpreta desde una mirada actual. Con letras directas y viscerales, <strong>Mar\u00eda <\/strong>nos invita a recorrer las subidas y bajadas emocionales del d\u00eda a d\u00eda, con canciones que suenan como un grito de guerra \u00edntimo, compartido, y tremendamente generacional.<\/p>\n\n\n\n<p class=\"has-text-align-right wp-block-paragraph\"><em><a href=\"https:\/\/open.spotify.com\/intl-es\/artist\/7qsgl5XG9LIL9ubZ0tos09?si=oCvlUVf1Tnusq1noJb7Vdg\">Listen to<\/a><\/em><strong><a href=\"https:\/\/open.spotify.com\/intl-es\/artist\/7qsgl5XG9LIL9ubZ0tos09?si=oCvlUVf1Tnusq1noJb7Vdg\"> LA NI\u00d1A PARACA\u00cdDAS <\/a><\/strong><em><a href=\"https:\/\/open.spotify.com\/intl-es\/artist\/7qsgl5XG9LIL9ubZ0tos09?si=oCvlUVf1Tnusq1noJb7Vdg\">in <\/a><\/em><strong><a href=\"https:\/\/open.spotify.com\/intl-es\/artist\/7qsgl5XG9LIL9ubZ0tos09?si=oCvlUVf1Tnusq1noJb7Vdg\">Spotify<\/a><\/strong><\/p>\n\n\n\n<p class=\"has-text-align-left wp-block-paragraph\"><strong>SHAD DEMN<\/strong> es el proyecto de <strong>Toni Ibars<\/strong>, compositor y cantante con una capacidad \u00fanica para transformar el caos interior en canciones que oscilan entre lo crudo y lo mel\u00f3dico. Fusiona rock alternativo, indie y pop con unas guitarras rugen, melod\u00edas que se clavan, y unas letras construyen un espacio para quienes buscan su sitio en el mundo.<\/p>\n\n\n\n<p class=\"has-text-align-right wp-block-paragraph\"><em><a href=\"https:\/\/open.spotify.com\/intl-es\/artist\/27E0QqL5F7NikRufODNtcp?si=ncoPrxh4S_u5gQU9__Ux9w\">Listen to <\/a><\/em><strong><a href=\"https:\/\/open.spotify.com\/intl-es\/artist\/27E0QqL5F7NikRufODNtcp?si=ncoPrxh4S_u5gQU9__Ux9w\">SHAD DEMN<\/a><\/strong><em><a href=\"https:\/\/open.spotify.com\/intl-es\/artist\/27E0QqL5F7NikRufODNtcp?si=ncoPrxh4S_u5gQU9__Ux9w\"> in <\/a><\/em><strong><a href=\"https:\/\/open.spotify.com\/intl-es\/artist\/27E0QqL5F7NikRufODNtcp?si=ncoPrxh4S_u5gQU9__Ux9w\">Spotify<\/a><\/strong><\/p>\n<\/div>\n\n\n\n<div class=\"wp-block-column is-layout-flow wp-block-column-is-layout-flow\"><\/div>\n<\/div>\n\n\n\n<div style=\"height:100px\" aria-hidden=\"true\" class=\"wp-block-spacer\"><\/div>\n\n\n\n<hr class=\"wp-block-separator has-alpha-channel-opacity\"\/>\n\n\n\n<div style=\"height:100px\" aria-hidden=\"true\" class=\"wp-block-spacer\"><\/div>\n\n\n<h2 class=\"tribe-block__related-events__title\">Related Events<\/h2>\n\n<ul  class=\"tribe-related-events tribe-clearfix\" >\n\t\t\t<li>\n\t\n<div class=\"tribe-related-events-thumbnail\">\n\t<a href=\"https:\/\/cafelapalma.com\/en\/programacion\/funkin-donuts\/\" class=\"url\" rel=\"bookmark\" tabindex=\"-1\" aria-hidden=\"true\"><img loading=\"lazy\" decoding=\"async\" width=\"693\" height=\"1040\" src=\"https:\/\/cafelapalma.com\/wp-content\/uploads\/2026\/07\/FD-vert2-bn-693x1040.jpg\" class=\"attachment-large size-large wp-post-image\" alt=\"\" \/><\/a>\n<\/div>\n\t<div class=\"tribe-related-event-info\">\n\t<h3 class=\"tribe-related-events-title\">\n\t\t<a href=\"https:\/\/cafelapalma.com\/en\/programacion\/funkin-donuts\/\" class=\"tribe-event-url\" rel=\"bookmark\">\n\t\t\tFUNKIN&#8217; DONUTS\t\t<\/a>\n\t<\/h3>\n\t<span class=\"tribe-event-date-start\">5  September@22:00<\/span><span class=\"tribe-event-time\">23:45<\/span><\/div>\n<\/li>\n\t\t\t<li>\n\t\n<div class=\"tribe-related-events-thumbnail\">\n\t<a href=\"https:\/\/cafelapalma.com\/en\/programacion\/backstage-le-petit-truffle-mayo\/\" class=\"url\" rel=\"bookmark\" tabindex=\"-1\" aria-hidden=\"true\"><img loading=\"lazy\" decoding=\"async\" width=\"780\" height=\"1040\" src=\"https:\/\/cafelapalma.com\/wp-content\/uploads\/2026\/07\/Imagen-TruffleMayo-LePetit-i-1-780x1040.png\" class=\"attachment-large size-large wp-post-image\" alt=\"\" \/><\/a>\n<\/div>\n\t<div class=\"tribe-related-event-info\">\n\t<h3 class=\"tribe-related-events-title\">\n\t\t<a href=\"https:\/\/cafelapalma.com\/en\/programacion\/backstage-le-petit-truffle-mayo\/\" class=\"tribe-event-url\" rel=\"bookmark\">\n\t\t\tBACKSTAGE: LE PETIT + TRUFFLE MAYO\t\t<\/a>\n\t<\/h3>\n\t<span class=\"tribe-event-date-start\">5  September@23:55<\/span><\/div>\n<\/li>\n\t\t\t<li>\n\t\n<div class=\"tribe-related-events-thumbnail\">\n\t<a href=\"https:\/\/cafelapalma.com\/en\/programacion\/willie-deville-concierto-benefico-x-venezuela\/\" class=\"url\" rel=\"bookmark\" tabindex=\"-1\" aria-hidden=\"true\"><img loading=\"lazy\" decoding=\"async\" width=\"1020\" height=\"531\" src=\"https:\/\/cafelapalma.com\/wp-content\/uploads\/2026\/08\/Willie-deville-1100x572-1-1040x541.jpg\" class=\"attachment-large size-large wp-post-image\" alt=\"\" \/><\/a>\n<\/div>\n\t<div class=\"tribe-related-event-info\">\n\t<h3 class=\"tribe-related-events-title\">\n\t\t<a href=\"https:\/\/cafelapalma.com\/en\/programacion\/willie-deville-concierto-benefico-x-venezuela\/\" class=\"tribe-event-url\" rel=\"bookmark\">\n\t\t\tWILLIE DEVILLE: CONCIERTO BEN\u00c9FICO X VENEZUELA\t\t<\/a>\n\t<\/h3>\n\t<span class=\"tribe-event-date-start\">6  September@21:00<\/span><span class=\"tribe-event-time\">23:45<\/span><\/div>\n<\/li>\n\t<\/ul>","protected":false},"excerpt":{"rendered":"<p>BALDOSA llega desde Canarias como un vendaval sonoro que entrelaza shoegaze, pop, new wave, post-punk, y sobre todo rock, con una identidad marcada por la contundencia del directo. Con dos EPs a sus espaldas y habiendo pisado festivales como WOMAD, Mad Blue o SanSan, su propuesta atrapa con estribillos adictivos y una sensibilidad que conecta &hellip; <\/p>","protected":false},"author":2,"featured_media":31390,"template":"","meta":{"_tec_requires_first_save":false,"_uag_custom_page_level_css":"","loftloader_page_shortcode":"","_EventAllDay":false,"_EventTimezone":"Europe\/Madrid","_EventStartDate":"2025-06-07 21:00:00","_EventEndDate":"2025-06-07 23:45:00","_EventStartDateUTC":"2025-06-07 19:00:00","_EventEndDateUTC":"2025-06-07 21:45:00","_EventShowMap":false,"_EventShowMapLink":false,"_EventURL":"https:\/\/www.passline.com\/eventos\/baldosa-nina-paracaidas-shademn","_EventCost":"9","_EventCostDescription":"","_EventCurrencySymbol":"\u20ac","_EventCurrencyCode":"USD","_EventCurrencyPosition":"suffix","_EventDateTimeSeparator":"@","_EventTimeRangeSeparator":"-","_EventOrganizerID":[],"_EventVenueID":[],"_OrganizerEmail":"","_OrganizerPhone":"","_OrganizerWebsite":"","_VenueAddress":"","_VenueCity":"","_VenueCountry":"","_VenueProvince":"","_VenueState":"","_VenueZip":"","_VenuePhone":"","_VenueURL":"","_VenueStateProvince":"","_VenueLat":"","_VenueLng":"","_VenueShowMap":false,"_VenueShowMapLink":false,"_tribe_blocks_recurrence_rules":"","_tribe_blocks_recurrence_description":"","_tribe_blocks_recurrence_exclusions":"","_ecp_custom_2":"","_tribe_events_status":"","_tribe_events_status_reason":"","_tribe_events_is_hybrid":"","_tribe_events_is_virtual":"","_tribe_events_virtual_video_source":"","_tribe_events_virtual_embed_video":"","_tribe_events_virtual_linked_button_text":"","_tribe_events_virtual_linked_button":"","_tribe_events_virtual_show_embed_at":"","_tribe_events_virtual_show_embed_to":[],"_tribe_events_virtual_show_on_event":"","_tribe_events_virtual_show_on_views":"","_tribe_events_virtual_url":"","footnotes":""},"tags":[17605,1363,8869,2865,9147,9146,8970,17606,17608,1355,13662,1354,17607,9380,17609],"tribe_events_cat":[8963],"class_list":["post-31388","tribe_events","type-tribe_events","status-publish","has-post-thumbnail","hentry","tag-baldosa","tag-cafe-la-palma","tag-cafe-la-palma-2","tag-conciertos-cafe-la-palma","tag-conciertos-madrid","tag-conciertos-malasana","tag-indie","tag-la-nina-paracaidas","tag-maria-puigvert","tag-pop","tag-pop-punk-2","tag-rock","tag-shad-demn","tag-shoegaze","tag-toni-ibars","tribe_events_cat-concierto","cat_concierto"],"uagb_featured_image_src":{"full":["https:\/\/cafelapalma.com\/wp-content\/uploads\/2025\/06\/BALDOSA-FRONT.jpg",608,1080,false],"thumbnail":["https:\/\/cafelapalma.com\/wp-content\/uploads\/2025\/06\/BALDOSA-FRONT-150x150.jpg",150,150,true],"medium":["https:\/\/cafelapalma.com\/wp-content\/uploads\/2025\/06\/BALDOSA-FRONT-169x300.jpg",169,300,true],"medium_large":["https:\/\/cafelapalma.com\/wp-content\/uploads\/2025\/06\/BALDOSA-FRONT.jpg",608,1080,false],"large":["https:\/\/cafelapalma.com\/wp-content\/uploads\/2025\/06\/BALDOSA-FRONT-585x1040.jpg",585,1040,true],"1536x1536":["https:\/\/cafelapalma.com\/wp-content\/uploads\/2025\/06\/BALDOSA-FRONT.jpg",608,1080,false],"2048x2048":["https:\/\/cafelapalma.com\/wp-content\/uploads\/2025\/06\/BALDOSA-FRONT.jpg",608,1080,false],"trp-custom-language-flag":["https:\/\/cafelapalma.com\/wp-content\/uploads\/2025\/06\/BALDOSA-FRONT-7x12.jpg",7,12,true],"blossom-feminine-slider":["https:\/\/cafelapalma.com\/wp-content\/uploads\/2025\/06\/BALDOSA-FRONT-608x649.jpg",608,649,true],"blossom-feminine-featured":["https:\/\/cafelapalma.com\/wp-content\/uploads\/2025\/06\/BALDOSA-FRONT-608x600.jpg",608,600,true],"blossom-feminine-with-sidebar":["https:\/\/cafelapalma.com\/wp-content\/uploads\/2025\/06\/BALDOSA-FRONT-608x600.jpg",608,600,true],"blossom-feminine-blog":["https:\/\/cafelapalma.com\/wp-content\/uploads\/2025\/06\/BALDOSA-FRONT-435x435.jpg",435,435,true],"blossom-feminine-cat":["https:\/\/cafelapalma.com\/wp-content\/uploads\/2025\/06\/BALDOSA-FRONT-450x300.jpg",450,300,true],"blossom-feminine-related":["https:\/\/cafelapalma.com\/wp-content\/uploads\/2025\/06\/BALDOSA-FRONT-320x200.jpg",320,200,true],"blossom-feminine-schema":["https:\/\/cafelapalma.com\/wp-content\/uploads\/2025\/06\/BALDOSA-FRONT-34x60.jpg",34,60,true]},"uagb_author_info":{"display_name":"Victor","author_link":"https:\/\/cafelapalma.com\/en\/author\/comunicacion\/"},"uagb_comment_info":0,"uagb_excerpt":"BALDOSA llega desde Canarias como un vendaval sonoro que entrelaza shoegaze, pop, new wave, post-punk, y sobre todo rock, con una identidad marcada por la contundencia del directo. Con dos EPs a sus espaldas y habiendo pisado festivales como WOMAD, Mad Blue o SanSan, su propuesta atrapa con estribillos adictivos y una sensibilidad que conecta&hellip;","_links":{"self":[{"href":"https:\/\/cafelapalma.com\/en\/wp-json\/wp\/v2\/tribe_events\/31388","targetHints":{"allow":["GET"]}}],"collection":[{"href":"https:\/\/cafelapalma.com\/en\/wp-json\/wp\/v2\/tribe_events"}],"about":[{"href":"https:\/\/cafelapalma.com\/en\/wp-json\/wp\/v2\/types\/tribe_events"}],"author":[{"embeddable":true,"href":"https:\/\/cafelapalma.com\/en\/wp-json\/wp\/v2\/users\/2"}],"version-history":[{"count":0,"href":"https:\/\/cafelapalma.com\/en\/wp-json\/wp\/v2\/tribe_events\/31388\/revisions"}],"wp:featuredmedia":[{"embeddable":true,"href":"https:\/\/cafelapalma.com\/en\/wp-json\/wp\/v2\/media\/31390"}],"wp:attachment":[{"href":"https:\/\/cafelapalma.com\/en\/wp-json\/wp\/v2\/media?parent=31388"}],"wp:term":[{"taxonomy":"post_tag","embeddable":true,"href":"https:\/\/cafelapalma.com\/en\/wp-json\/wp\/v2\/tags?post=31388"},{"taxonomy":"tribe_events_cat","embeddable":true,"href":"https:\/\/cafelapalma.com\/en\/wp-json\/wp\/v2\/tribe_events_cat?post=31388"}],"curies":[{"name":"wp","href":"https:\/\/api.w.org\/{rel}","templated":true}]}}