{"id":31402,"date":"2025-06-04T12:31:18","date_gmt":"2025-06-04T10:31:18","guid":{"rendered":"https:\/\/cafelapalma.com\/?post_type=tribe_events&#038;p=31402"},"modified":"2025-10-04T01:25:33","modified_gmt":"2025-10-03T23:25:33","slug":"jose-y-el-toro","status":"publish","type":"tribe_events","link":"https:\/\/cafelapalma.com\/en\/programacion\/jose-y-el-toro\/","title":{"rendered":"JOS\u00c9 Y EL TORO"},"content":{"rendered":"<div  class=\"tribe-events-schedule tribe-clearfix\" >\n\t<p class=\"tribe-events-schedule__datetime\">\n\t\t<span class=\"tribe-events-schedule__date tribe-events-schedule__date--start\">\n\t\t\t12  October  2025\t\t<\/span>\n\n\t\t\t\t\t<span class=\"tribe-events-schedule__separator tribe-events-schedule__separator--date\">\n\t\t\t\t@\t\t\t<\/span>\n\t\t\t<span class=\"tribe-events-schedule__time tribe-events-schedule__time--start\">\n\t\t\t\t21:00\t\t\t<\/span>\n\t\t\n\t\t\t\t\t\t\t\t\t<span class=\"tribe-events-schedule__separator tribe-events-schedule__separator--time\">\n\t\t\t\t\t&#8211;\t\t\t\t<\/span>\n\t\t\t\n\t\t\t\t\t\t\t<span class=\"tribe-events-schedule__time tribe-events-schedule__time--end\">\n\t\t\t\t\t23:00\t\t\t\t<\/span>\n\t\t\t\n\t\t\t\t\t\t<\/p>\n<\/div>\n\n\n<div  class=\"tribe-block tribe-block__event-price\" >\n\t\t\t<span class=\"tribe-block__event-price__cost\"> 21\u20ac <\/span>\n\t\t\t\t<span class=\"tribe-block__event-price__description\">+ gg PRE VENTA | 23\u20ac + gg PRE VENTA II | 25\u20ac + gg GENERAL | 35\u20ac + gg GENERAL +  MEET &amp; GREET. Todos los tramos de entrada incluyen UNA CERVEZA DE BARRIL o REFRESCO<\/span>\n\t<\/div>\n\n\n\n<div style=\"height:100px\" aria-hidden=\"true\" class=\"wp-block-spacer\"><\/div>\n\n\n\n<div class=\"wp-block-columns is-layout-flex wp-container-core-columns-is-layout-8f761849 wp-block-columns-is-layout-flex\">\n<div class=\"wp-block-column is-layout-flow wp-block-column-is-layout-flow\" style=\"flex-basis:33.33%\">\n<figure class=\"wp-block-image size-large\"><img loading=\"lazy\" decoding=\"async\" width=\"832\" height=\"1040\" src=\"https:\/\/cafelapalma.com\/wp-content\/uploads\/2025\/06\/JOSE-Y.-EL-TORO-CON-HISPANIDAD-832x1040.jpg\" alt=\"\" class=\"wp-image-31970\" srcset=\"https:\/\/cafelapalma.com\/wp-content\/uploads\/2025\/06\/JOSE-Y.-EL-TORO-CON-HISPANIDAD-832x1040.jpg 832w, https:\/\/cafelapalma.com\/wp-content\/uploads\/2025\/06\/JOSE-Y.-EL-TORO-CON-HISPANIDAD-240x300.jpg 240w, https:\/\/cafelapalma.com\/wp-content\/uploads\/2025\/06\/JOSE-Y.-EL-TORO-CON-HISPANIDAD-768x960.jpg 768w, https:\/\/cafelapalma.com\/wp-content\/uploads\/2025\/06\/JOSE-Y.-EL-TORO-CON-HISPANIDAD-10x12.jpg 10w, https:\/\/cafelapalma.com\/wp-content\/uploads\/2025\/06\/JOSE-Y.-EL-TORO-CON-HISPANIDAD-48x60.jpg 48w, https:\/\/cafelapalma.com\/wp-content\/uploads\/2025\/06\/JOSE-Y.-EL-TORO-CON-HISPANIDAD.jpg 1069w\" sizes=\"auto, (max-width: 832px) 100vw, 832px\" \/><\/figure>\n\n\n<div  class=\"tribe-block tribe-block__event-website\" >\n\t<a\n\t\thref=\"https:\/\/www.passline.com\/eventos\/jose-y-el-toro-madrid-2025\"\n\t\ttarget=\"_self\"\n\t\t\t>\n\t\tBUY TICKETS\t<\/a>\n<\/div>\n<\/div>\n\n\n\n<div class=\"wp-block-column is-layout-flow wp-block-column-is-layout-flow\" style=\"flex-basis:66.66%\">\n<div style=\"height:100px\" aria-hidden=\"true\" class=\"wp-block-spacer\"><\/div>\n\n\n\n<p class=\"has-text-align-left wp-block-paragraph\"><strong>JOS\u00c9 Y EL TORO<\/strong> es un cantautor venezolano que se ha consolidado como uno de los nuevos referentes del bolero-pop en Latinoam\u00e9rica. Seg\u00fan la revista <strong>Rolling Stone<\/strong>, su propuesta <em>\u201ccombina una narrativa cargada de amor y nostalgia, fusionando elementos cl\u00e1sicos y modernos con g\u00e9neros como el bolero, la balada el\u00e9ctrica, el hip-hop, el indie folk y el pop\u201d<\/em>.<\/p>\n\n\n\n<p class=\"has-text-align-left wp-block-paragraph\">Entre sus mayores \u00e9xitos se encuentran los sencillos <strong><em>\u201cCuando Cuando\u201d<\/em><\/strong> y <strong><em>\u201cReloj Ingrato\u201d<\/em><\/strong>. Este \u00faltimo alcanz\u00f3 las listas Top 50 Virales en varios pa\u00edses y ya supera los 20M de streams combinados.<\/p>\n\n\n\n<p class=\"has-text-align-left wp-block-paragraph\">Para 2025, <strong>Jos\u00e9 <\/strong>presenta su nuevo EP <strong><em>\u201cLa Vida Lenta\u201d<\/em><\/strong>, con el que recorrer\u00e1 m\u00e1s de 15 ciudades en distintos pa\u00edses; gira que comenz\u00f3 con un exitoso sold out ante m\u00e1s de 5.000 personas en Ciudad de M\u00e9xico.<\/p>\n\n\n\n<p class=\"has-text-align-right wp-block-paragraph\"><em><a href=\"https:\/\/open.spotify.com\/intl-es\/artist\/5Bq8Ri1jFba5clhChG8Cex?si=ZAPdxLsjSymJVHvu2waU-g\">Listen to <\/a><\/em><strong><a href=\"https:\/\/open.spotify.com\/intl-es\/artist\/5Bq8Ri1jFba5clhChG8Cex?si=ZAPdxLsjSymJVHvu2waU-g\">JOS\u00c9 Y EL TORO<\/a><\/strong><em><a href=\"https:\/\/open.spotify.com\/intl-es\/artist\/5Bq8Ri1jFba5clhChG8Cex?si=ZAPdxLsjSymJVHvu2waU-g\"> in <\/a><\/em><strong><a href=\"https:\/\/open.spotify.com\/intl-es\/artist\/5Bq8Ri1jFba5clhChG8Cex?si=ZAPdxLsjSymJVHvu2waU-g\">Spotify<\/a><\/strong><\/p>\n<\/div>\n<\/div>\n\n\n\n<div style=\"height:100px\" aria-hidden=\"true\" class=\"wp-block-spacer\"><\/div>\n\n\n\n<hr class=\"wp-block-separator has-alpha-channel-opacity\"\/>\n\n\n\n<div style=\"height:100px\" aria-hidden=\"true\" class=\"wp-block-spacer\"><\/div>\n\n\n<h2 class=\"tribe-block__related-events__title\">Related Events<\/h2>\n\n<ul  class=\"tribe-related-events tribe-clearfix\" >\n\t\t\t<li>\n\t\n<div class=\"tribe-related-events-thumbnail\">\n\t<a href=\"https:\/\/cafelapalma.com\/en\/programacion\/funkin-donuts\/\" class=\"url\" rel=\"bookmark\" tabindex=\"-1\" aria-hidden=\"true\"><img loading=\"lazy\" decoding=\"async\" width=\"693\" height=\"1040\" src=\"https:\/\/cafelapalma.com\/wp-content\/uploads\/2026\/07\/FD-vert2-bn-693x1040.jpg\" class=\"attachment-large size-large wp-post-image\" alt=\"\" \/><\/a>\n<\/div>\n\t<div class=\"tribe-related-event-info\">\n\t<h3 class=\"tribe-related-events-title\">\n\t\t<a href=\"https:\/\/cafelapalma.com\/en\/programacion\/funkin-donuts\/\" class=\"tribe-event-url\" rel=\"bookmark\">\n\t\t\tFUNKIN&#8217; DONUTS\t\t<\/a>\n\t<\/h3>\n\t<span class=\"tribe-event-date-start\">5  September@22:00<\/span><span class=\"tribe-event-time\">23:45<\/span><\/div>\n<\/li>\n\t\t\t<li>\n\t\n<div class=\"tribe-related-events-thumbnail\">\n\t<a href=\"https:\/\/cafelapalma.com\/en\/programacion\/backstage-le-petit-truffle-mayo\/\" class=\"url\" rel=\"bookmark\" tabindex=\"-1\" aria-hidden=\"true\"><img loading=\"lazy\" decoding=\"async\" width=\"780\" height=\"1040\" src=\"https:\/\/cafelapalma.com\/wp-content\/uploads\/2026\/07\/Imagen-TruffleMayo-LePetit-i-1-780x1040.png\" class=\"attachment-large size-large wp-post-image\" alt=\"\" \/><\/a>\n<\/div>\n\t<div class=\"tribe-related-event-info\">\n\t<h3 class=\"tribe-related-events-title\">\n\t\t<a href=\"https:\/\/cafelapalma.com\/en\/programacion\/backstage-le-petit-truffle-mayo\/\" class=\"tribe-event-url\" rel=\"bookmark\">\n\t\t\tBACKSTAGE: LE PETIT + TRUFFLE MAYO\t\t<\/a>\n\t<\/h3>\n\t<span class=\"tribe-event-date-start\">5  September@23:55<\/span><\/div>\n<\/li>\n\t\t\t<li>\n\t\n<div class=\"tribe-related-events-thumbnail\">\n\t<a href=\"https:\/\/cafelapalma.com\/en\/programacion\/willie-deville-concierto-benefico-x-venezuela\/\" class=\"url\" rel=\"bookmark\" tabindex=\"-1\" aria-hidden=\"true\"><img loading=\"lazy\" decoding=\"async\" width=\"1020\" height=\"531\" src=\"https:\/\/cafelapalma.com\/wp-content\/uploads\/2026\/08\/Willie-deville-1100x572-1-1040x541.jpg\" class=\"attachment-large size-large wp-post-image\" alt=\"\" \/><\/a>\n<\/div>\n\t<div class=\"tribe-related-event-info\">\n\t<h3 class=\"tribe-related-events-title\">\n\t\t<a href=\"https:\/\/cafelapalma.com\/en\/programacion\/willie-deville-concierto-benefico-x-venezuela\/\" class=\"tribe-event-url\" rel=\"bookmark\">\n\t\t\tWILLIE DEVILLE: CONCIERTO BEN\u00c9FICO X VENEZUELA\t\t<\/a>\n\t<\/h3>\n\t<span class=\"tribe-event-date-start\">6  September@21:00<\/span><span class=\"tribe-event-time\">23:45<\/span><\/div>\n<\/li>\n\t<\/ul>","protected":false},"excerpt":{"rendered":"<p>JOS\u00c9 Y EL TORO es un cantautor venezolano que se ha consolidado como uno de los nuevos referentes del bolero-pop en Latinoam\u00e9rica. Seg\u00fan la revista Rolling Stone, su propuesta \u201ccombina una narrativa cargada de amor y nostalgia, fusionando elementos cl\u00e1sicos y modernos con g\u00e9neros como el bolero, la balada el\u00e9ctrica, el hip-hop, el indie folk &hellip; <\/p>","protected":false},"author":2,"featured_media":31971,"template":"","meta":{"_tec_requires_first_save":false,"_uag_custom_page_level_css":"","loftloader_page_shortcode":"","_EventAllDay":false,"_EventTimezone":"Europe\/Madrid","_EventStartDate":"2025-10-12 21:00:00","_EventEndDate":"2025-10-12 23:00:00","_EventStartDateUTC":"2025-10-12 19:00:00","_EventEndDateUTC":"2025-10-12 21:00:00","_EventShowMap":false,"_EventShowMapLink":false,"_EventURL":"https:\/\/www.passline.com\/eventos\/jose-y-el-toro-madrid-2025","_EventCost":"21","_EventCostDescription":"","_EventCurrencySymbol":"\u20ac","_EventCurrencyCode":"USD","_EventCurrencyPosition":"suffix","_EventDateTimeSeparator":"@","_EventTimeRangeSeparator":"-","_EventOrganizerID":[],"_EventVenueID":[],"_OrganizerEmail":"","_OrganizerPhone":"","_OrganizerWebsite":"","_VenueAddress":"","_VenueCity":"","_VenueCountry":"","_VenueProvince":"","_VenueState":"","_VenueZip":"","_VenuePhone":"","_VenueURL":"","_VenueStateProvince":"","_VenueLat":"","_VenueLng":"","_VenueShowMap":false,"_VenueShowMapLink":false,"_tribe_blocks_recurrence_rules":"","_tribe_blocks_recurrence_description":"","_tribe_blocks_recurrence_exclusions":"","_ecp_custom_2":"","_tribe_events_status":"","_tribe_events_status_reason":"","_tribe_events_is_hybrid":"","_tribe_events_is_virtual":"","_tribe_events_virtual_video_source":"","_tribe_events_virtual_embed_video":"","_tribe_events_virtual_linked_button_text":"","_tribe_events_virtual_linked_button":"","_tribe_events_virtual_show_embed_at":"","_tribe_events_virtual_show_embed_to":[],"_tribe_events_virtual_show_on_event":"","_tribe_events_virtual_show_on_views":"","_tribe_events_virtual_url":"","footnotes":""},"tags":[17627,17629,11433,1363,8869,2865,9147,9146,17630,17628,16231,12198,17632,12505,17631],"tribe_events_cat":[8963],"class_list":["post-31402","tribe_events","type-tribe_events","status-publish","has-post-thumbnail","hentry","tag-bolero","tag-bolero-pop","tag-boleros","tag-cafe-la-palma","tag-cafe-la-palma-2","tag-conciertos-cafe-la-palma","tag-conciertos-madrid","tag-conciertos-malasana","tag-cuando-cuando","tag-jose-y-el-toro","tag-la-persiana","tag-la-sordera","tag-la-vida-lenta","tag-passline","tag-reloj-ingrato","tribe_events_cat-concierto","cat_concierto"],"uagb_featured_image_src":{"full":["https:\/\/cafelapalma.com\/wp-content\/uploads\/2025\/06\/JOSE-Y-EL-TORO-PIC-HISPANIDAD.jpg",1025,1281,false],"thumbnail":["https:\/\/cafelapalma.com\/wp-content\/uploads\/2025\/06\/JOSE-Y-EL-TORO-PIC-HISPANIDAD-150x150.jpg",150,150,true],"medium":["https:\/\/cafelapalma.com\/wp-content\/uploads\/2025\/06\/JOSE-Y-EL-TORO-PIC-HISPANIDAD-240x300.jpg",240,300,true],"medium_large":["https:\/\/cafelapalma.com\/wp-content\/uploads\/2025\/06\/JOSE-Y-EL-TORO-PIC-HISPANIDAD-768x960.jpg",768,960,true],"large":["https:\/\/cafelapalma.com\/wp-content\/uploads\/2025\/06\/JOSE-Y-EL-TORO-PIC-HISPANIDAD-832x1040.jpg",832,1040,true],"1536x1536":["https:\/\/cafelapalma.com\/wp-content\/uploads\/2025\/06\/JOSE-Y-EL-TORO-PIC-HISPANIDAD.jpg",1025,1281,false],"2048x2048":["https:\/\/cafelapalma.com\/wp-content\/uploads\/2025\/06\/JOSE-Y-EL-TORO-PIC-HISPANIDAD.jpg",1025,1281,false],"trp-custom-language-flag":["https:\/\/cafelapalma.com\/wp-content\/uploads\/2025\/06\/JOSE-Y-EL-TORO-PIC-HISPANIDAD-10x12.jpg",10,12,true],"blossom-feminine-slider":["https:\/\/cafelapalma.com\/wp-content\/uploads\/2025\/06\/JOSE-Y-EL-TORO-PIC-HISPANIDAD-1025x649.jpg",1025,649,true],"blossom-feminine-featured":["https:\/\/cafelapalma.com\/wp-content\/uploads\/2025\/06\/JOSE-Y-EL-TORO-PIC-HISPANIDAD-1025x600.jpg",1025,600,true],"blossom-feminine-with-sidebar":["https:\/\/cafelapalma.com\/wp-content\/uploads\/2025\/06\/JOSE-Y-EL-TORO-PIC-HISPANIDAD-1020x600.jpg",1020,600,true],"blossom-feminine-blog":["https:\/\/cafelapalma.com\/wp-content\/uploads\/2025\/06\/JOSE-Y-EL-TORO-PIC-HISPANIDAD-435x435.jpg",435,435,true],"blossom-feminine-cat":["https:\/\/cafelapalma.com\/wp-content\/uploads\/2025\/06\/JOSE-Y-EL-TORO-PIC-HISPANIDAD-450x300.jpg",450,300,true],"blossom-feminine-related":["https:\/\/cafelapalma.com\/wp-content\/uploads\/2025\/06\/JOSE-Y-EL-TORO-PIC-HISPANIDAD-320x200.jpg",320,200,true],"blossom-feminine-schema":["https:\/\/cafelapalma.com\/wp-content\/uploads\/2025\/06\/JOSE-Y-EL-TORO-PIC-HISPANIDAD-48x60.jpg",48,60,true]},"uagb_author_info":{"display_name":"Victor","author_link":"https:\/\/cafelapalma.com\/en\/author\/comunicacion\/"},"uagb_comment_info":0,"uagb_excerpt":"JOS\u00c9 Y EL TORO es un cantautor venezolano que se ha consolidado como uno de los nuevos referentes del bolero-pop en Latinoam\u00e9rica. Seg\u00fan la revista Rolling Stone, su propuesta \u201ccombina una narrativa cargada de amor y nostalgia, fusionando elementos cl\u00e1sicos y modernos con g\u00e9neros como el bolero, la balada el\u00e9ctrica, el hip-hop, el indie folk&hellip;","_links":{"self":[{"href":"https:\/\/cafelapalma.com\/en\/wp-json\/wp\/v2\/tribe_events\/31402","targetHints":{"allow":["GET"]}}],"collection":[{"href":"https:\/\/cafelapalma.com\/en\/wp-json\/wp\/v2\/tribe_events"}],"about":[{"href":"https:\/\/cafelapalma.com\/en\/wp-json\/wp\/v2\/types\/tribe_events"}],"author":[{"embeddable":true,"href":"https:\/\/cafelapalma.com\/en\/wp-json\/wp\/v2\/users\/2"}],"version-history":[{"count":0,"href":"https:\/\/cafelapalma.com\/en\/wp-json\/wp\/v2\/tribe_events\/31402\/revisions"}],"wp:featuredmedia":[{"embeddable":true,"href":"https:\/\/cafelapalma.com\/en\/wp-json\/wp\/v2\/media\/31971"}],"wp:attachment":[{"href":"https:\/\/cafelapalma.com\/en\/wp-json\/wp\/v2\/media?parent=31402"}],"wp:term":[{"taxonomy":"post_tag","embeddable":true,"href":"https:\/\/cafelapalma.com\/en\/wp-json\/wp\/v2\/tags?post=31402"},{"taxonomy":"tribe_events_cat","embeddable":true,"href":"https:\/\/cafelapalma.com\/en\/wp-json\/wp\/v2\/tribe_events_cat?post=31402"}],"curies":[{"name":"wp","href":"https:\/\/api.w.org\/{rel}","templated":true}]}}