{"id":31442,"date":"2025-06-16T11:21:50","date_gmt":"2025-06-16T09:21:50","guid":{"rendered":"https:\/\/cafelapalma.com\/?post_type=tribe_events&#038;p=31442"},"modified":"2025-06-16T11:23:46","modified_gmt":"2025-06-16T09:23:46","slug":"la-nueva-movida-2","status":"publish","type":"tribe_events","link":"https:\/\/cafelapalma.com\/en\/programacion\/la-nueva-movida-2\/","title":{"rendered":"JUANMIALM + NORIA + 9KIZZY"},"content":{"rendered":"<div  class=\"tribe-events-schedule tribe-clearfix\" >\n\t<p class=\"tribe-events-schedule__datetime\">\n\t\t<span class=\"tribe-events-schedule__date tribe-events-schedule__date--start\">\n\t\t\t14  September  2025\t\t<\/span>\n\n\t\t\t\t\t<span class=\"tribe-events-schedule__separator tribe-events-schedule__separator--date\">\n\t\t\t\t@\t\t\t<\/span>\n\t\t\t<span class=\"tribe-events-schedule__time tribe-events-schedule__time--start\">\n\t\t\t\t20:30\t\t\t<\/span>\n\t\t\n\t\t\t\t\t\t\t\t\t<span class=\"tribe-events-schedule__separator tribe-events-schedule__separator--time\">\n\t\t\t\t\t&#8211;\t\t\t\t<\/span>\n\t\t\t\n\t\t\t\t\t\t\t<span class=\"tribe-events-schedule__time tribe-events-schedule__time--end\">\n\t\t\t\t\t23:00\t\t\t\t<\/span>\n\t\t\t\n\t\t\t\t\t\t<\/p>\n<\/div>\n\n\n<div  class=\"tribe-block tribe-block__event-price\" >\n\t\t\t<span class=\"tribe-block__event-price__cost\"> 10\u20ac <\/span>\n\t\t\t\t<span class=\"tribe-block__event-price__description\">+ gg Anticipada | 12\u20ac Taquilla [ Incluye DOBLE DE CERVEZA DE BARRIL o REFRESCO ]<\/span>\n\t<\/div>\n\n\n\n<div style=\"height:100px\" aria-hidden=\"true\" class=\"wp-block-spacer\"><\/div>\n\n\n\n<div class=\"wp-block-columns is-layout-flex wp-container-core-columns-is-layout-8f761849 wp-block-columns-is-layout-flex\">\n<div class=\"wp-block-column is-layout-flow wp-block-column-is-layout-flow\" style=\"flex-basis:33.33%\">\n<figure class=\"wp-block-image size-full\"><img loading=\"lazy\" decoding=\"async\" width=\"297\" height=\"418\" src=\"https:\/\/cafelapalma.com\/wp-content\/uploads\/2025\/06\/CARTEL_LA_NUEVA_MOVIDA_VOL2.jpg\" alt=\"\" class=\"wp-image-31443\" srcset=\"https:\/\/cafelapalma.com\/wp-content\/uploads\/2025\/06\/CARTEL_LA_NUEVA_MOVIDA_VOL2.jpg 297w, https:\/\/cafelapalma.com\/wp-content\/uploads\/2025\/06\/CARTEL_LA_NUEVA_MOVIDA_VOL2-213x300.jpg 213w, https:\/\/cafelapalma.com\/wp-content\/uploads\/2025\/06\/CARTEL_LA_NUEVA_MOVIDA_VOL2-9x12.jpg 9w, https:\/\/cafelapalma.com\/wp-content\/uploads\/2025\/06\/CARTEL_LA_NUEVA_MOVIDA_VOL2-43x60.jpg 43w\" sizes=\"auto, (max-width: 297px) 100vw, 297px\" \/><\/figure>\n\n\n<div  class=\"tribe-block tribe-block__event-website\" >\n\t<a\n\t\thref=\"https:\/\/www.passline.com\/eventos\/la-nueva-movida-2\"\n\t\ttarget=\"_self\"\n\t\t\t>\n\t\tCOMPRAR ENTRADAS\t<\/a>\n<\/div>\n<\/div>\n\n\n\n<div class=\"wp-block-column is-layout-flow wp-block-column-is-layout-flow\" style=\"flex-basis:66.66%\">\n<p class=\"has-text-align-left wp-block-paragraph\">Tras el \u00e9xito de una primera edici\u00f3n en diciembre de 2024, <strong>LA NUEVA MOVIDA<\/strong> regresa con una segunda edici\u00f3n de vuelta al cole, esta vez con:<\/p>\n\n\n\n<p class=\"has-text-align-left wp-block-paragraph\">Nacido en Almer\u00eda y residente en <strong>Vallekas<\/strong>, <strong>JUANMIALM <\/strong>es un artista apasionado por la escritura y el canto. Su talento lo ha llevado a destacar en el panorama joven del rap. Carism\u00e1tico dentro y fuera del escenario, deja huella all\u00e1 donde va. Amante del rap underground y la m\u00fasica experimental, apuesta por un estilo aut\u00e9ntico. Con hambre de \u00e9xito, est\u00e1 listo para conquistar nuevos horizontes.<\/p>\n\n\n\n<p class=\"has-text-align-right wp-block-paragraph\"><em><a href=\"https:\/\/open.spotify.com\/intl-es\/artist\/6xIZ8gjAPIew6q9XBB6krn?si=hrT3m5yhR6SM1fREcs23NQ\">Escucha a <\/a><\/em><strong><a href=\"https:\/\/open.spotify.com\/intl-es\/artist\/6xIZ8gjAPIew6q9XBB6krn?si=hrT3m5yhR6SM1fREcs23NQ\">JUANMIALM <\/a><\/strong><em><a href=\"https:\/\/open.spotify.com\/intl-es\/artist\/6xIZ8gjAPIew6q9XBB6krn?si=hrT3m5yhR6SM1fREcs23NQ\">en <\/a><\/em><strong><a href=\"https:\/\/open.spotify.com\/intl-es\/artist\/6xIZ8gjAPIew6q9XBB6krn?si=hrT3m5yhR6SM1fREcs23NQ\">Spotify<\/a><\/strong><\/p>\n\n\n\n<p class=\"has-text-align-left wp-block-paragraph\"><strong>Cristian Sima <\/strong>y <strong>\u00c1ngel Gonz\u00e1lvez <\/strong>son dos t\u00e9cnicos de sonido que se conocieron trabajando en un estudio. Ah\u00ed surgi\u00f3 la amistad, y de la amistad surgi\u00f3 <strong>NORIA<\/strong>, un reflejo de sus inquietudes, adaptando cada tema a lo que buscan sin importar el g\u00e9nero. Simplemente hacen lo que les da la gana y se divierten mucho haci\u00e9ndolo.<\/p>\n\n\n\n<p class=\"has-text-align-right wp-block-paragraph\"><em><a href=\"https:\/\/open.spotify.com\/intl-es\/artist\/2jRzCcCbqKWbX1vngEIYiV?si=0JPpuR0JTim2-jE_dmm17w\">Escucha a <\/a><\/em><strong><a href=\"https:\/\/open.spotify.com\/intl-es\/artist\/2jRzCcCbqKWbX1vngEIYiV?si=0JPpuR0JTim2-jE_dmm17w\">NORIA <\/a><\/strong><em><a href=\"https:\/\/open.spotify.com\/intl-es\/artist\/2jRzCcCbqKWbX1vngEIYiV?si=0JPpuR0JTim2-jE_dmm17w\">en <\/a><\/em><strong><a href=\"https:\/\/open.spotify.com\/intl-es\/artist\/2jRzCcCbqKWbX1vngEIYiV?si=0JPpuR0JTim2-jE_dmm17w\">Spotify<\/a><\/strong><\/p>\n\n\n\n<p class=\"has-text-align-left wp-block-paragraph\"><strong>9KIZZY <\/strong>es un grupo madrile\u00f1o de dos chicas que exploran una gran diversidad de g\u00e9neros en sus canciones, aunque siempre llev\u00e1ndolo al urbano. La variedad en sus sonidos y letras hacen de este proyecto algo original y memorable.<\/p>\n\n\n\n<p class=\"has-text-align-right wp-block-paragraph\"><em><a href=\"https:\/\/open.spotify.com\/intl-es\/artist\/6YTc0FEuCm5be5QPT5YwWj?si=uiKReYL-SyGzcy37l76AVg\">Escucha a <\/a><\/em><strong><a href=\"https:\/\/open.spotify.com\/intl-es\/artist\/6YTc0FEuCm5be5QPT5YwWj?si=uiKReYL-SyGzcy37l76AVg\">9KIZZY <\/a><\/strong><em><a href=\"https:\/\/open.spotify.com\/intl-es\/artist\/6YTc0FEuCm5be5QPT5YwWj?si=uiKReYL-SyGzcy37l76AVg\">en <\/a><\/em><strong><a href=\"https:\/\/open.spotify.com\/intl-es\/artist\/6YTc0FEuCm5be5QPT5YwWj?si=uiKReYL-SyGzcy37l76AVg\">Spotify<\/a><\/strong><\/p>\n<\/div>\n<\/div>\n\n\n\n<div style=\"height:100px\" aria-hidden=\"true\" class=\"wp-block-spacer\"><\/div>\n\n\n\n<hr class=\"wp-block-separator has-alpha-channel-opacity\"\/>\n\n\n\n<div style=\"height:100px\" aria-hidden=\"true\" class=\"wp-block-spacer\"><\/div>\n\n\n<h2 class=\"tribe-block__related-events__title\">Related Events<\/h2>\n\n<ul  class=\"tribe-related-events tribe-clearfix\" >\n\t\t\t<li>\n\t\n<div class=\"tribe-related-events-thumbnail\">\n\t<a href=\"https:\/\/cafelapalma.com\/en\/programacion\/funkin-donuts\/\" class=\"url\" rel=\"bookmark\" tabindex=\"-1\" aria-hidden=\"true\"><img loading=\"lazy\" decoding=\"async\" width=\"693\" height=\"1040\" src=\"https:\/\/cafelapalma.com\/wp-content\/uploads\/2026\/07\/FD-vert2-bn-693x1040.jpg\" class=\"attachment-large size-large wp-post-image\" alt=\"\" \/><\/a>\n<\/div>\n\t<div class=\"tribe-related-event-info\">\n\t<h3 class=\"tribe-related-events-title\">\n\t\t<a href=\"https:\/\/cafelapalma.com\/en\/programacion\/funkin-donuts\/\" class=\"tribe-event-url\" rel=\"bookmark\">\n\t\t\tFUNKIN&#8217; DONUTS\t\t<\/a>\n\t<\/h3>\n\t<span class=\"tribe-event-date-start\">5  September@22:00<\/span><span class=\"tribe-event-time\">23:45<\/span><\/div>\n<\/li>\n\t\t\t<li>\n\t\n<div class=\"tribe-related-events-thumbnail\">\n\t<a href=\"https:\/\/cafelapalma.com\/en\/programacion\/backstage-le-petit-truffle-mayo\/\" class=\"url\" rel=\"bookmark\" tabindex=\"-1\" aria-hidden=\"true\"><img loading=\"lazy\" decoding=\"async\" width=\"780\" height=\"1040\" src=\"https:\/\/cafelapalma.com\/wp-content\/uploads\/2026\/07\/Imagen-TruffleMayo-LePetit-i-1-780x1040.png\" class=\"attachment-large size-large wp-post-image\" alt=\"\" \/><\/a>\n<\/div>\n\t<div class=\"tribe-related-event-info\">\n\t<h3 class=\"tribe-related-events-title\">\n\t\t<a href=\"https:\/\/cafelapalma.com\/en\/programacion\/backstage-le-petit-truffle-mayo\/\" class=\"tribe-event-url\" rel=\"bookmark\">\n\t\t\tBACKSTAGE: LE PETIT + TRUFFLE MAYO\t\t<\/a>\n\t<\/h3>\n\t<span class=\"tribe-event-date-start\">5  September@23:55<\/span><\/div>\n<\/li>\n\t\t\t<li>\n\t\n<div class=\"tribe-related-events-thumbnail\">\n\t<a href=\"https:\/\/cafelapalma.com\/en\/programacion\/willie-deville-concierto-benefico-x-venezuela\/\" class=\"url\" rel=\"bookmark\" tabindex=\"-1\" aria-hidden=\"true\"><img loading=\"lazy\" decoding=\"async\" width=\"1020\" height=\"531\" src=\"https:\/\/cafelapalma.com\/wp-content\/uploads\/2026\/08\/Willie-deville-1100x572-1-1040x541.jpg\" class=\"attachment-large size-large wp-post-image\" alt=\"\" \/><\/a>\n<\/div>\n\t<div class=\"tribe-related-event-info\">\n\t<h3 class=\"tribe-related-events-title\">\n\t\t<a href=\"https:\/\/cafelapalma.com\/en\/programacion\/willie-deville-concierto-benefico-x-venezuela\/\" class=\"tribe-event-url\" rel=\"bookmark\">\n\t\t\tWILLIE DEVILLE: CONCIERTO BEN\u00c9FICO X VENEZUELA\t\t<\/a>\n\t<\/h3>\n\t<span class=\"tribe-event-date-start\">6  September@21:00<\/span><span class=\"tribe-event-time\">23:45<\/span><\/div>\n<\/li>\n\t<\/ul>\n","protected":false},"excerpt":{"rendered":"<p>Tras el \u00e9xito de una primera edici\u00f3n en diciembre de 2024, LA NUEVA MOVIDA regresa con una segunda edici\u00f3n de vuelta al cole, esta vez con: Nacido en Almer\u00eda y residente en Vallekas, JUANMIALM es un artista apasionado por la escritura y el canto. Su talento lo ha llevado a destacar en el panorama joven &hellip; <\/p>","protected":false},"author":2,"featured_media":31445,"template":"","meta":{"_tec_requires_first_save":false,"_uag_custom_page_level_css":"","loftloader_page_shortcode":"","_EventAllDay":false,"_EventTimezone":"Europe\/Madrid","_EventStartDate":"2025-09-14 20:30:00","_EventEndDate":"2025-09-14 23:00:00","_EventStartDateUTC":"2025-09-14 18:30:00","_EventEndDateUTC":"2025-09-14 21:00:00","_EventShowMap":false,"_EventShowMapLink":false,"_EventURL":"https:\/\/www.passline.com\/eventos\/la-nueva-movida-2","_EventCost":"10","_EventCostDescription":"","_EventCurrencySymbol":"\u20ac","_EventCurrencyCode":"USD","_EventCurrencyPosition":"suffix","_EventDateTimeSeparator":"@","_EventTimeRangeSeparator":"-","_EventOrganizerID":[],"_EventVenueID":[],"_OrganizerEmail":"","_OrganizerPhone":"","_OrganizerWebsite":"","_VenueAddress":"","_VenueCity":"","_VenueCountry":"","_VenueProvince":"","_VenueState":"","_VenueZip":"","_VenuePhone":"","_VenueURL":"","_VenueStateProvince":"","_VenueLat":"","_VenueLng":"","_VenueShowMap":false,"_VenueShowMapLink":false,"_tribe_blocks_recurrence_rules":"","_tribe_blocks_recurrence_description":"","_tribe_blocks_recurrence_exclusions":"","_ecp_custom_2":"","_tribe_events_status":"","_tribe_events_status_reason":"","_tribe_events_is_hybrid":"","_tribe_events_is_virtual":"","_tribe_events_virtual_video_source":"","_tribe_events_virtual_embed_video":"","_tribe_events_virtual_linked_button_text":"","_tribe_events_virtual_linked_button":"","_tribe_events_virtual_show_embed_at":"","_tribe_events_virtual_show_embed_to":[],"_tribe_events_virtual_show_on_event":"","_tribe_events_virtual_show_on_views":"","_tribe_events_virtual_url":"","footnotes":""},"tags":[17653,17652,1363,8869,2865,9147,9146,17654,16010,17656],"tribe_events_cat":[8963],"class_list":["post-31442","tribe_events","type-tribe_events","status-publish","has-post-thumbnail","hentry","tag-9kizzy","tag-abel-regueiro","tag-cafe-la-palma","tag-cafe-la-palma-2","tag-conciertos-cafe-la-palma","tag-conciertos-madrid","tag-conciertos-malasana","tag-juanmialm","tag-la-nueva-movida","tag-noria","tribe_events_cat-concierto","cat_concierto"],"uagb_featured_image_src":{"full":["https:\/\/cafelapalma.com\/wp-content\/uploads\/2025\/06\/LOGO_LA_NUEVA_MOVIDA-WEB-scaled.jpg",3000,3000,false],"thumbnail":["https:\/\/cafelapalma.com\/wp-content\/uploads\/2025\/06\/LOGO_LA_NUEVA_MOVIDA-WEB-150x150.jpg",150,150,true],"medium":["https:\/\/cafelapalma.com\/wp-content\/uploads\/2025\/06\/LOGO_LA_NUEVA_MOVIDA-WEB-300x300.jpg",300,300,true],"medium_large":["https:\/\/cafelapalma.com\/wp-content\/uploads\/2025\/06\/LOGO_LA_NUEVA_MOVIDA-WEB-768x768.jpg",768,768,true],"large":["https:\/\/cafelapalma.com\/wp-content\/uploads\/2025\/06\/LOGO_LA_NUEVA_MOVIDA-WEB-1040x1040.jpg",1020,1020,true],"1536x1536":["https:\/\/cafelapalma.com\/wp-content\/uploads\/2025\/06\/LOGO_LA_NUEVA_MOVIDA-WEB-1536x1536.jpg",1536,1536,true],"2048x2048":["https:\/\/cafelapalma.com\/wp-content\/uploads\/2025\/06\/LOGO_LA_NUEVA_MOVIDA-WEB-2048x2048.jpg",2048,2048,true],"trp-custom-language-flag":["https:\/\/cafelapalma.com\/wp-content\/uploads\/2025\/06\/LOGO_LA_NUEVA_MOVIDA-WEB-12x12.jpg",12,12,true],"blossom-feminine-slider":["https:\/\/cafelapalma.com\/wp-content\/uploads\/2025\/06\/LOGO_LA_NUEVA_MOVIDA-WEB-1920x649.jpg",1920,649,true],"blossom-feminine-featured":["https:\/\/cafelapalma.com\/wp-content\/uploads\/2025\/06\/LOGO_LA_NUEVA_MOVIDA-WEB-1410x600.jpg",1410,600,true],"blossom-feminine-with-sidebar":["https:\/\/cafelapalma.com\/wp-content\/uploads\/2025\/06\/LOGO_LA_NUEVA_MOVIDA-WEB-1020x600.jpg",1020,600,true],"blossom-feminine-blog":["https:\/\/cafelapalma.com\/wp-content\/uploads\/2025\/06\/LOGO_LA_NUEVA_MOVIDA-WEB-435x435.jpg",435,435,true],"blossom-feminine-cat":["https:\/\/cafelapalma.com\/wp-content\/uploads\/2025\/06\/LOGO_LA_NUEVA_MOVIDA-WEB-450x300.jpg",450,300,true],"blossom-feminine-related":["https:\/\/cafelapalma.com\/wp-content\/uploads\/2025\/06\/LOGO_LA_NUEVA_MOVIDA-WEB-320x200.jpg",320,200,true],"blossom-feminine-schema":["https:\/\/cafelapalma.com\/wp-content\/uploads\/2025\/06\/LOGO_LA_NUEVA_MOVIDA-WEB-60x60.jpg",60,60,true]},"uagb_author_info":{"display_name":"Victor","author_link":"https:\/\/cafelapalma.com\/en\/author\/comunicacion\/"},"uagb_comment_info":0,"uagb_excerpt":"Tras el \u00e9xito de una primera edici\u00f3n en diciembre de 2024, LA NUEVA MOVIDA regresa con una segunda edici\u00f3n de vuelta al cole, esta vez con: Nacido en Almer\u00eda y residente en Vallekas, JUANMIALM es un artista apasionado por la escritura y el canto. Su talento lo ha llevado a destacar en el panorama joven&hellip;","_links":{"self":[{"href":"https:\/\/cafelapalma.com\/en\/wp-json\/wp\/v2\/tribe_events\/31442","targetHints":{"allow":["GET"]}}],"collection":[{"href":"https:\/\/cafelapalma.com\/en\/wp-json\/wp\/v2\/tribe_events"}],"about":[{"href":"https:\/\/cafelapalma.com\/en\/wp-json\/wp\/v2\/types\/tribe_events"}],"author":[{"embeddable":true,"href":"https:\/\/cafelapalma.com\/en\/wp-json\/wp\/v2\/users\/2"}],"version-history":[{"count":0,"href":"https:\/\/cafelapalma.com\/en\/wp-json\/wp\/v2\/tribe_events\/31442\/revisions"}],"wp:featuredmedia":[{"embeddable":true,"href":"https:\/\/cafelapalma.com\/en\/wp-json\/wp\/v2\/media\/31445"}],"wp:attachment":[{"href":"https:\/\/cafelapalma.com\/en\/wp-json\/wp\/v2\/media?parent=31442"}],"wp:term":[{"taxonomy":"post_tag","embeddable":true,"href":"https:\/\/cafelapalma.com\/en\/wp-json\/wp\/v2\/tags?post=31442"},{"taxonomy":"tribe_events_cat","embeddable":true,"href":"https:\/\/cafelapalma.com\/en\/wp-json\/wp\/v2\/tribe_events_cat?post=31442"}],"curies":[{"name":"wp","href":"https:\/\/api.w.org\/{rel}","templated":true}]}}