{"id":31487,"date":"2025-06-25T18:08:35","date_gmt":"2025-06-25T16:08:35","guid":{"rendered":"https:\/\/cafelapalma.com\/?post_type=tribe_events&#038;p=31487"},"modified":"2025-06-25T18:08:47","modified_gmt":"2025-06-25T16:08:47","slug":"destellos","status":"publish","type":"tribe_events","link":"https:\/\/cafelapalma.com\/en\/programacion\/destellos\/","title":{"rendered":"destellos*"},"content":{"rendered":"<div  class=\"tribe-events-schedule tribe-clearfix\" >\n\t<p class=\"tribe-events-schedule__datetime\">\n\t\t<span class=\"tribe-events-schedule__date tribe-events-schedule__date--start\">\n\t\t\t18  September  2025\t\t<\/span>\n\n\t\t\t\t\t<span class=\"tribe-events-schedule__separator tribe-events-schedule__separator--date\">\n\t\t\t\t@\t\t\t<\/span>\n\t\t\t<span class=\"tribe-events-schedule__time tribe-events-schedule__time--start\">\n\t\t\t\t22:00\t\t\t<\/span>\n\t\t\n\t\t\t\t\t\t\t\t\t<span class=\"tribe-events-schedule__separator tribe-events-schedule__separator--time\">\n\t\t\t\t\t&#8211;\t\t\t\t<\/span>\n\t\t\t\n\t\t\t\t\t\t\t<span class=\"tribe-events-schedule__time tribe-events-schedule__time--end\">\n\t\t\t\t\t23:45\t\t\t\t<\/span>\n\t\t\t\n\t\t\t\t\t\t<\/p>\n<\/div>\n\n\n<div  class=\"tribe-block tribe-block__event-price\" >\n\t\t\t<span class=\"tribe-block__event-price__cost\"> 10\u20ac <\/span>\n\t\t\t\t<span class=\"tribe-block__event-price__description\">+ gg Anticipada | 14\u20ac Taquilla<\/span>\n\t<\/div>\n\n\n\n<div style=\"height:100px\" aria-hidden=\"true\" class=\"wp-block-spacer\"><\/div>\n\n\n\n<div class=\"wp-block-columns is-layout-flex wp-container-core-columns-is-layout-8f761849 wp-block-columns-is-layout-flex\">\n<div class=\"wp-block-column is-layout-flow wp-block-column-is-layout-flow\" style=\"flex-basis:33.33%\">\n<figure class=\"wp-block-image size-full\"><img loading=\"lazy\" decoding=\"async\" width=\"297\" height=\"420\" src=\"https:\/\/cafelapalma.com\/wp-content\/uploads\/2025\/06\/destellos-A3.png\" alt=\"\" class=\"wp-image-31488\" srcset=\"https:\/\/cafelapalma.com\/wp-content\/uploads\/2025\/06\/destellos-A3.png 297w, https:\/\/cafelapalma.com\/wp-content\/uploads\/2025\/06\/destellos-A3-212x300.png 212w, https:\/\/cafelapalma.com\/wp-content\/uploads\/2025\/06\/destellos-A3-8x12.png 8w, https:\/\/cafelapalma.com\/wp-content\/uploads\/2025\/06\/destellos-A3-42x60.png 42w\" sizes=\"auto, (max-width: 297px) 100vw, 297px\" \/><\/figure>\n\n\n<div  class=\"tribe-block tribe-block__event-website\" >\n\t<a\n\t\thref=\"https:\/\/www.passline.com\/eventos\/destellos-x\"\n\t\ttarget=\"_self\"\n\t\t\t>\n\t\tBUY TICKETS\t<\/a>\n<\/div>\n<\/div>\n\n\n\n<div class=\"wp-block-column is-layout-flow wp-block-column-is-layout-flow\" style=\"flex-basis:66.66%\">\n<div style=\"height:100px\" aria-hidden=\"true\" class=\"wp-block-spacer\"><\/div>\n\n\n\n<p class=\"has-text-align-left wp-block-paragraph\"><strong>destellos*<\/strong> es un grupo de m\u00fasica nacido en <strong>Madrid <\/strong>en alg\u00fan punto no muy concreto de 2022 conformado por <strong>Celia <\/strong>al bajo, <strong>Pedro <\/strong>y <strong>Francho <\/strong>a las guitarras, <strong>Jes\u00fas <\/strong>a las bater\u00edas y <strong>Almu <\/strong>a la voz. M\u00fasica nacida de la frustraci\u00f3n y el estr\u00e9s de una generaci\u00f3n sobre- estimulada; dudas y planteamientos que se generan en las etapas de madurez y acercamiento a la vida adulta.<\/p>\n\n\n\n<p class=\"has-text-align-left wp-block-paragraph\">Con un punto inocente y so\u00f1ador, <strong>destellos* <\/strong>no deja de gritar y quejarse ante situaciones l\u00edmite de la vida. Sus referencias son el emo y alt rock de los \u201890 y se inspiran en bandas actuales como <strong>Momma <\/strong>o <strong>feeble little horse<\/strong>. Con solo un par de referencias fuera <strong>destellos*<\/strong> ha conseguido una exitosa acogida org\u00e1nica, momento que les ha animado a lanzarse a grabar un \u00e1lbum para finales de este a\u00f1o.\u00a0<\/p>\n\n\n\n<p class=\"has-text-align-right wp-block-paragraph\"><em>Listen to <\/em><strong>destellos*<\/strong><em> in <\/em><strong>Spotify<\/strong><\/p>\n<\/div>\n<\/div>\n\n\n\n<div style=\"height:100px\" aria-hidden=\"true\" class=\"wp-block-spacer\"><\/div>\n\n\n\n<hr class=\"wp-block-separator has-alpha-channel-opacity\"\/>\n\n\n\n<div style=\"height:100px\" aria-hidden=\"true\" class=\"wp-block-spacer\"><\/div>\n\n\n<h2 class=\"tribe-block__related-events__title\">Related Events<\/h2>\n\n<ul  class=\"tribe-related-events tribe-clearfix\" >\n\t\t\t<li>\n\t\n<div class=\"tribe-related-events-thumbnail\">\n\t<a href=\"https:\/\/cafelapalma.com\/en\/programacion\/funkin-donuts\/\" class=\"url\" rel=\"bookmark\" tabindex=\"-1\" aria-hidden=\"true\"><img loading=\"lazy\" decoding=\"async\" width=\"693\" height=\"1040\" src=\"https:\/\/cafelapalma.com\/wp-content\/uploads\/2026\/07\/FD-vert2-bn-693x1040.jpg\" class=\"attachment-large size-large wp-post-image\" alt=\"\" \/><\/a>\n<\/div>\n\t<div class=\"tribe-related-event-info\">\n\t<h3 class=\"tribe-related-events-title\">\n\t\t<a href=\"https:\/\/cafelapalma.com\/en\/programacion\/funkin-donuts\/\" class=\"tribe-event-url\" rel=\"bookmark\">\n\t\t\tFUNKIN&#8217; DONUTS\t\t<\/a>\n\t<\/h3>\n\t<span class=\"tribe-event-date-start\">5  September@22:00<\/span><span class=\"tribe-event-time\">23:45<\/span><\/div>\n<\/li>\n\t\t\t<li>\n\t\n<div class=\"tribe-related-events-thumbnail\">\n\t<a href=\"https:\/\/cafelapalma.com\/en\/programacion\/backstage-le-petit-truffle-mayo\/\" class=\"url\" rel=\"bookmark\" tabindex=\"-1\" aria-hidden=\"true\"><img loading=\"lazy\" decoding=\"async\" width=\"780\" height=\"1040\" src=\"https:\/\/cafelapalma.com\/wp-content\/uploads\/2026\/07\/Imagen-TruffleMayo-LePetit-i-1-780x1040.png\" class=\"attachment-large size-large wp-post-image\" alt=\"\" \/><\/a>\n<\/div>\n\t<div class=\"tribe-related-event-info\">\n\t<h3 class=\"tribe-related-events-title\">\n\t\t<a href=\"https:\/\/cafelapalma.com\/en\/programacion\/backstage-le-petit-truffle-mayo\/\" class=\"tribe-event-url\" rel=\"bookmark\">\n\t\t\tBACKSTAGE: LE PETIT + TRUFFLE MAYO\t\t<\/a>\n\t<\/h3>\n\t<span class=\"tribe-event-date-start\">5  September@23:55<\/span><\/div>\n<\/li>\n\t\t\t<li>\n\t\n<div class=\"tribe-related-events-thumbnail\">\n\t<a href=\"https:\/\/cafelapalma.com\/en\/programacion\/willie-deville-concierto-benefico-x-venezuela\/\" class=\"url\" rel=\"bookmark\" tabindex=\"-1\" aria-hidden=\"true\"><img loading=\"lazy\" decoding=\"async\" width=\"1020\" height=\"531\" src=\"https:\/\/cafelapalma.com\/wp-content\/uploads\/2026\/08\/Willie-deville-1100x572-1-1040x541.jpg\" class=\"attachment-large size-large wp-post-image\" alt=\"\" \/><\/a>\n<\/div>\n\t<div class=\"tribe-related-event-info\">\n\t<h3 class=\"tribe-related-events-title\">\n\t\t<a href=\"https:\/\/cafelapalma.com\/en\/programacion\/willie-deville-concierto-benefico-x-venezuela\/\" class=\"tribe-event-url\" rel=\"bookmark\">\n\t\t\tWILLIE DEVILLE: CONCIERTO BEN\u00c9FICO X VENEZUELA\t\t<\/a>\n\t<\/h3>\n\t<span class=\"tribe-event-date-start\">6  September@21:00<\/span><span class=\"tribe-event-time\">23:45<\/span><\/div>\n<\/li>\n\t<\/ul>","protected":false},"excerpt":{"rendered":"<p>destellos* es un grupo de m\u00fasica nacido en Madrid en alg\u00fan punto no muy concreto de 2022 conformado por Celia al bajo, Pedro y Francho a las guitarras, Jes\u00fas a las bater\u00edas y Almu a la voz. M\u00fasica nacida de la frustraci\u00f3n y el estr\u00e9s de una generaci\u00f3n sobre- estimulada; dudas y planteamientos que se &hellip; <\/p>","protected":false},"author":2,"featured_media":31489,"template":"","meta":{"_tec_requires_first_save":false,"_uag_custom_page_level_css":"","loftloader_page_shortcode":"","_EventAllDay":false,"_EventTimezone":"Europe\/Madrid","_EventStartDate":"2025-09-18 22:00:00","_EventEndDate":"2025-09-18 23:45:00","_EventStartDateUTC":"2025-09-18 20:00:00","_EventEndDateUTC":"2025-09-18 21:45:00","_EventShowMap":false,"_EventShowMapLink":false,"_EventURL":"https:\/\/www.passline.com\/eventos\/destellos-x","_EventCost":"10","_EventCostDescription":"","_EventCurrencySymbol":"\u20ac","_EventCurrencyCode":"USD","_EventCurrencyPosition":"suffix","_EventDateTimeSeparator":"@","_EventTimeRangeSeparator":"-","_EventOrganizerID":[],"_EventVenueID":[],"_OrganizerEmail":"","_OrganizerPhone":"","_OrganizerWebsite":"","_VenueAddress":"","_VenueCity":"","_VenueCountry":"","_VenueProvince":"","_VenueState":"","_VenueZip":"","_VenuePhone":"","_VenueURL":"","_VenueStateProvince":"","_VenueLat":"","_VenueLng":"","_VenueShowMap":false,"_VenueShowMapLink":false,"_tribe_blocks_recurrence_rules":"","_tribe_blocks_recurrence_description":"","_tribe_blocks_recurrence_exclusions":"","_ecp_custom_2":"","_tribe_events_status":"","_tribe_events_status_reason":"","_tribe_events_is_hybrid":"","_tribe_events_is_virtual":"","_tribe_events_virtual_video_source":"","_tribe_events_virtual_embed_video":"","_tribe_events_virtual_linked_button_text":"","_tribe_events_virtual_linked_button":"","_tribe_events_virtual_show_embed_at":"","_tribe_events_virtual_show_embed_to":[],"_tribe_events_virtual_show_on_event":"","_tribe_events_virtual_show_on_views":"","_tribe_events_virtual_url":"","footnotes":""},"tags":[15433,1363,8869,11665,2865,9147,9146,15431,17684,8970,17687,1355,17686],"tribe_events_cat":[8963],"class_list":["post-31487","tribe_events","type-tribe_events","status-publish","has-post-thumbnail","hentry","tag-a-corto-plazo","tag-cafe-la-palma","tag-cafe-la-palma-2","tag-calima-comunicacion","tag-conciertos-cafe-la-palma","tag-conciertos-madrid","tag-conciertos-malasana","tag-destellos","tag-eng-bunker","tag-indie","tag-javi-calima","tag-pop","tag-si-huias-o-dormias","tribe_events_cat-concierto","cat_concierto"],"uagb_featured_image_src":{"full":["https:\/\/cafelapalma.com\/wp-content\/uploads\/2025\/06\/destellos_.jpg",1101,826,false],"thumbnail":["https:\/\/cafelapalma.com\/wp-content\/uploads\/2025\/06\/destellos_-150x150.jpg",150,150,true],"medium":["https:\/\/cafelapalma.com\/wp-content\/uploads\/2025\/06\/destellos_-300x225.jpg",300,225,true],"medium_large":["https:\/\/cafelapalma.com\/wp-content\/uploads\/2025\/06\/destellos_-768x576.jpg",768,576,true],"large":["https:\/\/cafelapalma.com\/wp-content\/uploads\/2025\/06\/destellos_-1040x780.jpg",1020,765,true],"1536x1536":["https:\/\/cafelapalma.com\/wp-content\/uploads\/2025\/06\/destellos_.jpg",1101,826,false],"2048x2048":["https:\/\/cafelapalma.com\/wp-content\/uploads\/2025\/06\/destellos_.jpg",1101,826,false],"trp-custom-language-flag":["https:\/\/cafelapalma.com\/wp-content\/uploads\/2025\/06\/destellos_-16x12.jpg",16,12,true],"blossom-feminine-slider":["https:\/\/cafelapalma.com\/wp-content\/uploads\/2025\/06\/destellos_-1101x649.jpg",1101,649,true],"blossom-feminine-featured":["https:\/\/cafelapalma.com\/wp-content\/uploads\/2025\/06\/destellos_-1101x600.jpg",1101,600,true],"blossom-feminine-with-sidebar":["https:\/\/cafelapalma.com\/wp-content\/uploads\/2025\/06\/destellos_-1020x600.jpg",1020,600,true],"blossom-feminine-blog":["https:\/\/cafelapalma.com\/wp-content\/uploads\/2025\/06\/destellos_-435x435.jpg",435,435,true],"blossom-feminine-cat":["https:\/\/cafelapalma.com\/wp-content\/uploads\/2025\/06\/destellos_-450x300.jpg",450,300,true],"blossom-feminine-related":["https:\/\/cafelapalma.com\/wp-content\/uploads\/2025\/06\/destellos_-320x200.jpg",320,200,true],"blossom-feminine-schema":["https:\/\/cafelapalma.com\/wp-content\/uploads\/2025\/06\/destellos_-80x60.jpg",80,60,true]},"uagb_author_info":{"display_name":"Victor","author_link":"https:\/\/cafelapalma.com\/en\/author\/comunicacion\/"},"uagb_comment_info":0,"uagb_excerpt":"destellos* es un grupo de m\u00fasica nacido en Madrid en alg\u00fan punto no muy concreto de 2022 conformado por Celia al bajo, Pedro y Francho a las guitarras, Jes\u00fas a las bater\u00edas y Almu a la voz. M\u00fasica nacida de la frustraci\u00f3n y el estr\u00e9s de una generaci\u00f3n sobre- estimulada; dudas y planteamientos que se&hellip;","_links":{"self":[{"href":"https:\/\/cafelapalma.com\/en\/wp-json\/wp\/v2\/tribe_events\/31487","targetHints":{"allow":["GET"]}}],"collection":[{"href":"https:\/\/cafelapalma.com\/en\/wp-json\/wp\/v2\/tribe_events"}],"about":[{"href":"https:\/\/cafelapalma.com\/en\/wp-json\/wp\/v2\/types\/tribe_events"}],"author":[{"embeddable":true,"href":"https:\/\/cafelapalma.com\/en\/wp-json\/wp\/v2\/users\/2"}],"version-history":[{"count":0,"href":"https:\/\/cafelapalma.com\/en\/wp-json\/wp\/v2\/tribe_events\/31487\/revisions"}],"wp:featuredmedia":[{"embeddable":true,"href":"https:\/\/cafelapalma.com\/en\/wp-json\/wp\/v2\/media\/31489"}],"wp:attachment":[{"href":"https:\/\/cafelapalma.com\/en\/wp-json\/wp\/v2\/media?parent=31487"}],"wp:term":[{"taxonomy":"post_tag","embeddable":true,"href":"https:\/\/cafelapalma.com\/en\/wp-json\/wp\/v2\/tags?post=31487"},{"taxonomy":"tribe_events_cat","embeddable":true,"href":"https:\/\/cafelapalma.com\/en\/wp-json\/wp\/v2\/tribe_events_cat?post=31487"}],"curies":[{"name":"wp","href":"https:\/\/api.w.org\/{rel}","templated":true}]}}