{"id":31508,"date":"2025-06-30T13:38:55","date_gmt":"2025-06-30T11:38:55","guid":{"rendered":"https:\/\/cafelapalma.com\/?post_type=tribe_events&#038;p=31508"},"modified":"2025-06-30T13:47:12","modified_gmt":"2025-06-30T11:47:12","slug":"muestra-t-amar-de-musicas-esther-perez-cuadrado","status":"publish","type":"tribe_events","link":"https:\/\/cafelapalma.com\/en\/programacion\/muestra-t-amar-de-musicas-esther-perez-cuadrado\/","title":{"rendered":"Muestra t 2025: \u00abAMAR DE M\u00daSICAS\u00bb. Esther P\u00e9rez-Cuadrado"},"content":{"rendered":"<div  class=\"tribe-events-schedule tribe-clearfix\" >\n\t<p class=\"tribe-events-schedule__datetime\">\n\t\t<span class=\"tribe-events-schedule__date tribe-events-schedule__date--start\">\n\t\t\t21  July  2025\t\t<\/span>\n\n\t\t\t\t\t<span class=\"tribe-events-schedule__separator tribe-events-schedule__separator--date\">\n\t\t\t\t@\t\t\t<\/span>\n\t\t\t<span class=\"tribe-events-schedule__time tribe-events-schedule__time--start\">\n\t\t\t\t02:00\t\t\t<\/span>\n\t\t\n\t\t\t\t\t\t\t\t\t<span class=\"tribe-events-schedule__separator tribe-events-schedule__separator--time\">\n\t\t\t\t\t&#8211;\t\t\t\t<\/span>\n\t\t\t\n\t\t\t\t\t\t\t<span class=\"tribe-events-schedule__time tribe-events-schedule__time--end\">\n\t\t\t\t\t02:30\t\t\t\t<\/span>\n\t\t\t\n\t\t\t\t\t\t<\/p>\n<\/div>\n\n\n\n<p class=\"wp-block-paragraph\"><em>Hasta el lunes 21 de julio<\/em><\/p>\n\n\n<div  class=\"tribe-block tribe-block__event-price\" >\n\t\t\t<span class=\"tribe-block__event-price__cost\"> ENTRADA LIBRE <\/span>\n\t\t\t\t<span class=\"tribe-block__event-price__description\">La exposici\u00f3n puede visitarse en el horario del local ininterrumpidamente<\/span>\n\t<\/div>\n\n\n\n<div style=\"height:100px\" aria-hidden=\"true\" class=\"wp-block-spacer\"><\/div>\n\n\n\n<div class=\"wp-block-columns is-layout-flex wp-container-core-columns-is-layout-8f761849 wp-block-columns-is-layout-flex\">\n<div class=\"wp-block-column is-layout-flow wp-block-column-is-layout-flow\" style=\"flex-basis:33.33%\">\n<figure class=\"wp-block-image size-large\"><img loading=\"lazy\" decoding=\"async\" width=\"736\" height=\"1040\" src=\"https:\/\/cafelapalma.com\/wp-content\/uploads\/2025\/06\/EXPO-JULIO-CARTEL-LOW-736x1040.jpg\" alt=\"\" class=\"wp-image-31509\" srcset=\"https:\/\/cafelapalma.com\/wp-content\/uploads\/2025\/06\/EXPO-JULIO-CARTEL-LOW-736x1040.jpg 736w, https:\/\/cafelapalma.com\/wp-content\/uploads\/2025\/06\/EXPO-JULIO-CARTEL-LOW-212x300.jpg 212w, https:\/\/cafelapalma.com\/wp-content\/uploads\/2025\/06\/EXPO-JULIO-CARTEL-LOW-768x1086.jpg 768w\" sizes=\"auto, (max-width: 736px) 100vw, 736px\" \/><\/figure>\n<\/div>\n\n\n\n<div class=\"wp-block-column is-layout-flow wp-block-column-is-layout-flow\" style=\"flex-basis:66.66%\">\n<div style=\"height:100px\" aria-hidden=\"true\" class=\"wp-block-spacer\"><\/div>\n\n\n\n<p class=\"has-text-align-left wp-block-paragraph\"><strong>AMAR DE M\u00daSICAS<\/strong> es el homenaje personal de <strong>ESTHER P\u00c9REZ-CUADRADO<\/strong> al <strong>Festival La Mar de M\u00fasicas<\/strong> de <strong>Cartagena<\/strong>.<\/p>\n\n\n\n<p class=\"has-text-align-left wp-block-paragraph\">Un homenaje visual a su fuerza y diversidad a trav\u00e9s de la mirada de algunos de los artistas que han formado parte del festival. Rostros, gestos y emociones de quienes han tra\u00eddo sus sonidos desde todos los rincones del mundo. LA MAR, EL AMOR y LA M\u00daSICA no entienden de fronteras<\/p>\n\n\n\n<p class=\"has-text-align-left wp-block-paragraph\"><strong>ESTHER P\u00c9REZ-CUADRADO<\/strong> (<strong>Cartagena<\/strong>, 1966) es Licenciada en Bellas Artes y lleva treinta a\u00f1os trabajando en el sector del libro educativo.<\/p>\n\n\n\n<p class=\"has-text-align-left wp-block-paragraph\">Ha recibido numerosos premios de escritura e ilustraci\u00f3n. Tambi\u00e9n ha llevado a cabo exposiciones individuales y colectivas y ha dirigido numerosos talleres profesionales de ilustraci\u00f3n.<\/p>\n\n\n\n<p class=\"has-text-align-right wp-block-paragraph\"><em><a href=\"https:\/\/www.instagram.com\/esther_perezcuadrado\/\">Sigue a <\/a><\/em><strong><a href=\"https:\/\/www.instagram.com\/esther_perezcuadrado\/\">ESTHER P\u00c9REZ-CUADRADO<\/a><\/strong><em><a href=\"https:\/\/www.instagram.com\/esther_perezcuadrado\/\"> in <\/a><\/em><strong><a href=\"https:\/\/www.instagram.com\/esther_perezcuadrado\/\">Instagram<\/a><\/strong><\/p>\n\n\n\n<p class=\"has-text-align-center wp-block-paragraph\"><strong><a href=\"https:\/\/muestrat.com\/\">Muestra t<\/a><\/strong><em> es el <\/em><strong>Festival Cultural de Madrid Orgullo <\/strong>(<strong>MADO<\/strong>)<em> cuyo comit\u00e9 organizador est\u00e1 formado por <\/em><strong>AEGAL<\/strong><em>, <\/em><strong>COGAM <\/strong><em>y <\/em><strong>FELGTB<\/strong><em>. Tiene como patrocinador institucional principal al <\/em><strong>Ayuntamiento de Madrid<\/strong><em> y tambi\u00e9n cuenta con el patrocinio institucional de la <\/em><strong>Comunidad de Madrid<\/strong><em>.<\/em><\/p>\n<\/div>\n<\/div>\n\n\n\n<div style=\"height:100px\" aria-hidden=\"true\" class=\"wp-block-spacer\"><\/div>\n\n\n\n<hr class=\"wp-block-separator has-alpha-channel-opacity is-style-wide\"\/>\n\n\n\n<div style=\"height:100px\" aria-hidden=\"true\" class=\"wp-block-spacer\"><\/div>\n\n\n<h2 class=\"tribe-block__related-events__title\">Related Events<\/h2>\n\n<ul  class=\"tribe-related-events tribe-clearfix\" >\n\t\t\t<li>\n\t\n<div class=\"tribe-related-events-thumbnail\">\n\t<a href=\"https:\/\/cafelapalma.com\/en\/programacion\/funkin-donuts\/\" class=\"url\" rel=\"bookmark\" tabindex=\"-1\" aria-hidden=\"true\"><img loading=\"lazy\" decoding=\"async\" width=\"693\" height=\"1040\" src=\"https:\/\/cafelapalma.com\/wp-content\/uploads\/2026\/07\/FD-vert2-bn-693x1040.jpg\" class=\"attachment-large size-large wp-post-image\" alt=\"\" \/><\/a>\n<\/div>\n\t<div class=\"tribe-related-event-info\">\n\t<h3 class=\"tribe-related-events-title\">\n\t\t<a href=\"https:\/\/cafelapalma.com\/en\/programacion\/funkin-donuts\/\" class=\"tribe-event-url\" rel=\"bookmark\">\n\t\t\tFUNKIN&#8217; DONUTS\t\t<\/a>\n\t<\/h3>\n\t<span class=\"tribe-event-date-start\">5  September@22:00<\/span><span class=\"tribe-event-time\">23:45<\/span><\/div>\n<\/li>\n\t\t\t<li>\n\t\n<div class=\"tribe-related-events-thumbnail\">\n\t<a href=\"https:\/\/cafelapalma.com\/en\/programacion\/backstage-le-petit-truffle-mayo\/\" class=\"url\" rel=\"bookmark\" tabindex=\"-1\" aria-hidden=\"true\"><img loading=\"lazy\" decoding=\"async\" width=\"780\" height=\"1040\" src=\"https:\/\/cafelapalma.com\/wp-content\/uploads\/2026\/07\/Imagen-TruffleMayo-LePetit-i-1-780x1040.png\" class=\"attachment-large size-large wp-post-image\" alt=\"\" \/><\/a>\n<\/div>\n\t<div class=\"tribe-related-event-info\">\n\t<h3 class=\"tribe-related-events-title\">\n\t\t<a href=\"https:\/\/cafelapalma.com\/en\/programacion\/backstage-le-petit-truffle-mayo\/\" class=\"tribe-event-url\" rel=\"bookmark\">\n\t\t\tBACKSTAGE: LE PETIT + TRUFFLE MAYO\t\t<\/a>\n\t<\/h3>\n\t<span class=\"tribe-event-date-start\">5  September@23:55<\/span><\/div>\n<\/li>\n\t\t\t<li>\n\t\n<div class=\"tribe-related-events-thumbnail\">\n\t<a href=\"https:\/\/cafelapalma.com\/en\/programacion\/willie-deville-concierto-benefico-x-venezuela\/\" class=\"url\" rel=\"bookmark\" tabindex=\"-1\" aria-hidden=\"true\"><img loading=\"lazy\" decoding=\"async\" width=\"1020\" height=\"531\" src=\"https:\/\/cafelapalma.com\/wp-content\/uploads\/2026\/08\/Willie-deville-1100x572-1-1040x541.jpg\" class=\"attachment-large size-large wp-post-image\" alt=\"\" \/><\/a>\n<\/div>\n\t<div class=\"tribe-related-event-info\">\n\t<h3 class=\"tribe-related-events-title\">\n\t\t<a href=\"https:\/\/cafelapalma.com\/en\/programacion\/willie-deville-concierto-benefico-x-venezuela\/\" class=\"tribe-event-url\" rel=\"bookmark\">\n\t\t\tWILLIE DEVILLE: CONCIERTO BEN\u00c9FICO X VENEZUELA\t\t<\/a>\n\t<\/h3>\n\t<span class=\"tribe-event-date-start\">6  September@21:00<\/span><span class=\"tribe-event-time\">23:45<\/span><\/div>\n<\/li>\n\t<\/ul>","protected":false},"excerpt":{"rendered":"<p>Hasta el lunes 21 de julio AMAR DE M\u00daSICAS es el homenaje personal de ESTHER P\u00c9REZ-CUADRADO al Festival La Mar de M\u00fasicas de Cartagena. Un homenaje visual a su fuerza y diversidad a trav\u00e9s de la mirada de algunos de los artistas que han formado parte del festival. Rostros, gestos y emociones de quienes han &hellip; <\/p>","protected":false},"author":2,"featured_media":31510,"template":"","meta":{"_tec_requires_first_save":false,"_uag_custom_page_level_css":"","loftloader_page_shortcode":"","_EventAllDay":false,"_EventTimezone":"Europe\/Madrid","_EventStartDate":"2025-07-21 02:00:00","_EventEndDate":"2025-07-21 02:30:00","_EventStartDateUTC":"2025-07-21 00:00:00","_EventEndDateUTC":"2025-07-21 00:30:00","_EventShowMap":false,"_EventShowMapLink":false,"_EventURL":"","_EventCost":"ENTRADA LIBRE","_EventCostDescription":"","_EventCurrencySymbol":"\u20ac","_EventCurrencyCode":"","_EventCurrencyPosition":"suffix","_EventDateTimeSeparator":"@","_EventTimeRangeSeparator":"-","_EventOrganizerID":[],"_EventVenueID":[0],"_OrganizerEmail":"","_OrganizerPhone":"","_OrganizerWebsite":"","_VenueAddress":"","_VenueCity":"","_VenueCountry":"","_VenueProvince":"","_VenueState":"","_VenueZip":"","_VenuePhone":"","_VenueURL":"","_VenueStateProvince":"","_VenueLat":"","_VenueLng":"","_VenueShowMap":false,"_VenueShowMapLink":false,"_tribe_blocks_recurrence_rules":"","_tribe_blocks_recurrence_description":"","_tribe_blocks_recurrence_exclusions":"","_ecp_custom_2":"","_tribe_events_status":"","_tribe_events_status_reason":"","_tribe_events_is_hybrid":"","_tribe_events_is_virtual":"","_tribe_events_virtual_video_source":"","_tribe_events_virtual_embed_video":"","_tribe_events_virtual_linked_button_text":"","_tribe_events_virtual_linked_button":"","_tribe_events_virtual_show_embed_at":"","_tribe_events_virtual_show_embed_to":[],"_tribe_events_virtual_show_on_event":"","_tribe_events_virtual_show_on_views":"","_tribe_events_virtual_url":"","footnotes":""},"tags":[13826,17699,9834,1363,17702,13827,11843,9398,17700,11900,11899,11901,13828,17701,13532,13820,17622],"tribe_events_cat":[16536,8965],"class_list":["post-31508","tribe_events","type-tribe_events","status-publish","has-post-thumbnail","hentry","tag-aegal","tag-amar-de-musicas","tag-ayuntamiento-de-madrid","tag-cafe-la-palma","tag-cartagena","tag-cogam","tag-collage","tag-comunidad-de-madrid","tag-esther-perez-cuadrado","tag-expos","tag-exposiciones-cafe-la-palma","tag-fast-expos","tag-felgtb","tag-festival-la-mar-de-musicas","tag-galerias-de-arte-malasana","tag-muestra-t","tag-natacha-nazer","tribe_events_cat-carrusel","tribe_events_cat-exposicion","cat_carrusel","cat_exposicion"],"uagb_featured_image_src":{"full":["https:\/\/cafelapalma.com\/wp-content\/uploads\/2025\/06\/EA_LEI.jpg",1080,1350,false],"thumbnail":["https:\/\/cafelapalma.com\/wp-content\/uploads\/2025\/06\/EA_LEI-150x150.jpg",150,150,true],"medium":["https:\/\/cafelapalma.com\/wp-content\/uploads\/2025\/06\/EA_LEI-240x300.jpg",240,300,true],"medium_large":["https:\/\/cafelapalma.com\/wp-content\/uploads\/2025\/06\/EA_LEI-768x960.jpg",768,960,true],"large":["https:\/\/cafelapalma.com\/wp-content\/uploads\/2025\/06\/EA_LEI-832x1040.jpg",832,1040,true],"1536x1536":["https:\/\/cafelapalma.com\/wp-content\/uploads\/2025\/06\/EA_LEI.jpg",1080,1350,false],"2048x2048":["https:\/\/cafelapalma.com\/wp-content\/uploads\/2025\/06\/EA_LEI.jpg",1080,1350,false],"trp-custom-language-flag":["https:\/\/cafelapalma.com\/wp-content\/uploads\/2025\/06\/EA_LEI-10x12.jpg",10,12,true],"blossom-feminine-slider":["https:\/\/cafelapalma.com\/wp-content\/uploads\/2025\/06\/EA_LEI-1080x649.jpg",1080,649,true],"blossom-feminine-featured":["https:\/\/cafelapalma.com\/wp-content\/uploads\/2025\/06\/EA_LEI-1080x600.jpg",1080,600,true],"blossom-feminine-with-sidebar":["https:\/\/cafelapalma.com\/wp-content\/uploads\/2025\/06\/EA_LEI-1020x600.jpg",1020,600,true],"blossom-feminine-blog":["https:\/\/cafelapalma.com\/wp-content\/uploads\/2025\/06\/EA_LEI-435x435.jpg",435,435,true],"blossom-feminine-cat":["https:\/\/cafelapalma.com\/wp-content\/uploads\/2025\/06\/EA_LEI-450x300.jpg",450,300,true],"blossom-feminine-related":["https:\/\/cafelapalma.com\/wp-content\/uploads\/2025\/06\/EA_LEI-320x200.jpg",320,200,true],"blossom-feminine-schema":["https:\/\/cafelapalma.com\/wp-content\/uploads\/2025\/06\/EA_LEI-48x60.jpg",48,60,true]},"uagb_author_info":{"display_name":"Victor","author_link":"https:\/\/cafelapalma.com\/en\/author\/comunicacion\/"},"uagb_comment_info":0,"uagb_excerpt":"Hasta el lunes 21 de julio AMAR DE M\u00daSICAS es el homenaje personal de ESTHER P\u00c9REZ-CUADRADO al Festival La Mar de M\u00fasicas de Cartagena. Un homenaje visual a su fuerza y diversidad a trav\u00e9s de la mirada de algunos de los artistas que han formado parte del festival. Rostros, gestos y emociones de quienes han&hellip;","_links":{"self":[{"href":"https:\/\/cafelapalma.com\/en\/wp-json\/wp\/v2\/tribe_events\/31508","targetHints":{"allow":["GET"]}}],"collection":[{"href":"https:\/\/cafelapalma.com\/en\/wp-json\/wp\/v2\/tribe_events"}],"about":[{"href":"https:\/\/cafelapalma.com\/en\/wp-json\/wp\/v2\/types\/tribe_events"}],"author":[{"embeddable":true,"href":"https:\/\/cafelapalma.com\/en\/wp-json\/wp\/v2\/users\/2"}],"version-history":[{"count":0,"href":"https:\/\/cafelapalma.com\/en\/wp-json\/wp\/v2\/tribe_events\/31508\/revisions"}],"wp:featuredmedia":[{"embeddable":true,"href":"https:\/\/cafelapalma.com\/en\/wp-json\/wp\/v2\/media\/31510"}],"wp:attachment":[{"href":"https:\/\/cafelapalma.com\/en\/wp-json\/wp\/v2\/media?parent=31508"}],"wp:term":[{"taxonomy":"post_tag","embeddable":true,"href":"https:\/\/cafelapalma.com\/en\/wp-json\/wp\/v2\/tags?post=31508"},{"taxonomy":"tribe_events_cat","embeddable":true,"href":"https:\/\/cafelapalma.com\/en\/wp-json\/wp\/v2\/tribe_events_cat?post=31508"}],"curies":[{"name":"wp","href":"https:\/\/api.w.org\/{rel}","templated":true}]}}