{"id":31558,"date":"2025-07-10T18:39:05","date_gmt":"2025-07-10T16:39:05","guid":{"rendered":"https:\/\/cafelapalma.com\/?post_type=tribe_events&#038;p=31558"},"modified":"2025-07-10T18:46:15","modified_gmt":"2025-07-10T16:46:15","slug":"innata-sessions-7","status":"publish","type":"tribe_events","link":"https:\/\/cafelapalma.com\/en\/programacion\/innata-sessions-7\/","title":{"rendered":"MERY BLUE + CARMESEGUER + NINA PRICA"},"content":{"rendered":"<div  class=\"tribe-events-schedule tribe-clearfix\" >\n\t<p class=\"tribe-events-schedule__datetime\">\n\t\t<span class=\"tribe-events-schedule__date tribe-events-schedule__date--start\">\n\t\t\t13  September  2025\t\t<\/span>\n\n\t\t\t\t\t<span class=\"tribe-events-schedule__separator tribe-events-schedule__separator--date\">\n\t\t\t\t@\t\t\t<\/span>\n\t\t\t<span class=\"tribe-events-schedule__time tribe-events-schedule__time--start\">\n\t\t\t\t23:50\t\t\t<\/span>\n\t\t\n\t\t\t\t\t\t\t\t\t<span class=\"tribe-events-schedule__separator tribe-events-schedule__separator--time\">\n\t\t\t\t\t&#8211;\t\t\t\t<\/span>\n\t\t\t\n\t\t\t\t\t\t\t<span class=\"tribe-events-schedule__time tribe-events-schedule__time--end\">\n\t\t\t\t\t23:55\t\t\t\t<\/span>\n\t\t\t\n\t\t\t\t\t\t<\/p>\n<\/div>\n\n\n<div  class=\"tribe-block tribe-block__event-price\" >\n\t\t\t<span class=\"tribe-block__event-price__cost\"> 11\u20ac <\/span>\n\t\t\t\t<span class=\"tribe-block__event-price__description\">+ gg Anticipada | 13\u20ac Taquilla de 00:00 a 01:30 | 15\u20ac Taquilla de 01:30 a cierre. Todos los tramos de entrada incluyen UNA CONSUMICI\u00d3N. Canjeable por DOS CERVEZAS DE BARRIL antes de las 01:30<\/span>\n\t<\/div>\n\n\n\n<div style=\"height:100px\" aria-hidden=\"true\" class=\"wp-block-spacer\"><\/div>\n\n\n\n<div class=\"wp-block-columns is-layout-flex wp-container-core-columns-is-layout-8f761849 wp-block-columns-is-layout-flex\">\n<div class=\"wp-block-column is-layout-flow wp-block-column-is-layout-flow\" style=\"flex-basis:33.33%\">\n<figure class=\"wp-block-image size-full\"><img loading=\"lazy\" decoding=\"async\" width=\"2121\" height=\"3000\" src=\"https:\/\/cafelapalma.com\/wp-content\/uploads\/2025\/07\/INNATA-SEPT-25-A3-LOW-scaled.jpg\" alt=\"\" class=\"wp-image-31559\" srcset=\"https:\/\/cafelapalma.com\/wp-content\/uploads\/2025\/07\/INNATA-SEPT-25-A3-LOW-scaled.jpg 2121w, https:\/\/cafelapalma.com\/wp-content\/uploads\/2025\/07\/INNATA-SEPT-25-A3-LOW-212x300.jpg 212w, https:\/\/cafelapalma.com\/wp-content\/uploads\/2025\/07\/INNATA-SEPT-25-A3-LOW-735x1040.jpg 735w, https:\/\/cafelapalma.com\/wp-content\/uploads\/2025\/07\/INNATA-SEPT-25-A3-LOW-768x1086.jpg 768w, https:\/\/cafelapalma.com\/wp-content\/uploads\/2025\/07\/INNATA-SEPT-25-A3-LOW-1086x1536.jpg 1086w, https:\/\/cafelapalma.com\/wp-content\/uploads\/2025\/07\/INNATA-SEPT-25-A3-LOW-1448x2048.jpg 1448w, https:\/\/cafelapalma.com\/wp-content\/uploads\/2025\/07\/INNATA-SEPT-25-A3-LOW-8x12.jpg 8w, https:\/\/cafelapalma.com\/wp-content\/uploads\/2025\/07\/INNATA-SEPT-25-A3-LOW-42x60.jpg 42w\" sizes=\"auto, (max-width: 2121px) 100vw, 2121px\" \/><\/figure>\n\n\n<div  class=\"tribe-block tribe-block__event-website\" >\n\t<a\n\t\thref=\"https:\/\/www.passline.com\/eventos\/innata-sessions\"\n\t\ttarget=\"_self\"\n\t\t\t>\n\t\tBUY TICKETS\t<\/a>\n<\/div>\n<\/div>\n\n\n\n<div class=\"wp-block-column is-layout-flow wp-block-column-is-layout-flow\" style=\"flex-basis:66.66%\">\n<p class=\"wp-block-paragraph\"><\/p>\n\n\n\n<p class=\"has-text-align-left wp-block-paragraph\"><strong>INNATA SESSIONS <\/strong>es uni\u00f3n, es colegueo, es talento femenino. Adem\u00e1s de ser un movimiento, es un colectivo de creativas que cada vez que se re\u00fanen en a la cabina nos hacen recordar y sentir este sentimiento que llevamos dentro, de ganas de disfrutar la vida y bailar libremente, con todo el ritmo del House, Indie Dance y Disco.<br>Esta fiesta surge de las ganas de crear un ambiente de alegr\u00eda y expresi\u00f3n, d\u00f3nde las djs te invitar\u00e1n a sacar esa energ\u00eda innata y te dejes llevar por su sesiones. En esta ocasi\u00f3n se presentan tres Djs muy influyentes en la escena actual madrile\u00f1a.<\/p>\n\n\n\n<p class=\"has-text-align-right wp-block-paragraph\"><a href=\"https:\/\/www.instagram.com\/innata.collective\/\">Sigue a <strong>Innata Collective <\/strong>in <strong>Instagram<\/strong><\/a><\/p>\n\n\n\n<p class=\"has-text-align-left wp-block-paragraph\"><strong>MERY BLUE<\/strong>\u00a0se inspira en los ritmos disco funk de los a\u00f1os \u201980 y el house music de los &#8217;90. Su cuidadosa selecci\u00f3n musical se caracteriza por su potente parte instrumental, marcada por pianos envolventes, bajos\u00a0<em>groovys\u00a0<\/em>y evocadoras voces afroamericanas que consiguen causar sensaci\u00f3n en la pista de baile. Tambi\u00e9n combina vocales y melod\u00edas en sus mezclas dando vida a un sonido electr\u00f3nico atemporal, con clase y sensacional. Algunos de sus proyectos destacados son\u00a0<strong>MY DISCO ROOM Stream Show<\/strong>\u00a0o\u00a0<strong>TIME TO SOUL Radio Show<\/strong>, con el que ha compartido programaci\u00f3n en\u00a0<strong>Radio Deep<\/strong>\u00a0con artistas de la talla de\u00a0<strong>Purple Disco Machine<\/strong>\u00a0o\u00a0<strong>Joey Negro<\/strong>.<\/p>\n\n\n\n<p class=\"has-text-align-right wp-block-paragraph\"><em><a href=\"https:\/\/www.instagram.com\/_meryblue\/\">Sigue a <\/a><\/em><strong><a href=\"https:\/\/www.instagram.com\/_meryblue\/\">MERY BLUE <\/a><\/strong><em><a href=\"https:\/\/www.instagram.com\/_meryblue\/\">in <\/a><\/em><strong><a href=\"https:\/\/www.instagram.com\/_meryblue\/\">Instagram<\/a><\/strong><\/p>\n\n\n\n<p class=\"has-text-align-left wp-block-paragraph\"><strong>CARMESEGUER<\/strong> te hace sentir comprendido desde el primer momento. Su energ\u00eda es pura conexi\u00f3n, y en cuanto sube al escenario, sabes que te va a emocionar. Su debut en <strong>Metro Dance Club<\/strong>, compartiendo cabina con <strong>Amelie Lens<\/strong>, fue solo el principio. El 1 de mayo de 2025, debut\u00f3 en <strong>Row Town Madrid<\/strong>, consolidando a\u00fan m\u00e1s su lugar en la escena. Actualmente en plena expansi\u00f3n, labr\u00e1ndose una reputaci\u00f3n por sus sesiones potentes y emotivas. Con su emblem\u00e1tica mezcla de indie dance, mel\u00f3dico y tech house, \u00a1viene pisando fuerte!<\/p>\n\n\n\n<p class=\"has-text-align-right wp-block-paragraph\"><em><a href=\"https:\/\/www.instagram.com\/carmeseguer\/\">Sigue a <\/a><\/em><strong><a href=\"https:\/\/www.instagram.com\/carmeseguer\/\">CARMESEGUER<\/a><\/strong><em><a href=\"https:\/\/www.instagram.com\/carmeseguer\/\"> in <\/a><\/em><strong><a href=\"https:\/\/www.instagram.com\/carmeseguer\/\">Instagram<\/a><\/strong><\/p>\n\n\n\n<p class=\"has-text-align-left wp-block-paragraph\"><strong>NINA PRICA<\/strong> es una DJ checo-serbia que combina house, tech house e indie dance en sus sets. Recientemente se traslad\u00f3 desde <strong>Londres<\/strong>, donde comenz\u00f3 su carrera como DJ, y ahora se est\u00e1 adentrando en la vibrante escena de m\u00fasica electr\u00f3nica de <strong>Madrid<\/strong>. Con actuaciones en ciudades como <strong>Londres<\/strong>, <strong>Praga <\/strong>y <strong>Belgrado<\/strong>, ha llevado su caracter\u00edstica energ\u00eda r\u00edtmica a p\u00fablicos diversos y est\u00e1 lista para hacer lo mismo en <strong>Madrid<\/strong>.<\/p>\n\n\n\n<p class=\"has-text-align-right wp-block-paragraph\"><a href=\"https:\/\/www.instagram.com\/ninaprica\/\">Sigue<\/a><a href=\"https:\/\/www.instagram.com\/raisahermida\/\"> a <strong><strong>NINA PRICA<\/strong><\/strong> in <strong>Instagram<\/strong><\/a><\/p>\n<\/div>\n<\/div>\n\n\n\n<div style=\"height:100px\" aria-hidden=\"true\" class=\"wp-block-spacer\"><\/div>\n\n\n\n<hr class=\"wp-block-separator has-alpha-channel-opacity\"\/>\n\n\n\n<div style=\"height:100px\" aria-hidden=\"true\" class=\"wp-block-spacer\"><\/div>\n\n\n<h2 class=\"tribe-block__related-events__title\">Related Events<\/h2>\n\n<ul  class=\"tribe-related-events tribe-clearfix\" >\n\t\t\t<li>\n\t\n<div class=\"tribe-related-events-thumbnail\">\n\t<a href=\"https:\/\/cafelapalma.com\/en\/programacion\/funkin-donuts\/\" class=\"url\" rel=\"bookmark\" tabindex=\"-1\" aria-hidden=\"true\"><img loading=\"lazy\" decoding=\"async\" width=\"693\" height=\"1040\" src=\"https:\/\/cafelapalma.com\/wp-content\/uploads\/2026\/07\/FD-vert2-bn-693x1040.jpg\" class=\"attachment-large size-large wp-post-image\" alt=\"\" \/><\/a>\n<\/div>\n\t<div class=\"tribe-related-event-info\">\n\t<h3 class=\"tribe-related-events-title\">\n\t\t<a href=\"https:\/\/cafelapalma.com\/en\/programacion\/funkin-donuts\/\" class=\"tribe-event-url\" rel=\"bookmark\">\n\t\t\tFUNKIN&#8217; DONUTS\t\t<\/a>\n\t<\/h3>\n\t<span class=\"tribe-event-date-start\">5  September@22:00<\/span><span class=\"tribe-event-time\">23:45<\/span><\/div>\n<\/li>\n\t\t\t<li>\n\t\n<div class=\"tribe-related-events-thumbnail\">\n\t<a href=\"https:\/\/cafelapalma.com\/en\/programacion\/backstage-le-petit-truffle-mayo\/\" class=\"url\" rel=\"bookmark\" tabindex=\"-1\" aria-hidden=\"true\"><img loading=\"lazy\" decoding=\"async\" width=\"780\" height=\"1040\" src=\"https:\/\/cafelapalma.com\/wp-content\/uploads\/2026\/07\/Imagen-TruffleMayo-LePetit-i-1-780x1040.png\" class=\"attachment-large size-large wp-post-image\" alt=\"\" \/><\/a>\n<\/div>\n\t<div class=\"tribe-related-event-info\">\n\t<h3 class=\"tribe-related-events-title\">\n\t\t<a href=\"https:\/\/cafelapalma.com\/en\/programacion\/backstage-le-petit-truffle-mayo\/\" class=\"tribe-event-url\" rel=\"bookmark\">\n\t\t\tBACKSTAGE: LE PETIT + TRUFFLE MAYO\t\t<\/a>\n\t<\/h3>\n\t<span class=\"tribe-event-date-start\">5  September@23:55<\/span><\/div>\n<\/li>\n\t\t\t<li>\n\t\n<div class=\"tribe-related-events-thumbnail\">\n\t<a href=\"https:\/\/cafelapalma.com\/en\/programacion\/willie-deville-concierto-benefico-x-venezuela\/\" class=\"url\" rel=\"bookmark\" tabindex=\"-1\" aria-hidden=\"true\"><img loading=\"lazy\" decoding=\"async\" width=\"1020\" height=\"531\" src=\"https:\/\/cafelapalma.com\/wp-content\/uploads\/2026\/08\/Willie-deville-1100x572-1-1040x541.jpg\" class=\"attachment-large size-large wp-post-image\" alt=\"\" \/><\/a>\n<\/div>\n\t<div class=\"tribe-related-event-info\">\n\t<h3 class=\"tribe-related-events-title\">\n\t\t<a href=\"https:\/\/cafelapalma.com\/en\/programacion\/willie-deville-concierto-benefico-x-venezuela\/\" class=\"tribe-event-url\" rel=\"bookmark\">\n\t\t\tWILLIE DEVILLE: CONCIERTO BEN\u00c9FICO X VENEZUELA\t\t<\/a>\n\t<\/h3>\n\t<span class=\"tribe-event-date-start\">6  September@21:00<\/span><span class=\"tribe-event-time\">23:45<\/span><\/div>\n<\/li>\n\t<\/ul>","protected":false},"excerpt":{"rendered":"<p>INNATA SESSIONS es uni\u00f3n, es colegueo, es talento femenino. Adem\u00e1s de ser un movimiento, es un colectivo de creativas que cada vez que se re\u00fanen en a la cabina nos hacen recordar y sentir este sentimiento que llevamos dentro, de ganas de disfrutar la vida y bailar libremente, con todo el ritmo del House, Indie &hellip; <\/p>","protected":false},"author":2,"featured_media":30290,"template":"","meta":{"_tec_requires_first_save":false,"_uag_custom_page_level_css":"","loftloader_page_shortcode":"","_EventAllDay":false,"_EventTimezone":"Europe\/Madrid","_EventStartDate":"2025-09-13 23:50:00","_EventEndDate":"2025-09-13 23:55:00","_EventStartDateUTC":"2025-09-13 21:50:00","_EventEndDateUTC":"2025-09-13 21:55:00","_EventShowMap":false,"_EventShowMapLink":false,"_EventURL":"https:\/\/www.passline.com\/eventos\/innata-sessions","_EventCost":"11","_EventCostDescription":"","_EventCurrencySymbol":"\u20ac","_EventCurrencyCode":"USD","_EventCurrencyPosition":"suffix","_EventDateTimeSeparator":"@","_EventTimeRangeSeparator":"-","_EventOrganizerID":[],"_EventVenueID":[],"_OrganizerEmail":"","_OrganizerPhone":"","_OrganizerWebsite":"","_VenueAddress":"","_VenueCity":"","_VenueCountry":"","_VenueProvince":"","_VenueState":"","_VenueZip":"","_VenuePhone":"","_VenueURL":"","_VenueStateProvince":"","_VenueLat":"","_VenueLng":"","_VenueShowMap":false,"_VenueShowMapLink":false,"_tribe_blocks_recurrence_rules":"","_tribe_blocks_recurrence_description":"","_tribe_blocks_recurrence_exclusions":"","_ecp_custom_2":"","_tribe_events_status":"","_tribe_events_status_reason":"","_tribe_events_is_hybrid":"","_tribe_events_is_virtual":"","_tribe_events_virtual_video_source":"","_tribe_events_virtual_embed_video":"","_tribe_events_virtual_linked_button_text":"","_tribe_events_virtual_linked_button":"","_tribe_events_virtual_show_embed_at":"","_tribe_events_virtual_show_embed_to":[],"_tribe_events_virtual_show_on_event":"","_tribe_events_virtual_show_on_views":"","_tribe_events_virtual_url":"","footnotes":""},"tags":[1363,9225,17760,9578,9847,17761,9226,9227,1357,16166,9309,9549,16781,16780,17529,15771,17393,16966,9540,17394],"tribe_events_cat":[8964],"class_list":["post-31558","tribe_events","type-tribe_events","status-publish","has-post-thumbnail","hentry","tag-cafe-la-palma","tag-cafe-la-palma-clubbing","tag-carmeseguer","tag-deep-tech-house","tag-disco","tag-disco-funk","tag-djs-madrid","tag-djs-malasana","tag-electronica","tag-estrella-ortuzar","tag-house","tag-indie-dance","tag-innata","tag-innata-sessions","tag-katarsis-electronica","tag-mery-blue","tag-my-disco-room-stream-show","tag-nina-prica","tag-tech-house","tag-time-to-soul-radio-show","tribe_events_cat-clubbing","cat_clubbing"],"uagb_featured_image_src":{"full":["https:\/\/cafelapalma.com\/wp-content\/uploads\/2025\/01\/INNATA-FRONT.jpg",286,571,false],"thumbnail":["https:\/\/cafelapalma.com\/wp-content\/uploads\/2025\/01\/INNATA-FRONT-150x150.jpg",150,150,true],"medium":["https:\/\/cafelapalma.com\/wp-content\/uploads\/2025\/01\/INNATA-FRONT-150x300.jpg",150,300,true],"medium_large":["https:\/\/cafelapalma.com\/wp-content\/uploads\/2025\/01\/INNATA-FRONT.jpg",286,571,false],"large":["https:\/\/cafelapalma.com\/wp-content\/uploads\/2025\/01\/INNATA-FRONT.jpg",286,571,false],"1536x1536":["https:\/\/cafelapalma.com\/wp-content\/uploads\/2025\/01\/INNATA-FRONT.jpg",286,571,false],"2048x2048":["https:\/\/cafelapalma.com\/wp-content\/uploads\/2025\/01\/INNATA-FRONT.jpg",286,571,false],"trp-custom-language-flag":["https:\/\/cafelapalma.com\/wp-content\/uploads\/2025\/01\/INNATA-FRONT.jpg",6,12,false],"blossom-feminine-slider":["https:\/\/cafelapalma.com\/wp-content\/uploads\/2025\/01\/INNATA-FRONT.jpg",286,571,false],"blossom-feminine-featured":["https:\/\/cafelapalma.com\/wp-content\/uploads\/2025\/01\/INNATA-FRONT.jpg",286,571,false],"blossom-feminine-with-sidebar":["https:\/\/cafelapalma.com\/wp-content\/uploads\/2025\/01\/INNATA-FRONT.jpg",286,571,false],"blossom-feminine-blog":["https:\/\/cafelapalma.com\/wp-content\/uploads\/2025\/01\/INNATA-FRONT-286x435.jpg",286,435,true],"blossom-feminine-cat":["https:\/\/cafelapalma.com\/wp-content\/uploads\/2025\/01\/INNATA-FRONT-286x300.jpg",286,300,true],"blossom-feminine-related":["https:\/\/cafelapalma.com\/wp-content\/uploads\/2025\/01\/INNATA-FRONT-286x200.jpg",286,200,true],"blossom-feminine-schema":["https:\/\/cafelapalma.com\/wp-content\/uploads\/2025\/01\/INNATA-FRONT-30x60.jpg",30,60,true]},"uagb_author_info":{"display_name":"Victor","author_link":"https:\/\/cafelapalma.com\/en\/author\/comunicacion\/"},"uagb_comment_info":0,"uagb_excerpt":"INNATA SESSIONS es uni\u00f3n, es colegueo, es talento femenino. Adem\u00e1s de ser un movimiento, es un colectivo de creativas que cada vez que se re\u00fanen en a la cabina nos hacen recordar y sentir este sentimiento que llevamos dentro, de ganas de disfrutar la vida y bailar libremente, con todo el ritmo del House, Indie&hellip;","_links":{"self":[{"href":"https:\/\/cafelapalma.com\/en\/wp-json\/wp\/v2\/tribe_events\/31558","targetHints":{"allow":["GET"]}}],"collection":[{"href":"https:\/\/cafelapalma.com\/en\/wp-json\/wp\/v2\/tribe_events"}],"about":[{"href":"https:\/\/cafelapalma.com\/en\/wp-json\/wp\/v2\/types\/tribe_events"}],"author":[{"embeddable":true,"href":"https:\/\/cafelapalma.com\/en\/wp-json\/wp\/v2\/users\/2"}],"version-history":[{"count":0,"href":"https:\/\/cafelapalma.com\/en\/wp-json\/wp\/v2\/tribe_events\/31558\/revisions"}],"wp:featuredmedia":[{"embeddable":true,"href":"https:\/\/cafelapalma.com\/en\/wp-json\/wp\/v2\/media\/30290"}],"wp:attachment":[{"href":"https:\/\/cafelapalma.com\/en\/wp-json\/wp\/v2\/media?parent=31558"}],"wp:term":[{"taxonomy":"post_tag","embeddable":true,"href":"https:\/\/cafelapalma.com\/en\/wp-json\/wp\/v2\/tags?post=31558"},{"taxonomy":"tribe_events_cat","embeddable":true,"href":"https:\/\/cafelapalma.com\/en\/wp-json\/wp\/v2\/tribe_events_cat?post=31558"}],"curies":[{"name":"wp","href":"https:\/\/api.w.org\/{rel}","templated":true}]}}