{"id":31569,"date":"2025-07-15T12:47:39","date_gmt":"2025-07-15T10:47:39","guid":{"rendered":"https:\/\/cafelapalma.com\/?post_type=tribe_events&#038;p=31569"},"modified":"2025-07-15T12:48:30","modified_gmt":"2025-07-15T10:48:30","slug":"jagermusic-presenta-yassir","status":"publish","type":"tribe_events","link":"https:\/\/cafelapalma.com\/en\/programacion\/jagermusic-presenta-yassir\/","title":{"rendered":"YASSIR"},"content":{"rendered":"<div  class=\"tribe-events-schedule tribe-clearfix\" >\n\t<p class=\"tribe-events-schedule__datetime\">\n\t\t<span class=\"tribe-events-schedule__date tribe-events-schedule__date--start\">\n\t\t\t20  November  2025\t\t<\/span>\n\n\t\t\t\t\t<span class=\"tribe-events-schedule__separator tribe-events-schedule__separator--date\">\n\t\t\t\t@\t\t\t<\/span>\n\t\t\t<span class=\"tribe-events-schedule__time tribe-events-schedule__time--start\">\n\t\t\t\t22:00\t\t\t<\/span>\n\t\t\n\t\t\t\t\t\t\t\t\t<span class=\"tribe-events-schedule__separator tribe-events-schedule__separator--time\">\n\t\t\t\t\t&#8211;\t\t\t\t<\/span>\n\t\t\t\n\t\t\t\t\t\t\t<span class=\"tribe-events-schedule__time tribe-events-schedule__time--end\">\n\t\t\t\t\t23:45\t\t\t\t<\/span>\n\t\t\t\n\t\t\t\t\t\t<\/p>\n<\/div>\n\n\n<div  class=\"tribe-block tribe-block__event-price\" >\n\t\t\t<span class=\"tribe-block__event-price__cost\"> 15\u20ac <\/span>\n\t\t\t\t<span class=\"tribe-block__event-price__description\">+ gg Anticipada | 20\u20ac Taquilla<\/span>\n\t<\/div>\n\n\n\n<div style=\"height:100px\" aria-hidden=\"true\" class=\"wp-block-spacer\"><\/div>\n\n\n\n<div class=\"wp-block-columns is-layout-flex wp-container-core-columns-is-layout-8f761849 wp-block-columns-is-layout-flex\">\n<div class=\"wp-block-column is-layout-flow wp-block-column-is-layout-flow\" style=\"flex-basis:33.33%\">\n<figure class=\"wp-block-image size-large\"><img loading=\"lazy\" decoding=\"async\" width=\"742\" height=\"1040\" src=\"https:\/\/cafelapalma.com\/wp-content\/uploads\/2025\/07\/YASSIR-A3-LOW-742x1040.jpg\" alt=\"\" class=\"wp-image-31570\" srcset=\"https:\/\/cafelapalma.com\/wp-content\/uploads\/2025\/07\/YASSIR-A3-LOW-742x1040.jpg 742w, https:\/\/cafelapalma.com\/wp-content\/uploads\/2025\/07\/YASSIR-A3-LOW-214x300.jpg 214w, https:\/\/cafelapalma.com\/wp-content\/uploads\/2025\/07\/YASSIR-A3-LOW-768x1076.jpg 768w, https:\/\/cafelapalma.com\/wp-content\/uploads\/2025\/07\/YASSIR-A3-LOW-1097x1536.jpg 1097w, https:\/\/cafelapalma.com\/wp-content\/uploads\/2025\/07\/YASSIR-A3-LOW-1462x2048.jpg 1462w, https:\/\/cafelapalma.com\/wp-content\/uploads\/2025\/07\/YASSIR-A3-LOW-9x12.jpg 9w, https:\/\/cafelapalma.com\/wp-content\/uploads\/2025\/07\/YASSIR-A3-LOW-43x60.jpg 43w\" sizes=\"auto, (max-width: 742px) 100vw, 742px\" \/><\/figure>\n\n\n<div  class=\"tribe-block tribe-block__event-website\" >\n\t<a\n\t\thref=\"https:\/\/www.fourvenues.com\/es\/yassir\/events\/yassir-en-madrid-cafe-la-palma-20-11-2025-0YTZ\"\n\t\ttarget=\"_self\"\n\t\t\t>\n\t\tBUY TICKETS\t<\/a>\n<\/div>\n<\/div>\n\n\n\n<div class=\"wp-block-column is-layout-flow wp-block-column-is-layout-flow\" style=\"flex-basis:66.66%\">\n<div style=\"height:100px\" aria-hidden=\"true\" class=\"wp-block-spacer\"><\/div>\n\n\n\n<p class=\"has-text-align-left wp-block-paragraph\"><strong>YASSIR <\/strong>es una de las mentes m\u00e1s brillantes que se ocultan tras los grandes hits de la m\u00fasica urbana en nuestro pa\u00eds. Con tan solo 14 a\u00f1os, grab\u00f3 sus primeros temas destacando r\u00e1pidamente como compositor musical, y unos a\u00f1os m\u00e1s tarde comenz\u00f3 a posicionarse como un referente de la composici\u00f3n a nivel nacional escribiendo \u00e9xitos para artistas como <strong>Quevedo<\/strong>, <strong>Omar Montes,<\/strong> <strong>Lola \u00cdndigo<\/strong>, <strong>Kaydy Cain<\/strong> o <strong>La Zowi <\/strong>entre otros.<\/p>\n\n\n\n<p class=\"has-text-align-left wp-block-paragraph\">Desde 2019, compagina este trabajo creativo con su propia carrera art\u00edstica, lanzando singles y EPs que destacan por su versatilidad y frescura. Con un estilo \u00fanico y personal, a lo largo de los a\u00f1os su experiencia le ha llevado a atreverse con cada uno de los diferentes g\u00e9neros que engloba la m\u00fasica urbana actual. Todo para acompa\u00f1ar a unas letras que conectan y que le posicionan como una figura clave y una promesa indiscutible del g\u00e9nero.<\/p>\n\n\n\n<p class=\"has-text-align-right wp-block-paragraph\"><em><a href=\"https:\/\/open.spotify.com\/intl-es\/artist\/0gO4impF9bswjUblyD7bRF?si=t3bhJqcLSoqMymEm8oOzGA\">Listen to <\/a><\/em><strong><a href=\"https:\/\/open.spotify.com\/intl-es\/artist\/0gO4impF9bswjUblyD7bRF?si=t3bhJqcLSoqMymEm8oOzGA\">YASSIR <\/a><\/strong><em><a href=\"https:\/\/open.spotify.com\/intl-es\/artist\/0gO4impF9bswjUblyD7bRF?si=t3bhJqcLSoqMymEm8oOzGA\">in <\/a><\/em><strong><a href=\"https:\/\/open.spotify.com\/intl-es\/artist\/0gO4impF9bswjUblyD7bRF?si=t3bhJqcLSoqMymEm8oOzGA\">Spotify<\/a><\/strong><\/p>\n\n\n\n<p class=\"has-text-align-center wp-block-paragraph\"><em>Con el apoyo de <strong>J\u00c4GERMUSIC <\/strong><\/em><\/p>\n<\/div>\n<\/div>\n\n\n\n<div style=\"height:100px\" aria-hidden=\"true\" class=\"wp-block-spacer\"><\/div>\n\n\n\n<hr class=\"wp-block-separator has-alpha-channel-opacity\"\/>\n\n\n\n<div style=\"height:100px\" aria-hidden=\"true\" class=\"wp-block-spacer\"><\/div>\n\n\n<h2 class=\"tribe-block__related-events__title\">Related Events<\/h2>\n\n<ul  class=\"tribe-related-events tribe-clearfix\" >\n\t\t\t<li>\n\t\n<div class=\"tribe-related-events-thumbnail\">\n\t<a href=\"https:\/\/cafelapalma.com\/en\/programacion\/funkin-donuts\/\" class=\"url\" rel=\"bookmark\" tabindex=\"-1\" aria-hidden=\"true\"><img loading=\"lazy\" decoding=\"async\" width=\"693\" height=\"1040\" src=\"https:\/\/cafelapalma.com\/wp-content\/uploads\/2026\/07\/FD-vert2-bn-693x1040.jpg\" class=\"attachment-large size-large wp-post-image\" alt=\"\" \/><\/a>\n<\/div>\n\t<div class=\"tribe-related-event-info\">\n\t<h3 class=\"tribe-related-events-title\">\n\t\t<a href=\"https:\/\/cafelapalma.com\/en\/programacion\/funkin-donuts\/\" class=\"tribe-event-url\" rel=\"bookmark\">\n\t\t\tFUNKIN&#8217; DONUTS\t\t<\/a>\n\t<\/h3>\n\t<span class=\"tribe-event-date-start\">5  September@22:00<\/span><span class=\"tribe-event-time\">23:45<\/span><\/div>\n<\/li>\n\t\t\t<li>\n\t\n<div class=\"tribe-related-events-thumbnail\">\n\t<a href=\"https:\/\/cafelapalma.com\/en\/programacion\/backstage-le-petit-truffle-mayo\/\" class=\"url\" rel=\"bookmark\" tabindex=\"-1\" aria-hidden=\"true\"><img loading=\"lazy\" decoding=\"async\" width=\"780\" height=\"1040\" src=\"https:\/\/cafelapalma.com\/wp-content\/uploads\/2026\/07\/Imagen-TruffleMayo-LePetit-i-1-780x1040.png\" class=\"attachment-large size-large wp-post-image\" alt=\"\" \/><\/a>\n<\/div>\n\t<div class=\"tribe-related-event-info\">\n\t<h3 class=\"tribe-related-events-title\">\n\t\t<a href=\"https:\/\/cafelapalma.com\/en\/programacion\/backstage-le-petit-truffle-mayo\/\" class=\"tribe-event-url\" rel=\"bookmark\">\n\t\t\tBACKSTAGE: LE PETIT + TRUFFLE MAYO\t\t<\/a>\n\t<\/h3>\n\t<span class=\"tribe-event-date-start\">5  September@23:55<\/span><\/div>\n<\/li>\n\t\t\t<li>\n\t\n<div class=\"tribe-related-events-thumbnail\">\n\t<a href=\"https:\/\/cafelapalma.com\/en\/programacion\/willie-deville-concierto-benefico-x-venezuela\/\" class=\"url\" rel=\"bookmark\" tabindex=\"-1\" aria-hidden=\"true\"><img loading=\"lazy\" decoding=\"async\" width=\"1020\" height=\"531\" src=\"https:\/\/cafelapalma.com\/wp-content\/uploads\/2026\/08\/Willie-deville-1100x572-1-1040x541.jpg\" class=\"attachment-large size-large wp-post-image\" alt=\"\" \/><\/a>\n<\/div>\n\t<div class=\"tribe-related-event-info\">\n\t<h3 class=\"tribe-related-events-title\">\n\t\t<a href=\"https:\/\/cafelapalma.com\/en\/programacion\/willie-deville-concierto-benefico-x-venezuela\/\" class=\"tribe-event-url\" rel=\"bookmark\">\n\t\t\tWILLIE DEVILLE: CONCIERTO BEN\u00c9FICO X VENEZUELA\t\t<\/a>\n\t<\/h3>\n\t<span class=\"tribe-event-date-start\">6  September@21:00<\/span><span class=\"tribe-event-time\">23:45<\/span><\/div>\n<\/li>\n\t<\/ul>","protected":false},"excerpt":{"rendered":"<p>YASSIR es una de las mentes m\u00e1s brillantes que se ocultan tras los grandes hits de la m\u00fasica urbana en nuestro pa\u00eds. Con tan solo 14 a\u00f1os, grab\u00f3 sus primeros temas destacando r\u00e1pidamente como compositor musical, y unos a\u00f1os m\u00e1s tarde comenz\u00f3 a posicionarse como un referente de la composici\u00f3n a nivel nacional escribiendo \u00e9xitos &hellip; <\/p>","protected":false},"author":2,"featured_media":31571,"template":"","meta":{"_tec_requires_first_save":false,"_uag_custom_page_level_css":"","loftloader_page_shortcode":"","_EventAllDay":false,"_EventTimezone":"Europe\/Madrid","_EventStartDate":"2025-11-20 22:00:00","_EventEndDate":"2025-11-20 23:45:00","_EventStartDateUTC":"2025-11-20 21:00:00","_EventEndDateUTC":"2025-11-20 22:45:00","_EventShowMap":false,"_EventShowMapLink":false,"_EventURL":"https:\/\/www.fourvenues.com\/es\/yassir\/events\/yassir-en-madrid-cafe-la-palma-20-11-2025-0YTZ","_EventCost":"15","_EventCostDescription":"","_EventCurrencySymbol":"\u20ac","_EventCurrencyCode":"USD","_EventCurrencyPosition":"suffix","_EventDateTimeSeparator":"@","_EventTimeRangeSeparator":"-","_EventOrganizerID":[],"_EventVenueID":[],"_OrganizerEmail":"","_OrganizerPhone":"","_OrganizerWebsite":"","_VenueAddress":"","_VenueCity":"","_VenueCountry":"","_VenueProvince":"","_VenueState":"","_VenueZip":"","_VenuePhone":"","_VenueURL":"","_VenueStateProvince":"","_VenueLat":"","_VenueLng":"","_VenueShowMap":false,"_VenueShowMapLink":false,"_tribe_blocks_recurrence_rules":"","_tribe_blocks_recurrence_description":"","_tribe_blocks_recurrence_exclusions":"","_ecp_custom_2":"","_tribe_events_status":"","_tribe_events_status_reason":"","_tribe_events_is_hybrid":"","_tribe_events_is_virtual":"","_tribe_events_virtual_video_source":"","_tribe_events_virtual_embed_video":"","_tribe_events_virtual_linked_button_text":"","_tribe_events_virtual_linked_button":"","_tribe_events_virtual_show_embed_at":"","_tribe_events_virtual_show_embed_to":[],"_tribe_events_virtual_show_on_event":"","_tribe_events_virtual_show_on_views":"","_tribe_events_virtual_url":"","footnotes":""},"tags":[17775,8869,1363,2865,9147,9146,17773,17771,17770,11194,11012,10645,16455,17774,10639,17767,9413,17765,17766,17769,10670,17772,2397,9349,17768],"tribe_events_cat":[8963],"class_list":["post-31569","tribe_events","type-tribe_events","status-publish","has-post-thumbnail","hentry","tag-5am","tag-cafe-la-palma-2","tag-cafe-la-palma","tag-conciertos-cafe-la-palma","tag-conciertos-madrid","tag-conciertos-malasana","tag-exito-rentao","tag-falling-in-love","tag-fourvenues","tag-jagermeister","tag-jagermusic","tag-kaydy-cain","tag-l0rna","tag-la-vision","tag-la-zowi","tag-lola-indigo","tag-musica-urbana","tag-omar-montes","tag-quevedo","tag-rabat","tag-reggaeton-2","tag-su-nota","tag-trap","tag-urban","tag-yassir","tribe_events_cat-concierto","cat_concierto"],"uagb_featured_image_src":{"full":["https:\/\/cafelapalma.com\/wp-content\/uploads\/2025\/07\/YASSIR-LOWPICTUNE.jpg",396,594,false],"thumbnail":["https:\/\/cafelapalma.com\/wp-content\/uploads\/2025\/07\/YASSIR-LOWPICTUNE-150x150.jpg",150,150,true],"medium":["https:\/\/cafelapalma.com\/wp-content\/uploads\/2025\/07\/YASSIR-LOWPICTUNE-200x300.jpg",200,300,true],"medium_large":["https:\/\/cafelapalma.com\/wp-content\/uploads\/2025\/07\/YASSIR-LOWPICTUNE.jpg",396,594,false],"large":["https:\/\/cafelapalma.com\/wp-content\/uploads\/2025\/07\/YASSIR-LOWPICTUNE.jpg",396,594,false],"1536x1536":["https:\/\/cafelapalma.com\/wp-content\/uploads\/2025\/07\/YASSIR-LOWPICTUNE.jpg",396,594,false],"2048x2048":["https:\/\/cafelapalma.com\/wp-content\/uploads\/2025\/07\/YASSIR-LOWPICTUNE.jpg",396,594,false],"trp-custom-language-flag":["https:\/\/cafelapalma.com\/wp-content\/uploads\/2025\/07\/YASSIR-LOWPICTUNE-8x12.jpg",8,12,true],"blossom-feminine-slider":["https:\/\/cafelapalma.com\/wp-content\/uploads\/2025\/07\/YASSIR-LOWPICTUNE.jpg",396,594,false],"blossom-feminine-featured":["https:\/\/cafelapalma.com\/wp-content\/uploads\/2025\/07\/YASSIR-LOWPICTUNE.jpg",396,594,false],"blossom-feminine-with-sidebar":["https:\/\/cafelapalma.com\/wp-content\/uploads\/2025\/07\/YASSIR-LOWPICTUNE.jpg",396,594,false],"blossom-feminine-blog":["https:\/\/cafelapalma.com\/wp-content\/uploads\/2025\/07\/YASSIR-LOWPICTUNE-396x435.jpg",396,435,true],"blossom-feminine-cat":["https:\/\/cafelapalma.com\/wp-content\/uploads\/2025\/07\/YASSIR-LOWPICTUNE-396x300.jpg",396,300,true],"blossom-feminine-related":["https:\/\/cafelapalma.com\/wp-content\/uploads\/2025\/07\/YASSIR-LOWPICTUNE-320x200.jpg",320,200,true],"blossom-feminine-schema":["https:\/\/cafelapalma.com\/wp-content\/uploads\/2025\/07\/YASSIR-LOWPICTUNE-40x60.jpg",40,60,true]},"uagb_author_info":{"display_name":"Victor","author_link":"https:\/\/cafelapalma.com\/en\/author\/comunicacion\/"},"uagb_comment_info":0,"uagb_excerpt":"YASSIR es una de las mentes m\u00e1s brillantes que se ocultan tras los grandes hits de la m\u00fasica urbana en nuestro pa\u00eds. Con tan solo 14 a\u00f1os, grab\u00f3 sus primeros temas destacando r\u00e1pidamente como compositor musical, y unos a\u00f1os m\u00e1s tarde comenz\u00f3 a posicionarse como un referente de la composici\u00f3n a nivel nacional escribiendo \u00e9xitos&hellip;","_links":{"self":[{"href":"https:\/\/cafelapalma.com\/en\/wp-json\/wp\/v2\/tribe_events\/31569","targetHints":{"allow":["GET"]}}],"collection":[{"href":"https:\/\/cafelapalma.com\/en\/wp-json\/wp\/v2\/tribe_events"}],"about":[{"href":"https:\/\/cafelapalma.com\/en\/wp-json\/wp\/v2\/types\/tribe_events"}],"author":[{"embeddable":true,"href":"https:\/\/cafelapalma.com\/en\/wp-json\/wp\/v2\/users\/2"}],"version-history":[{"count":0,"href":"https:\/\/cafelapalma.com\/en\/wp-json\/wp\/v2\/tribe_events\/31569\/revisions"}],"wp:featuredmedia":[{"embeddable":true,"href":"https:\/\/cafelapalma.com\/en\/wp-json\/wp\/v2\/media\/31571"}],"wp:attachment":[{"href":"https:\/\/cafelapalma.com\/en\/wp-json\/wp\/v2\/media?parent=31569"}],"wp:term":[{"taxonomy":"post_tag","embeddable":true,"href":"https:\/\/cafelapalma.com\/en\/wp-json\/wp\/v2\/tags?post=31569"},{"taxonomy":"tribe_events_cat","embeddable":true,"href":"https:\/\/cafelapalma.com\/en\/wp-json\/wp\/v2\/tribe_events_cat?post=31569"}],"curies":[{"name":"wp","href":"https:\/\/api.w.org\/{rel}","templated":true}]}}