{"id":31586,"date":"2025-07-21T16:57:02","date_gmt":"2025-07-21T14:57:02","guid":{"rendered":"https:\/\/cafelapalma.com\/?post_type=tribe_events&#038;p=31586"},"modified":"2025-07-21T17:00:12","modified_gmt":"2025-07-21T15:00:12","slug":"nocturne-by-onirum","status":"publish","type":"tribe_events","link":"https:\/\/cafelapalma.com\/en\/programacion\/nocturne-by-onirum\/","title":{"rendered":"D\u00cbN BL\u00d3M + ELVIS CHRIST + FELSO + ESHEM6"},"content":{"rendered":"<div  class=\"tribe-events-schedule tribe-clearfix\" >\n\t<p class=\"tribe-events-schedule__datetime\">\n\t\t<span class=\"tribe-events-schedule__date tribe-events-schedule__date--start\">\n\t\t\t25  September  2025\t\t<\/span>\n\n\t\t\t\t\t<span class=\"tribe-events-schedule__separator tribe-events-schedule__separator--date\">\n\t\t\t\t@\t\t\t<\/span>\n\t\t\t<span class=\"tribe-events-schedule__time tribe-events-schedule__time--start\">\n\t\t\t\t23:50\t\t\t<\/span>\n\t\t\n\t\t\t\t\t\t\t\t\t<span class=\"tribe-events-schedule__separator tribe-events-schedule__separator--time\">\n\t\t\t\t\t&#8211;\t\t\t\t<\/span>\n\t\t\t\n\t\t\t\t\t\t\t<span class=\"tribe-events-schedule__time tribe-events-schedule__time--end\">\n\t\t\t\t\t23:55\t\t\t\t<\/span>\n\t\t\t\n\t\t\t\t\t\t<\/p>\n<\/div>\n\n\n<div  class=\"tribe-block tribe-block__event-price\" >\n\t\t\t<span class=\"tribe-block__event-price__cost\"> ENTRADA LIBRE <\/span>\n\t\t\t\t<span class=\"tribe-block__event-price__description\">#freepass<\/span>\n\t<\/div>\n\n\n\n<div style=\"height:100px\" aria-hidden=\"true\" class=\"wp-block-spacer\"><\/div>\n\n\n\n<div class=\"wp-block-columns is-layout-flex wp-container-core-columns-is-layout-8f761849 wp-block-columns-is-layout-flex\">\n<div class=\"wp-block-column is-layout-flow wp-block-column-is-layout-flow\" style=\"flex-basis:33.33%\">\n<figure class=\"wp-block-image size-large\"><img loading=\"lazy\" decoding=\"async\" width=\"736\" height=\"1040\" src=\"https:\/\/cafelapalma.com\/wp-content\/uploads\/2025\/07\/ONIRUM-A3-LOW-736x1040.jpg\" alt=\"\" class=\"wp-image-31587\" srcset=\"https:\/\/cafelapalma.com\/wp-content\/uploads\/2025\/07\/ONIRUM-A3-LOW-736x1040.jpg 736w, https:\/\/cafelapalma.com\/wp-content\/uploads\/2025\/07\/ONIRUM-A3-LOW-212x300.jpg 212w, https:\/\/cafelapalma.com\/wp-content\/uploads\/2025\/07\/ONIRUM-A3-LOW-768x1086.jpg 768w, https:\/\/cafelapalma.com\/wp-content\/uploads\/2025\/07\/ONIRUM-A3-LOW-1086x1536.jpg 1086w, https:\/\/cafelapalma.com\/wp-content\/uploads\/2025\/07\/ONIRUM-A3-LOW-1449x2048.jpg 1449w, https:\/\/cafelapalma.com\/wp-content\/uploads\/2025\/07\/ONIRUM-A3-LOW-8x12.jpg 8w, https:\/\/cafelapalma.com\/wp-content\/uploads\/2025\/07\/ONIRUM-A3-LOW-42x60.jpg 42w\" sizes=\"auto, (max-width: 736px) 100vw, 736px\" \/><\/figure>\n<\/div>\n\n\n\n<div class=\"wp-block-column is-layout-flow wp-block-column-is-layout-flow\" style=\"flex-basis:66.66%\">\n<p class=\"has-text-align-left wp-block-paragraph\"><strong><em>NOCTURNE <\/em><\/strong>es un viaje sensorial hacia la medianoche, un espacio donde la m\u00fasica y la atm\u00f3sfera se funden en un estado on\u00edrico.\u00a0 Inspirada en la quietud y el misterio de la noche, esta experiencia busca conectar almas en un trance colectivo, uniendo arte, ritmo y sensaciones en un escenario \u00edntimo y envolvente. Acompa\u00f1a la pista de baile con curadores expertos en Indie Dance\/ Dark Disco&#8230;<\/p>\n\n\n\n<p class=\"has-text-align-right wp-block-paragraph\"><em><a href=\"https:\/\/www.instagram.com\/onirum_\/\">Sigue a <\/a><\/em><strong><a href=\"https:\/\/www.instagram.com\/onirum_\/\">ONIRUM <\/a><\/strong><em><a href=\"https:\/\/www.instagram.com\/onirum_\/\">in <\/a><\/em><strong><a href=\"https:\/\/www.instagram.com\/onirum_\/\">Instagram<\/a><\/strong><\/p>\n\n\n\n<p class=\"has-text-align-left wp-block-paragraph\"><strong>D\u00cbN BL\u00d3M<\/strong> es un Dj y productor originario de <strong>Saltillo<\/strong>, <strong>Coahuila<\/strong>, <strong>MX<\/strong>. Su estilo fusiona indie dance, y dark minimal, dise\u00f1ando sets donde cada sonido y transici\u00f3n est\u00e1n pensados para agudizar los sentidos en la pista de baile. La pasi\u00f3n por compartir esta experiencia lo llev\u00f3 a crear <strong>ONIRUM<\/strong>, un colectivo que busca transformar la m\u00fasica en un escape, una conexi\u00f3n profunda donde el ritmo se convierte en una vibraci\u00f3n compartida.<\/p>\n\n\n\n<p class=\"has-text-align-right wp-block-paragraph\"><em><a href=\"https:\/\/soundcloud.com\/denblomusic\">Listen to <\/a><\/em><strong><a href=\"https:\/\/soundcloud.com\/denblomusic\">D\u00cbN BL\u00d3M<\/a><\/strong><em><a href=\"https:\/\/soundcloud.com\/denblomusic\"> in <\/a><\/em><strong><a href=\"https:\/\/soundcloud.com\/denblomusic\">SoundCloud<\/a><\/strong><\/p>\n\n\n\n<p class=\"has-text-align-left wp-block-paragraph\"><strong>ELVIS CHRIST<\/strong> es un Dj y productor con m\u00e1s de una d\u00e9cada de trayectoria, nacido en <strong>Los Andes<\/strong> venezolanos. Su sonido explora las vertientes m\u00e1s puristas del techno, sumergi\u00e9ndose en el hypnotic &amp; raw, el detroit techno y el hard groove. En un espacio de sincron\u00eda, solemnidad y catarsis a traves de atm\u00f3sferas hipn\u00f3ticas, bajos vibrantes y texturas modulares, induce un estado de trance en el que la danza se convierte en un lenguaje de liberaci\u00f3n.<\/p>\n\n\n\n<p class=\"has-text-align-right wp-block-paragraph\"><em><a href=\"https:\/\/soundcloud.com\/isinfanati\">Listen to <\/a><\/em><strong><a href=\"https:\/\/soundcloud.com\/isinfanati\">ELVIS CHRIST <\/a><\/strong><em><a href=\"https:\/\/soundcloud.com\/isinfanati\">in <\/a><\/em><strong><a href=\"https:\/\/soundcloud.com\/isinfanati\">SoundCloud<\/a><\/strong><\/p>\n\n\n\n<p class=\"has-text-align-left wp-block-paragraph\"><strong>FELSO <\/strong>es un Dj oriundo de <strong>Santiago de Chile <\/strong>que se caracteriza por una habilidad \u00fanica para fusionar g\u00e9neros mel\u00f3dicos y energ\u00e9ticos, creando un sonido din\u00e1mico que invita a sumergirse en una experiencia sonora envolvente su estilo combina principalmente la armon\u00eda del melodic techno\/house, la profundidad del progressive house y la frescura ecl\u00e9ctica del indie dance, con percusiones marcadas que son el coraz\u00f3n de su propuesta, logrando tejer relatos musicales fluidos, donde cada tema se construye como una narraci\u00f3n en constante evoluci\u00f3n, recreando un viaje sonoro lleno de sensaciones y emociones.<\/p>\n\n\n\n<p class=\"has-text-align-right wp-block-paragraph\"><em><a href=\"https:\/\/soundcloud.com\/felipe-soto-210696468\">Listen to <\/a><\/em><strong><a href=\"https:\/\/soundcloud.com\/felipe-soto-210696468\">FELSO <\/a><\/strong><em><a href=\"https:\/\/soundcloud.com\/felipe-soto-210696468\">in <\/a><\/em><strong><a href=\"https:\/\/soundcloud.com\/felipe-soto-210696468\">SoundCloud<\/a><\/strong><\/p>\n\n\n\n<p class=\"has-text-align-left wp-block-paragraph\"><strong>ESHEM6 <\/strong>se define como un artista dotado de una gran capacidad de adaptarse a su p\u00fablico, un aut\u00e9ntico apasionado de la m\u00fasica underground nacido en 2001. Este joven navarro, actualmente afincado en <strong>Madrid<\/strong>, lleva desarrollando su estilo de mezcla lectura de pista y selecci\u00f3n musical m\u00e1s de seis a\u00f1os. Su sonido se caracteriza por una gran capacidad de mezclar distintas variedades de m\u00fasica electr\u00f3nica con el fin de generar un set dotado de dinamismo y cargado de una gran variedad de emociones. Por ello tambi\u00e9n, se posiciona en dos ramas: el techno y el indie dance, ambos con muchas variantes como el raw techno o el dark disco, entre otros.<\/p>\n\n\n\n<p class=\"has-text-align-right wp-block-paragraph\"><em><a href=\"https:\/\/soundcloud.com\/eshem6\">Listen to <\/a><\/em><strong><a href=\"https:\/\/soundcloud.com\/eshem6\">ESHEM6 <\/a><\/strong><em><a href=\"https:\/\/soundcloud.com\/eshem6\">in <\/a><\/em><strong><a href=\"https:\/\/soundcloud.com\/eshem6\">SoundCloud<\/a><\/strong><\/p>\n<\/div>\n<\/div>\n\n\n\n<div style=\"height:100px\" aria-hidden=\"true\" class=\"wp-block-spacer\"><\/div>\n\n\n\n<hr class=\"wp-block-separator has-alpha-channel-opacity\"\/>\n\n\n\n<div style=\"height:100px\" aria-hidden=\"true\" class=\"wp-block-spacer\"><\/div>\n\n\n<h2 class=\"tribe-block__related-events__title\">Related Events<\/h2>\n\n<ul  class=\"tribe-related-events tribe-clearfix\" >\n\t\t\t<li>\n\t\n<div class=\"tribe-related-events-thumbnail\">\n\t<a href=\"https:\/\/cafelapalma.com\/en\/programacion\/funkin-donuts\/\" class=\"url\" rel=\"bookmark\" tabindex=\"-1\" aria-hidden=\"true\"><img loading=\"lazy\" decoding=\"async\" width=\"693\" height=\"1040\" src=\"https:\/\/cafelapalma.com\/wp-content\/uploads\/2026\/07\/FD-vert2-bn-693x1040.jpg\" class=\"attachment-large size-large wp-post-image\" alt=\"\" \/><\/a>\n<\/div>\n\t<div class=\"tribe-related-event-info\">\n\t<h3 class=\"tribe-related-events-title\">\n\t\t<a href=\"https:\/\/cafelapalma.com\/en\/programacion\/funkin-donuts\/\" class=\"tribe-event-url\" rel=\"bookmark\">\n\t\t\tFUNKIN&#8217; DONUTS\t\t<\/a>\n\t<\/h3>\n\t<span class=\"tribe-event-date-start\">5  September@22:00<\/span><span class=\"tribe-event-time\">23:45<\/span><\/div>\n<\/li>\n\t\t\t<li>\n\t\n<div class=\"tribe-related-events-thumbnail\">\n\t<a href=\"https:\/\/cafelapalma.com\/en\/programacion\/backstage-le-petit-truffle-mayo\/\" class=\"url\" rel=\"bookmark\" tabindex=\"-1\" aria-hidden=\"true\"><img loading=\"lazy\" decoding=\"async\" width=\"780\" height=\"1040\" src=\"https:\/\/cafelapalma.com\/wp-content\/uploads\/2026\/07\/Imagen-TruffleMayo-LePetit-i-1-780x1040.png\" class=\"attachment-large size-large wp-post-image\" alt=\"\" \/><\/a>\n<\/div>\n\t<div class=\"tribe-related-event-info\">\n\t<h3 class=\"tribe-related-events-title\">\n\t\t<a href=\"https:\/\/cafelapalma.com\/en\/programacion\/backstage-le-petit-truffle-mayo\/\" class=\"tribe-event-url\" rel=\"bookmark\">\n\t\t\tBACKSTAGE: LE PETIT + TRUFFLE MAYO\t\t<\/a>\n\t<\/h3>\n\t<span class=\"tribe-event-date-start\">5  September@23:55<\/span><\/div>\n<\/li>\n\t\t\t<li>\n\t\n<div class=\"tribe-related-events-thumbnail\">\n\t<a href=\"https:\/\/cafelapalma.com\/en\/programacion\/willie-deville-concierto-benefico-x-venezuela\/\" class=\"url\" rel=\"bookmark\" tabindex=\"-1\" aria-hidden=\"true\"><img loading=\"lazy\" decoding=\"async\" width=\"1020\" height=\"531\" src=\"https:\/\/cafelapalma.com\/wp-content\/uploads\/2026\/08\/Willie-deville-1100x572-1-1040x541.jpg\" class=\"attachment-large size-large wp-post-image\" alt=\"\" \/><\/a>\n<\/div>\n\t<div class=\"tribe-related-event-info\">\n\t<h3 class=\"tribe-related-events-title\">\n\t\t<a href=\"https:\/\/cafelapalma.com\/en\/programacion\/willie-deville-concierto-benefico-x-venezuela\/\" class=\"tribe-event-url\" rel=\"bookmark\">\n\t\t\tWILLIE DEVILLE: CONCIERTO BEN\u00c9FICO X VENEZUELA\t\t<\/a>\n\t<\/h3>\n\t<span class=\"tribe-event-date-start\">6  September@21:00<\/span><span class=\"tribe-event-time\">23:45<\/span><\/div>\n<\/li>\n\t<\/ul>","protected":false},"excerpt":{"rendered":"<p>NOCTURNE es un viaje sensorial hacia la medianoche, un espacio donde la m\u00fasica y la atm\u00f3sfera se funden en un estado on\u00edrico.\u00a0 Inspirada en la quietud y el misterio de la noche, esta experiencia busca conectar almas en un trance colectivo, uniendo arte, ritmo y sensaciones en un escenario \u00edntimo y envolvente. Acompa\u00f1a la pista &hellip; <\/p>","protected":false},"author":2,"featured_media":31588,"template":"","meta":{"_tec_requires_first_save":false,"_uag_custom_page_level_css":"","loftloader_page_shortcode":"","_EventAllDay":false,"_EventTimezone":"Europe\/Madrid","_EventStartDate":"2025-09-25 23:50:00","_EventEndDate":"2025-09-25 23:55:00","_EventStartDateUTC":"2025-09-25 21:50:00","_EventEndDateUTC":"2025-09-25 21:55:00","_EventShowMap":false,"_EventShowMapLink":false,"_EventURL":"","_EventCost":"ENTRADA LIBRE","_EventCostDescription":"","_EventCurrencySymbol":"\u20ac","_EventCurrencyCode":"USD","_EventCurrencyPosition":"suffix","_EventDateTimeSeparator":"@","_EventTimeRangeSeparator":"-","_EventOrganizerID":[],"_EventVenueID":[],"_OrganizerEmail":"","_OrganizerPhone":"","_OrganizerWebsite":"","_VenueAddress":"","_VenueCity":"","_VenueCountry":"","_VenueProvince":"","_VenueState":"","_VenueZip":"","_VenuePhone":"","_VenueURL":"","_VenueStateProvince":"","_VenueLat":"","_VenueLng":"","_VenueShowMap":false,"_VenueShowMapLink":false,"_tribe_blocks_recurrence_rules":"","_tribe_blocks_recurrence_description":"","_tribe_blocks_recurrence_exclusions":"","_ecp_custom_2":"","_tribe_events_status":"","_tribe_events_status_reason":"","_tribe_events_is_hybrid":"","_tribe_events_is_virtual":"","_tribe_events_virtual_video_source":"","_tribe_events_virtual_embed_video":"","_tribe_events_virtual_linked_button_text":"","_tribe_events_virtual_linked_button":"","_tribe_events_virtual_show_embed_at":"","_tribe_events_virtual_show_embed_to":[],"_tribe_events_virtual_show_on_event":"","_tribe_events_virtual_show_on_views":"","_tribe_events_virtual_url":"","footnotes":""},"tags":[1363,8869,9225,9546,17799,12391,9226,9227,1357,17801,17802,17800,14941,17803,9549,15570,9559,17797,17798,17152,776],"tribe_events_cat":[8964],"class_list":["post-31586","tribe_events","type-tribe_events","status-publish","has-post-thumbnail","hentry","tag-cafe-la-palma","tag-cafe-la-palma-2","tag-cafe-la-palma-clubbing","tag-dark-disco","tag-den-blom","tag-detroit-techno","tag-djs-madrid","tag-djs-malasana","tag-electronica","tag-elvis-christ","tag-eshem6","tag-felso","tag-hard-groove","tag-hypnotic-raw","tag-indie-dance","tag-melodic-techno","tag-minimal","tag-nocturne","tag-onirum","tag-progressive-house","tag-techno","tribe_events_cat-clubbing","cat_clubbing"],"uagb_featured_image_src":{"full":["https:\/\/cafelapalma.com\/wp-content\/uploads\/2025\/07\/LOGO.jpg",500,500,false],"thumbnail":["https:\/\/cafelapalma.com\/wp-content\/uploads\/2025\/07\/LOGO-150x150.jpg",150,150,true],"medium":["https:\/\/cafelapalma.com\/wp-content\/uploads\/2025\/07\/LOGO-300x300.jpg",300,300,true],"medium_large":["https:\/\/cafelapalma.com\/wp-content\/uploads\/2025\/07\/LOGO.jpg",500,500,false],"large":["https:\/\/cafelapalma.com\/wp-content\/uploads\/2025\/07\/LOGO.jpg",500,500,false],"1536x1536":["https:\/\/cafelapalma.com\/wp-content\/uploads\/2025\/07\/LOGO.jpg",500,500,false],"2048x2048":["https:\/\/cafelapalma.com\/wp-content\/uploads\/2025\/07\/LOGO.jpg",500,500,false],"trp-custom-language-flag":["https:\/\/cafelapalma.com\/wp-content\/uploads\/2025\/07\/LOGO-12x12.jpg",12,12,true],"blossom-feminine-slider":["https:\/\/cafelapalma.com\/wp-content\/uploads\/2025\/07\/LOGO.jpg",500,500,false],"blossom-feminine-featured":["https:\/\/cafelapalma.com\/wp-content\/uploads\/2025\/07\/LOGO.jpg",500,500,false],"blossom-feminine-with-sidebar":["https:\/\/cafelapalma.com\/wp-content\/uploads\/2025\/07\/LOGO.jpg",500,500,false],"blossom-feminine-blog":["https:\/\/cafelapalma.com\/wp-content\/uploads\/2025\/07\/LOGO-435x435.jpg",435,435,true],"blossom-feminine-cat":["https:\/\/cafelapalma.com\/wp-content\/uploads\/2025\/07\/LOGO-450x300.jpg",450,300,true],"blossom-feminine-related":["https:\/\/cafelapalma.com\/wp-content\/uploads\/2025\/07\/LOGO-320x200.jpg",320,200,true],"blossom-feminine-schema":["https:\/\/cafelapalma.com\/wp-content\/uploads\/2025\/07\/LOGO-60x60.jpg",60,60,true]},"uagb_author_info":{"display_name":"Victor","author_link":"https:\/\/cafelapalma.com\/en\/author\/comunicacion\/"},"uagb_comment_info":0,"uagb_excerpt":"NOCTURNE es un viaje sensorial hacia la medianoche, un espacio donde la m\u00fasica y la atm\u00f3sfera se funden en un estado on\u00edrico.\u00a0 Inspirada en la quietud y el misterio de la noche, esta experiencia busca conectar almas en un trance colectivo, uniendo arte, ritmo y sensaciones en un escenario \u00edntimo y envolvente. Acompa\u00f1a la pista&hellip;","_links":{"self":[{"href":"https:\/\/cafelapalma.com\/en\/wp-json\/wp\/v2\/tribe_events\/31586","targetHints":{"allow":["GET"]}}],"collection":[{"href":"https:\/\/cafelapalma.com\/en\/wp-json\/wp\/v2\/tribe_events"}],"about":[{"href":"https:\/\/cafelapalma.com\/en\/wp-json\/wp\/v2\/types\/tribe_events"}],"author":[{"embeddable":true,"href":"https:\/\/cafelapalma.com\/en\/wp-json\/wp\/v2\/users\/2"}],"version-history":[{"count":0,"href":"https:\/\/cafelapalma.com\/en\/wp-json\/wp\/v2\/tribe_events\/31586\/revisions"}],"wp:featuredmedia":[{"embeddable":true,"href":"https:\/\/cafelapalma.com\/en\/wp-json\/wp\/v2\/media\/31588"}],"wp:attachment":[{"href":"https:\/\/cafelapalma.com\/en\/wp-json\/wp\/v2\/media?parent=31586"}],"wp:term":[{"taxonomy":"post_tag","embeddable":true,"href":"https:\/\/cafelapalma.com\/en\/wp-json\/wp\/v2\/tags?post=31586"},{"taxonomy":"tribe_events_cat","embeddable":true,"href":"https:\/\/cafelapalma.com\/en\/wp-json\/wp\/v2\/tribe_events_cat?post=31586"}],"curies":[{"name":"wp","href":"https:\/\/api.w.org\/{rel}","templated":true}]}}