{"id":31593,"date":"2025-07-21T17:55:21","date_gmt":"2025-07-21T15:55:21","guid":{"rendered":"https:\/\/cafelapalma.com\/?post_type=tribe_events&#038;p=31593"},"modified":"2025-07-21T18:07:34","modified_gmt":"2025-07-21T16:07:34","slug":"music-coolture-8","status":"publish","type":"tribe_events","link":"https:\/\/cafelapalma.com\/en\/programacion\/music-coolture-8\/","title":{"rendered":"ALEX TYCH\u00c9 + TINA P\u00c1MPANO + MEMI"},"content":{"rendered":"<div  class=\"tribe-events-schedule tribe-clearfix\" >\n\t<p class=\"tribe-events-schedule__datetime\">\n\t\t<span class=\"tribe-events-schedule__date tribe-events-schedule__date--start\">\n\t\t\t07  September  2025\t\t<\/span>\n\n\t\t\t\t\t<span class=\"tribe-events-schedule__separator tribe-events-schedule__separator--date\">\n\t\t\t\t@\t\t\t<\/span>\n\t\t\t<span class=\"tribe-events-schedule__time tribe-events-schedule__time--start\">\n\t\t\t\t21:00\t\t\t<\/span>\n\t\t\n\t\t\t\t\t\t\t\t\t<span class=\"tribe-events-schedule__separator tribe-events-schedule__separator--time\">\n\t\t\t\t\t\t\t\t\t<\/span>\n\t\t\t\n\t\t\t\t\t\t\t<span class=\"tribe-events-schedule__time tribe-events-schedule__time--end\">\n\t\t\t\t\t23:15\t\t\t\t<\/span>\n\t\t\t\n\t\t\t\t\t\t<\/p>\n<\/div>\n\n\n<div  class=\"tribe-block tribe-block__event-price\" >\n\t\t\t<span class=\"tribe-block__event-price__cost\"> 15\u20ac <\/span>\n\t\t\t\t<span class=\"tribe-block__event-price__description\">+ gg Anticipada | 18\u20ac Taquilla<\/span>\n\t<\/div>\n\n\n\n<div style=\"height:100px\" aria-hidden=\"true\" class=\"wp-block-spacer\"><\/div>\n\n\n\n<div class=\"wp-block-columns is-layout-flex wp-container-core-columns-is-layout-8f761849 wp-block-columns-is-layout-flex\">\n<div class=\"wp-block-column is-layout-flow wp-block-column-is-layout-flow\" style=\"flex-basis:33.33%\">\n<figure class=\"wp-block-image size-large\"><img loading=\"lazy\" decoding=\"async\" width=\"735\" height=\"1040\" src=\"https:\/\/cafelapalma.com\/wp-content\/uploads\/2025\/07\/MUSIC-COOLTURE-SEPT25-A3-LOW-735x1040.jpg\" alt=\"\" class=\"wp-image-31594\" srcset=\"https:\/\/cafelapalma.com\/wp-content\/uploads\/2025\/07\/MUSIC-COOLTURE-SEPT25-A3-LOW-735x1040.jpg 735w, https:\/\/cafelapalma.com\/wp-content\/uploads\/2025\/07\/MUSIC-COOLTURE-SEPT25-A3-LOW-212x300.jpg 212w, https:\/\/cafelapalma.com\/wp-content\/uploads\/2025\/07\/MUSIC-COOLTURE-SEPT25-A3-LOW-768x1086.jpg 768w, https:\/\/cafelapalma.com\/wp-content\/uploads\/2025\/07\/MUSIC-COOLTURE-SEPT25-A3-LOW-1086x1536.jpg 1086w, https:\/\/cafelapalma.com\/wp-content\/uploads\/2025\/07\/MUSIC-COOLTURE-SEPT25-A3-LOW-8x12.jpg 8w, https:\/\/cafelapalma.com\/wp-content\/uploads\/2025\/07\/MUSIC-COOLTURE-SEPT25-A3-LOW-42x60.jpg 42w, https:\/\/cafelapalma.com\/wp-content\/uploads\/2025\/07\/MUSIC-COOLTURE-SEPT25-A3-LOW.jpg 1414w\" sizes=\"auto, (max-width: 735px) 100vw, 735px\" \/><\/figure>\n\n\n<div  class=\"tribe-block tribe-block__event-website\" >\n\t<a\n\t\thref=\"https:\/\/link.dice.fm\/h3dacf6094df\"\n\t\ttarget=\"_self\"\n\t\t\t>\n\t\tBUY TICKETS\t<\/a>\n<\/div>\n<\/div>\n\n\n\n<div class=\"wp-block-column is-layout-flow wp-block-column-is-layout-flow\" style=\"flex-basis:66.66%\">\n<p class=\"has-text-align-left wp-block-paragraph\"><em><strong>MUSIC COOLTURE \u00b7 HOME of R&amp;B in MADRID<\/strong><\/em><\/p>\n\n\n\n<p class=\"has-text-align-left wp-block-paragraph\">Esto no va de un concierto m\u00e1s. Es un punto de encuentro para quienes sienten el R&amp;B como casa, para quienes buscan algo con alma, para quienes ya saben lo que es <strong>MUSIC COOLTURE<\/strong> o est\u00e1n a punto de descubrirlo.<\/p>\n\n\n\n<p class=\"has-text-align-right wp-block-paragraph\"><em><a href=\"https:\/\/www.instagram.com\/music.coolture\/\">Sigue a <\/a><\/em><strong><a href=\"https:\/\/www.instagram.com\/music.coolture\/\">MUSIC COOLTURE<\/a><\/strong><em><a href=\"https:\/\/www.instagram.com\/music.coolture\/\"> in <\/a><\/em><strong><a href=\"https:\/\/www.instagram.com\/music.coolture\/\">Instagram<\/a><\/strong><\/p>\n\n\n\n<p class=\"has-text-align-left wp-block-paragraph\"><strong>ALEX TYCH\u00c9<\/strong> es un cantautor de <strong>Santander <\/strong>con influencias de R&amp;B contempor\u00e1neo, jazz, funk e indie. Con una s\u00f3lida experiencia en directo (<strong>Sonorama<\/strong>, teatros, festivales), combina sensibilidad vocal con t\u00e9cnica y una presencia esc\u00e9nica construida sobre a\u00f1os de carrera coral y proyectos en vivo. Actualmente trabaja junto a m\u00fasicos de alto nivel como <strong>Javi Escudero<\/strong> (<strong>Latin Grammy winner<\/strong>).<\/p>\n\n\n\n<p class=\"has-text-align-right wp-block-paragraph\"><em><a href=\"https:\/\/open.spotify.com\/intl-es\/artist\/45RyUTqirSBZbPYuvv0cCf?si=bdkdtpe_R_-r_Z91TwsFeA\">Listen to <\/a><\/em><strong><a href=\"https:\/\/open.spotify.com\/intl-es\/artist\/45RyUTqirSBZbPYuvv0cCf?si=bdkdtpe_R_-r_Z91TwsFeA\">ALEX TYCH\u00c9 <\/a><\/strong><em><a href=\"https:\/\/open.spotify.com\/intl-es\/artist\/45RyUTqirSBZbPYuvv0cCf?si=bdkdtpe_R_-r_Z91TwsFeA\">in <\/a><\/em><strong><a href=\"https:\/\/open.spotify.com\/intl-es\/artist\/45RyUTqirSBZbPYuvv0cCf?si=bdkdtpe_R_-r_Z91TwsFeA\">Spotify<\/a><\/strong><\/p>\n\n\n\n<p class=\"has-text-align-left wp-block-paragraph\">Desde el norte de <strong>Espa\u00f1a<\/strong>, <strong>TINA P\u00c1MPANO<\/strong> trae una propuesta sonora pulida y muy personal. Fusiona Jazz, Soul y R&amp;B en un universo delicado, donde cada sonido est\u00e1 cuidado al detalle. Voz suave, atm\u00f3sfera envolvente y un estilo que va directo al alma.<\/p>\n\n\n\n<p class=\"has-text-align-right wp-block-paragraph\"><em><a href=\"https:\/\/open.spotify.com\/intl-es\/artist\/3JpVAGms96OlNuWPRfrI28?si=Pm5oivHUSO-2cBzsOMAzOg\">Listen to <\/a><\/em><strong><a href=\"https:\/\/open.spotify.com\/intl-es\/artist\/3JpVAGms96OlNuWPRfrI28?si=Pm5oivHUSO-2cBzsOMAzOg\">TINA P\u00c1MPANO <\/a><\/strong><em><a href=\"https:\/\/open.spotify.com\/intl-es\/artist\/3JpVAGms96OlNuWPRfrI28?si=Pm5oivHUSO-2cBzsOMAzOg\">in <\/a><\/em><strong><a href=\"https:\/\/open.spotify.com\/intl-es\/artist\/3JpVAGms96OlNuWPRfrI28?si=Pm5oivHUSO-2cBzsOMAzOg\">Spotify<\/a><\/strong><\/p>\n\n\n\n<p class=\"has-text-align-left wp-block-paragraph\"><strong>MEMI<\/strong> es un cantante, compositor y productor argentino afincado en <strong>Barcelona<\/strong>. Su sonido mezcla el R&amp;B\/pop con referencias claras al groove elegante de los 2000s (piensa en <strong>Justin Timberlake<\/strong> + <strong>Britney Spears<\/strong>, pero con letra en espa\u00f1ol y mucha identidad). Con formaci\u00f3n musical en <strong>Londres<\/strong>, <strong>MEMI<\/strong> propone una visi\u00f3n fresca y audaz del R&amp;B en castellano.<\/p>\n\n\n\n<p class=\"has-text-align-right wp-block-paragraph\"><em><a href=\"https:\/\/open.spotify.com\/intl-es\/artist\/05YKMY1AO7emDk8jPpvY5B?si=gqnUcVUhQ3Gn40J4lEz3SQ\">Listen to <\/a><\/em><strong><a href=\"https:\/\/open.spotify.com\/intl-es\/artist\/05YKMY1AO7emDk8jPpvY5B?si=gqnUcVUhQ3Gn40J4lEz3SQ\">MEMI <\/a><\/strong><em><a href=\"https:\/\/open.spotify.com\/intl-es\/artist\/05YKMY1AO7emDk8jPpvY5B?si=gqnUcVUhQ3Gn40J4lEz3SQ\">in <\/a><\/em><strong><a href=\"https:\/\/open.spotify.com\/intl-es\/artist\/05YKMY1AO7emDk8jPpvY5B?si=gqnUcVUhQ3Gn40J4lEz3SQ\">Spotify<\/a><\/strong><\/p>\n<\/div>\n<\/div>\n\n\n\n<div style=\"height:100px\" aria-hidden=\"true\" class=\"wp-block-spacer\"><\/div>\n\n\n\n<hr class=\"wp-block-separator has-alpha-channel-opacity\"\/>\n\n\n\n<div style=\"height:100px\" aria-hidden=\"true\" class=\"wp-block-spacer\"><\/div>\n\n\n<h2 class=\"tribe-block__related-events__title\">Related Events<\/h2>\n\n<ul  class=\"tribe-related-events tribe-clearfix\" >\n\t\t\t<li>\n\t\n<div class=\"tribe-related-events-thumbnail\">\n\t<a href=\"https:\/\/cafelapalma.com\/en\/programacion\/willie-deville-concierto-benefico-x-venezuela\/\" class=\"url\" rel=\"bookmark\" tabindex=\"-1\" aria-hidden=\"true\"><img loading=\"lazy\" decoding=\"async\" width=\"1020\" height=\"531\" src=\"https:\/\/cafelapalma.com\/wp-content\/uploads\/2026\/08\/Willie-deville-1100x572-1-1040x541.jpg\" class=\"attachment-large size-large wp-post-image\" alt=\"\" \/><\/a>\n<\/div>\n\t<div class=\"tribe-related-event-info\">\n\t<h3 class=\"tribe-related-events-title\">\n\t\t<a href=\"https:\/\/cafelapalma.com\/en\/programacion\/willie-deville-concierto-benefico-x-venezuela\/\" class=\"tribe-event-url\" rel=\"bookmark\">\n\t\t\tWILLIE DEVILLE: CONCIERTO BEN\u00c9FICO X VENEZUELA\t\t<\/a>\n\t<\/h3>\n\t<span class=\"tribe-event-date-start\">6  September@21:00<\/span><span class=\"tribe-event-time\">23:45<\/span><\/div>\n<\/li>\n\t\t\t<li>\n\t\n<div class=\"tribe-related-events-thumbnail\">\n\t<a href=\"https:\/\/cafelapalma.com\/en\/programacion\/new-boix\/\" class=\"url\" rel=\"bookmark\" tabindex=\"-1\" aria-hidden=\"true\"><img loading=\"lazy\" decoding=\"async\" width=\"694\" height=\"1040\" src=\"https:\/\/cafelapalma.com\/wp-content\/uploads\/2026\/05\/WhatsApp-Image-2026-04-29-at-12.00.28-694x1040.jpeg\" class=\"attachment-large size-large wp-post-image\" alt=\"\" \/><\/a>\n<\/div>\n\t<div class=\"tribe-related-event-info\">\n\t<h3 class=\"tribe-related-events-title\">\n\t\t<a href=\"https:\/\/cafelapalma.com\/en\/programacion\/new-boix\/\" class=\"tribe-event-url\" rel=\"bookmark\">\n\t\t\tNEW BOIX\t\t<\/a>\n\t<\/h3>\n\t<span class=\"tribe-event-date-start\">10  September@22:00<\/span><span class=\"tribe-event-time\">23:45<\/span><\/div>\n<\/li>\n\t\t\t<li>\n\t\n<div class=\"tribe-related-events-thumbnail\">\n\t<a href=\"https:\/\/cafelapalma.com\/en\/programacion\/eric-rohmer-seasunday\/\" class=\"url\" rel=\"bookmark\" tabindex=\"-1\" aria-hidden=\"true\"><img loading=\"lazy\" decoding=\"async\" width=\"693\" height=\"1040\" src=\"https:\/\/cafelapalma.com\/wp-content\/uploads\/2026\/07\/ERIC-ROHMER-VERTICAL-1-693x1040.jpg\" class=\"attachment-large size-large wp-post-image\" alt=\"\" \/><\/a>\n<\/div>\n\t<div class=\"tribe-related-event-info\">\n\t<h3 class=\"tribe-related-events-title\">\n\t\t<a href=\"https:\/\/cafelapalma.com\/en\/programacion\/eric-rohmer-seasunday\/\" class=\"tribe-event-url\" rel=\"bookmark\">\n\t\t\tERIC ROHMER + SEASUNDAY\t\t<\/a>\n\t<\/h3>\n\t<span class=\"tribe-event-date-start\">11  September@21:00<\/span><span class=\"tribe-event-time\">23:45<\/span><\/div>\n<\/li>\n\t<\/ul>","protected":false},"excerpt":{"rendered":"<p>MUSIC COOLTURE \u00b7 HOME of R&amp;B in MADRID Esto no va de un concierto m\u00e1s. Es un punto de encuentro para quienes sienten el R&amp;B como casa, para quienes buscan algo con alma, para quienes ya saben lo que es MUSIC COOLTURE o est\u00e1n a punto de descubrirlo. Sigue a MUSIC COOLTURE en Instagram ALEX &hellip; <\/p>","protected":false},"author":2,"featured_media":30518,"template":"","meta":{"_tec_requires_first_save":false,"_uag_custom_page_level_css":"","loftloader_page_shortcode":"","_EventAllDay":false,"_EventTimezone":"Europe\/Madrid","_EventStartDate":"2025-09-07 21:00:00","_EventEndDate":"2025-09-07 23:15:00","_EventStartDateUTC":"2025-09-07 19:00:00","_EventEndDateUTC":"2025-09-07 21:15:00","_EventShowMap":false,"_EventShowMapLink":false,"_EventURL":"https:\/\/link.dice.fm\/h3dacf6094df","_EventCost":"15","_EventCostDescription":"","_EventCurrencySymbol":"","_EventCurrencyCode":"","_EventCurrencyPosition":"","_EventDateTimeSeparator":"","_EventTimeRangeSeparator":"","_EventOrganizerID":[],"_EventVenueID":[],"_OrganizerEmail":"","_OrganizerPhone":"","_OrganizerWebsite":"","_VenueAddress":"","_VenueCity":"","_VenueCountry":"","_VenueProvince":"","_VenueState":"","_VenueZip":"","_VenuePhone":"","_VenueURL":"","_VenueStateProvince":"","_VenueLat":"","_VenueLng":"","_VenueShowMap":false,"_VenueShowMapLink":false,"_tribe_blocks_recurrence_rules":"","_tribe_blocks_recurrence_description":"","_tribe_blocks_recurrence_exclusions":"","_ecp_custom_2":"","_tribe_events_status":"","_tribe_events_status_reason":"","_tribe_events_is_hybrid":"","_tribe_events_is_virtual":"","_tribe_events_virtual_video_source":"","_tribe_events_virtual_embed_video":"","_tribe_events_virtual_linked_button_text":"","_tribe_events_virtual_linked_button":"","_tribe_events_virtual_show_embed_at":"","_tribe_events_virtual_show_embed_to":[],"_tribe_events_virtual_show_on_event":"","_tribe_events_virtual_show_on_views":"","_tribe_events_virtual_url":"","footnotes":""},"tags":[12702,17804,16140,1363,2865,9147,9146,779,16067,2396,17807,777,17806,15400,12765,9630,9632,9631,9620,17805,2397],"tribe_events_cat":[8963],"class_list":["post-31593","tribe_events","type-tribe_events","status-publish","has-post-thumbnail","hentry","tag-afrobeat","tag-alex-tyche","tag-ana-rivera","tag-cafe-la-palma","tag-conciertos-cafe-la-palma","tag-conciertos-madrid","tag-conciertos-malasana","tag-funk","tag-gospel","tag-hip-hop","tag-javi-escudero","tag-jazz","tag-memi","tag-music-coolture","tag-neosoul","tag-rnb","tag-rb","tag-rhythm-and-blues","tag-soul","tag-tina-pampano","tag-trap","tribe_events_cat-concierto","cat_concierto"],"uagb_featured_image_src":{"full":["https:\/\/cafelapalma.com\/wp-content\/uploads\/2025\/02\/MUSIC-COOLTURE-FRONT.png",1414,2000,false],"thumbnail":["https:\/\/cafelapalma.com\/wp-content\/uploads\/2025\/02\/MUSIC-COOLTURE-FRONT-150x150.png",150,150,true],"medium":["https:\/\/cafelapalma.com\/wp-content\/uploads\/2025\/02\/MUSIC-COOLTURE-FRONT-212x300.png",212,300,true],"medium_large":["https:\/\/cafelapalma.com\/wp-content\/uploads\/2025\/02\/MUSIC-COOLTURE-FRONT-768x1086.png",768,1086,true],"large":["https:\/\/cafelapalma.com\/wp-content\/uploads\/2025\/02\/MUSIC-COOLTURE-FRONT-735x1040.png",735,1040,true],"1536x1536":["https:\/\/cafelapalma.com\/wp-content\/uploads\/2025\/02\/MUSIC-COOLTURE-FRONT-1086x1536.png",1086,1536,true],"2048x2048":["https:\/\/cafelapalma.com\/wp-content\/uploads\/2025\/02\/MUSIC-COOLTURE-FRONT.png",1414,2000,false],"trp-custom-language-flag":["https:\/\/cafelapalma.com\/wp-content\/uploads\/2025\/02\/MUSIC-COOLTURE-FRONT.png",8,12,false],"blossom-feminine-slider":["https:\/\/cafelapalma.com\/wp-content\/uploads\/2025\/02\/MUSIC-COOLTURE-FRONT-1414x649.png",1414,649,true],"blossom-feminine-featured":["https:\/\/cafelapalma.com\/wp-content\/uploads\/2025\/02\/MUSIC-COOLTURE-FRONT-1410x600.png",1410,600,true],"blossom-feminine-with-sidebar":["https:\/\/cafelapalma.com\/wp-content\/uploads\/2025\/02\/MUSIC-COOLTURE-FRONT-1020x600.png",1020,600,true],"blossom-feminine-blog":["https:\/\/cafelapalma.com\/wp-content\/uploads\/2025\/02\/MUSIC-COOLTURE-FRONT-435x435.png",435,435,true],"blossom-feminine-cat":["https:\/\/cafelapalma.com\/wp-content\/uploads\/2025\/02\/MUSIC-COOLTURE-FRONT-450x300.png",450,300,true],"blossom-feminine-related":["https:\/\/cafelapalma.com\/wp-content\/uploads\/2025\/02\/MUSIC-COOLTURE-FRONT-320x200.png",320,200,true],"blossom-feminine-schema":["https:\/\/cafelapalma.com\/wp-content\/uploads\/2025\/02\/MUSIC-COOLTURE-FRONT-42x60.png",42,60,true]},"uagb_author_info":{"display_name":"Victor","author_link":"https:\/\/cafelapalma.com\/en\/author\/comunicacion\/"},"uagb_comment_info":0,"uagb_excerpt":"MUSIC COOLTURE \u00b7 HOME of R&amp;B in MADRID Esto no va de un concierto m\u00e1s. Es un punto de encuentro para quienes sienten el R&amp;B como casa, para quienes buscan algo con alma, para quienes ya saben lo que es MUSIC COOLTURE o est\u00e1n a punto de descubrirlo. Sigue a MUSIC COOLTURE en Instagram ALEX&hellip;","_links":{"self":[{"href":"https:\/\/cafelapalma.com\/en\/wp-json\/wp\/v2\/tribe_events\/31593","targetHints":{"allow":["GET"]}}],"collection":[{"href":"https:\/\/cafelapalma.com\/en\/wp-json\/wp\/v2\/tribe_events"}],"about":[{"href":"https:\/\/cafelapalma.com\/en\/wp-json\/wp\/v2\/types\/tribe_events"}],"author":[{"embeddable":true,"href":"https:\/\/cafelapalma.com\/en\/wp-json\/wp\/v2\/users\/2"}],"version-history":[{"count":0,"href":"https:\/\/cafelapalma.com\/en\/wp-json\/wp\/v2\/tribe_events\/31593\/revisions"}],"wp:featuredmedia":[{"embeddable":true,"href":"https:\/\/cafelapalma.com\/en\/wp-json\/wp\/v2\/media\/30518"}],"wp:attachment":[{"href":"https:\/\/cafelapalma.com\/en\/wp-json\/wp\/v2\/media?parent=31593"}],"wp:term":[{"taxonomy":"post_tag","embeddable":true,"href":"https:\/\/cafelapalma.com\/en\/wp-json\/wp\/v2\/tags?post=31593"},{"taxonomy":"tribe_events_cat","embeddable":true,"href":"https:\/\/cafelapalma.com\/en\/wp-json\/wp\/v2\/tribe_events_cat?post=31593"}],"curies":[{"name":"wp","href":"https:\/\/api.w.org\/{rel}","templated":true}]}}