{"id":31619,"date":"2025-07-28T13:23:02","date_gmt":"2025-07-28T11:23:02","guid":{"rendered":"https:\/\/cafelapalma.com\/?post_type=tribe_events&#038;p=31619"},"modified":"2025-07-28T13:23:05","modified_gmt":"2025-07-28T11:23:05","slug":"flores-del-infierno-presenta-raiz-cruz-cortes","status":"publish","type":"tribe_events","link":"https:\/\/cafelapalma.com\/en\/programacion\/flores-del-infierno-presenta-raiz-cruz-cortes\/","title":{"rendered":"FLORES DEL INFIERNO + CRUZ CORT\u00c9S"},"content":{"rendered":"<div  class=\"tribe-events-schedule tribe-clearfix\" >\n\t<p class=\"tribe-events-schedule__datetime\">\n\t\t<span class=\"tribe-events-schedule__date tribe-events-schedule__date--start\">\n\t\t\t02  October  2025\t\t<\/span>\n\n\t\t\t\t\t<span class=\"tribe-events-schedule__separator tribe-events-schedule__separator--date\">\n\t\t\t\t@\t\t\t<\/span>\n\t\t\t<span class=\"tribe-events-schedule__time tribe-events-schedule__time--start\">\n\t\t\t\t21:30\t\t\t<\/span>\n\t\t\n\t\t\t\t\t\t\t\t\t<span class=\"tribe-events-schedule__separator tribe-events-schedule__separator--time\">\n\t\t\t\t\t&#8211;\t\t\t\t<\/span>\n\t\t\t\n\t\t\t\t\t\t\t<span class=\"tribe-events-schedule__time tribe-events-schedule__time--end\">\n\t\t\t\t\t23:50\t\t\t\t<\/span>\n\t\t\t\n\t\t\t\t\t\t<\/p>\n<\/div>\n\n\n<div  class=\"tribe-block tribe-block__event-price\" >\n\t\t\t<span class=\"tribe-block__event-price__cost\"> 12\u20ac <\/span>\n\t\t\t\t<span class=\"tribe-block__event-price__description\">+ gg Anticipada | 15\u20ac Taquilla<\/span>\n\t<\/div>\n\n\n\n<div style=\"height:100px\" aria-hidden=\"true\" class=\"wp-block-spacer\"><\/div>\n\n\n\n<div class=\"wp-block-columns is-layout-flex wp-container-core-columns-is-layout-8f761849 wp-block-columns-is-layout-flex\">\n<div class=\"wp-block-column is-layout-flow wp-block-column-is-layout-flow\" style=\"flex-basis:33.33%\">\n<figure class=\"wp-block-image size-large\"><img loading=\"lazy\" decoding=\"async\" width=\"709\" height=\"1040\" src=\"https:\/\/cafelapalma.com\/wp-content\/uploads\/2025\/07\/FLORES-DEL-INFIERNO-A3-LOW-709x1040.jpg\" alt=\"\" class=\"wp-image-31620\" srcset=\"https:\/\/cafelapalma.com\/wp-content\/uploads\/2025\/07\/FLORES-DEL-INFIERNO-A3-LOW-709x1040.jpg 709w, https:\/\/cafelapalma.com\/wp-content\/uploads\/2025\/07\/FLORES-DEL-INFIERNO-A3-LOW-205x300.jpg 205w, https:\/\/cafelapalma.com\/wp-content\/uploads\/2025\/07\/FLORES-DEL-INFIERNO-A3-LOW-768x1127.jpg 768w, https:\/\/cafelapalma.com\/wp-content\/uploads\/2025\/07\/FLORES-DEL-INFIERNO-A3-LOW-1047x1536.jpg 1047w, https:\/\/cafelapalma.com\/wp-content\/uploads\/2025\/07\/FLORES-DEL-INFIERNO-A3-LOW-1396x2048.jpg 1396w, https:\/\/cafelapalma.com\/wp-content\/uploads\/2025\/07\/FLORES-DEL-INFIERNO-A3-LOW-8x12.jpg 8w, https:\/\/cafelapalma.com\/wp-content\/uploads\/2025\/07\/FLORES-DEL-INFIERNO-A3-LOW-41x60.jpg 41w, https:\/\/cafelapalma.com\/wp-content\/uploads\/2025\/07\/FLORES-DEL-INFIERNO-A3-LOW.jpg 1559w\" sizes=\"auto, (max-width: 709px) 100vw, 709px\" \/><\/figure>\n\n\n<div  class=\"tribe-block tribe-block__event-website\" >\n\t<a\n\t\thref=\"https:\/\/www.passline.com\/eventos\/flores-del-infierno-cruz-cortes\"\n\t\ttarget=\"_self\"\n\t\t\t>\n\t\tBUY TICKETS\t<\/a>\n<\/div>\n<\/div>\n\n\n\n<div class=\"wp-block-column is-layout-flow wp-block-column-is-layout-flow\" style=\"flex-basis:66.66%\">\n<p class=\"wp-block-paragraph\"><\/p>\n\n\n\n<p class=\"has-text-align-left wp-block-paragraph\"><strong>FLORES DEL INFIERNO <\/strong>es una banda de rock alternativo originaria de <strong>Madrid <\/strong>que destaca por su capacidad para mezclar intensidad emocional y fuerza sonora. Con influencias que van desde <strong>Fito y Fitipaldis<\/strong> hasta <strong>Foo Fighters<\/strong>, el grupo construye una identidad propia basada en ra\u00edces del rock cl\u00e1sico y una sensibilidad contempor\u00e1nea. Su m\u00fasica explora temas profundos como el duelo, la esperanza y la vulnerabilidad humana, siempre con un enfoque \u00edntimo y potente.<\/p>\n\n\n\n<p class=\"has-text-align-left wp-block-paragraph\">La banda presenta su primer EP titulado <strong>\u201c<em>Ra\u00edz\u201d<\/em><\/strong>, una obra producida por<strong> Alberto Seara<\/strong> (<strong>M\u00e4go de OZ<\/strong>, <strong>S\u00f4ber<\/strong>)\u00a0 que refleja su esencia m\u00e1s pura: melod\u00edas intensas, letras cargadas de emoci\u00f3n y una producci\u00f3n cuidada que realza cada matiz. Entre sus temas destaca <em><strong>\u00abUn Final Mejor\u00bb<\/strong><\/em>, segundo sencillo del grupo, una balada melanc\u00f3lica y poderosa donde la guitarra y la voz cobran protagonismo. Con este lanzamiento, <strong>FLORES DEL INFIERNO<\/strong> se posiciona como una de las propuestas m\u00e1s prometedoras del panorama rock actual.<\/p>\n\n\n\n<p class=\"has-text-align-right wp-block-paragraph\"><em><a href=\"https:\/\/open.spotify.com\/intl-es\/artist\/0QJGRy0YMXk2pBqvkyzHX4?si=TVeaZ3L0QriIGCSmKFmsDw\">Listen to <\/a><\/em><strong><a href=\"https:\/\/open.spotify.com\/intl-es\/artist\/0QJGRy0YMXk2pBqvkyzHX4?si=TVeaZ3L0QriIGCSmKFmsDw\">FLORES DEL INFIERNO<\/a><\/strong><em><a href=\"https:\/\/open.spotify.com\/intl-es\/artist\/0QJGRy0YMXk2pBqvkyzHX4?si=TVeaZ3L0QriIGCSmKFmsDw\"> in <\/a><\/em><strong><a href=\"https:\/\/open.spotify.com\/intl-es\/artist\/0QJGRy0YMXk2pBqvkyzHX4?si=TVeaZ3L0QriIGCSmKFmsDw\">Spotify<\/a><\/strong><\/p>\n\n\n\n<p class=\"has-text-align-left wp-block-paragraph\">El tr\u00edo madrile\u00f1o\u00a0<strong>CRUZ CORT\u00c9S<\/strong>\u00a0regresa a<strong> CAFE LA PALMA<\/strong>. Tras la presentaci\u00f3n en febrero de su sencillo\u00a0<em><strong>\u201cFuego\u201d<\/strong><\/em>, pretenden la conquista de las pistas de baile surfeando para ello el funk, el indie pop o el drum\u2019n\u2019bass, entre otros estilos. La polivalencia es la clave del directo, donde los cambios de instrumento son continuos entre cuerdas y sintes, y el ritmo camina entre la pegada anal\u00f3gica del bombo caja y el bit electr\u00f3nico de bases tiradas\u00a0<em>ad hoc<\/em>. Todo ello pensado con un \u00fanico prop\u00f3sito: bailar y hacer bailar.<\/p>\n\n\n\n<p class=\"has-text-align-right wp-block-paragraph\"><em><a href=\"https:\/\/open.spotify.com\/intl-es\/artist\/01mAe4uD55OTeQaSyMs3wX?si=s9OqImaTTN2ZQd2oMp4TIg\">Listen to <\/a><\/em><strong><a href=\"https:\/\/open.spotify.com\/intl-es\/artist\/01mAe4uD55OTeQaSyMs3wX?si=s9OqImaTTN2ZQd2oMp4TIg\">CRUZ CORT\u00c9S<\/a><\/strong><em><a href=\"https:\/\/open.spotify.com\/intl-es\/artist\/01mAe4uD55OTeQaSyMs3wX?si=s9OqImaTTN2ZQd2oMp4TIg\"> in <\/a><\/em><strong><a href=\"https:\/\/open.spotify.com\/intl-es\/artist\/01mAe4uD55OTeQaSyMs3wX?si=s9OqImaTTN2ZQd2oMp4TIg\">Spotify<\/a><\/strong><\/p>\n<\/div>\n<\/div>\n\n\n\n<div style=\"height:100px\" aria-hidden=\"true\" class=\"wp-block-spacer\"><\/div>\n\n\n\n<hr class=\"wp-block-separator has-alpha-channel-opacity\"\/>\n\n\n\n<div style=\"height:100px\" aria-hidden=\"true\" class=\"wp-block-spacer\"><\/div>\n\n\n<h2 class=\"tribe-block__related-events__title\">Related Events<\/h2>\n\n<ul  class=\"tribe-related-events tribe-clearfix\" >\n\t\t\t<li>\n\t\n<div class=\"tribe-related-events-thumbnail\">\n\t<a href=\"https:\/\/cafelapalma.com\/en\/programacion\/funkin-donuts\/\" class=\"url\" rel=\"bookmark\" tabindex=\"-1\" aria-hidden=\"true\"><img loading=\"lazy\" decoding=\"async\" width=\"693\" height=\"1040\" src=\"https:\/\/cafelapalma.com\/wp-content\/uploads\/2026\/07\/FD-vert2-bn-693x1040.jpg\" class=\"attachment-large size-large wp-post-image\" alt=\"\" \/><\/a>\n<\/div>\n\t<div class=\"tribe-related-event-info\">\n\t<h3 class=\"tribe-related-events-title\">\n\t\t<a href=\"https:\/\/cafelapalma.com\/en\/programacion\/funkin-donuts\/\" class=\"tribe-event-url\" rel=\"bookmark\">\n\t\t\tFUNKIN&#8217; DONUTS\t\t<\/a>\n\t<\/h3>\n\t<span class=\"tribe-event-date-start\">5  September@22:00<\/span><span class=\"tribe-event-time\">23:45<\/span><\/div>\n<\/li>\n\t\t\t<li>\n\t\n<div class=\"tribe-related-events-thumbnail\">\n\t<a href=\"https:\/\/cafelapalma.com\/en\/programacion\/backstage-le-petit-truffle-mayo\/\" class=\"url\" rel=\"bookmark\" tabindex=\"-1\" aria-hidden=\"true\"><img loading=\"lazy\" decoding=\"async\" width=\"780\" height=\"1040\" src=\"https:\/\/cafelapalma.com\/wp-content\/uploads\/2026\/07\/Imagen-TruffleMayo-LePetit-i-1-780x1040.png\" class=\"attachment-large size-large wp-post-image\" alt=\"\" \/><\/a>\n<\/div>\n\t<div class=\"tribe-related-event-info\">\n\t<h3 class=\"tribe-related-events-title\">\n\t\t<a href=\"https:\/\/cafelapalma.com\/en\/programacion\/backstage-le-petit-truffle-mayo\/\" class=\"tribe-event-url\" rel=\"bookmark\">\n\t\t\tBACKSTAGE: LE PETIT + TRUFFLE MAYO\t\t<\/a>\n\t<\/h3>\n\t<span class=\"tribe-event-date-start\">5  September@23:55<\/span><\/div>\n<\/li>\n\t\t\t<li>\n\t\n<div class=\"tribe-related-events-thumbnail\">\n\t<a href=\"https:\/\/cafelapalma.com\/en\/programacion\/willie-deville-concierto-benefico-x-venezuela\/\" class=\"url\" rel=\"bookmark\" tabindex=\"-1\" aria-hidden=\"true\"><img loading=\"lazy\" decoding=\"async\" width=\"1020\" height=\"531\" src=\"https:\/\/cafelapalma.com\/wp-content\/uploads\/2026\/08\/Willie-deville-1100x572-1-1040x541.jpg\" class=\"attachment-large size-large wp-post-image\" alt=\"\" \/><\/a>\n<\/div>\n\t<div class=\"tribe-related-event-info\">\n\t<h3 class=\"tribe-related-events-title\">\n\t\t<a href=\"https:\/\/cafelapalma.com\/en\/programacion\/willie-deville-concierto-benefico-x-venezuela\/\" class=\"tribe-event-url\" rel=\"bookmark\">\n\t\t\tWILLIE DEVILLE: CONCIERTO BEN\u00c9FICO X VENEZUELA\t\t<\/a>\n\t<\/h3>\n\t<span class=\"tribe-event-date-start\">6  September@21:00<\/span><span class=\"tribe-event-time\">23:45<\/span><\/div>\n<\/li>\n\t<\/ul>","protected":false},"excerpt":{"rendered":"<p>FLORES DEL INFIERNO es una banda de rock alternativo originaria de Madrid que destaca por su capacidad para mezclar intensidad emocional y fuerza sonora. Con influencias que van desde Fito y Fitipaldis hasta Foo Fighters, el grupo construye una identidad propia basada en ra\u00edces del rock cl\u00e1sico y una sensibilidad contempor\u00e1nea. Su m\u00fasica explora temas &hellip; <\/p>","protected":false},"author":2,"featured_media":31621,"template":"","meta":{"_tec_requires_first_save":false,"_uag_custom_page_level_css":"","loftloader_page_shortcode":"","_EventAllDay":false,"_EventTimezone":"Europe\/Madrid","_EventStartDate":"2025-10-02 21:30:00","_EventEndDate":"2025-10-02 23:50:00","_EventStartDateUTC":"2025-10-02 19:30:00","_EventEndDateUTC":"2025-10-02 21:50:00","_EventShowMap":false,"_EventShowMapLink":false,"_EventURL":"https:\/\/www.passline.com\/eventos\/flores-del-infierno-cruz-cortes","_EventCost":"12","_EventCostDescription":"","_EventCurrencySymbol":"\u20ac","_EventCurrencyCode":"USD","_EventCurrencyPosition":"suffix","_EventDateTimeSeparator":"@","_EventTimeRangeSeparator":"-","_EventOrganizerID":[],"_EventVenueID":[],"_OrganizerEmail":"","_OrganizerPhone":"","_OrganizerWebsite":"","_VenueAddress":"","_VenueCity":"","_VenueCountry":"","_VenueProvince":"","_VenueState":"","_VenueZip":"","_VenuePhone":"","_VenueURL":"","_VenueStateProvince":"","_VenueLat":"","_VenueLng":"","_VenueShowMap":false,"_VenueShowMapLink":false,"_tribe_blocks_recurrence_rules":"","_tribe_blocks_recurrence_description":"","_tribe_blocks_recurrence_exclusions":"","_ecp_custom_2":"","_tribe_events_status":"","_tribe_events_status_reason":"","_tribe_events_is_hybrid":"","_tribe_events_is_virtual":"","_tribe_events_virtual_video_source":"","_tribe_events_virtual_embed_video":"","_tribe_events_virtual_linked_button_text":"","_tribe_events_virtual_linked_button":"","_tribe_events_virtual_show_embed_at":"","_tribe_events_virtual_show_embed_to":[],"_tribe_events_virtual_show_on_event":"","_tribe_events_virtual_show_on_views":"","_tribe_events_virtual_url":"","footnotes":""},"tags":[17852,1363,8869,2865,9147,9146,15160,17850,15162,9515,17853,17851,1354,9959,17854,17855],"tribe_events_cat":[8963],"class_list":["post-31619","tribe_events","type-tribe_events","status-publish","has-post-thumbnail","hentry","tag-alberto-seara","tag-cafe-la-palma","tag-cafe-la-palma-2","tag-conciertos-cafe-la-palma","tag-conciertos-madrid","tag-conciertos-malasana","tag-cruz-cortes","tag-flores-del-infierno","tag-fuego","tag-indie-rock","tag-mago-de-oz","tag-raiz","tag-rock","tag-rock-alternativo","tag-sober","tag-un-final-mejor","tribe_events_cat-concierto","cat_concierto"],"uagb_featured_image_src":{"full":["https:\/\/cafelapalma.com\/wp-content\/uploads\/2025\/07\/FLORES-PIC.jpg",1068,1335,false],"thumbnail":["https:\/\/cafelapalma.com\/wp-content\/uploads\/2025\/07\/FLORES-PIC-150x150.jpg",150,150,true],"medium":["https:\/\/cafelapalma.com\/wp-content\/uploads\/2025\/07\/FLORES-PIC-240x300.jpg",240,300,true],"medium_large":["https:\/\/cafelapalma.com\/wp-content\/uploads\/2025\/07\/FLORES-PIC-768x960.jpg",768,960,true],"large":["https:\/\/cafelapalma.com\/wp-content\/uploads\/2025\/07\/FLORES-PIC-832x1040.jpg",832,1040,true],"1536x1536":["https:\/\/cafelapalma.com\/wp-content\/uploads\/2025\/07\/FLORES-PIC.jpg",1068,1335,false],"2048x2048":["https:\/\/cafelapalma.com\/wp-content\/uploads\/2025\/07\/FLORES-PIC.jpg",1068,1335,false],"trp-custom-language-flag":["https:\/\/cafelapalma.com\/wp-content\/uploads\/2025\/07\/FLORES-PIC-10x12.jpg",10,12,true],"blossom-feminine-slider":["https:\/\/cafelapalma.com\/wp-content\/uploads\/2025\/07\/FLORES-PIC-1068x649.jpg",1068,649,true],"blossom-feminine-featured":["https:\/\/cafelapalma.com\/wp-content\/uploads\/2025\/07\/FLORES-PIC-1068x600.jpg",1068,600,true],"blossom-feminine-with-sidebar":["https:\/\/cafelapalma.com\/wp-content\/uploads\/2025\/07\/FLORES-PIC-1020x600.jpg",1020,600,true],"blossom-feminine-blog":["https:\/\/cafelapalma.com\/wp-content\/uploads\/2025\/07\/FLORES-PIC-435x435.jpg",435,435,true],"blossom-feminine-cat":["https:\/\/cafelapalma.com\/wp-content\/uploads\/2025\/07\/FLORES-PIC-450x300.jpg",450,300,true],"blossom-feminine-related":["https:\/\/cafelapalma.com\/wp-content\/uploads\/2025\/07\/FLORES-PIC-320x200.jpg",320,200,true],"blossom-feminine-schema":["https:\/\/cafelapalma.com\/wp-content\/uploads\/2025\/07\/FLORES-PIC-48x60.jpg",48,60,true]},"uagb_author_info":{"display_name":"Victor","author_link":"https:\/\/cafelapalma.com\/en\/author\/comunicacion\/"},"uagb_comment_info":0,"uagb_excerpt":"FLORES DEL INFIERNO es una banda de rock alternativo originaria de Madrid que destaca por su capacidad para mezclar intensidad emocional y fuerza sonora. Con influencias que van desde Fito y Fitipaldis hasta Foo Fighters, el grupo construye una identidad propia basada en ra\u00edces del rock cl\u00e1sico y una sensibilidad contempor\u00e1nea. Su m\u00fasica explora temas&hellip;","_links":{"self":[{"href":"https:\/\/cafelapalma.com\/en\/wp-json\/wp\/v2\/tribe_events\/31619","targetHints":{"allow":["GET"]}}],"collection":[{"href":"https:\/\/cafelapalma.com\/en\/wp-json\/wp\/v2\/tribe_events"}],"about":[{"href":"https:\/\/cafelapalma.com\/en\/wp-json\/wp\/v2\/types\/tribe_events"}],"author":[{"embeddable":true,"href":"https:\/\/cafelapalma.com\/en\/wp-json\/wp\/v2\/users\/2"}],"version-history":[{"count":0,"href":"https:\/\/cafelapalma.com\/en\/wp-json\/wp\/v2\/tribe_events\/31619\/revisions"}],"wp:featuredmedia":[{"embeddable":true,"href":"https:\/\/cafelapalma.com\/en\/wp-json\/wp\/v2\/media\/31621"}],"wp:attachment":[{"href":"https:\/\/cafelapalma.com\/en\/wp-json\/wp\/v2\/media?parent=31619"}],"wp:term":[{"taxonomy":"post_tag","embeddable":true,"href":"https:\/\/cafelapalma.com\/en\/wp-json\/wp\/v2\/tags?post=31619"},{"taxonomy":"tribe_events_cat","embeddable":true,"href":"https:\/\/cafelapalma.com\/en\/wp-json\/wp\/v2\/tribe_events_cat?post=31619"}],"curies":[{"name":"wp","href":"https:\/\/api.w.org\/{rel}","templated":true}]}}