{"id":31626,"date":"2025-07-28T17:01:41","date_gmt":"2025-07-28T15:01:41","guid":{"rendered":"https:\/\/cafelapalma.com\/?post_type=tribe_events&#038;p=31626"},"modified":"2025-07-28T17:01:46","modified_gmt":"2025-07-28T15:01:46","slug":"muntz-norma-haiku","status":"publish","type":"tribe_events","link":"https:\/\/cafelapalma.com\/en\/programacion\/muntz-norma-haiku\/","title":{"rendered":"MUNTZ + NORMA HAIKU"},"content":{"rendered":"<div  class=\"tribe-events-schedule tribe-clearfix\" >\n\t<p class=\"tribe-events-schedule__datetime\">\n\t\t<span class=\"tribe-events-schedule__date tribe-events-schedule__date--start\">\n\t\t\t17  October  2025\t\t<\/span>\n\n\t\t\t\t\t<span class=\"tribe-events-schedule__separator tribe-events-schedule__separator--date\">\n\t\t\t\t@\t\t\t<\/span>\n\t\t\t<span class=\"tribe-events-schedule__time tribe-events-schedule__time--start\">\n\t\t\t\t21:30\t\t\t<\/span>\n\t\t\n\t\t\t\t\t\t\t\t\t<span class=\"tribe-events-schedule__separator tribe-events-schedule__separator--time\">\n\t\t\t\t\t&#8211;\t\t\t\t<\/span>\n\t\t\t\n\t\t\t\t\t\t\t<span class=\"tribe-events-schedule__time tribe-events-schedule__time--end\">\n\t\t\t\t\t23:50\t\t\t\t<\/span>\n\t\t\t\n\t\t\t\t\t\t<\/p>\n<\/div>\n\n\n<div  class=\"tribe-block tribe-block__event-price\" >\n\t\t\t<span class=\"tribe-block__event-price__cost\"> 9\u20ac <\/span>\n\t\t\t\t<span class=\"tribe-block__event-price__description\">+ gg Anticipada | 12\u20ac Taquilla<\/span>\n\t<\/div>\n\n\n\n<div style=\"height:100px\" aria-hidden=\"true\" class=\"wp-block-spacer\"><\/div>\n\n\n\n<div class=\"wp-block-columns is-layout-flex wp-container-core-columns-is-layout-8f761849 wp-block-columns-is-layout-flex\">\n<div class=\"wp-block-column is-layout-flow wp-block-column-is-layout-flow\" style=\"flex-basis:33.33%\">\n<figure class=\"wp-block-image size-large\"><img loading=\"lazy\" decoding=\"async\" width=\"735\" height=\"1040\" src=\"https:\/\/cafelapalma.com\/wp-content\/uploads\/2025\/07\/MUNTZ-NORMA-HAIKU-A3-LOW-735x1040.jpg\" alt=\"\" class=\"wp-image-31627\" srcset=\"https:\/\/cafelapalma.com\/wp-content\/uploads\/2025\/07\/MUNTZ-NORMA-HAIKU-A3-LOW-735x1040.jpg 735w, https:\/\/cafelapalma.com\/wp-content\/uploads\/2025\/07\/MUNTZ-NORMA-HAIKU-A3-LOW-212x300.jpg 212w, https:\/\/cafelapalma.com\/wp-content\/uploads\/2025\/07\/MUNTZ-NORMA-HAIKU-A3-LOW-768x1086.jpg 768w, https:\/\/cafelapalma.com\/wp-content\/uploads\/2025\/07\/MUNTZ-NORMA-HAIKU-A3-LOW-1086x1536.jpg 1086w, https:\/\/cafelapalma.com\/wp-content\/uploads\/2025\/07\/MUNTZ-NORMA-HAIKU-A3-LOW-1448x2048.jpg 1448w, https:\/\/cafelapalma.com\/wp-content\/uploads\/2025\/07\/MUNTZ-NORMA-HAIKU-A3-LOW-8x12.jpg 8w, https:\/\/cafelapalma.com\/wp-content\/uploads\/2025\/07\/MUNTZ-NORMA-HAIKU-A3-LOW-42x60.jpg 42w\" sizes=\"auto, (max-width: 735px) 100vw, 735px\" \/><\/figure>\n\n\n<div  class=\"tribe-block tribe-block__event-website\" >\n\t<a\n\t\thref=\"https:\/\/www.passline.com\/eventos\/muntz-norma-haiku\"\n\t\ttarget=\"_self\"\n\t\t\t>\n\t\tBUY TICKETS\t<\/a>\n<\/div>\n<\/div>\n\n\n\n<div class=\"wp-block-column is-layout-flow wp-block-column-is-layout-flow\" style=\"flex-basis:66.66%\">\n<p class=\"wp-block-paragraph\"><\/p>\n\n\n\n<p class=\"has-text-align-left wp-block-paragraph\">Formada por <strong>\u00c1lvaro <\/strong>(voz y guitarra), <strong>Pablo <\/strong>(guitarra), <strong>Carlos <\/strong>(bater\u00eda) e <strong>Iv\u00e1n <\/strong>(bajo),\u00a0<strong>MUNTZ\u00a0<\/strong>es una banda independiente de indie-rock alternativo <em>made in<strong> La Mancha<\/strong><\/em>.\u00a0Fieles a su esencia creativa, su sonido combina guitarras potentes, complejidad instrumental y armon\u00edas vocales, dando lugar a composiciones cargadas de profundidad y dinamismo.<\/p>\n\n\n\n<p class=\"has-text-align-left wp-block-paragraph\">En febrero de 2025, tras cinco a\u00f1os alejados de los escenarios, regresan para presentar su primer trabajo,\u00a0<strong>\u201c<em>Pleamar\u201d<\/em><\/strong>, un viaje emocional y po\u00e9tico que despliega un sonido honesto, intenso y profundamente personal. Su propuesta, cuidada y libre de artificios, promete un directo cargado de fuerza y emoci\u00f3n.<\/p>\n\n\n\n<p class=\"has-text-align-right wp-block-paragraph\"><em><a href=\"https:\/\/open.spotify.com\/intl-es\/artist\/4r8sQFACB010CoU30E9yio?si=4wXGHBZfR7uePGYPeWav7w\">Listen to <\/a><\/em><strong><a href=\"https:\/\/open.spotify.com\/intl-es\/artist\/4r8sQFACB010CoU30E9yio?si=4wXGHBZfR7uePGYPeWav7w\">MUNTZ<\/a><\/strong><em><a href=\"https:\/\/open.spotify.com\/intl-es\/artist\/4r8sQFACB010CoU30E9yio?si=4wXGHBZfR7uePGYPeWav7w\"> in <\/a><\/em><strong><a href=\"https:\/\/open.spotify.com\/intl-es\/artist\/4r8sQFACB010CoU30E9yio?si=4wXGHBZfR7uePGYPeWav7w\">Spotify<\/a><\/strong><\/p>\n\n\n\n<p class=\"has-text-align-left wp-block-paragraph\">Probablemente no les conozcas, pero lo que es seguro es que debes escucharlos. <strong>\u00c1lex<\/strong>, <strong>Rafa <\/strong>y <strong>Verdu <\/strong>forman parte de esta banda madrile\u00f1a que lleva por nombre <strong>NORMA HAIKU<\/strong>, un <em>power tr\u00edo<\/em> que mezcla estilos como el math rock, el shoegaze o el midwest emo.<\/p>\n\n\n\n<p class=\"has-text-align-left wp-block-paragraph\"><strong>Viva Belgrado<\/strong>,<strong> Cala Vento<\/strong>, <strong>Repion <\/strong>y las internacionales <strong>Tricot <\/strong>o <strong>Karate<\/strong>, son algunas de las influencias de la banda que est\u00e1n presentes en todas sus canciones. Este 2025 presentan su \u00faltimo trabajo, <strong><em>\u201cLa espiral\u201d<\/em><\/strong>, un doble single que viene a completar las canciones de su primer EP, <strong><em>\u201cHist\u00e9resis\u201d<\/em><\/strong>, presentado en 2024.<\/p>\n\n\n\n<p class=\"has-text-align-right wp-block-paragraph\"><em><a href=\"https:\/\/open.spotify.com\/intl-es\/artist\/6hF1XSduzk4ncJnTGo8Iy1?si=xROtShwQSlSdLZW_hSOniw\">Listen to <\/a><\/em><strong><a href=\"https:\/\/open.spotify.com\/intl-es\/artist\/6hF1XSduzk4ncJnTGo8Iy1?si=xROtShwQSlSdLZW_hSOniw\">NORMA HAIKU<\/a><\/strong><em><a href=\"https:\/\/open.spotify.com\/intl-es\/artist\/6hF1XSduzk4ncJnTGo8Iy1?si=xROtShwQSlSdLZW_hSOniw\"> in <\/a><\/em><strong><a href=\"https:\/\/open.spotify.com\/intl-es\/artist\/6hF1XSduzk4ncJnTGo8Iy1?si=xROtShwQSlSdLZW_hSOniw\">Spotify<\/a><\/strong><\/p>\n<\/div>\n<\/div>\n\n\n\n<div style=\"height:100px\" aria-hidden=\"true\" class=\"wp-block-spacer\"><\/div>\n\n\n\n<hr class=\"wp-block-separator has-alpha-channel-opacity\"\/>\n\n\n\n<div style=\"height:100px\" aria-hidden=\"true\" class=\"wp-block-spacer\"><\/div>\n\n\n<h2 class=\"tribe-block__related-events__title\">Related Events<\/h2>\n\n<ul  class=\"tribe-related-events tribe-clearfix\" >\n\t\t\t<li>\n\t\n<div class=\"tribe-related-events-thumbnail\">\n\t<a href=\"https:\/\/cafelapalma.com\/en\/programacion\/funkin-donuts\/\" class=\"url\" rel=\"bookmark\" tabindex=\"-1\" aria-hidden=\"true\"><img loading=\"lazy\" decoding=\"async\" width=\"693\" height=\"1040\" src=\"https:\/\/cafelapalma.com\/wp-content\/uploads\/2026\/07\/FD-vert2-bn-693x1040.jpg\" class=\"attachment-large size-large wp-post-image\" alt=\"\" \/><\/a>\n<\/div>\n\t<div class=\"tribe-related-event-info\">\n\t<h3 class=\"tribe-related-events-title\">\n\t\t<a href=\"https:\/\/cafelapalma.com\/en\/programacion\/funkin-donuts\/\" class=\"tribe-event-url\" rel=\"bookmark\">\n\t\t\tFUNKIN&#8217; DONUTS\t\t<\/a>\n\t<\/h3>\n\t<span class=\"tribe-event-date-start\">5  September@22:00<\/span><span class=\"tribe-event-time\">23:45<\/span><\/div>\n<\/li>\n\t\t\t<li>\n\t\n<div class=\"tribe-related-events-thumbnail\">\n\t<a href=\"https:\/\/cafelapalma.com\/en\/programacion\/backstage-le-petit-truffle-mayo\/\" class=\"url\" rel=\"bookmark\" tabindex=\"-1\" aria-hidden=\"true\"><img loading=\"lazy\" decoding=\"async\" width=\"780\" height=\"1040\" src=\"https:\/\/cafelapalma.com\/wp-content\/uploads\/2026\/07\/Imagen-TruffleMayo-LePetit-i-1-780x1040.png\" class=\"attachment-large size-large wp-post-image\" alt=\"\" \/><\/a>\n<\/div>\n\t<div class=\"tribe-related-event-info\">\n\t<h3 class=\"tribe-related-events-title\">\n\t\t<a href=\"https:\/\/cafelapalma.com\/en\/programacion\/backstage-le-petit-truffle-mayo\/\" class=\"tribe-event-url\" rel=\"bookmark\">\n\t\t\tBACKSTAGE: LE PETIT + TRUFFLE MAYO\t\t<\/a>\n\t<\/h3>\n\t<span class=\"tribe-event-date-start\">5  September@23:55<\/span><\/div>\n<\/li>\n\t\t\t<li>\n\t\n<div class=\"tribe-related-events-thumbnail\">\n\t<a href=\"https:\/\/cafelapalma.com\/en\/programacion\/willie-deville-concierto-benefico-x-venezuela\/\" class=\"url\" rel=\"bookmark\" tabindex=\"-1\" aria-hidden=\"true\"><img loading=\"lazy\" decoding=\"async\" width=\"1020\" height=\"531\" src=\"https:\/\/cafelapalma.com\/wp-content\/uploads\/2026\/08\/Willie-deville-1100x572-1-1040x541.jpg\" class=\"attachment-large size-large wp-post-image\" alt=\"\" \/><\/a>\n<\/div>\n\t<div class=\"tribe-related-event-info\">\n\t<h3 class=\"tribe-related-events-title\">\n\t\t<a href=\"https:\/\/cafelapalma.com\/en\/programacion\/willie-deville-concierto-benefico-x-venezuela\/\" class=\"tribe-event-url\" rel=\"bookmark\">\n\t\t\tWILLIE DEVILLE: CONCIERTO BEN\u00c9FICO X VENEZUELA\t\t<\/a>\n\t<\/h3>\n\t<span class=\"tribe-event-date-start\">6  September@21:00<\/span><span class=\"tribe-event-time\">23:45<\/span><\/div>\n<\/li>\n\t<\/ul>","protected":false},"excerpt":{"rendered":"<p>Formada por \u00c1lvaro (voz y guitarra), Pablo (guitarra), Carlos (bater\u00eda) e Iv\u00e1n (bajo),\u00a0MUNTZ\u00a0es una banda independiente de indie-rock alternativo made in La Mancha.\u00a0Fieles a su esencia creativa, su sonido combina guitarras potentes, complejidad instrumental y armon\u00edas vocales, dando lugar a composiciones cargadas de profundidad y dinamismo. En febrero de 2025, tras cinco a\u00f1os alejados de &hellip; <\/p>","protected":false},"author":2,"featured_media":31628,"template":"","meta":{"_tec_requires_first_save":false,"_uag_custom_page_level_css":"","loftloader_page_shortcode":"","_EventAllDay":false,"_EventTimezone":"Europe\/Madrid","_EventStartDate":"2025-10-17 21:30:00","_EventEndDate":"2025-10-17 23:50:00","_EventStartDateUTC":"2025-10-17 19:30:00","_EventEndDateUTC":"2025-10-17 21:50:00","_EventShowMap":false,"_EventShowMapLink":false,"_EventURL":"https:\/\/www.passline.com\/eventos\/muntz-norma-haiku","_EventCost":"9","_EventCostDescription":"","_EventCurrencySymbol":"\u20ac","_EventCurrencyCode":"USD","_EventCurrencyPosition":"suffix","_EventDateTimeSeparator":"@","_EventTimeRangeSeparator":"-","_EventOrganizerID":[],"_EventVenueID":[],"_OrganizerEmail":"","_OrganizerPhone":"","_OrganizerWebsite":"","_VenueAddress":"","_VenueCity":"","_VenueCountry":"","_VenueProvince":"","_VenueState":"","_VenueZip":"","_VenuePhone":"","_VenueURL":"","_VenueStateProvince":"","_VenueLat":"","_VenueLng":"","_VenueShowMap":false,"_VenueShowMapLink":false,"_tribe_blocks_recurrence_rules":"","_tribe_blocks_recurrence_description":"","_tribe_blocks_recurrence_exclusions":"","_ecp_custom_2":"","_tribe_events_status":"","_tribe_events_status_reason":"","_tribe_events_is_hybrid":"","_tribe_events_is_virtual":"","_tribe_events_virtual_video_source":"","_tribe_events_virtual_embed_video":"","_tribe_events_virtual_linked_button_text":"","_tribe_events_virtual_linked_button":"","_tribe_events_virtual_show_embed_at":"","_tribe_events_virtual_show_embed_to":[],"_tribe_events_virtual_show_on_event":"","_tribe_events_virtual_show_on_views":"","_tribe_events_virtual_url":"","footnotes":""},"tags":[1363,8869,2865,9147,9146,15348,9515,17859,17856,15347,17858,9164,9959],"tribe_events_cat":[8963],"class_list":["post-31626","tribe_events","type-tribe_events","status-publish","has-post-thumbnail","hentry","tag-cafe-la-palma","tag-cafe-la-palma-2","tag-conciertos-cafe-la-palma","tag-conciertos-madrid","tag-conciertos-malasana","tag-histeresis","tag-indie-rock","tag-la-espiral","tag-muntz","tag-norma-haiku","tag-pleamar","tag-pop-rock-2","tag-rock-alternativo","tribe_events_cat-concierto","cat_concierto"],"uagb_featured_image_src":{"full":["https:\/\/cafelapalma.com\/wp-content\/uploads\/2025\/07\/MUNTZ-PIC-LOW-scaled.jpg",2400,3000,false],"thumbnail":["https:\/\/cafelapalma.com\/wp-content\/uploads\/2025\/07\/MUNTZ-PIC-LOW-150x150.jpg",150,150,true],"medium":["https:\/\/cafelapalma.com\/wp-content\/uploads\/2025\/07\/MUNTZ-PIC-LOW-240x300.jpg",240,300,true],"medium_large":["https:\/\/cafelapalma.com\/wp-content\/uploads\/2025\/07\/MUNTZ-PIC-LOW-768x960.jpg",768,960,true],"large":["https:\/\/cafelapalma.com\/wp-content\/uploads\/2025\/07\/MUNTZ-PIC-LOW-832x1040.jpg",832,1040,true],"1536x1536":["https:\/\/cafelapalma.com\/wp-content\/uploads\/2025\/07\/MUNTZ-PIC-LOW-1229x1536.jpg",1229,1536,true],"2048x2048":["https:\/\/cafelapalma.com\/wp-content\/uploads\/2025\/07\/MUNTZ-PIC-LOW-1638x2048.jpg",1638,2048,true],"trp-custom-language-flag":["https:\/\/cafelapalma.com\/wp-content\/uploads\/2025\/07\/MUNTZ-PIC-LOW-10x12.jpg",10,12,true],"blossom-feminine-slider":["https:\/\/cafelapalma.com\/wp-content\/uploads\/2025\/07\/MUNTZ-PIC-LOW-1920x649.jpg",1920,649,true],"blossom-feminine-featured":["https:\/\/cafelapalma.com\/wp-content\/uploads\/2025\/07\/MUNTZ-PIC-LOW-1410x600.jpg",1410,600,true],"blossom-feminine-with-sidebar":["https:\/\/cafelapalma.com\/wp-content\/uploads\/2025\/07\/MUNTZ-PIC-LOW-1020x600.jpg",1020,600,true],"blossom-feminine-blog":["https:\/\/cafelapalma.com\/wp-content\/uploads\/2025\/07\/MUNTZ-PIC-LOW-435x435.jpg",435,435,true],"blossom-feminine-cat":["https:\/\/cafelapalma.com\/wp-content\/uploads\/2025\/07\/MUNTZ-PIC-LOW-450x300.jpg",450,300,true],"blossom-feminine-related":["https:\/\/cafelapalma.com\/wp-content\/uploads\/2025\/07\/MUNTZ-PIC-LOW-320x200.jpg",320,200,true],"blossom-feminine-schema":["https:\/\/cafelapalma.com\/wp-content\/uploads\/2025\/07\/MUNTZ-PIC-LOW-48x60.jpg",48,60,true]},"uagb_author_info":{"display_name":"Victor","author_link":"https:\/\/cafelapalma.com\/en\/author\/comunicacion\/"},"uagb_comment_info":0,"uagb_excerpt":"Formada por \u00c1lvaro (voz y guitarra), Pablo (guitarra), Carlos (bater\u00eda) e Iv\u00e1n (bajo),\u00a0MUNTZ\u00a0es una banda independiente de indie-rock alternativo made in La Mancha.\u00a0Fieles a su esencia creativa, su sonido combina guitarras potentes, complejidad instrumental y armon\u00edas vocales, dando lugar a composiciones cargadas de profundidad y dinamismo. En febrero de 2025, tras cinco a\u00f1os alejados de&hellip;","_links":{"self":[{"href":"https:\/\/cafelapalma.com\/en\/wp-json\/wp\/v2\/tribe_events\/31626","targetHints":{"allow":["GET"]}}],"collection":[{"href":"https:\/\/cafelapalma.com\/en\/wp-json\/wp\/v2\/tribe_events"}],"about":[{"href":"https:\/\/cafelapalma.com\/en\/wp-json\/wp\/v2\/types\/tribe_events"}],"author":[{"embeddable":true,"href":"https:\/\/cafelapalma.com\/en\/wp-json\/wp\/v2\/users\/2"}],"version-history":[{"count":0,"href":"https:\/\/cafelapalma.com\/en\/wp-json\/wp\/v2\/tribe_events\/31626\/revisions"}],"wp:featuredmedia":[{"embeddable":true,"href":"https:\/\/cafelapalma.com\/en\/wp-json\/wp\/v2\/media\/31628"}],"wp:attachment":[{"href":"https:\/\/cafelapalma.com\/en\/wp-json\/wp\/v2\/media?parent=31626"}],"wp:term":[{"taxonomy":"post_tag","embeddable":true,"href":"https:\/\/cafelapalma.com\/en\/wp-json\/wp\/v2\/tags?post=31626"},{"taxonomy":"tribe_events_cat","embeddable":true,"href":"https:\/\/cafelapalma.com\/en\/wp-json\/wp\/v2\/tribe_events_cat?post=31626"}],"curies":[{"name":"wp","href":"https:\/\/api.w.org\/{rel}","templated":true}]}}