{"id":31667,"date":"2025-07-31T11:27:03","date_gmt":"2025-07-31T09:27:03","guid":{"rendered":"https:\/\/cafelapalma.com\/?post_type=tribe_events&#038;p=31667"},"modified":"2025-07-31T16:31:49","modified_gmt":"2025-07-31T14:31:49","slug":"olvido-ruido-mestizo","status":"publish","type":"tribe_events","link":"https:\/\/cafelapalma.com\/en\/programacion\/olvido-ruido-mestizo\/","title":{"rendered":"OLVIDO + RUIDO MESTIZO"},"content":{"rendered":"<div  class=\"tribe-events-schedule tribe-clearfix\" >\n\t<p class=\"tribe-events-schedule__datetime\">\n\t\t<span class=\"tribe-events-schedule__date tribe-events-schedule__date--start\">\n\t\t\t12  September  2025\t\t<\/span>\n\n\t\t\t\t\t<span class=\"tribe-events-schedule__separator tribe-events-schedule__separator--date\">\n\t\t\t\t@\t\t\t<\/span>\n\t\t\t<span class=\"tribe-events-schedule__time tribe-events-schedule__time--start\">\n\t\t\t\t23:50\t\t\t<\/span>\n\t\t\n\t\t\t\t\t\t\t\t\t<span class=\"tribe-events-schedule__separator tribe-events-schedule__separator--time\">\n\t\t\t\t\t&#8211;\t\t\t\t<\/span>\n\t\t\t\n\t\t\t\t\t\t\t<span class=\"tribe-events-schedule__time tribe-events-schedule__time--end\">\n\t\t\t\t\t23:55\t\t\t\t<\/span>\n\t\t\t\n\t\t\t\t\t\t<\/p>\n<\/div>\n\n\n<div  class=\"tribe-block tribe-block__event-price\" >\n\t\t\t<span class=\"tribe-block__event-price__cost\"> 12\u20ac <\/span>\n\t\t\t\t<span class=\"tribe-block__event-price__description\">+ gg Anticipada | 14\u20ac Taquilla de 00:00 a 01:30 | 15\u20ac Taquilla de 01:30 a cierre. Todos los tramos de entrada incluyen UNA CONSUMICI\u00d3N. Canjeable por DOS CERVEZAS DE BARRIL antes de las 01:30<\/span>\n\t<\/div>\n\n\n\n<div style=\"height:100px\" aria-hidden=\"true\" class=\"wp-block-spacer\"><\/div>\n\n\n\n<div class=\"wp-block-columns is-layout-flex wp-container-core-columns-is-layout-8f761849 wp-block-columns-is-layout-flex\">\n<div class=\"wp-block-column is-layout-flow wp-block-column-is-layout-flow\" style=\"flex-basis:33.33%\">\n<figure class=\"wp-block-image size-full\"><img loading=\"lazy\" decoding=\"async\" width=\"2129\" height=\"3000\" src=\"https:\/\/cafelapalma.com\/wp-content\/uploads\/2025\/07\/OLVIDO-A3-LOW-DEF-scaled.jpg\" alt=\"\" class=\"wp-image-31696\" srcset=\"https:\/\/cafelapalma.com\/wp-content\/uploads\/2025\/07\/OLVIDO-A3-LOW-DEF-scaled.jpg 2129w, https:\/\/cafelapalma.com\/wp-content\/uploads\/2025\/07\/OLVIDO-A3-LOW-DEF-213x300.jpg 213w, https:\/\/cafelapalma.com\/wp-content\/uploads\/2025\/07\/OLVIDO-A3-LOW-DEF-738x1040.jpg 738w, https:\/\/cafelapalma.com\/wp-content\/uploads\/2025\/07\/OLVIDO-A3-LOW-DEF-768x1082.jpg 768w, https:\/\/cafelapalma.com\/wp-content\/uploads\/2025\/07\/OLVIDO-A3-LOW-DEF-1090x1536.jpg 1090w, https:\/\/cafelapalma.com\/wp-content\/uploads\/2025\/07\/OLVIDO-A3-LOW-DEF-1453x2048.jpg 1453w, https:\/\/cafelapalma.com\/wp-content\/uploads\/2025\/07\/OLVIDO-A3-LOW-DEF-9x12.jpg 9w, https:\/\/cafelapalma.com\/wp-content\/uploads\/2025\/07\/OLVIDO-A3-LOW-DEF-43x60.jpg 43w\" sizes=\"auto, (max-width: 2129px) 100vw, 2129px\" \/><\/figure>\n\n\n<div  class=\"tribe-block tribe-block__event-website\" >\n\t<a\n\t\thref=\"https:\/\/www.passline.com\/eventos\/olvido-ruido-mestizo\"\n\t\ttarget=\"_self\"\n\t\t\t>\n\t\tBUY TICKETS\t<\/a>\n<\/div>\n<\/div>\n\n\n\n<div class=\"wp-block-column is-layout-flow wp-block-column-is-layout-flow\" style=\"flex-basis:66.66%\">\n<p class=\"wp-block-paragraph\"><\/p>\n\n\n\n<p class=\"has-text-align-left wp-block-paragraph\"><strong>OLVIDO <\/strong>es una Dj emergente basada en <strong>Madrid<\/strong>. Lleva en la escena alrededor de tres a\u00f1os y utiliza el club y su proyecto como espacio de expresi\u00f3n de su arte, g\u00e9nero y persona.<\/p>\n\n\n\n<p class=\"has-text-align-left wp-block-paragraph\">Aparte de esto y en su d\u00eda a d\u00eda es&nbsp;<strong>Nico<\/strong>, su nombre real, con el que le tratan las personas m\u00e1s cercanas en su vida; <strong>Olvido<\/strong> es su proyecto y se&nbsp;dedica principalmente al dise\u00f1o de moda, estilismo y otras doctrinas creativas, como la escritura o las artes pl\u00e1sticas.<\/p>\n\n\n\n<p class=\"has-text-align-left wp-block-paragraph\">Es residente en la fiesta <strong>Enigma<\/strong>,&nbsp;pero ha tenido la oportunidad de pinchar en otros clubs como <strong>Razzmatazz <\/strong>o <strong>LaDiscoteca<\/strong>.<\/p>\n\n\n\n<p class=\"has-text-align-right wp-block-paragraph\"><a href=\"https:\/\/soundcloud.com\/djolvido\">Listen to <strong>OLVIDO <\/strong>in <strong>SoundCloud<\/strong><\/a><\/p>\n\n\n\n<p class=\"has-text-align-left wp-block-paragraph\"><strong>RUIDO MESTIZO<\/strong> es un DJ de sonidos ecl\u00e9cticos a partir de bases electr\u00f3nicas y ra\u00edces tradicionales con resonancias de Hispanoam\u00e9rica. Su mezcla en vivo est\u00e1 llena de influencias de m\u00fasicas andinas, amaz\u00f3nicas, caribe\u00f1as, tropicales y&nbsp;underground, generando atm\u00f3sferas coloridas, variadas, cargadas de texturas y efectos que invitan a desatarse en la pista de baile.<\/p>\n\n\n\n<p class=\"has-text-align-right wp-block-paragraph\"><em><a href=\"https:\/\/soundcloud.com\/ruido-mestizo\">Listen to <\/a><\/em><strong><a href=\"https:\/\/soundcloud.com\/ruido-mestizo\">RUIDO MESTIZO<\/a><\/strong><em><a href=\"https:\/\/soundcloud.com\/ruido-mestizo\"> in <\/a><\/em><strong><a href=\"https:\/\/soundcloud.com\/ruido-mestizo\">SoundCloud<\/a><\/strong><\/p>\n<\/div>\n<\/div>\n\n\n\n<div style=\"height:100px\" aria-hidden=\"true\" class=\"wp-block-spacer\"><\/div>\n\n\n\n<hr class=\"wp-block-separator has-alpha-channel-opacity\"\/>\n\n\n\n<div style=\"height:100px\" aria-hidden=\"true\" class=\"wp-block-spacer\"><\/div>\n\n\n<h2 class=\"tribe-block__related-events__title\">Related Events<\/h2>\n\n<ul  class=\"tribe-related-events tribe-clearfix\" >\n\t\t\t<li>\n\t\n<div class=\"tribe-related-events-thumbnail\">\n\t<a href=\"https:\/\/cafelapalma.com\/en\/programacion\/funkin-donuts\/\" class=\"url\" rel=\"bookmark\" tabindex=\"-1\" aria-hidden=\"true\"><img loading=\"lazy\" decoding=\"async\" width=\"693\" height=\"1040\" src=\"https:\/\/cafelapalma.com\/wp-content\/uploads\/2026\/07\/FD-vert2-bn-693x1040.jpg\" class=\"attachment-large size-large wp-post-image\" alt=\"\" \/><\/a>\n<\/div>\n\t<div class=\"tribe-related-event-info\">\n\t<h3 class=\"tribe-related-events-title\">\n\t\t<a href=\"https:\/\/cafelapalma.com\/en\/programacion\/funkin-donuts\/\" class=\"tribe-event-url\" rel=\"bookmark\">\n\t\t\tFUNKIN&#8217; DONUTS\t\t<\/a>\n\t<\/h3>\n\t<span class=\"tribe-event-date-start\">5  September@22:00<\/span><span class=\"tribe-event-time\">23:45<\/span><\/div>\n<\/li>\n\t\t\t<li>\n\t\n<div class=\"tribe-related-events-thumbnail\">\n\t<a href=\"https:\/\/cafelapalma.com\/en\/programacion\/backstage-le-petit-truffle-mayo\/\" class=\"url\" rel=\"bookmark\" tabindex=\"-1\" aria-hidden=\"true\"><img loading=\"lazy\" decoding=\"async\" width=\"780\" height=\"1040\" src=\"https:\/\/cafelapalma.com\/wp-content\/uploads\/2026\/07\/Imagen-TruffleMayo-LePetit-i-1-780x1040.png\" class=\"attachment-large size-large wp-post-image\" alt=\"\" \/><\/a>\n<\/div>\n\t<div class=\"tribe-related-event-info\">\n\t<h3 class=\"tribe-related-events-title\">\n\t\t<a href=\"https:\/\/cafelapalma.com\/en\/programacion\/backstage-le-petit-truffle-mayo\/\" class=\"tribe-event-url\" rel=\"bookmark\">\n\t\t\tBACKSTAGE: LE PETIT + TRUFFLE MAYO\t\t<\/a>\n\t<\/h3>\n\t<span class=\"tribe-event-date-start\">5  September@23:55<\/span><\/div>\n<\/li>\n\t\t\t<li>\n\t\n<div class=\"tribe-related-events-thumbnail\">\n\t<a href=\"https:\/\/cafelapalma.com\/en\/programacion\/willie-deville-concierto-benefico-x-venezuela\/\" class=\"url\" rel=\"bookmark\" tabindex=\"-1\" aria-hidden=\"true\"><img loading=\"lazy\" decoding=\"async\" width=\"1020\" height=\"531\" src=\"https:\/\/cafelapalma.com\/wp-content\/uploads\/2026\/08\/Willie-deville-1100x572-1-1040x541.jpg\" class=\"attachment-large size-large wp-post-image\" alt=\"\" \/><\/a>\n<\/div>\n\t<div class=\"tribe-related-event-info\">\n\t<h3 class=\"tribe-related-events-title\">\n\t\t<a href=\"https:\/\/cafelapalma.com\/en\/programacion\/willie-deville-concierto-benefico-x-venezuela\/\" class=\"tribe-event-url\" rel=\"bookmark\">\n\t\t\tWILLIE DEVILLE: CONCIERTO BEN\u00c9FICO X VENEZUELA\t\t<\/a>\n\t<\/h3>\n\t<span class=\"tribe-event-date-start\">6  September@21:00<\/span><span class=\"tribe-event-time\">23:45<\/span><\/div>\n<\/li>\n\t<\/ul>","protected":false},"excerpt":{"rendered":"<p>OLVIDO es una Dj emergente basada en Madrid. Lleva en la escena alrededor de tres a\u00f1os y utiliza el club y su proyecto como espacio de expresi\u00f3n de su arte, g\u00e9nero y persona. Aparte de esto y en su d\u00eda a d\u00eda es&nbsp;Nico, su nombre real, con el que le tratan las personas m\u00e1s cercanas &hellip; <\/p>","protected":false},"author":2,"featured_media":26687,"template":"","meta":{"_tec_requires_first_save":false,"_uag_custom_page_level_css":"","loftloader_page_shortcode":"","_EventAllDay":false,"_EventTimezone":"Europe\/Madrid","_EventStartDate":"2025-09-12 23:50:00","_EventEndDate":"2025-09-12 23:55:00","_EventStartDateUTC":"2025-09-12 21:50:00","_EventEndDateUTC":"2025-09-12 21:55:00","_EventShowMap":false,"_EventShowMapLink":false,"_EventURL":"https:\/\/www.passline.com\/eventos\/olvido-ruido-mestizo","_EventCost":"12","_EventCostDescription":"","_EventCurrencySymbol":"\u20ac","_EventCurrencyCode":"USD","_EventCurrencyPosition":"suffix","_EventDateTimeSeparator":"@","_EventTimeRangeSeparator":"-","_EventOrganizerID":[],"_EventVenueID":[],"_OrganizerEmail":"","_OrganizerPhone":"","_OrganizerWebsite":"","_VenueAddress":"","_VenueCity":"","_VenueCountry":"","_VenueProvince":"","_VenueState":"","_VenueZip":"","_VenuePhone":"","_VenueURL":"","_VenueStateProvince":"","_VenueLat":"","_VenueLng":"","_VenueShowMap":false,"_VenueShowMapLink":false,"_tribe_blocks_recurrence_rules":"","_tribe_blocks_recurrence_description":"","_tribe_blocks_recurrence_exclusions":"","_ecp_custom_2":"","_tribe_events_status":"","_tribe_events_status_reason":"","_tribe_events_is_hybrid":"","_tribe_events_is_virtual":"","_tribe_events_virtual_video_source":"","_tribe_events_virtual_embed_video":"","_tribe_events_virtual_linked_button_text":"","_tribe_events_virtual_linked_button":"","_tribe_events_virtual_show_embed_at":"","_tribe_events_virtual_show_embed_to":[],"_tribe_events_virtual_show_on_event":"","_tribe_events_virtual_show_on_views":"","_tribe_events_virtual_url":"","footnotes":""},"tags":[1363,8869,9225,9227,1357,17899,9716,17898,10098,17900],"tribe_events_cat":[8964],"class_list":["post-31667","tribe_events","type-tribe_events","status-publish","has-post-thumbnail","hentry","tag-cafe-la-palma","tag-cafe-la-palma-2","tag-cafe-la-palma-clubbing","tag-djs-malasana","tag-electronica","tag-enigma","tag-house-music","tag-olvido","tag-random-club","tag-ruido-mestizo-dj","tribe_events_cat-clubbing","cat_clubbing"],"uagb_featured_image_src":{"full":["https:\/\/cafelapalma.com\/wp-content\/uploads\/2023\/05\/RANDOM-MUG-IG.png",1080,1080,false],"thumbnail":["https:\/\/cafelapalma.com\/wp-content\/uploads\/2023\/05\/RANDOM-MUG-IG.png",150,150,false],"medium":["https:\/\/cafelapalma.com\/wp-content\/uploads\/2023\/05\/RANDOM-MUG-IG.png",300,300,false],"medium_large":["https:\/\/cafelapalma.com\/wp-content\/uploads\/2023\/05\/RANDOM-MUG-IG.png",768,768,false],"large":["https:\/\/cafelapalma.com\/wp-content\/uploads\/2023\/05\/RANDOM-MUG-IG.png",1020,1020,false],"1536x1536":["https:\/\/cafelapalma.com\/wp-content\/uploads\/2023\/05\/RANDOM-MUG-IG.png",1080,1080,false],"2048x2048":["https:\/\/cafelapalma.com\/wp-content\/uploads\/2023\/05\/RANDOM-MUG-IG.png",1080,1080,false],"trp-custom-language-flag":["https:\/\/cafelapalma.com\/wp-content\/uploads\/2023\/05\/RANDOM-MUG-IG.png",12,12,false],"blossom-feminine-slider":["https:\/\/cafelapalma.com\/wp-content\/uploads\/2023\/05\/RANDOM-MUG-IG.png",649,649,false],"blossom-feminine-featured":["https:\/\/cafelapalma.com\/wp-content\/uploads\/2023\/05\/RANDOM-MUG-IG.png",600,600,false],"blossom-feminine-with-sidebar":["https:\/\/cafelapalma.com\/wp-content\/uploads\/2023\/05\/RANDOM-MUG-IG.png",600,600,false],"blossom-feminine-blog":["https:\/\/cafelapalma.com\/wp-content\/uploads\/2023\/05\/RANDOM-MUG-IG.png",435,435,false],"blossom-feminine-cat":["https:\/\/cafelapalma.com\/wp-content\/uploads\/2023\/05\/RANDOM-MUG-IG.png",300,300,false],"blossom-feminine-related":["https:\/\/cafelapalma.com\/wp-content\/uploads\/2023\/05\/RANDOM-MUG-IG.png",200,200,false],"blossom-feminine-schema":["https:\/\/cafelapalma.com\/wp-content\/uploads\/2023\/05\/RANDOM-MUG-IG.png",60,60,false]},"uagb_author_info":{"display_name":"Victor","author_link":"https:\/\/cafelapalma.com\/en\/author\/comunicacion\/"},"uagb_comment_info":0,"uagb_excerpt":"OLVIDO es una Dj emergente basada en Madrid. Lleva en la escena alrededor de tres a\u00f1os y utiliza el club y su proyecto como espacio de expresi\u00f3n de su arte, g\u00e9nero y persona. Aparte de esto y en su d\u00eda a d\u00eda es&nbsp;Nico, su nombre real, con el que le tratan las personas m\u00e1s cercanas&hellip;","_links":{"self":[{"href":"https:\/\/cafelapalma.com\/en\/wp-json\/wp\/v2\/tribe_events\/31667","targetHints":{"allow":["GET"]}}],"collection":[{"href":"https:\/\/cafelapalma.com\/en\/wp-json\/wp\/v2\/tribe_events"}],"about":[{"href":"https:\/\/cafelapalma.com\/en\/wp-json\/wp\/v2\/types\/tribe_events"}],"author":[{"embeddable":true,"href":"https:\/\/cafelapalma.com\/en\/wp-json\/wp\/v2\/users\/2"}],"version-history":[{"count":0,"href":"https:\/\/cafelapalma.com\/en\/wp-json\/wp\/v2\/tribe_events\/31667\/revisions"}],"wp:featuredmedia":[{"embeddable":true,"href":"https:\/\/cafelapalma.com\/en\/wp-json\/wp\/v2\/media\/26687"}],"wp:attachment":[{"href":"https:\/\/cafelapalma.com\/en\/wp-json\/wp\/v2\/media?parent=31667"}],"wp:term":[{"taxonomy":"post_tag","embeddable":true,"href":"https:\/\/cafelapalma.com\/en\/wp-json\/wp\/v2\/tags?post=31667"},{"taxonomy":"tribe_events_cat","embeddable":true,"href":"https:\/\/cafelapalma.com\/en\/wp-json\/wp\/v2\/tribe_events_cat?post=31667"}],"curies":[{"name":"wp","href":"https:\/\/api.w.org\/{rel}","templated":true}]}}