{"id":31672,"date":"2025-07-31T13:11:06","date_gmt":"2025-07-31T11:11:06","guid":{"rendered":"https:\/\/cafelapalma.com\/?post_type=tribe_events&#038;p=31672"},"modified":"2025-09-11T11:06:06","modified_gmt":"2025-09-11T09:06:06","slug":"escenarios-vibra-mahou-suu-acustico","status":"publish","type":"tribe_events","link":"https:\/\/cafelapalma.com\/en\/programacion\/escenarios-vibra-mahou-suu-acustico\/","title":{"rendered":"SUU"},"content":{"rendered":"<div  class=\"tribe-events-schedule tribe-clearfix\" >\n\t<p class=\"tribe-events-schedule__datetime\">\n\t\t<span class=\"tribe-events-schedule__date tribe-events-schedule__date--start\">\n\t\t\t08  November  2025\t\t<\/span>\n\n\t\t\t\t\t<span class=\"tribe-events-schedule__separator tribe-events-schedule__separator--date\">\n\t\t\t\t@\t\t\t<\/span>\n\t\t\t<span class=\"tribe-events-schedule__time tribe-events-schedule__time--start\">\n\t\t\t\t22:00\t\t\t<\/span>\n\t\t\n\t\t\t\t\t\t\t\t\t<span class=\"tribe-events-schedule__separator tribe-events-schedule__separator--time\">\n\t\t\t\t\t&#8211;\t\t\t\t<\/span>\n\t\t\t\n\t\t\t\t\t\t\t<span class=\"tribe-events-schedule__time tribe-events-schedule__time--end\">\n\t\t\t\t\t23:30\t\t\t\t<\/span>\n\t\t\t\n\t\t\t\t\t\t<\/p>\n<\/div>\n\n\n<div  class=\"tribe-block tribe-block__event-price\" >\n\t\t\t<span class=\"tribe-block__event-price__cost\"> 18\u20ac <\/span>\n\t\t\t\t<span class=\"tribe-block__event-price__description\">+ gg Anticipada | 22\u20ac Taquilla<\/span>\n\t<\/div>\n\n\n\n<div style=\"height:100px\" aria-hidden=\"true\" class=\"wp-block-spacer\"><\/div>\n\n\n\n<div class=\"wp-block-columns is-layout-flex wp-container-core-columns-is-layout-8f761849 wp-block-columns-is-layout-flex\">\n<div class=\"wp-block-column is-layout-flow wp-block-column-is-layout-flow\" style=\"flex-basis:33.33%\">\n<figure class=\"wp-block-image size-large\"><img loading=\"lazy\" decoding=\"async\" width=\"832\" height=\"1040\" src=\"https:\/\/cafelapalma.com\/wp-content\/uploads\/2025\/07\/SUU-VM-832x1040.jpg\" alt=\"\" class=\"wp-image-31789\" srcset=\"https:\/\/cafelapalma.com\/wp-content\/uploads\/2025\/07\/SUU-VM-832x1040.jpg 832w, https:\/\/cafelapalma.com\/wp-content\/uploads\/2025\/07\/SUU-VM-240x300.jpg 240w, https:\/\/cafelapalma.com\/wp-content\/uploads\/2025\/07\/SUU-VM-768x960.jpg 768w, https:\/\/cafelapalma.com\/wp-content\/uploads\/2025\/07\/SUU-VM-10x12.jpg 10w, https:\/\/cafelapalma.com\/wp-content\/uploads\/2025\/07\/SUU-VM-48x60.jpg 48w, https:\/\/cafelapalma.com\/wp-content\/uploads\/2025\/07\/SUU-VM.jpg 1080w\" sizes=\"auto, (max-width: 832px) 100vw, 832px\" \/><\/figure>\n\n\n<div  class=\"tribe-block tribe-block__event-website\" >\n\t<a\n\t\thref=\"https:\/\/www.passline.com\/eventos\/suu-acustico\"\n\t\ttarget=\"_self\"\n\t\t\t>\n\t\tBUY TICKETS\t<\/a>\n<\/div>\n<\/div>\n\n\n\n<div class=\"wp-block-column is-layout-flow wp-block-column-is-layout-flow\" style=\"flex-basis:66.66%\">\n<div style=\"height:100px\" aria-hidden=\"true\" class=\"wp-block-spacer\"><\/div>\n\n\n\n<p class=\"has-text-align-left wp-block-paragraph\"><strong>SUU <\/strong>es una de las caras j\u00f3venes m\u00e1s representativas del empoderamiento femenino en los escenarios. Con cuatro discos publicados, la artista ha enamorado y fidelizado a un gran p\u00fablico \u2014m\u00e1s de 200K seguidores en Instagram, m\u00e1s de 300K escuchas mensuales y dos discos de oro por <strong><em>\u201cEres un temazo\u201d<\/em><\/strong> y <strong><em>\u201cTant de bo\u201d<\/em><\/strong>\u2014, adem\u00e1s de ganarse el respeto de la cr\u00edtica y de sus compa\u00f1eros y compa\u00f1eras de profesi\u00f3n, gracias a su propuesta de indie-pop y su gran carisma sobre los escenarios, demostrado tanto en los festivales m\u00e1s prestigiosos de la pen\u00ednsula como en las redes sociales.<\/p>\n\n\n\n<p class=\"has-text-align-left wp-block-paragraph\">Este 2025, la cantante catalana vuelve a enamorarnos con un nuevo disco lleno de hits que la llevar\u00e1 de gira por los festivales y localidades m\u00e1s prestigiosas de <strong>Catalu\u00f1a<\/strong> y la pen\u00ednsula. En su concierto en <strong><em>CAFE LA PALMA<\/em><\/strong> repetir\u00e1 el formato ac\u00fastico que en abril del a\u00f1o pasado consigui\u00f3 un doble <em>sold out<\/em> en tiempo record.<\/p>\n\n\n\n<p class=\"has-text-align-right wp-block-paragraph\"><em><a href=\"https:\/\/open.spotify.com\/intl-es\/artist\/7He3EH9c66ZwBtIMHGdyIA?si=uq_eHVDQRnmOTq1ESGcixg\">Listen to <\/a><\/em><strong><a href=\"https:\/\/open.spotify.com\/intl-es\/artist\/7He3EH9c66ZwBtIMHGdyIA?si=uq_eHVDQRnmOTq1ESGcixg\">SUU<\/a><\/strong><em><a href=\"https:\/\/open.spotify.com\/intl-es\/artist\/7He3EH9c66ZwBtIMHGdyIA?si=uq_eHVDQRnmOTq1ESGcixg\"> in <\/a><\/em><strong><a href=\"https:\/\/open.spotify.com\/intl-es\/artist\/7He3EH9c66ZwBtIMHGdyIA?si=uq_eHVDQRnmOTq1ESGcixg\">Spotify<\/a><\/strong><\/p>\n\n\n\n<p class=\"has-text-align-center wp-block-paragraph\"><em><a href=\"https:\/\/www.mahou.es\/experiencias-mahou\/vibra\/\">Con el apoyo de <\/a><\/em><strong><a href=\"https:\/\/www.mahou.es\/experiencias-mahou\/vibra\/\">ESCENARIOS VIBRA MAHOU<\/a><\/strong><\/p>\n<\/div>\n<\/div>\n\n\n\n<div style=\"height:100px\" aria-hidden=\"true\" class=\"wp-block-spacer\"><\/div>\n\n\n\n<hr class=\"wp-block-separator has-alpha-channel-opacity\"\/>\n\n\n\n<div style=\"height:100px\" aria-hidden=\"true\" class=\"wp-block-spacer\"><\/div>\n\n\n<h2 class=\"tribe-block__related-events__title\">Related Events<\/h2>\n\n<ul  class=\"tribe-related-events tribe-clearfix\" >\n\t\t\t<li>\n\t\n<div class=\"tribe-related-events-thumbnail\">\n\t<a href=\"https:\/\/cafelapalma.com\/en\/programacion\/funkin-donuts\/\" class=\"url\" rel=\"bookmark\" tabindex=\"-1\" aria-hidden=\"true\"><img loading=\"lazy\" decoding=\"async\" width=\"693\" height=\"1040\" src=\"https:\/\/cafelapalma.com\/wp-content\/uploads\/2026\/07\/FD-vert2-bn-693x1040.jpg\" class=\"attachment-large size-large wp-post-image\" alt=\"\" \/><\/a>\n<\/div>\n\t<div class=\"tribe-related-event-info\">\n\t<h3 class=\"tribe-related-events-title\">\n\t\t<a href=\"https:\/\/cafelapalma.com\/en\/programacion\/funkin-donuts\/\" class=\"tribe-event-url\" rel=\"bookmark\">\n\t\t\tFUNKIN&#8217; DONUTS\t\t<\/a>\n\t<\/h3>\n\t<span class=\"tribe-event-date-start\">5  September@22:00<\/span><span class=\"tribe-event-time\">23:45<\/span><\/div>\n<\/li>\n\t\t\t<li>\n\t\n<div class=\"tribe-related-events-thumbnail\">\n\t<a href=\"https:\/\/cafelapalma.com\/en\/programacion\/backstage-le-petit-truffle-mayo\/\" class=\"url\" rel=\"bookmark\" tabindex=\"-1\" aria-hidden=\"true\"><img loading=\"lazy\" decoding=\"async\" width=\"780\" height=\"1040\" src=\"https:\/\/cafelapalma.com\/wp-content\/uploads\/2026\/07\/Imagen-TruffleMayo-LePetit-i-1-780x1040.png\" class=\"attachment-large size-large wp-post-image\" alt=\"\" \/><\/a>\n<\/div>\n\t<div class=\"tribe-related-event-info\">\n\t<h3 class=\"tribe-related-events-title\">\n\t\t<a href=\"https:\/\/cafelapalma.com\/en\/programacion\/backstage-le-petit-truffle-mayo\/\" class=\"tribe-event-url\" rel=\"bookmark\">\n\t\t\tBACKSTAGE: LE PETIT + TRUFFLE MAYO\t\t<\/a>\n\t<\/h3>\n\t<span class=\"tribe-event-date-start\">5  September@23:55<\/span><\/div>\n<\/li>\n\t\t\t<li>\n\t\n<div class=\"tribe-related-events-thumbnail\">\n\t<a href=\"https:\/\/cafelapalma.com\/en\/programacion\/willie-deville-concierto-benefico-x-venezuela\/\" class=\"url\" rel=\"bookmark\" tabindex=\"-1\" aria-hidden=\"true\"><img loading=\"lazy\" decoding=\"async\" width=\"1020\" height=\"531\" src=\"https:\/\/cafelapalma.com\/wp-content\/uploads\/2026\/08\/Willie-deville-1100x572-1-1040x541.jpg\" class=\"attachment-large size-large wp-post-image\" alt=\"\" \/><\/a>\n<\/div>\n\t<div class=\"tribe-related-event-info\">\n\t<h3 class=\"tribe-related-events-title\">\n\t\t<a href=\"https:\/\/cafelapalma.com\/en\/programacion\/willie-deville-concierto-benefico-x-venezuela\/\" class=\"tribe-event-url\" rel=\"bookmark\">\n\t\t\tWILLIE DEVILLE: CONCIERTO BEN\u00c9FICO X VENEZUELA\t\t<\/a>\n\t<\/h3>\n\t<span class=\"tribe-event-date-start\">6  September@21:00<\/span><span class=\"tribe-event-time\">23:45<\/span><\/div>\n<\/li>\n\t<\/ul>","protected":false},"excerpt":{"rendered":"<p>SUU es una de las caras j\u00f3venes m\u00e1s representativas del empoderamiento femenino en los escenarios. Con cuatro discos publicados, la artista ha enamorado y fidelizado a un gran p\u00fablico \u2014m\u00e1s de 200K seguidores en Instagram, m\u00e1s de 300K escuchas mensuales y dos discos de oro por \u201cEres un temazo\u201d y \u201cTant de bo\u201d\u2014, adem\u00e1s de &hellip; <\/p>","protected":false},"author":2,"featured_media":31675,"template":"","meta":{"_tec_requires_first_save":false,"_uag_custom_page_level_css":"","loftloader_page_shortcode":"","_EventAllDay":false,"_EventTimezone":"Europe\/Madrid","_EventStartDate":"2025-11-08 22:00:00","_EventEndDate":"2025-11-08 23:30:00","_EventStartDateUTC":"2025-11-08 21:00:00","_EventEndDateUTC":"2025-11-08 22:30:00","_EventShowMap":false,"_EventShowMapLink":false,"_EventURL":"https:\/\/www.passline.com\/eventos\/suu-acustico","_EventCost":"18","_EventCostDescription":"","_EventCurrencySymbol":"\u20ac","_EventCurrencyCode":"USD","_EventCurrencyPosition":"suffix","_EventDateTimeSeparator":"@","_EventTimeRangeSeparator":"-","_EventOrganizerID":[],"_EventVenueID":[],"_OrganizerEmail":"","_OrganizerPhone":"","_OrganizerWebsite":"","_VenueAddress":"","_VenueCity":"","_VenueCountry":"","_VenueProvince":"","_VenueState":"","_VenueZip":"","_VenuePhone":"","_VenueURL":"","_VenueStateProvince":"","_VenueLat":"","_VenueLng":"","_VenueShowMap":false,"_VenueShowMapLink":false,"_tribe_blocks_recurrence_rules":"","_tribe_blocks_recurrence_description":"","_tribe_blocks_recurrence_exclusions":"","_ecp_custom_2":"","_tribe_events_status":"","_tribe_events_status_reason":"","_tribe_events_is_hybrid":"","_tribe_events_is_virtual":"","_tribe_events_virtual_video_source":"","_tribe_events_virtual_embed_video":"","_tribe_events_virtual_linked_button_text":"","_tribe_events_virtual_linked_button":"","_tribe_events_virtual_show_embed_at":"","_tribe_events_virtual_show_embed_to":[],"_tribe_events_virtual_show_on_event":"","_tribe_events_virtual_show_on_views":"","_tribe_events_virtual_url":"","footnotes":""},"tags":[10462,1363,8869,2865,9147,9146,15006,15268,8970,1355,14988,17901],"tribe_events_cat":[8963],"class_list":["post-31672","tribe_events","type-tribe_events","status-publish","has-post-thumbnail","hentry","tag-acustico-2","tag-cafe-la-palma","tag-cafe-la-palma-2","tag-conciertos-cafe-la-palma","tag-conciertos-madrid","tag-conciertos-malasana","tag-eres-un-temazo","tag-exits-management-2","tag-indie","tag-pop","tag-suu","tag-tant-de-bo","tribe_events_cat-concierto","cat_concierto"],"uagb_featured_image_src":{"full":["https:\/\/cafelapalma.com\/wp-content\/uploads\/2025\/07\/SUU-PICLOW-1-scaled-e1769425912360.jpg",2000,1030,false],"thumbnail":["https:\/\/cafelapalma.com\/wp-content\/uploads\/2025\/07\/SUU-PICLOW-1-scaled-e1769425912360-150x150.jpg",150,150,true],"medium":["https:\/\/cafelapalma.com\/wp-content\/uploads\/2025\/07\/SUU-PICLOW-1-scaled-e1769425912360-300x155.jpg",300,155,true],"medium_large":["https:\/\/cafelapalma.com\/wp-content\/uploads\/2025\/07\/SUU-PICLOW-1-scaled-e1769425912360-768x396.jpg",768,396,true],"large":["https:\/\/cafelapalma.com\/wp-content\/uploads\/2025\/07\/SUU-PICLOW-1-scaled-e1769425912360-1040x536.jpg",1020,526,true],"1536x1536":["https:\/\/cafelapalma.com\/wp-content\/uploads\/2025\/07\/SUU-PICLOW-1-scaled-e1769425912360-1536x791.jpg",1536,791,true],"2048x2048":["https:\/\/cafelapalma.com\/wp-content\/uploads\/2025\/07\/SUU-PICLOW-1-1365x2048.jpg",1365,2048,true],"trp-custom-language-flag":["https:\/\/cafelapalma.com\/wp-content\/uploads\/2025\/07\/SUU-PICLOW-1-scaled-e1769425912360-18x9.jpg",18,9,true],"blossom-feminine-slider":["https:\/\/cafelapalma.com\/wp-content\/uploads\/2025\/07\/SUU-PICLOW-1-scaled-e1769425912360-1920x649.jpg",1920,649,true],"blossom-feminine-featured":["https:\/\/cafelapalma.com\/wp-content\/uploads\/2025\/07\/SUU-PICLOW-1-scaled-e1769425912360-1410x600.jpg",1410,600,true],"blossom-feminine-with-sidebar":["https:\/\/cafelapalma.com\/wp-content\/uploads\/2025\/07\/SUU-PICLOW-1-scaled-e1769425912360-1020x600.jpg",1020,600,true],"blossom-feminine-blog":["https:\/\/cafelapalma.com\/wp-content\/uploads\/2025\/07\/SUU-PICLOW-1-scaled-e1769425912360-435x435.jpg",435,435,true],"blossom-feminine-cat":["https:\/\/cafelapalma.com\/wp-content\/uploads\/2025\/07\/SUU-PICLOW-1-scaled-e1769425912360-450x300.jpg",450,300,true],"blossom-feminine-related":["https:\/\/cafelapalma.com\/wp-content\/uploads\/2025\/07\/SUU-PICLOW-1-scaled-e1769425912360-320x200.jpg",320,200,true],"blossom-feminine-schema":["https:\/\/cafelapalma.com\/wp-content\/uploads\/2025\/07\/SUU-PICLOW-1-scaled-e1769425912360-117x60.jpg",117,60,true]},"uagb_author_info":{"display_name":"Victor","author_link":"https:\/\/cafelapalma.com\/en\/author\/comunicacion\/"},"uagb_comment_info":0,"uagb_excerpt":"SUU es una de las caras j\u00f3venes m\u00e1s representativas del empoderamiento femenino en los escenarios. Con cuatro discos publicados, la artista ha enamorado y fidelizado a un gran p\u00fablico \u2014m\u00e1s de 200K seguidores en Instagram, m\u00e1s de 300K escuchas mensuales y dos discos de oro por \u201cEres un temazo\u201d y \u201cTant de bo\u201d\u2014, adem\u00e1s de&hellip;","_links":{"self":[{"href":"https:\/\/cafelapalma.com\/en\/wp-json\/wp\/v2\/tribe_events\/31672","targetHints":{"allow":["GET"]}}],"collection":[{"href":"https:\/\/cafelapalma.com\/en\/wp-json\/wp\/v2\/tribe_events"}],"about":[{"href":"https:\/\/cafelapalma.com\/en\/wp-json\/wp\/v2\/types\/tribe_events"}],"author":[{"embeddable":true,"href":"https:\/\/cafelapalma.com\/en\/wp-json\/wp\/v2\/users\/2"}],"version-history":[{"count":0,"href":"https:\/\/cafelapalma.com\/en\/wp-json\/wp\/v2\/tribe_events\/31672\/revisions"}],"wp:featuredmedia":[{"embeddable":true,"href":"https:\/\/cafelapalma.com\/en\/wp-json\/wp\/v2\/media\/31675"}],"wp:attachment":[{"href":"https:\/\/cafelapalma.com\/en\/wp-json\/wp\/v2\/media?parent=31672"}],"wp:term":[{"taxonomy":"post_tag","embeddable":true,"href":"https:\/\/cafelapalma.com\/en\/wp-json\/wp\/v2\/tags?post=31672"},{"taxonomy":"tribe_events_cat","embeddable":true,"href":"https:\/\/cafelapalma.com\/en\/wp-json\/wp\/v2\/tribe_events_cat?post=31672"}],"curies":[{"name":"wp","href":"https:\/\/api.w.org\/{rel}","templated":true}]}}