{"id":31699,"date":"2025-07-31T18:43:20","date_gmt":"2025-07-31T16:43:20","guid":{"rendered":"https:\/\/cafelapalma.com\/?post_type=tribe_events&#038;p=31699"},"modified":"2025-07-31T18:45:49","modified_gmt":"2025-07-31T16:45:49","slug":"capros-hazme-caso","status":"publish","type":"tribe_events","link":"https:\/\/cafelapalma.com\/en\/programacion\/capros-hazme-caso\/","title":{"rendered":"CAPROS + HAZME CASO"},"content":{"rendered":"<div  class=\"tribe-events-schedule tribe-clearfix\" >\n\t<p class=\"tribe-events-schedule__datetime\">\n\t\t<span class=\"tribe-events-schedule__date tribe-events-schedule__date--start\">\n\t\t\t26  September  2025\t\t<\/span>\n\n\t\t\t\t\t<span class=\"tribe-events-schedule__separator tribe-events-schedule__separator--date\">\n\t\t\t\t@\t\t\t<\/span>\n\t\t\t<span class=\"tribe-events-schedule__time tribe-events-schedule__time--start\">\n\t\t\t\t21:30\t\t\t<\/span>\n\t\t\n\t\t\t\t\t\t\t\t\t<span class=\"tribe-events-schedule__separator tribe-events-schedule__separator--time\">\n\t\t\t\t\t&#8211;\t\t\t\t<\/span>\n\t\t\t\n\t\t\t\t\t\t\t<span class=\"tribe-events-schedule__time tribe-events-schedule__time--end\">\n\t\t\t\t\t23:50\t\t\t\t<\/span>\n\t\t\t\n\t\t\t\t\t\t<\/p>\n<\/div>\n\n\n<div  class=\"tribe-block tribe-block__event-price\" >\n\t\t\t<span class=\"tribe-block__event-price__cost\"> 10\u20ac <\/span>\n\t\t\t\t<span class=\"tribe-block__event-price__description\">+ gg Anticipada | 12\u20ac Taquilla<\/span>\n\t<\/div>\n\n\n\n<div style=\"height:100px\" aria-hidden=\"true\" class=\"wp-block-spacer\"><\/div>\n\n\n\n<div class=\"wp-block-columns is-layout-flex wp-container-core-columns-is-layout-8f761849 wp-block-columns-is-layout-flex\">\n<div class=\"wp-block-column is-layout-flow wp-block-column-is-layout-flow\" style=\"flex-basis:33.33%\">\n<figure class=\"wp-block-image size-full\"><img loading=\"lazy\" decoding=\"async\" width=\"366\" height=\"509\" src=\"https:\/\/cafelapalma.com\/wp-content\/uploads\/2025\/07\/CAPROS-A3.jpg\" alt=\"\" class=\"wp-image-31700\" srcset=\"https:\/\/cafelapalma.com\/wp-content\/uploads\/2025\/07\/CAPROS-A3.jpg 366w, https:\/\/cafelapalma.com\/wp-content\/uploads\/2025\/07\/CAPROS-A3-216x300.jpg 216w, https:\/\/cafelapalma.com\/wp-content\/uploads\/2025\/07\/CAPROS-A3-9x12.jpg 9w, https:\/\/cafelapalma.com\/wp-content\/uploads\/2025\/07\/CAPROS-A3-43x60.jpg 43w\" sizes=\"auto, (max-width: 366px) 100vw, 366px\" \/><\/figure>\n\n\n<div  class=\"tribe-block tribe-block__event-website\" >\n\t<a\n\t\thref=\"https:\/\/entradas.musicbus.es\/events\/capros-cafe-la-palma\"\n\t\ttarget=\"_self\"\n\t\t\t>\n\t\tBUY TICKETS\t<\/a>\n<\/div>\n<\/div>\n\n\n\n<div class=\"wp-block-column is-layout-flow wp-block-column-is-layout-flow\" style=\"flex-basis:66.66%\">\n<p class=\"wp-block-paragraph\"><\/p>\n\n\n\n<p class=\"has-text-align-left wp-block-paragraph\">Gamberrismo, diversi\u00f3n y muchas ganas de bailar sin cesar. Este c\u00f3ctel musical es el que nos presenta la banda emergente <strong>CAPROS<\/strong>, servido en una fusi\u00f3n de melod\u00edas pop, la garra del punk rock, guitarras propias del emo americano de los &#8217;90 y la clase del indie espa\u00f1ol.<\/p>\n\n\n\n<p class=\"has-text-align-left wp-block-paragraph\">En 2024 presentaron su primer \u00e1lbum <strong><em>\u201cCAPROS\u201d<\/em><\/strong>, un canto de optimismo que te har\u00e1 viajar a trav\u00e9s de letras adictivas e imposibles de olvidar como su himno <strong><em>\u00abBarcelona\u00bb<\/em><\/strong>.<\/p>\n\n\n\n<p class=\"has-text-align-left wp-block-paragraph\"><strong>CAPROS <\/strong>entr\u00f3 en el 2025 siendo una de las bandas seleccionadas por <strong>MondoSonoro <\/strong>para sus <strong>Demosc\u00f3picas <\/strong>y resultando finalistas de la <strong>Guerra de Bandas del Actual Festival 2025<\/strong>. En junio vio la luz <strong><em>\u00abFOMO\u00bb<\/em><\/strong>, primer single de su esperado nuevo disco, que ver\u00e1 la luz tras un verano en el que siguen d\u00e1ndonos sorpresas como su reci\u00e9n publicada cover de <strong><em>\u00abDtMF\u00bb<\/em><\/strong> de <strong>Bad Bunny<\/strong>.<\/p>\n\n\n\n<p class=\"has-text-align-right wp-block-paragraph\"><em><a href=\"https:\/\/open.spotify.com\/intl-es\/artist\/5MdESkM2kJYOoUckMNi2HM?si=AvaXWXZRQw2z_I35Yn3YUg\">Listen to <\/a><\/em><strong><a href=\"https:\/\/open.spotify.com\/intl-es\/artist\/5MdESkM2kJYOoUckMNi2HM?si=AvaXWXZRQw2z_I35Yn3YUg\">CAPROS <\/a><\/strong><em><a href=\"https:\/\/open.spotify.com\/intl-es\/artist\/5MdESkM2kJYOoUckMNi2HM?si=AvaXWXZRQw2z_I35Yn3YUg\">in <\/a><\/em><strong><a href=\"https:\/\/open.spotify.com\/intl-es\/artist\/5MdESkM2kJYOoUckMNi2HM?si=AvaXWXZRQw2z_I35Yn3YUg\">Spotify<\/a><\/strong><\/p>\n\n\n\n<p class=\"has-text-align-left wp-block-paragraph\">Les acompa\u00f1a una de las bandas m\u00e1s interesantes del panorama emergente barcelon\u00e9s, <strong>HAZME CASO<\/strong>.<\/p>\n\n\n\n<p class=\"has-text-align-right wp-block-paragraph\"><em><a href=\"https:\/\/open.spotify.com\/intl-es\/artist\/0b5peNQ5p3JYJX6E8FjxNO?si=pbmxyvYZQ4OMSVADlPGatg\">Listen to <\/a><\/em><strong><a href=\"https:\/\/open.spotify.com\/intl-es\/artist\/0b5peNQ5p3JYJX6E8FjxNO?si=pbmxyvYZQ4OMSVADlPGatg\">HAZME CASO<\/a><\/strong><em><a href=\"https:\/\/open.spotify.com\/intl-es\/artist\/0b5peNQ5p3JYJX6E8FjxNO?si=pbmxyvYZQ4OMSVADlPGatg\"> in <\/a><\/em><strong><a href=\"https:\/\/open.spotify.com\/intl-es\/artist\/0b5peNQ5p3JYJX6E8FjxNO?si=pbmxyvYZQ4OMSVADlPGatg\">Spotify<\/a><\/strong><\/p>\n<\/div>\n<\/div>\n\n\n\n<div style=\"height:100px\" aria-hidden=\"true\" class=\"wp-block-spacer\"><\/div>\n\n\n\n<hr class=\"wp-block-separator has-alpha-channel-opacity\"\/>\n\n\n\n<div style=\"height:100px\" aria-hidden=\"true\" class=\"wp-block-spacer\"><\/div>\n\n\n<h2 class=\"tribe-block__related-events__title\">Related Events<\/h2>\n\n<ul  class=\"tribe-related-events tribe-clearfix\" >\n\t\t\t<li>\n\t\n<div class=\"tribe-related-events-thumbnail\">\n\t<a href=\"https:\/\/cafelapalma.com\/en\/programacion\/funkin-donuts\/\" class=\"url\" rel=\"bookmark\" tabindex=\"-1\" aria-hidden=\"true\"><img loading=\"lazy\" decoding=\"async\" width=\"693\" height=\"1040\" src=\"https:\/\/cafelapalma.com\/wp-content\/uploads\/2026\/07\/FD-vert2-bn-693x1040.jpg\" class=\"attachment-large size-large wp-post-image\" alt=\"\" \/><\/a>\n<\/div>\n\t<div class=\"tribe-related-event-info\">\n\t<h3 class=\"tribe-related-events-title\">\n\t\t<a href=\"https:\/\/cafelapalma.com\/en\/programacion\/funkin-donuts\/\" class=\"tribe-event-url\" rel=\"bookmark\">\n\t\t\tFUNKIN&#8217; DONUTS\t\t<\/a>\n\t<\/h3>\n\t<span class=\"tribe-event-date-start\">5  September@22:00<\/span><span class=\"tribe-event-time\">23:45<\/span><\/div>\n<\/li>\n\t\t\t<li>\n\t\n<div class=\"tribe-related-events-thumbnail\">\n\t<a href=\"https:\/\/cafelapalma.com\/en\/programacion\/backstage-le-petit-truffle-mayo\/\" class=\"url\" rel=\"bookmark\" tabindex=\"-1\" aria-hidden=\"true\"><img loading=\"lazy\" decoding=\"async\" width=\"780\" height=\"1040\" src=\"https:\/\/cafelapalma.com\/wp-content\/uploads\/2026\/07\/Imagen-TruffleMayo-LePetit-i-1-780x1040.png\" class=\"attachment-large size-large wp-post-image\" alt=\"\" \/><\/a>\n<\/div>\n\t<div class=\"tribe-related-event-info\">\n\t<h3 class=\"tribe-related-events-title\">\n\t\t<a href=\"https:\/\/cafelapalma.com\/en\/programacion\/backstage-le-petit-truffle-mayo\/\" class=\"tribe-event-url\" rel=\"bookmark\">\n\t\t\tBACKSTAGE: LE PETIT + TRUFFLE MAYO\t\t<\/a>\n\t<\/h3>\n\t<span class=\"tribe-event-date-start\">5  September@23:55<\/span><\/div>\n<\/li>\n\t\t\t<li>\n\t\n<div class=\"tribe-related-events-thumbnail\">\n\t<a href=\"https:\/\/cafelapalma.com\/en\/programacion\/willie-deville-concierto-benefico-x-venezuela\/\" class=\"url\" rel=\"bookmark\" tabindex=\"-1\" aria-hidden=\"true\"><img loading=\"lazy\" decoding=\"async\" width=\"1020\" height=\"531\" src=\"https:\/\/cafelapalma.com\/wp-content\/uploads\/2026\/08\/Willie-deville-1100x572-1-1040x541.jpg\" class=\"attachment-large size-large wp-post-image\" alt=\"\" \/><\/a>\n<\/div>\n\t<div class=\"tribe-related-event-info\">\n\t<h3 class=\"tribe-related-events-title\">\n\t\t<a href=\"https:\/\/cafelapalma.com\/en\/programacion\/willie-deville-concierto-benefico-x-venezuela\/\" class=\"tribe-event-url\" rel=\"bookmark\">\n\t\t\tWILLIE DEVILLE: CONCIERTO BEN\u00c9FICO X VENEZUELA\t\t<\/a>\n\t<\/h3>\n\t<span class=\"tribe-event-date-start\">6  September@21:00<\/span><span class=\"tribe-event-time\">23:45<\/span><\/div>\n<\/li>\n\t<\/ul>","protected":false},"excerpt":{"rendered":"<p>Gamberrismo, diversi\u00f3n y muchas ganas de bailar sin cesar. Este c\u00f3ctel musical es el que nos presenta la banda emergente CAPROS, servido en una fusi\u00f3n de melod\u00edas pop, la garra del punk rock, guitarras propias del emo americano de los &#8217;90 y la clase del indie espa\u00f1ol. En 2024 presentaron su primer \u00e1lbum \u201cCAPROS\u201d, un &hellip; <\/p>","protected":false},"author":2,"featured_media":31701,"template":"","meta":{"_tec_requires_first_save":false,"_uag_custom_page_level_css":"","loftloader_page_shortcode":"","_EventAllDay":false,"_EventTimezone":"Europe\/Madrid","_EventStartDate":"2025-09-26 21:30:00","_EventEndDate":"2025-09-26 23:50:00","_EventStartDateUTC":"2025-09-26 19:30:00","_EventEndDateUTC":"2025-09-26 21:50:00","_EventShowMap":false,"_EventShowMapLink":false,"_EventURL":"https:\/\/entradas.musicbus.es\/events\/capros-cafe-la-palma","_EventCost":"10","_EventCostDescription":"","_EventCurrencySymbol":"\u20ac","_EventCurrencyCode":"USD","_EventCurrencyPosition":"suffix","_EventDateTimeSeparator":"@","_EventTimeRangeSeparator":"-","_EventOrganizerID":[],"_EventVenueID":[],"_OrganizerEmail":"","_OrganizerPhone":"","_OrganizerWebsite":"","_VenueAddress":"","_VenueCity":"","_VenueCountry":"","_VenueProvince":"","_VenueState":"","_VenueZip":"","_VenuePhone":"","_VenueURL":"","_VenueStateProvince":"","_VenueLat":"","_VenueLng":"","_VenueShowMap":false,"_VenueShowMapLink":false,"_tribe_blocks_recurrence_rules":"","_tribe_blocks_recurrence_description":"","_tribe_blocks_recurrence_exclusions":"","_ecp_custom_2":"","_tribe_events_status":"","_tribe_events_status_reason":"","_tribe_events_is_hybrid":"","_tribe_events_is_virtual":"","_tribe_events_virtual_video_source":"","_tribe_events_virtual_embed_video":"","_tribe_events_virtual_linked_button_text":"","_tribe_events_virtual_linked_button":"","_tribe_events_virtual_show_embed_at":"","_tribe_events_virtual_show_embed_to":[],"_tribe_events_virtual_show_on_event":"","_tribe_events_virtual_show_on_views":"","_tribe_events_virtual_url":"","footnotes":""},"tags":[17913,17912,17916,2174,1363,8869,17905,2865,9147,9146,17907,17910,9741,17909,17908,17906,8970,17914,12825,1355,17915,9193,9702,17184,17911],"tribe_events_cat":[8963],"class_list":["post-31699","tribe_events","type-tribe_events","status-publish","has-post-thumbnail","hentry","tag-65-euros","tag-algo-calido","tag-ausente","tag-barcelona","tag-cafe-la-palma","tag-cafe-la-palma-2","tag-capros","tag-conciertos-cafe-la-palma","tag-conciertos-madrid","tag-conciertos-malasana","tag-direct-diamant","tag-dtmf","tag-emo","tag-fomo","tag-guerra-de-bandas-del-actual-festival-2025","tag-hazme-caso","tag-indie","tag-jugadora-de-banquillo","tag-music-bus","tag-pop","tag-por-si-te-pierdes","tag-punk-pop","tag-punk-rock","tag-vertigo","tag-quieres-bailar","tribe_events_cat-concierto","cat_concierto"],"uagb_featured_image_src":{"full":["https:\/\/cafelapalma.com\/wp-content\/uploads\/2025\/07\/CAPROS-PIC.jpg",899,1349,false],"thumbnail":["https:\/\/cafelapalma.com\/wp-content\/uploads\/2025\/07\/CAPROS-PIC-150x150.jpg",150,150,true],"medium":["https:\/\/cafelapalma.com\/wp-content\/uploads\/2025\/07\/CAPROS-PIC-200x300.jpg",200,300,true],"medium_large":["https:\/\/cafelapalma.com\/wp-content\/uploads\/2025\/07\/CAPROS-PIC-768x1152.jpg",768,1152,true],"large":["https:\/\/cafelapalma.com\/wp-content\/uploads\/2025\/07\/CAPROS-PIC-693x1040.jpg",693,1040,true],"1536x1536":["https:\/\/cafelapalma.com\/wp-content\/uploads\/2025\/07\/CAPROS-PIC.jpg",899,1349,false],"2048x2048":["https:\/\/cafelapalma.com\/wp-content\/uploads\/2025\/07\/CAPROS-PIC.jpg",899,1349,false],"trp-custom-language-flag":["https:\/\/cafelapalma.com\/wp-content\/uploads\/2025\/07\/CAPROS-PIC-8x12.jpg",8,12,true],"blossom-feminine-slider":["https:\/\/cafelapalma.com\/wp-content\/uploads\/2025\/07\/CAPROS-PIC-899x649.jpg",899,649,true],"blossom-feminine-featured":["https:\/\/cafelapalma.com\/wp-content\/uploads\/2025\/07\/CAPROS-PIC-899x600.jpg",899,600,true],"blossom-feminine-with-sidebar":["https:\/\/cafelapalma.com\/wp-content\/uploads\/2025\/07\/CAPROS-PIC-899x600.jpg",899,600,true],"blossom-feminine-blog":["https:\/\/cafelapalma.com\/wp-content\/uploads\/2025\/07\/CAPROS-PIC-435x435.jpg",435,435,true],"blossom-feminine-cat":["https:\/\/cafelapalma.com\/wp-content\/uploads\/2025\/07\/CAPROS-PIC-450x300.jpg",450,300,true],"blossom-feminine-related":["https:\/\/cafelapalma.com\/wp-content\/uploads\/2025\/07\/CAPROS-PIC-320x200.jpg",320,200,true],"blossom-feminine-schema":["https:\/\/cafelapalma.com\/wp-content\/uploads\/2025\/07\/CAPROS-PIC-40x60.jpg",40,60,true]},"uagb_author_info":{"display_name":"Victor","author_link":"https:\/\/cafelapalma.com\/en\/author\/comunicacion\/"},"uagb_comment_info":0,"uagb_excerpt":"Gamberrismo, diversi\u00f3n y muchas ganas de bailar sin cesar. Este c\u00f3ctel musical es el que nos presenta la banda emergente CAPROS, servido en una fusi\u00f3n de melod\u00edas pop, la garra del punk rock, guitarras propias del emo americano de los &#8217;90 y la clase del indie espa\u00f1ol. En 2024 presentaron su primer \u00e1lbum \u201cCAPROS\u201d, un&hellip;","_links":{"self":[{"href":"https:\/\/cafelapalma.com\/en\/wp-json\/wp\/v2\/tribe_events\/31699","targetHints":{"allow":["GET"]}}],"collection":[{"href":"https:\/\/cafelapalma.com\/en\/wp-json\/wp\/v2\/tribe_events"}],"about":[{"href":"https:\/\/cafelapalma.com\/en\/wp-json\/wp\/v2\/types\/tribe_events"}],"author":[{"embeddable":true,"href":"https:\/\/cafelapalma.com\/en\/wp-json\/wp\/v2\/users\/2"}],"version-history":[{"count":0,"href":"https:\/\/cafelapalma.com\/en\/wp-json\/wp\/v2\/tribe_events\/31699\/revisions"}],"wp:featuredmedia":[{"embeddable":true,"href":"https:\/\/cafelapalma.com\/en\/wp-json\/wp\/v2\/media\/31701"}],"wp:attachment":[{"href":"https:\/\/cafelapalma.com\/en\/wp-json\/wp\/v2\/media?parent=31699"}],"wp:term":[{"taxonomy":"post_tag","embeddable":true,"href":"https:\/\/cafelapalma.com\/en\/wp-json\/wp\/v2\/tags?post=31699"},{"taxonomy":"tribe_events_cat","embeddable":true,"href":"https:\/\/cafelapalma.com\/en\/wp-json\/wp\/v2\/tribe_events_cat?post=31699"}],"curies":[{"name":"wp","href":"https:\/\/api.w.org\/{rel}","templated":true}]}}