{"id":31777,"date":"2025-09-08T11:20:31","date_gmt":"2025-09-08T09:20:31","guid":{"rendered":"https:\/\/cafelapalma.com\/?post_type=tribe_events&#038;p=31777"},"modified":"2025-11-05T18:33:52","modified_gmt":"2025-11-05T17:33:52","slug":"bendita-calamidad","status":"publish","type":"tribe_events","link":"https:\/\/cafelapalma.com\/en\/programacion\/bendita-calamidad\/","title":{"rendered":"BENDITA CALAMIDAD"},"content":{"rendered":"<div  class=\"tribe-events-schedule tribe-clearfix\" >\n\t<p class=\"tribe-events-schedule__datetime\">\n\t\t<span class=\"tribe-events-schedule__date tribe-events-schedule__date--start\">\n\t\t\t06  November  2025\t\t<\/span>\n\n\t\t\t\t\t<span class=\"tribe-events-schedule__separator tribe-events-schedule__separator--date\">\n\t\t\t\t@\t\t\t<\/span>\n\t\t\t<span class=\"tribe-events-schedule__time tribe-events-schedule__time--start\">\n\t\t\t\t22:00\t\t\t<\/span>\n\t\t\n\t\t\t\t\t\t\t\t\t<span class=\"tribe-events-schedule__separator tribe-events-schedule__separator--time\">\n\t\t\t\t\t&#8211;\t\t\t\t<\/span>\n\t\t\t\n\t\t\t\t\t\t\t<span class=\"tribe-events-schedule__time tribe-events-schedule__time--end\">\n\t\t\t\t\t23:45\t\t\t\t<\/span>\n\t\t\t\n\t\t\t\t\t\t<\/p>\n<\/div>\n\n\n<div  class=\"tribe-block tribe-block__event-price\" >\n\t\t\t<span class=\"tribe-block__event-price__cost\"> 10\u20ac <\/span>\n\t\t\t\t<span class=\"tribe-block__event-price__description\">Early Bird | 12,50 \u20ac Anticipada | 15\u20ac Taquilla<\/span>\n\t<\/div>\n\n\n\n<div style=\"height:100px\" aria-hidden=\"true\" class=\"wp-block-spacer\"><\/div>\n\n\n\n<div class=\"wp-block-columns is-layout-flex wp-container-core-columns-is-layout-8f761849 wp-block-columns-is-layout-flex\">\n<div class=\"wp-block-column is-layout-flow wp-block-column-is-layout-flow\" style=\"flex-basis:33.33%\">\n<figure class=\"wp-block-image size-large\"><img loading=\"lazy\" decoding=\"async\" width=\"743\" height=\"1040\" src=\"https:\/\/cafelapalma.com\/wp-content\/uploads\/2025\/09\/BENDITA-CALAMIDAD-A3-LOW-743x1040.jpg\" alt=\"\" class=\"wp-image-31778\" srcset=\"https:\/\/cafelapalma.com\/wp-content\/uploads\/2025\/09\/BENDITA-CALAMIDAD-A3-LOW-743x1040.jpg 743w, https:\/\/cafelapalma.com\/wp-content\/uploads\/2025\/09\/BENDITA-CALAMIDAD-A3-LOW-214x300.jpg 214w, https:\/\/cafelapalma.com\/wp-content\/uploads\/2025\/09\/BENDITA-CALAMIDAD-A3-LOW-768x1075.jpg 768w, https:\/\/cafelapalma.com\/wp-content\/uploads\/2025\/09\/BENDITA-CALAMIDAD-A3-LOW-9x12.jpg 9w, https:\/\/cafelapalma.com\/wp-content\/uploads\/2025\/09\/BENDITA-CALAMIDAD-A3-LOW-43x60.jpg 43w, https:\/\/cafelapalma.com\/wp-content\/uploads\/2025\/09\/BENDITA-CALAMIDAD-A3-LOW.jpg 877w\" sizes=\"auto, (max-width: 743px) 100vw, 743px\" \/><\/figure>\n\n\n<div  class=\"tribe-block tribe-block__event-website\" >\n\t<a\n\t\thref=\"https:\/\/www.passline.com\/eventos\/bendita-calamidad\"\n\t\ttarget=\"_self\"\n\t\t\t>\n\t\tBUY TICKETS\t<\/a>\n<\/div>\n<\/div>\n\n\n\n<div class=\"wp-block-column is-layout-flow wp-block-column-is-layout-flow\" style=\"flex-basis:66.66%\">\n<div style=\"height:100px\" aria-hidden=\"true\" class=\"wp-block-spacer\"><\/div>\n\n\n\n<p class=\"has-text-align-left wp-block-paragraph\"><strong>BENDITA CALAMIDAD<\/strong> es el pseud\u00f3nimo de <strong>F\u00e1tima Fuster<\/strong>, una violinista barroca e historiadora antigua nacida en <strong>Alicante <\/strong>y reconvertida a cantautora que narra historias sobre la vida y el amor. Sus canciones, que est\u00e1n a medio camino entre el folk y el pop rock, incluyen tanto vivencias personales como referencias a la cultura grecorromana y a la mitolog\u00eda, mezclando su bagaje cl\u00e1sico con una energ\u00eda contempor\u00e1nea.<\/p>\n\n\n\n<p class=\"has-text-align-left wp-block-paragraph\">El proyecto naci\u00f3 en el a\u00f1o 2024, cuando comenz\u00f3 a grabar maquetas de canciones que llevaban tiempo escritas, y se anim\u00f3 a reunirlas en un EP coproducido con <strong>Jano D\u00edaz<\/strong> (<strong>Drugos<\/strong>) y grabado en <strong>Estudios Ovni <\/strong>(<strong>Asturias<\/strong>) con <strong>Sergio D\u00edaz <\/strong>al recording, la mezcla y el m\u00e1ster. El EP <strong><em>\u201cBendita Calamidad\u201d <\/em><\/strong>(2024) le permiti\u00f3 llevar su m\u00fasica a&nbsp; diversas ciudades del pa\u00eds, como <strong>Madrid<\/strong>, <strong>Alicante<\/strong>, <strong>Gij\u00f3n <\/strong>o <strong>Valencia<\/strong>. En directo la solemos ver acompa\u00f1ada por <strong>Jano D\u00edaz<\/strong>, <strong>Willie Hott<\/strong>, <strong>Alejandro Heredia<\/strong> y <strong>Dani Campillo<\/strong>.<\/p>\n\n\n\n<p class=\"has-text-align-right wp-block-paragraph\"><em><a href=\"https:\/\/open.spotify.com\/intl-es\/artist\/6u2d3A39wMFGadMiZgkF8U?si=tM3xcHjoSvme1TJ4Bs4FNg\">Listen to <\/a><\/em><strong><a href=\"https:\/\/open.spotify.com\/intl-es\/artist\/6u2d3A39wMFGadMiZgkF8U?si=tM3xcHjoSvme1TJ4Bs4FNg\">BENDITA CALAMIDAD<\/a><\/strong><em><a href=\"https:\/\/open.spotify.com\/intl-es\/artist\/6u2d3A39wMFGadMiZgkF8U?si=tM3xcHjoSvme1TJ4Bs4FNg\"> in <\/a><\/em><strong><a href=\"https:\/\/open.spotify.com\/intl-es\/artist\/6u2d3A39wMFGadMiZgkF8U?si=tM3xcHjoSvme1TJ4Bs4FNg\">Spotify<\/a><\/strong><\/p>\n<\/div>\n<\/div>\n\n\n\n<div style=\"height:100px\" aria-hidden=\"true\" class=\"wp-block-spacer\"><\/div>\n\n\n\n<hr class=\"wp-block-separator has-alpha-channel-opacity\"\/>\n\n\n\n<div style=\"height:100px\" aria-hidden=\"true\" class=\"wp-block-spacer\"><\/div>\n\n\n<h2 class=\"tribe-block__related-events__title\">Related Events<\/h2>\n\n<ul  class=\"tribe-related-events tribe-clearfix\" >\n\t\t\t<li>\n\t\n<div class=\"tribe-related-events-thumbnail\">\n\t<a href=\"https:\/\/cafelapalma.com\/en\/programacion\/funkin-donuts\/\" class=\"url\" rel=\"bookmark\" tabindex=\"-1\" aria-hidden=\"true\"><img loading=\"lazy\" decoding=\"async\" width=\"693\" height=\"1040\" src=\"https:\/\/cafelapalma.com\/wp-content\/uploads\/2026\/07\/FD-vert2-bn-693x1040.jpg\" class=\"attachment-large size-large wp-post-image\" alt=\"\" \/><\/a>\n<\/div>\n\t<div class=\"tribe-related-event-info\">\n\t<h3 class=\"tribe-related-events-title\">\n\t\t<a href=\"https:\/\/cafelapalma.com\/en\/programacion\/funkin-donuts\/\" class=\"tribe-event-url\" rel=\"bookmark\">\n\t\t\tFUNKIN&#8217; DONUTS\t\t<\/a>\n\t<\/h3>\n\t<span class=\"tribe-event-date-start\">5  September@22:00<\/span><span class=\"tribe-event-time\">23:45<\/span><\/div>\n<\/li>\n\t\t\t<li>\n\t\n<div class=\"tribe-related-events-thumbnail\">\n\t<a href=\"https:\/\/cafelapalma.com\/en\/programacion\/backstage-le-petit-truffle-mayo\/\" class=\"url\" rel=\"bookmark\" tabindex=\"-1\" aria-hidden=\"true\"><img loading=\"lazy\" decoding=\"async\" width=\"780\" height=\"1040\" src=\"https:\/\/cafelapalma.com\/wp-content\/uploads\/2026\/07\/Imagen-TruffleMayo-LePetit-i-1-780x1040.png\" class=\"attachment-large size-large wp-post-image\" alt=\"\" \/><\/a>\n<\/div>\n\t<div class=\"tribe-related-event-info\">\n\t<h3 class=\"tribe-related-events-title\">\n\t\t<a href=\"https:\/\/cafelapalma.com\/en\/programacion\/backstage-le-petit-truffle-mayo\/\" class=\"tribe-event-url\" rel=\"bookmark\">\n\t\t\tBACKSTAGE: LE PETIT + TRUFFLE MAYO\t\t<\/a>\n\t<\/h3>\n\t<span class=\"tribe-event-date-start\">5  September@23:55<\/span><\/div>\n<\/li>\n\t\t\t<li>\n\t\n<div class=\"tribe-related-events-thumbnail\">\n\t<a href=\"https:\/\/cafelapalma.com\/en\/programacion\/willie-deville-concierto-benefico-x-venezuela\/\" class=\"url\" rel=\"bookmark\" tabindex=\"-1\" aria-hidden=\"true\"><img loading=\"lazy\" decoding=\"async\" width=\"1020\" height=\"531\" src=\"https:\/\/cafelapalma.com\/wp-content\/uploads\/2026\/08\/Willie-deville-1100x572-1-1040x541.jpg\" class=\"attachment-large size-large wp-post-image\" alt=\"\" \/><\/a>\n<\/div>\n\t<div class=\"tribe-related-event-info\">\n\t<h3 class=\"tribe-related-events-title\">\n\t\t<a href=\"https:\/\/cafelapalma.com\/en\/programacion\/willie-deville-concierto-benefico-x-venezuela\/\" class=\"tribe-event-url\" rel=\"bookmark\">\n\t\t\tWILLIE DEVILLE: CONCIERTO BEN\u00c9FICO X VENEZUELA\t\t<\/a>\n\t<\/h3>\n\t<span class=\"tribe-event-date-start\">6  September@21:00<\/span><span class=\"tribe-event-time\">23:45<\/span><\/div>\n<\/li>\n\t<\/ul>","protected":false},"excerpt":{"rendered":"<p>BENDITA CALAMIDAD es el pseud\u00f3nimo de F\u00e1tima Fuster, una violinista barroca e historiadora antigua nacida en Alicante y reconvertida a cantautora que narra historias sobre la vida y el amor. Sus canciones, que est\u00e1n a medio camino entre el folk y el pop rock, incluyen tanto vivencias personales como referencias a la cultura grecorromana y &hellip; <\/p>","protected":false},"author":2,"featured_media":31779,"template":"","meta":{"_tec_requires_first_save":false,"_uag_custom_page_level_css":"","loftloader_page_shortcode":"","_EventAllDay":false,"_EventTimezone":"Europe\/Madrid","_EventStartDate":"2025-11-06 22:00:00","_EventEndDate":"2025-11-06 23:45:00","_EventStartDateUTC":"2025-11-06 21:00:00","_EventEndDateUTC":"2025-11-06 22:45:00","_EventShowMap":false,"_EventShowMapLink":false,"_EventURL":"https:\/\/www.passline.com\/eventos\/bendita-calamidad","_EventCost":"10","_EventCostDescription":"","_EventCurrencySymbol":"\u20ac","_EventCurrencyCode":"USD","_EventCurrencyPosition":"suffix","_EventDateTimeSeparator":"@","_EventTimeRangeSeparator":"-","_EventOrganizerID":[],"_EventVenueID":[],"_OrganizerEmail":"","_OrganizerPhone":"","_OrganizerWebsite":"","_VenueAddress":"","_VenueCity":"","_VenueCountry":"","_VenueProvince":"","_VenueState":"","_VenueZip":"","_VenuePhone":"","_VenueURL":"","_VenueStateProvince":"","_VenueLat":"","_VenueLng":"","_VenueShowMap":false,"_VenueShowMapLink":false,"_tribe_blocks_recurrence_rules":"","_tribe_blocks_recurrence_description":"","_tribe_blocks_recurrence_exclusions":"","_ecp_custom_2":"","_tribe_events_status":"","_tribe_events_status_reason":"","_tribe_events_is_hybrid":"","_tribe_events_is_virtual":"","_tribe_events_virtual_video_source":"","_tribe_events_virtual_embed_video":"","_tribe_events_virtual_linked_button_text":"","_tribe_events_virtual_linked_button":"","_tribe_events_virtual_show_embed_at":"","_tribe_events_virtual_show_embed_to":[],"_tribe_events_virtual_show_on_event":"","_tribe_events_virtual_show_on_views":"","_tribe_events_virtual_url":"","footnotes":""},"tags":[14435,17923,1363,8869,2865,9146,17930,17927,17928,17925,9528,8970,17926,1355,9164,17929,17919],"tribe_events_cat":[8963],"class_list":["post-31777","tribe_events","type-tribe_events","status-publish","has-post-thumbnail","hentry","tag-alejandro-heredia","tag-bendita-calamidad","tag-cafe-la-palma","tag-cafe-la-palma-2","tag-conciertos-cafe-la-palma","tag-conciertos-malasana","tag-dani-campillo","tag-drugos","tag-estudios-ovni","tag-fatima-fuster","tag-folk","tag-indie","tag-jano-diaz","tag-pop","tag-pop-rock-2","tag-sergio-diaz","tag-willie-hott","tribe_events_cat-concierto","cat_concierto"],"uagb_featured_image_src":{"full":["https:\/\/cafelapalma.com\/wp-content\/uploads\/2025\/09\/BCALAMIDAD-PIC.jpg",608,1080,false],"thumbnail":["https:\/\/cafelapalma.com\/wp-content\/uploads\/2025\/09\/BCALAMIDAD-PIC-150x150.jpg",150,150,true],"medium":["https:\/\/cafelapalma.com\/wp-content\/uploads\/2025\/09\/BCALAMIDAD-PIC-169x300.jpg",169,300,true],"medium_large":["https:\/\/cafelapalma.com\/wp-content\/uploads\/2025\/09\/BCALAMIDAD-PIC.jpg",608,1080,false],"large":["https:\/\/cafelapalma.com\/wp-content\/uploads\/2025\/09\/BCALAMIDAD-PIC-585x1040.jpg",585,1040,true],"1536x1536":["https:\/\/cafelapalma.com\/wp-content\/uploads\/2025\/09\/BCALAMIDAD-PIC.jpg",608,1080,false],"2048x2048":["https:\/\/cafelapalma.com\/wp-content\/uploads\/2025\/09\/BCALAMIDAD-PIC.jpg",608,1080,false],"trp-custom-language-flag":["https:\/\/cafelapalma.com\/wp-content\/uploads\/2025\/09\/BCALAMIDAD-PIC-7x12.jpg",7,12,true],"blossom-feminine-slider":["https:\/\/cafelapalma.com\/wp-content\/uploads\/2025\/09\/BCALAMIDAD-PIC-608x649.jpg",608,649,true],"blossom-feminine-featured":["https:\/\/cafelapalma.com\/wp-content\/uploads\/2025\/09\/BCALAMIDAD-PIC-608x600.jpg",608,600,true],"blossom-feminine-with-sidebar":["https:\/\/cafelapalma.com\/wp-content\/uploads\/2025\/09\/BCALAMIDAD-PIC-608x600.jpg",608,600,true],"blossom-feminine-blog":["https:\/\/cafelapalma.com\/wp-content\/uploads\/2025\/09\/BCALAMIDAD-PIC-435x435.jpg",435,435,true],"blossom-feminine-cat":["https:\/\/cafelapalma.com\/wp-content\/uploads\/2025\/09\/BCALAMIDAD-PIC-450x300.jpg",450,300,true],"blossom-feminine-related":["https:\/\/cafelapalma.com\/wp-content\/uploads\/2025\/09\/BCALAMIDAD-PIC-320x200.jpg",320,200,true],"blossom-feminine-schema":["https:\/\/cafelapalma.com\/wp-content\/uploads\/2025\/09\/BCALAMIDAD-PIC-34x60.jpg",34,60,true]},"uagb_author_info":{"display_name":"Victor","author_link":"https:\/\/cafelapalma.com\/en\/author\/comunicacion\/"},"uagb_comment_info":0,"uagb_excerpt":"BENDITA CALAMIDAD es el pseud\u00f3nimo de F\u00e1tima Fuster, una violinista barroca e historiadora antigua nacida en Alicante y reconvertida a cantautora que narra historias sobre la vida y el amor. Sus canciones, que est\u00e1n a medio camino entre el folk y el pop rock, incluyen tanto vivencias personales como referencias a la cultura grecorromana y&hellip;","_links":{"self":[{"href":"https:\/\/cafelapalma.com\/en\/wp-json\/wp\/v2\/tribe_events\/31777","targetHints":{"allow":["GET"]}}],"collection":[{"href":"https:\/\/cafelapalma.com\/en\/wp-json\/wp\/v2\/tribe_events"}],"about":[{"href":"https:\/\/cafelapalma.com\/en\/wp-json\/wp\/v2\/types\/tribe_events"}],"author":[{"embeddable":true,"href":"https:\/\/cafelapalma.com\/en\/wp-json\/wp\/v2\/users\/2"}],"version-history":[{"count":0,"href":"https:\/\/cafelapalma.com\/en\/wp-json\/wp\/v2\/tribe_events\/31777\/revisions"}],"wp:featuredmedia":[{"embeddable":true,"href":"https:\/\/cafelapalma.com\/en\/wp-json\/wp\/v2\/media\/31779"}],"wp:attachment":[{"href":"https:\/\/cafelapalma.com\/en\/wp-json\/wp\/v2\/media?parent=31777"}],"wp:term":[{"taxonomy":"post_tag","embeddable":true,"href":"https:\/\/cafelapalma.com\/en\/wp-json\/wp\/v2\/tags?post=31777"},{"taxonomy":"tribe_events_cat","embeddable":true,"href":"https:\/\/cafelapalma.com\/en\/wp-json\/wp\/v2\/tribe_events_cat?post=31777"}],"curies":[{"name":"wp","href":"https:\/\/api.w.org\/{rel}","templated":true}]}}