{"id":31838,"date":"2025-09-17T18:18:26","date_gmt":"2025-09-17T16:18:26","guid":{"rendered":"https:\/\/cafelapalma.com\/?post_type=tribe_events&#038;p=31838"},"modified":"2025-10-22T17:32:41","modified_gmt":"2025-10-22T15:32:41","slug":"andrea-rocatti-presenta-nuevo-disco","status":"publish","type":"tribe_events","link":"https:\/\/cafelapalma.com\/en\/programacion\/andrea-rocatti-presenta-nuevo-disco\/","title":{"rendered":"ANDREA ROCATTI"},"content":{"rendered":"<div  class=\"tribe-events-schedule tribe-clearfix\" >\n\t<p class=\"tribe-events-schedule__datetime\">\n\t\t<span class=\"tribe-events-schedule__date tribe-events-schedule__date--start\">\n\t\t\t22  October  2025\t\t<\/span>\n\n\t\t\t\t\t<span class=\"tribe-events-schedule__separator tribe-events-schedule__separator--date\">\n\t\t\t\t@\t\t\t<\/span>\n\t\t\t<span class=\"tribe-events-schedule__time tribe-events-schedule__time--start\">\n\t\t\t\t21:00\t\t\t<\/span>\n\t\t\n\t\t\t\t\t\t\t\t\t<span class=\"tribe-events-schedule__separator tribe-events-schedule__separator--time\">\n\t\t\t\t\t&#8211;\t\t\t\t<\/span>\n\t\t\t\n\t\t\t\t\t\t\t<span class=\"tribe-events-schedule__time tribe-events-schedule__time--end\">\n\t\t\t\t\t22:45\t\t\t\t<\/span>\n\t\t\t\n\t\t\t\t\t\t<\/p>\n<\/div>\n\n\n<div  class=\"tribe-block tribe-block__event-price\" >\n\t\t\t<span class=\"tribe-block__event-price__cost\"> 13,50\u20ac <\/span>\n\t\t\t\t<span class=\"tribe-block__event-price__description\">+ gg Anticipada | 15\u20ac Taquilla<\/span>\n\t<\/div>\n\n\n\n<div style=\"height:100px\" aria-hidden=\"true\" class=\"wp-block-spacer\"><\/div>\n\n\n\n<div class=\"wp-block-columns is-layout-flex wp-container-core-columns-is-layout-8f761849 wp-block-columns-is-layout-flex\">\n<div class=\"wp-block-column is-layout-flow wp-block-column-is-layout-flow\" style=\"flex-basis:33.33%\">\n<figure class=\"wp-block-image size-large\"><img loading=\"lazy\" decoding=\"async\" width=\"585\" height=\"1040\" src=\"https:\/\/cafelapalma.com\/wp-content\/uploads\/2025\/09\/ANDREA-ROCATTI-2210-STORY-IG-585x1040.png\" alt=\"\" class=\"wp-image-31839\" srcset=\"https:\/\/cafelapalma.com\/wp-content\/uploads\/2025\/09\/ANDREA-ROCATTI-2210-STORY-IG-585x1040.png 585w, https:\/\/cafelapalma.com\/wp-content\/uploads\/2025\/09\/ANDREA-ROCATTI-2210-STORY-IG-169x300.png 169w, https:\/\/cafelapalma.com\/wp-content\/uploads\/2025\/09\/ANDREA-ROCATTI-2210-STORY-IG-768x1365.png 768w, https:\/\/cafelapalma.com\/wp-content\/uploads\/2025\/09\/ANDREA-ROCATTI-2210-STORY-IG-864x1536.png 864w, https:\/\/cafelapalma.com\/wp-content\/uploads\/2025\/09\/ANDREA-ROCATTI-2210-STORY-IG-7x12.png 7w, https:\/\/cafelapalma.com\/wp-content\/uploads\/2025\/09\/ANDREA-ROCATTI-2210-STORY-IG-34x60.png 34w, https:\/\/cafelapalma.com\/wp-content\/uploads\/2025\/09\/ANDREA-ROCATTI-2210-STORY-IG.png 1080w\" sizes=\"auto, (max-width: 585px) 100vw, 585px\" \/><\/figure>\n\n\n<div  class=\"tribe-block tribe-block__event-website\" >\n\t<a\n\t\thref=\"https:\/\/www.passline.com\/eventos\/andrea-rocati\"\n\t\ttarget=\"_self\"\n\t\t\t>\n\t\tBUY TICKETS\t<\/a>\n<\/div>\n<\/div>\n\n\n\n<div class=\"wp-block-column is-layout-flow wp-block-column-is-layout-flow\" style=\"flex-basis:66.66%\">\n<div style=\"height:100px\" aria-hidden=\"true\" class=\"wp-block-spacer\"><\/div>\n\n\n\n<p class=\"has-text-align-left wp-block-paragraph\">La valenciana <strong>ANDREA ROCATTI<\/strong> inici\u00f3 su carrera como artista independiente lanzando su primer EP \u00ab<strong><em>En el gris<\/em><\/strong>\u00ab, compuesto durante la cuarentena. Mas tarde lleg\u00f3 \u00ab<strong><em>La Ciudad<\/em><\/strong>\u00ab, un EP en el que la artista nos hizo part\u00edcipes de c\u00f3mo la vida en la capital provoc\u00f3 un giro 360 a su vida.<\/p>\n\n\n\n<p class=\"has-text-align-left wp-block-paragraph\">Tras lanzarse al mundo independiente y varios lanzamientos como \u2018<strong><em>Gravedad<\/em><\/strong>\u2019 y \u2019<strong><em>La Costumbre<\/em><\/strong>\u2019, la artista comienza a asentarse en el panorama emergente del pop electr\u00f3nico y pudimos verla el a\u00f1o pasado en multitud de escenarios en <strong>Madrid<\/strong>, <strong>Barcelona<\/strong> y <strong>Valencia<\/strong>, o en programas de televisi\u00f3n como <strong>El Hormiguero<\/strong> (Antena 3) o <strong>LALALA<\/strong> (Telemadrid).<\/p>\n\n\n\n<p class=\"has-text-align-left wp-block-paragraph\">Actualmente la artista cuenta con m\u00e1s de 15k oyentes mensuales en Spotify, con un crecimiento org\u00e1nico en redes y plataformas digitales gracias a su hit \u201c<strong><em>Masoquista<\/em><\/strong>\u201d y la producci\u00f3n del nuevo \u00e1lbum del cual ya hemos escuchado alg\u00fan adelanto como \u201c<strong><em>La Reina<\/em><\/strong>\u201d, \u201c<strong><em>La Torre<\/em><\/strong>\u201d o \u201c<strong><em>Alfila<\/em><\/strong>\u201d. Canciones con las que la hemos visto en directo en el escenario de <strong>MADRID ORGULLO<\/strong>, uno de sus shows m\u00e1s destacados formando parte de la programaci\u00f3n de artistas del <strong>Orgullo 2024<\/strong>.<\/p>\n\n\n\n<p class=\"has-text-align-right wp-block-paragraph\"><em><a href=\"https:\/\/open.spotify.com\/intl-es\/artist\/6U7oZd5TrUyaYhBP821vlU?si=nRbNzCqMST2om1nR48dU_w\">Listen to <\/a><\/em><strong><a href=\"https:\/\/open.spotify.com\/intl-es\/artist\/6U7oZd5TrUyaYhBP821vlU?si=nRbNzCqMST2om1nR48dU_w\">ANDREA ROCATTI<\/a><\/strong><em><a href=\"https:\/\/open.spotify.com\/intl-es\/artist\/2ZbK4h7Mld8RS3Oy1w8vMF?si=7BoLZhjXR8GV0MaYn3M0ZA\"> in <\/a><\/em><strong><a href=\"https:\/\/open.spotify.com\/intl-es\/artist\/6U7oZd5TrUyaYhBP821vlU?si=nRbNzCqMST2om1nR48dU_w\">Spotify<\/a><\/strong><\/p>\n<\/div>\n<\/div>\n\n\n\n<div style=\"height:100px\" aria-hidden=\"true\" class=\"wp-block-spacer\"><\/div>\n\n\n\n<hr class=\"wp-block-separator has-alpha-channel-opacity\"\/>\n\n\n\n<div style=\"height:100px\" aria-hidden=\"true\" class=\"wp-block-spacer\"><\/div>\n\n\n<h2 class=\"tribe-block__related-events__title\">Related Events<\/h2>\n\n<ul  class=\"tribe-related-events tribe-clearfix\" >\n\t\t\t<li>\n\t\n<div class=\"tribe-related-events-thumbnail\">\n\t<a href=\"https:\/\/cafelapalma.com\/en\/programacion\/funkin-donuts\/\" class=\"url\" rel=\"bookmark\" tabindex=\"-1\" aria-hidden=\"true\"><img loading=\"lazy\" decoding=\"async\" width=\"693\" height=\"1040\" src=\"https:\/\/cafelapalma.com\/wp-content\/uploads\/2026\/07\/FD-vert2-bn-693x1040.jpg\" class=\"attachment-large size-large wp-post-image\" alt=\"\" \/><\/a>\n<\/div>\n\t<div class=\"tribe-related-event-info\">\n\t<h3 class=\"tribe-related-events-title\">\n\t\t<a href=\"https:\/\/cafelapalma.com\/en\/programacion\/funkin-donuts\/\" class=\"tribe-event-url\" rel=\"bookmark\">\n\t\t\tFUNKIN&#8217; DONUTS\t\t<\/a>\n\t<\/h3>\n\t<span class=\"tribe-event-date-start\">5  September@22:00<\/span><span class=\"tribe-event-time\">23:45<\/span><\/div>\n<\/li>\n\t\t\t<li>\n\t\n<div class=\"tribe-related-events-thumbnail\">\n\t<a href=\"https:\/\/cafelapalma.com\/en\/programacion\/backstage-le-petit-truffle-mayo\/\" class=\"url\" rel=\"bookmark\" tabindex=\"-1\" aria-hidden=\"true\"><img loading=\"lazy\" decoding=\"async\" width=\"780\" height=\"1040\" src=\"https:\/\/cafelapalma.com\/wp-content\/uploads\/2026\/07\/Imagen-TruffleMayo-LePetit-i-1-780x1040.png\" class=\"attachment-large size-large wp-post-image\" alt=\"\" \/><\/a>\n<\/div>\n\t<div class=\"tribe-related-event-info\">\n\t<h3 class=\"tribe-related-events-title\">\n\t\t<a href=\"https:\/\/cafelapalma.com\/en\/programacion\/backstage-le-petit-truffle-mayo\/\" class=\"tribe-event-url\" rel=\"bookmark\">\n\t\t\tBACKSTAGE: LE PETIT + TRUFFLE MAYO\t\t<\/a>\n\t<\/h3>\n\t<span class=\"tribe-event-date-start\">5  September@23:55<\/span><\/div>\n<\/li>\n\t\t\t<li>\n\t\n<div class=\"tribe-related-events-thumbnail\">\n\t<a href=\"https:\/\/cafelapalma.com\/en\/programacion\/willie-deville-concierto-benefico-x-venezuela\/\" class=\"url\" rel=\"bookmark\" tabindex=\"-1\" aria-hidden=\"true\"><img loading=\"lazy\" decoding=\"async\" width=\"1020\" height=\"531\" src=\"https:\/\/cafelapalma.com\/wp-content\/uploads\/2026\/08\/Willie-deville-1100x572-1-1040x541.jpg\" class=\"attachment-large size-large wp-post-image\" alt=\"\" \/><\/a>\n<\/div>\n\t<div class=\"tribe-related-event-info\">\n\t<h3 class=\"tribe-related-events-title\">\n\t\t<a href=\"https:\/\/cafelapalma.com\/en\/programacion\/willie-deville-concierto-benefico-x-venezuela\/\" class=\"tribe-event-url\" rel=\"bookmark\">\n\t\t\tWILLIE DEVILLE: CONCIERTO BEN\u00c9FICO X VENEZUELA\t\t<\/a>\n\t<\/h3>\n\t<span class=\"tribe-event-date-start\">6  September@21:00<\/span><span class=\"tribe-event-time\">23:45<\/span><\/div>\n<\/li>\n\t<\/ul>","protected":false},"excerpt":{"rendered":"<p>La valenciana ANDREA ROCATTI inici\u00f3 su carrera como artista independiente lanzando su primer EP \u00abEn el gris\u00ab, compuesto durante la cuarentena. Mas tarde lleg\u00f3 \u00abLa Ciudad\u00ab, un EP en el que la artista nos hizo part\u00edcipes de c\u00f3mo la vida en la capital provoc\u00f3 un giro 360 a su vida. Tras lanzarse al mundo independiente &hellip; <\/p>","protected":false},"author":8,"featured_media":31840,"template":"","meta":{"_tec_requires_first_save":false,"_uag_custom_page_level_css":"","loftloader_page_shortcode":"","_EventAllDay":false,"_EventTimezone":"Europe\/Madrid","_EventStartDate":"2025-10-22 21:00:00","_EventEndDate":"2025-10-22 22:45:00","_EventStartDateUTC":"2025-10-22 19:00:00","_EventEndDateUTC":"2025-10-22 20:45:00","_EventShowMap":false,"_EventShowMapLink":false,"_EventURL":"https:\/\/www.passline.com\/eventos\/andrea-rocati","_EventCost":"13,50","_EventCostDescription":"","_EventCurrencySymbol":"\u20ac","_EventCurrencyCode":"USD","_EventCurrencyPosition":"suffix","_EventDateTimeSeparator":"@","_EventTimeRangeSeparator":"-","_EventOrganizerID":[],"_EventVenueID":[],"_OrganizerEmail":"","_OrganizerPhone":"","_OrganizerWebsite":"","_VenueAddress":"","_VenueCity":"","_VenueCountry":"","_VenueProvince":"","_VenueState":"","_VenueZip":"","_VenuePhone":"","_VenueURL":"","_VenueStateProvince":"","_VenueLat":"","_VenueLng":"","_VenueShowMap":false,"_VenueShowMapLink":false,"_tribe_blocks_recurrence_rules":"","_tribe_blocks_recurrence_description":"","_tribe_blocks_recurrence_exclusions":"","_ecp_custom_2":"","_tribe_events_status":"","_tribe_events_status_reason":"","_tribe_events_is_hybrid":"","_tribe_events_is_virtual":"","_tribe_events_virtual_video_source":"","_tribe_events_virtual_embed_video":"","_tribe_events_virtual_linked_button_text":"","_tribe_events_virtual_linked_button":"","_tribe_events_virtual_show_embed_at":"","_tribe_events_virtual_show_embed_to":[],"_tribe_events_virtual_show_on_event":"","_tribe_events_virtual_show_on_views":"","_tribe_events_virtual_url":"","footnotes":""},"tags":[17968,1363,2865,9147,9146,17969,8970,17973,17971,17970,17972,17974,1355],"tribe_events_cat":[8963],"class_list":["post-31838","tribe_events","type-tribe_events","status-publish","has-post-thumbnail","hentry","tag-andrea-rocatti","tag-cafe-la-palma","tag-conciertos-cafe-la-palma","tag-conciertos-madrid","tag-conciertos-malasana","tag-en-el-gris","tag-indie","tag-la-ciudad","tag-la-costumbre","tag-la-gravedad","tag-la-torre","tag-masoquista","tag-pop","tribe_events_cat-concierto","cat_concierto"],"uagb_featured_image_src":{"full":["https:\/\/cafelapalma.com\/wp-content\/uploads\/2025\/09\/rocatti_promo-1.jpg",831,800,false],"thumbnail":["https:\/\/cafelapalma.com\/wp-content\/uploads\/2025\/09\/rocatti_promo-1-150x150.jpg",150,150,true],"medium":["https:\/\/cafelapalma.com\/wp-content\/uploads\/2025\/09\/rocatti_promo-1-300x289.jpg",300,289,true],"medium_large":["https:\/\/cafelapalma.com\/wp-content\/uploads\/2025\/09\/rocatti_promo-1-768x739.jpg",768,739,true],"large":["https:\/\/cafelapalma.com\/wp-content\/uploads\/2025\/09\/rocatti_promo-1.jpg",831,800,false],"1536x1536":["https:\/\/cafelapalma.com\/wp-content\/uploads\/2025\/09\/rocatti_promo-1.jpg",831,800,false],"2048x2048":["https:\/\/cafelapalma.com\/wp-content\/uploads\/2025\/09\/rocatti_promo-1.jpg",831,800,false],"trp-custom-language-flag":["https:\/\/cafelapalma.com\/wp-content\/uploads\/2025\/09\/rocatti_promo-1-12x12.jpg",12,12,true],"blossom-feminine-slider":["https:\/\/cafelapalma.com\/wp-content\/uploads\/2025\/09\/rocatti_promo-1-831x649.jpg",831,649,true],"blossom-feminine-featured":["https:\/\/cafelapalma.com\/wp-content\/uploads\/2025\/09\/rocatti_promo-1-831x600.jpg",831,600,true],"blossom-feminine-with-sidebar":["https:\/\/cafelapalma.com\/wp-content\/uploads\/2025\/09\/rocatti_promo-1-831x600.jpg",831,600,true],"blossom-feminine-blog":["https:\/\/cafelapalma.com\/wp-content\/uploads\/2025\/09\/rocatti_promo-1-435x435.jpg",435,435,true],"blossom-feminine-cat":["https:\/\/cafelapalma.com\/wp-content\/uploads\/2025\/09\/rocatti_promo-1-450x300.jpg",450,300,true],"blossom-feminine-related":["https:\/\/cafelapalma.com\/wp-content\/uploads\/2025\/09\/rocatti_promo-1-320x200.jpg",320,200,true],"blossom-feminine-schema":["https:\/\/cafelapalma.com\/wp-content\/uploads\/2025\/09\/rocatti_promo-1-62x60.jpg",62,60,true]},"uagb_author_info":{"display_name":"Germ\u00e1n","author_link":"https:\/\/cafelapalma.com\/en\/author\/admin-2\/"},"uagb_comment_info":0,"uagb_excerpt":"La valenciana ANDREA ROCATTI inici\u00f3 su carrera como artista independiente lanzando su primer EP \u00abEn el gris\u00ab, compuesto durante la cuarentena. Mas tarde lleg\u00f3 \u00abLa Ciudad\u00ab, un EP en el que la artista nos hizo part\u00edcipes de c\u00f3mo la vida en la capital provoc\u00f3 un giro 360 a su vida. Tras lanzarse al mundo independiente&hellip;","_links":{"self":[{"href":"https:\/\/cafelapalma.com\/en\/wp-json\/wp\/v2\/tribe_events\/31838","targetHints":{"allow":["GET"]}}],"collection":[{"href":"https:\/\/cafelapalma.com\/en\/wp-json\/wp\/v2\/tribe_events"}],"about":[{"href":"https:\/\/cafelapalma.com\/en\/wp-json\/wp\/v2\/types\/tribe_events"}],"author":[{"embeddable":true,"href":"https:\/\/cafelapalma.com\/en\/wp-json\/wp\/v2\/users\/8"}],"version-history":[{"count":0,"href":"https:\/\/cafelapalma.com\/en\/wp-json\/wp\/v2\/tribe_events\/31838\/revisions"}],"wp:featuredmedia":[{"embeddable":true,"href":"https:\/\/cafelapalma.com\/en\/wp-json\/wp\/v2\/media\/31840"}],"wp:attachment":[{"href":"https:\/\/cafelapalma.com\/en\/wp-json\/wp\/v2\/media?parent=31838"}],"wp:term":[{"taxonomy":"post_tag","embeddable":true,"href":"https:\/\/cafelapalma.com\/en\/wp-json\/wp\/v2\/tags?post=31838"},{"taxonomy":"tribe_events_cat","embeddable":true,"href":"https:\/\/cafelapalma.com\/en\/wp-json\/wp\/v2\/tribe_events_cat?post=31838"}],"curies":[{"name":"wp","href":"https:\/\/api.w.org\/{rel}","templated":true}]}}